{"id":1832,"date":"2019-04-01T21:39:52","date_gmt":"2019-04-01T19:39:52","guid":{"rendered":"https:\/\/www.festicheyres.ch\/?page_id=1832"},"modified":"2025-06-11T22:20:07","modified_gmt":"2025-06-11T20:20:07","slug":"horaires","status":"publish","type":"page","link":"https:\/\/www.festicheyres.ch\/programme\/horaires\/","title":{"rendered":"Programme du festival"},"content":{"rendered":"<div class=\"wpb-content-wrapper\"><p>[vc_row disable_element=\u00a0\u00bbyes\u00a0\u00bb][vc_column width=\u00a0\u00bb2\/3&Prime;][vc_column_text css=\u00a0\u00bb\u00a0\u00bb]<\/p>\n<h1>La Prog&rsquo; du festival 2025<\/h1>\n<p>[\/vc_column_text][\/vc_column][vc_column width=\u00a0\u00bb1\/3&Prime;][vc_btn title=\u00a0\u00bbFlyer et horaire PDF\u00a0\u00bb style=\u00a0\u00bbclassic\u00a0\u00bb shape=\u00a0\u00bbsquare\u00a0\u00bb color=\u00a0\u00bbdanger\u00a0\u00bb size=\u00a0\u00bblg\u00a0\u00bb align=\u00a0\u00bbcenter\u00a0\u00bb i_icon_fontawesome=\u00a0\u00bbfas fa-arrow-alt-circle-down\u00a0\u00bb css_animation=\u00a0\u00bbfadeInRight\u00a0\u00bb add_icon=\u00a0\u00bbtrue\u00a0\u00bb link=\u00a0\u00bburl:https%3A%2F%2Fwww.festicheyres.ch%2Fwp-content%2Fuploads%2F2024%2F05%2FFestiCheyres_Flyer2024.pdf|target:_blank\u00a0\u00bb][vc_btn title=\u00a0\u00bbListe des groupes\u00a0\u00bb style=\u00a0\u00bbclassic\u00a0\u00bb shape=\u00a0\u00bbsquare\u00a0\u00bb color=\u00a0\u00bbdanger\u00a0\u00bb size=\u00a0\u00bblg\u00a0\u00bb align=\u00a0\u00bbcenter\u00a0\u00bb i_icon_fontawesome=\u00a0\u00bbfas fa-external-link-square-alt\u00a0\u00bb css_animation=\u00a0\u00bbfadeInRight\u00a0\u00bb add_icon=\u00a0\u00bbtrue\u00a0\u00bb link=\u00a0\u00bburl:https%3A%2F%2Fwww.festicheyres.ch%2Fprogramme%2Fgroupes%2F|title:Les%20groupes%20(presse)\u00a0\u00bb][\/vc_column][\/vc_row][vc_row][vc_column width=\u00a0\u00bb2\/3&Prime;][vc_column_text css=\u00a0\u00bb\u00a0\u00bb]<\/p>\n<h1>La Prog&rsquo; du festival<\/h1>\n<p>[\/vc_column_text][\/vc_column][vc_column width=\u00a0\u00bb1\/3&Prime;][vc_btn title=\u00a0\u00bbListe des groupes\u00a0\u00bb style=\u00a0\u00bbclassic\u00a0\u00bb shape=\u00a0\u00bbsquare\u00a0\u00bb color=\u00a0\u00bbdanger\u00a0\u00bb size=\u00a0\u00bblg\u00a0\u00bb align=\u00a0\u00bbcenter\u00a0\u00bb i_icon_fontawesome=\u00a0\u00bbfas fa-external-link-square-alt\u00a0\u00bb css_animation=\u00a0\u00bbfadeInRight\u00a0\u00bb css=\u00a0\u00bb\u00a0\u00bb add_icon=\u00a0\u00bbtrue\u00a0\u00bb link=\u00a0\u00bburl:https%3A%2F%2Fwww.festicheyres.ch%2Fprogramme%2Fgroupes|title:Les%20groupes%20(presse)\u00a0\u00bb][\/vc_column][\/vc_row][vc_row][vc_column][vc_column_text css=\u00a0\u00bb\u00a0\u00bb]<\/p>\n<h2>Vendredi 11 juillet<\/h2>\n<h3>d\u00e8s 16h<\/h3>\n<p>[\/vc_column_text][\/vc_column][\/vc_row][vc_row][vc_column css_animation=\u00a0\u00bbfadeInLeft\u00a0\u00bb width=\u00a0\u00bb1\/2&Prime;][vc_column_text css=\u00a0\u00bb\u00a0\u00bb]<span class=\"wpv-code\">\n\n\n<div id=\"wpv-view-layout-4830-CATTRc7e452637824186b5f6d26e03aad34c1\" class=\"js-wpv-view-layout js-wpv-layout-responsive js-wpv-view-layout-4830-CATTRc7e452637824186b5f6d26e03aad34c1\" data-viewnumber=\"4830-CATTRc7e452637824186b5f6d26e03aad34c1\" data-pagination=\"{&quot;id&quot;:&quot;4830&quot;,&quot;query&quot;:&quot;normal&quot;,&quot;type&quot;:&quot;disabled&quot;,&quot;effect&quot;:&quot;fade&quot;,&quot;duration&quot;:500,&quot;speed&quot;:5,&quot;pause_on_hover&quot;:&quot;disabled&quot;,&quot;stop_rollover&quot;:&quot;false&quot;,&quot;cache_pages&quot;:&quot;enabled&quot;,&quot;preload_images&quot;:&quot;enabled&quot;,&quot;preload_pages&quot;:&quot;enabled&quot;,&quot;preload_reach&quot;:1,&quot;spinner&quot;:&quot;builtin&quot;,&quot;spinner_image&quot;:&quot;https:\/\/www.festicheyres.ch\/wp-content\/plugins\/wp-views\/embedded\/res\/img\/ajax-loader.gif&quot;,&quot;callback_next&quot;:&quot;&quot;,&quot;manage_history&quot;:&quot;disabled&quot;,&quot;has_controls_in_form&quot;:&quot;disabled&quot;,&quot;infinite_tolerance&quot;:&quot;0&quot;,&quot;max_pages&quot;:0,&quot;page&quot;:1,&quot;base_permalink&quot;:&quot;\/wp-json\/wp\/v2\/pages\/1832?wpv_view_count=4830-CATTRc7e452637824186b5f6d26e03aad34c1&amp;wpv_paged=WPV_PAGE_NUM&quot;,&quot;loop&quot;:{&quot;type&quot;:&quot;&quot;,&quot;name&quot;:&quot;&quot;,&quot;data&quot;:[],&quot;id&quot;:0}}\" data-permalink=\"\/wp-json\/wp\/v2\/pages\/1832?wpv_view_count=4830-CATTRc7e452637824186b5f6d26e03aad34c1\">\n\n\t\n\t\n\t\n      <div class=\"groupe-loop\">\n\t\t\t<div class=\"wpb-content-wrapper\"><p>[vc_row][vc_column width=\u00a0\u00bb1\/3&Prime;][vc_column_text]<a href=\"https:\/\/www.festicheyres.ch\/groupe\/dj-hernie-discale\/\"><img loading=\"lazy\" decoding=\"async\" width=\"468\" height=\"468\" src=\"https:\/\/www.festicheyres.ch\/wp-content\/uploads\/2025\/04\/Photo_Hernie_Discale_-002-468x468.jpeg\" class=\"attachment-blog-thumb-2 size-blog-thumb-2 wp-post-image\" alt=\"\" srcset=\"https:\/\/www.festicheyres.ch\/wp-content\/uploads\/2025\/04\/Photo_Hernie_Discale_-002-468x468.jpeg 468w, https:\/\/www.festicheyres.ch\/wp-content\/uploads\/2025\/04\/Photo_Hernie_Discale_-002-300x300.jpeg 300w, https:\/\/www.festicheyres.ch\/wp-content\/uploads\/2025\/04\/Photo_Hernie_Discale_-002-150x150.jpeg 150w, https:\/\/www.festicheyres.ch\/wp-content\/uploads\/2025\/04\/Photo_Hernie_Discale_-002-768x768.jpeg 768w, https:\/\/www.festicheyres.ch\/wp-content\/uploads\/2025\/04\/Photo_Hernie_Discale_-002-806x806.jpeg 806w, https:\/\/www.festicheyres.ch\/wp-content\/uploads\/2025\/04\/Photo_Hernie_Discale_-002-558x558.jpeg 558w, https:\/\/www.festicheyres.ch\/wp-content\/uploads\/2025\/04\/Photo_Hernie_Discale_-002-655x655.jpeg 655w, https:\/\/www.festicheyres.ch\/wp-content\/uploads\/2025\/04\/Photo_Hernie_Discale_-002-266x266.jpeg 266w, https:\/\/www.festicheyres.ch\/wp-content\/uploads\/2025\/04\/Photo_Hernie_Discale_-002-220x220.jpeg 220w, https:\/\/www.festicheyres.ch\/wp-content\/uploads\/2025\/04\/Photo_Hernie_Discale_-002.jpeg 924w\" sizes=\"auto, (max-width: 468px) 100vw, 468px\" \/><\/a><\/p>\n<p>[\/vc_column_text][\/vc_column][vc_column width=\u00a0\u00bb2\/3&Prime;][vc_column_text]\n\n\n<div id=\"wpv-view-layout-4862-CPID5424\" class=\"js-wpv-view-layout js-wpv-layout-responsive js-wpv-view-layout-4862-CPID5424\" data-viewnumber=\"4862-CPID5424\" data-pagination=\"{&quot;id&quot;:&quot;4862&quot;,&quot;query&quot;:&quot;normal&quot;,&quot;type&quot;:&quot;disabled&quot;,&quot;effect&quot;:&quot;fade&quot;,&quot;duration&quot;:500,&quot;speed&quot;:5,&quot;pause_on_hover&quot;:&quot;disabled&quot;,&quot;stop_rollover&quot;:&quot;false&quot;,&quot;cache_pages&quot;:&quot;enabled&quot;,&quot;preload_images&quot;:&quot;enabled&quot;,&quot;preload_pages&quot;:&quot;enabled&quot;,&quot;preload_reach&quot;:1,&quot;spinner&quot;:&quot;builtin&quot;,&quot;spinner_image&quot;:&quot;https:\/\/projet2020.festicheyres.ch\/wp-content\/plugins\/wp-views\/embedded\/res\/img\/ajax-loader.gif&quot;,&quot;callback_next&quot;:&quot;&quot;,&quot;manage_history&quot;:&quot;disabled&quot;,&quot;has_controls_in_form&quot;:&quot;disabled&quot;,&quot;infinite_tolerance&quot;:&quot;0&quot;,&quot;max_pages&quot;:0,&quot;page&quot;:1,&quot;base_permalink&quot;:&quot;\/wp-json\/wp\/v2\/pages\/1832?wpv_view_count=4862-CPID5424&amp;wpv_paged=WPV_PAGE_NUM&quot;,&quot;loop&quot;:{&quot;type&quot;:&quot;&quot;,&quot;name&quot;:&quot;&quot;,&quot;data&quot;:&#091;&#093;,&quot;id&quot;:0}}\" data-permalink=\"\/wp-json\/wp\/v2\/pages\/1832?wpv_view_count=4862-CPID5424\">\n\n\t\n\t\n\t<!-- <h4>Concerts<\/h4> -->\n\t<!-- <ul class=\"wpv-loop js-wpv-loop\"> -->\n\t\t \n\t\t\t<!-- <li> -->\n              <p class=\"info-concert\">ven. 11 | 17:00 | Sc\u00e8ne des arbres <p>\n          \t<!-- <\/li> -->\n\t\t\n\t<!-- <\/ul> -->\n\t\n\t\n\t\n<\/div>\n<h3 class=\"horaire-group-name\"><a href=\"https:\/\/www.festicheyres.ch\/groupe\/dj-hernie-discale\/\">DJ Hernie Discale<\/a><\/h3>\n<p><strong>Cocktail \u00e9lectronique et disco<\/strong> (Fribourg)<br \/>\n<em>Deux J pour un R un N et un I<\/em>[\/vc_column_text][\/vc_column][\/vc_row]<\/p>\n<\/div>\n      <\/div>\n\t\n\t\n\t\n\t\n<\/div>\n<\/span>[\/vc_column_text][\/vc_column][vc_column css_animation=\u00a0\u00bbfadeInRight\u00a0\u00bb width=\u00a0\u00bb1\/2&Prime;][vc_column_text css=\u00a0\u00bb\u00a0\u00bb]<span class=\"wpv-code\">\n\n\n<div id=\"wpv-view-layout-4830-CATTR53405be34014d8cd3516ee84959b24da\" class=\"js-wpv-view-layout js-wpv-layout-responsive js-wpv-view-layout-4830-CATTR53405be34014d8cd3516ee84959b24da\" data-viewnumber=\"4830-CATTR53405be34014d8cd3516ee84959b24da\" data-pagination=\"{&quot;id&quot;:&quot;4830&quot;,&quot;query&quot;:&quot;normal&quot;,&quot;type&quot;:&quot;disabled&quot;,&quot;effect&quot;:&quot;fade&quot;,&quot;duration&quot;:500,&quot;speed&quot;:5,&quot;pause_on_hover&quot;:&quot;disabled&quot;,&quot;stop_rollover&quot;:&quot;false&quot;,&quot;cache_pages&quot;:&quot;enabled&quot;,&quot;preload_images&quot;:&quot;enabled&quot;,&quot;preload_pages&quot;:&quot;enabled&quot;,&quot;preload_reach&quot;:1,&quot;spinner&quot;:&quot;builtin&quot;,&quot;spinner_image&quot;:&quot;https:\/\/www.festicheyres.ch\/wp-content\/plugins\/wp-views\/embedded\/res\/img\/ajax-loader.gif&quot;,&quot;callback_next&quot;:&quot;&quot;,&quot;manage_history&quot;:&quot;disabled&quot;,&quot;has_controls_in_form&quot;:&quot;disabled&quot;,&quot;infinite_tolerance&quot;:&quot;0&quot;,&quot;max_pages&quot;:0,&quot;page&quot;:1,&quot;base_permalink&quot;:&quot;\/wp-json\/wp\/v2\/pages\/1832?wpv_view_count=4830-CATTR53405be34014d8cd3516ee84959b24da&amp;wpv_paged=WPV_PAGE_NUM&quot;,&quot;loop&quot;:{&quot;type&quot;:&quot;&quot;,&quot;name&quot;:&quot;&quot;,&quot;data&quot;:[],&quot;id&quot;:0}}\" data-permalink=\"\/wp-json\/wp\/v2\/pages\/1832?wpv_view_count=4830-CATTR53405be34014d8cd3516ee84959b24da\">\n\n\t\n\t\n\t\n      <div class=\"groupe-loop\">\n\t\t\t<div class=\"wpb-content-wrapper\"><p>[vc_row][vc_column width=\u00a0\u00bb1\/3&Prime;][vc_column_text]<a href=\"https:\/\/www.festicheyres.ch\/groupe\/square-ventura\/\"><img loading=\"lazy\" decoding=\"async\" width=\"468\" height=\"468\" src=\"https:\/\/www.festicheyres.ch\/wp-content\/uploads\/2025\/04\/309-468x468.jpg\" class=\"attachment-blog-thumb-2 size-blog-thumb-2 wp-post-image\" alt=\"\" srcset=\"https:\/\/www.festicheyres.ch\/wp-content\/uploads\/2025\/04\/309-468x468.jpg 468w, https:\/\/www.festicheyres.ch\/wp-content\/uploads\/2025\/04\/309-150x150.jpg 150w, https:\/\/www.festicheyres.ch\/wp-content\/uploads\/2025\/04\/309-266x266.jpg 266w, https:\/\/www.festicheyres.ch\/wp-content\/uploads\/2025\/04\/309-220x220.jpg 220w\" sizes=\"auto, (max-width: 468px) 100vw, 468px\" \/><\/a><\/p>\n<p>[\/vc_column_text][\/vc_column][vc_column width=\u00a0\u00bb2\/3&Prime;][vc_column_text]\n\n\n<div id=\"wpv-view-layout-4862-CPID5428\" class=\"js-wpv-view-layout js-wpv-layout-responsive js-wpv-view-layout-4862-CPID5428\" data-viewnumber=\"4862-CPID5428\" data-pagination=\"{&quot;id&quot;:&quot;4862&quot;,&quot;query&quot;:&quot;normal&quot;,&quot;type&quot;:&quot;disabled&quot;,&quot;effect&quot;:&quot;fade&quot;,&quot;duration&quot;:500,&quot;speed&quot;:5,&quot;pause_on_hover&quot;:&quot;disabled&quot;,&quot;stop_rollover&quot;:&quot;false&quot;,&quot;cache_pages&quot;:&quot;enabled&quot;,&quot;preload_images&quot;:&quot;enabled&quot;,&quot;preload_pages&quot;:&quot;enabled&quot;,&quot;preload_reach&quot;:1,&quot;spinner&quot;:&quot;builtin&quot;,&quot;spinner_image&quot;:&quot;https:\/\/projet2020.festicheyres.ch\/wp-content\/plugins\/wp-views\/embedded\/res\/img\/ajax-loader.gif&quot;,&quot;callback_next&quot;:&quot;&quot;,&quot;manage_history&quot;:&quot;disabled&quot;,&quot;has_controls_in_form&quot;:&quot;disabled&quot;,&quot;infinite_tolerance&quot;:&quot;0&quot;,&quot;max_pages&quot;:0,&quot;page&quot;:1,&quot;base_permalink&quot;:&quot;\/wp-json\/wp\/v2\/pages\/1832?wpv_view_count=4862-CPID5428&amp;wpv_paged=WPV_PAGE_NUM&quot;,&quot;loop&quot;:{&quot;type&quot;:&quot;&quot;,&quot;name&quot;:&quot;&quot;,&quot;data&quot;:&#091;&#093;,&quot;id&quot;:0}}\" data-permalink=\"\/wp-json\/wp\/v2\/pages\/1832?wpv_view_count=4862-CPID5428\">\n\n\t\n\t\n\t<!-- <h4>Concerts<\/h4> -->\n\t<!-- <ul class=\"wpv-loop js-wpv-loop\"> -->\n\t\t \n\t\t\t<!-- <li> -->\n              <p class=\"info-concert\">ven. 11 | 18:00 | Grande Sc\u00e8ne <p>\n          \t<!-- <\/li> -->\n\t\t\n\t<!-- <\/ul> -->\n\t\n\t\n\t\n<\/div>\n<h3 class=\"horaire-group-name\"><a href=\"https:\/\/www.festicheyres.ch\/groupe\/square-ventura\/\">Square Ventura<\/a><\/h3>\n<p><strong>Rock Disco<\/strong> (Fribourg)<br \/>\n<em>Distorsion dansante et num\u00e9rique<\/em>[\/vc_column_text][\/vc_column][\/vc_row]<\/p>\n<\/div>\n      <\/div>\n\t\n\t\n\t\n\t\n<\/div>\n<\/span>[\/vc_column_text][\/vc_column][\/vc_row][vc_row][vc_column css_animation=\u00a0\u00bbfadeInLeft\u00a0\u00bb width=\u00a0\u00bb1\/2&Prime;][vc_column_text css=\u00a0\u00bb\u00a0\u00bb]<span class=\"wpv-code\">\n\n\n<div id=\"wpv-view-layout-4830-CATTRc4ed580b0e976c6a6cd5c0073e85bed6\" class=\"js-wpv-view-layout js-wpv-layout-responsive js-wpv-view-layout-4830-CATTRc4ed580b0e976c6a6cd5c0073e85bed6\" data-viewnumber=\"4830-CATTRc4ed580b0e976c6a6cd5c0073e85bed6\" data-pagination=\"{&quot;id&quot;:&quot;4830&quot;,&quot;query&quot;:&quot;normal&quot;,&quot;type&quot;:&quot;disabled&quot;,&quot;effect&quot;:&quot;fade&quot;,&quot;duration&quot;:500,&quot;speed&quot;:5,&quot;pause_on_hover&quot;:&quot;disabled&quot;,&quot;stop_rollover&quot;:&quot;false&quot;,&quot;cache_pages&quot;:&quot;enabled&quot;,&quot;preload_images&quot;:&quot;enabled&quot;,&quot;preload_pages&quot;:&quot;enabled&quot;,&quot;preload_reach&quot;:1,&quot;spinner&quot;:&quot;builtin&quot;,&quot;spinner_image&quot;:&quot;https:\/\/www.festicheyres.ch\/wp-content\/plugins\/wp-views\/embedded\/res\/img\/ajax-loader.gif&quot;,&quot;callback_next&quot;:&quot;&quot;,&quot;manage_history&quot;:&quot;disabled&quot;,&quot;has_controls_in_form&quot;:&quot;disabled&quot;,&quot;infinite_tolerance&quot;:&quot;0&quot;,&quot;max_pages&quot;:0,&quot;page&quot;:1,&quot;base_permalink&quot;:&quot;\/wp-json\/wp\/v2\/pages\/1832?wpv_view_count=4830-CATTRc4ed580b0e976c6a6cd5c0073e85bed6&amp;wpv_paged=WPV_PAGE_NUM&quot;,&quot;loop&quot;:{&quot;type&quot;:&quot;&quot;,&quot;name&quot;:&quot;&quot;,&quot;data&quot;:[],&quot;id&quot;:0}}\" data-permalink=\"\/wp-json\/wp\/v2\/pages\/1832?wpv_view_count=4830-CATTRc4ed580b0e976c6a6cd5c0073e85bed6\">\n\n\t\n\t\n\t\n      <div class=\"groupe-loop\">\n\t\t\t<div class=\"wpb-content-wrapper\"><p>[vc_row][vc_column width=\u00a0\u00bb1\/3&Prime;][vc_column_text]<a href=\"https:\/\/www.festicheyres.ch\/groupe\/spouse-n-spouse\/\"><img loading=\"lazy\" decoding=\"async\" width=\"468\" height=\"468\" src=\"https:\/\/www.festicheyres.ch\/wp-content\/uploads\/2025\/04\/Spouse-N-Spouse--468x468.jpeg\" class=\"attachment-blog-thumb-2 size-blog-thumb-2 wp-post-image\" alt=\"\" srcset=\"https:\/\/www.festicheyres.ch\/wp-content\/uploads\/2025\/04\/Spouse-N-Spouse--468x468.jpeg 468w, https:\/\/www.festicheyres.ch\/wp-content\/uploads\/2025\/04\/Spouse-N-Spouse--150x150.jpeg 150w, https:\/\/www.festicheyres.ch\/wp-content\/uploads\/2025\/04\/Spouse-N-Spouse--266x266.jpeg 266w\" sizes=\"auto, (max-width: 468px) 100vw, 468px\" \/><\/a><\/p>\n<p>[\/vc_column_text][\/vc_column][vc_column width=\u00a0\u00bb2\/3&Prime;][vc_column_text]\n\n\n<div id=\"wpv-view-layout-4862-CPID5434\" class=\"js-wpv-view-layout js-wpv-layout-responsive js-wpv-view-layout-4862-CPID5434\" data-viewnumber=\"4862-CPID5434\" data-pagination=\"{&quot;id&quot;:&quot;4862&quot;,&quot;query&quot;:&quot;normal&quot;,&quot;type&quot;:&quot;disabled&quot;,&quot;effect&quot;:&quot;fade&quot;,&quot;duration&quot;:500,&quot;speed&quot;:5,&quot;pause_on_hover&quot;:&quot;disabled&quot;,&quot;stop_rollover&quot;:&quot;false&quot;,&quot;cache_pages&quot;:&quot;enabled&quot;,&quot;preload_images&quot;:&quot;enabled&quot;,&quot;preload_pages&quot;:&quot;enabled&quot;,&quot;preload_reach&quot;:1,&quot;spinner&quot;:&quot;builtin&quot;,&quot;spinner_image&quot;:&quot;https:\/\/projet2020.festicheyres.ch\/wp-content\/plugins\/wp-views\/embedded\/res\/img\/ajax-loader.gif&quot;,&quot;callback_next&quot;:&quot;&quot;,&quot;manage_history&quot;:&quot;disabled&quot;,&quot;has_controls_in_form&quot;:&quot;disabled&quot;,&quot;infinite_tolerance&quot;:&quot;0&quot;,&quot;max_pages&quot;:0,&quot;page&quot;:1,&quot;base_permalink&quot;:&quot;\/wp-json\/wp\/v2\/pages\/1832?wpv_view_count=4862-CPID5434&amp;wpv_paged=WPV_PAGE_NUM&quot;,&quot;loop&quot;:{&quot;type&quot;:&quot;&quot;,&quot;name&quot;:&quot;&quot;,&quot;data&quot;:&#091;&#093;,&quot;id&quot;:0}}\" data-permalink=\"\/wp-json\/wp\/v2\/pages\/1832?wpv_view_count=4862-CPID5434\">\n\n\t\n\t\n\t<!-- <h4>Concerts<\/h4> -->\n\t<!-- <ul class=\"wpv-loop js-wpv-loop\"> -->\n\t\t \n\t\t\t<!-- <li> -->\n              <p class=\"info-concert\">ven. 11 | 19:00 | Sc\u00e8ne des arbres <p>\n          \t<!-- <\/li> -->\n\t\t \n\t\t\t<!-- <li> -->\n              <p class=\"info-concert\">ven. 11 | 21:00 | Sc\u00e8ne des arbres <p>\n          \t<!-- <\/li> -->\n\t\t\n\t<!-- <\/ul> -->\n\t\n\t\n\t\n<\/div>\n<h3 class=\"horaire-group-name\"><a href=\"https:\/\/www.festicheyres.ch\/groupe\/spouse-n-spouse\/\">Spouse N Spouse<\/a><\/h3>\n<p><strong>Fun Militant<\/strong> (Fribourg)<br \/>\n<em>Marie, Mary, Marye, Mairie<\/em>[\/vc_column_text][\/vc_column][\/vc_row]<\/p>\n<\/div>\n      <\/div>\n\t\n\t\n\t\n\t\n<\/div>\n<\/span>[\/vc_column_text][\/vc_column][vc_column css_animation=\u00a0\u00bbfadeInRight\u00a0\u00bb width=\u00a0\u00bb1\/2&Prime;][vc_column_text css=\u00a0\u00bb\u00a0\u00bb]<span class=\"wpv-code\">\n\n\n<div id=\"wpv-view-layout-4830-CATTR50a9c5b0f8eac60eb369f3db7d72a07e\" class=\"js-wpv-view-layout js-wpv-layout-responsive js-wpv-view-layout-4830-CATTR50a9c5b0f8eac60eb369f3db7d72a07e\" data-viewnumber=\"4830-CATTR50a9c5b0f8eac60eb369f3db7d72a07e\" data-pagination=\"{&quot;id&quot;:&quot;4830&quot;,&quot;query&quot;:&quot;normal&quot;,&quot;type&quot;:&quot;disabled&quot;,&quot;effect&quot;:&quot;fade&quot;,&quot;duration&quot;:500,&quot;speed&quot;:5,&quot;pause_on_hover&quot;:&quot;disabled&quot;,&quot;stop_rollover&quot;:&quot;false&quot;,&quot;cache_pages&quot;:&quot;enabled&quot;,&quot;preload_images&quot;:&quot;enabled&quot;,&quot;preload_pages&quot;:&quot;enabled&quot;,&quot;preload_reach&quot;:1,&quot;spinner&quot;:&quot;builtin&quot;,&quot;spinner_image&quot;:&quot;https:\/\/www.festicheyres.ch\/wp-content\/plugins\/wp-views\/embedded\/res\/img\/ajax-loader.gif&quot;,&quot;callback_next&quot;:&quot;&quot;,&quot;manage_history&quot;:&quot;disabled&quot;,&quot;has_controls_in_form&quot;:&quot;disabled&quot;,&quot;infinite_tolerance&quot;:&quot;0&quot;,&quot;max_pages&quot;:0,&quot;page&quot;:1,&quot;base_permalink&quot;:&quot;\/wp-json\/wp\/v2\/pages\/1832?wpv_view_count=4830-CATTR50a9c5b0f8eac60eb369f3db7d72a07e&amp;wpv_paged=WPV_PAGE_NUM&quot;,&quot;loop&quot;:{&quot;type&quot;:&quot;&quot;,&quot;name&quot;:&quot;&quot;,&quot;data&quot;:[],&quot;id&quot;:0}}\" data-permalink=\"\/wp-json\/wp\/v2\/pages\/1832?wpv_view_count=4830-CATTR50a9c5b0f8eac60eb369f3db7d72a07e\">\n\n\t\n\t\n\t\n      <div class=\"groupe-loop\">\n\t\t\t<div class=\"wpb-content-wrapper\"><p>[vc_row][vc_column width=\u00a0\u00bb1\/3&Prime;][vc_column_text]<a href=\"https:\/\/www.festicheyres.ch\/groupe\/hook-line-and-sinker\/\"><img loading=\"lazy\" decoding=\"async\" width=\"468\" height=\"468\" src=\"https:\/\/www.festicheyres.ch\/wp-content\/uploads\/2025\/04\/HLS_01-002-468x468.jpg\" class=\"attachment-blog-thumb-2 size-blog-thumb-2 wp-post-image\" alt=\"\" srcset=\"https:\/\/www.festicheyres.ch\/wp-content\/uploads\/2025\/04\/HLS_01-002-468x468.jpg 468w, https:\/\/www.festicheyres.ch\/wp-content\/uploads\/2025\/04\/HLS_01-002-150x150.jpg 150w, https:\/\/www.festicheyres.ch\/wp-content\/uploads\/2025\/04\/HLS_01-002-scaled-266x266.jpg 266w\" sizes=\"auto, (max-width: 468px) 100vw, 468px\" \/><\/a><\/p>\n<p>[\/vc_column_text][\/vc_column][vc_column width=\u00a0\u00bb2\/3&Prime;][vc_column_text]\n\n\n<div id=\"wpv-view-layout-4862-CPID5439\" class=\"js-wpv-view-layout js-wpv-layout-responsive js-wpv-view-layout-4862-CPID5439\" data-viewnumber=\"4862-CPID5439\" data-pagination=\"{&quot;id&quot;:&quot;4862&quot;,&quot;query&quot;:&quot;normal&quot;,&quot;type&quot;:&quot;disabled&quot;,&quot;effect&quot;:&quot;fade&quot;,&quot;duration&quot;:500,&quot;speed&quot;:5,&quot;pause_on_hover&quot;:&quot;disabled&quot;,&quot;stop_rollover&quot;:&quot;false&quot;,&quot;cache_pages&quot;:&quot;enabled&quot;,&quot;preload_images&quot;:&quot;enabled&quot;,&quot;preload_pages&quot;:&quot;enabled&quot;,&quot;preload_reach&quot;:1,&quot;spinner&quot;:&quot;builtin&quot;,&quot;spinner_image&quot;:&quot;https:\/\/projet2020.festicheyres.ch\/wp-content\/plugins\/wp-views\/embedded\/res\/img\/ajax-loader.gif&quot;,&quot;callback_next&quot;:&quot;&quot;,&quot;manage_history&quot;:&quot;disabled&quot;,&quot;has_controls_in_form&quot;:&quot;disabled&quot;,&quot;infinite_tolerance&quot;:&quot;0&quot;,&quot;max_pages&quot;:0,&quot;page&quot;:1,&quot;base_permalink&quot;:&quot;\/wp-json\/wp\/v2\/pages\/1832?wpv_view_count=4862-CPID5439&amp;wpv_paged=WPV_PAGE_NUM&quot;,&quot;loop&quot;:{&quot;type&quot;:&quot;&quot;,&quot;name&quot;:&quot;&quot;,&quot;data&quot;:&#091;&#093;,&quot;id&quot;:0}}\" data-permalink=\"\/wp-json\/wp\/v2\/pages\/1832?wpv_view_count=4862-CPID5439\">\n\n\t\n\t\n\t<!-- <h4>Concerts<\/h4> -->\n\t<!-- <ul class=\"wpv-loop js-wpv-loop\"> -->\n\t\t \n\t\t\t<!-- <li> -->\n              <p class=\"info-concert\">ven. 11 | 20:00 | Grande Sc\u00e8ne <p>\n          \t<!-- <\/li> -->\n\t\t\n\t<!-- <\/ul> -->\n\t\n\t\n\t\n<\/div>\n<h3 class=\"horaire-group-name\"><a href=\"https:\/\/www.festicheyres.ch\/groupe\/hook-line-and-sinker\/\">Hook, Line and Sinker<\/a><\/h3>\n<p><strong>Stoner Rock<\/strong> (Fribourg)<br \/>\n<em>Stoner psych\u00e9d\u00e9lique et mortel<\/em>[\/vc_column_text][\/vc_column][\/vc_row]<\/p>\n<\/div>\n      <\/div>\n\t\n\t\n\t\n\t\n<\/div>\n<\/span>[\/vc_column_text][\/vc_column][\/vc_row][vc_row][vc_column css_animation=\u00a0\u00bbfadeInLeft\u00a0\u00bb width=\u00a0\u00bb1\/2&Prime;][vc_column_text css=\u00a0\u00bb\u00a0\u00bb]<span class=\"wpv-code\">\n\n\n<div id=\"wpv-view-layout-4830-CATTRe24110287b5ba1f22ae1bd5ea606ef1a\" class=\"js-wpv-view-layout js-wpv-layout-responsive js-wpv-view-layout-4830-CATTRe24110287b5ba1f22ae1bd5ea606ef1a\" data-viewnumber=\"4830-CATTRe24110287b5ba1f22ae1bd5ea606ef1a\" data-pagination=\"{&quot;id&quot;:&quot;4830&quot;,&quot;query&quot;:&quot;normal&quot;,&quot;type&quot;:&quot;disabled&quot;,&quot;effect&quot;:&quot;fade&quot;,&quot;duration&quot;:500,&quot;speed&quot;:5,&quot;pause_on_hover&quot;:&quot;disabled&quot;,&quot;stop_rollover&quot;:&quot;false&quot;,&quot;cache_pages&quot;:&quot;enabled&quot;,&quot;preload_images&quot;:&quot;enabled&quot;,&quot;preload_pages&quot;:&quot;enabled&quot;,&quot;preload_reach&quot;:1,&quot;spinner&quot;:&quot;builtin&quot;,&quot;spinner_image&quot;:&quot;https:\/\/www.festicheyres.ch\/wp-content\/plugins\/wp-views\/embedded\/res\/img\/ajax-loader.gif&quot;,&quot;callback_next&quot;:&quot;&quot;,&quot;manage_history&quot;:&quot;disabled&quot;,&quot;has_controls_in_form&quot;:&quot;disabled&quot;,&quot;infinite_tolerance&quot;:&quot;0&quot;,&quot;max_pages&quot;:0,&quot;page&quot;:1,&quot;base_permalink&quot;:&quot;\/wp-json\/wp\/v2\/pages\/1832?wpv_view_count=4830-CATTRe24110287b5ba1f22ae1bd5ea606ef1a&amp;wpv_paged=WPV_PAGE_NUM&quot;,&quot;loop&quot;:{&quot;type&quot;:&quot;&quot;,&quot;name&quot;:&quot;&quot;,&quot;data&quot;:[],&quot;id&quot;:0}}\" data-permalink=\"\/wp-json\/wp\/v2\/pages\/1832?wpv_view_count=4830-CATTRe24110287b5ba1f22ae1bd5ea606ef1a\">\n\n\t\n\t\n\t\n      <div class=\"groupe-loop\">\n\t\t\t<div class=\"wpb-content-wrapper\"><p>[vc_row][vc_column width=\u00a0\u00bb1\/3&Prime;][vc_column_text]<a href=\"https:\/\/www.festicheyres.ch\/groupe\/dasein\/\"><img loading=\"lazy\" decoding=\"async\" width=\"468\" height=\"468\" src=\"https:\/\/www.festicheyres.ch\/wp-content\/uploads\/2025\/05\/Dasein-468x468.jpeg\" class=\"attachment-blog-thumb-2 size-blog-thumb-2 wp-post-image\" alt=\"\" srcset=\"https:\/\/www.festicheyres.ch\/wp-content\/uploads\/2025\/05\/Dasein-468x468.jpeg 468w, https:\/\/www.festicheyres.ch\/wp-content\/uploads\/2025\/05\/Dasein-150x150.jpeg 150w, https:\/\/www.festicheyres.ch\/wp-content\/uploads\/2025\/05\/Dasein-266x266.jpeg 266w, https:\/\/www.festicheyres.ch\/wp-content\/uploads\/2025\/05\/Dasein-220x220.jpeg 220w\" sizes=\"auto, (max-width: 468px) 100vw, 468px\" \/><\/a><\/p>\n<p>[\/vc_column_text][\/vc_column][vc_column width=\u00a0\u00bb2\/3&Prime;][vc_column_text]\n\n\n<div id=\"wpv-view-layout-4862-CPID5445\" class=\"js-wpv-view-layout js-wpv-layout-responsive js-wpv-view-layout-4862-CPID5445\" data-viewnumber=\"4862-CPID5445\" data-pagination=\"{&quot;id&quot;:&quot;4862&quot;,&quot;query&quot;:&quot;normal&quot;,&quot;type&quot;:&quot;disabled&quot;,&quot;effect&quot;:&quot;fade&quot;,&quot;duration&quot;:500,&quot;speed&quot;:5,&quot;pause_on_hover&quot;:&quot;disabled&quot;,&quot;stop_rollover&quot;:&quot;false&quot;,&quot;cache_pages&quot;:&quot;enabled&quot;,&quot;preload_images&quot;:&quot;enabled&quot;,&quot;preload_pages&quot;:&quot;enabled&quot;,&quot;preload_reach&quot;:1,&quot;spinner&quot;:&quot;builtin&quot;,&quot;spinner_image&quot;:&quot;https:\/\/projet2020.festicheyres.ch\/wp-content\/plugins\/wp-views\/embedded\/res\/img\/ajax-loader.gif&quot;,&quot;callback_next&quot;:&quot;&quot;,&quot;manage_history&quot;:&quot;disabled&quot;,&quot;has_controls_in_form&quot;:&quot;disabled&quot;,&quot;infinite_tolerance&quot;:&quot;0&quot;,&quot;max_pages&quot;:0,&quot;page&quot;:1,&quot;base_permalink&quot;:&quot;\/wp-json\/wp\/v2\/pages\/1832?wpv_view_count=4862-CPID5445&amp;wpv_paged=WPV_PAGE_NUM&quot;,&quot;loop&quot;:{&quot;type&quot;:&quot;&quot;,&quot;name&quot;:&quot;&quot;,&quot;data&quot;:&#091;&#093;,&quot;id&quot;:0}}\" data-permalink=\"\/wp-json\/wp\/v2\/pages\/1832?wpv_view_count=4862-CPID5445\">\n\n\t\n\t\n\t<!-- <h4>Concerts<\/h4> -->\n\t<!-- <ul class=\"wpv-loop js-wpv-loop\"> -->\n\t\t \n\t\t\t<!-- <li> -->\n              <p class=\"info-concert\">ven. 11 | 22:00 | Grande Sc\u00e8ne <p>\n          \t<!-- <\/li> -->\n\t\t\n\t<!-- <\/ul> -->\n\t\n\t\n\t\n<\/div>\n<h3 class=\"horaire-group-name\"><a href=\"https:\/\/www.festicheyres.ch\/groupe\/dasein\/\">Dasein<\/a><\/h3>\n<p><strong>Dream pop, Post punk<\/strong> (Fribourg)<br \/>\n<em>\u00catre l\u00e0, sans \u00eatre l\u00e0<\/em>[\/vc_column_text][\/vc_column][\/vc_row]<\/p>\n<\/div>\n      <\/div>\n\t\n\t\n\t\n\t\n<\/div>\n<\/span>[\/vc_column_text][\/vc_column][vc_column css_animation=\u00a0\u00bbfadeInRight\u00a0\u00bb width=\u00a0\u00bb1\/2&Prime;][vc_column_text css=\u00a0\u00bb\u00a0\u00bb]<span class=\"wpv-code\">\n\n\n<div id=\"wpv-view-layout-4830-CATTR68539c639d6d14abfc9ec74eb8eac1d3\" class=\"js-wpv-view-layout js-wpv-layout-responsive js-wpv-view-layout-4830-CATTR68539c639d6d14abfc9ec74eb8eac1d3\" data-viewnumber=\"4830-CATTR68539c639d6d14abfc9ec74eb8eac1d3\" data-pagination=\"{&quot;id&quot;:&quot;4830&quot;,&quot;query&quot;:&quot;normal&quot;,&quot;type&quot;:&quot;disabled&quot;,&quot;effect&quot;:&quot;fade&quot;,&quot;duration&quot;:500,&quot;speed&quot;:5,&quot;pause_on_hover&quot;:&quot;disabled&quot;,&quot;stop_rollover&quot;:&quot;false&quot;,&quot;cache_pages&quot;:&quot;enabled&quot;,&quot;preload_images&quot;:&quot;enabled&quot;,&quot;preload_pages&quot;:&quot;enabled&quot;,&quot;preload_reach&quot;:1,&quot;spinner&quot;:&quot;builtin&quot;,&quot;spinner_image&quot;:&quot;https:\/\/www.festicheyres.ch\/wp-content\/plugins\/wp-views\/embedded\/res\/img\/ajax-loader.gif&quot;,&quot;callback_next&quot;:&quot;&quot;,&quot;manage_history&quot;:&quot;disabled&quot;,&quot;has_controls_in_form&quot;:&quot;disabled&quot;,&quot;infinite_tolerance&quot;:&quot;0&quot;,&quot;max_pages&quot;:0,&quot;page&quot;:1,&quot;base_permalink&quot;:&quot;\/wp-json\/wp\/v2\/pages\/1832?wpv_view_count=4830-CATTR68539c639d6d14abfc9ec74eb8eac1d3&amp;wpv_paged=WPV_PAGE_NUM&quot;,&quot;loop&quot;:{&quot;type&quot;:&quot;&quot;,&quot;name&quot;:&quot;&quot;,&quot;data&quot;:[],&quot;id&quot;:0}}\" data-permalink=\"\/wp-json\/wp\/v2\/pages\/1832?wpv_view_count=4830-CATTR68539c639d6d14abfc9ec74eb8eac1d3\">\n\n\t\n\t\n\t\n      <div class=\"groupe-loop\">\n\t\t\t<div class=\"wpb-content-wrapper\"><p>[vc_row][vc_column width=\u00a0\u00bb1\/3&Prime;][vc_column_text]<a href=\"https:\/\/www.festicheyres.ch\/groupe\/maxicreme-b2b-water-wasp-collectif-la-brume\/\"><img loading=\"lazy\" decoding=\"async\" width=\"468\" height=\"468\" src=\"https:\/\/www.festicheyres.ch\/wp-content\/uploads\/2025\/04\/Maxicreme-Water-wasp-468x468.jpg\" class=\"attachment-blog-thumb-2 size-blog-thumb-2 wp-post-image\" alt=\"\" srcset=\"https:\/\/www.festicheyres.ch\/wp-content\/uploads\/2025\/04\/Maxicreme-Water-wasp-468x468.jpg 468w, https:\/\/www.festicheyres.ch\/wp-content\/uploads\/2025\/04\/Maxicreme-Water-wasp-150x150.jpg 150w, https:\/\/www.festicheyres.ch\/wp-content\/uploads\/2025\/04\/Maxicreme-Water-wasp-scaled-266x266.jpg 266w\" sizes=\"auto, (max-width: 468px) 100vw, 468px\" \/><\/a><\/p>\n<p>[\/vc_column_text][\/vc_column][vc_column width=\u00a0\u00bb2\/3&Prime;][vc_column_text]\n\n\n<div id=\"wpv-view-layout-4862-CPID5455\" class=\"js-wpv-view-layout js-wpv-layout-responsive js-wpv-view-layout-4862-CPID5455\" data-viewnumber=\"4862-CPID5455\" data-pagination=\"{&quot;id&quot;:&quot;4862&quot;,&quot;query&quot;:&quot;normal&quot;,&quot;type&quot;:&quot;disabled&quot;,&quot;effect&quot;:&quot;fade&quot;,&quot;duration&quot;:500,&quot;speed&quot;:5,&quot;pause_on_hover&quot;:&quot;disabled&quot;,&quot;stop_rollover&quot;:&quot;false&quot;,&quot;cache_pages&quot;:&quot;enabled&quot;,&quot;preload_images&quot;:&quot;enabled&quot;,&quot;preload_pages&quot;:&quot;enabled&quot;,&quot;preload_reach&quot;:1,&quot;spinner&quot;:&quot;builtin&quot;,&quot;spinner_image&quot;:&quot;https:\/\/projet2020.festicheyres.ch\/wp-content\/plugins\/wp-views\/embedded\/res\/img\/ajax-loader.gif&quot;,&quot;callback_next&quot;:&quot;&quot;,&quot;manage_history&quot;:&quot;disabled&quot;,&quot;has_controls_in_form&quot;:&quot;disabled&quot;,&quot;infinite_tolerance&quot;:&quot;0&quot;,&quot;max_pages&quot;:0,&quot;page&quot;:1,&quot;base_permalink&quot;:&quot;\/wp-json\/wp\/v2\/pages\/1832?wpv_view_count=4862-CPID5455&amp;wpv_paged=WPV_PAGE_NUM&quot;,&quot;loop&quot;:{&quot;type&quot;:&quot;&quot;,&quot;name&quot;:&quot;&quot;,&quot;data&quot;:&#091;&#093;,&quot;id&quot;:0}}\" data-permalink=\"\/wp-json\/wp\/v2\/pages\/1832?wpv_view_count=4862-CPID5455\">\n\n\t\n\t\n\t<!-- <h4>Concerts<\/h4> -->\n\t<!-- <ul class=\"wpv-loop js-wpv-loop\"> -->\n\t\t \n\t\t\t<!-- <li> -->\n              <p class=\"info-concert\">ven. 11 | 23:00 | Sc\u00e8ne des arbres <p>\n          \t<!-- <\/li> -->\n\t\t\n\t<!-- <\/ul> -->\n\t\n\t\n\t\n<\/div>\n<h3 class=\"horaire-group-name\"><a href=\"https:\/\/www.festicheyres.ch\/groupe\/maxicreme-b2b-water-wasp-collectif-la-brume\/\">Maxicreme b2b Water Wasp &#8211; Collectif La Brume<\/a><\/h3>\n<p><strong>Transe-Hardgroove-Techno<\/strong> (Fribourg)<br \/>\n<em>Pas d\u2019Anti Brumm<\/em>[\/vc_column_text][\/vc_column][\/vc_row]<\/p>\n<\/div>\n      <\/div>\n\t\n\t\n\t\n\t\n<\/div>\n<\/span>[\/vc_column_text][\/vc_column][\/vc_row][vc_row][vc_column css_animation=\u00a0\u00bbfadeInLeft\u00a0\u00bb width=\u00a0\u00bb1\/2&Prime;][vc_column_text css=\u00a0\u00bb\u00a0\u00bb]<span class=\"wpv-code\">\n\n\n<div id=\"wpv-view-layout-4830-CATTR3c3a7f5460b6f375e8c6699783d5d1c0\" class=\"js-wpv-view-layout js-wpv-layout-responsive js-wpv-view-layout-4830-CATTR3c3a7f5460b6f375e8c6699783d5d1c0\" data-viewnumber=\"4830-CATTR3c3a7f5460b6f375e8c6699783d5d1c0\" data-pagination=\"{&quot;id&quot;:&quot;4830&quot;,&quot;query&quot;:&quot;normal&quot;,&quot;type&quot;:&quot;disabled&quot;,&quot;effect&quot;:&quot;fade&quot;,&quot;duration&quot;:500,&quot;speed&quot;:5,&quot;pause_on_hover&quot;:&quot;disabled&quot;,&quot;stop_rollover&quot;:&quot;false&quot;,&quot;cache_pages&quot;:&quot;enabled&quot;,&quot;preload_images&quot;:&quot;enabled&quot;,&quot;preload_pages&quot;:&quot;enabled&quot;,&quot;preload_reach&quot;:1,&quot;spinner&quot;:&quot;builtin&quot;,&quot;spinner_image&quot;:&quot;https:\/\/www.festicheyres.ch\/wp-content\/plugins\/wp-views\/embedded\/res\/img\/ajax-loader.gif&quot;,&quot;callback_next&quot;:&quot;&quot;,&quot;manage_history&quot;:&quot;disabled&quot;,&quot;has_controls_in_form&quot;:&quot;disabled&quot;,&quot;infinite_tolerance&quot;:&quot;0&quot;,&quot;max_pages&quot;:0,&quot;page&quot;:1,&quot;base_permalink&quot;:&quot;\/wp-json\/wp\/v2\/pages\/1832?wpv_view_count=4830-CATTR3c3a7f5460b6f375e8c6699783d5d1c0&amp;wpv_paged=WPV_PAGE_NUM&quot;,&quot;loop&quot;:{&quot;type&quot;:&quot;&quot;,&quot;name&quot;:&quot;&quot;,&quot;data&quot;:[],&quot;id&quot;:0}}\" data-permalink=\"\/wp-json\/wp\/v2\/pages\/1832?wpv_view_count=4830-CATTR3c3a7f5460b6f375e8c6699783d5d1c0\">\n\n\t\n\t\n\t\n      <div class=\"groupe-loop\">\n\t\t\t<div class=\"wpb-content-wrapper\"><p>[vc_row][vc_column width=\u00a0\u00bb1\/3&Prime;][vc_column_text]<a href=\"https:\/\/www.festicheyres.ch\/groupe\/gab-scraper\/\"><img loading=\"lazy\" decoding=\"async\" width=\"468\" height=\"468\" src=\"https:\/\/www.festicheyres.ch\/wp-content\/uploads\/2025\/04\/Gab-S.-horizontale-002-468x468.jpg\" class=\"attachment-blog-thumb-2 size-blog-thumb-2 wp-post-image\" alt=\"\" srcset=\"https:\/\/www.festicheyres.ch\/wp-content\/uploads\/2025\/04\/Gab-S.-horizontale-002-468x468.jpg 468w, https:\/\/www.festicheyres.ch\/wp-content\/uploads\/2025\/04\/Gab-S.-horizontale-002-150x150.jpg 150w, https:\/\/www.festicheyres.ch\/wp-content\/uploads\/2025\/04\/Gab-S.-horizontale-002-scaled-266x266.jpg 266w\" sizes=\"auto, (max-width: 468px) 100vw, 468px\" \/><\/a><\/p>\n<p>[\/vc_column_text][\/vc_column][vc_column width=\u00a0\u00bb2\/3&Prime;][vc_column_text]\n\n\n<div id=\"wpv-view-layout-4862-CPID5474\" class=\"js-wpv-view-layout js-wpv-layout-responsive js-wpv-view-layout-4862-CPID5474\" data-viewnumber=\"4862-CPID5474\" data-pagination=\"{&quot;id&quot;:&quot;4862&quot;,&quot;query&quot;:&quot;normal&quot;,&quot;type&quot;:&quot;disabled&quot;,&quot;effect&quot;:&quot;fade&quot;,&quot;duration&quot;:500,&quot;speed&quot;:5,&quot;pause_on_hover&quot;:&quot;disabled&quot;,&quot;stop_rollover&quot;:&quot;false&quot;,&quot;cache_pages&quot;:&quot;enabled&quot;,&quot;preload_images&quot;:&quot;enabled&quot;,&quot;preload_pages&quot;:&quot;enabled&quot;,&quot;preload_reach&quot;:1,&quot;spinner&quot;:&quot;builtin&quot;,&quot;spinner_image&quot;:&quot;https:\/\/projet2020.festicheyres.ch\/wp-content\/plugins\/wp-views\/embedded\/res\/img\/ajax-loader.gif&quot;,&quot;callback_next&quot;:&quot;&quot;,&quot;manage_history&quot;:&quot;disabled&quot;,&quot;has_controls_in_form&quot;:&quot;disabled&quot;,&quot;infinite_tolerance&quot;:&quot;0&quot;,&quot;max_pages&quot;:0,&quot;page&quot;:1,&quot;base_permalink&quot;:&quot;\/wp-json\/wp\/v2\/pages\/1832?wpv_view_count=4862-CPID5474&amp;wpv_paged=WPV_PAGE_NUM&quot;,&quot;loop&quot;:{&quot;type&quot;:&quot;&quot;,&quot;name&quot;:&quot;&quot;,&quot;data&quot;:&#091;&#093;,&quot;id&quot;:0}}\" data-permalink=\"\/wp-json\/wp\/v2\/pages\/1832?wpv_view_count=4862-CPID5474\">\n\n\t\n\t\n\t<!-- <h4>Concerts<\/h4> -->\n\t<!-- <ul class=\"wpv-loop js-wpv-loop\"> -->\n\t\t \n\t\t\t<!-- <li> -->\n              <p class=\"info-concert\">ven. 11 | 00:00 | Grande Sc\u00e8ne <p>\n          \t<!-- <\/li> -->\n\t\t\n\t<!-- <\/ul> -->\n\t\n\t\n\t\n<\/div>\n<h3 class=\"horaire-group-name\"><a href=\"https:\/\/www.festicheyres.ch\/groupe\/gab-scraper\/\">Gab Scraper<\/a><\/h3>\n<p><strong>Power Pop<\/strong> (Vaud)<br \/>\n<em>Vous avez dit le mot f\u00eate ?<\/em>[\/vc_column_text][\/vc_column][\/vc_row]<\/p>\n<\/div>\n      <\/div>\n\t\n\t\n\t\n\t\n<\/div>\n<\/span>[\/vc_column_text][\/vc_column][vc_column css_animation=\u00a0\u00bbfadeInRight\u00a0\u00bb width=\u00a0\u00bb1\/2&Prime;][vc_column_text css=\u00a0\u00bb\u00a0\u00bb]<span class=\"wpv-code\">\n\n\n<div id=\"wpv-view-layout-4830-CATTR7dc0d5ceae24c4c66f876f2d82c0781a\" class=\"js-wpv-view-layout js-wpv-layout-responsive js-wpv-view-layout-4830-CATTR7dc0d5ceae24c4c66f876f2d82c0781a\" data-viewnumber=\"4830-CATTR7dc0d5ceae24c4c66f876f2d82c0781a\" data-pagination=\"{&quot;id&quot;:&quot;4830&quot;,&quot;query&quot;:&quot;normal&quot;,&quot;type&quot;:&quot;disabled&quot;,&quot;effect&quot;:&quot;fade&quot;,&quot;duration&quot;:500,&quot;speed&quot;:5,&quot;pause_on_hover&quot;:&quot;disabled&quot;,&quot;stop_rollover&quot;:&quot;false&quot;,&quot;cache_pages&quot;:&quot;enabled&quot;,&quot;preload_images&quot;:&quot;enabled&quot;,&quot;preload_pages&quot;:&quot;enabled&quot;,&quot;preload_reach&quot;:1,&quot;spinner&quot;:&quot;builtin&quot;,&quot;spinner_image&quot;:&quot;https:\/\/www.festicheyres.ch\/wp-content\/plugins\/wp-views\/embedded\/res\/img\/ajax-loader.gif&quot;,&quot;callback_next&quot;:&quot;&quot;,&quot;manage_history&quot;:&quot;disabled&quot;,&quot;has_controls_in_form&quot;:&quot;disabled&quot;,&quot;infinite_tolerance&quot;:&quot;0&quot;,&quot;max_pages&quot;:0,&quot;page&quot;:1,&quot;base_permalink&quot;:&quot;\/wp-json\/wp\/v2\/pages\/1832?wpv_view_count=4830-CATTR7dc0d5ceae24c4c66f876f2d82c0781a&amp;wpv_paged=WPV_PAGE_NUM&quot;,&quot;loop&quot;:{&quot;type&quot;:&quot;&quot;,&quot;name&quot;:&quot;&quot;,&quot;data&quot;:[],&quot;id&quot;:0}}\" data-permalink=\"\/wp-json\/wp\/v2\/pages\/1832?wpv_view_count=4830-CATTR7dc0d5ceae24c4c66f876f2d82c0781a\">\n\n\t\n\t\n\t\n      <div class=\"groupe-loop\">\n\t\t\t<div class=\"wpb-content-wrapper\"><p>[vc_row][vc_column width=\u00a0\u00bb1\/3&Prime;][vc_column_text]<a href=\"https:\/\/www.festicheyres.ch\/groupe\/friendly-neighbour-b2b-leo-collectif-la-brume\/\"><img loading=\"lazy\" decoding=\"async\" width=\"468\" height=\"468\" src=\"https:\/\/www.festicheyres.ch\/wp-content\/uploads\/2025\/04\/Friendly-Neighbour-Leo-002-468x468.jpeg\" class=\"attachment-blog-thumb-2 size-blog-thumb-2 wp-post-image\" alt=\"\" srcset=\"https:\/\/www.festicheyres.ch\/wp-content\/uploads\/2025\/04\/Friendly-Neighbour-Leo-002-468x468.jpeg 468w, https:\/\/www.festicheyres.ch\/wp-content\/uploads\/2025\/04\/Friendly-Neighbour-Leo-002-150x150.jpeg 150w, https:\/\/www.festicheyres.ch\/wp-content\/uploads\/2025\/04\/Friendly-Neighbour-Leo-002-266x266.jpeg 266w\" sizes=\"auto, (max-width: 468px) 100vw, 468px\" \/><\/a><\/p>\n<p>[\/vc_column_text][\/vc_column][vc_column width=\u00a0\u00bb2\/3&Prime;][vc_column_text]\n\n\n<div id=\"wpv-view-layout-4862-CPID5468\" class=\"js-wpv-view-layout js-wpv-layout-responsive js-wpv-view-layout-4862-CPID5468\" data-viewnumber=\"4862-CPID5468\" data-pagination=\"{&quot;id&quot;:&quot;4862&quot;,&quot;query&quot;:&quot;normal&quot;,&quot;type&quot;:&quot;disabled&quot;,&quot;effect&quot;:&quot;fade&quot;,&quot;duration&quot;:500,&quot;speed&quot;:5,&quot;pause_on_hover&quot;:&quot;disabled&quot;,&quot;stop_rollover&quot;:&quot;false&quot;,&quot;cache_pages&quot;:&quot;enabled&quot;,&quot;preload_images&quot;:&quot;enabled&quot;,&quot;preload_pages&quot;:&quot;enabled&quot;,&quot;preload_reach&quot;:1,&quot;spinner&quot;:&quot;builtin&quot;,&quot;spinner_image&quot;:&quot;https:\/\/projet2020.festicheyres.ch\/wp-content\/plugins\/wp-views\/embedded\/res\/img\/ajax-loader.gif&quot;,&quot;callback_next&quot;:&quot;&quot;,&quot;manage_history&quot;:&quot;disabled&quot;,&quot;has_controls_in_form&quot;:&quot;disabled&quot;,&quot;infinite_tolerance&quot;:&quot;0&quot;,&quot;max_pages&quot;:0,&quot;page&quot;:1,&quot;base_permalink&quot;:&quot;\/wp-json\/wp\/v2\/pages\/1832?wpv_view_count=4862-CPID5468&amp;wpv_paged=WPV_PAGE_NUM&quot;,&quot;loop&quot;:{&quot;type&quot;:&quot;&quot;,&quot;name&quot;:&quot;&quot;,&quot;data&quot;:&#091;&#093;,&quot;id&quot;:0}}\" data-permalink=\"\/wp-json\/wp\/v2\/pages\/1832?wpv_view_count=4862-CPID5468\">\n\n\t\n\t\n\t<!-- <h4>Concerts<\/h4> -->\n\t<!-- <ul class=\"wpv-loop js-wpv-loop\"> -->\n\t\t \n\t\t\t<!-- <li> -->\n              <p class=\"info-concert\">ven. 11 | 01:00 | Le Baral\u00e9tage <p>\n          \t<!-- <\/li> -->\n\t\t\n\t<!-- <\/ul> -->\n\t\n\t\n\t\n<\/div>\n<h3 class=\"horaire-group-name\"><a href=\"https:\/\/www.festicheyres.ch\/groupe\/friendly-neighbour-b2b-leo-collectif-la-brume\/\">Friendly Neighbour b2b Leo &#8211; Collectif la Brume<\/a><\/h3>\n<p><strong>Trance-Eurodance<\/strong> (Fribourg)<br \/>\n<em>Pas d\u2019Anti Brumm<\/em>[\/vc_column_text][\/vc_column][\/vc_row]<\/p>\n<\/div>\n      <\/div>\n\t\n\t\n\t\n\t\n<\/div>\n<\/span>[\/vc_column_text][\/vc_column][\/vc_row][vc_row][vc_column][vc_column_text css=\u00a0\u00bb\u00a0\u00bb]<\/p>\n<h2>Samedi 12 juillet<\/h2>\n<h3>d\u00e8s 9h00<\/h3>\n<p>[\/vc_column_text][\/vc_column][\/vc_row][vc_row][vc_column css_animation=\u00a0\u00bbfadeInLeft\u00a0\u00bb width=\u00a0\u00bb1\/2&Prime;][vc_column_text css=\u00a0\u00bb\u00a0\u00bb]9h &#8211; 10h30 | <a href=\"https:\/\/www.festicheyres.ch\/programme\/animations\/\">P&rsquo;tit d\u00e9j au bord du lac<\/a><\/p>\n<p>9h &#8211; 10h15 | <a href=\"https:\/\/www.festicheyres.ch\/programme\/animations\/\">Yoga sur la plage<\/a><\/p>\n<p>d\u00e8s 13h30 | <a href=\"https:\/\/www.festicheyres.ch\/programme\/animations\/\">Animations pour enfants<\/a><\/p>\n<p>10h30 &#8211; 16h30 | <a href=\"https:\/\/www.festicheyres.ch\/programme\/animations\/\">Tournoi de Beach-Volley Ol\u00e9 Ol\u00e9<\/a>[\/vc_column_text][\/vc_column][vc_column css_animation=\u00a0\u00bbfadeInRight\u00a0\u00bb width=\u00a0\u00bb1\/2&Prime;][\/vc_column][\/vc_row][vc_row][vc_column][vc_empty_space height=\u00a0\u00bb50px\u00a0\u00bb][\/vc_column][\/vc_row][vc_row][vc_column css_animation=\u00a0\u00bbfadeInLeft\u00a0\u00bb width=\u00a0\u00bb1\/2&Prime;][vc_column_text css=\u00a0\u00bb\u00a0\u00bb]<span class=\"wpv-code\">\n\n\n<div id=\"wpv-view-layout-4830-CATTRde2445ba1f5af0a9049c76d1f9c8803c\" class=\"js-wpv-view-layout js-wpv-layout-responsive js-wpv-view-layout-4830-CATTRde2445ba1f5af0a9049c76d1f9c8803c\" data-viewnumber=\"4830-CATTRde2445ba1f5af0a9049c76d1f9c8803c\" data-pagination=\"{&quot;id&quot;:&quot;4830&quot;,&quot;query&quot;:&quot;normal&quot;,&quot;type&quot;:&quot;disabled&quot;,&quot;effect&quot;:&quot;fade&quot;,&quot;duration&quot;:500,&quot;speed&quot;:5,&quot;pause_on_hover&quot;:&quot;disabled&quot;,&quot;stop_rollover&quot;:&quot;false&quot;,&quot;cache_pages&quot;:&quot;enabled&quot;,&quot;preload_images&quot;:&quot;enabled&quot;,&quot;preload_pages&quot;:&quot;enabled&quot;,&quot;preload_reach&quot;:1,&quot;spinner&quot;:&quot;builtin&quot;,&quot;spinner_image&quot;:&quot;https:\/\/www.festicheyres.ch\/wp-content\/plugins\/wp-views\/embedded\/res\/img\/ajax-loader.gif&quot;,&quot;callback_next&quot;:&quot;&quot;,&quot;manage_history&quot;:&quot;disabled&quot;,&quot;has_controls_in_form&quot;:&quot;disabled&quot;,&quot;infinite_tolerance&quot;:&quot;0&quot;,&quot;max_pages&quot;:0,&quot;page&quot;:1,&quot;base_permalink&quot;:&quot;\/wp-json\/wp\/v2\/pages\/1832?wpv_view_count=4830-CATTRde2445ba1f5af0a9049c76d1f9c8803c&amp;wpv_paged=WPV_PAGE_NUM&quot;,&quot;loop&quot;:{&quot;type&quot;:&quot;&quot;,&quot;name&quot;:&quot;&quot;,&quot;data&quot;:[],&quot;id&quot;:0}}\" data-permalink=\"\/wp-json\/wp\/v2\/pages\/1832?wpv_view_count=4830-CATTRde2445ba1f5af0a9049c76d1f9c8803c\">\n\n\t\n\t\n\t\n      <div class=\"groupe-loop\">\n\t\t\t<div class=\"wpb-content-wrapper\"><p>[vc_row][vc_column width=\u00a0\u00bb1\/3&Prime;][vc_column_text]<a href=\"https:\/\/www.festicheyres.ch\/groupe\/pas-de-chance-cest-nous\/\"><img loading=\"lazy\" decoding=\"async\" width=\"468\" height=\"468\" src=\"https:\/\/www.festicheyres.ch\/wp-content\/uploads\/2025\/05\/pexels-photo-2381596-468x468.webp\" class=\"attachment-blog-thumb-2 size-blog-thumb-2 wp-post-image\" alt=\"\" srcset=\"https:\/\/www.festicheyres.ch\/wp-content\/uploads\/2025\/05\/pexels-photo-2381596-468x468.webp 468w, https:\/\/www.festicheyres.ch\/wp-content\/uploads\/2025\/05\/pexels-photo-2381596-150x150.webp 150w, https:\/\/www.festicheyres.ch\/wp-content\/uploads\/2025\/05\/pexels-photo-2381596-266x266.webp 266w, https:\/\/www.festicheyres.ch\/wp-content\/uploads\/2025\/05\/pexels-photo-2381596-220x220.webp 220w\" sizes=\"auto, (max-width: 468px) 100vw, 468px\" \/><\/a><\/p>\n<p>[\/vc_column_text][\/vc_column][vc_column width=\u00a0\u00bb2\/3&Prime;][vc_column_text]\n\n\n<div id=\"wpv-view-layout-4862-CPID5477\" class=\"js-wpv-view-layout js-wpv-layout-responsive js-wpv-view-layout-4862-CPID5477\" data-viewnumber=\"4862-CPID5477\" data-pagination=\"{&quot;id&quot;:&quot;4862&quot;,&quot;query&quot;:&quot;normal&quot;,&quot;type&quot;:&quot;disabled&quot;,&quot;effect&quot;:&quot;fade&quot;,&quot;duration&quot;:500,&quot;speed&quot;:5,&quot;pause_on_hover&quot;:&quot;disabled&quot;,&quot;stop_rollover&quot;:&quot;false&quot;,&quot;cache_pages&quot;:&quot;enabled&quot;,&quot;preload_images&quot;:&quot;enabled&quot;,&quot;preload_pages&quot;:&quot;enabled&quot;,&quot;preload_reach&quot;:1,&quot;spinner&quot;:&quot;builtin&quot;,&quot;spinner_image&quot;:&quot;https:\/\/projet2020.festicheyres.ch\/wp-content\/plugins\/wp-views\/embedded\/res\/img\/ajax-loader.gif&quot;,&quot;callback_next&quot;:&quot;&quot;,&quot;manage_history&quot;:&quot;disabled&quot;,&quot;has_controls_in_form&quot;:&quot;disabled&quot;,&quot;infinite_tolerance&quot;:&quot;0&quot;,&quot;max_pages&quot;:0,&quot;page&quot;:1,&quot;base_permalink&quot;:&quot;\/wp-json\/wp\/v2\/pages\/1832?wpv_view_count=4862-CPID5477&amp;wpv_paged=WPV_PAGE_NUM&quot;,&quot;loop&quot;:{&quot;type&quot;:&quot;&quot;,&quot;name&quot;:&quot;&quot;,&quot;data&quot;:&#091;&#093;,&quot;id&quot;:0}}\" data-permalink=\"\/wp-json\/wp\/v2\/pages\/1832?wpv_view_count=4862-CPID5477\">\n\n\t\n\t\n\t<!-- <h4>Concerts<\/h4> -->\n\t<!-- <ul class=\"wpv-loop js-wpv-loop\"> -->\n\t\t \n\t\t\t<!-- <li> -->\n              <p class=\"info-concert\">sam. 12 | 15:00 | Sc\u00e8ne des arbres <p>\n          \t<!-- <\/li> -->\n\t\t\n\t<!-- <\/ul> -->\n\t\n\t\n\t\n<\/div>\n<h3 class=\"horaire-group-name\"><a href=\"https:\/\/www.festicheyres.ch\/groupe\/pas-de-chance-cest-nous\/\">Pas de chance c&rsquo;est nous<\/a><\/h3>\n<p><strong>Tous Styles<\/strong> (Fribourg)<br \/>\n<em>Un joli fourbi<\/em>[\/vc_column_text][\/vc_column][\/vc_row]<\/p>\n<\/div>\n      <\/div>\n\t\n\t\n\t\n\t\n<\/div>\n<\/span>[\/vc_column_text][\/vc_column][vc_column css_animation=\u00a0\u00bbfadeInRight\u00a0\u00bb width=\u00a0\u00bb1\/2&Prime;][vc_column_text css=\u00a0\u00bb\u00a0\u00bb]<span class=\"wpv-code\">\n\n\n<div id=\"wpv-view-layout-4830-CATTRd2af30f62a152e8e835b63a4548bf18b\" class=\"js-wpv-view-layout js-wpv-layout-responsive js-wpv-view-layout-4830-CATTRd2af30f62a152e8e835b63a4548bf18b\" data-viewnumber=\"4830-CATTRd2af30f62a152e8e835b63a4548bf18b\" data-pagination=\"{&quot;id&quot;:&quot;4830&quot;,&quot;query&quot;:&quot;normal&quot;,&quot;type&quot;:&quot;disabled&quot;,&quot;effect&quot;:&quot;fade&quot;,&quot;duration&quot;:500,&quot;speed&quot;:5,&quot;pause_on_hover&quot;:&quot;disabled&quot;,&quot;stop_rollover&quot;:&quot;false&quot;,&quot;cache_pages&quot;:&quot;enabled&quot;,&quot;preload_images&quot;:&quot;enabled&quot;,&quot;preload_pages&quot;:&quot;enabled&quot;,&quot;preload_reach&quot;:1,&quot;spinner&quot;:&quot;builtin&quot;,&quot;spinner_image&quot;:&quot;https:\/\/www.festicheyres.ch\/wp-content\/plugins\/wp-views\/embedded\/res\/img\/ajax-loader.gif&quot;,&quot;callback_next&quot;:&quot;&quot;,&quot;manage_history&quot;:&quot;disabled&quot;,&quot;has_controls_in_form&quot;:&quot;disabled&quot;,&quot;infinite_tolerance&quot;:&quot;0&quot;,&quot;max_pages&quot;:0,&quot;page&quot;:1,&quot;base_permalink&quot;:&quot;\/wp-json\/wp\/v2\/pages\/1832?wpv_view_count=4830-CATTRd2af30f62a152e8e835b63a4548bf18b&amp;wpv_paged=WPV_PAGE_NUM&quot;,&quot;loop&quot;:{&quot;type&quot;:&quot;&quot;,&quot;name&quot;:&quot;&quot;,&quot;data&quot;:[],&quot;id&quot;:0}}\" data-permalink=\"\/wp-json\/wp\/v2\/pages\/1832?wpv_view_count=4830-CATTRd2af30f62a152e8e835b63a4548bf18b\">\n\n\t\n\t\n\t\n      <div class=\"groupe-loop\">\n\t\t\t<div class=\"wpb-content-wrapper\"><p>[vc_row][vc_column width=\u00a0\u00bb1\/3&Prime;][vc_column_text]<a href=\"https:\/\/www.festicheyres.ch\/groupe\/blu-boy-express\/\"><img loading=\"lazy\" decoding=\"async\" width=\"468\" height=\"468\" src=\"https:\/\/www.festicheyres.ch\/wp-content\/uploads\/2025\/04\/BBE_-111-468x468.jpg\" class=\"attachment-blog-thumb-2 size-blog-thumb-2 wp-post-image\" alt=\"\" srcset=\"https:\/\/www.festicheyres.ch\/wp-content\/uploads\/2025\/04\/BBE_-111-468x468.jpg 468w, https:\/\/www.festicheyres.ch\/wp-content\/uploads\/2025\/04\/BBE_-111-150x150.jpg 150w, https:\/\/www.festicheyres.ch\/wp-content\/uploads\/2025\/04\/BBE_-111-scaled-266x266.jpg 266w, https:\/\/www.festicheyres.ch\/wp-content\/uploads\/2025\/04\/BBE_-111-scaled-220x220.jpg 220w\" sizes=\"auto, (max-width: 468px) 100vw, 468px\" \/><\/a><\/p>\n<p>[\/vc_column_text][\/vc_column][vc_column width=\u00a0\u00bb2\/3&Prime;][vc_column_text]\n\n\n<div id=\"wpv-view-layout-4862-CPID5484\" class=\"js-wpv-view-layout js-wpv-layout-responsive js-wpv-view-layout-4862-CPID5484\" data-viewnumber=\"4862-CPID5484\" data-pagination=\"{&quot;id&quot;:&quot;4862&quot;,&quot;query&quot;:&quot;normal&quot;,&quot;type&quot;:&quot;disabled&quot;,&quot;effect&quot;:&quot;fade&quot;,&quot;duration&quot;:500,&quot;speed&quot;:5,&quot;pause_on_hover&quot;:&quot;disabled&quot;,&quot;stop_rollover&quot;:&quot;false&quot;,&quot;cache_pages&quot;:&quot;enabled&quot;,&quot;preload_images&quot;:&quot;enabled&quot;,&quot;preload_pages&quot;:&quot;enabled&quot;,&quot;preload_reach&quot;:1,&quot;spinner&quot;:&quot;builtin&quot;,&quot;spinner_image&quot;:&quot;https:\/\/projet2020.festicheyres.ch\/wp-content\/plugins\/wp-views\/embedded\/res\/img\/ajax-loader.gif&quot;,&quot;callback_next&quot;:&quot;&quot;,&quot;manage_history&quot;:&quot;disabled&quot;,&quot;has_controls_in_form&quot;:&quot;disabled&quot;,&quot;infinite_tolerance&quot;:&quot;0&quot;,&quot;max_pages&quot;:0,&quot;page&quot;:1,&quot;base_permalink&quot;:&quot;\/wp-json\/wp\/v2\/pages\/1832?wpv_view_count=4862-CPID5484&amp;wpv_paged=WPV_PAGE_NUM&quot;,&quot;loop&quot;:{&quot;type&quot;:&quot;&quot;,&quot;name&quot;:&quot;&quot;,&quot;data&quot;:&#091;&#093;,&quot;id&quot;:0}}\" data-permalink=\"\/wp-json\/wp\/v2\/pages\/1832?wpv_view_count=4862-CPID5484\">\n\n\t\n\t\n\t<!-- <h4>Concerts<\/h4> -->\n\t<!-- <ul class=\"wpv-loop js-wpv-loop\"> -->\n\t\t \n\t\t\t<!-- <li> -->\n              <p class=\"info-concert\">sam. 12 | 17:20 | Grande Sc\u00e8ne <p>\n          \t<!-- <\/li> -->\n\t\t\n\t<!-- <\/ul> -->\n\t\n\t\n\t\n<\/div>\n<h3 class=\"horaire-group-name\"><a href=\"https:\/\/www.festicheyres.ch\/groupe\/blu-boy-express\/\">Blu boy express<\/a><\/h3>\n<p><strong>Indie pop<\/strong> (Fribourg)<br \/>\n<em>La m\u00e9lancolie c'est le bonheur d'\u00eatre triste<\/em>[\/vc_column_text][\/vc_column][\/vc_row]<\/p>\n<\/div>\n      <\/div>\n\t\n\t\n\t\n\t\n<\/div>\n<\/span>[\/vc_column_text][\/vc_column][\/vc_row][vc_row][vc_column css_animation=\u00a0\u00bbfadeInLeft\u00a0\u00bb width=\u00a0\u00bb1\/2&Prime;][vc_column_text css=\u00a0\u00bb\u00a0\u00bb]<span class=\"wpv-code\">\n\n\n<div id=\"wpv-view-layout-4830-CATTR619990e6d547bf961d7e5f5906f492de\" class=\"js-wpv-view-layout js-wpv-layout-responsive js-wpv-view-layout-4830-CATTR619990e6d547bf961d7e5f5906f492de\" data-viewnumber=\"4830-CATTR619990e6d547bf961d7e5f5906f492de\" data-pagination=\"{&quot;id&quot;:&quot;4830&quot;,&quot;query&quot;:&quot;normal&quot;,&quot;type&quot;:&quot;disabled&quot;,&quot;effect&quot;:&quot;fade&quot;,&quot;duration&quot;:500,&quot;speed&quot;:5,&quot;pause_on_hover&quot;:&quot;disabled&quot;,&quot;stop_rollover&quot;:&quot;false&quot;,&quot;cache_pages&quot;:&quot;enabled&quot;,&quot;preload_images&quot;:&quot;enabled&quot;,&quot;preload_pages&quot;:&quot;enabled&quot;,&quot;preload_reach&quot;:1,&quot;spinner&quot;:&quot;builtin&quot;,&quot;spinner_image&quot;:&quot;https:\/\/www.festicheyres.ch\/wp-content\/plugins\/wp-views\/embedded\/res\/img\/ajax-loader.gif&quot;,&quot;callback_next&quot;:&quot;&quot;,&quot;manage_history&quot;:&quot;disabled&quot;,&quot;has_controls_in_form&quot;:&quot;disabled&quot;,&quot;infinite_tolerance&quot;:&quot;0&quot;,&quot;max_pages&quot;:0,&quot;page&quot;:1,&quot;base_permalink&quot;:&quot;\/wp-json\/wp\/v2\/pages\/1832?wpv_view_count=4830-CATTR619990e6d547bf961d7e5f5906f492de&amp;wpv_paged=WPV_PAGE_NUM&quot;,&quot;loop&quot;:{&quot;type&quot;:&quot;&quot;,&quot;name&quot;:&quot;&quot;,&quot;data&quot;:[],&quot;id&quot;:0}}\" data-permalink=\"\/wp-json\/wp\/v2\/pages\/1832?wpv_view_count=4830-CATTR619990e6d547bf961d7e5f5906f492de\">\n\n\t\n\t\n\t\n      <div class=\"groupe-loop\">\n\t\t\t<div class=\"wpb-content-wrapper\"><p>[vc_row][vc_column width=\u00a0\u00bb1\/3&Prime;][vc_column_text]<a href=\"https:\/\/www.festicheyres.ch\/groupe\/el-lampadaire-b2b-bass\/\"><img loading=\"lazy\" decoding=\"async\" width=\"468\" height=\"468\" src=\"https:\/\/www.festicheyres.ch\/wp-content\/uploads\/2025\/04\/B2B-003-468x468.jpg\" class=\"attachment-blog-thumb-2 size-blog-thumb-2 wp-post-image\" alt=\"\" srcset=\"https:\/\/www.festicheyres.ch\/wp-content\/uploads\/2025\/04\/B2B-003-468x468.jpg 468w, https:\/\/www.festicheyres.ch\/wp-content\/uploads\/2025\/04\/B2B-003-150x150.jpg 150w, https:\/\/www.festicheyres.ch\/wp-content\/uploads\/2025\/04\/B2B-003-266x266.jpg 266w, https:\/\/www.festicheyres.ch\/wp-content\/uploads\/2025\/04\/B2B-003-220x220.jpg 220w\" sizes=\"auto, (max-width: 468px) 100vw, 468px\" \/><\/a><\/p>\n<p>[\/vc_column_text][\/vc_column][vc_column width=\u00a0\u00bb2\/3&Prime;][vc_column_text]\n\n\n<div id=\"wpv-view-layout-4862-CPID5470\" class=\"js-wpv-view-layout js-wpv-layout-responsive js-wpv-view-layout-4862-CPID5470\" data-viewnumber=\"4862-CPID5470\" data-pagination=\"{&quot;id&quot;:&quot;4862&quot;,&quot;query&quot;:&quot;normal&quot;,&quot;type&quot;:&quot;disabled&quot;,&quot;effect&quot;:&quot;fade&quot;,&quot;duration&quot;:500,&quot;speed&quot;:5,&quot;pause_on_hover&quot;:&quot;disabled&quot;,&quot;stop_rollover&quot;:&quot;false&quot;,&quot;cache_pages&quot;:&quot;enabled&quot;,&quot;preload_images&quot;:&quot;enabled&quot;,&quot;preload_pages&quot;:&quot;enabled&quot;,&quot;preload_reach&quot;:1,&quot;spinner&quot;:&quot;builtin&quot;,&quot;spinner_image&quot;:&quot;https:\/\/projet2020.festicheyres.ch\/wp-content\/plugins\/wp-views\/embedded\/res\/img\/ajax-loader.gif&quot;,&quot;callback_next&quot;:&quot;&quot;,&quot;manage_history&quot;:&quot;disabled&quot;,&quot;has_controls_in_form&quot;:&quot;disabled&quot;,&quot;infinite_tolerance&quot;:&quot;0&quot;,&quot;max_pages&quot;:0,&quot;page&quot;:1,&quot;base_permalink&quot;:&quot;\/wp-json\/wp\/v2\/pages\/1832?wpv_view_count=4862-CPID5470&amp;wpv_paged=WPV_PAGE_NUM&quot;,&quot;loop&quot;:{&quot;type&quot;:&quot;&quot;,&quot;name&quot;:&quot;&quot;,&quot;data&quot;:&#091;&#093;,&quot;id&quot;:0}}\" data-permalink=\"\/wp-json\/wp\/v2\/pages\/1832?wpv_view_count=4862-CPID5470\">\n\n\t\n\t\n\t<!-- <h4>Concerts<\/h4> -->\n\t<!-- <ul class=\"wpv-loop js-wpv-loop\"> -->\n\t\t \n\t\t\t<!-- <li> -->\n              <p class=\"info-concert\">sam. 12 | 18:20 | Sc\u00e8ne des arbres <p>\n          \t<!-- <\/li> -->\n\t\t\n\t<!-- <\/ul> -->\n\t\n\t\n\t\n<\/div>\n<h3 class=\"horaire-group-name\"><a href=\"https:\/\/www.festicheyres.ch\/groupe\/el-lampadaire-b2b-bass\/\">El Lampadaire b2b BASS<\/a><\/h3>\n<p><strong>Afrobeat - Funk - Jazz - Hip-Hop<\/strong> (Fribourg)<br \/>\n<em>P\u00e9pites sorties d\u2019une mine<\/em>[\/vc_column_text][\/vc_column][\/vc_row]<\/p>\n<\/div>\n      <\/div>\n\t\n\t\n\t\n\t\n<\/div>\n<\/span>[\/vc_column_text][\/vc_column][vc_column css_animation=\u00a0\u00bbfadeInRight\u00a0\u00bb width=\u00a0\u00bb1\/2&Prime;][vc_column_text css=\u00a0\u00bb\u00a0\u00bb]<span class=\"wpv-code\">\n\n\n<div id=\"wpv-view-layout-4830-CATTR38e7125ca4fd7f2134b6d055a21c421d\" class=\"js-wpv-view-layout js-wpv-layout-responsive js-wpv-view-layout-4830-CATTR38e7125ca4fd7f2134b6d055a21c421d\" data-viewnumber=\"4830-CATTR38e7125ca4fd7f2134b6d055a21c421d\" data-pagination=\"{&quot;id&quot;:&quot;4830&quot;,&quot;query&quot;:&quot;normal&quot;,&quot;type&quot;:&quot;disabled&quot;,&quot;effect&quot;:&quot;fade&quot;,&quot;duration&quot;:500,&quot;speed&quot;:5,&quot;pause_on_hover&quot;:&quot;disabled&quot;,&quot;stop_rollover&quot;:&quot;false&quot;,&quot;cache_pages&quot;:&quot;enabled&quot;,&quot;preload_images&quot;:&quot;enabled&quot;,&quot;preload_pages&quot;:&quot;enabled&quot;,&quot;preload_reach&quot;:1,&quot;spinner&quot;:&quot;builtin&quot;,&quot;spinner_image&quot;:&quot;https:\/\/www.festicheyres.ch\/wp-content\/plugins\/wp-views\/embedded\/res\/img\/ajax-loader.gif&quot;,&quot;callback_next&quot;:&quot;&quot;,&quot;manage_history&quot;:&quot;disabled&quot;,&quot;has_controls_in_form&quot;:&quot;disabled&quot;,&quot;infinite_tolerance&quot;:&quot;0&quot;,&quot;max_pages&quot;:0,&quot;page&quot;:1,&quot;base_permalink&quot;:&quot;\/wp-json\/wp\/v2\/pages\/1832?wpv_view_count=4830-CATTR38e7125ca4fd7f2134b6d055a21c421d&amp;wpv_paged=WPV_PAGE_NUM&quot;,&quot;loop&quot;:{&quot;type&quot;:&quot;&quot;,&quot;name&quot;:&quot;&quot;,&quot;data&quot;:[],&quot;id&quot;:0}}\" data-permalink=\"\/wp-json\/wp\/v2\/pages\/1832?wpv_view_count=4830-CATTR38e7125ca4fd7f2134b6d055a21c421d\">\n\n\t\n\t\n\t\n      <div class=\"groupe-loop\">\n\t\t\t<div class=\"wpb-content-wrapper\"><p>[vc_row][vc_column width=\u00a0\u00bb1\/3&Prime;][vc_column_text]<a href=\"https:\/\/www.festicheyres.ch\/groupe\/hector-ou-rien\/\"><img loading=\"lazy\" decoding=\"async\" width=\"468\" height=\"468\" src=\"https:\/\/www.festicheyres.ch\/wp-content\/uploads\/2025\/04\/20240307-7414_TajPhoto-468x468.jpg\" class=\"attachment-blog-thumb-2 size-blog-thumb-2 wp-post-image\" alt=\"\" srcset=\"https:\/\/www.festicheyres.ch\/wp-content\/uploads\/2025\/04\/20240307-7414_TajPhoto-468x468.jpg 468w, https:\/\/www.festicheyres.ch\/wp-content\/uploads\/2025\/04\/20240307-7414_TajPhoto-150x150.jpg 150w, https:\/\/www.festicheyres.ch\/wp-content\/uploads\/2025\/04\/20240307-7414_TajPhoto-scaled-266x266.jpg 266w\" sizes=\"auto, (max-width: 468px) 100vw, 468px\" \/><\/a><\/p>\n<p>[\/vc_column_text][\/vc_column][vc_column width=\u00a0\u00bb2\/3&Prime;][vc_column_text]\n\n\n<div id=\"wpv-view-layout-4862-CPID5489\" class=\"js-wpv-view-layout js-wpv-layout-responsive js-wpv-view-layout-4862-CPID5489\" data-viewnumber=\"4862-CPID5489\" data-pagination=\"{&quot;id&quot;:&quot;4862&quot;,&quot;query&quot;:&quot;normal&quot;,&quot;type&quot;:&quot;disabled&quot;,&quot;effect&quot;:&quot;fade&quot;,&quot;duration&quot;:500,&quot;speed&quot;:5,&quot;pause_on_hover&quot;:&quot;disabled&quot;,&quot;stop_rollover&quot;:&quot;false&quot;,&quot;cache_pages&quot;:&quot;enabled&quot;,&quot;preload_images&quot;:&quot;enabled&quot;,&quot;preload_pages&quot;:&quot;enabled&quot;,&quot;preload_reach&quot;:1,&quot;spinner&quot;:&quot;builtin&quot;,&quot;spinner_image&quot;:&quot;https:\/\/projet2020.festicheyres.ch\/wp-content\/plugins\/wp-views\/embedded\/res\/img\/ajax-loader.gif&quot;,&quot;callback_next&quot;:&quot;&quot;,&quot;manage_history&quot;:&quot;disabled&quot;,&quot;has_controls_in_form&quot;:&quot;disabled&quot;,&quot;infinite_tolerance&quot;:&quot;0&quot;,&quot;max_pages&quot;:0,&quot;page&quot;:1,&quot;base_permalink&quot;:&quot;\/wp-json\/wp\/v2\/pages\/1832?wpv_view_count=4862-CPID5489&amp;wpv_paged=WPV_PAGE_NUM&quot;,&quot;loop&quot;:{&quot;type&quot;:&quot;&quot;,&quot;name&quot;:&quot;&quot;,&quot;data&quot;:&#091;&#093;,&quot;id&quot;:0}}\" data-permalink=\"\/wp-json\/wp\/v2\/pages\/1832?wpv_view_count=4862-CPID5489\">\n\n\t\n\t\n\t<!-- <h4>Concerts<\/h4> -->\n\t<!-- <ul class=\"wpv-loop js-wpv-loop\"> -->\n\t\t \n\t\t\t<!-- <li> -->\n              <p class=\"info-concert\">sam. 12 | 19:40 | Grande Sc\u00e8ne <p>\n          \t<!-- <\/li> -->\n\t\t\n\t<!-- <\/ul> -->\n\t\n\t\n\t\n<\/div>\n<h3 class=\"horaire-group-name\"><a href=\"https:\/\/www.festicheyres.ch\/groupe\/hector-ou-rien\/\">Hector ou Rien<\/a><\/h3>\n<p><strong>Chanson<\/strong> (Gen\u00e8ve)<br \/>\n<em>Tout pour rien et rien pour tout<\/em>[\/vc_column_text][\/vc_column][\/vc_row]<\/p>\n<\/div>\n      <\/div>\n\t\n\t\n\t\n\t\n<\/div>\n<\/span>[\/vc_column_text][\/vc_column][\/vc_row][vc_row][vc_column css_animation=\u00a0\u00bbfadeInLeft\u00a0\u00bb width=\u00a0\u00bb1\/2&Prime;][vc_column_text css=\u00a0\u00bb\u00a0\u00bb]<span class=\"wpv-code\">\n\n\n<div id=\"wpv-view-layout-4830-CATTRc41a466c12a3309d53f877f6adb47220\" class=\"js-wpv-view-layout js-wpv-layout-responsive js-wpv-view-layout-4830-CATTRc41a466c12a3309d53f877f6adb47220\" data-viewnumber=\"4830-CATTRc41a466c12a3309d53f877f6adb47220\" data-pagination=\"{&quot;id&quot;:&quot;4830&quot;,&quot;query&quot;:&quot;normal&quot;,&quot;type&quot;:&quot;disabled&quot;,&quot;effect&quot;:&quot;fade&quot;,&quot;duration&quot;:500,&quot;speed&quot;:5,&quot;pause_on_hover&quot;:&quot;disabled&quot;,&quot;stop_rollover&quot;:&quot;false&quot;,&quot;cache_pages&quot;:&quot;enabled&quot;,&quot;preload_images&quot;:&quot;enabled&quot;,&quot;preload_pages&quot;:&quot;enabled&quot;,&quot;preload_reach&quot;:1,&quot;spinner&quot;:&quot;builtin&quot;,&quot;spinner_image&quot;:&quot;https:\/\/www.festicheyres.ch\/wp-content\/plugins\/wp-views\/embedded\/res\/img\/ajax-loader.gif&quot;,&quot;callback_next&quot;:&quot;&quot;,&quot;manage_history&quot;:&quot;disabled&quot;,&quot;has_controls_in_form&quot;:&quot;disabled&quot;,&quot;infinite_tolerance&quot;:&quot;0&quot;,&quot;max_pages&quot;:0,&quot;page&quot;:1,&quot;base_permalink&quot;:&quot;\/wp-json\/wp\/v2\/pages\/1832?wpv_view_count=4830-CATTRc41a466c12a3309d53f877f6adb47220&amp;wpv_paged=WPV_PAGE_NUM&quot;,&quot;loop&quot;:{&quot;type&quot;:&quot;&quot;,&quot;name&quot;:&quot;&quot;,&quot;data&quot;:[],&quot;id&quot;:0}}\" data-permalink=\"\/wp-json\/wp\/v2\/pages\/1832?wpv_view_count=4830-CATTRc41a466c12a3309d53f877f6adb47220\">\n\n\t\n\t\n\t\n      <div class=\"groupe-loop\">\n\t\t\t<div class=\"wpb-content-wrapper\"><p>[vc_row][vc_column width=\u00a0\u00bb1\/3&Prime;][vc_column_text]<a href=\"https:\/\/www.festicheyres.ch\/groupe\/dj-pal-platine\/\"><img loading=\"lazy\" decoding=\"async\" width=\"468\" height=\"468\" src=\"https:\/\/www.festicheyres.ch\/wp-content\/uploads\/2025\/04\/109-468x468.jpg\" class=\"attachment-blog-thumb-2 size-blog-thumb-2 wp-post-image\" alt=\"\" srcset=\"https:\/\/www.festicheyres.ch\/wp-content\/uploads\/2025\/04\/109-468x468.jpg 468w, https:\/\/www.festicheyres.ch\/wp-content\/uploads\/2025\/04\/109-150x150.jpg 150w, https:\/\/www.festicheyres.ch\/wp-content\/uploads\/2025\/04\/109-266x266.jpg 266w\" sizes=\"auto, (max-width: 468px) 100vw, 468px\" \/><\/a><\/p>\n<p>[\/vc_column_text][\/vc_column][vc_column width=\u00a0\u00bb2\/3&Prime;][vc_column_text]\n\n\n<div id=\"wpv-view-layout-4862-CPID5462\" class=\"js-wpv-view-layout js-wpv-layout-responsive js-wpv-view-layout-4862-CPID5462\" data-viewnumber=\"4862-CPID5462\" data-pagination=\"{&quot;id&quot;:&quot;4862&quot;,&quot;query&quot;:&quot;normal&quot;,&quot;type&quot;:&quot;disabled&quot;,&quot;effect&quot;:&quot;fade&quot;,&quot;duration&quot;:500,&quot;speed&quot;:5,&quot;pause_on_hover&quot;:&quot;disabled&quot;,&quot;stop_rollover&quot;:&quot;false&quot;,&quot;cache_pages&quot;:&quot;enabled&quot;,&quot;preload_images&quot;:&quot;enabled&quot;,&quot;preload_pages&quot;:&quot;enabled&quot;,&quot;preload_reach&quot;:1,&quot;spinner&quot;:&quot;builtin&quot;,&quot;spinner_image&quot;:&quot;https:\/\/projet2020.festicheyres.ch\/wp-content\/plugins\/wp-views\/embedded\/res\/img\/ajax-loader.gif&quot;,&quot;callback_next&quot;:&quot;&quot;,&quot;manage_history&quot;:&quot;disabled&quot;,&quot;has_controls_in_form&quot;:&quot;disabled&quot;,&quot;infinite_tolerance&quot;:&quot;0&quot;,&quot;max_pages&quot;:0,&quot;page&quot;:1,&quot;base_permalink&quot;:&quot;\/wp-json\/wp\/v2\/pages\/1832?wpv_view_count=4862-CPID5462&amp;wpv_paged=WPV_PAGE_NUM&quot;,&quot;loop&quot;:{&quot;type&quot;:&quot;&quot;,&quot;name&quot;:&quot;&quot;,&quot;data&quot;:&#091;&#093;,&quot;id&quot;:0}}\" data-permalink=\"\/wp-json\/wp\/v2\/pages\/1832?wpv_view_count=4862-CPID5462\">\n\n\t\n\t\n\t<!-- <h4>Concerts<\/h4> -->\n\t<!-- <ul class=\"wpv-loop js-wpv-loop\"> -->\n\t\t \n\t\t\t<!-- <li> -->\n              <p class=\"info-concert\">sam. 12 | 20:40 | Sc\u00e8ne des arbres <p>\n          \t<!-- <\/li> -->\n\t\t\n\t<!-- <\/ul> -->\n\t\n\t\n\t\n<\/div>\n<h3 class=\"horaire-group-name\"><a href=\"https:\/\/www.festicheyres.ch\/groupe\/dj-pal-platine\/\">Dj Pal Platine<\/a><\/h3>\n<p><strong>Cosmic Groovery<\/strong> (Fribourg)<br \/>\n<em>Platines volantes<\/em>[\/vc_column_text][\/vc_column][\/vc_row]<\/p>\n<\/div>\n      <\/div>\n\t\n\t\n\t\n\t\n<\/div>\n<\/span>[\/vc_column_text][\/vc_column][vc_column css_animation=\u00a0\u00bbfadeInRight\u00a0\u00bb width=\u00a0\u00bb1\/2&Prime;][vc_column_text css=\u00a0\u00bb\u00a0\u00bb]<span class=\"wpv-code\">\n\n\n<div id=\"wpv-view-layout-4830-CATTRbbd5987583a75712b7d01cd88b113d47\" class=\"js-wpv-view-layout js-wpv-layout-responsive js-wpv-view-layout-4830-CATTRbbd5987583a75712b7d01cd88b113d47\" data-viewnumber=\"4830-CATTRbbd5987583a75712b7d01cd88b113d47\" data-pagination=\"{&quot;id&quot;:&quot;4830&quot;,&quot;query&quot;:&quot;normal&quot;,&quot;type&quot;:&quot;disabled&quot;,&quot;effect&quot;:&quot;fade&quot;,&quot;duration&quot;:500,&quot;speed&quot;:5,&quot;pause_on_hover&quot;:&quot;disabled&quot;,&quot;stop_rollover&quot;:&quot;false&quot;,&quot;cache_pages&quot;:&quot;enabled&quot;,&quot;preload_images&quot;:&quot;enabled&quot;,&quot;preload_pages&quot;:&quot;enabled&quot;,&quot;preload_reach&quot;:1,&quot;spinner&quot;:&quot;builtin&quot;,&quot;spinner_image&quot;:&quot;https:\/\/www.festicheyres.ch\/wp-content\/plugins\/wp-views\/embedded\/res\/img\/ajax-loader.gif&quot;,&quot;callback_next&quot;:&quot;&quot;,&quot;manage_history&quot;:&quot;disabled&quot;,&quot;has_controls_in_form&quot;:&quot;disabled&quot;,&quot;infinite_tolerance&quot;:&quot;0&quot;,&quot;max_pages&quot;:0,&quot;page&quot;:1,&quot;base_permalink&quot;:&quot;\/wp-json\/wp\/v2\/pages\/1832?wpv_view_count=4830-CATTRbbd5987583a75712b7d01cd88b113d47&amp;wpv_paged=WPV_PAGE_NUM&quot;,&quot;loop&quot;:{&quot;type&quot;:&quot;&quot;,&quot;name&quot;:&quot;&quot;,&quot;data&quot;:[],&quot;id&quot;:0}}\" data-permalink=\"\/wp-json\/wp\/v2\/pages\/1832?wpv_view_count=4830-CATTRbbd5987583a75712b7d01cd88b113d47\">\n\n\t\n\t\n\t\n      <div class=\"groupe-loop\">\n\t\t\t<div class=\"wpb-content-wrapper\"><p>[vc_row][vc_column width=\u00a0\u00bb1\/3&Prime;][vc_column_text]<a href=\"https:\/\/www.festicheyres.ch\/groupe\/shuttle-2\/\"><img loading=\"lazy\" decoding=\"async\" width=\"468\" height=\"468\" src=\"https:\/\/www.festicheyres.ch\/wp-content\/uploads\/2025\/04\/03-SHUTTLE-BAND-HORIZONTAL-by-Adrien-Perritaz-468x468.jpg\" class=\"attachment-blog-thumb-2 size-blog-thumb-2 wp-post-image\" alt=\"\" srcset=\"https:\/\/www.festicheyres.ch\/wp-content\/uploads\/2025\/04\/03-SHUTTLE-BAND-HORIZONTAL-by-Adrien-Perritaz-468x468.jpg 468w, https:\/\/www.festicheyres.ch\/wp-content\/uploads\/2025\/04\/03-SHUTTLE-BAND-HORIZONTAL-by-Adrien-Perritaz-150x150.jpg 150w, https:\/\/www.festicheyres.ch\/wp-content\/uploads\/2025\/04\/03-SHUTTLE-BAND-HORIZONTAL-by-Adrien-Perritaz-scaled-266x266.jpg 266w\" sizes=\"auto, (max-width: 468px) 100vw, 468px\" \/><\/a><\/p>\n<p>[\/vc_column_text][\/vc_column][vc_column width=\u00a0\u00bb2\/3&Prime;][vc_column_text]\n\n\n<div id=\"wpv-view-layout-4862-CPID5483\" class=\"js-wpv-view-layout js-wpv-layout-responsive js-wpv-view-layout-4862-CPID5483\" data-viewnumber=\"4862-CPID5483\" data-pagination=\"{&quot;id&quot;:&quot;4862&quot;,&quot;query&quot;:&quot;normal&quot;,&quot;type&quot;:&quot;disabled&quot;,&quot;effect&quot;:&quot;fade&quot;,&quot;duration&quot;:500,&quot;speed&quot;:5,&quot;pause_on_hover&quot;:&quot;disabled&quot;,&quot;stop_rollover&quot;:&quot;false&quot;,&quot;cache_pages&quot;:&quot;enabled&quot;,&quot;preload_images&quot;:&quot;enabled&quot;,&quot;preload_pages&quot;:&quot;enabled&quot;,&quot;preload_reach&quot;:1,&quot;spinner&quot;:&quot;builtin&quot;,&quot;spinner_image&quot;:&quot;https:\/\/projet2020.festicheyres.ch\/wp-content\/plugins\/wp-views\/embedded\/res\/img\/ajax-loader.gif&quot;,&quot;callback_next&quot;:&quot;&quot;,&quot;manage_history&quot;:&quot;disabled&quot;,&quot;has_controls_in_form&quot;:&quot;disabled&quot;,&quot;infinite_tolerance&quot;:&quot;0&quot;,&quot;max_pages&quot;:0,&quot;page&quot;:1,&quot;base_permalink&quot;:&quot;\/wp-json\/wp\/v2\/pages\/1832?wpv_view_count=4862-CPID5483&amp;wpv_paged=WPV_PAGE_NUM&quot;,&quot;loop&quot;:{&quot;type&quot;:&quot;&quot;,&quot;name&quot;:&quot;&quot;,&quot;data&quot;:&#091;&#093;,&quot;id&quot;:0}}\" data-permalink=\"\/wp-json\/wp\/v2\/pages\/1832?wpv_view_count=4862-CPID5483\">\n\n\t\n\t\n\t<!-- <h4>Concerts<\/h4> -->\n\t<!-- <ul class=\"wpv-loop js-wpv-loop\"> -->\n\t\t \n\t\t\t<!-- <li> -->\n              <p class=\"info-concert\">sam. 12 | 22:00 | Grande Sc\u00e8ne <p>\n          \t<!-- <\/li> -->\n\t\t\n\t<!-- <\/ul> -->\n\t\n\t\n\t\n<\/div>\n<h3 class=\"horaire-group-name\"><a href=\"https:\/\/www.festicheyres.ch\/groupe\/shuttle-2\/\">Shuttle<\/a><\/h3>\n<p><strong>Indie-Pop<\/strong> (Fribourg)<br \/>\n<em>Navette spatiale 100% biocompatible<\/em>[\/vc_column_text][\/vc_column][\/vc_row]<\/p>\n<\/div>\n      <\/div>\n\t\n\t\n\t\n\t\n<\/div>\n<\/span>[\/vc_column_text][\/vc_column][\/vc_row][vc_row][vc_column css_animation=\u00a0\u00bbfadeInLeft\u00a0\u00bb width=\u00a0\u00bb1\/2&Prime;][vc_column_text css=\u00a0\u00bb\u00a0\u00bb]<span class=\"wpv-code\">\n\n\n<div id=\"wpv-view-layout-4830-CATTRc241406d62c40b4dc7cb989401c45231\" class=\"js-wpv-view-layout js-wpv-layout-responsive js-wpv-view-layout-4830-CATTRc241406d62c40b4dc7cb989401c45231\" data-viewnumber=\"4830-CATTRc241406d62c40b4dc7cb989401c45231\" data-pagination=\"{&quot;id&quot;:&quot;4830&quot;,&quot;query&quot;:&quot;normal&quot;,&quot;type&quot;:&quot;disabled&quot;,&quot;effect&quot;:&quot;fade&quot;,&quot;duration&quot;:500,&quot;speed&quot;:5,&quot;pause_on_hover&quot;:&quot;disabled&quot;,&quot;stop_rollover&quot;:&quot;false&quot;,&quot;cache_pages&quot;:&quot;enabled&quot;,&quot;preload_images&quot;:&quot;enabled&quot;,&quot;preload_pages&quot;:&quot;enabled&quot;,&quot;preload_reach&quot;:1,&quot;spinner&quot;:&quot;builtin&quot;,&quot;spinner_image&quot;:&quot;https:\/\/www.festicheyres.ch\/wp-content\/plugins\/wp-views\/embedded\/res\/img\/ajax-loader.gif&quot;,&quot;callback_next&quot;:&quot;&quot;,&quot;manage_history&quot;:&quot;disabled&quot;,&quot;has_controls_in_form&quot;:&quot;disabled&quot;,&quot;infinite_tolerance&quot;:&quot;0&quot;,&quot;max_pages&quot;:0,&quot;page&quot;:1,&quot;base_permalink&quot;:&quot;\/wp-json\/wp\/v2\/pages\/1832?wpv_view_count=4830-CATTRc241406d62c40b4dc7cb989401c45231&amp;wpv_paged=WPV_PAGE_NUM&quot;,&quot;loop&quot;:{&quot;type&quot;:&quot;&quot;,&quot;name&quot;:&quot;&quot;,&quot;data&quot;:[],&quot;id&quot;:0}}\" data-permalink=\"\/wp-json\/wp\/v2\/pages\/1832?wpv_view_count=4830-CATTRc241406d62c40b4dc7cb989401c45231\">\n\n\t\n\t\n\t\n      <div class=\"groupe-loop\">\n\t\t\t<div class=\"wpb-content-wrapper\"><p>[vc_row][vc_column width=\u00a0\u00bb1\/3&Prime;][vc_column_text]<a href=\"https:\/\/www.festicheyres.ch\/groupe\/juice-b2b-lj\/\"><img loading=\"lazy\" decoding=\"async\" width=\"468\" height=\"468\" src=\"https:\/\/www.festicheyres.ch\/wp-content\/uploads\/2025\/05\/e8ca01b2-5fda-4942-a59d-4d3e9b03ae28-002-468x468.jpg\" class=\"attachment-blog-thumb-2 size-blog-thumb-2 wp-post-image\" alt=\"\" srcset=\"https:\/\/www.festicheyres.ch\/wp-content\/uploads\/2025\/05\/e8ca01b2-5fda-4942-a59d-4d3e9b03ae28-002-468x468.jpg 468w, https:\/\/www.festicheyres.ch\/wp-content\/uploads\/2025\/05\/e8ca01b2-5fda-4942-a59d-4d3e9b03ae28-002-150x150.jpg 150w, https:\/\/www.festicheyres.ch\/wp-content\/uploads\/2025\/05\/e8ca01b2-5fda-4942-a59d-4d3e9b03ae28-002-266x266.jpg 266w, https:\/\/www.festicheyres.ch\/wp-content\/uploads\/2025\/05\/e8ca01b2-5fda-4942-a59d-4d3e9b03ae28-002-220x220.jpg 220w\" sizes=\"auto, (max-width: 468px) 100vw, 468px\" \/><\/a><\/p>\n<p>[\/vc_column_text][\/vc_column][vc_column width=\u00a0\u00bb2\/3&Prime;][vc_column_text]\n\n\n<div id=\"wpv-view-layout-4862-CPID5452\" class=\"js-wpv-view-layout js-wpv-layout-responsive js-wpv-view-layout-4862-CPID5452\" data-viewnumber=\"4862-CPID5452\" data-pagination=\"{&quot;id&quot;:&quot;4862&quot;,&quot;query&quot;:&quot;normal&quot;,&quot;type&quot;:&quot;disabled&quot;,&quot;effect&quot;:&quot;fade&quot;,&quot;duration&quot;:500,&quot;speed&quot;:5,&quot;pause_on_hover&quot;:&quot;disabled&quot;,&quot;stop_rollover&quot;:&quot;false&quot;,&quot;cache_pages&quot;:&quot;enabled&quot;,&quot;preload_images&quot;:&quot;enabled&quot;,&quot;preload_pages&quot;:&quot;enabled&quot;,&quot;preload_reach&quot;:1,&quot;spinner&quot;:&quot;builtin&quot;,&quot;spinner_image&quot;:&quot;https:\/\/projet2020.festicheyres.ch\/wp-content\/plugins\/wp-views\/embedded\/res\/img\/ajax-loader.gif&quot;,&quot;callback_next&quot;:&quot;&quot;,&quot;manage_history&quot;:&quot;disabled&quot;,&quot;has_controls_in_form&quot;:&quot;disabled&quot;,&quot;infinite_tolerance&quot;:&quot;0&quot;,&quot;max_pages&quot;:0,&quot;page&quot;:1,&quot;base_permalink&quot;:&quot;\/wp-json\/wp\/v2\/pages\/1832?wpv_view_count=4862-CPID5452&amp;wpv_paged=WPV_PAGE_NUM&quot;,&quot;loop&quot;:{&quot;type&quot;:&quot;&quot;,&quot;name&quot;:&quot;&quot;,&quot;data&quot;:&#091;&#093;,&quot;id&quot;:0}}\" data-permalink=\"\/wp-json\/wp\/v2\/pages\/1832?wpv_view_count=4862-CPID5452\">\n\n\t\n\t\n\t<!-- <h4>Concerts<\/h4> -->\n\t<!-- <ul class=\"wpv-loop js-wpv-loop\"> -->\n\t\t \n\t\t\t<!-- <li> -->\n              <p class=\"info-concert\">sam. 12 | 23:00 | Sc\u00e8ne des arbres <p>\n          \t<!-- <\/li> -->\n\t\t\n\t<!-- <\/ul> -->\n\t\n\t\n\t\n<\/div>\n<h3 class=\"horaire-group-name\"><a href=\"https:\/\/www.festicheyres.ch\/groupe\/juice-b2b-lj\/\">Juice b2b LJ<\/a><\/h3>\n<p><strong>House - Tech House - Minimal<\/strong> (Fribourg)<br \/>\n<em>Un savant m\u00e9lange digital<\/em>[\/vc_column_text][\/vc_column][\/vc_row]<\/p>\n<\/div>\n      <\/div>\n\t\n\t\n\t\n\t\n<\/div>\n<\/span>[\/vc_column_text][\/vc_column][vc_column css_animation=\u00a0\u00bbfadeInRight\u00a0\u00bb width=\u00a0\u00bb1\/2&Prime;][vc_column_text css=\u00a0\u00bb\u00a0\u00bb]<span class=\"wpv-code\">\n\n\n<div id=\"wpv-view-layout-4830-CATTRe609e672c028886898b439ce6f3d6a6f\" class=\"js-wpv-view-layout js-wpv-layout-responsive js-wpv-view-layout-4830-CATTRe609e672c028886898b439ce6f3d6a6f\" data-viewnumber=\"4830-CATTRe609e672c028886898b439ce6f3d6a6f\" data-pagination=\"{&quot;id&quot;:&quot;4830&quot;,&quot;query&quot;:&quot;normal&quot;,&quot;type&quot;:&quot;disabled&quot;,&quot;effect&quot;:&quot;fade&quot;,&quot;duration&quot;:500,&quot;speed&quot;:5,&quot;pause_on_hover&quot;:&quot;disabled&quot;,&quot;stop_rollover&quot;:&quot;false&quot;,&quot;cache_pages&quot;:&quot;enabled&quot;,&quot;preload_images&quot;:&quot;enabled&quot;,&quot;preload_pages&quot;:&quot;enabled&quot;,&quot;preload_reach&quot;:1,&quot;spinner&quot;:&quot;builtin&quot;,&quot;spinner_image&quot;:&quot;https:\/\/www.festicheyres.ch\/wp-content\/plugins\/wp-views\/embedded\/res\/img\/ajax-loader.gif&quot;,&quot;callback_next&quot;:&quot;&quot;,&quot;manage_history&quot;:&quot;disabled&quot;,&quot;has_controls_in_form&quot;:&quot;disabled&quot;,&quot;infinite_tolerance&quot;:&quot;0&quot;,&quot;max_pages&quot;:0,&quot;page&quot;:1,&quot;base_permalink&quot;:&quot;\/wp-json\/wp\/v2\/pages\/1832?wpv_view_count=4830-CATTRe609e672c028886898b439ce6f3d6a6f&amp;wpv_paged=WPV_PAGE_NUM&quot;,&quot;loop&quot;:{&quot;type&quot;:&quot;&quot;,&quot;name&quot;:&quot;&quot;,&quot;data&quot;:[],&quot;id&quot;:0}}\" data-permalink=\"\/wp-json\/wp\/v2\/pages\/1832?wpv_view_count=4830-CATTRe609e672c028886898b439ce6f3d6a6f\">\n\n\t\n\t\n\t\n      <div class=\"groupe-loop\">\n\t\t\t<div class=\"wpb-content-wrapper\"><p>[vc_row][vc_column width=\u00a0\u00bb1\/3&Prime;][vc_column_text]<a href=\"https:\/\/www.festicheyres.ch\/groupe\/la-nefera\/\"><img loading=\"lazy\" decoding=\"async\" width=\"468\" height=\"468\" src=\"https:\/\/www.festicheyres.ch\/wp-content\/uploads\/2025\/04\/by-Victor-Hege-4-468x468.jpg\" class=\"attachment-blog-thumb-2 size-blog-thumb-2 wp-post-image\" alt=\"\" srcset=\"https:\/\/www.festicheyres.ch\/wp-content\/uploads\/2025\/04\/by-Victor-Hege-4-468x468.jpg 468w, https:\/\/www.festicheyres.ch\/wp-content\/uploads\/2025\/04\/by-Victor-Hege-4-150x150.jpg 150w, https:\/\/www.festicheyres.ch\/wp-content\/uploads\/2025\/04\/by-Victor-Hege-4-scaled-266x266.jpg 266w\" sizes=\"auto, (max-width: 468px) 100vw, 468px\" \/><\/a><\/p>\n<p>[\/vc_column_text][\/vc_column][vc_column width=\u00a0\u00bb2\/3&Prime;][vc_column_text]\n\n\n<div id=\"wpv-view-layout-4862-CPID5480\" class=\"js-wpv-view-layout js-wpv-layout-responsive js-wpv-view-layout-4862-CPID5480\" data-viewnumber=\"4862-CPID5480\" data-pagination=\"{&quot;id&quot;:&quot;4862&quot;,&quot;query&quot;:&quot;normal&quot;,&quot;type&quot;:&quot;disabled&quot;,&quot;effect&quot;:&quot;fade&quot;,&quot;duration&quot;:500,&quot;speed&quot;:5,&quot;pause_on_hover&quot;:&quot;disabled&quot;,&quot;stop_rollover&quot;:&quot;false&quot;,&quot;cache_pages&quot;:&quot;enabled&quot;,&quot;preload_images&quot;:&quot;enabled&quot;,&quot;preload_pages&quot;:&quot;enabled&quot;,&quot;preload_reach&quot;:1,&quot;spinner&quot;:&quot;builtin&quot;,&quot;spinner_image&quot;:&quot;https:\/\/projet2020.festicheyres.ch\/wp-content\/plugins\/wp-views\/embedded\/res\/img\/ajax-loader.gif&quot;,&quot;callback_next&quot;:&quot;&quot;,&quot;manage_history&quot;:&quot;disabled&quot;,&quot;has_controls_in_form&quot;:&quot;disabled&quot;,&quot;infinite_tolerance&quot;:&quot;0&quot;,&quot;max_pages&quot;:0,&quot;page&quot;:1,&quot;base_permalink&quot;:&quot;\/wp-json\/wp\/v2\/pages\/1832?wpv_view_count=4862-CPID5480&amp;wpv_paged=WPV_PAGE_NUM&quot;,&quot;loop&quot;:{&quot;type&quot;:&quot;&quot;,&quot;name&quot;:&quot;&quot;,&quot;data&quot;:&#091;&#093;,&quot;id&quot;:0}}\" data-permalink=\"\/wp-json\/wp\/v2\/pages\/1832?wpv_view_count=4862-CPID5480\">\n\n\t\n\t\n\t<!-- <h4>Concerts<\/h4> -->\n\t<!-- <ul class=\"wpv-loop js-wpv-loop\"> -->\n\t\t \n\t\t\t<!-- <li> -->\n              <p class=\"info-concert\">sam. 12 | 00:30 | Grande Sc\u00e8ne <p>\n          \t<!-- <\/li> -->\n\t\t\n\t<!-- <\/ul> -->\n\t\n\t\n\t\n<\/div>\n<h3 class=\"horaire-group-name\"><a href=\"https:\/\/www.festicheyres.ch\/groupe\/la-nefera\/\">La Nefera<\/a><\/h3>\n<p><strong>Latin Hip-Hop<\/strong> (B\u00e2le Ville)<br \/>\n<em>Nefertiti parle espagnole<\/em>[\/vc_column_text][\/vc_column][\/vc_row]<\/p>\n<\/div>\n      <\/div>\n\t\n\t\n\t\n\t\n<\/div>\n<\/span>[\/vc_column_text][\/vc_column][\/vc_row][vc_row][vc_column css_animation=\u00a0\u00bbfadeInLeft\u00a0\u00bb width=\u00a0\u00bb1\/2&Prime;][vc_column_text css=\u00a0\u00bb\u00a0\u00bb]<span class=\"wpv-code\">\n\n\n<div id=\"wpv-view-layout-4830-CATTRa2bb06fa67e39590f041081d80f6608f\" class=\"js-wpv-view-layout js-wpv-layout-responsive js-wpv-view-layout-4830-CATTRa2bb06fa67e39590f041081d80f6608f\" data-viewnumber=\"4830-CATTRa2bb06fa67e39590f041081d80f6608f\" data-pagination=\"{&quot;id&quot;:&quot;4830&quot;,&quot;query&quot;:&quot;normal&quot;,&quot;type&quot;:&quot;disabled&quot;,&quot;effect&quot;:&quot;fade&quot;,&quot;duration&quot;:500,&quot;speed&quot;:5,&quot;pause_on_hover&quot;:&quot;disabled&quot;,&quot;stop_rollover&quot;:&quot;false&quot;,&quot;cache_pages&quot;:&quot;enabled&quot;,&quot;preload_images&quot;:&quot;enabled&quot;,&quot;preload_pages&quot;:&quot;enabled&quot;,&quot;preload_reach&quot;:1,&quot;spinner&quot;:&quot;builtin&quot;,&quot;spinner_image&quot;:&quot;https:\/\/www.festicheyres.ch\/wp-content\/plugins\/wp-views\/embedded\/res\/img\/ajax-loader.gif&quot;,&quot;callback_next&quot;:&quot;&quot;,&quot;manage_history&quot;:&quot;disabled&quot;,&quot;has_controls_in_form&quot;:&quot;disabled&quot;,&quot;infinite_tolerance&quot;:&quot;0&quot;,&quot;max_pages&quot;:0,&quot;page&quot;:1,&quot;base_permalink&quot;:&quot;\/wp-json\/wp\/v2\/pages\/1832?wpv_view_count=4830-CATTRa2bb06fa67e39590f041081d80f6608f&amp;wpv_paged=WPV_PAGE_NUM&quot;,&quot;loop&quot;:{&quot;type&quot;:&quot;&quot;,&quot;name&quot;:&quot;&quot;,&quot;data&quot;:[],&quot;id&quot;:0}}\" data-permalink=\"\/wp-json\/wp\/v2\/pages\/1832?wpv_view_count=4830-CATTRa2bb06fa67e39590f041081d80f6608f\">\n\n\t\n\t\n\t\n      <div class=\"groupe-loop\">\n\t\t\t<div class=\"wpb-content-wrapper\"><p>[vc_row][vc_column width=\u00a0\u00bb1\/3&Prime;][vc_column_text]<a href=\"https:\/\/www.festicheyres.ch\/groupe\/the-bad-binches-2\/\"><img loading=\"lazy\" decoding=\"async\" width=\"468\" height=\"468\" src=\"https:\/\/www.festicheyres.ch\/wp-content\/uploads\/2025\/04\/Badbinches-468x468.jpeg\" class=\"attachment-blog-thumb-2 size-blog-thumb-2 wp-post-image\" alt=\"\" srcset=\"https:\/\/www.festicheyres.ch\/wp-content\/uploads\/2025\/04\/Badbinches-468x468.jpeg 468w, https:\/\/www.festicheyres.ch\/wp-content\/uploads\/2025\/04\/Badbinches-150x150.jpeg 150w, https:\/\/www.festicheyres.ch\/wp-content\/uploads\/2025\/04\/Badbinches-266x266.jpeg 266w, https:\/\/www.festicheyres.ch\/wp-content\/uploads\/2025\/04\/Badbinches-220x220.jpeg 220w\" sizes=\"auto, (max-width: 468px) 100vw, 468px\" \/><\/a><\/p>\n<p>[\/vc_column_text][\/vc_column][vc_column width=\u00a0\u00bb2\/3&Prime;][vc_column_text]\n\n\n<div id=\"wpv-view-layout-4862-CPID5448\" class=\"js-wpv-view-layout js-wpv-layout-responsive js-wpv-view-layout-4862-CPID5448\" data-viewnumber=\"4862-CPID5448\" data-pagination=\"{&quot;id&quot;:&quot;4862&quot;,&quot;query&quot;:&quot;normal&quot;,&quot;type&quot;:&quot;disabled&quot;,&quot;effect&quot;:&quot;fade&quot;,&quot;duration&quot;:500,&quot;speed&quot;:5,&quot;pause_on_hover&quot;:&quot;disabled&quot;,&quot;stop_rollover&quot;:&quot;false&quot;,&quot;cache_pages&quot;:&quot;enabled&quot;,&quot;preload_images&quot;:&quot;enabled&quot;,&quot;preload_pages&quot;:&quot;enabled&quot;,&quot;preload_reach&quot;:1,&quot;spinner&quot;:&quot;builtin&quot;,&quot;spinner_image&quot;:&quot;https:\/\/projet2020.festicheyres.ch\/wp-content\/plugins\/wp-views\/embedded\/res\/img\/ajax-loader.gif&quot;,&quot;callback_next&quot;:&quot;&quot;,&quot;manage_history&quot;:&quot;disabled&quot;,&quot;has_controls_in_form&quot;:&quot;disabled&quot;,&quot;infinite_tolerance&quot;:&quot;0&quot;,&quot;max_pages&quot;:0,&quot;page&quot;:1,&quot;base_permalink&quot;:&quot;\/wp-json\/wp\/v2\/pages\/1832?wpv_view_count=4862-CPID5448&amp;wpv_paged=WPV_PAGE_NUM&quot;,&quot;loop&quot;:{&quot;type&quot;:&quot;&quot;,&quot;name&quot;:&quot;&quot;,&quot;data&quot;:&#091;&#093;,&quot;id&quot;:0}}\" data-permalink=\"\/wp-json\/wp\/v2\/pages\/1832?wpv_view_count=4862-CPID5448\">\n\n\t\n\t\n\t<!-- <h4>Concerts<\/h4> -->\n\t<!-- <ul class=\"wpv-loop js-wpv-loop\"> -->\n\t\t \n\t\t\t<!-- <li> -->\n              <p class=\"info-concert\">sam. 12 | 01:30 | Le Baral\u00e9tage <p>\n          \t<!-- <\/li> -->\n\t\t\n\t<!-- <\/ul> -->\n\t\n\t\n\t\n<\/div>\n<h3 class=\"horaire-group-name\"><a href=\"https:\/\/www.festicheyres.ch\/groupe\/the-bad-binches-2\/\">The Bad Binches<\/a><\/h3>\n<p><strong>La F\u00eate<\/strong> (Fribourg)<br \/>\n<em>Pr\u00eat.e.s pour un deuxi\u00e8me round?<\/em>[\/vc_column_text][\/vc_column][\/vc_row]<\/p>\n<\/div>\n      <\/div>\n\t\n\t\n\t\n\t\n<\/div>\n<\/span>[\/vc_column_text][\/vc_column][vc_column css_animation=\u00a0\u00bbfadeInRight\u00a0\u00bb width=\u00a0\u00bb1\/2&Prime;][\/vc_column][\/vc_row][vc_row][vc_column][vc_column_text css=\u00a0\u00bb\u00a0\u00bb]<\/p>\n<h2>Dimanche 13 juillet<\/h2>\n<h3>D\u00e8s 9h<\/h3>\n<p>[\/vc_column_text][\/vc_column][\/vc_row][vc_row][vc_column css_animation=\u00a0\u00bbfadeInLeft\u00a0\u00bb width=\u00a0\u00bb1\/2&Prime;][vc_column_text css=\u00a0\u00bb\u00a0\u00bb]9h &#8211; 10h30 | <a href=\"https:\/\/www.festicheyres.ch\/programme\/animations\/\">P&rsquo;tit d\u00e9j au bord du lac<\/a><\/p>\n<p>9h &#8211; 10h15 | <a href=\"https:\/\/www.festicheyres.ch\/programme\/animations\/\">Yoga sur la plage<\/a><\/p>\n<p>d\u00e8s 13h30 | <a href=\"https:\/\/www.festicheyres.ch\/programme\/animations\/\">Animations pour enfants<\/a>[\/vc_column_text][\/vc_column][vc_column css_animation=\u00a0\u00bbfadeInRight\u00a0\u00bb width=\u00a0\u00bb1\/2&Prime;][\/vc_column][\/vc_row][vc_row][vc_column][vc_empty_space height=\u00a0\u00bb50px\u00a0\u00bb][\/vc_column][\/vc_row][vc_row][vc_column css_animation=\u00a0\u00bbfadeInLeft\u00a0\u00bb width=\u00a0\u00bb1\/2&Prime;][vc_column_text css=\u00a0\u00bb\u00a0\u00bb]<span class=\"wpv-code\">\n\n\n<div id=\"wpv-view-layout-4830-CATTRb93671e132044ca03e443d9161f566b2\" class=\"js-wpv-view-layout js-wpv-layout-responsive js-wpv-view-layout-4830-CATTRb93671e132044ca03e443d9161f566b2\" data-viewnumber=\"4830-CATTRb93671e132044ca03e443d9161f566b2\" data-pagination=\"{&quot;id&quot;:&quot;4830&quot;,&quot;query&quot;:&quot;normal&quot;,&quot;type&quot;:&quot;disabled&quot;,&quot;effect&quot;:&quot;fade&quot;,&quot;duration&quot;:500,&quot;speed&quot;:5,&quot;pause_on_hover&quot;:&quot;disabled&quot;,&quot;stop_rollover&quot;:&quot;false&quot;,&quot;cache_pages&quot;:&quot;enabled&quot;,&quot;preload_images&quot;:&quot;enabled&quot;,&quot;preload_pages&quot;:&quot;enabled&quot;,&quot;preload_reach&quot;:1,&quot;spinner&quot;:&quot;builtin&quot;,&quot;spinner_image&quot;:&quot;https:\/\/www.festicheyres.ch\/wp-content\/plugins\/wp-views\/embedded\/res\/img\/ajax-loader.gif&quot;,&quot;callback_next&quot;:&quot;&quot;,&quot;manage_history&quot;:&quot;disabled&quot;,&quot;has_controls_in_form&quot;:&quot;disabled&quot;,&quot;infinite_tolerance&quot;:&quot;0&quot;,&quot;max_pages&quot;:0,&quot;page&quot;:1,&quot;base_permalink&quot;:&quot;\/wp-json\/wp\/v2\/pages\/1832?wpv_view_count=4830-CATTRb93671e132044ca03e443d9161f566b2&amp;wpv_paged=WPV_PAGE_NUM&quot;,&quot;loop&quot;:{&quot;type&quot;:&quot;&quot;,&quot;name&quot;:&quot;&quot;,&quot;data&quot;:[],&quot;id&quot;:0}}\" data-permalink=\"\/wp-json\/wp\/v2\/pages\/1832?wpv_view_count=4830-CATTRb93671e132044ca03e443d9161f566b2\">\n\n\t\n\t\n\t\n      <div class=\"groupe-loop\">\n\t\t\t<div class=\"wpb-content-wrapper\"><p>[vc_row][vc_column width=\u00a0\u00bb1\/3&Prime;][vc_column_text]<a href=\"https:\/\/www.festicheyres.ch\/groupe\/hawaii-hookanaka-jukebox\/\"><img loading=\"lazy\" decoding=\"async\" width=\"468\" height=\"468\" src=\"https:\/\/www.festicheyres.ch\/wp-content\/uploads\/2025\/05\/Visuel_Promo_HJK-002-468x468.png\" class=\"attachment-blog-thumb-2 size-blog-thumb-2 wp-post-image\" alt=\"\" srcset=\"https:\/\/www.festicheyres.ch\/wp-content\/uploads\/2025\/05\/Visuel_Promo_HJK-002-468x468.png 468w, https:\/\/www.festicheyres.ch\/wp-content\/uploads\/2025\/05\/Visuel_Promo_HJK-002-150x150.png 150w, https:\/\/www.festicheyres.ch\/wp-content\/uploads\/2025\/05\/Visuel_Promo_HJK-002-266x266.png 266w, https:\/\/www.festicheyres.ch\/wp-content\/uploads\/2025\/05\/Visuel_Promo_HJK-002-220x220.png 220w\" sizes=\"auto, (max-width: 468px) 100vw, 468px\" \/><\/a><\/p>\n<p>[\/vc_column_text][\/vc_column][vc_column width=\u00a0\u00bb2\/3&Prime;][vc_column_text]\n\n\n<div id=\"wpv-view-layout-4862-CPID5440\" class=\"js-wpv-view-layout js-wpv-layout-responsive js-wpv-view-layout-4862-CPID5440\" data-viewnumber=\"4862-CPID5440\" data-pagination=\"{&quot;id&quot;:&quot;4862&quot;,&quot;query&quot;:&quot;normal&quot;,&quot;type&quot;:&quot;disabled&quot;,&quot;effect&quot;:&quot;fade&quot;,&quot;duration&quot;:500,&quot;speed&quot;:5,&quot;pause_on_hover&quot;:&quot;disabled&quot;,&quot;stop_rollover&quot;:&quot;false&quot;,&quot;cache_pages&quot;:&quot;enabled&quot;,&quot;preload_images&quot;:&quot;enabled&quot;,&quot;preload_pages&quot;:&quot;enabled&quot;,&quot;preload_reach&quot;:1,&quot;spinner&quot;:&quot;builtin&quot;,&quot;spinner_image&quot;:&quot;https:\/\/projet2020.festicheyres.ch\/wp-content\/plugins\/wp-views\/embedded\/res\/img\/ajax-loader.gif&quot;,&quot;callback_next&quot;:&quot;&quot;,&quot;manage_history&quot;:&quot;disabled&quot;,&quot;has_controls_in_form&quot;:&quot;disabled&quot;,&quot;infinite_tolerance&quot;:&quot;0&quot;,&quot;max_pages&quot;:0,&quot;page&quot;:1,&quot;base_permalink&quot;:&quot;\/wp-json\/wp\/v2\/pages\/1832?wpv_view_count=4862-CPID5440&amp;wpv_paged=WPV_PAGE_NUM&quot;,&quot;loop&quot;:{&quot;type&quot;:&quot;&quot;,&quot;name&quot;:&quot;&quot;,&quot;data&quot;:&#091;&#093;,&quot;id&quot;:0}}\" data-permalink=\"\/wp-json\/wp\/v2\/pages\/1832?wpv_view_count=4862-CPID5440\">\n\n\t\n\t\n\t<!-- <h4>Concerts<\/h4> -->\n\t<!-- <ul class=\"wpv-loop js-wpv-loop\"> -->\n\t\t \n\t\t\t<!-- <li> -->\n              <p class=\"info-concert\">dim. 13 | 12:30 | Le Parterre <p>\n          \t<!-- <\/li> -->\n\t\t \n\t\t\t<!-- <li> -->\n              <p class=\"info-concert\">dim. 13 | 14:00 | Le Parterre <p>\n          \t<!-- <\/li> -->\n\t\t \n\t\t\t<!-- <li> -->\n              <p class=\"info-concert\">dim. 13 | 15:20 | Le Parterre <p>\n          \t<!-- <\/li> -->\n\t\t\n\t<!-- <\/ul> -->\n\t\n\t\n\t\n<\/div>\n<h3 class=\"horaire-group-name\"><a href=\"https:\/\/www.festicheyres.ch\/groupe\/hawaii-hookanaka-jukebox\/\">The Human Jukebox&rsquo;n&rsquo;Roll<\/a><\/h3>\n<p><strong>Jukebox Humain<\/strong> (Fribourg)<br \/>\n<em>Malone S\u00f8lo est un v\u00e9ritable jukebox humain.<\/em>[\/vc_column_text][\/vc_column][\/vc_row]<\/p>\n<\/div>\n      <\/div>\n\t\n\t\n\t\n\t\n<\/div>\n<\/span>[\/vc_column_text][\/vc_column][vc_column css_animation=\u00a0\u00bbfadeInRight\u00a0\u00bb width=\u00a0\u00bb1\/2&Prime;][vc_column_text css=\u00a0\u00bb\u00a0\u00bb]<span class=\"wpv-code\">\n\n\n<div id=\"wpv-view-layout-4830-CATTR195ca5dd9b3c9b092fec1a564db2cc7e\" class=\"js-wpv-view-layout js-wpv-layout-responsive js-wpv-view-layout-4830-CATTR195ca5dd9b3c9b092fec1a564db2cc7e\" data-viewnumber=\"4830-CATTR195ca5dd9b3c9b092fec1a564db2cc7e\" data-pagination=\"{&quot;id&quot;:&quot;4830&quot;,&quot;query&quot;:&quot;normal&quot;,&quot;type&quot;:&quot;disabled&quot;,&quot;effect&quot;:&quot;fade&quot;,&quot;duration&quot;:500,&quot;speed&quot;:5,&quot;pause_on_hover&quot;:&quot;disabled&quot;,&quot;stop_rollover&quot;:&quot;false&quot;,&quot;cache_pages&quot;:&quot;enabled&quot;,&quot;preload_images&quot;:&quot;enabled&quot;,&quot;preload_pages&quot;:&quot;enabled&quot;,&quot;preload_reach&quot;:1,&quot;spinner&quot;:&quot;builtin&quot;,&quot;spinner_image&quot;:&quot;https:\/\/www.festicheyres.ch\/wp-content\/plugins\/wp-views\/embedded\/res\/img\/ajax-loader.gif&quot;,&quot;callback_next&quot;:&quot;&quot;,&quot;manage_history&quot;:&quot;disabled&quot;,&quot;has_controls_in_form&quot;:&quot;disabled&quot;,&quot;infinite_tolerance&quot;:&quot;0&quot;,&quot;max_pages&quot;:0,&quot;page&quot;:1,&quot;base_permalink&quot;:&quot;\/wp-json\/wp\/v2\/pages\/1832?wpv_view_count=4830-CATTR195ca5dd9b3c9b092fec1a564db2cc7e&amp;wpv_paged=WPV_PAGE_NUM&quot;,&quot;loop&quot;:{&quot;type&quot;:&quot;&quot;,&quot;name&quot;:&quot;&quot;,&quot;data&quot;:[],&quot;id&quot;:0}}\" data-permalink=\"\/wp-json\/wp\/v2\/pages\/1832?wpv_view_count=4830-CATTR195ca5dd9b3c9b092fec1a564db2cc7e\">\n\n\t\n\t\n\t\n      <div class=\"groupe-loop\">\n\t\t\t<div class=\"wpb-content-wrapper\"><p>[vc_row][vc_column width=\u00a0\u00bb1\/3&Prime;][vc_column_text]<a href=\"https:\/\/www.festicheyres.ch\/groupe\/azalee\/\"><img loading=\"lazy\" decoding=\"async\" width=\"468\" height=\"468\" src=\"https:\/\/www.festicheyres.ch\/wp-content\/uploads\/2025\/05\/Azalee-04-468x468.jpg\" class=\"attachment-blog-thumb-2 size-blog-thumb-2 wp-post-image\" alt=\"\" srcset=\"https:\/\/www.festicheyres.ch\/wp-content\/uploads\/2025\/05\/Azalee-04-468x468.jpg 468w, https:\/\/www.festicheyres.ch\/wp-content\/uploads\/2025\/05\/Azalee-04-150x150.jpg 150w, https:\/\/www.festicheyres.ch\/wp-content\/uploads\/2025\/05\/Azalee-04-266x266.jpg 266w\" sizes=\"auto, (max-width: 468px) 100vw, 468px\" \/><\/a><\/p>\n<p>[\/vc_column_text][\/vc_column][vc_column width=\u00a0\u00bb2\/3&Prime;][vc_column_text]\n\n\n<div id=\"wpv-view-layout-4862-CPID5423\" class=\"js-wpv-view-layout js-wpv-layout-responsive js-wpv-view-layout-4862-CPID5423\" data-viewnumber=\"4862-CPID5423\" data-pagination=\"{&quot;id&quot;:&quot;4862&quot;,&quot;query&quot;:&quot;normal&quot;,&quot;type&quot;:&quot;disabled&quot;,&quot;effect&quot;:&quot;fade&quot;,&quot;duration&quot;:500,&quot;speed&quot;:5,&quot;pause_on_hover&quot;:&quot;disabled&quot;,&quot;stop_rollover&quot;:&quot;false&quot;,&quot;cache_pages&quot;:&quot;enabled&quot;,&quot;preload_images&quot;:&quot;enabled&quot;,&quot;preload_pages&quot;:&quot;enabled&quot;,&quot;preload_reach&quot;:1,&quot;spinner&quot;:&quot;builtin&quot;,&quot;spinner_image&quot;:&quot;https:\/\/projet2020.festicheyres.ch\/wp-content\/plugins\/wp-views\/embedded\/res\/img\/ajax-loader.gif&quot;,&quot;callback_next&quot;:&quot;&quot;,&quot;manage_history&quot;:&quot;disabled&quot;,&quot;has_controls_in_form&quot;:&quot;disabled&quot;,&quot;infinite_tolerance&quot;:&quot;0&quot;,&quot;max_pages&quot;:0,&quot;page&quot;:1,&quot;base_permalink&quot;:&quot;\/wp-json\/wp\/v2\/pages\/1832?wpv_view_count=4862-CPID5423&amp;wpv_paged=WPV_PAGE_NUM&quot;,&quot;loop&quot;:{&quot;type&quot;:&quot;&quot;,&quot;name&quot;:&quot;&quot;,&quot;data&quot;:&#091;&#093;,&quot;id&quot;:0}}\" data-permalink=\"\/wp-json\/wp\/v2\/pages\/1832?wpv_view_count=4862-CPID5423\">\n\n\t\n\t\n\t<!-- <h4>Concerts<\/h4> -->\n\t<!-- <ul class=\"wpv-loop js-wpv-loop\"> -->\n\t\t \n\t\t\t<!-- <li> -->\n              <p class=\"info-concert\">dim. 13 | 13:00 | Le Parterre <p>\n          \t<!-- <\/li> -->\n\t\t\n\t<!-- <\/ul> -->\n\t\n\t\n\t\n<\/div>\n<h3 class=\"horaire-group-name\"><a href=\"https:\/\/www.festicheyres.ch\/groupe\/azalee\/\">Azal\u00e9e<\/a><\/h3>\n<p><strong>Pop-Folk<\/strong> (Fribourg)<br \/>\n<em>Deux voix pour rester sans voix<\/em>[\/vc_column_text][\/vc_column][\/vc_row]<\/p>\n<\/div>\n      <\/div>\n\t\n\t\n\t\n\t\n<\/div>\n<\/span>[\/vc_column_text][\/vc_column][\/vc_row][vc_row][vc_column css_animation=\u00a0\u00bbfadeInLeft\u00a0\u00bb width=\u00a0\u00bb1\/2&Prime;][vc_column_text css=\u00a0\u00bb\u00a0\u00bb]<span class=\"wpv-code\">\n\n\n<div id=\"wpv-view-layout-4830-CATTR3686739f49a8d40f1e806ab483e06bc3\" class=\"js-wpv-view-layout js-wpv-layout-responsive js-wpv-view-layout-4830-CATTR3686739f49a8d40f1e806ab483e06bc3\" data-viewnumber=\"4830-CATTR3686739f49a8d40f1e806ab483e06bc3\" data-pagination=\"{&quot;id&quot;:&quot;4830&quot;,&quot;query&quot;:&quot;normal&quot;,&quot;type&quot;:&quot;disabled&quot;,&quot;effect&quot;:&quot;fade&quot;,&quot;duration&quot;:500,&quot;speed&quot;:5,&quot;pause_on_hover&quot;:&quot;disabled&quot;,&quot;stop_rollover&quot;:&quot;false&quot;,&quot;cache_pages&quot;:&quot;enabled&quot;,&quot;preload_images&quot;:&quot;enabled&quot;,&quot;preload_pages&quot;:&quot;enabled&quot;,&quot;preload_reach&quot;:1,&quot;spinner&quot;:&quot;builtin&quot;,&quot;spinner_image&quot;:&quot;https:\/\/www.festicheyres.ch\/wp-content\/plugins\/wp-views\/embedded\/res\/img\/ajax-loader.gif&quot;,&quot;callback_next&quot;:&quot;&quot;,&quot;manage_history&quot;:&quot;disabled&quot;,&quot;has_controls_in_form&quot;:&quot;disabled&quot;,&quot;infinite_tolerance&quot;:&quot;0&quot;,&quot;max_pages&quot;:0,&quot;page&quot;:1,&quot;base_permalink&quot;:&quot;\/wp-json\/wp\/v2\/pages\/1832?wpv_view_count=4830-CATTR3686739f49a8d40f1e806ab483e06bc3&amp;wpv_paged=WPV_PAGE_NUM&quot;,&quot;loop&quot;:{&quot;type&quot;:&quot;&quot;,&quot;name&quot;:&quot;&quot;,&quot;data&quot;:[],&quot;id&quot;:0}}\" data-permalink=\"\/wp-json\/wp\/v2\/pages\/1832?wpv_view_count=4830-CATTR3686739f49a8d40f1e806ab483e06bc3\">\n\n\t\n\t\n\t\n      <div class=\"groupe-loop\">\n\t\t\t<div class=\"wpb-content-wrapper\"><p>[vc_row][vc_column width=\u00a0\u00bb1\/3&Prime;][vc_column_text]<a href=\"https:\/\/www.festicheyres.ch\/groupe\/la-frisque-equipe\/\"><img loading=\"lazy\" decoding=\"async\" width=\"468\" height=\"468\" src=\"https:\/\/www.festicheyres.ch\/wp-content\/uploads\/2025\/05\/LFE-468x468.jpg\" class=\"attachment-blog-thumb-2 size-blog-thumb-2 wp-post-image\" alt=\"\" srcset=\"https:\/\/www.festicheyres.ch\/wp-content\/uploads\/2025\/05\/LFE-468x468.jpg 468w, https:\/\/www.festicheyres.ch\/wp-content\/uploads\/2025\/05\/LFE-150x150.jpg 150w, https:\/\/www.festicheyres.ch\/wp-content\/uploads\/2025\/05\/LFE-266x266.jpg 266w, https:\/\/www.festicheyres.ch\/wp-content\/uploads\/2025\/05\/LFE-220x220.jpg 220w\" sizes=\"auto, (max-width: 468px) 100vw, 468px\" \/><\/a><\/p>\n<p>[\/vc_column_text][\/vc_column][vc_column width=\u00a0\u00bb2\/3&Prime;][vc_column_text]\n\n\n<div id=\"wpv-view-layout-4862-CPID5431\" class=\"js-wpv-view-layout js-wpv-layout-responsive js-wpv-view-layout-4862-CPID5431\" data-viewnumber=\"4862-CPID5431\" data-pagination=\"{&quot;id&quot;:&quot;4862&quot;,&quot;query&quot;:&quot;normal&quot;,&quot;type&quot;:&quot;disabled&quot;,&quot;effect&quot;:&quot;fade&quot;,&quot;duration&quot;:500,&quot;speed&quot;:5,&quot;pause_on_hover&quot;:&quot;disabled&quot;,&quot;stop_rollover&quot;:&quot;false&quot;,&quot;cache_pages&quot;:&quot;enabled&quot;,&quot;preload_images&quot;:&quot;enabled&quot;,&quot;preload_pages&quot;:&quot;enabled&quot;,&quot;preload_reach&quot;:1,&quot;spinner&quot;:&quot;builtin&quot;,&quot;spinner_image&quot;:&quot;https:\/\/projet2020.festicheyres.ch\/wp-content\/plugins\/wp-views\/embedded\/res\/img\/ajax-loader.gif&quot;,&quot;callback_next&quot;:&quot;&quot;,&quot;manage_history&quot;:&quot;disabled&quot;,&quot;has_controls_in_form&quot;:&quot;disabled&quot;,&quot;infinite_tolerance&quot;:&quot;0&quot;,&quot;max_pages&quot;:0,&quot;page&quot;:1,&quot;base_permalink&quot;:&quot;\/wp-json\/wp\/v2\/pages\/1832?wpv_view_count=4862-CPID5431&amp;wpv_paged=WPV_PAGE_NUM&quot;,&quot;loop&quot;:{&quot;type&quot;:&quot;&quot;,&quot;name&quot;:&quot;&quot;,&quot;data&quot;:&#091;&#093;,&quot;id&quot;:0}}\" data-permalink=\"\/wp-json\/wp\/v2\/pages\/1832?wpv_view_count=4862-CPID5431\">\n\n\t\n\t\n\t<!-- <h4>Concerts<\/h4> -->\n\t<!-- <ul class=\"wpv-loop js-wpv-loop\"> -->\n\t\t \n\t\t\t<!-- <li> -->\n              <p class=\"info-concert\">dim. 13 | 14:30 | Le Parterre <p>\n          \t<!-- <\/li> -->\n\t\t\n\t<!-- <\/ul> -->\n\t\n\t\n\t\n<\/div>\n<h3 class=\"horaire-group-name\"><a href=\"https:\/\/www.festicheyres.ch\/groupe\/la-frisque-equipe\/\">La Frisque Equipe<\/a><\/h3>\n<p><strong>Chanson<\/strong> (Bern\/Vaud)<br \/>\n<em>Le son du hamster-hame\u00e7on<\/em>[\/vc_column_text][\/vc_column][\/vc_row]<\/p>\n<\/div>\n      <\/div>\n\t\n\t\n\t\n\t\n<\/div>\n<\/span>[\/vc_column_text][\/vc_column][vc_column css_animation=\u00a0\u00bbfadeInRight\u00a0\u00bb width=\u00a0\u00bb1\/2&Prime;][vc_column_text css=\u00a0\u00bb\u00a0\u00bb]<span class=\"wpv-code\">\n\n\n<div id=\"wpv-view-layout-4830-CATTR2820e7608acea8e30d7cdf1b8a6b73f1\" class=\"js-wpv-view-layout js-wpv-layout-responsive js-wpv-view-layout-4830-CATTR2820e7608acea8e30d7cdf1b8a6b73f1\" data-viewnumber=\"4830-CATTR2820e7608acea8e30d7cdf1b8a6b73f1\" data-pagination=\"{&quot;id&quot;:&quot;4830&quot;,&quot;query&quot;:&quot;normal&quot;,&quot;type&quot;:&quot;disabled&quot;,&quot;effect&quot;:&quot;fade&quot;,&quot;duration&quot;:500,&quot;speed&quot;:5,&quot;pause_on_hover&quot;:&quot;disabled&quot;,&quot;stop_rollover&quot;:&quot;false&quot;,&quot;cache_pages&quot;:&quot;enabled&quot;,&quot;preload_images&quot;:&quot;enabled&quot;,&quot;preload_pages&quot;:&quot;enabled&quot;,&quot;preload_reach&quot;:1,&quot;spinner&quot;:&quot;builtin&quot;,&quot;spinner_image&quot;:&quot;https:\/\/www.festicheyres.ch\/wp-content\/plugins\/wp-views\/embedded\/res\/img\/ajax-loader.gif&quot;,&quot;callback_next&quot;:&quot;&quot;,&quot;manage_history&quot;:&quot;disabled&quot;,&quot;has_controls_in_form&quot;:&quot;disabled&quot;,&quot;infinite_tolerance&quot;:&quot;0&quot;,&quot;max_pages&quot;:0,&quot;page&quot;:1,&quot;base_permalink&quot;:&quot;\/wp-json\/wp\/v2\/pages\/1832?wpv_view_count=4830-CATTR2820e7608acea8e30d7cdf1b8a6b73f1&amp;wpv_paged=WPV_PAGE_NUM&quot;,&quot;loop&quot;:{&quot;type&quot;:&quot;&quot;,&quot;name&quot;:&quot;&quot;,&quot;data&quot;:[],&quot;id&quot;:0}}\" data-permalink=\"\/wp-json\/wp\/v2\/pages\/1832?wpv_view_count=4830-CATTR2820e7608acea8e30d7cdf1b8a6b73f1\">\n\n\t\n\t\n\t\n      <div class=\"groupe-loop\">\n\t\t\t<div class=\"wpb-content-wrapper\"><p>[vc_row][vc_column width=\u00a0\u00bb1\/3&Prime;][vc_column_text]<a href=\"https:\/\/www.festicheyres.ch\/groupe\/buckle-up\/\"><img loading=\"lazy\" decoding=\"async\" width=\"468\" height=\"468\" src=\"https:\/\/www.festicheyres.ch\/wp-content\/uploads\/2025\/05\/PIC_Buckle_Up_@fred_jorand_4-468x468.jpg\" class=\"attachment-blog-thumb-2 size-blog-thumb-2 wp-post-image\" alt=\"\" srcset=\"https:\/\/www.festicheyres.ch\/wp-content\/uploads\/2025\/05\/PIC_Buckle_Up_@fred_jorand_4-468x468.jpg 468w, https:\/\/www.festicheyres.ch\/wp-content\/uploads\/2025\/05\/PIC_Buckle_Up_@fred_jorand_4-150x150.jpg 150w, https:\/\/www.festicheyres.ch\/wp-content\/uploads\/2025\/05\/PIC_Buckle_Up_@fred_jorand_4-scaled-266x266.jpg 266w\" sizes=\"auto, (max-width: 468px) 100vw, 468px\" \/><\/a><\/p>\n<p>[\/vc_column_text][\/vc_column][vc_column width=\u00a0\u00bb2\/3&Prime;][vc_column_text]\n\n\n<div id=\"wpv-view-layout-4862-CPID5436\" class=\"js-wpv-view-layout js-wpv-layout-responsive js-wpv-view-layout-4862-CPID5436\" data-viewnumber=\"4862-CPID5436\" data-pagination=\"{&quot;id&quot;:&quot;4862&quot;,&quot;query&quot;:&quot;normal&quot;,&quot;type&quot;:&quot;disabled&quot;,&quot;effect&quot;:&quot;fade&quot;,&quot;duration&quot;:500,&quot;speed&quot;:5,&quot;pause_on_hover&quot;:&quot;disabled&quot;,&quot;stop_rollover&quot;:&quot;false&quot;,&quot;cache_pages&quot;:&quot;enabled&quot;,&quot;preload_images&quot;:&quot;enabled&quot;,&quot;preload_pages&quot;:&quot;enabled&quot;,&quot;preload_reach&quot;:1,&quot;spinner&quot;:&quot;builtin&quot;,&quot;spinner_image&quot;:&quot;https:\/\/projet2020.festicheyres.ch\/wp-content\/plugins\/wp-views\/embedded\/res\/img\/ajax-loader.gif&quot;,&quot;callback_next&quot;:&quot;&quot;,&quot;manage_history&quot;:&quot;disabled&quot;,&quot;has_controls_in_form&quot;:&quot;disabled&quot;,&quot;infinite_tolerance&quot;:&quot;0&quot;,&quot;max_pages&quot;:0,&quot;page&quot;:1,&quot;base_permalink&quot;:&quot;\/wp-json\/wp\/v2\/pages\/1832?wpv_view_count=4862-CPID5436&amp;wpv_paged=WPV_PAGE_NUM&quot;,&quot;loop&quot;:{&quot;type&quot;:&quot;&quot;,&quot;name&quot;:&quot;&quot;,&quot;data&quot;:&#091;&#093;,&quot;id&quot;:0}}\" data-permalink=\"\/wp-json\/wp\/v2\/pages\/1832?wpv_view_count=4862-CPID5436\">\n\n\t\n\t\n\t<!-- <h4>Concerts<\/h4> -->\n\t<!-- <ul class=\"wpv-loop js-wpv-loop\"> -->\n\t\t \n\t\t\t<!-- <li> -->\n              <p class=\"info-concert\">dim. 13 | 15:50 | Le Parterre <p>\n          \t<!-- <\/li> -->\n\t\t\n\t<!-- <\/ul> -->\n\t\n\t\n\t\n<\/div>\n<h3 class=\"horaire-group-name\"><a href=\"https:\/\/www.festicheyres.ch\/groupe\/buckle-up\/\">Buckle Up<\/a><\/h3>\n<p><strong>Folk-Punk<\/strong> (Fribourg)<br \/>\n<em>Sur une planche de surf folle<\/em>[\/vc_column_text][\/vc_column][\/vc_row]<\/p>\n<\/div>\n      <\/div>\n\t\n\t\n\t\n\t\n<\/div>\n<\/span>[\/vc_column_text][\/vc_column][\/vc_row][vc_row disable_element=\u00a0\u00bbyes\u00a0\u00bb][vc_column][vc_column_text]<\/p>\n<h2>Dimanche 9 juillet<\/h2>\n<h3>D\u00e8s 9h<\/h3>\n<p>[\/vc_column_text][\/vc_column][\/vc_row][vc_row disable_element=\u00a0\u00bbyes\u00a0\u00bb][vc_column width=\u00a0\u00bb1\/2&Prime;][vc_column_text]d\u00e8s 9h | <a href=\"https:\/\/www.festicheyres.ch\/programme\/animations\/\">P&rsquo;tit d\u00e9j au bord du lac<\/a><\/p>\n<p>9h-10h | <a href=\"https:\/\/www.festicheyres.ch\/programme\/animations\/\">Yoga, s\u00e9ance famille<\/a><\/p>\n<p>d\u00e8s 13h30 | <a href=\"https:\/\/www.festicheyres.ch\/programme\/animations\/\">Animations pour enfants<\/a>[\/vc_column_text][\/vc_column][vc_column width=\u00a0\u00bb1\/2&Prime;][vc_row_inner][vc_column_inner width=\u00a0\u00bb1\/4&Prime;][vc_single_image image=\u00a0\u00bb4117&Prime; img_size=\u00a0\u00bb300&#215;300&Prime; onclick=\u00a0\u00bbcustom_link\u00a0\u00bb link=\u00a0\u00bbhttps:\/\/www.festicheyres.ch\/groupe\/mini-bubbles\/\u00a0\u00bb][\/vc_column_inner][vc_column_inner width=\u00a0\u00bb3\/4&Prime;][vc_column_text]10:30 | 13:00 | 14:30 | 16:00 | Danse<\/p>\n<h4><a href=\"https:\/\/www.festicheyres.ch\/groupe\/mini-bubbles\/\">Mini Bubbles<\/a><\/h4>\n<p>[\/vc_column_text][\/vc_column_inner][\/vc_row_inner][\/vc_column][\/vc_row][vc_row disable_element=\u00a0\u00bbyes\u00a0\u00bb][vc_column][vc_empty_space height=\u00a0\u00bb50px\u00a0\u00bb][\/vc_column][\/vc_row][vc_row disable_element=\u00a0\u00bbyes\u00a0\u00bb][vc_column width=\u00a0\u00bb1\/2&Prime;][vc_row_inner][vc_column_inner width=\u00a0\u00bb1\/4&Prime;][vc_single_image image=\u00a0\u00bb3353&Prime; img_size=\u00a0\u00bb300&#215;300&Prime; onclick=\u00a0\u00bbcustom_link\u00a0\u00bb link=\u00a0\u00bbhttps:\/\/www.festicheyres.ch\/groupe\/concert-des-eleves\/\u00a0\u00bb][\/vc_column_inner][vc_column_inner width=\u00a0\u00bb3\/4&Prime;][vc_column_text]11h15 | Tout style<\/p>\n<h4><a href=\"https:\/\/www.festicheyres.ch\/groupe\/concert-des-eleves\/\">Concert des \u00e9l\u00e8ves<\/a><\/h4>\n<p>[\/vc_column_text][\/vc_column_inner][\/vc_row_inner][\/vc_column][vc_column width=\u00a0\u00bb1\/2&Prime;][vc_row_inner][vc_column_inner width=\u00a0\u00bb1\/4&Prime;][vc_single_image image=\u00a0\u00bb4201&Prime; img_size=\u00a0\u00bb300&#215;300&Prime; onclick=\u00a0\u00bbcustom_link\u00a0\u00bb link=\u00a0\u00bbhttps:\/\/www.festicheyres.ch\/groupe\/zoe-me\/\u00a0\u00bb][\/vc_column_inner][vc_column_inner width=\u00a0\u00bb3\/4&Prime;][vc_column_text]13h30 | Indie Pop<\/p>\n<h4><a href=\"https:\/\/www.festicheyres.ch\/groupe\/zoe-me\/\">Zo\u00eb M\u00eb<\/a><\/h4>\n<p>[\/vc_column_text][\/vc_column_inner][\/vc_row_inner][\/vc_column][\/vc_row][vc_row disable_element=\u00a0\u00bbyes\u00a0\u00bb][vc_column width=\u00a0\u00bb1\/2&Prime;][vc_row_inner][vc_column_inner width=\u00a0\u00bb1\/4&Prime;][vc_single_image image=\u00a0\u00bb4120&Prime; img_size=\u00a0\u00bb300&#215;300&Prime; onclick=\u00a0\u00bbcustom_link\u00a0\u00bb link=\u00a0\u00bbhttps:\/\/www.festicheyres.ch\/groupe\/roxane\/\u00a0\u00bb][\/vc_column_inner][vc_column_inner width=\u00a0\u00bb3\/4&Prime;][vc_column_text]15h10 | Pop-Folk<\/p>\n<h4><a href=\"https:\/\/www.festicheyres.ch\/groupe\/roxane\/\">Roxane<\/a><\/h4>\n<p>[\/vc_column_text][\/vc_column_inner][\/vc_row_inner][\/vc_column][vc_column width=\u00a0\u00bb1\/2&Prime;][vc_row_inner][vc_column_inner width=\u00a0\u00bb1\/4&Prime;][vc_single_image image=\u00a0\u00bb4075&Prime; img_size=\u00a0\u00bb300&#215;300&Prime; onclick=\u00a0\u00bbcustom_link\u00a0\u00bb link=\u00a0\u00bbhttps:\/\/www.festicheyres.ch\/groupe\/loretta-gun\/\u00a0\u00bb][\/vc_column_inner][vc_column_inner width=\u00a0\u00bb3\/4&Prime;][vc_column_text]16h50 | Blues-Rock&rsquo;n&rsquo;Roll<\/p>\n<h4><a href=\"https:\/\/www.festicheyres.ch\/groupe\/loretta-gun\/\">Loretta Gun<\/a><\/h4>\n<p>[\/vc_column_text][\/vc_column_inner][\/vc_row_inner][\/vc_column][\/vc_row][vc_row disable_element=\u00a0\u00bbyes\u00a0\u00bb][vc_column][vc_empty_space height=\u00a0\u00bb50px\u00a0\u00bb][\/vc_column][\/vc_row][vc_row disable_element=\u00a0\u00bbyes\u00a0\u00bb][vc_column width=\u00a0\u00bb1\/2&Prime;][vc_column_text]<\/p>\n<h2><strong>Jeudi 7 juillet<\/strong><\/h2>\n<h3><strong>d\u00e8s 17h<\/strong><\/h3>\n<p>20:30 \u2013 <strong><a href=\"https:\/\/www.festicheyres.ch\/groupe\/los-orioles\/\">Los Orioles<\/a><\/strong> \/ Rock fusion<\/p>\n<p>22:00 \u2013 <a href=\"https:\/\/www.festicheyres.ch\/groupe\/velvet-two-stripes\/\"><strong>Velvet Two Stripes<\/strong><\/a> \/ Rock<\/p>\n<p>23:30 \u2013 <strong><a href=\"https:\/\/www.festicheyres.ch\/groupe\/la-jungle\/\">LA JUNGLE<\/a><\/strong> \/ Transe-Techo-Kraut[\/vc_column_text][\/vc_column][vc_column width=\u00a0\u00bb1\/2&Prime;][vc_column_text]<\/p>\n<h2><strong>Vendredi 8 juillet<\/strong><\/h2>\n<h3><strong>d\u00e8s 16h<\/strong><\/h3>\n<p>18:00 \u2013 <a href=\"https:\/\/www.festicheyres.ch\/groupe\/otnig-monajet\/\"><strong>Otnig Monajet<\/strong><\/a> \/ Kraut\u2019n\u2019Roll<\/p>\n<p>19:00 \u2013 <strong><a href=\"https:\/\/www.festicheyres.ch\/groupe\/the-clive\/\">The Clive<\/a><\/strong> \/ Rock<\/p>\n<p>20:20 \u2013 <a href=\"https:\/\/www.festicheyres.ch\/groupe\/heavy-heart\/\"><strong>Heavy Heart<\/strong><\/a> \/ Punk Rock<\/p>\n<p>21:20 \u2013 <strong><a href=\"https:\/\/www.festicheyres.ch\/groupe\/sons\/\">SONS<\/a> <\/strong>\/ Rock<\/p>\n<p>22:40 \u2013 <strong><a href=\"https:\/\/www.festicheyres.ch\/groupe\/darius\/\">DARIUS<\/a> <\/strong>\/ Heavy Instrumental Rock<\/p>\n<p>23:40 \u2013 <a href=\"https:\/\/www.festicheyres.ch\/groupe\/new-york-ska-jazz-ensemble\/\"><strong>NEW YORK SKA-JAZZ ENSEMBLE<\/strong><\/a> \/ Ska Legends<\/p>\n<p>01:00 \u2013 <strong><a href=\"https:\/\/www.festicheyres.ch\/groupe\/cage\/\">Cage<\/a> <\/strong>\/ Punk Hardcore[\/vc_column_text][\/vc_column][\/vc_row][vc_row disable_element=\u00a0\u00bbyes\u00a0\u00bb][vc_column width=\u00a0\u00bb1\/2&Prime;][vc_column_text]<\/p>\n<h2><strong>Samedi 9 juillet<\/strong><\/h2>\n<h3><strong>d\u00e8s 9h<\/strong><\/h3>\n<p>d\u00e8s 09:00 \u2013 <a href=\"https:\/\/www.festicheyres.ch\/programme\/animations\/\">P&rsquo;tit-d\u00e9j au bord du lac<\/a><\/p>\n<p>09:00 \u2013\u00a0<a href=\"https:\/\/www.festicheyres.ch\/programme\/animations\/\">Yoga Rana : Yoga sur la plage<\/a> \/ S\u00e9ance adulte<\/p>\n<p>d\u00e8s 13:30 \u2013\u00a0 <a href=\"https:\/\/www.festicheyres.ch\/programme\/animations\/\">Animations enfants<\/a> \/ Peinture, grimage, bricolage<\/p>\n<p>&#8211;<\/p>\n<p>14:00 \u2013 <a href=\"https:\/\/www.festicheyres.ch\/groupe\/la-baraque\/\"><strong>La Baraque<\/strong><\/a> \/ DJ set &#8211; House Disco Funk<\/p>\n<p>16:20 \u2013 <strong><a href=\"https:\/\/www.festicheyres.ch\/groupe\/limbiq\/\">Limbiq<\/a> <\/strong>\/ Indie \u00e9lectro pop<\/p>\n<p>17:20 \u2013 <a href=\"https:\/\/www.festicheyres.ch\/groupe\/white-dune\/\"><strong>White Dune<\/strong><\/a> \/ Funk<\/p>\n<p>18:40 \u2013 <strong><a href=\"https:\/\/www.festicheyres.ch\/groupe\/e-i-l-a\/\">E\u00efla<\/a> <\/strong>\/ Chant folkorique des 4 coins du monde<\/p>\n<p>19:40 \u2013 <a href=\"https:\/\/www.festicheyres.ch\/groupe\/caroline-alves\/\"><strong>Caroline Alves<\/strong><\/a> \/ Electro Pop Soul<\/p>\n<p>21:00 \u2013 <a href=\"https:\/\/www.festicheyres.ch\/groupe\/glaascats\/\"><strong>Glaascats<\/strong><\/a> \/ Alt Rocks<\/p>\n<p>22:00 \u2013 <strong><a href=\"https:\/\/www.festicheyres.ch\/groupe\/professor-wouassa\/\">PROFESSOR WOUASSA<\/a><\/strong> \/ Afrobeat<\/p>\n<p>23:20 \u2013 <strong><a href=\"https:\/\/www.festicheyres.ch\/groupe\/deadi\/\">DEADI<\/a> <\/strong>\/ Hip Hop<\/p>\n<p>00:20 \u2013 <a href=\"https:\/\/www.festicheyres.ch\/groupe\/kumbia-boruka\/\"><strong>KUMBIA BORUKA<\/strong><\/a> \/ Cumbia[\/vc_column_text][\/vc_column][vc_column width=\u00a0\u00bb1\/2&Prime;][vc_column_text]<\/p>\n<h2><strong>Dimanche 10 juillet<\/strong><\/h2>\n<h3><strong>d\u00e8s 9h<\/strong><\/h3>\n<p>d\u00e8s 09:00 \u2013 <a href=\"https:\/\/www.festicheyres.ch\/programme\/animations\/\">P&rsquo;tit-d\u00e9j au bord du lac<\/a><\/p>\n<p>09:00 \u2013\u00a0<a href=\"https:\/\/www.festicheyres.ch\/programme\/animations\/\">Yoga Rana : Yoga sur la plage<\/a> \/ S\u00e9ance familles<\/p>\n<p>d\u00e8s 13:30 \u2013\u00a0 <a href=\"https:\/\/www.festicheyres.ch\/programme\/animations\/\">Animations enfants<\/a> \/ Peinture, grimage, bricolage<\/p>\n<p>&#8211;<\/p>\n<p>11:30 \u2013 <a href=\"https:\/\/www.festicheyres.ch\/groupe\/paula-et-ses-droles-doiseaux\/\"><strong>Paula et ses dr\u00f4les d\u2019oiseaux<\/strong><\/a> \/ Formule musicale magique<\/p>\n<p>13:00 \u2013<strong> <a href=\"https:\/\/www.festicheyres.ch\/groupe\/concert-des-eleves\/\">Concert des \u00e9l\u00e8ves<\/a>\u00a0<\/strong>\/ Tout genre<\/p>\n<p>16:05 \u2013 <strong><a href=\"https:\/\/www.festicheyres.ch\/groupe\/bonnie-cloud\/\">Bonnie &amp; Cloud<\/a><\/strong> \/ Duo Folk<\/p>\n<p>17:00 \u2013 <a href=\"https:\/\/www.festicheyres.ch\/groupe\/fbi\/\"><strong>FBI<\/strong><\/a> \/ Fanfare sur lac<\/p>\n<p>18:00 \u2013 <strong><a href=\"https:\/\/www.festicheyres.ch\/groupe\/compagnie-les-decatalogues\/\">Compagnie D\u00e9catalogu\u00e9s<\/a><\/strong> \/ Spectacle[\/vc_column_text][\/vc_column][\/vc_row]<\/p>\n<\/div>","protected":false},"excerpt":{"rendered":"<p>[vc_row disable_element=\u00a0\u00bbyes\u00a0\u00bb][vc_column width=\u00a0\u00bb2\/3&Prime;][vc_column_text css=\u00a0\u00bb\u00a0\u00bb] La Prog&rsquo; du festival 2025 [\/vc_column_text][\/vc_column][vc_column width=\u00a0\u00bb1\/3&Prime;][vc_btn title=\u00a0\u00bbFlyer et horaire PDF\u00a0\u00bb style=\u00a0\u00bbclassic\u00a0\u00bb shape=\u00a0\u00bbsquare\u00a0\u00bb color=\u00a0\u00bbdanger\u00a0\u00bb size=\u00a0\u00bblg\u00a0\u00bb align=\u00a0\u00bbcenter\u00a0\u00bb i_icon_fontawesome=\u00a0\u00bbfas fa-arrow-alt-circle-down\u00a0\u00bb css_animation=\u00a0\u00bbfadeInRight\u00a0\u00bb add_icon=\u00a0\u00bbtrue\u00a0\u00bb link=\u00a0\u00bburl:https%3A%2F%2Fwww.festicheyres.ch%2Fwp-content%2Fuploads%2F2024%2F05%2FFestiCheyres_Flyer2024.pdf|target:_blank\u00a0\u00bb][vc_btn title=\u00a0\u00bbListe des groupes\u00a0\u00bb style=\u00a0\u00bbclassic\u00a0\u00bb shape=\u00a0\u00bbsquare\u00a0\u00bb color=\u00a0\u00bbdanger\u00a0\u00bb size=\u00a0\u00bblg\u00a0\u00bb align=\u00a0\u00bbcenter\u00a0\u00bb i_icon_fontawesome=\u00a0\u00bbfas fa-external-link-square-alt\u00a0\u00bb css_animation=\u00a0\u00bbfadeInRight\u00a0\u00bb add_icon=\u00a0\u00bbtrue\u00a0\u00bb link=\u00a0\u00bburl:https%3A%2F%2Fwww.festicheyres.ch%2Fprogramme%2Fgroupes%2F|title:Les%20groupes%20(presse)\u00a0\u00bb][\/vc_column][\/vc_row][vc_row][vc_column width=\u00a0\u00bb2\/3&Prime;][vc_column_text css=\u00a0\u00bb\u00a0\u00bb] La Prog&rsquo; du festival [\/vc_column_text][\/vc_column][vc_column width=\u00a0\u00bb1\/3&Prime;][vc_btn title=\u00a0\u00bbListe des groupes\u00a0\u00bb style=\u00a0\u00bbclassic\u00a0\u00bb shape=\u00a0\u00bbsquare\u00a0\u00bb color=\u00a0\u00bbdanger\u00a0\u00bb size=\u00a0\u00bblg\u00a0\u00bb align=\u00a0\u00bbcenter\u00a0\u00bb i_icon_fontawesome=\u00a0\u00bbfas&hellip;<\/p>\n","protected":false},"author":1,"featured_media":0,"parent":91,"menu_order":1,"comment_status":"closed","ping_status":"closed","template":"","meta":{"_acf_changed":false,"footnotes":""},"class_list":["post-1832","page","type-page","status-publish","hentry"],"acf":[],"_links":{"self":[{"href":"https:\/\/www.festicheyres.ch\/wp-json\/wp\/v2\/pages\/1832","targetHints":{"allow":["GET"]}}],"collection":[{"href":"https:\/\/www.festicheyres.ch\/wp-json\/wp\/v2\/pages"}],"about":[{"href":"https:\/\/www.festicheyres.ch\/wp-json\/wp\/v2\/types\/page"}],"author":[{"embeddable":true,"href":"https:\/\/www.festicheyres.ch\/wp-json\/wp\/v2\/users\/1"}],"replies":[{"embeddable":true,"href":"https:\/\/www.festicheyres.ch\/wp-json\/wp\/v2\/comments?post=1832"}],"version-history":[{"count":155,"href":"https:\/\/www.festicheyres.ch\/wp-json\/wp\/v2\/pages\/1832\/revisions"}],"predecessor-version":[{"id":5660,"href":"https:\/\/www.festicheyres.ch\/wp-json\/wp\/v2\/pages\/1832\/revisions\/5660"}],"up":[{"embeddable":true,"href":"https:\/\/www.festicheyres.ch\/wp-json\/wp\/v2\/pages\/91"}],"wp:attachment":[{"href":"https:\/\/www.festicheyres.ch\/wp-json\/wp\/v2\/media?parent=1832"}],"curies":[{"name":"wp","href":"https:\/\/api.w.org\/{rel}","templated":true}]}}