{"id":2297,"date":"2020-03-01T21:23:29","date_gmt":"2020-03-01T20:23:29","guid":{"rendered":"https:\/\/www.festicheyres.ch\/?page_id=2297"},"modified":"2024-06-26T22:09:48","modified_gmt":"2024-06-26T20:09:48","slug":"animations","status":"publish","type":"page","link":"https:\/\/www.festicheyres.ch\/programme\/animations\/","title":{"rendered":"Animations pour tous !"},"content":{"rendered":"<section class=\"wpb-content-wrapper\"><p>[vc_row][vc_column][vc_column_text css_animation=\u00a0\u00bbslideInDown\u00a0\u00bb]<\/p>\n<h1>Animations pour les petits, les sportifs et les gourmands<\/h1>\n<p style=\"text-align: left;\"><strong>Des activit\u00e9s cr\u00e9atrices, maquillages p<\/strong><strong>our les enfants, argile, bricolage, de quoi s&rsquo;amuser comme des fous!<\/strong><\/p>\n<p style=\"text-align: left;\"><strong>Yoga matinal pour les plus grands le samedi et le dimanche pour les familles.<\/strong><\/p>\n<p><strong>Et le traditionnel Petit Dej&rsquo; au bord de l&rsquo;eau !<\/strong>[\/vc_column_text][\/vc_column][\/vc_row][vc_row][vc_column width=\u00a0\u00bb2\/3&Prime;][vc_column_text css_animation=\u00a0\u00bbslideInLeft\u00a0\u00bb css=\u00a0\u00bb.vc_custom_1715843491717{margin-bottom: 0px !important;border-bottom-width: 0px !important;padding-bottom: 0px !important;}\u00a0\u00bb]<\/p>\n<h2><strong>Ateliers participatifs enfants<\/strong><\/h2>\n<p><b>Samedi 13 juillet et dimanche 14 juillet, d\u00e8s 13h30<br \/>\n<\/b><\/p>\n<p><span style=\"font-weight: 400;\">Grimage, peinture, bricolage, argile et ateliers cr\u00e9atifs propos\u00e9s par notre super team animation !<\/span>[\/vc_column_text][\/vc_column][vc_column width=\u00a0\u00bb1\/3&Prime;][vc_single_image image=\u00a0\u00bb3358&Prime; img_size=\u00a0\u00bblarge\u00a0\u00bb css_animation=\u00a0\u00bbslideInRight\u00a0\u00bb][\/vc_column][\/vc_row][vc_row disable_element=\u00a0\u00bbyes\u00a0\u00bb][vc_column width=\u00a0\u00bb2\/3&Prime;][vc_column_text css_animation=\u00a0\u00bbnone\u00a0\u00bb css=\u00a0\u00bb.vc_custom_1715843537991{margin-bottom: 0px !important;border-bottom-width: 0px !important;padding-bottom: 0px !important;}\u00a0\u00bb]<\/p>\n<h2><strong>Tournoi de Volley<\/strong><\/h2>\n<p><b>Samedi 13 juillet<\/b> <b>10h30 &#8211; environ 14h<\/b><b><br \/>\n<\/b><\/p>\n<p>Le Tournoi de Beach Volley d\u00e9contract\u00e9 est de retour ! Nombre d&rsquo;\u00e9quipe limit\u00e9e \u00e0 12, nombre de joueurs de max. 5 personnes par \u00e9quipes, inscription 10 CHF par \u00e9quipe. Rendez-vous \u00e0 la plage de Cheyres \u00e0 10h30. Le tout g\u00e9r\u00e9 par les magnifiques de la Jeunesse de Cheyres-Ch\u00e2bles.<\/p>\n<p>Inscris ton \u00e9quipe via le formulaire (\u00e0 venir prochainement !).[\/vc_column_text][vc_empty_space][\/vc_column][vc_column width=\u00a0\u00bb1\/3&Prime;][vc_single_image image=\u00a0\u00bb2445&Prime; img_size=\u00a0\u00bblarge\u00a0\u00bb css_animation=\u00a0\u00bbslideInRight\u00a0\u00bb][\/vc_column][\/vc_row][vc_row][vc_column width=\u00a0\u00bb2\/3&Prime;][vc_column_text css_animation=\u00a0\u00bbnone\u00a0\u00bb css=\u00a0\u00bb.vc_custom_1719432585878{margin-bottom: 0px !important;border-bottom-width: 0px !important;padding-bottom: 0px !important;}\u00a0\u00bb]<\/p>\n<h2><strong>Tournoi de Volley<\/strong><\/h2>\n<p><b>Samedi 13 juillet<\/b> <b>10h30 &#8211; environ 13h30<\/b><b><br \/>\n<\/b><\/p>\n<p>Le Tournoi de Beach Volley d\u00e9contract\u00e9 est de retour ! Nombre d&rsquo;\u00e9quipe limit\u00e9e \u00e0 12, nombre de joueurs de max. 5 personnes par \u00e9quipes, inscription 10 CHF par \u00e9quipe. Rendez-vous \u00e0 la plage de Cheyres \u00e0 10h30. Le tout g\u00e9r\u00e9 par les magnifiques de la Jeunesse de Cheyres-Ch\u00e2bles.<\/p>\n<p>Inscris ton \u00e9quipe via le formulaire ![\/vc_column_text][vc_empty_space][vc_btn title=\u00a0\u00bbInscrire une \u00e9quipe !\u00a0\u00bb style=\u00a0\u00bbclassic\u00a0\u00bb shape=\u00a0\u00bbsquare\u00a0\u00bb color=\u00a0\u00bbpink\u00a0\u00bb size=\u00a0\u00bblg\u00a0\u00bb align=\u00a0\u00bbcenter\u00a0\u00bb link=\u00a0\u00bburl:https%3A%2F%2Fwww.festicheyres.ch%2Fprogramme%2Finscription-volley%2F\u00a0\u00bb][\/vc_column][vc_column width=\u00a0\u00bb1\/3&Prime;][vc_single_image image=\u00a0\u00bb2445&Prime; img_size=\u00a0\u00bblarge\u00a0\u00bb css_animation=\u00a0\u00bbslideInRight\u00a0\u00bb][\/vc_column][\/vc_row][vc_row][vc_column width=\u00a0\u00bb2\/3&Prime;][vc_column_text css_animation=\u00a0\u00bbslideInLeft\u00a0\u00bb css=\u00a0\u00bb.vc_custom_1715804800215{border-top-width: 0px !important;padding-top: 0px !important;}\u00a0\u00bb]<\/p>\n<h2><strong>Yoga by Lieu d&rsquo;\u00eatre<br \/>\n<\/strong><\/h2>\n<p><b>Samedi 13 juillet\u00a0<\/b><b>7h45-9h00<\/b><\/p>\n<p><span style=\"font-weight: 400;\">Kundalini Yoga sur la plage <\/span><span style=\"font-weight: 400;\">(prendre un linge ou un tapis de yoga).<\/span><\/p>\n<p><b>Dimanche 14 juillet <\/b> <b>9h00-10h15<\/b><\/p>\n<p><span style=\"font-weight: 400;\">Yin Yoga sur la plage\u00a0<\/span>(prendre un linge ou un tapis de yoga).<\/p>\n<p>Avec <a href=\"https:\/\/lieudetre.ch\/\" target=\"_blank\" rel=\"noopener\">https:\/\/lieudetre.ch<\/a>[\/vc_column_text][\/vc_column][vc_column width=\u00a0\u00bb1\/3&Prime;][vc_single_image image=\u00a0\u00bb4973&Prime; img_size=\u00a0\u00bb400&#215;400&Prime; onclick=\u00a0\u00bbcustom_link\u00a0\u00bb img_link_target=\u00a0\u00bb_blank\u00a0\u00bb css_animation=\u00a0\u00bbslideInRight\u00a0\u00bb link=\u00a0\u00bbhttps:\/\/www.yogarana.ch\u00a0\u00bb][\/vc_column][\/vc_row][vc_row][vc_column width=\u00a0\u00bb2\/3&Prime;][vc_column_text css_animation=\u00a0\u00bbslideInLeft\u00a0\u00bb css=\u00a0\u00bb.vc_custom_1715803966832{border-top-width: 0px !important;padding-top: 0px !important;}\u00a0\u00bb]<\/p>\n<h2><strong>Petit d\u00e9j&rsquo; au bord de l\u2019eau<\/strong><\/h2>\n<p><b>Samedi 13 juillet et dimanche 14 juillet <\/b><b>d\u00e8s 9h00<\/b><\/p>\n<p><span style=\"font-weight: 400;\">Tresse, cuchaule, caf\u00e9, th\u00e9, etc. sur la plage. Un vrai petit d\u00e9jeuner pour une belle journ\u00e9e.<\/span>[\/vc_column_text][\/vc_column][vc_column width=\u00a0\u00bb1\/3&Prime;][vc_single_image image=\u00a0\u00bb3360&Prime; img_size=\u00a0\u00bblarge\u00a0\u00bb css_animation=\u00a0\u00bbslideInRight\u00a0\u00bb][\/vc_column][\/vc_row]<\/p>\n<\/section>","protected":false},"excerpt":{"rendered":"<p>[vc_row][vc_column][vc_column_text css_animation=\u00a0\u00bbslideInDown\u00a0\u00bb] Animations pour les petits, les sportifs et les gourmands Des activit\u00e9s cr\u00e9atrices, maquillages pour les enfants, argile, bricolage, de quoi s&rsquo;amuser comme des fous! Yoga matinal pour les plus grands le samedi et le dimanche pour les familles. Et le traditionnel Petit Dej&rsquo; au bord de l&rsquo;eau ![\/vc_column_text][\/vc_column][\/vc_row][vc_row][vc_column width=\u00a0\u00bb2\/3&Prime;][vc_column_text css_animation=\u00a0\u00bbslideInLeft\u00a0\u00bb css=\u00a0\u00bb.vc_custom_1715843491717{margin-bottom: 0px !important;border-bottom-width:<\/p>\n","protected":false},"author":1,"featured_media":0,"parent":91,"menu_order":4,"comment_status":"closed","ping_status":"closed","template":"","meta":{"_themeisle_gutenberg_block_has_review":false},"acf":[],"_links":{"self":[{"href":"https:\/\/www.festicheyres.ch\/wp-json\/wp\/v2\/pages\/2297"}],"collection":[{"href":"https:\/\/www.festicheyres.ch\/wp-json\/wp\/v2\/pages"}],"about":[{"href":"https:\/\/www.festicheyres.ch\/wp-json\/wp\/v2\/types\/page"}],"author":[{"embeddable":true,"href":"https:\/\/www.festicheyres.ch\/wp-json\/wp\/v2\/users\/1"}],"replies":[{"embeddable":true,"href":"https:\/\/www.festicheyres.ch\/wp-json\/wp\/v2\/comments?post=2297"}],"version-history":[{"count":44,"href":"https:\/\/www.festicheyres.ch\/wp-json\/wp\/v2\/pages\/2297\/revisions"}],"predecessor-version":[{"id":5093,"href":"https:\/\/www.festicheyres.ch\/wp-json\/wp\/v2\/pages\/2297\/revisions\/5093"}],"up":[{"embeddable":true,"href":"https:\/\/www.festicheyres.ch\/wp-json\/wp\/v2\/pages\/91"}],"wp:attachment":[{"href":"https:\/\/www.festicheyres.ch\/wp-json\/wp\/v2\/media?parent=2297"}],"curies":[{"name":"wp","href":"https:\/\/api.w.org\/{rel}","templated":true}]}}