{"id":1832,"date":"2019-04-01T21:39:52","date_gmt":"2019-04-01T19:39:52","guid":{"rendered":"https:\/\/www.festicheyres.ch\/?page_id=1832"},"modified":"2024-07-11T15:08:39","modified_gmt":"2024-07-11T13:08:39","slug":"horaires","status":"publish","type":"page","link":"https:\/\/www.festicheyres.ch\/programme\/horaires\/","title":{"rendered":"Programme du festival"},"content":{"rendered":"<section class=\"wpb-content-wrapper\"><p>[vc_row][vc_column width=\u00a0\u00bb2\/3&Prime;][vc_column_text]<\/p>\n<h1>La Prog&rsquo; du festival<\/h1>\n<p>[\/vc_column_text][\/vc_column][vc_column width=\u00a0\u00bb1\/3&Prime;][vc_btn title=\u00a0\u00bbFlyer et horaire PDF\u00a0\u00bb style=\u00a0\u00bbclassic\u00a0\u00bb shape=\u00a0\u00bbsquare\u00a0\u00bb color=\u00a0\u00bbdanger\u00a0\u00bb size=\u00a0\u00bblg\u00a0\u00bb align=\u00a0\u00bbcenter\u00a0\u00bb i_icon_fontawesome=\u00a0\u00bbfas fa-arrow-alt-circle-down\u00a0\u00bb css_animation=\u00a0\u00bbfadeInRight\u00a0\u00bb add_icon=\u00a0\u00bbtrue\u00a0\u00bb link=\u00a0\u00bburl:https%3A%2F%2Fwww.festicheyres.ch%2Fwp-content%2Fuploads%2F2024%2F05%2FFestiCheyres_Flyer2024.pdf|target:_blank\u00a0\u00bb][vc_btn title=\u00a0\u00bbListe des groupes\u00a0\u00bb style=\u00a0\u00bbclassic\u00a0\u00bb shape=\u00a0\u00bbsquare\u00a0\u00bb color=\u00a0\u00bbdanger\u00a0\u00bb size=\u00a0\u00bblg\u00a0\u00bb align=\u00a0\u00bbcenter\u00a0\u00bb i_icon_fontawesome=\u00a0\u00bbfas fa-external-link-square-alt\u00a0\u00bb css_animation=\u00a0\u00bbfadeInRight\u00a0\u00bb add_icon=\u00a0\u00bbtrue\u00a0\u00bb link=\u00a0\u00bburl:https%3A%2F%2Fwww.festicheyres.ch%2Fprogramme%2Fgroupes%2F|title:Les%20groupes%20(presse)\u00a0\u00bb][\/vc_column][\/vc_row][vc_row][vc_column][vc_column_text]<\/p>\n<h2>Vendredi 12 juillet<\/h2>\n<h3>d\u00e8s 16h<\/h3>\n<p>[\/vc_column_text][\/vc_column][\/vc_row][vc_row][vc_column css_animation=\u00a0\u00bbfadeInLeft\u00a0\u00bb width=\u00a0\u00bb1\/2&Prime;][vc_column_text]<span class=\"wpv-code\">\n\n\n<div id=\"wpv-view-layout-4830-CATTR1cf738a7688e991711ef592e460a7ac0\" class=\"js-wpv-view-layout js-wpv-layout-responsive js-wpv-view-layout-4830-CATTR1cf738a7688e991711ef592e460a7ac0\" data-viewnumber=\"4830-CATTR1cf738a7688e991711ef592e460a7ac0\" data-pagination=\"{&quot;id&quot;:&quot;4830&quot;,&quot;query&quot;:&quot;normal&quot;,&quot;type&quot;:&quot;disabled&quot;,&quot;effect&quot;:&quot;fade&quot;,&quot;duration&quot;:500,&quot;speed&quot;:5,&quot;pause_on_hover&quot;:&quot;disabled&quot;,&quot;stop_rollover&quot;:&quot;false&quot;,&quot;cache_pages&quot;:&quot;enabled&quot;,&quot;preload_images&quot;:&quot;enabled&quot;,&quot;preload_pages&quot;:&quot;enabled&quot;,&quot;preload_reach&quot;:1,&quot;spinner&quot;:&quot;builtin&quot;,&quot;spinner_image&quot;:&quot;https:\/\/www.festicheyres.ch\/wp-content\/plugins\/wp-views\/embedded\/res\/img\/ajax-loader.gif&quot;,&quot;callback_next&quot;:&quot;&quot;,&quot;manage_history&quot;:&quot;disabled&quot;,&quot;has_controls_in_form&quot;:&quot;disabled&quot;,&quot;infinite_tolerance&quot;:&quot;0&quot;,&quot;max_pages&quot;:0,&quot;page&quot;:1,&quot;base_permalink&quot;:&quot;\/wp-json\/wp\/v2\/pages\/1832?wpv_view_count=4830-CATTR1cf738a7688e991711ef592e460a7ac0&amp;wpv_paged=WPV_PAGE_NUM&quot;,&quot;loop&quot;:{&quot;type&quot;:&quot;&quot;,&quot;name&quot;:&quot;&quot;,&quot;data&quot;:[],&quot;id&quot;:0}}\" data-permalink=\"\/wp-json\/wp\/v2\/pages\/1832?wpv_view_count=4830-CATTR1cf738a7688e991711ef592e460a7ac0\">\n\n\t\n\t\n\t\n      <div class=\"groupe-loop\">\n\t\t\t<section class=\"wpb-content-wrapper\"><p>[vc_row][vc_column width=\u00a0\u00bb1\/3&Prime;][vc_column_text]<a href=\"https:\/\/www.festicheyres.ch\/groupe\/capsule-a\/\"><img width=\"468\" height=\"468\" src=\"https:\/\/www.festicheyres.ch\/wp-content\/uploads\/2024\/05\/Photo_CAPSULE-A_-Frank-Zermatten-002-468x468.jpg\" class=\"attachment-blog-thumb-2 size-blog-thumb-2 wp-post-image\" alt=\"\" decoding=\"async\" loading=\"lazy\" srcset=\"https:\/\/www.festicheyres.ch\/wp-content\/uploads\/2024\/05\/Photo_CAPSULE-A_-Frank-Zermatten-002-468x468.jpg 468w, https:\/\/www.festicheyres.ch\/wp-content\/uploads\/2024\/05\/Photo_CAPSULE-A_-Frank-Zermatten-002-150x150.jpg 150w, https:\/\/www.festicheyres.ch\/wp-content\/uploads\/2024\/05\/Photo_CAPSULE-A_-Frank-Zermatten-002-scaled-266x266.jpg 266w, https:\/\/www.festicheyres.ch\/wp-content\/uploads\/2024\/05\/Photo_CAPSULE-A_-Frank-Zermatten-002-scaled-220x220.jpg 220w\" sizes=\"(max-width: 468px) 100vw, 468px\" \/><\/a><\/p>\n<p>[\/vc_column_text][\/vc_column][vc_column width=\u00a0\u00bb2\/3&Prime;][vc_column_text]\n\n\n<div id=\"wpv-view-layout-4862-CPID4731\" class=\"js-wpv-view-layout js-wpv-layout-responsive js-wpv-view-layout-4862-CPID4731\" data-viewnumber=\"4862-CPID4731\" data-pagination=\"{&quot;id&quot;:&quot;4862&quot;,&quot;query&quot;:&quot;normal&quot;,&quot;type&quot;:&quot;disabled&quot;,&quot;effect&quot;:&quot;fade&quot;,&quot;duration&quot;:500,&quot;speed&quot;:5,&quot;pause_on_hover&quot;:&quot;disabled&quot;,&quot;stop_rollover&quot;:&quot;false&quot;,&quot;cache_pages&quot;:&quot;enabled&quot;,&quot;preload_images&quot;:&quot;enabled&quot;,&quot;preload_pages&quot;:&quot;enabled&quot;,&quot;preload_reach&quot;:1,&quot;spinner&quot;:&quot;builtin&quot;,&quot;spinner_image&quot;:&quot;https:\/\/projet2020.festicheyres.ch\/wp-content\/plugins\/wp-views\/embedded\/res\/img\/ajax-loader.gif&quot;,&quot;callback_next&quot;:&quot;&quot;,&quot;manage_history&quot;:&quot;disabled&quot;,&quot;has_controls_in_form&quot;:&quot;disabled&quot;,&quot;infinite_tolerance&quot;:&quot;0&quot;,&quot;max_pages&quot;:0,&quot;page&quot;:1,&quot;base_permalink&quot;:&quot;\/wp-json\/wp\/v2\/pages\/1832?wpv_view_count=4862-CPID4731&amp;wpv_paged=WPV_PAGE_NUM&quot;,&quot;loop&quot;:{&quot;type&quot;:&quot;&quot;,&quot;name&quot;:&quot;&quot;,&quot;data&quot;:&#091;&#093;,&quot;id&quot;:0}}\" data-permalink=\"\/wp-json\/wp\/v2\/pages\/1832?wpv_view_count=4862-CPID4731\">\n\n\t\n\t\n\t<!-- <h4>Concerts<\/h4> -->\n\t<!-- <ul class=\"wpv-loop js-wpv-loop\"> -->\n\t\t \n\t\t\t<!-- <li> -->\n              <p class=\"info-concert\">ven. 12 | 18:00 | Sc\u00e8ne des arbres <p>\n          \t<!-- <\/li> -->\n\t\t\n\t<!-- <\/ul> -->\n\t\n\t\n\t\n<\/div>\n<h3 class=\"horaire-group-name\"><a href=\"https:\/\/www.festicheyres.ch\/groupe\/capsule-a\/\">Capsule A<\/a><\/h3>\n<p><strong>Rock Alternatif<\/strong> (FR-GE-NE)<br \/>\n<em>D\u00e9part Canon<\/em>[\/vc_column_text][\/vc_column][\/vc_row]<\/p>\n<\/section>\n      <\/div>\n\t\n\t\n\t\n\t\n<\/div>\n<\/span>[\/vc_column_text][\/vc_column][vc_column css_animation=\u00a0\u00bbfadeInRight\u00a0\u00bb width=\u00a0\u00bb1\/2&Prime;][vc_column_text]<span class=\"wpv-code\">\n\n\n<div id=\"wpv-view-layout-4830-CATTR869251ac63ee2841a0fc656c57797e04\" class=\"js-wpv-view-layout js-wpv-layout-responsive js-wpv-view-layout-4830-CATTR869251ac63ee2841a0fc656c57797e04\" data-viewnumber=\"4830-CATTR869251ac63ee2841a0fc656c57797e04\" data-pagination=\"{&quot;id&quot;:&quot;4830&quot;,&quot;query&quot;:&quot;normal&quot;,&quot;type&quot;:&quot;disabled&quot;,&quot;effect&quot;:&quot;fade&quot;,&quot;duration&quot;:500,&quot;speed&quot;:5,&quot;pause_on_hover&quot;:&quot;disabled&quot;,&quot;stop_rollover&quot;:&quot;false&quot;,&quot;cache_pages&quot;:&quot;enabled&quot;,&quot;preload_images&quot;:&quot;enabled&quot;,&quot;preload_pages&quot;:&quot;enabled&quot;,&quot;preload_reach&quot;:1,&quot;spinner&quot;:&quot;builtin&quot;,&quot;spinner_image&quot;:&quot;https:\/\/www.festicheyres.ch\/wp-content\/plugins\/wp-views\/embedded\/res\/img\/ajax-loader.gif&quot;,&quot;callback_next&quot;:&quot;&quot;,&quot;manage_history&quot;:&quot;disabled&quot;,&quot;has_controls_in_form&quot;:&quot;disabled&quot;,&quot;infinite_tolerance&quot;:&quot;0&quot;,&quot;max_pages&quot;:0,&quot;page&quot;:1,&quot;base_permalink&quot;:&quot;\/wp-json\/wp\/v2\/pages\/1832?wpv_view_count=4830-CATTR869251ac63ee2841a0fc656c57797e04&amp;wpv_paged=WPV_PAGE_NUM&quot;,&quot;loop&quot;:{&quot;type&quot;:&quot;&quot;,&quot;name&quot;:&quot;&quot;,&quot;data&quot;:[],&quot;id&quot;:0}}\" data-permalink=\"\/wp-json\/wp\/v2\/pages\/1832?wpv_view_count=4830-CATTR869251ac63ee2841a0fc656c57797e04\">\n\n\t\n\t\n\t\n      <div class=\"groupe-loop\">\n\t\t\t<section class=\"wpb-content-wrapper\"><p>[vc_row][vc_column width=\u00a0\u00bb1\/3&Prime;][vc_column_text]<a href=\"https:\/\/www.festicheyres.ch\/groupe\/etienne-machine\/\"><img width=\"468\" height=\"468\" src=\"https:\/\/www.festicheyres.ch\/wp-content\/uploads\/2024\/05\/etienne8-468x468.jpg\" class=\"attachment-blog-thumb-2 size-blog-thumb-2 wp-post-image\" alt=\"\" decoding=\"async\" loading=\"lazy\" srcset=\"https:\/\/www.festicheyres.ch\/wp-content\/uploads\/2024\/05\/etienne8-468x468.jpg 468w, https:\/\/www.festicheyres.ch\/wp-content\/uploads\/2024\/05\/etienne8-150x150.jpg 150w, https:\/\/www.festicheyres.ch\/wp-content\/uploads\/2024\/05\/etienne8-scaled-266x266.jpg 266w\" sizes=\"(max-width: 468px) 100vw, 468px\" \/><\/a><\/p>\n<p>[\/vc_column_text][\/vc_column][vc_column width=\u00a0\u00bb2\/3&Prime;][vc_column_text]\n\n\n<div id=\"wpv-view-layout-4862-CPID4734\" class=\"js-wpv-view-layout js-wpv-layout-responsive js-wpv-view-layout-4862-CPID4734\" data-viewnumber=\"4862-CPID4734\" data-pagination=\"{&quot;id&quot;:&quot;4862&quot;,&quot;query&quot;:&quot;normal&quot;,&quot;type&quot;:&quot;disabled&quot;,&quot;effect&quot;:&quot;fade&quot;,&quot;duration&quot;:500,&quot;speed&quot;:5,&quot;pause_on_hover&quot;:&quot;disabled&quot;,&quot;stop_rollover&quot;:&quot;false&quot;,&quot;cache_pages&quot;:&quot;enabled&quot;,&quot;preload_images&quot;:&quot;enabled&quot;,&quot;preload_pages&quot;:&quot;enabled&quot;,&quot;preload_reach&quot;:1,&quot;spinner&quot;:&quot;builtin&quot;,&quot;spinner_image&quot;:&quot;https:\/\/projet2020.festicheyres.ch\/wp-content\/plugins\/wp-views\/embedded\/res\/img\/ajax-loader.gif&quot;,&quot;callback_next&quot;:&quot;&quot;,&quot;manage_history&quot;:&quot;disabled&quot;,&quot;has_controls_in_form&quot;:&quot;disabled&quot;,&quot;infinite_tolerance&quot;:&quot;0&quot;,&quot;max_pages&quot;:0,&quot;page&quot;:1,&quot;base_permalink&quot;:&quot;\/wp-json\/wp\/v2\/pages\/1832?wpv_view_count=4862-CPID4734&amp;wpv_paged=WPV_PAGE_NUM&quot;,&quot;loop&quot;:{&quot;type&quot;:&quot;&quot;,&quot;name&quot;:&quot;&quot;,&quot;data&quot;:&#091;&#093;,&quot;id&quot;:0}}\" data-permalink=\"\/wp-json\/wp\/v2\/pages\/1832?wpv_view_count=4862-CPID4734\">\n\n\t\n\t\n\t<!-- <h4>Concerts<\/h4> -->\n\t<!-- <ul class=\"wpv-loop js-wpv-loop\"> -->\n\t\t \n\t\t\t<!-- <li> -->\n              <p class=\"info-concert\">ven. 12 | 19:00 | Grande Sc\u00e8ne <p>\n          \t<!-- <\/li> -->\n\t\t\n\t<!-- <\/ul> -->\n\t\n\t\n\t\n<\/div>\n<h3 class=\"horaire-group-name\"><a href=\"https:\/\/www.festicheyres.ch\/groupe\/etienne-machine\/\">Etienne Machine<\/a><\/h3>\n<p><strong>Rock Alt - Shoegaze<\/strong> (Lausanne)<br \/>\n<em>Emile Zola avec des synth\u00e9tiseurs<\/em>[\/vc_column_text][\/vc_column][\/vc_row]<\/p>\n<\/section>\n      <\/div>\n\t\n\t\n\t\n\t\n<\/div>\n<\/span>[\/vc_column_text][\/vc_column][\/vc_row][vc_row][vc_column css_animation=\u00a0\u00bbfadeInLeft\u00a0\u00bb width=\u00a0\u00bb1\/2&Prime;][vc_column_text]<span class=\"wpv-code\">\n\n\n<div id=\"wpv-view-layout-4830-CATTRe6709173099a4dd9ce31edfd71ea24a4\" class=\"js-wpv-view-layout js-wpv-layout-responsive js-wpv-view-layout-4830-CATTRe6709173099a4dd9ce31edfd71ea24a4\" data-viewnumber=\"4830-CATTRe6709173099a4dd9ce31edfd71ea24a4\" data-pagination=\"{&quot;id&quot;:&quot;4830&quot;,&quot;query&quot;:&quot;normal&quot;,&quot;type&quot;:&quot;disabled&quot;,&quot;effect&quot;:&quot;fade&quot;,&quot;duration&quot;:500,&quot;speed&quot;:5,&quot;pause_on_hover&quot;:&quot;disabled&quot;,&quot;stop_rollover&quot;:&quot;false&quot;,&quot;cache_pages&quot;:&quot;enabled&quot;,&quot;preload_images&quot;:&quot;enabled&quot;,&quot;preload_pages&quot;:&quot;enabled&quot;,&quot;preload_reach&quot;:1,&quot;spinner&quot;:&quot;builtin&quot;,&quot;spinner_image&quot;:&quot;https:\/\/www.festicheyres.ch\/wp-content\/plugins\/wp-views\/embedded\/res\/img\/ajax-loader.gif&quot;,&quot;callback_next&quot;:&quot;&quot;,&quot;manage_history&quot;:&quot;disabled&quot;,&quot;has_controls_in_form&quot;:&quot;disabled&quot;,&quot;infinite_tolerance&quot;:&quot;0&quot;,&quot;max_pages&quot;:0,&quot;page&quot;:1,&quot;base_permalink&quot;:&quot;\/wp-json\/wp\/v2\/pages\/1832?wpv_view_count=4830-CATTRe6709173099a4dd9ce31edfd71ea24a4&amp;wpv_paged=WPV_PAGE_NUM&quot;,&quot;loop&quot;:{&quot;type&quot;:&quot;&quot;,&quot;name&quot;:&quot;&quot;,&quot;data&quot;:[],&quot;id&quot;:0}}\" data-permalink=\"\/wp-json\/wp\/v2\/pages\/1832?wpv_view_count=4830-CATTRe6709173099a4dd9ce31edfd71ea24a4\">\n\n\t\n\t\n\t\n      <div class=\"groupe-loop\">\n\t\t\t<section class=\"wpb-content-wrapper\"><p>[vc_row][vc_column width=\u00a0\u00bb1\/3&Prime;][vc_column_text]<a href=\"https:\/\/www.festicheyres.ch\/groupe\/nostalgie-plage\/\"><img width=\"468\" height=\"468\" src=\"https:\/\/www.festicheyres.ch\/wp-content\/uploads\/2024\/05\/NP_Glitch-468x468.jpg\" class=\"attachment-blog-thumb-2 size-blog-thumb-2 wp-post-image\" alt=\"\" decoding=\"async\" loading=\"lazy\" srcset=\"https:\/\/www.festicheyres.ch\/wp-content\/uploads\/2024\/05\/NP_Glitch-468x468.jpg 468w, https:\/\/www.festicheyres.ch\/wp-content\/uploads\/2024\/05\/NP_Glitch-150x150.jpg 150w, https:\/\/www.festicheyres.ch\/wp-content\/uploads\/2024\/05\/NP_Glitch-266x266.jpg 266w, https:\/\/www.festicheyres.ch\/wp-content\/uploads\/2024\/05\/NP_Glitch-220x220.jpg 220w\" sizes=\"(max-width: 468px) 100vw, 468px\" \/><\/a><\/p>\n<p>[\/vc_column_text][\/vc_column][vc_column width=\u00a0\u00bb2\/3&Prime;][vc_column_text]\n\n\n<div id=\"wpv-view-layout-4862-CPID4737\" class=\"js-wpv-view-layout js-wpv-layout-responsive js-wpv-view-layout-4862-CPID4737\" data-viewnumber=\"4862-CPID4737\" data-pagination=\"{&quot;id&quot;:&quot;4862&quot;,&quot;query&quot;:&quot;normal&quot;,&quot;type&quot;:&quot;disabled&quot;,&quot;effect&quot;:&quot;fade&quot;,&quot;duration&quot;:500,&quot;speed&quot;:5,&quot;pause_on_hover&quot;:&quot;disabled&quot;,&quot;stop_rollover&quot;:&quot;false&quot;,&quot;cache_pages&quot;:&quot;enabled&quot;,&quot;preload_images&quot;:&quot;enabled&quot;,&quot;preload_pages&quot;:&quot;enabled&quot;,&quot;preload_reach&quot;:1,&quot;spinner&quot;:&quot;builtin&quot;,&quot;spinner_image&quot;:&quot;https:\/\/projet2020.festicheyres.ch\/wp-content\/plugins\/wp-views\/embedded\/res\/img\/ajax-loader.gif&quot;,&quot;callback_next&quot;:&quot;&quot;,&quot;manage_history&quot;:&quot;disabled&quot;,&quot;has_controls_in_form&quot;:&quot;disabled&quot;,&quot;infinite_tolerance&quot;:&quot;0&quot;,&quot;max_pages&quot;:0,&quot;page&quot;:1,&quot;base_permalink&quot;:&quot;\/wp-json\/wp\/v2\/pages\/1832?wpv_view_count=4862-CPID4737&amp;wpv_paged=WPV_PAGE_NUM&quot;,&quot;loop&quot;:{&quot;type&quot;:&quot;&quot;,&quot;name&quot;:&quot;&quot;,&quot;data&quot;:&#091;&#093;,&quot;id&quot;:0}}\" data-permalink=\"\/wp-json\/wp\/v2\/pages\/1832?wpv_view_count=4862-CPID4737\">\n\n\t\n\t\n\t<!-- <h4>Concerts<\/h4> -->\n\t<!-- <ul class=\"wpv-loop js-wpv-loop\"> -->\n\t\t \n\t\t\t<!-- <li> -->\n              <p class=\"info-concert\">ven. 12 | 20:20 | Sc\u00e8ne des arbres <p>\n          \t<!-- <\/li> -->\n\t\t\n\t<!-- <\/ul> -->\n\t\n\t\n\t\n<\/div>\n<h3 class=\"horaire-group-name\"><a href=\"https:\/\/www.festicheyres.ch\/groupe\/nostalgie-plage\/\">Nostalgie Plage<\/a><\/h3>\n<p><strong>Zouk-Western-Bosanova-Math-Rock<\/strong> (Fribourg)<br \/>\n<em>Ils cr\u00e9\u00e8rent la Plage<\/em>[\/vc_column_text][\/vc_column][\/vc_row]<\/p>\n<\/section>\n      <\/div>\n\t\n\t\n\t\n\t\n<\/div>\n<\/span>[\/vc_column_text][\/vc_column][vc_column css_animation=\u00a0\u00bbfadeInRight\u00a0\u00bb width=\u00a0\u00bb1\/2&Prime;][vc_column_text]<span class=\"wpv-code\">\n\n\n<div id=\"wpv-view-layout-4830-CATTR4cd6b5da9d6b77821d546606d3f1833a\" class=\"js-wpv-view-layout js-wpv-layout-responsive js-wpv-view-layout-4830-CATTR4cd6b5da9d6b77821d546606d3f1833a\" data-viewnumber=\"4830-CATTR4cd6b5da9d6b77821d546606d3f1833a\" data-pagination=\"{&quot;id&quot;:&quot;4830&quot;,&quot;query&quot;:&quot;normal&quot;,&quot;type&quot;:&quot;disabled&quot;,&quot;effect&quot;:&quot;fade&quot;,&quot;duration&quot;:500,&quot;speed&quot;:5,&quot;pause_on_hover&quot;:&quot;disabled&quot;,&quot;stop_rollover&quot;:&quot;false&quot;,&quot;cache_pages&quot;:&quot;enabled&quot;,&quot;preload_images&quot;:&quot;enabled&quot;,&quot;preload_pages&quot;:&quot;enabled&quot;,&quot;preload_reach&quot;:1,&quot;spinner&quot;:&quot;builtin&quot;,&quot;spinner_image&quot;:&quot;https:\/\/www.festicheyres.ch\/wp-content\/plugins\/wp-views\/embedded\/res\/img\/ajax-loader.gif&quot;,&quot;callback_next&quot;:&quot;&quot;,&quot;manage_history&quot;:&quot;disabled&quot;,&quot;has_controls_in_form&quot;:&quot;disabled&quot;,&quot;infinite_tolerance&quot;:&quot;0&quot;,&quot;max_pages&quot;:0,&quot;page&quot;:1,&quot;base_permalink&quot;:&quot;\/wp-json\/wp\/v2\/pages\/1832?wpv_view_count=4830-CATTR4cd6b5da9d6b77821d546606d3f1833a&amp;wpv_paged=WPV_PAGE_NUM&quot;,&quot;loop&quot;:{&quot;type&quot;:&quot;&quot;,&quot;name&quot;:&quot;&quot;,&quot;data&quot;:[],&quot;id&quot;:0}}\" data-permalink=\"\/wp-json\/wp\/v2\/pages\/1832?wpv_view_count=4830-CATTR4cd6b5da9d6b77821d546606d3f1833a\">\n\n\t\n\t\n\t\n      <div class=\"groupe-loop\">\n\t\t\t<section class=\"wpb-content-wrapper\"><p>[vc_row][vc_column width=\u00a0\u00bb1\/3&Prime;][vc_column_text]<a href=\"https:\/\/www.festicheyres.ch\/groupe\/johnny-montreuil\/\"><img width=\"468\" height=\"468\" src=\"https:\/\/www.festicheyres.ch\/wp-content\/uploads\/2024\/05\/JOHNNY_MONTREUIL_MUSE\u2560uE\u252c\u00aeYANN_ORHAN-468x468.jpg\" class=\"attachment-blog-thumb-2 size-blog-thumb-2 wp-post-image\" alt=\"\" decoding=\"async\" loading=\"lazy\" srcset=\"https:\/\/www.festicheyres.ch\/wp-content\/uploads\/2024\/05\/JOHNNY_MONTREUIL_MUSE\u2560uE\u252c\u00aeYANN_ORHAN-468x468.jpg 468w, https:\/\/www.festicheyres.ch\/wp-content\/uploads\/2024\/05\/JOHNNY_MONTREUIL_MUSE\u2560uE\u252c\u00aeYANN_ORHAN-150x150.jpg 150w, https:\/\/www.festicheyres.ch\/wp-content\/uploads\/2024\/05\/JOHNNY_MONTREUIL_MUSE\u2560uE\u252c\u00aeYANN_ORHAN-scaled-266x266.jpg 266w, https:\/\/www.festicheyres.ch\/wp-content\/uploads\/2024\/05\/JOHNNY_MONTREUIL_MUSE\u2560uE\u252c\u00aeYANN_ORHAN-scaled-220x220.jpg 220w\" sizes=\"(max-width: 468px) 100vw, 468px\" \/><\/a><\/p>\n<p>[\/vc_column_text][\/vc_column][vc_column width=\u00a0\u00bb2\/3&Prime;][vc_column_text]\n\n\n<div id=\"wpv-view-layout-4862-CPID4740\" class=\"js-wpv-view-layout js-wpv-layout-responsive js-wpv-view-layout-4862-CPID4740\" data-viewnumber=\"4862-CPID4740\" data-pagination=\"{&quot;id&quot;:&quot;4862&quot;,&quot;query&quot;:&quot;normal&quot;,&quot;type&quot;:&quot;disabled&quot;,&quot;effect&quot;:&quot;fade&quot;,&quot;duration&quot;:500,&quot;speed&quot;:5,&quot;pause_on_hover&quot;:&quot;disabled&quot;,&quot;stop_rollover&quot;:&quot;false&quot;,&quot;cache_pages&quot;:&quot;enabled&quot;,&quot;preload_images&quot;:&quot;enabled&quot;,&quot;preload_pages&quot;:&quot;enabled&quot;,&quot;preload_reach&quot;:1,&quot;spinner&quot;:&quot;builtin&quot;,&quot;spinner_image&quot;:&quot;https:\/\/projet2020.festicheyres.ch\/wp-content\/plugins\/wp-views\/embedded\/res\/img\/ajax-loader.gif&quot;,&quot;callback_next&quot;:&quot;&quot;,&quot;manage_history&quot;:&quot;disabled&quot;,&quot;has_controls_in_form&quot;:&quot;disabled&quot;,&quot;infinite_tolerance&quot;:&quot;0&quot;,&quot;max_pages&quot;:0,&quot;page&quot;:1,&quot;base_permalink&quot;:&quot;\/wp-json\/wp\/v2\/pages\/1832?wpv_view_count=4862-CPID4740&amp;wpv_paged=WPV_PAGE_NUM&quot;,&quot;loop&quot;:{&quot;type&quot;:&quot;&quot;,&quot;name&quot;:&quot;&quot;,&quot;data&quot;:&#091;&#093;,&quot;id&quot;:0}}\" data-permalink=\"\/wp-json\/wp\/v2\/pages\/1832?wpv_view_count=4862-CPID4740\">\n\n\t\n\t\n\t<!-- <h4>Concerts<\/h4> -->\n\t<!-- <ul class=\"wpv-loop js-wpv-loop\"> -->\n\t\t \n\t\t\t<!-- <li> -->\n              <p class=\"info-concert\">ven. 12 | 21:20 | Grande Sc\u00e8ne <p>\n          \t<!-- <\/li> -->\n\t\t\n\t<!-- <\/ul> -->\n\t\n\t\n\t\n<\/div>\n<h3 class=\"horaire-group-name\"><a href=\"https:\/\/www.festicheyres.ch\/groupe\/johnny-montreuil\/\">Johnny Montreuil<\/a><\/h3>\n<p><strong>Rock'N'Roll - Blues - Chanson<\/strong> (France)<br \/>\n<em>Un Voyou du 21\u00e8me si\u00e8cle<\/em>[\/vc_column_text][\/vc_column][\/vc_row]<\/p>\n<\/section>\n      <\/div>\n\t\n\t\n\t\n\t\n<\/div>\n<\/span>[\/vc_column_text][\/vc_column][\/vc_row][vc_row][vc_column css_animation=\u00a0\u00bbfadeInLeft\u00a0\u00bb width=\u00a0\u00bb1\/2&Prime;][vc_column_text]<span class=\"wpv-code\">\n\n\n<div id=\"wpv-view-layout-4830-CATTR4ad2ebd578a08096ad8fde4970365d6d\" class=\"js-wpv-view-layout js-wpv-layout-responsive js-wpv-view-layout-4830-CATTR4ad2ebd578a08096ad8fde4970365d6d\" data-viewnumber=\"4830-CATTR4ad2ebd578a08096ad8fde4970365d6d\" data-pagination=\"{&quot;id&quot;:&quot;4830&quot;,&quot;query&quot;:&quot;normal&quot;,&quot;type&quot;:&quot;disabled&quot;,&quot;effect&quot;:&quot;fade&quot;,&quot;duration&quot;:500,&quot;speed&quot;:5,&quot;pause_on_hover&quot;:&quot;disabled&quot;,&quot;stop_rollover&quot;:&quot;false&quot;,&quot;cache_pages&quot;:&quot;enabled&quot;,&quot;preload_images&quot;:&quot;enabled&quot;,&quot;preload_pages&quot;:&quot;enabled&quot;,&quot;preload_reach&quot;:1,&quot;spinner&quot;:&quot;builtin&quot;,&quot;spinner_image&quot;:&quot;https:\/\/www.festicheyres.ch\/wp-content\/plugins\/wp-views\/embedded\/res\/img\/ajax-loader.gif&quot;,&quot;callback_next&quot;:&quot;&quot;,&quot;manage_history&quot;:&quot;disabled&quot;,&quot;has_controls_in_form&quot;:&quot;disabled&quot;,&quot;infinite_tolerance&quot;:&quot;0&quot;,&quot;max_pages&quot;:0,&quot;page&quot;:1,&quot;base_permalink&quot;:&quot;\/wp-json\/wp\/v2\/pages\/1832?wpv_view_count=4830-CATTR4ad2ebd578a08096ad8fde4970365d6d&amp;wpv_paged=WPV_PAGE_NUM&quot;,&quot;loop&quot;:{&quot;type&quot;:&quot;&quot;,&quot;name&quot;:&quot;&quot;,&quot;data&quot;:[],&quot;id&quot;:0}}\" data-permalink=\"\/wp-json\/wp\/v2\/pages\/1832?wpv_view_count=4830-CATTR4ad2ebd578a08096ad8fde4970365d6d\">\n\n\t\n\t\n\t\n      <div class=\"groupe-loop\">\n\t\t\t<section class=\"wpb-content-wrapper\"><p>[vc_row][vc_column width=\u00a0\u00bb1\/3&Prime;][vc_column_text]<a href=\"https:\/\/www.festicheyres.ch\/groupe\/fluffy-machine\/\"><img width=\"468\" height=\"468\" src=\"https:\/\/www.festicheyres.ch\/wp-content\/uploads\/2024\/05\/FluffyMachine_2024_Promo_CopyrightMorganeRaposo1-468x468.jpg\" class=\"attachment-blog-thumb-2 size-blog-thumb-2 wp-post-image\" alt=\"\" decoding=\"async\" loading=\"lazy\" srcset=\"https:\/\/www.festicheyres.ch\/wp-content\/uploads\/2024\/05\/FluffyMachine_2024_Promo_CopyrightMorganeRaposo1-468x468.jpg 468w, https:\/\/www.festicheyres.ch\/wp-content\/uploads\/2024\/05\/FluffyMachine_2024_Promo_CopyrightMorganeRaposo1-300x300.jpg 300w, https:\/\/www.festicheyres.ch\/wp-content\/uploads\/2024\/05\/FluffyMachine_2024_Promo_CopyrightMorganeRaposo1-1024x1024.jpg 1024w, https:\/\/www.festicheyres.ch\/wp-content\/uploads\/2024\/05\/FluffyMachine_2024_Promo_CopyrightMorganeRaposo1-150x150.jpg 150w, https:\/\/www.festicheyres.ch\/wp-content\/uploads\/2024\/05\/FluffyMachine_2024_Promo_CopyrightMorganeRaposo1-768x768.jpg 768w, https:\/\/www.festicheyres.ch\/wp-content\/uploads\/2024\/05\/FluffyMachine_2024_Promo_CopyrightMorganeRaposo1-1536x1536.jpg 1536w, https:\/\/www.festicheyres.ch\/wp-content\/uploads\/2024\/05\/FluffyMachine_2024_Promo_CopyrightMorganeRaposo1-1612x1612.jpg 1612w, https:\/\/www.festicheyres.ch\/wp-content\/uploads\/2024\/05\/FluffyMachine_2024_Promo_CopyrightMorganeRaposo1-1116x1116.jpg 1116w, https:\/\/www.festicheyres.ch\/wp-content\/uploads\/2024\/05\/FluffyMachine_2024_Promo_CopyrightMorganeRaposo1-806x806.jpg 806w, https:\/\/www.festicheyres.ch\/wp-content\/uploads\/2024\/05\/FluffyMachine_2024_Promo_CopyrightMorganeRaposo1-558x558.jpg 558w, https:\/\/www.festicheyres.ch\/wp-content\/uploads\/2024\/05\/FluffyMachine_2024_Promo_CopyrightMorganeRaposo1-655x655.jpg 655w, https:\/\/www.festicheyres.ch\/wp-content\/uploads\/2024\/05\/FluffyMachine_2024_Promo_CopyrightMorganeRaposo1-266x266.jpg 266w, https:\/\/www.festicheyres.ch\/wp-content\/uploads\/2024\/05\/FluffyMachine_2024_Promo_CopyrightMorganeRaposo1-220x220.jpg 220w, https:\/\/www.festicheyres.ch\/wp-content\/uploads\/2024\/05\/FluffyMachine_2024_Promo_CopyrightMorganeRaposo1.jpg 2000w\" sizes=\"(max-width: 468px) 100vw, 468px\" \/><\/a><\/p>\n<p>[\/vc_column_text][\/vc_column][vc_column width=\u00a0\u00bb2\/3&Prime;][vc_column_text]\n\n\n<div id=\"wpv-view-layout-4862-CPID4743\" class=\"js-wpv-view-layout js-wpv-layout-responsive js-wpv-view-layout-4862-CPID4743\" data-viewnumber=\"4862-CPID4743\" data-pagination=\"{&quot;id&quot;:&quot;4862&quot;,&quot;query&quot;:&quot;normal&quot;,&quot;type&quot;:&quot;disabled&quot;,&quot;effect&quot;:&quot;fade&quot;,&quot;duration&quot;:500,&quot;speed&quot;:5,&quot;pause_on_hover&quot;:&quot;disabled&quot;,&quot;stop_rollover&quot;:&quot;false&quot;,&quot;cache_pages&quot;:&quot;enabled&quot;,&quot;preload_images&quot;:&quot;enabled&quot;,&quot;preload_pages&quot;:&quot;enabled&quot;,&quot;preload_reach&quot;:1,&quot;spinner&quot;:&quot;builtin&quot;,&quot;spinner_image&quot;:&quot;https:\/\/projet2020.festicheyres.ch\/wp-content\/plugins\/wp-views\/embedded\/res\/img\/ajax-loader.gif&quot;,&quot;callback_next&quot;:&quot;&quot;,&quot;manage_history&quot;:&quot;disabled&quot;,&quot;has_controls_in_form&quot;:&quot;disabled&quot;,&quot;infinite_tolerance&quot;:&quot;0&quot;,&quot;max_pages&quot;:0,&quot;page&quot;:1,&quot;base_permalink&quot;:&quot;\/wp-json\/wp\/v2\/pages\/1832?wpv_view_count=4862-CPID4743&amp;wpv_paged=WPV_PAGE_NUM&quot;,&quot;loop&quot;:{&quot;type&quot;:&quot;&quot;,&quot;name&quot;:&quot;&quot;,&quot;data&quot;:&#091;&#093;,&quot;id&quot;:0}}\" data-permalink=\"\/wp-json\/wp\/v2\/pages\/1832?wpv_view_count=4862-CPID4743\">\n\n\t\n\t\n\t<!-- <h4>Concerts<\/h4> -->\n\t<!-- <ul class=\"wpv-loop js-wpv-loop\"> -->\n\t\t \n\t\t\t<!-- <li> -->\n              <p class=\"info-concert\">ven. 12 | 22:40 | Sc\u00e8ne des arbres <p>\n          \t<!-- <\/li> -->\n\t\t\n\t<!-- <\/ul> -->\n\t\n\t\n\t\n<\/div>\n<h3 class=\"horaire-group-name\"><a href=\"https:\/\/www.festicheyres.ch\/groupe\/fluffy-machine\/\">Fluffy Machine<\/a><\/h3>\n<p><strong>Skate-Punk<\/strong> (Valais)<br \/>\n<em>La Machine \u00e0 f\u00eate !<\/em>[\/vc_column_text][\/vc_column][\/vc_row]<\/p>\n<\/section>\n      <\/div>\n\t\n\t\n\t\n\t\n<\/div>\n<\/span>[\/vc_column_text][\/vc_column][vc_column css_animation=\u00a0\u00bbfadeInRight\u00a0\u00bb width=\u00a0\u00bb1\/2&Prime;][vc_column_text]<span class=\"wpv-code\">\n\n\n<div id=\"wpv-view-layout-4830-CATTRbecc50399af5ac9bb66d1af8baf573b0\" class=\"js-wpv-view-layout js-wpv-layout-responsive js-wpv-view-layout-4830-CATTRbecc50399af5ac9bb66d1af8baf573b0\" data-viewnumber=\"4830-CATTRbecc50399af5ac9bb66d1af8baf573b0\" data-pagination=\"{&quot;id&quot;:&quot;4830&quot;,&quot;query&quot;:&quot;normal&quot;,&quot;type&quot;:&quot;disabled&quot;,&quot;effect&quot;:&quot;fade&quot;,&quot;duration&quot;:500,&quot;speed&quot;:5,&quot;pause_on_hover&quot;:&quot;disabled&quot;,&quot;stop_rollover&quot;:&quot;false&quot;,&quot;cache_pages&quot;:&quot;enabled&quot;,&quot;preload_images&quot;:&quot;enabled&quot;,&quot;preload_pages&quot;:&quot;enabled&quot;,&quot;preload_reach&quot;:1,&quot;spinner&quot;:&quot;builtin&quot;,&quot;spinner_image&quot;:&quot;https:\/\/www.festicheyres.ch\/wp-content\/plugins\/wp-views\/embedded\/res\/img\/ajax-loader.gif&quot;,&quot;callback_next&quot;:&quot;&quot;,&quot;manage_history&quot;:&quot;disabled&quot;,&quot;has_controls_in_form&quot;:&quot;disabled&quot;,&quot;infinite_tolerance&quot;:&quot;0&quot;,&quot;max_pages&quot;:0,&quot;page&quot;:1,&quot;base_permalink&quot;:&quot;\/wp-json\/wp\/v2\/pages\/1832?wpv_view_count=4830-CATTRbecc50399af5ac9bb66d1af8baf573b0&amp;wpv_paged=WPV_PAGE_NUM&quot;,&quot;loop&quot;:{&quot;type&quot;:&quot;&quot;,&quot;name&quot;:&quot;&quot;,&quot;data&quot;:[],&quot;id&quot;:0}}\" data-permalink=\"\/wp-json\/wp\/v2\/pages\/1832?wpv_view_count=4830-CATTRbecc50399af5ac9bb66d1af8baf573b0\">\n\n\t\n\t\n\t\n      <div class=\"groupe-loop\">\n\t\t\t<section class=\"wpb-content-wrapper\"><p>[vc_row][vc_column width=\u00a0\u00bb1\/3&Prime;][vc_column_text]<a href=\"https:\/\/www.festicheyres.ch\/groupe\/mothers-cake\/\"><img width=\"468\" height=\"468\" src=\"https:\/\/www.festicheyres.ch\/wp-content\/uploads\/2024\/05\/mc_presspic_cits-002-468x468.jpg\" class=\"attachment-blog-thumb-2 size-blog-thumb-2 wp-post-image\" alt=\"\" decoding=\"async\" loading=\"lazy\" srcset=\"https:\/\/www.festicheyres.ch\/wp-content\/uploads\/2024\/05\/mc_presspic_cits-002-468x468.jpg 468w, https:\/\/www.festicheyres.ch\/wp-content\/uploads\/2024\/05\/mc_presspic_cits-002-150x150.jpg 150w, https:\/\/www.festicheyres.ch\/wp-content\/uploads\/2024\/05\/mc_presspic_cits-002-266x266.jpg 266w, https:\/\/www.festicheyres.ch\/wp-content\/uploads\/2024\/05\/mc_presspic_cits-002-220x220.jpg 220w\" sizes=\"(max-width: 468px) 100vw, 468px\" \/><\/a><\/p>\n<p>[\/vc_column_text][\/vc_column][vc_column width=\u00a0\u00bb2\/3&Prime;][vc_column_text]\n\n\n<div id=\"wpv-view-layout-4862-CPID4746\" class=\"js-wpv-view-layout js-wpv-layout-responsive js-wpv-view-layout-4862-CPID4746\" data-viewnumber=\"4862-CPID4746\" data-pagination=\"{&quot;id&quot;:&quot;4862&quot;,&quot;query&quot;:&quot;normal&quot;,&quot;type&quot;:&quot;disabled&quot;,&quot;effect&quot;:&quot;fade&quot;,&quot;duration&quot;:500,&quot;speed&quot;:5,&quot;pause_on_hover&quot;:&quot;disabled&quot;,&quot;stop_rollover&quot;:&quot;false&quot;,&quot;cache_pages&quot;:&quot;enabled&quot;,&quot;preload_images&quot;:&quot;enabled&quot;,&quot;preload_pages&quot;:&quot;enabled&quot;,&quot;preload_reach&quot;:1,&quot;spinner&quot;:&quot;builtin&quot;,&quot;spinner_image&quot;:&quot;https:\/\/projet2020.festicheyres.ch\/wp-content\/plugins\/wp-views\/embedded\/res\/img\/ajax-loader.gif&quot;,&quot;callback_next&quot;:&quot;&quot;,&quot;manage_history&quot;:&quot;disabled&quot;,&quot;has_controls_in_form&quot;:&quot;disabled&quot;,&quot;infinite_tolerance&quot;:&quot;0&quot;,&quot;max_pages&quot;:0,&quot;page&quot;:1,&quot;base_permalink&quot;:&quot;\/wp-json\/wp\/v2\/pages\/1832?wpv_view_count=4862-CPID4746&amp;wpv_paged=WPV_PAGE_NUM&quot;,&quot;loop&quot;:{&quot;type&quot;:&quot;&quot;,&quot;name&quot;:&quot;&quot;,&quot;data&quot;:&#091;&#093;,&quot;id&quot;:0}}\" data-permalink=\"\/wp-json\/wp\/v2\/pages\/1832?wpv_view_count=4862-CPID4746\">\n\n\t\n\t\n\t<!-- <h4>Concerts<\/h4> -->\n\t<!-- <ul class=\"wpv-loop js-wpv-loop\"> -->\n\t\t \n\t\t\t<!-- <li> -->\n              <p class=\"info-concert\">ven. 12 | 23:40 | Grande Sc\u00e8ne <p>\n          \t<!-- <\/li> -->\n\t\t\n\t<!-- <\/ul> -->\n\t\n\t\n\t\n<\/div>\n<h3 class=\"horaire-group-name\"><a href=\"https:\/\/www.festicheyres.ch\/groupe\/mothers-cake\/\">Mother&rsquo;s Cake<\/a><\/h3>\n<p><strong>Psych\u00e9d\u00e9lique Space Rock<\/strong> (Autriche)<br \/>\n<em>Ni Martiens, ni Terriens.<\/em>[\/vc_column_text][\/vc_column][\/vc_row]<\/p>\n<\/section>\n      <\/div>\n\t\n\t\n\t\n\t\n<\/div>\n<\/span>[\/vc_column_text][\/vc_column][\/vc_row][vc_row][vc_column css_animation=\u00a0\u00bbfadeInLeft\u00a0\u00bb width=\u00a0\u00bb1\/2&Prime;][vc_column_text]<span class=\"wpv-code\">\n\n\n<div id=\"wpv-view-layout-4830-CATTRd6baa35ff079ca5022a0c5759b18d6f8\" class=\"js-wpv-view-layout js-wpv-layout-responsive js-wpv-view-layout-4830-CATTRd6baa35ff079ca5022a0c5759b18d6f8\" data-viewnumber=\"4830-CATTRd6baa35ff079ca5022a0c5759b18d6f8\" data-pagination=\"{&quot;id&quot;:&quot;4830&quot;,&quot;query&quot;:&quot;normal&quot;,&quot;type&quot;:&quot;disabled&quot;,&quot;effect&quot;:&quot;fade&quot;,&quot;duration&quot;:500,&quot;speed&quot;:5,&quot;pause_on_hover&quot;:&quot;disabled&quot;,&quot;stop_rollover&quot;:&quot;false&quot;,&quot;cache_pages&quot;:&quot;enabled&quot;,&quot;preload_images&quot;:&quot;enabled&quot;,&quot;preload_pages&quot;:&quot;enabled&quot;,&quot;preload_reach&quot;:1,&quot;spinner&quot;:&quot;builtin&quot;,&quot;spinner_image&quot;:&quot;https:\/\/www.festicheyres.ch\/wp-content\/plugins\/wp-views\/embedded\/res\/img\/ajax-loader.gif&quot;,&quot;callback_next&quot;:&quot;&quot;,&quot;manage_history&quot;:&quot;disabled&quot;,&quot;has_controls_in_form&quot;:&quot;disabled&quot;,&quot;infinite_tolerance&quot;:&quot;0&quot;,&quot;max_pages&quot;:0,&quot;page&quot;:1,&quot;base_permalink&quot;:&quot;\/wp-json\/wp\/v2\/pages\/1832?wpv_view_count=4830-CATTRd6baa35ff079ca5022a0c5759b18d6f8&amp;wpv_paged=WPV_PAGE_NUM&quot;,&quot;loop&quot;:{&quot;type&quot;:&quot;&quot;,&quot;name&quot;:&quot;&quot;,&quot;data&quot;:[],&quot;id&quot;:0}}\" data-permalink=\"\/wp-json\/wp\/v2\/pages\/1832?wpv_view_count=4830-CATTRd6baa35ff079ca5022a0c5759b18d6f8\">\n\n\t\n\t\n\t\n      <div class=\"groupe-loop\">\n\t\t\t<section class=\"wpb-content-wrapper\"><p>[vc_row][vc_column width=\u00a0\u00bb1\/3&Prime;][vc_column_text]<a href=\"https:\/\/www.festicheyres.ch\/groupe\/among-vultures\/\"><img width=\"468\" height=\"468\" src=\"https:\/\/www.festicheyres.ch\/wp-content\/uploads\/2024\/05\/Among_Photo-468x468.jpg\" class=\"attachment-blog-thumb-2 size-blog-thumb-2 wp-post-image\" alt=\"\" decoding=\"async\" loading=\"lazy\" srcset=\"https:\/\/www.festicheyres.ch\/wp-content\/uploads\/2024\/05\/Among_Photo-468x468.jpg 468w, https:\/\/www.festicheyres.ch\/wp-content\/uploads\/2024\/05\/Among_Photo-150x150.jpg 150w, https:\/\/www.festicheyres.ch\/wp-content\/uploads\/2024\/05\/Among_Photo-scaled-266x266.jpg 266w, https:\/\/www.festicheyres.ch\/wp-content\/uploads\/2024\/05\/Among_Photo-scaled-220x220.jpg 220w\" sizes=\"(max-width: 468px) 100vw, 468px\" \/><\/a><\/p>\n<p>[\/vc_column_text][\/vc_column][vc_column width=\u00a0\u00bb2\/3&Prime;][vc_column_text]\n\n\n<div id=\"wpv-view-layout-4862-CPID4749\" class=\"js-wpv-view-layout js-wpv-layout-responsive js-wpv-view-layout-4862-CPID4749\" data-viewnumber=\"4862-CPID4749\" data-pagination=\"{&quot;id&quot;:&quot;4862&quot;,&quot;query&quot;:&quot;normal&quot;,&quot;type&quot;:&quot;disabled&quot;,&quot;effect&quot;:&quot;fade&quot;,&quot;duration&quot;:500,&quot;speed&quot;:5,&quot;pause_on_hover&quot;:&quot;disabled&quot;,&quot;stop_rollover&quot;:&quot;false&quot;,&quot;cache_pages&quot;:&quot;enabled&quot;,&quot;preload_images&quot;:&quot;enabled&quot;,&quot;preload_pages&quot;:&quot;enabled&quot;,&quot;preload_reach&quot;:1,&quot;spinner&quot;:&quot;builtin&quot;,&quot;spinner_image&quot;:&quot;https:\/\/projet2020.festicheyres.ch\/wp-content\/plugins\/wp-views\/embedded\/res\/img\/ajax-loader.gif&quot;,&quot;callback_next&quot;:&quot;&quot;,&quot;manage_history&quot;:&quot;disabled&quot;,&quot;has_controls_in_form&quot;:&quot;disabled&quot;,&quot;infinite_tolerance&quot;:&quot;0&quot;,&quot;max_pages&quot;:0,&quot;page&quot;:1,&quot;base_permalink&quot;:&quot;\/wp-json\/wp\/v2\/pages\/1832?wpv_view_count=4862-CPID4749&amp;wpv_paged=WPV_PAGE_NUM&quot;,&quot;loop&quot;:{&quot;type&quot;:&quot;&quot;,&quot;name&quot;:&quot;&quot;,&quot;data&quot;:&#091;&#093;,&quot;id&quot;:0}}\" data-permalink=\"\/wp-json\/wp\/v2\/pages\/1832?wpv_view_count=4862-CPID4749\">\n\n\t\n\t\n\t<!-- <h4>Concerts<\/h4> -->\n\t<!-- <ul class=\"wpv-loop js-wpv-loop\"> -->\n\t\t \n\t\t\t<!-- <li> -->\n              <p class=\"info-concert\">ven. 12 | 01:00 | Sc\u00e8ne des arbres <p>\n          \t<!-- <\/li> -->\n\t\t\n\t<!-- <\/ul> -->\n\t\n\t\n\t\n<\/div>\n<h3 class=\"horaire-group-name\"><a href=\"https:\/\/www.festicheyres.ch\/groupe\/among-vultures\/\">Among Vultures<\/a><\/h3>\n<p><strong>Blackened Hardcore<\/strong> (Fribourg)<br \/>\n<em>Quand la nuit tombe, les vautours r\u00f4dent<\/em>[\/vc_column_text][\/vc_column][\/vc_row]<\/p>\n<\/section>\n      <\/div>\n\t\n\t\n\t\n\t\n<\/div>\n<\/span>[\/vc_column_text][\/vc_column][vc_column css_animation=\u00a0\u00bbfadeInRight\u00a0\u00bb width=\u00a0\u00bb1\/2&Prime;][vc_column_text]<span class=\"wpv-code\">\n\n\n<div id=\"wpv-view-layout-4830-CATTR2c1ccb081ae4d6e3c427c7305e355f42\" class=\"js-wpv-view-layout js-wpv-layout-responsive js-wpv-view-layout-4830-CATTR2c1ccb081ae4d6e3c427c7305e355f42\" data-viewnumber=\"4830-CATTR2c1ccb081ae4d6e3c427c7305e355f42\" data-pagination=\"{&quot;id&quot;:&quot;4830&quot;,&quot;query&quot;:&quot;normal&quot;,&quot;type&quot;:&quot;disabled&quot;,&quot;effect&quot;:&quot;fade&quot;,&quot;duration&quot;:500,&quot;speed&quot;:5,&quot;pause_on_hover&quot;:&quot;disabled&quot;,&quot;stop_rollover&quot;:&quot;false&quot;,&quot;cache_pages&quot;:&quot;enabled&quot;,&quot;preload_images&quot;:&quot;enabled&quot;,&quot;preload_pages&quot;:&quot;enabled&quot;,&quot;preload_reach&quot;:1,&quot;spinner&quot;:&quot;builtin&quot;,&quot;spinner_image&quot;:&quot;https:\/\/www.festicheyres.ch\/wp-content\/plugins\/wp-views\/embedded\/res\/img\/ajax-loader.gif&quot;,&quot;callback_next&quot;:&quot;&quot;,&quot;manage_history&quot;:&quot;disabled&quot;,&quot;has_controls_in_form&quot;:&quot;disabled&quot;,&quot;infinite_tolerance&quot;:&quot;0&quot;,&quot;max_pages&quot;:0,&quot;page&quot;:1,&quot;base_permalink&quot;:&quot;\/wp-json\/wp\/v2\/pages\/1832?wpv_view_count=4830-CATTR2c1ccb081ae4d6e3c427c7305e355f42&amp;wpv_paged=WPV_PAGE_NUM&quot;,&quot;loop&quot;:{&quot;type&quot;:&quot;&quot;,&quot;name&quot;:&quot;&quot;,&quot;data&quot;:[],&quot;id&quot;:0}}\" data-permalink=\"\/wp-json\/wp\/v2\/pages\/1832?wpv_view_count=4830-CATTR2c1ccb081ae4d6e3c427c7305e355f42\">\n\n\t\n\t\n\t\n      <div class=\"groupe-loop\">\n\t\t\t<section class=\"wpb-content-wrapper\"><p>[vc_row][vc_column width=\u00a0\u00bb1\/3&Prime;][vc_column_text]<a href=\"https:\/\/www.festicheyres.ch\/groupe\/after-djs-bastonxmusic-vs-sac-de-l-est\/\"><img width=\"468\" height=\"468\" src=\"https:\/\/www.festicheyres.ch\/wp-content\/uploads\/2024\/05\/Les-Vilains-468x468.jpeg\" class=\"attachment-blog-thumb-2 size-blog-thumb-2 wp-post-image\" alt=\"\" decoding=\"async\" loading=\"lazy\" srcset=\"https:\/\/www.festicheyres.ch\/wp-content\/uploads\/2024\/05\/Les-Vilains-468x468.jpeg 468w, https:\/\/www.festicheyres.ch\/wp-content\/uploads\/2024\/05\/Les-Vilains-300x300.jpeg 300w, https:\/\/www.festicheyres.ch\/wp-content\/uploads\/2024\/05\/Les-Vilains-150x150.jpeg 150w, https:\/\/www.festicheyres.ch\/wp-content\/uploads\/2024\/05\/Les-Vilains-558x558.jpeg 558w, https:\/\/www.festicheyres.ch\/wp-content\/uploads\/2024\/05\/Les-Vilains-655x655.jpeg 655w, https:\/\/www.festicheyres.ch\/wp-content\/uploads\/2024\/05\/Les-Vilains-266x266.jpeg 266w, https:\/\/www.festicheyres.ch\/wp-content\/uploads\/2024\/05\/Les-Vilains-220x220.jpeg 220w, https:\/\/www.festicheyres.ch\/wp-content\/uploads\/2024\/05\/Les-Vilains.jpeg 719w\" sizes=\"(max-width: 468px) 100vw, 468px\" \/><\/a><\/p>\n<p>[\/vc_column_text][\/vc_column][vc_column width=\u00a0\u00bb2\/3&Prime;][vc_column_text]\n\n\n<div id=\"wpv-view-layout-4862-CPID4872\" class=\"js-wpv-view-layout js-wpv-layout-responsive js-wpv-view-layout-4862-CPID4872\" data-viewnumber=\"4862-CPID4872\" data-pagination=\"{&quot;id&quot;:&quot;4862&quot;,&quot;query&quot;:&quot;normal&quot;,&quot;type&quot;:&quot;disabled&quot;,&quot;effect&quot;:&quot;fade&quot;,&quot;duration&quot;:500,&quot;speed&quot;:5,&quot;pause_on_hover&quot;:&quot;disabled&quot;,&quot;stop_rollover&quot;:&quot;false&quot;,&quot;cache_pages&quot;:&quot;enabled&quot;,&quot;preload_images&quot;:&quot;enabled&quot;,&quot;preload_pages&quot;:&quot;enabled&quot;,&quot;preload_reach&quot;:1,&quot;spinner&quot;:&quot;builtin&quot;,&quot;spinner_image&quot;:&quot;https:\/\/projet2020.festicheyres.ch\/wp-content\/plugins\/wp-views\/embedded\/res\/img\/ajax-loader.gif&quot;,&quot;callback_next&quot;:&quot;&quot;,&quot;manage_history&quot;:&quot;disabled&quot;,&quot;has_controls_in_form&quot;:&quot;disabled&quot;,&quot;infinite_tolerance&quot;:&quot;0&quot;,&quot;max_pages&quot;:0,&quot;page&quot;:1,&quot;base_permalink&quot;:&quot;\/wp-json\/wp\/v2\/pages\/1832?wpv_view_count=4862-CPID4872&amp;wpv_paged=WPV_PAGE_NUM&quot;,&quot;loop&quot;:{&quot;type&quot;:&quot;&quot;,&quot;name&quot;:&quot;&quot;,&quot;data&quot;:&#091;&#093;,&quot;id&quot;:0}}\" data-permalink=\"\/wp-json\/wp\/v2\/pages\/1832?wpv_view_count=4862-CPID4872\">\n\n\t\n\t\n\t<!-- <h4>Concerts<\/h4> -->\n\t<!-- <ul class=\"wpv-loop js-wpv-loop\"> -->\n\t\t \n\t\t\t<!-- <li> -->\n              <p class=\"info-concert\">ven. 12 | 01:15 |  <p>\n          \t<!-- <\/li> -->\n\t\t\n\t<!-- <\/ul> -->\n\t\n\t\n\t\n<\/div>\n<h3 class=\"horaire-group-name\"><a href=\"https:\/\/www.festicheyres.ch\/groupe\/after-djs-bastonxmusic-vs-sac-de-l-est\/\">After DJs bastonxmusic vs sac de l est<\/a><\/h3>\n<p><strong>La F\u00eate du Fun<\/strong> (La Broye)<br \/>\n<em>Le retour du retour<\/em>[\/vc_column_text][\/vc_column][\/vc_row]<\/p>\n<\/section>\n      <\/div>\n\t\n\t\n\t\n\t\n<\/div>\n<\/span>[\/vc_column_text][\/vc_column][\/vc_row][vc_row][vc_column][vc_column_text]<\/p>\n<h2>Samedi 13 juillet<\/h2>\n<h3>d\u00e8s 9h<\/h3>\n<p>[\/vc_column_text][\/vc_column][\/vc_row][vc_row][vc_column css_animation=\u00a0\u00bbfadeInLeft\u00a0\u00bb width=\u00a0\u00bb1\/2&Prime;][vc_column_text]d\u00e8s 9h | <a href=\"https:\/\/www.festicheyres.ch\/programme\/animations\/\">P&rsquo;tit d\u00e9j au bord du lac<\/a><\/p>\n<p>7h45 &#8211; 9h | <a href=\"https:\/\/www.festicheyres.ch\/programme\/animations\/\">Kundalini Yoga<\/a><\/p>\n<p>d\u00e8s 13h30 | <a href=\"https:\/\/www.festicheyres.ch\/programme\/animations\/\">Animations pour enfants<\/a><\/p>\n<p>10h30 &#8211; 14h | <a href=\"https:\/\/www.festicheyres.ch\/programme\/animations\/\">Tournoi de Beach-Volley<\/a>[\/vc_column_text][\/vc_column][vc_column css_animation=\u00a0\u00bbfadeInRight\u00a0\u00bb width=\u00a0\u00bb1\/2&Prime;][\/vc_column][\/vc_row][vc_row][vc_column][vc_empty_space height=\u00a0\u00bb50px\u00a0\u00bb][\/vc_column][\/vc_row][vc_row][vc_column css_animation=\u00a0\u00bbfadeInLeft\u00a0\u00bb width=\u00a0\u00bb1\/2&Prime;][vc_column_text]<span class=\"wpv-code\">\n\n\n<div id=\"wpv-view-layout-4830-CATTR7d50970e51e87ad9f3f06743bfbad4f2\" class=\"js-wpv-view-layout js-wpv-layout-responsive js-wpv-view-layout-4830-CATTR7d50970e51e87ad9f3f06743bfbad4f2\" data-viewnumber=\"4830-CATTR7d50970e51e87ad9f3f06743bfbad4f2\" data-pagination=\"{&quot;id&quot;:&quot;4830&quot;,&quot;query&quot;:&quot;normal&quot;,&quot;type&quot;:&quot;disabled&quot;,&quot;effect&quot;:&quot;fade&quot;,&quot;duration&quot;:500,&quot;speed&quot;:5,&quot;pause_on_hover&quot;:&quot;disabled&quot;,&quot;stop_rollover&quot;:&quot;false&quot;,&quot;cache_pages&quot;:&quot;enabled&quot;,&quot;preload_images&quot;:&quot;enabled&quot;,&quot;preload_pages&quot;:&quot;enabled&quot;,&quot;preload_reach&quot;:1,&quot;spinner&quot;:&quot;builtin&quot;,&quot;spinner_image&quot;:&quot;https:\/\/www.festicheyres.ch\/wp-content\/plugins\/wp-views\/embedded\/res\/img\/ajax-loader.gif&quot;,&quot;callback_next&quot;:&quot;&quot;,&quot;manage_history&quot;:&quot;disabled&quot;,&quot;has_controls_in_form&quot;:&quot;disabled&quot;,&quot;infinite_tolerance&quot;:&quot;0&quot;,&quot;max_pages&quot;:0,&quot;page&quot;:1,&quot;base_permalink&quot;:&quot;\/wp-json\/wp\/v2\/pages\/1832?wpv_view_count=4830-CATTR7d50970e51e87ad9f3f06743bfbad4f2&amp;wpv_paged=WPV_PAGE_NUM&quot;,&quot;loop&quot;:{&quot;type&quot;:&quot;&quot;,&quot;name&quot;:&quot;&quot;,&quot;data&quot;:[],&quot;id&quot;:0}}\" data-permalink=\"\/wp-json\/wp\/v2\/pages\/1832?wpv_view_count=4830-CATTR7d50970e51e87ad9f3f06743bfbad4f2\">\n\n\t\n\t\n\t\n      <div class=\"groupe-loop\">\n\t\t\t<section class=\"wpb-content-wrapper\"><p>[vc_row][vc_column width=\u00a0\u00bb1\/3&Prime;][vc_column_text]<a href=\"https:\/\/www.festicheyres.ch\/groupe\/oze\/\"><img width=\"468\" height=\"468\" src=\"https:\/\/www.festicheyres.ch\/wp-content\/uploads\/2024\/05\/Copie-de-Oze_07_3000x2000-468x468.jpeg\" class=\"attachment-blog-thumb-2 size-blog-thumb-2 wp-post-image\" alt=\"\" decoding=\"async\" loading=\"lazy\" srcset=\"https:\/\/www.festicheyres.ch\/wp-content\/uploads\/2024\/05\/Copie-de-Oze_07_3000x2000-468x468.jpeg 468w, https:\/\/www.festicheyres.ch\/wp-content\/uploads\/2024\/05\/Copie-de-Oze_07_3000x2000-150x150.jpeg 150w, https:\/\/www.festicheyres.ch\/wp-content\/uploads\/2024\/05\/Copie-de-Oze_07_3000x2000-scaled-266x266.jpeg 266w\" sizes=\"(max-width: 468px) 100vw, 468px\" \/><\/a><\/p>\n<p>[\/vc_column_text][\/vc_column][vc_column width=\u00a0\u00bb2\/3&Prime;][vc_column_text]\n\n\n<div id=\"wpv-view-layout-4862-CPID4752\" class=\"js-wpv-view-layout js-wpv-layout-responsive js-wpv-view-layout-4862-CPID4752\" data-viewnumber=\"4862-CPID4752\" data-pagination=\"{&quot;id&quot;:&quot;4862&quot;,&quot;query&quot;:&quot;normal&quot;,&quot;type&quot;:&quot;disabled&quot;,&quot;effect&quot;:&quot;fade&quot;,&quot;duration&quot;:500,&quot;speed&quot;:5,&quot;pause_on_hover&quot;:&quot;disabled&quot;,&quot;stop_rollover&quot;:&quot;false&quot;,&quot;cache_pages&quot;:&quot;enabled&quot;,&quot;preload_images&quot;:&quot;enabled&quot;,&quot;preload_pages&quot;:&quot;enabled&quot;,&quot;preload_reach&quot;:1,&quot;spinner&quot;:&quot;builtin&quot;,&quot;spinner_image&quot;:&quot;https:\/\/projet2020.festicheyres.ch\/wp-content\/plugins\/wp-views\/embedded\/res\/img\/ajax-loader.gif&quot;,&quot;callback_next&quot;:&quot;&quot;,&quot;manage_history&quot;:&quot;disabled&quot;,&quot;has_controls_in_form&quot;:&quot;disabled&quot;,&quot;infinite_tolerance&quot;:&quot;0&quot;,&quot;max_pages&quot;:0,&quot;page&quot;:1,&quot;base_permalink&quot;:&quot;\/wp-json\/wp\/v2\/pages\/1832?wpv_view_count=4862-CPID4752&amp;wpv_paged=WPV_PAGE_NUM&quot;,&quot;loop&quot;:{&quot;type&quot;:&quot;&quot;,&quot;name&quot;:&quot;&quot;,&quot;data&quot;:&#091;&#093;,&quot;id&quot;:0}}\" data-permalink=\"\/wp-json\/wp\/v2\/pages\/1832?wpv_view_count=4862-CPID4752\">\n\n\t\n\t\n\t<!-- <h4>Concerts<\/h4> -->\n\t<!-- <ul class=\"wpv-loop js-wpv-loop\"> -->\n\t\t \n\t\t\t<!-- <li> -->\n              <p class=\"info-concert\">sam. 13 | 16:20 | Sc\u00e8ne des arbres <p>\n          \t<!-- <\/li> -->\n\t\t\n\t<!-- <\/ul> -->\n\t\n\t\n\t\n<\/div>\n<h3 class=\"horaire-group-name\"><a href=\"https:\/\/www.festicheyres.ch\/groupe\/oze\/\">Oze<\/a><\/h3>\n<p><strong>Trip Hop - Alt Rock<\/strong> (Fribourg)<br \/>\n<em>Vibrations d\u2019un \u00e9crin rempli de bonnes choses<\/em>[\/vc_column_text][\/vc_column][\/vc_row]<\/p>\n<\/section>\n      <\/div>\n\t\n\t\n\t\n\t\n<\/div>\n<\/span>[\/vc_column_text][\/vc_column][vc_column css_animation=\u00a0\u00bbfadeInRight\u00a0\u00bb width=\u00a0\u00bb1\/2&Prime;][vc_column_text]<span class=\"wpv-code\">\n\n\n<div id=\"wpv-view-layout-4830-CATTR0f0a181ad56ae6f36b1d2ae346ab3c3c\" class=\"js-wpv-view-layout js-wpv-layout-responsive js-wpv-view-layout-4830-CATTR0f0a181ad56ae6f36b1d2ae346ab3c3c\" data-viewnumber=\"4830-CATTR0f0a181ad56ae6f36b1d2ae346ab3c3c\" data-pagination=\"{&quot;id&quot;:&quot;4830&quot;,&quot;query&quot;:&quot;normal&quot;,&quot;type&quot;:&quot;disabled&quot;,&quot;effect&quot;:&quot;fade&quot;,&quot;duration&quot;:500,&quot;speed&quot;:5,&quot;pause_on_hover&quot;:&quot;disabled&quot;,&quot;stop_rollover&quot;:&quot;false&quot;,&quot;cache_pages&quot;:&quot;enabled&quot;,&quot;preload_images&quot;:&quot;enabled&quot;,&quot;preload_pages&quot;:&quot;enabled&quot;,&quot;preload_reach&quot;:1,&quot;spinner&quot;:&quot;builtin&quot;,&quot;spinner_image&quot;:&quot;https:\/\/www.festicheyres.ch\/wp-content\/plugins\/wp-views\/embedded\/res\/img\/ajax-loader.gif&quot;,&quot;callback_next&quot;:&quot;&quot;,&quot;manage_history&quot;:&quot;disabled&quot;,&quot;has_controls_in_form&quot;:&quot;disabled&quot;,&quot;infinite_tolerance&quot;:&quot;0&quot;,&quot;max_pages&quot;:0,&quot;page&quot;:1,&quot;base_permalink&quot;:&quot;\/wp-json\/wp\/v2\/pages\/1832?wpv_view_count=4830-CATTR0f0a181ad56ae6f36b1d2ae346ab3c3c&amp;wpv_paged=WPV_PAGE_NUM&quot;,&quot;loop&quot;:{&quot;type&quot;:&quot;&quot;,&quot;name&quot;:&quot;&quot;,&quot;data&quot;:[],&quot;id&quot;:0}}\" data-permalink=\"\/wp-json\/wp\/v2\/pages\/1832?wpv_view_count=4830-CATTR0f0a181ad56ae6f36b1d2ae346ab3c3c\">\n\n\t\n\t\n\t\n      <div class=\"groupe-loop\">\n\t\t\t<section class=\"wpb-content-wrapper\"><p>[vc_row][vc_column width=\u00a0\u00bb1\/3&Prime;][vc_column_text]<a href=\"https:\/\/www.festicheyres.ch\/groupe\/pablo\/\"><img width=\"468\" height=\"468\" src=\"https:\/\/www.festicheyres.ch\/wp-content\/uploads\/2024\/05\/pablo_promo_2024_3-468x468.jpg\" class=\"attachment-blog-thumb-2 size-blog-thumb-2 wp-post-image\" alt=\"\" decoding=\"async\" loading=\"lazy\" srcset=\"https:\/\/www.festicheyres.ch\/wp-content\/uploads\/2024\/05\/pablo_promo_2024_3-468x468.jpg 468w, https:\/\/www.festicheyres.ch\/wp-content\/uploads\/2024\/05\/pablo_promo_2024_3-150x150.jpg 150w, https:\/\/www.festicheyres.ch\/wp-content\/uploads\/2024\/05\/pablo_promo_2024_3-266x266.jpg 266w\" sizes=\"(max-width: 468px) 100vw, 468px\" \/><\/a><\/p>\n<p>[\/vc_column_text][\/vc_column][vc_column width=\u00a0\u00bb2\/3&Prime;][vc_column_text]\n\n\n<div id=\"wpv-view-layout-4862-CPID4755\" class=\"js-wpv-view-layout js-wpv-layout-responsive js-wpv-view-layout-4862-CPID4755\" data-viewnumber=\"4862-CPID4755\" data-pagination=\"{&quot;id&quot;:&quot;4862&quot;,&quot;query&quot;:&quot;normal&quot;,&quot;type&quot;:&quot;disabled&quot;,&quot;effect&quot;:&quot;fade&quot;,&quot;duration&quot;:500,&quot;speed&quot;:5,&quot;pause_on_hover&quot;:&quot;disabled&quot;,&quot;stop_rollover&quot;:&quot;false&quot;,&quot;cache_pages&quot;:&quot;enabled&quot;,&quot;preload_images&quot;:&quot;enabled&quot;,&quot;preload_pages&quot;:&quot;enabled&quot;,&quot;preload_reach&quot;:1,&quot;spinner&quot;:&quot;builtin&quot;,&quot;spinner_image&quot;:&quot;https:\/\/projet2020.festicheyres.ch\/wp-content\/plugins\/wp-views\/embedded\/res\/img\/ajax-loader.gif&quot;,&quot;callback_next&quot;:&quot;&quot;,&quot;manage_history&quot;:&quot;disabled&quot;,&quot;has_controls_in_form&quot;:&quot;disabled&quot;,&quot;infinite_tolerance&quot;:&quot;0&quot;,&quot;max_pages&quot;:0,&quot;page&quot;:1,&quot;base_permalink&quot;:&quot;\/wp-json\/wp\/v2\/pages\/1832?wpv_view_count=4862-CPID4755&amp;wpv_paged=WPV_PAGE_NUM&quot;,&quot;loop&quot;:{&quot;type&quot;:&quot;&quot;,&quot;name&quot;:&quot;&quot;,&quot;data&quot;:&#091;&#093;,&quot;id&quot;:0}}\" data-permalink=\"\/wp-json\/wp\/v2\/pages\/1832?wpv_view_count=4862-CPID4755\">\n\n\t\n\t\n\t<!-- <h4>Concerts<\/h4> -->\n\t<!-- <ul class=\"wpv-loop js-wpv-loop\"> -->\n\t\t \n\t\t\t<!-- <li> -->\n              <p class=\"info-concert\">sam. 13 | 17:20 | Grande Sc\u00e8ne <p>\n          \t<!-- <\/li> -->\n\t\t\n\t<!-- <\/ul> -->\n\t\n\t\n\t\n<\/div>\n<h3 class=\"horaire-group-name\"><a href=\"https:\/\/www.festicheyres.ch\/groupe\/pablo\/\">Pablo<\/a><\/h3>\n<p><strong>Rap<\/strong> (Fribourg)<br \/>\n<em>Le miroir de la jeunesse<\/em>[\/vc_column_text][\/vc_column][\/vc_row]<\/p>\n<\/section>\n      <\/div>\n\t\n\t\n\t\n\t\n<\/div>\n<\/span>[\/vc_column_text][\/vc_column][\/vc_row][vc_row][vc_column css_animation=\u00a0\u00bbfadeInLeft\u00a0\u00bb width=\u00a0\u00bb1\/2&Prime;][vc_column_text]<span class=\"wpv-code\">\n\n\n<div id=\"wpv-view-layout-4830-CATTRbc42eb4e69b92bdef6d5f0c1121ee49e\" class=\"js-wpv-view-layout js-wpv-layout-responsive js-wpv-view-layout-4830-CATTRbc42eb4e69b92bdef6d5f0c1121ee49e\" data-viewnumber=\"4830-CATTRbc42eb4e69b92bdef6d5f0c1121ee49e\" data-pagination=\"{&quot;id&quot;:&quot;4830&quot;,&quot;query&quot;:&quot;normal&quot;,&quot;type&quot;:&quot;disabled&quot;,&quot;effect&quot;:&quot;fade&quot;,&quot;duration&quot;:500,&quot;speed&quot;:5,&quot;pause_on_hover&quot;:&quot;disabled&quot;,&quot;stop_rollover&quot;:&quot;false&quot;,&quot;cache_pages&quot;:&quot;enabled&quot;,&quot;preload_images&quot;:&quot;enabled&quot;,&quot;preload_pages&quot;:&quot;enabled&quot;,&quot;preload_reach&quot;:1,&quot;spinner&quot;:&quot;builtin&quot;,&quot;spinner_image&quot;:&quot;https:\/\/www.festicheyres.ch\/wp-content\/plugins\/wp-views\/embedded\/res\/img\/ajax-loader.gif&quot;,&quot;callback_next&quot;:&quot;&quot;,&quot;manage_history&quot;:&quot;disabled&quot;,&quot;has_controls_in_form&quot;:&quot;disabled&quot;,&quot;infinite_tolerance&quot;:&quot;0&quot;,&quot;max_pages&quot;:0,&quot;page&quot;:1,&quot;base_permalink&quot;:&quot;\/wp-json\/wp\/v2\/pages\/1832?wpv_view_count=4830-CATTRbc42eb4e69b92bdef6d5f0c1121ee49e&amp;wpv_paged=WPV_PAGE_NUM&quot;,&quot;loop&quot;:{&quot;type&quot;:&quot;&quot;,&quot;name&quot;:&quot;&quot;,&quot;data&quot;:[],&quot;id&quot;:0}}\" data-permalink=\"\/wp-json\/wp\/v2\/pages\/1832?wpv_view_count=4830-CATTRbc42eb4e69b92bdef6d5f0c1121ee49e\">\n\n\t\n\t\n\t\n      <div class=\"groupe-loop\">\n\t\t\t<section class=\"wpb-content-wrapper\"><p>[vc_row][vc_column width=\u00a0\u00bb1\/3&Prime;][vc_column_text]<a href=\"https:\/\/www.festicheyres.ch\/groupe\/club-plaisir\/\"><img width=\"468\" height=\"468\" src=\"https:\/\/www.festicheyres.ch\/wp-content\/uploads\/2024\/05\/CLUB-PLAISIR-Band-Horizontal-I-468x468.jpg\" class=\"attachment-blog-thumb-2 size-blog-thumb-2 wp-post-image\" alt=\"\" decoding=\"async\" loading=\"lazy\" srcset=\"https:\/\/www.festicheyres.ch\/wp-content\/uploads\/2024\/05\/CLUB-PLAISIR-Band-Horizontal-I-468x468.jpg 468w, https:\/\/www.festicheyres.ch\/wp-content\/uploads\/2024\/05\/CLUB-PLAISIR-Band-Horizontal-I-150x150.jpg 150w, https:\/\/www.festicheyres.ch\/wp-content\/uploads\/2024\/05\/CLUB-PLAISIR-Band-Horizontal-I-scaled-266x266.jpg 266w\" sizes=\"(max-width: 468px) 100vw, 468px\" \/><\/a><\/p>\n<p>[\/vc_column_text][\/vc_column][vc_column width=\u00a0\u00bb2\/3&Prime;][vc_column_text]\n\n\n<div id=\"wpv-view-layout-4862-CPID4759\" class=\"js-wpv-view-layout js-wpv-layout-responsive js-wpv-view-layout-4862-CPID4759\" data-viewnumber=\"4862-CPID4759\" data-pagination=\"{&quot;id&quot;:&quot;4862&quot;,&quot;query&quot;:&quot;normal&quot;,&quot;type&quot;:&quot;disabled&quot;,&quot;effect&quot;:&quot;fade&quot;,&quot;duration&quot;:500,&quot;speed&quot;:5,&quot;pause_on_hover&quot;:&quot;disabled&quot;,&quot;stop_rollover&quot;:&quot;false&quot;,&quot;cache_pages&quot;:&quot;enabled&quot;,&quot;preload_images&quot;:&quot;enabled&quot;,&quot;preload_pages&quot;:&quot;enabled&quot;,&quot;preload_reach&quot;:1,&quot;spinner&quot;:&quot;builtin&quot;,&quot;spinner_image&quot;:&quot;https:\/\/projet2020.festicheyres.ch\/wp-content\/plugins\/wp-views\/embedded\/res\/img\/ajax-loader.gif&quot;,&quot;callback_next&quot;:&quot;&quot;,&quot;manage_history&quot;:&quot;disabled&quot;,&quot;has_controls_in_form&quot;:&quot;disabled&quot;,&quot;infinite_tolerance&quot;:&quot;0&quot;,&quot;max_pages&quot;:0,&quot;page&quot;:1,&quot;base_permalink&quot;:&quot;\/wp-json\/wp\/v2\/pages\/1832?wpv_view_count=4862-CPID4759&amp;wpv_paged=WPV_PAGE_NUM&quot;,&quot;loop&quot;:{&quot;type&quot;:&quot;&quot;,&quot;name&quot;:&quot;&quot;,&quot;data&quot;:&#091;&#093;,&quot;id&quot;:0}}\" data-permalink=\"\/wp-json\/wp\/v2\/pages\/1832?wpv_view_count=4862-CPID4759\">\n\n\t\n\t\n\t<!-- <h4>Concerts<\/h4> -->\n\t<!-- <ul class=\"wpv-loop js-wpv-loop\"> -->\n\t\t \n\t\t\t<!-- <li> -->\n              <p class=\"info-concert\">sam. 13 | 18:40 |  <p>\n          \t<!-- <\/li> -->\n\t\t\n\t<!-- <\/ul> -->\n\t\n\t\n\t\n<\/div>\n<h3 class=\"horaire-group-name\"><a href=\"https:\/\/www.festicheyres.ch\/groupe\/club-plaisir\/\">Club Plaisir<\/a><\/h3>\n<p><strong>Cosmo Disco<\/strong> (La Chaux-de-Fonds)<br \/>\n<em>J\u2019aime ton d\u00e9hanch\u00e9, un peu, \u00e0 la folie, passion disco<\/em>[\/vc_column_text][\/vc_column][\/vc_row]<\/p>\n<\/section>\n      <\/div>\n\t\n\t\n\t\n\t\n<\/div>\n<\/span>[\/vc_column_text][\/vc_column][vc_column css_animation=\u00a0\u00bbfadeInRight\u00a0\u00bb width=\u00a0\u00bb1\/2&Prime;][vc_column_text]<span class=\"wpv-code\">\n\n\n<div id=\"wpv-view-layout-4830-CATTR43ea8fb03323a0a78ba9af10e8add842\" class=\"js-wpv-view-layout js-wpv-layout-responsive js-wpv-view-layout-4830-CATTR43ea8fb03323a0a78ba9af10e8add842\" data-viewnumber=\"4830-CATTR43ea8fb03323a0a78ba9af10e8add842\" data-pagination=\"{&quot;id&quot;:&quot;4830&quot;,&quot;query&quot;:&quot;normal&quot;,&quot;type&quot;:&quot;disabled&quot;,&quot;effect&quot;:&quot;fade&quot;,&quot;duration&quot;:500,&quot;speed&quot;:5,&quot;pause_on_hover&quot;:&quot;disabled&quot;,&quot;stop_rollover&quot;:&quot;false&quot;,&quot;cache_pages&quot;:&quot;enabled&quot;,&quot;preload_images&quot;:&quot;enabled&quot;,&quot;preload_pages&quot;:&quot;enabled&quot;,&quot;preload_reach&quot;:1,&quot;spinner&quot;:&quot;builtin&quot;,&quot;spinner_image&quot;:&quot;https:\/\/www.festicheyres.ch\/wp-content\/plugins\/wp-views\/embedded\/res\/img\/ajax-loader.gif&quot;,&quot;callback_next&quot;:&quot;&quot;,&quot;manage_history&quot;:&quot;disabled&quot;,&quot;has_controls_in_form&quot;:&quot;disabled&quot;,&quot;infinite_tolerance&quot;:&quot;0&quot;,&quot;max_pages&quot;:0,&quot;page&quot;:1,&quot;base_permalink&quot;:&quot;\/wp-json\/wp\/v2\/pages\/1832?wpv_view_count=4830-CATTR43ea8fb03323a0a78ba9af10e8add842&amp;wpv_paged=WPV_PAGE_NUM&quot;,&quot;loop&quot;:{&quot;type&quot;:&quot;&quot;,&quot;name&quot;:&quot;&quot;,&quot;data&quot;:[],&quot;id&quot;:0}}\" data-permalink=\"\/wp-json\/wp\/v2\/pages\/1832?wpv_view_count=4830-CATTR43ea8fb03323a0a78ba9af10e8add842\">\n\n\t\n\t\n\t\n      <div class=\"groupe-loop\">\n\t\t\t<section class=\"wpb-content-wrapper\"><p>[vc_row][vc_column width=\u00a0\u00bb1\/3&Prime;][vc_column_text]<a href=\"https:\/\/www.festicheyres.ch\/groupe\/nnavy\/\"><img width=\"468\" height=\"468\" src=\"https:\/\/www.festicheyres.ch\/wp-content\/uploads\/2024\/05\/23_m4m24_Nnavy_OliviaKurz-16-468x468.jpg\" class=\"attachment-blog-thumb-2 size-blog-thumb-2 wp-post-image\" alt=\"\" decoding=\"async\" loading=\"lazy\" srcset=\"https:\/\/www.festicheyres.ch\/wp-content\/uploads\/2024\/05\/23_m4m24_Nnavy_OliviaKurz-16-468x468.jpg 468w, https:\/\/www.festicheyres.ch\/wp-content\/uploads\/2024\/05\/23_m4m24_Nnavy_OliviaKurz-16-150x150.jpg 150w, https:\/\/www.festicheyres.ch\/wp-content\/uploads\/2024\/05\/23_m4m24_Nnavy_OliviaKurz-16-scaled-266x266.jpg 266w, https:\/\/www.festicheyres.ch\/wp-content\/uploads\/2024\/05\/23_m4m24_Nnavy_OliviaKurz-16-scaled-220x220.jpg 220w\" sizes=\"(max-width: 468px) 100vw, 468px\" \/><\/a><\/p>\n<p>[\/vc_column_text][\/vc_column][vc_column width=\u00a0\u00bb2\/3&Prime;][vc_column_text]\n\n\n<div id=\"wpv-view-layout-4862-CPID4762\" class=\"js-wpv-view-layout js-wpv-layout-responsive js-wpv-view-layout-4862-CPID4762\" data-viewnumber=\"4862-CPID4762\" data-pagination=\"{&quot;id&quot;:&quot;4862&quot;,&quot;query&quot;:&quot;normal&quot;,&quot;type&quot;:&quot;disabled&quot;,&quot;effect&quot;:&quot;fade&quot;,&quot;duration&quot;:500,&quot;speed&quot;:5,&quot;pause_on_hover&quot;:&quot;disabled&quot;,&quot;stop_rollover&quot;:&quot;false&quot;,&quot;cache_pages&quot;:&quot;enabled&quot;,&quot;preload_images&quot;:&quot;enabled&quot;,&quot;preload_pages&quot;:&quot;enabled&quot;,&quot;preload_reach&quot;:1,&quot;spinner&quot;:&quot;builtin&quot;,&quot;spinner_image&quot;:&quot;https:\/\/projet2020.festicheyres.ch\/wp-content\/plugins\/wp-views\/embedded\/res\/img\/ajax-loader.gif&quot;,&quot;callback_next&quot;:&quot;&quot;,&quot;manage_history&quot;:&quot;disabled&quot;,&quot;has_controls_in_form&quot;:&quot;disabled&quot;,&quot;infinite_tolerance&quot;:&quot;0&quot;,&quot;max_pages&quot;:0,&quot;page&quot;:1,&quot;base_permalink&quot;:&quot;\/wp-json\/wp\/v2\/pages\/1832?wpv_view_count=4862-CPID4762&amp;wpv_paged=WPV_PAGE_NUM&quot;,&quot;loop&quot;:{&quot;type&quot;:&quot;&quot;,&quot;name&quot;:&quot;&quot;,&quot;data&quot;:&#091;&#093;,&quot;id&quot;:0}}\" data-permalink=\"\/wp-json\/wp\/v2\/pages\/1832?wpv_view_count=4862-CPID4762\">\n\n\t\n\t\n\t<!-- <h4>Concerts<\/h4> -->\n\t<!-- <ul class=\"wpv-loop js-wpv-loop\"> -->\n\t\t \n\t\t\t<!-- <li> -->\n              <p class=\"info-concert\">sam. 13 | 19:40 | Grande Sc\u00e8ne <p>\n          \t<!-- <\/li> -->\n\t\t\n\t<!-- <\/ul> -->\n\t\n\t\n\t\n<\/div>\n<h3 class=\"horaire-group-name\"><a href=\"https:\/\/www.festicheyres.ch\/groupe\/nnavy\/\">NNAVY<\/a><\/h3>\n<p><strong>R&B - Soul<\/strong> (Lausanne)<br \/>\n<em>Quand la Douceur devient Voix<\/em>[\/vc_column_text][\/vc_column][\/vc_row]<\/p>\n<\/section>\n      <\/div>\n\t\n\t\n\t\n\t\n<\/div>\n<\/span>[\/vc_column_text][\/vc_column][\/vc_row][vc_row][vc_column css_animation=\u00a0\u00bbfadeInLeft\u00a0\u00bb width=\u00a0\u00bb1\/2&Prime;][vc_column_text]<span class=\"wpv-code\">\n\n\n<div id=\"wpv-view-layout-4830-CATTRc534d3c29155588ddabf94912217d461\" class=\"js-wpv-view-layout js-wpv-layout-responsive js-wpv-view-layout-4830-CATTRc534d3c29155588ddabf94912217d461\" data-viewnumber=\"4830-CATTRc534d3c29155588ddabf94912217d461\" data-pagination=\"{&quot;id&quot;:&quot;4830&quot;,&quot;query&quot;:&quot;normal&quot;,&quot;type&quot;:&quot;disabled&quot;,&quot;effect&quot;:&quot;fade&quot;,&quot;duration&quot;:500,&quot;speed&quot;:5,&quot;pause_on_hover&quot;:&quot;disabled&quot;,&quot;stop_rollover&quot;:&quot;false&quot;,&quot;cache_pages&quot;:&quot;enabled&quot;,&quot;preload_images&quot;:&quot;enabled&quot;,&quot;preload_pages&quot;:&quot;enabled&quot;,&quot;preload_reach&quot;:1,&quot;spinner&quot;:&quot;builtin&quot;,&quot;spinner_image&quot;:&quot;https:\/\/www.festicheyres.ch\/wp-content\/plugins\/wp-views\/embedded\/res\/img\/ajax-loader.gif&quot;,&quot;callback_next&quot;:&quot;&quot;,&quot;manage_history&quot;:&quot;disabled&quot;,&quot;has_controls_in_form&quot;:&quot;disabled&quot;,&quot;infinite_tolerance&quot;:&quot;0&quot;,&quot;max_pages&quot;:0,&quot;page&quot;:1,&quot;base_permalink&quot;:&quot;\/wp-json\/wp\/v2\/pages\/1832?wpv_view_count=4830-CATTRc534d3c29155588ddabf94912217d461&amp;wpv_paged=WPV_PAGE_NUM&quot;,&quot;loop&quot;:{&quot;type&quot;:&quot;&quot;,&quot;name&quot;:&quot;&quot;,&quot;data&quot;:[],&quot;id&quot;:0}}\" data-permalink=\"\/wp-json\/wp\/v2\/pages\/1832?wpv_view_count=4830-CATTRc534d3c29155588ddabf94912217d461\">\n\n\t\n\t\n\t\n      <div class=\"groupe-loop\">\n\t\t\t<section class=\"wpb-content-wrapper\"><p>[vc_row][vc_column width=\u00a0\u00bb1\/3&Prime;][vc_column_text]<a href=\"https:\/\/www.festicheyres.ch\/groupe\/blue-tone-stompers\/\"><img width=\"468\" height=\"468\" src=\"https:\/\/www.festicheyres.ch\/wp-content\/uploads\/2024\/05\/BTS_3-002-468x468.jpg\" class=\"attachment-blog-thumb-2 size-blog-thumb-2 wp-post-image\" alt=\"\" decoding=\"async\" loading=\"lazy\" srcset=\"https:\/\/www.festicheyres.ch\/wp-content\/uploads\/2024\/05\/BTS_3-002-468x468.jpg 468w, https:\/\/www.festicheyres.ch\/wp-content\/uploads\/2024\/05\/BTS_3-002-150x150.jpg 150w, https:\/\/www.festicheyres.ch\/wp-content\/uploads\/2024\/05\/BTS_3-002-scaled-266x266.jpg 266w, https:\/\/www.festicheyres.ch\/wp-content\/uploads\/2024\/05\/BTS_3-002-scaled-220x220.jpg 220w\" sizes=\"(max-width: 468px) 100vw, 468px\" \/><\/a><\/p>\n<p>[\/vc_column_text][\/vc_column][vc_column width=\u00a0\u00bb2\/3&Prime;][vc_column_text]\n\n\n<div id=\"wpv-view-layout-4862-CPID4765\" class=\"js-wpv-view-layout js-wpv-layout-responsive js-wpv-view-layout-4862-CPID4765\" data-viewnumber=\"4862-CPID4765\" data-pagination=\"{&quot;id&quot;:&quot;4862&quot;,&quot;query&quot;:&quot;normal&quot;,&quot;type&quot;:&quot;disabled&quot;,&quot;effect&quot;:&quot;fade&quot;,&quot;duration&quot;:500,&quot;speed&quot;:5,&quot;pause_on_hover&quot;:&quot;disabled&quot;,&quot;stop_rollover&quot;:&quot;false&quot;,&quot;cache_pages&quot;:&quot;enabled&quot;,&quot;preload_images&quot;:&quot;enabled&quot;,&quot;preload_pages&quot;:&quot;enabled&quot;,&quot;preload_reach&quot;:1,&quot;spinner&quot;:&quot;builtin&quot;,&quot;spinner_image&quot;:&quot;https:\/\/projet2020.festicheyres.ch\/wp-content\/plugins\/wp-views\/embedded\/res\/img\/ajax-loader.gif&quot;,&quot;callback_next&quot;:&quot;&quot;,&quot;manage_history&quot;:&quot;disabled&quot;,&quot;has_controls_in_form&quot;:&quot;disabled&quot;,&quot;infinite_tolerance&quot;:&quot;0&quot;,&quot;max_pages&quot;:0,&quot;page&quot;:1,&quot;base_permalink&quot;:&quot;\/wp-json\/wp\/v2\/pages\/1832?wpv_view_count=4862-CPID4765&amp;wpv_paged=WPV_PAGE_NUM&quot;,&quot;loop&quot;:{&quot;type&quot;:&quot;&quot;,&quot;name&quot;:&quot;&quot;,&quot;data&quot;:&#091;&#093;,&quot;id&quot;:0}}\" data-permalink=\"\/wp-json\/wp\/v2\/pages\/1832?wpv_view_count=4862-CPID4765\">\n\n\t\n\t\n\t<!-- <h4>Concerts<\/h4> -->\n\t<!-- <ul class=\"wpv-loop js-wpv-loop\"> -->\n\t\t \n\t\t\t<!-- <li> -->\n              <p class=\"info-concert\">sam. 13 | 21:00 | Sc\u00e8ne des arbres <p>\n          \t<!-- <\/li> -->\n\t\t\n\t<!-- <\/ul> -->\n\t\n\t\n\t\n<\/div>\n<h3 class=\"horaire-group-name\"><a href=\"https:\/\/www.festicheyres.ch\/groupe\/blue-tone-stompers\/\">Blue Tone Stompers<\/a><\/h3>\n<p><strong>Rythm'N'Blues Jama\u00efcain<\/strong> (France)<br \/>\n<em>Les apparences sont parfois trompeuses<\/em>[\/vc_column_text][\/vc_column][\/vc_row]<\/p>\n<\/section>\n      <\/div>\n\t\n\t\n\t\n\t\n<\/div>\n<\/span>[\/vc_column_text][\/vc_column][vc_column css_animation=\u00a0\u00bbfadeInRight\u00a0\u00bb width=\u00a0\u00bb1\/2&Prime;][vc_column_text]<span class=\"wpv-code\">\n\n\n<div id=\"wpv-view-layout-4830-CATTR0a8d31fb261c466632b8696c00cd6477\" class=\"js-wpv-view-layout js-wpv-layout-responsive js-wpv-view-layout-4830-CATTR0a8d31fb261c466632b8696c00cd6477\" data-viewnumber=\"4830-CATTR0a8d31fb261c466632b8696c00cd6477\" data-pagination=\"{&quot;id&quot;:&quot;4830&quot;,&quot;query&quot;:&quot;normal&quot;,&quot;type&quot;:&quot;disabled&quot;,&quot;effect&quot;:&quot;fade&quot;,&quot;duration&quot;:500,&quot;speed&quot;:5,&quot;pause_on_hover&quot;:&quot;disabled&quot;,&quot;stop_rollover&quot;:&quot;false&quot;,&quot;cache_pages&quot;:&quot;enabled&quot;,&quot;preload_images&quot;:&quot;enabled&quot;,&quot;preload_pages&quot;:&quot;enabled&quot;,&quot;preload_reach&quot;:1,&quot;spinner&quot;:&quot;builtin&quot;,&quot;spinner_image&quot;:&quot;https:\/\/www.festicheyres.ch\/wp-content\/plugins\/wp-views\/embedded\/res\/img\/ajax-loader.gif&quot;,&quot;callback_next&quot;:&quot;&quot;,&quot;manage_history&quot;:&quot;disabled&quot;,&quot;has_controls_in_form&quot;:&quot;disabled&quot;,&quot;infinite_tolerance&quot;:&quot;0&quot;,&quot;max_pages&quot;:0,&quot;page&quot;:1,&quot;base_permalink&quot;:&quot;\/wp-json\/wp\/v2\/pages\/1832?wpv_view_count=4830-CATTR0a8d31fb261c466632b8696c00cd6477&amp;wpv_paged=WPV_PAGE_NUM&quot;,&quot;loop&quot;:{&quot;type&quot;:&quot;&quot;,&quot;name&quot;:&quot;&quot;,&quot;data&quot;:[],&quot;id&quot;:0}}\" data-permalink=\"\/wp-json\/wp\/v2\/pages\/1832?wpv_view_count=4830-CATTR0a8d31fb261c466632b8696c00cd6477\">\n\n\t\n\t\n\t\n      <div class=\"groupe-loop\">\n\t\t\t<section class=\"wpb-content-wrapper\"><p>[vc_row][vc_column width=\u00a0\u00bb1\/3&Prime;][vc_column_text]<a href=\"https:\/\/www.festicheyres.ch\/groupe\/derya-yildirim-grup-simsek\/\"><img width=\"468\" height=\"468\" src=\"https:\/\/www.festicheyres.ch\/wp-content\/uploads\/2024\/05\/Priority-4-cPhilomena-Wolflingseder-D13.9.f3-3-468x468.jpg\" class=\"attachment-blog-thumb-2 size-blog-thumb-2 wp-post-image\" alt=\"\" decoding=\"async\" loading=\"lazy\" srcset=\"https:\/\/www.festicheyres.ch\/wp-content\/uploads\/2024\/05\/Priority-4-cPhilomena-Wolflingseder-D13.9.f3-3-468x468.jpg 468w, https:\/\/www.festicheyres.ch\/wp-content\/uploads\/2024\/05\/Priority-4-cPhilomena-Wolflingseder-D13.9.f3-3-150x150.jpg 150w, https:\/\/www.festicheyres.ch\/wp-content\/uploads\/2024\/05\/Priority-4-cPhilomena-Wolflingseder-D13.9.f3-3-scaled-266x266.jpg 266w, https:\/\/www.festicheyres.ch\/wp-content\/uploads\/2024\/05\/Priority-4-cPhilomena-Wolflingseder-D13.9.f3-3-scaled-220x220.jpg 220w\" sizes=\"(max-width: 468px) 100vw, 468px\" \/><\/a><\/p>\n<p>[\/vc_column_text][\/vc_column][vc_column width=\u00a0\u00bb2\/3&Prime;][vc_column_text]\n\n\n<div id=\"wpv-view-layout-4862-CPID4768\" class=\"js-wpv-view-layout js-wpv-layout-responsive js-wpv-view-layout-4862-CPID4768\" data-viewnumber=\"4862-CPID4768\" data-pagination=\"{&quot;id&quot;:&quot;4862&quot;,&quot;query&quot;:&quot;normal&quot;,&quot;type&quot;:&quot;disabled&quot;,&quot;effect&quot;:&quot;fade&quot;,&quot;duration&quot;:500,&quot;speed&quot;:5,&quot;pause_on_hover&quot;:&quot;disabled&quot;,&quot;stop_rollover&quot;:&quot;false&quot;,&quot;cache_pages&quot;:&quot;enabled&quot;,&quot;preload_images&quot;:&quot;enabled&quot;,&quot;preload_pages&quot;:&quot;enabled&quot;,&quot;preload_reach&quot;:1,&quot;spinner&quot;:&quot;builtin&quot;,&quot;spinner_image&quot;:&quot;https:\/\/projet2020.festicheyres.ch\/wp-content\/plugins\/wp-views\/embedded\/res\/img\/ajax-loader.gif&quot;,&quot;callback_next&quot;:&quot;&quot;,&quot;manage_history&quot;:&quot;disabled&quot;,&quot;has_controls_in_form&quot;:&quot;disabled&quot;,&quot;infinite_tolerance&quot;:&quot;0&quot;,&quot;max_pages&quot;:0,&quot;page&quot;:1,&quot;base_permalink&quot;:&quot;\/wp-json\/wp\/v2\/pages\/1832?wpv_view_count=4862-CPID4768&amp;wpv_paged=WPV_PAGE_NUM&quot;,&quot;loop&quot;:{&quot;type&quot;:&quot;&quot;,&quot;name&quot;:&quot;&quot;,&quot;data&quot;:&#091;&#093;,&quot;id&quot;:0}}\" data-permalink=\"\/wp-json\/wp\/v2\/pages\/1832?wpv_view_count=4862-CPID4768\">\n\n\t\n\t\n\t<!-- <h4>Concerts<\/h4> -->\n\t<!-- <ul class=\"wpv-loop js-wpv-loop\"> -->\n\t\t \n\t\t\t<!-- <li> -->\n              <p class=\"info-concert\">sam. 13 | 22:00 | Grande Sc\u00e8ne <p>\n          \t<!-- <\/li> -->\n\t\t\n\t<!-- <\/ul> -->\n\t\n\t\n\t\n<\/div>\n<h3 class=\"horaire-group-name\"><a href=\"https:\/\/www.festicheyres.ch\/groupe\/derya-yildirim-grup-simsek\/\">Derya Yildirim &amp; Grup \u015eim\u015fek<\/a><\/h3>\n<p><strong>Anatolian Psych-Pop<\/strong> (Outernational)<br \/>\n<em>Un lever de soleil aux saveurs particuli\u00e8res<\/em>[\/vc_column_text][\/vc_column][\/vc_row]<\/p>\n<\/section>\n      <\/div>\n\t\n\t\n\t\n\t\n<\/div>\n<\/span>[\/vc_column_text][\/vc_column][\/vc_row][vc_row][vc_column css_animation=\u00a0\u00bbfadeInLeft\u00a0\u00bb width=\u00a0\u00bb1\/2&Prime;][vc_column_text]<span class=\"wpv-code\">\n\n\n<div id=\"wpv-view-layout-4830-CATTR7816fa569216daa74750ef48458c3919\" class=\"js-wpv-view-layout js-wpv-layout-responsive js-wpv-view-layout-4830-CATTR7816fa569216daa74750ef48458c3919\" data-viewnumber=\"4830-CATTR7816fa569216daa74750ef48458c3919\" data-pagination=\"{&quot;id&quot;:&quot;4830&quot;,&quot;query&quot;:&quot;normal&quot;,&quot;type&quot;:&quot;disabled&quot;,&quot;effect&quot;:&quot;fade&quot;,&quot;duration&quot;:500,&quot;speed&quot;:5,&quot;pause_on_hover&quot;:&quot;disabled&quot;,&quot;stop_rollover&quot;:&quot;false&quot;,&quot;cache_pages&quot;:&quot;enabled&quot;,&quot;preload_images&quot;:&quot;enabled&quot;,&quot;preload_pages&quot;:&quot;enabled&quot;,&quot;preload_reach&quot;:1,&quot;spinner&quot;:&quot;builtin&quot;,&quot;spinner_image&quot;:&quot;https:\/\/www.festicheyres.ch\/wp-content\/plugins\/wp-views\/embedded\/res\/img\/ajax-loader.gif&quot;,&quot;callback_next&quot;:&quot;&quot;,&quot;manage_history&quot;:&quot;disabled&quot;,&quot;has_controls_in_form&quot;:&quot;disabled&quot;,&quot;infinite_tolerance&quot;:&quot;0&quot;,&quot;max_pages&quot;:0,&quot;page&quot;:1,&quot;base_permalink&quot;:&quot;\/wp-json\/wp\/v2\/pages\/1832?wpv_view_count=4830-CATTR7816fa569216daa74750ef48458c3919&amp;wpv_paged=WPV_PAGE_NUM&quot;,&quot;loop&quot;:{&quot;type&quot;:&quot;&quot;,&quot;name&quot;:&quot;&quot;,&quot;data&quot;:[],&quot;id&quot;:0}}\" data-permalink=\"\/wp-json\/wp\/v2\/pages\/1832?wpv_view_count=4830-CATTR7816fa569216daa74750ef48458c3919\">\n\n\t\n\t\n\t\n      <div class=\"groupe-loop\">\n\t\t\t<section class=\"wpb-content-wrapper\"><p>[vc_row][vc_column width=\u00a0\u00bb1\/3&Prime;][vc_column_text]<a href=\"https:\/\/www.festicheyres.ch\/groupe\/paris-nest\/\"><img width=\"468\" height=\"468\" src=\"https:\/\/www.festicheyres.ch\/wp-content\/uploads\/2024\/05\/Photo-pour-concert-468x468.jpg\" class=\"attachment-blog-thumb-2 size-blog-thumb-2 wp-post-image\" alt=\"\" decoding=\"async\" loading=\"lazy\" srcset=\"https:\/\/www.festicheyres.ch\/wp-content\/uploads\/2024\/05\/Photo-pour-concert-468x468.jpg 468w, https:\/\/www.festicheyres.ch\/wp-content\/uploads\/2024\/05\/Photo-pour-concert-150x150.jpg 150w, https:\/\/www.festicheyres.ch\/wp-content\/uploads\/2024\/05\/Photo-pour-concert-scaled-266x266.jpg 266w\" sizes=\"(max-width: 468px) 100vw, 468px\" \/><\/a><\/p>\n<p>[\/vc_column_text][\/vc_column][vc_column width=\u00a0\u00bb2\/3&Prime;][vc_column_text]\n\n\n<div id=\"wpv-view-layout-4862-CPID4771\" class=\"js-wpv-view-layout js-wpv-layout-responsive js-wpv-view-layout-4862-CPID4771\" data-viewnumber=\"4862-CPID4771\" data-pagination=\"{&quot;id&quot;:&quot;4862&quot;,&quot;query&quot;:&quot;normal&quot;,&quot;type&quot;:&quot;disabled&quot;,&quot;effect&quot;:&quot;fade&quot;,&quot;duration&quot;:500,&quot;speed&quot;:5,&quot;pause_on_hover&quot;:&quot;disabled&quot;,&quot;stop_rollover&quot;:&quot;false&quot;,&quot;cache_pages&quot;:&quot;enabled&quot;,&quot;preload_images&quot;:&quot;enabled&quot;,&quot;preload_pages&quot;:&quot;enabled&quot;,&quot;preload_reach&quot;:1,&quot;spinner&quot;:&quot;builtin&quot;,&quot;spinner_image&quot;:&quot;https:\/\/projet2020.festicheyres.ch\/wp-content\/plugins\/wp-views\/embedded\/res\/img\/ajax-loader.gif&quot;,&quot;callback_next&quot;:&quot;&quot;,&quot;manage_history&quot;:&quot;disabled&quot;,&quot;has_controls_in_form&quot;:&quot;disabled&quot;,&quot;infinite_tolerance&quot;:&quot;0&quot;,&quot;max_pages&quot;:0,&quot;page&quot;:1,&quot;base_permalink&quot;:&quot;\/wp-json\/wp\/v2\/pages\/1832?wpv_view_count=4862-CPID4771&amp;wpv_paged=WPV_PAGE_NUM&quot;,&quot;loop&quot;:{&quot;type&quot;:&quot;&quot;,&quot;name&quot;:&quot;&quot;,&quot;data&quot;:&#091;&#093;,&quot;id&quot;:0}}\" data-permalink=\"\/wp-json\/wp\/v2\/pages\/1832?wpv_view_count=4862-CPID4771\">\n\n\t\n\t\n\t<!-- <h4>Concerts<\/h4> -->\n\t<!-- <ul class=\"wpv-loop js-wpv-loop\"> -->\n\t\t \n\t\t\t<!-- <li> -->\n              <p class=\"info-concert\">sam. 13 | 23:20 | Sc\u00e8ne des arbres <p>\n          \t<!-- <\/li> -->\n\t\t\n\t<!-- <\/ul> -->\n\t\n\t\n\t\n<\/div>\n<h3 class=\"horaire-group-name\"><a href=\"https:\/\/www.festicheyres.ch\/groupe\/paris-nest\/\">Paris Nest<\/a><\/h3>\n<p><strong>Hip-Hop<\/strong> (France)<br \/>\n<em>Un coup de trombone dans le microphone<\/em>[\/vc_column_text][\/vc_column][\/vc_row]<\/p>\n<\/section>\n      <\/div>\n\t\n\t\n\t\n\t\n<\/div>\n<\/span>[\/vc_column_text][\/vc_column][vc_column css_animation=\u00a0\u00bbfadeInRight\u00a0\u00bb width=\u00a0\u00bb1\/2&Prime;][vc_column_text]<span class=\"wpv-code\">\n\n\n<div id=\"wpv-view-layout-4830-CATTR97defb65612c4937d78a8cc221557a51\" class=\"js-wpv-view-layout js-wpv-layout-responsive js-wpv-view-layout-4830-CATTR97defb65612c4937d78a8cc221557a51\" data-viewnumber=\"4830-CATTR97defb65612c4937d78a8cc221557a51\" data-pagination=\"{&quot;id&quot;:&quot;4830&quot;,&quot;query&quot;:&quot;normal&quot;,&quot;type&quot;:&quot;disabled&quot;,&quot;effect&quot;:&quot;fade&quot;,&quot;duration&quot;:500,&quot;speed&quot;:5,&quot;pause_on_hover&quot;:&quot;disabled&quot;,&quot;stop_rollover&quot;:&quot;false&quot;,&quot;cache_pages&quot;:&quot;enabled&quot;,&quot;preload_images&quot;:&quot;enabled&quot;,&quot;preload_pages&quot;:&quot;enabled&quot;,&quot;preload_reach&quot;:1,&quot;spinner&quot;:&quot;builtin&quot;,&quot;spinner_image&quot;:&quot;https:\/\/www.festicheyres.ch\/wp-content\/plugins\/wp-views\/embedded\/res\/img\/ajax-loader.gif&quot;,&quot;callback_next&quot;:&quot;&quot;,&quot;manage_history&quot;:&quot;disabled&quot;,&quot;has_controls_in_form&quot;:&quot;disabled&quot;,&quot;infinite_tolerance&quot;:&quot;0&quot;,&quot;max_pages&quot;:0,&quot;page&quot;:1,&quot;base_permalink&quot;:&quot;\/wp-json\/wp\/v2\/pages\/1832?wpv_view_count=4830-CATTR97defb65612c4937d78a8cc221557a51&amp;wpv_paged=WPV_PAGE_NUM&quot;,&quot;loop&quot;:{&quot;type&quot;:&quot;&quot;,&quot;name&quot;:&quot;&quot;,&quot;data&quot;:[],&quot;id&quot;:0}}\" data-permalink=\"\/wp-json\/wp\/v2\/pages\/1832?wpv_view_count=4830-CATTR97defb65612c4937d78a8cc221557a51\">\n\n\t\n\t\n\t\n      <div class=\"groupe-loop\">\n\t\t\t<section class=\"wpb-content-wrapper\"><p>[vc_row][vc_column width=\u00a0\u00bb1\/3&Prime;][vc_column_text]<a href=\"https:\/\/www.festicheyres.ch\/groupe\/jessiquoi\/\"><img width=\"468\" height=\"468\" src=\"https:\/\/www.festicheyres.ch\/wp-content\/uploads\/2024\/05\/240104144230_lom-468x468.jpg\" class=\"attachment-blog-thumb-2 size-blog-thumb-2 wp-post-image\" alt=\"\" decoding=\"async\" loading=\"lazy\" srcset=\"https:\/\/www.festicheyres.ch\/wp-content\/uploads\/2024\/05\/240104144230_lom-468x468.jpg 468w, https:\/\/www.festicheyres.ch\/wp-content\/uploads\/2024\/05\/240104144230_lom-150x150.jpg 150w, https:\/\/www.festicheyres.ch\/wp-content\/uploads\/2024\/05\/240104144230_lom-scaled-266x266.jpg 266w\" sizes=\"(max-width: 468px) 100vw, 468px\" \/><\/a><\/p>\n<p>[\/vc_column_text][\/vc_column][vc_column width=\u00a0\u00bb2\/3&Prime;][vc_column_text]\n\n\n<div id=\"wpv-view-layout-4862-CPID4774\" class=\"js-wpv-view-layout js-wpv-layout-responsive js-wpv-view-layout-4862-CPID4774\" data-viewnumber=\"4862-CPID4774\" data-pagination=\"{&quot;id&quot;:&quot;4862&quot;,&quot;query&quot;:&quot;normal&quot;,&quot;type&quot;:&quot;disabled&quot;,&quot;effect&quot;:&quot;fade&quot;,&quot;duration&quot;:500,&quot;speed&quot;:5,&quot;pause_on_hover&quot;:&quot;disabled&quot;,&quot;stop_rollover&quot;:&quot;false&quot;,&quot;cache_pages&quot;:&quot;enabled&quot;,&quot;preload_images&quot;:&quot;enabled&quot;,&quot;preload_pages&quot;:&quot;enabled&quot;,&quot;preload_reach&quot;:1,&quot;spinner&quot;:&quot;builtin&quot;,&quot;spinner_image&quot;:&quot;https:\/\/projet2020.festicheyres.ch\/wp-content\/plugins\/wp-views\/embedded\/res\/img\/ajax-loader.gif&quot;,&quot;callback_next&quot;:&quot;&quot;,&quot;manage_history&quot;:&quot;disabled&quot;,&quot;has_controls_in_form&quot;:&quot;disabled&quot;,&quot;infinite_tolerance&quot;:&quot;0&quot;,&quot;max_pages&quot;:0,&quot;page&quot;:1,&quot;base_permalink&quot;:&quot;\/wp-json\/wp\/v2\/pages\/1832?wpv_view_count=4862-CPID4774&amp;wpv_paged=WPV_PAGE_NUM&quot;,&quot;loop&quot;:{&quot;type&quot;:&quot;&quot;,&quot;name&quot;:&quot;&quot;,&quot;data&quot;:&#091;&#093;,&quot;id&quot;:0}}\" data-permalink=\"\/wp-json\/wp\/v2\/pages\/1832?wpv_view_count=4862-CPID4774\">\n\n\t\n\t\n\t<!-- <h4>Concerts<\/h4> -->\n\t<!-- <ul class=\"wpv-loop js-wpv-loop\"> -->\n\t\t \n\t\t\t<!-- <li> -->\n              <p class=\"info-concert\">sam. 13 | 00:30 | Grande Sc\u00e8ne <p>\n          \t<!-- <\/li> -->\n\t\t\n\t<!-- <\/ul> -->\n\t\n\t\n\t\n<\/div>\n<h3 class=\"horaire-group-name\"><a href=\"https:\/\/www.festicheyres.ch\/groupe\/jessiquoi\/\">Jessiquoi<\/a><\/h3>\n<p><strong>Hyperpop<\/strong> (Berne-AU)<br \/>\n<em>Un projet \u00e0 grande d\u00e9tonation<\/em>[\/vc_column_text][\/vc_column][\/vc_row]<\/p>\n<\/section>\n      <\/div>\n\t\n\t\n\t\n\t\n<\/div>\n<\/span>[\/vc_column_text][\/vc_column][\/vc_row][vc_row][vc_column css_animation=\u00a0\u00bbfadeInLeft\u00a0\u00bb width=\u00a0\u00bb1\/2&Prime;][vc_column_text]<span class=\"wpv-code\">\n\n\n<div id=\"wpv-view-layout-4830-CATTR1b7e1f0753b5478d3e4b671a9e22bbb9\" class=\"js-wpv-view-layout js-wpv-layout-responsive js-wpv-view-layout-4830-CATTR1b7e1f0753b5478d3e4b671a9e22bbb9\" data-viewnumber=\"4830-CATTR1b7e1f0753b5478d3e4b671a9e22bbb9\" data-pagination=\"{&quot;id&quot;:&quot;4830&quot;,&quot;query&quot;:&quot;normal&quot;,&quot;type&quot;:&quot;disabled&quot;,&quot;effect&quot;:&quot;fade&quot;,&quot;duration&quot;:500,&quot;speed&quot;:5,&quot;pause_on_hover&quot;:&quot;disabled&quot;,&quot;stop_rollover&quot;:&quot;false&quot;,&quot;cache_pages&quot;:&quot;enabled&quot;,&quot;preload_images&quot;:&quot;enabled&quot;,&quot;preload_pages&quot;:&quot;enabled&quot;,&quot;preload_reach&quot;:1,&quot;spinner&quot;:&quot;builtin&quot;,&quot;spinner_image&quot;:&quot;https:\/\/www.festicheyres.ch\/wp-content\/plugins\/wp-views\/embedded\/res\/img\/ajax-loader.gif&quot;,&quot;callback_next&quot;:&quot;&quot;,&quot;manage_history&quot;:&quot;disabled&quot;,&quot;has_controls_in_form&quot;:&quot;disabled&quot;,&quot;infinite_tolerance&quot;:&quot;0&quot;,&quot;max_pages&quot;:0,&quot;page&quot;:1,&quot;base_permalink&quot;:&quot;\/wp-json\/wp\/v2\/pages\/1832?wpv_view_count=4830-CATTR1b7e1f0753b5478d3e4b671a9e22bbb9&amp;wpv_paged=WPV_PAGE_NUM&quot;,&quot;loop&quot;:{&quot;type&quot;:&quot;&quot;,&quot;name&quot;:&quot;&quot;,&quot;data&quot;:[],&quot;id&quot;:0}}\" data-permalink=\"\/wp-json\/wp\/v2\/pages\/1832?wpv_view_count=4830-CATTR1b7e1f0753b5478d3e4b671a9e22bbb9\">\n\n\t\n\t\n\t\n      <div class=\"groupe-loop\">\n\t\t\t<section class=\"wpb-content-wrapper\"><p>[vc_row][vc_column width=\u00a0\u00bb1\/3&Prime;][vc_column_text]<a href=\"https:\/\/www.festicheyres.ch\/groupe\/the-bad-binches\/\"><img width=\"150\" height=\"150\" src=\"https:\/\/www.festicheyres.ch\/wp-content\/uploads\/2024\/05\/434066967_2321376718073128_6678725226587756757_n.jpg\" class=\"attachment-blog-thumb-2 size-blog-thumb-2 wp-post-image\" alt=\"\" decoding=\"async\" loading=\"lazy\" \/><\/a><\/p>\n<p>[\/vc_column_text][\/vc_column][vc_column width=\u00a0\u00bb2\/3&Prime;][vc_column_text]\n\n\n<div id=\"wpv-view-layout-4862-CPID4777\" class=\"js-wpv-view-layout js-wpv-layout-responsive js-wpv-view-layout-4862-CPID4777\" data-viewnumber=\"4862-CPID4777\" data-pagination=\"{&quot;id&quot;:&quot;4862&quot;,&quot;query&quot;:&quot;normal&quot;,&quot;type&quot;:&quot;disabled&quot;,&quot;effect&quot;:&quot;fade&quot;,&quot;duration&quot;:500,&quot;speed&quot;:5,&quot;pause_on_hover&quot;:&quot;disabled&quot;,&quot;stop_rollover&quot;:&quot;false&quot;,&quot;cache_pages&quot;:&quot;enabled&quot;,&quot;preload_images&quot;:&quot;enabled&quot;,&quot;preload_pages&quot;:&quot;enabled&quot;,&quot;preload_reach&quot;:1,&quot;spinner&quot;:&quot;builtin&quot;,&quot;spinner_image&quot;:&quot;https:\/\/projet2020.festicheyres.ch\/wp-content\/plugins\/wp-views\/embedded\/res\/img\/ajax-loader.gif&quot;,&quot;callback_next&quot;:&quot;&quot;,&quot;manage_history&quot;:&quot;disabled&quot;,&quot;has_controls_in_form&quot;:&quot;disabled&quot;,&quot;infinite_tolerance&quot;:&quot;0&quot;,&quot;max_pages&quot;:0,&quot;page&quot;:1,&quot;base_permalink&quot;:&quot;\/wp-json\/wp\/v2\/pages\/1832?wpv_view_count=4862-CPID4777&amp;wpv_paged=WPV_PAGE_NUM&quot;,&quot;loop&quot;:{&quot;type&quot;:&quot;&quot;,&quot;name&quot;:&quot;&quot;,&quot;data&quot;:&#091;&#093;,&quot;id&quot;:0}}\" data-permalink=\"\/wp-json\/wp\/v2\/pages\/1832?wpv_view_count=4862-CPID4777\">\n\n\t\n\t\n\t<!-- <h4>Concerts<\/h4> -->\n\t<!-- <ul class=\"wpv-loop js-wpv-loop\"> -->\n\t\t \n\t\t\t<!-- <li> -->\n              <p class=\"info-concert\">dim. 14 | 01:15 |  <p>\n          \t<!-- <\/li> -->\n\t\t\n\t<!-- <\/ul> -->\n\t\n\t\n\t\n<\/div>\n<h3 class=\"horaire-group-name\"><a href=\"https:\/\/www.festicheyres.ch\/groupe\/the-bad-binches\/\">The Bad Binches<\/a><\/h3>\n<p><strong>La F\u00eate du Fun<\/strong> (Bulle)<br \/>\n<em>Temp\u00eate en approche !<\/em>[\/vc_column_text][\/vc_column][\/vc_row]<\/p>\n<\/section>\n      <\/div>\n\t\n\t\n\t\n\t\n<\/div>\n<\/span>[\/vc_column_text][\/vc_column][vc_column css_animation=\u00a0\u00bbfadeInRight\u00a0\u00bb width=\u00a0\u00bb1\/2&Prime;][\/vc_column][\/vc_row][vc_row][vc_column][vc_column_text]<\/p>\n<h2>Dimanche 14 juillet<\/h2>\n<h3>D\u00e8s 9h<\/h3>\n<p>[\/vc_column_text][\/vc_column][\/vc_row][vc_row][vc_column css_animation=\u00a0\u00bbfadeInLeft\u00a0\u00bb width=\u00a0\u00bb1\/2&Prime;][vc_column_text]d\u00e8s 9h | <a href=\"https:\/\/www.festicheyres.ch\/programme\/animations\/\">P&rsquo;tit d\u00e9j au bord du lac<\/a><\/p>\n<p>9h-10h15 | <a href=\"https:\/\/www.festicheyres.ch\/programme\/animations\/\">Yin Yoga<\/a><\/p>\n<p>d\u00e8s 13h30 | <a href=\"https:\/\/www.festicheyres.ch\/programme\/animations\/\">Animations pour enfants<\/a>[\/vc_column_text][\/vc_column][vc_column css_animation=\u00a0\u00bbfadeInRight\u00a0\u00bb width=\u00a0\u00bb1\/2&Prime;][\/vc_column][\/vc_row][vc_row][vc_column][vc_empty_space height=\u00a0\u00bb50px\u00a0\u00bb][\/vc_column][\/vc_row][vc_row][vc_column css_animation=\u00a0\u00bbfadeInLeft\u00a0\u00bb width=\u00a0\u00bb1\/2&Prime;][vc_column_text]<span class=\"wpv-code\">\n\n\n<div id=\"wpv-view-layout-4830-CATTRf2d700c82dd70ce8f34363a3251ff133\" class=\"js-wpv-view-layout js-wpv-layout-responsive js-wpv-view-layout-4830-CATTRf2d700c82dd70ce8f34363a3251ff133\" data-viewnumber=\"4830-CATTRf2d700c82dd70ce8f34363a3251ff133\" data-pagination=\"{&quot;id&quot;:&quot;4830&quot;,&quot;query&quot;:&quot;normal&quot;,&quot;type&quot;:&quot;disabled&quot;,&quot;effect&quot;:&quot;fade&quot;,&quot;duration&quot;:500,&quot;speed&quot;:5,&quot;pause_on_hover&quot;:&quot;disabled&quot;,&quot;stop_rollover&quot;:&quot;false&quot;,&quot;cache_pages&quot;:&quot;enabled&quot;,&quot;preload_images&quot;:&quot;enabled&quot;,&quot;preload_pages&quot;:&quot;enabled&quot;,&quot;preload_reach&quot;:1,&quot;spinner&quot;:&quot;builtin&quot;,&quot;spinner_image&quot;:&quot;https:\/\/www.festicheyres.ch\/wp-content\/plugins\/wp-views\/embedded\/res\/img\/ajax-loader.gif&quot;,&quot;callback_next&quot;:&quot;&quot;,&quot;manage_history&quot;:&quot;disabled&quot;,&quot;has_controls_in_form&quot;:&quot;disabled&quot;,&quot;infinite_tolerance&quot;:&quot;0&quot;,&quot;max_pages&quot;:0,&quot;page&quot;:1,&quot;base_permalink&quot;:&quot;\/wp-json\/wp\/v2\/pages\/1832?wpv_view_count=4830-CATTRf2d700c82dd70ce8f34363a3251ff133&amp;wpv_paged=WPV_PAGE_NUM&quot;,&quot;loop&quot;:{&quot;type&quot;:&quot;&quot;,&quot;name&quot;:&quot;&quot;,&quot;data&quot;:[],&quot;id&quot;:0}}\" data-permalink=\"\/wp-json\/wp\/v2\/pages\/1832?wpv_view_count=4830-CATTRf2d700c82dd70ce8f34363a3251ff133\">\n\n\t\n\t\n\t\n      <div class=\"groupe-loop\">\n\t\t\t<section class=\"wpb-content-wrapper\"><p>[vc_row][vc_column width=\u00a0\u00bb1\/3&Prime;][vc_column_text]<a href=\"https:\/\/www.festicheyres.ch\/groupe\/concert-des-eleves-2\/\"><img width=\"468\" height=\"468\" src=\"https:\/\/www.festicheyres.ch\/wp-content\/uploads\/2024\/05\/20230709_Concert-des-eleves_Pascal-Jan_069-468x468.jpg\" class=\"attachment-blog-thumb-2 size-blog-thumb-2 wp-post-image\" alt=\"\" decoding=\"async\" loading=\"lazy\" srcset=\"https:\/\/www.festicheyres.ch\/wp-content\/uploads\/2024\/05\/20230709_Concert-des-eleves_Pascal-Jan_069-468x468.jpg 468w, https:\/\/www.festicheyres.ch\/wp-content\/uploads\/2024\/05\/20230709_Concert-des-eleves_Pascal-Jan_069-150x150.jpg 150w, https:\/\/www.festicheyres.ch\/wp-content\/uploads\/2024\/05\/20230709_Concert-des-eleves_Pascal-Jan_069-scaled-266x266.jpg 266w, https:\/\/www.festicheyres.ch\/wp-content\/uploads\/2024\/05\/20230709_Concert-des-eleves_Pascal-Jan_069-scaled-220x220.jpg 220w\" sizes=\"(max-width: 468px) 100vw, 468px\" \/><\/a><\/p>\n<p>[\/vc_column_text][\/vc_column][vc_column width=\u00a0\u00bb2\/3&Prime;][vc_column_text]\n\n\n<div id=\"wpv-view-layout-4862-CPID4780\" class=\"js-wpv-view-layout js-wpv-layout-responsive js-wpv-view-layout-4862-CPID4780\" data-viewnumber=\"4862-CPID4780\" data-pagination=\"{&quot;id&quot;:&quot;4862&quot;,&quot;query&quot;:&quot;normal&quot;,&quot;type&quot;:&quot;disabled&quot;,&quot;effect&quot;:&quot;fade&quot;,&quot;duration&quot;:500,&quot;speed&quot;:5,&quot;pause_on_hover&quot;:&quot;disabled&quot;,&quot;stop_rollover&quot;:&quot;false&quot;,&quot;cache_pages&quot;:&quot;enabled&quot;,&quot;preload_images&quot;:&quot;enabled&quot;,&quot;preload_pages&quot;:&quot;enabled&quot;,&quot;preload_reach&quot;:1,&quot;spinner&quot;:&quot;builtin&quot;,&quot;spinner_image&quot;:&quot;https:\/\/projet2020.festicheyres.ch\/wp-content\/plugins\/wp-views\/embedded\/res\/img\/ajax-loader.gif&quot;,&quot;callback_next&quot;:&quot;&quot;,&quot;manage_history&quot;:&quot;disabled&quot;,&quot;has_controls_in_form&quot;:&quot;disabled&quot;,&quot;infinite_tolerance&quot;:&quot;0&quot;,&quot;max_pages&quot;:0,&quot;page&quot;:1,&quot;base_permalink&quot;:&quot;\/wp-json\/wp\/v2\/pages\/1832?wpv_view_count=4862-CPID4780&amp;wpv_paged=WPV_PAGE_NUM&quot;,&quot;loop&quot;:{&quot;type&quot;:&quot;&quot;,&quot;name&quot;:&quot;&quot;,&quot;data&quot;:&#091;&#093;,&quot;id&quot;:0}}\" data-permalink=\"\/wp-json\/wp\/v2\/pages\/1832?wpv_view_count=4862-CPID4780\">\n\n\t\n\t\n\t<!-- <h4>Concerts<\/h4> -->\n\t<!-- <ul class=\"wpv-loop js-wpv-loop\"> -->\n\t\t \n\t\t\t<!-- <li> -->\n              <p class=\"info-concert\">dim. 14 | 11:00 | Sc\u00e8ne des arbres <p>\n          \t<!-- <\/li> -->\n\t\t\n\t<!-- <\/ul> -->\n\t\n\t\n\t\n<\/div>\n<h3 class=\"horaire-group-name\"><a href=\"https:\/\/www.festicheyres.ch\/groupe\/concert-des-eleves-2\/\">Concert des El\u00e8ves<\/a><\/h3>\n<p><strong>Tout genre<\/strong> (Du coin)<br \/>\n<em>Une arm\u00e9e de talent<\/em>[\/vc_column_text][\/vc_column][\/vc_row]<\/p>\n<\/section>\n      <\/div>\n\t\n\t\n\t\n\t\n<\/div>\n<\/span>[\/vc_column_text][\/vc_column][vc_column css_animation=\u00a0\u00bbfadeInRight\u00a0\u00bb width=\u00a0\u00bb1\/2&Prime;][vc_column_text]<span class=\"wpv-code\">\n\n\n<div id=\"wpv-view-layout-4830-CATTR887aaaed001ad5f59ee2ae7df113deeb\" class=\"js-wpv-view-layout js-wpv-layout-responsive js-wpv-view-layout-4830-CATTR887aaaed001ad5f59ee2ae7df113deeb\" data-viewnumber=\"4830-CATTR887aaaed001ad5f59ee2ae7df113deeb\" data-pagination=\"{&quot;id&quot;:&quot;4830&quot;,&quot;query&quot;:&quot;normal&quot;,&quot;type&quot;:&quot;disabled&quot;,&quot;effect&quot;:&quot;fade&quot;,&quot;duration&quot;:500,&quot;speed&quot;:5,&quot;pause_on_hover&quot;:&quot;disabled&quot;,&quot;stop_rollover&quot;:&quot;false&quot;,&quot;cache_pages&quot;:&quot;enabled&quot;,&quot;preload_images&quot;:&quot;enabled&quot;,&quot;preload_pages&quot;:&quot;enabled&quot;,&quot;preload_reach&quot;:1,&quot;spinner&quot;:&quot;builtin&quot;,&quot;spinner_image&quot;:&quot;https:\/\/www.festicheyres.ch\/wp-content\/plugins\/wp-views\/embedded\/res\/img\/ajax-loader.gif&quot;,&quot;callback_next&quot;:&quot;&quot;,&quot;manage_history&quot;:&quot;disabled&quot;,&quot;has_controls_in_form&quot;:&quot;disabled&quot;,&quot;infinite_tolerance&quot;:&quot;0&quot;,&quot;max_pages&quot;:0,&quot;page&quot;:1,&quot;base_permalink&quot;:&quot;\/wp-json\/wp\/v2\/pages\/1832?wpv_view_count=4830-CATTR887aaaed001ad5f59ee2ae7df113deeb&amp;wpv_paged=WPV_PAGE_NUM&quot;,&quot;loop&quot;:{&quot;type&quot;:&quot;&quot;,&quot;name&quot;:&quot;&quot;,&quot;data&quot;:[],&quot;id&quot;:0}}\" data-permalink=\"\/wp-json\/wp\/v2\/pages\/1832?wpv_view_count=4830-CATTR887aaaed001ad5f59ee2ae7df113deeb\">\n\n\t\n\t\n\t\n      <div class=\"groupe-loop\">\n\t\t\t<section class=\"wpb-content-wrapper\"><p>[vc_row][vc_column width=\u00a0\u00bb1\/3&Prime;][vc_column_text]<a href=\"https:\/\/www.festicheyres.ch\/groupe\/velantane\/\"><img width=\"468\" height=\"468\" src=\"https:\/\/www.festicheyres.ch\/wp-content\/uploads\/2024\/05\/imv1-468x468.jpg\" class=\"attachment-blog-thumb-2 size-blog-thumb-2 wp-post-image\" alt=\"\" decoding=\"async\" loading=\"lazy\" srcset=\"https:\/\/www.festicheyres.ch\/wp-content\/uploads\/2024\/05\/imv1-468x468.jpg 468w, https:\/\/www.festicheyres.ch\/wp-content\/uploads\/2024\/05\/imv1-300x300.jpg 300w, https:\/\/www.festicheyres.ch\/wp-content\/uploads\/2024\/05\/imv1-1024x1024.jpg 1024w, https:\/\/www.festicheyres.ch\/wp-content\/uploads\/2024\/05\/imv1-150x150.jpg 150w, https:\/\/www.festicheyres.ch\/wp-content\/uploads\/2024\/05\/imv1-768x768.jpg 768w, https:\/\/www.festicheyres.ch\/wp-content\/uploads\/2024\/05\/imv1-1536x1536.jpg 1536w, https:\/\/www.festicheyres.ch\/wp-content\/uploads\/2024\/05\/imv1-1612x1612.jpg 1612w, https:\/\/www.festicheyres.ch\/wp-content\/uploads\/2024\/05\/imv1-1116x1116.jpg 1116w, https:\/\/www.festicheyres.ch\/wp-content\/uploads\/2024\/05\/imv1-806x806.jpg 806w, https:\/\/www.festicheyres.ch\/wp-content\/uploads\/2024\/05\/imv1-558x558.jpg 558w, https:\/\/www.festicheyres.ch\/wp-content\/uploads\/2024\/05\/imv1-655x655.jpg 655w, https:\/\/www.festicheyres.ch\/wp-content\/uploads\/2024\/05\/imv1-266x266.jpg 266w, https:\/\/www.festicheyres.ch\/wp-content\/uploads\/2024\/05\/imv1.jpg 1920w\" sizes=\"(max-width: 468px) 100vw, 468px\" \/><\/a><\/p>\n<p>[\/vc_column_text][\/vc_column][vc_column width=\u00a0\u00bb2\/3&Prime;][vc_column_text]\n\n\n<div id=\"wpv-view-layout-4862-CPID4783\" class=\"js-wpv-view-layout js-wpv-layout-responsive js-wpv-view-layout-4862-CPID4783\" data-viewnumber=\"4862-CPID4783\" data-pagination=\"{&quot;id&quot;:&quot;4862&quot;,&quot;query&quot;:&quot;normal&quot;,&quot;type&quot;:&quot;disabled&quot;,&quot;effect&quot;:&quot;fade&quot;,&quot;duration&quot;:500,&quot;speed&quot;:5,&quot;pause_on_hover&quot;:&quot;disabled&quot;,&quot;stop_rollover&quot;:&quot;false&quot;,&quot;cache_pages&quot;:&quot;enabled&quot;,&quot;preload_images&quot;:&quot;enabled&quot;,&quot;preload_pages&quot;:&quot;enabled&quot;,&quot;preload_reach&quot;:1,&quot;spinner&quot;:&quot;builtin&quot;,&quot;spinner_image&quot;:&quot;https:\/\/projet2020.festicheyres.ch\/wp-content\/plugins\/wp-views\/embedded\/res\/img\/ajax-loader.gif&quot;,&quot;callback_next&quot;:&quot;&quot;,&quot;manage_history&quot;:&quot;disabled&quot;,&quot;has_controls_in_form&quot;:&quot;disabled&quot;,&quot;infinite_tolerance&quot;:&quot;0&quot;,&quot;max_pages&quot;:0,&quot;page&quot;:1,&quot;base_permalink&quot;:&quot;\/wp-json\/wp\/v2\/pages\/1832?wpv_view_count=4862-CPID4783&amp;wpv_paged=WPV_PAGE_NUM&quot;,&quot;loop&quot;:{&quot;type&quot;:&quot;&quot;,&quot;name&quot;:&quot;&quot;,&quot;data&quot;:&#091;&#093;,&quot;id&quot;:0}}\" data-permalink=\"\/wp-json\/wp\/v2\/pages\/1832?wpv_view_count=4862-CPID4783\">\n\n\t\n\t\n\t<!-- <h4>Concerts<\/h4> -->\n\t<!-- <ul class=\"wpv-loop js-wpv-loop\"> -->\n\t\t \n\t\t\t<!-- <li> -->\n              <p class=\"info-concert\">dim. 14 | 13:30 | Sc\u00e8ne des arbres <p>\n          \t<!-- <\/li> -->\n\t\t\n\t<!-- <\/ul> -->\n\t\n\t\n\t\n<\/div>\n<h3 class=\"horaire-group-name\"><a href=\"https:\/\/www.festicheyres.ch\/groupe\/velantane\/\">Velantane<\/a><\/h3>\n<p><strong>Pop Francophone<\/strong> (Fribourg)<br \/>\n<em>Sans vanit\u00e9, sans \u00e9lan, une gifle<\/em>[\/vc_column_text][\/vc_column][\/vc_row]<\/p>\n<\/section>\n      <\/div>\n\t\n\t\n\t\n\t\n<\/div>\n<\/span>[\/vc_column_text][\/vc_column][\/vc_row][vc_row][vc_column css_animation=\u00a0\u00bbfadeInLeft\u00a0\u00bb width=\u00a0\u00bb1\/2&Prime;][vc_column_text]<span class=\"wpv-code\">\n\n\n<div id=\"wpv-view-layout-4830-CATTR5c0de0c40f4aeb7cb1169976995fc8ac\" class=\"js-wpv-view-layout js-wpv-layout-responsive js-wpv-view-layout-4830-CATTR5c0de0c40f4aeb7cb1169976995fc8ac\" data-viewnumber=\"4830-CATTR5c0de0c40f4aeb7cb1169976995fc8ac\" data-pagination=\"{&quot;id&quot;:&quot;4830&quot;,&quot;query&quot;:&quot;normal&quot;,&quot;type&quot;:&quot;disabled&quot;,&quot;effect&quot;:&quot;fade&quot;,&quot;duration&quot;:500,&quot;speed&quot;:5,&quot;pause_on_hover&quot;:&quot;disabled&quot;,&quot;stop_rollover&quot;:&quot;false&quot;,&quot;cache_pages&quot;:&quot;enabled&quot;,&quot;preload_images&quot;:&quot;enabled&quot;,&quot;preload_pages&quot;:&quot;enabled&quot;,&quot;preload_reach&quot;:1,&quot;spinner&quot;:&quot;builtin&quot;,&quot;spinner_image&quot;:&quot;https:\/\/www.festicheyres.ch\/wp-content\/plugins\/wp-views\/embedded\/res\/img\/ajax-loader.gif&quot;,&quot;callback_next&quot;:&quot;&quot;,&quot;manage_history&quot;:&quot;disabled&quot;,&quot;has_controls_in_form&quot;:&quot;disabled&quot;,&quot;infinite_tolerance&quot;:&quot;0&quot;,&quot;max_pages&quot;:0,&quot;page&quot;:1,&quot;base_permalink&quot;:&quot;\/wp-json\/wp\/v2\/pages\/1832?wpv_view_count=4830-CATTR5c0de0c40f4aeb7cb1169976995fc8ac&amp;wpv_paged=WPV_PAGE_NUM&quot;,&quot;loop&quot;:{&quot;type&quot;:&quot;&quot;,&quot;name&quot;:&quot;&quot;,&quot;data&quot;:[],&quot;id&quot;:0}}\" data-permalink=\"\/wp-json\/wp\/v2\/pages\/1832?wpv_view_count=4830-CATTR5c0de0c40f4aeb7cb1169976995fc8ac\">\n\n\t\n\t\n\t\n      <div class=\"groupe-loop\">\n\t\t\t<section class=\"wpb-content-wrapper\"><p>[vc_row][vc_column width=\u00a0\u00bb1\/3&Prime;][vc_column_text]<a href=\"https:\/\/www.festicheyres.ch\/groupe\/momot\/\"><img width=\"468\" height=\"468\" src=\"https:\/\/www.festicheyres.ch\/wp-content\/uploads\/2024\/05\/photo-press-1-002-468x468.jpg\" class=\"attachment-blog-thumb-2 size-blog-thumb-2 wp-post-image\" alt=\"\" decoding=\"async\" loading=\"lazy\" srcset=\"https:\/\/www.festicheyres.ch\/wp-content\/uploads\/2024\/05\/photo-press-1-002-468x468.jpg 468w, https:\/\/www.festicheyres.ch\/wp-content\/uploads\/2024\/05\/photo-press-1-002-150x150.jpg 150w, https:\/\/www.festicheyres.ch\/wp-content\/uploads\/2024\/05\/photo-press-1-002-scaled-266x266.jpg 266w\" sizes=\"(max-width: 468px) 100vw, 468px\" \/><\/a><\/p>\n<p>[\/vc_column_text][\/vc_column][vc_column width=\u00a0\u00bb2\/3&Prime;][vc_column_text]\n\n\n<div id=\"wpv-view-layout-4862-CPID4786\" class=\"js-wpv-view-layout js-wpv-layout-responsive js-wpv-view-layout-4862-CPID4786\" data-viewnumber=\"4862-CPID4786\" data-pagination=\"{&quot;id&quot;:&quot;4862&quot;,&quot;query&quot;:&quot;normal&quot;,&quot;type&quot;:&quot;disabled&quot;,&quot;effect&quot;:&quot;fade&quot;,&quot;duration&quot;:500,&quot;speed&quot;:5,&quot;pause_on_hover&quot;:&quot;disabled&quot;,&quot;stop_rollover&quot;:&quot;false&quot;,&quot;cache_pages&quot;:&quot;enabled&quot;,&quot;preload_images&quot;:&quot;enabled&quot;,&quot;preload_pages&quot;:&quot;enabled&quot;,&quot;preload_reach&quot;:1,&quot;spinner&quot;:&quot;builtin&quot;,&quot;spinner_image&quot;:&quot;https:\/\/projet2020.festicheyres.ch\/wp-content\/plugins\/wp-views\/embedded\/res\/img\/ajax-loader.gif&quot;,&quot;callback_next&quot;:&quot;&quot;,&quot;manage_history&quot;:&quot;disabled&quot;,&quot;has_controls_in_form&quot;:&quot;disabled&quot;,&quot;infinite_tolerance&quot;:&quot;0&quot;,&quot;max_pages&quot;:0,&quot;page&quot;:1,&quot;base_permalink&quot;:&quot;\/wp-json\/wp\/v2\/pages\/1832?wpv_view_count=4862-CPID4786&amp;wpv_paged=WPV_PAGE_NUM&quot;,&quot;loop&quot;:{&quot;type&quot;:&quot;&quot;,&quot;name&quot;:&quot;&quot;,&quot;data&quot;:&#091;&#093;,&quot;id&quot;:0}}\" data-permalink=\"\/wp-json\/wp\/v2\/pages\/1832?wpv_view_count=4862-CPID4786\">\n\n\t\n\t\n\t<!-- <h4>Concerts<\/h4> -->\n\t<!-- <ul class=\"wpv-loop js-wpv-loop\"> -->\n\t\t \n\t\t\t<!-- <li> -->\n              <p class=\"info-concert\">dim. 14 | 15:10 | Sc\u00e8ne des arbres <p>\n          \t<!-- <\/li> -->\n\t\t\n\t<!-- <\/ul> -->\n\t\n\t\n\t\n<\/div>\n<h3 class=\"horaire-group-name\"><a href=\"https:\/\/www.festicheyres.ch\/groupe\/momot\/\">Mo&rsquo;Mot<\/a><\/h3>\n<p><strong>Pop-Soul R&B<\/strong> (Estavayer-le-lac)<br \/>\n<em>Des histoires de mots<\/em>[\/vc_column_text][\/vc_column][\/vc_row]<\/p>\n<\/section>\n      <\/div>\n\t\n\t\n\t\n\t\n<\/div>\n<\/span>[\/vc_column_text][\/vc_column][vc_column css_animation=\u00a0\u00bbfadeInRight\u00a0\u00bb width=\u00a0\u00bb1\/2&Prime;][vc_column_text]<span class=\"wpv-code\">\n\n\n<div id=\"wpv-view-layout-4830-CATTR69c10bca04500bed073cff5d096018ac\" class=\"js-wpv-view-layout js-wpv-layout-responsive js-wpv-view-layout-4830-CATTR69c10bca04500bed073cff5d096018ac\" data-viewnumber=\"4830-CATTR69c10bca04500bed073cff5d096018ac\" data-pagination=\"{&quot;id&quot;:&quot;4830&quot;,&quot;query&quot;:&quot;normal&quot;,&quot;type&quot;:&quot;disabled&quot;,&quot;effect&quot;:&quot;fade&quot;,&quot;duration&quot;:500,&quot;speed&quot;:5,&quot;pause_on_hover&quot;:&quot;disabled&quot;,&quot;stop_rollover&quot;:&quot;false&quot;,&quot;cache_pages&quot;:&quot;enabled&quot;,&quot;preload_images&quot;:&quot;enabled&quot;,&quot;preload_pages&quot;:&quot;enabled&quot;,&quot;preload_reach&quot;:1,&quot;spinner&quot;:&quot;builtin&quot;,&quot;spinner_image&quot;:&quot;https:\/\/www.festicheyres.ch\/wp-content\/plugins\/wp-views\/embedded\/res\/img\/ajax-loader.gif&quot;,&quot;callback_next&quot;:&quot;&quot;,&quot;manage_history&quot;:&quot;disabled&quot;,&quot;has_controls_in_form&quot;:&quot;disabled&quot;,&quot;infinite_tolerance&quot;:&quot;0&quot;,&quot;max_pages&quot;:0,&quot;page&quot;:1,&quot;base_permalink&quot;:&quot;\/wp-json\/wp\/v2\/pages\/1832?wpv_view_count=4830-CATTR69c10bca04500bed073cff5d096018ac&amp;wpv_paged=WPV_PAGE_NUM&quot;,&quot;loop&quot;:{&quot;type&quot;:&quot;&quot;,&quot;name&quot;:&quot;&quot;,&quot;data&quot;:[],&quot;id&quot;:0}}\" data-permalink=\"\/wp-json\/wp\/v2\/pages\/1832?wpv_view_count=4830-CATTR69c10bca04500bed073cff5d096018ac\">\n\n\t\n\t\n\t\n      <div class=\"groupe-loop\">\n\t\t\t<section class=\"wpb-content-wrapper\"><p>[vc_row][vc_column width=\u00a0\u00bb1\/3&Prime;][vc_column_text]<a href=\"https:\/\/www.festicheyres.ch\/groupe\/lile-aux-tresors\/\"><img width=\"468\" height=\"468\" src=\"https:\/\/www.festicheyres.ch\/wp-content\/uploads\/2024\/05\/IAT_Logo24_Asso-468x468.png\" class=\"attachment-blog-thumb-2 size-blog-thumb-2 wp-post-image\" alt=\"\" decoding=\"async\" loading=\"lazy\" srcset=\"https:\/\/www.festicheyres.ch\/wp-content\/uploads\/2024\/05\/IAT_Logo24_Asso-468x468.png 468w, https:\/\/www.festicheyres.ch\/wp-content\/uploads\/2024\/05\/IAT_Logo24_Asso-150x150.png 150w, https:\/\/www.festicheyres.ch\/wp-content\/uploads\/2024\/05\/IAT_Logo24_Asso-266x266.png 266w, https:\/\/www.festicheyres.ch\/wp-content\/uploads\/2024\/05\/IAT_Logo24_Asso-220x220.png 220w\" sizes=\"(max-width: 468px) 100vw, 468px\" \/><\/a><\/p>\n<p>[\/vc_column_text][\/vc_column][vc_column width=\u00a0\u00bb2\/3&Prime;][vc_column_text]\n\n\n<div id=\"wpv-view-layout-4862-CPID4789\" class=\"js-wpv-view-layout js-wpv-layout-responsive js-wpv-view-layout-4862-CPID4789\" data-viewnumber=\"4862-CPID4789\" data-pagination=\"{&quot;id&quot;:&quot;4862&quot;,&quot;query&quot;:&quot;normal&quot;,&quot;type&quot;:&quot;disabled&quot;,&quot;effect&quot;:&quot;fade&quot;,&quot;duration&quot;:500,&quot;speed&quot;:5,&quot;pause_on_hover&quot;:&quot;disabled&quot;,&quot;stop_rollover&quot;:&quot;false&quot;,&quot;cache_pages&quot;:&quot;enabled&quot;,&quot;preload_images&quot;:&quot;enabled&quot;,&quot;preload_pages&quot;:&quot;enabled&quot;,&quot;preload_reach&quot;:1,&quot;spinner&quot;:&quot;builtin&quot;,&quot;spinner_image&quot;:&quot;https:\/\/projet2020.festicheyres.ch\/wp-content\/plugins\/wp-views\/embedded\/res\/img\/ajax-loader.gif&quot;,&quot;callback_next&quot;:&quot;&quot;,&quot;manage_history&quot;:&quot;disabled&quot;,&quot;has_controls_in_form&quot;:&quot;disabled&quot;,&quot;infinite_tolerance&quot;:&quot;0&quot;,&quot;max_pages&quot;:0,&quot;page&quot;:1,&quot;base_permalink&quot;:&quot;\/wp-json\/wp\/v2\/pages\/1832?wpv_view_count=4862-CPID4789&amp;wpv_paged=WPV_PAGE_NUM&quot;,&quot;loop&quot;:{&quot;type&quot;:&quot;&quot;,&quot;name&quot;:&quot;&quot;,&quot;data&quot;:&#091;&#093;,&quot;id&quot;:0}}\" data-permalink=\"\/wp-json\/wp\/v2\/pages\/1832?wpv_view_count=4862-CPID4789\">\n\n\t\n\t\n\t<!-- <h4>Concerts<\/h4> -->\n\t<!-- <ul class=\"wpv-loop js-wpv-loop\"> -->\n\t\t \n\t\t\t<!-- <li> -->\n              <p class=\"info-concert\">dim. 14 | 13:00 | Le Parterre <p>\n          \t<!-- <\/li> -->\n\t\t \n\t\t\t<!-- <li> -->\n              <p class=\"info-concert\">dim. 14 | 14:30 | Le Parterre <p>\n          \t<!-- <\/li> -->\n\t\t \n\t\t\t<!-- <li> -->\n              <p class=\"info-concert\">dim. 14 | 16:00 | Le Parterre <p>\n          \t<!-- <\/li> -->\n\t\t\n\t<!-- <\/ul> -->\n\t\n\t\n\t\n<\/div>\n<h3 class=\"horaire-group-name\"><a href=\"https:\/\/www.festicheyres.ch\/groupe\/lile-aux-tresors\/\">L&rsquo;\u00eele aux tr\u00e9sors<\/a><\/h3>\n<p><strong>Jeune public<\/strong> (Fribourg)<br \/>\n<em>Une estafette dans la f\u00eate<\/em>[\/vc_column_text][\/vc_column][\/vc_row]<\/p>\n<\/section>\n      <\/div>\n\t\n\t\n\t\n\t\n<\/div>\n<\/span>[\/vc_column_text][\/vc_column][\/vc_row][vc_row disable_element=\u00a0\u00bbyes\u00a0\u00bb][vc_column][vc_column_text]<\/p>\n<h2>Dimanche 9 juillet<\/h2>\n<h3>D\u00e8s 9h<\/h3>\n<p>[\/vc_column_text][\/vc_column][\/vc_row][vc_row disable_element=\u00a0\u00bbyes\u00a0\u00bb][vc_column width=\u00a0\u00bb1\/2&Prime;][vc_column_text]d\u00e8s 9h | <a href=\"https:\/\/www.festicheyres.ch\/programme\/animations\/\">P&rsquo;tit d\u00e9j au bord du lac<\/a><\/p>\n<p>9h-10h | <a href=\"https:\/\/www.festicheyres.ch\/programme\/animations\/\">Yoga, s\u00e9ance famille<\/a><\/p>\n<p>d\u00e8s 13h30 | <a href=\"https:\/\/www.festicheyres.ch\/programme\/animations\/\">Animations pour enfants<\/a>[\/vc_column_text][\/vc_column][vc_column width=\u00a0\u00bb1\/2&Prime;][vc_row_inner][vc_column_inner width=\u00a0\u00bb1\/4&Prime;][vc_single_image image=\u00a0\u00bb4117&Prime; img_size=\u00a0\u00bb300&#215;300&Prime; onclick=\u00a0\u00bbcustom_link\u00a0\u00bb link=\u00a0\u00bbhttps:\/\/www.festicheyres.ch\/groupe\/mini-bubbles\/\u00a0\u00bb][\/vc_column_inner][vc_column_inner width=\u00a0\u00bb3\/4&Prime;][vc_column_text]10:30 | 13:00 | 14:30 | 16:00 | Danse<\/p>\n<h4><a href=\"https:\/\/www.festicheyres.ch\/groupe\/mini-bubbles\/\">Mini Bubbles<\/a><\/h4>\n<p>[\/vc_column_text][\/vc_column_inner][\/vc_row_inner][\/vc_column][\/vc_row][vc_row disable_element=\u00a0\u00bbyes\u00a0\u00bb][vc_column][vc_empty_space height=\u00a0\u00bb50px\u00a0\u00bb][\/vc_column][\/vc_row][vc_row disable_element=\u00a0\u00bbyes\u00a0\u00bb][vc_column width=\u00a0\u00bb1\/2&Prime;][vc_row_inner][vc_column_inner width=\u00a0\u00bb1\/4&Prime;][vc_single_image image=\u00a0\u00bb3353&Prime; img_size=\u00a0\u00bb300&#215;300&Prime; onclick=\u00a0\u00bbcustom_link\u00a0\u00bb link=\u00a0\u00bbhttps:\/\/www.festicheyres.ch\/groupe\/concert-des-eleves\/\u00a0\u00bb][\/vc_column_inner][vc_column_inner width=\u00a0\u00bb3\/4&Prime;][vc_column_text]11h15 | Tout style<\/p>\n<h4><a href=\"https:\/\/www.festicheyres.ch\/groupe\/concert-des-eleves\/\">Concert des \u00e9l\u00e8ves<\/a><\/h4>\n<p>[\/vc_column_text][\/vc_column_inner][\/vc_row_inner][\/vc_column][vc_column width=\u00a0\u00bb1\/2&Prime;][vc_row_inner][vc_column_inner width=\u00a0\u00bb1\/4&Prime;][vc_single_image image=\u00a0\u00bb4201&Prime; img_size=\u00a0\u00bb300&#215;300&Prime; onclick=\u00a0\u00bbcustom_link\u00a0\u00bb link=\u00a0\u00bbhttps:\/\/www.festicheyres.ch\/groupe\/zoe-me\/\u00a0\u00bb][\/vc_column_inner][vc_column_inner width=\u00a0\u00bb3\/4&Prime;][vc_column_text]13h30 | Indie Pop<\/p>\n<h4><a href=\"https:\/\/www.festicheyres.ch\/groupe\/zoe-me\/\">Zo\u00eb M\u00eb<\/a><\/h4>\n<p>[\/vc_column_text][\/vc_column_inner][\/vc_row_inner][\/vc_column][\/vc_row][vc_row disable_element=\u00a0\u00bbyes\u00a0\u00bb][vc_column width=\u00a0\u00bb1\/2&Prime;][vc_row_inner][vc_column_inner width=\u00a0\u00bb1\/4&Prime;][vc_single_image image=\u00a0\u00bb4120&Prime; img_size=\u00a0\u00bb300&#215;300&Prime; onclick=\u00a0\u00bbcustom_link\u00a0\u00bb link=\u00a0\u00bbhttps:\/\/www.festicheyres.ch\/groupe\/roxane\/\u00a0\u00bb][\/vc_column_inner][vc_column_inner width=\u00a0\u00bb3\/4&Prime;][vc_column_text]15h10 | Pop-Folk<\/p>\n<h4><a href=\"https:\/\/www.festicheyres.ch\/groupe\/roxane\/\">Roxane<\/a><\/h4>\n<p>[\/vc_column_text][\/vc_column_inner][\/vc_row_inner][\/vc_column][vc_column width=\u00a0\u00bb1\/2&Prime;][vc_row_inner][vc_column_inner width=\u00a0\u00bb1\/4&Prime;][vc_single_image image=\u00a0\u00bb4075&Prime; img_size=\u00a0\u00bb300&#215;300&Prime; onclick=\u00a0\u00bbcustom_link\u00a0\u00bb link=\u00a0\u00bbhttps:\/\/www.festicheyres.ch\/groupe\/loretta-gun\/\u00a0\u00bb][\/vc_column_inner][vc_column_inner width=\u00a0\u00bb3\/4&Prime;][vc_column_text]16h50 | Blues-Rock&rsquo;n&rsquo;Roll<\/p>\n<h4><a href=\"https:\/\/www.festicheyres.ch\/groupe\/loretta-gun\/\">Loretta Gun<\/a><\/h4>\n<p>[\/vc_column_text][\/vc_column_inner][\/vc_row_inner][\/vc_column][\/vc_row][vc_row disable_element=\u00a0\u00bbyes\u00a0\u00bb][vc_column][vc_empty_space height=\u00a0\u00bb50px\u00a0\u00bb][\/vc_column][\/vc_row][vc_row disable_element=\u00a0\u00bbyes\u00a0\u00bb][vc_column width=\u00a0\u00bb1\/2&Prime;][vc_column_text]<\/p>\n<h2><strong>Jeudi 7 juillet<\/strong><\/h2>\n<h3><strong>d\u00e8s 17h<\/strong><\/h3>\n<p>20:30 \u2013 <strong><a href=\"https:\/\/www.festicheyres.ch\/groupe\/los-orioles\/\">Los Orioles<\/a><\/strong> \/ Rock fusion<\/p>\n<p>22:00 \u2013 <a href=\"https:\/\/www.festicheyres.ch\/groupe\/velvet-two-stripes\/\"><strong>Velvet Two Stripes<\/strong><\/a> \/ Rock<\/p>\n<p>23:30 \u2013 <strong><a href=\"https:\/\/www.festicheyres.ch\/groupe\/la-jungle\/\">LA JUNGLE<\/a><\/strong> \/ Transe-Techo-Kraut[\/vc_column_text][\/vc_column][vc_column width=\u00a0\u00bb1\/2&Prime;][vc_column_text]<\/p>\n<h2><strong>Vendredi 8 juillet<\/strong><\/h2>\n<h3><strong>d\u00e8s 16h<\/strong><\/h3>\n<p>18:00 \u2013 <a href=\"https:\/\/www.festicheyres.ch\/groupe\/otnig-monajet\/\"><strong>Otnig Monajet<\/strong><\/a> \/ Kraut\u2019n\u2019Roll<\/p>\n<p>19:00 \u2013 <strong><a href=\"https:\/\/www.festicheyres.ch\/groupe\/the-clive\/\">The Clive<\/a><\/strong> \/ Rock<\/p>\n<p>20:20 \u2013 <a href=\"https:\/\/www.festicheyres.ch\/groupe\/heavy-heart\/\"><strong>Heavy Heart<\/strong><\/a> \/ Punk Rock<\/p>\n<p>21:20 \u2013 <strong><a href=\"https:\/\/www.festicheyres.ch\/groupe\/sons\/\">SONS<\/a> <\/strong>\/ Rock<\/p>\n<p>22:40 \u2013 <strong><a href=\"https:\/\/www.festicheyres.ch\/groupe\/darius\/\">DARIUS<\/a> <\/strong>\/ Heavy Instrumental Rock<\/p>\n<p>23:40 \u2013 <a href=\"https:\/\/www.festicheyres.ch\/groupe\/new-york-ska-jazz-ensemble\/\"><strong>NEW YORK SKA-JAZZ ENSEMBLE<\/strong><\/a> \/ Ska Legends<\/p>\n<p>01:00 \u2013 <strong><a href=\"https:\/\/www.festicheyres.ch\/groupe\/cage\/\">Cage<\/a> <\/strong>\/ Punk Hardcore[\/vc_column_text][\/vc_column][\/vc_row][vc_row disable_element=\u00a0\u00bbyes\u00a0\u00bb][vc_column width=\u00a0\u00bb1\/2&Prime;][vc_column_text]<\/p>\n<h2><strong>Samedi 9 juillet<\/strong><\/h2>\n<h3><strong>d\u00e8s 9h<\/strong><\/h3>\n<p>d\u00e8s 09:00 \u2013 <a href=\"https:\/\/www.festicheyres.ch\/programme\/animations\/\">P&rsquo;tit-d\u00e9j au bord du lac<\/a><\/p>\n<p>09:00 \u2013\u00a0<a href=\"https:\/\/www.festicheyres.ch\/programme\/animations\/\">Yoga Rana : Yoga sur la plage<\/a> \/ S\u00e9ance adulte<\/p>\n<p>d\u00e8s 13:30 \u2013\u00a0 <a href=\"https:\/\/www.festicheyres.ch\/programme\/animations\/\">Animations enfants<\/a> \/ Peinture, grimage, bricolage<\/p>\n<p>&#8211;<\/p>\n<p>14:00 \u2013 <a href=\"https:\/\/www.festicheyres.ch\/groupe\/la-baraque\/\"><strong>La Baraque<\/strong><\/a> \/ DJ set &#8211; House Disco Funk<\/p>\n<p>16:20 \u2013 <strong><a href=\"https:\/\/www.festicheyres.ch\/groupe\/limbiq\/\">Limbiq<\/a> <\/strong>\/ Indie \u00e9lectro pop<\/p>\n<p>17:20 \u2013 <a href=\"https:\/\/www.festicheyres.ch\/groupe\/white-dune\/\"><strong>White Dune<\/strong><\/a> \/ Funk<\/p>\n<p>18:40 \u2013 <strong><a href=\"https:\/\/www.festicheyres.ch\/groupe\/e-i-l-a\/\">E\u00efla<\/a> <\/strong>\/ Chant folkorique des 4 coins du monde<\/p>\n<p>19:40 \u2013 <a href=\"https:\/\/www.festicheyres.ch\/groupe\/caroline-alves\/\"><strong>Caroline Alves<\/strong><\/a> \/ Electro Pop Soul<\/p>\n<p>21:00 \u2013 <a href=\"https:\/\/www.festicheyres.ch\/groupe\/glaascats\/\"><strong>Glaascats<\/strong><\/a> \/ Alt Rocks<\/p>\n<p>22:00 \u2013 <strong><a href=\"https:\/\/www.festicheyres.ch\/groupe\/professor-wouassa\/\">PROFESSOR WOUASSA<\/a><\/strong> \/ Afrobeat<\/p>\n<p>23:20 \u2013 <strong><a href=\"https:\/\/www.festicheyres.ch\/groupe\/deadi\/\">DEADI<\/a> <\/strong>\/ Hip Hop<\/p>\n<p>00:20 \u2013 <a href=\"https:\/\/www.festicheyres.ch\/groupe\/kumbia-boruka\/\"><strong>KUMBIA BORUKA<\/strong><\/a> \/ Cumbia[\/vc_column_text][\/vc_column][vc_column width=\u00a0\u00bb1\/2&Prime;][vc_column_text]<\/p>\n<h2><strong>Dimanche 10 juillet<\/strong><\/h2>\n<h3><strong>d\u00e8s 9h<\/strong><\/h3>\n<p>d\u00e8s 09:00 \u2013 <a href=\"https:\/\/www.festicheyres.ch\/programme\/animations\/\">P&rsquo;tit-d\u00e9j au bord du lac<\/a><\/p>\n<p>09:00 \u2013\u00a0<a href=\"https:\/\/www.festicheyres.ch\/programme\/animations\/\">Yoga Rana : Yoga sur la plage<\/a> \/ S\u00e9ance familles<\/p>\n<p>d\u00e8s 13:30 \u2013\u00a0 <a href=\"https:\/\/www.festicheyres.ch\/programme\/animations\/\">Animations enfants<\/a> \/ Peinture, grimage, bricolage<\/p>\n<p>&#8211;<\/p>\n<p>11:30 \u2013 <a href=\"https:\/\/www.festicheyres.ch\/groupe\/paula-et-ses-droles-doiseaux\/\"><strong>Paula et ses dr\u00f4les d\u2019oiseaux<\/strong><\/a> \/ Formule musicale magique<\/p>\n<p>13:00 \u2013<strong> <a href=\"https:\/\/www.festicheyres.ch\/groupe\/concert-des-eleves\/\">Concert des \u00e9l\u00e8ves<\/a>\u00a0<\/strong>\/ Tout genre<\/p>\n<p>16:05 \u2013 <strong><a href=\"https:\/\/www.festicheyres.ch\/groupe\/bonnie-cloud\/\">Bonnie &amp; Cloud<\/a><\/strong> \/ Duo Folk<\/p>\n<p>17:00 \u2013 <a href=\"https:\/\/www.festicheyres.ch\/groupe\/fbi\/\"><strong>FBI<\/strong><\/a> \/ Fanfare sur lac<\/p>\n<p>18:00 \u2013 <strong><a href=\"https:\/\/www.festicheyres.ch\/groupe\/compagnie-les-decatalogues\/\">Compagnie D\u00e9catalogu\u00e9s<\/a><\/strong> \/ Spectacle[\/vc_column_text][\/vc_column][\/vc_row]<\/p>\n<\/section>","protected":false},"excerpt":{"rendered":"<p>[vc_row][vc_column width=\u00a0\u00bb2\/3&Prime;][vc_column_text] La Prog&rsquo; du festival [\/vc_column_text][\/vc_column][vc_column width=\u00a0\u00bb1\/3&Prime;][vc_btn title=\u00a0\u00bbFlyer et horaire PDF\u00a0\u00bb style=\u00a0\u00bbclassic\u00a0\u00bb shape=\u00a0\u00bbsquare\u00a0\u00bb color=\u00a0\u00bbdanger\u00a0\u00bb size=\u00a0\u00bblg\u00a0\u00bb align=\u00a0\u00bbcenter\u00a0\u00bb i_icon_fontawesome=\u00a0\u00bbfas fa-arrow-alt-circle-down\u00a0\u00bb css_animation=\u00a0\u00bbfadeInRight\u00a0\u00bb add_icon=\u00a0\u00bbtrue\u00a0\u00bb link=\u00a0\u00bburl:https%3A%2F%2Fwww.festicheyres.ch%2Fwp-content%2Fuploads%2F2024%2F05%2FFestiCheyres_Flyer2024.pdf|target:_blank\u00a0\u00bb][vc_btn title=\u00a0\u00bbListe des groupes\u00a0\u00bb style=\u00a0\u00bbclassic\u00a0\u00bb shape=\u00a0\u00bbsquare\u00a0\u00bb color=\u00a0\u00bbdanger\u00a0\u00bb size=\u00a0\u00bblg\u00a0\u00bb align=\u00a0\u00bbcenter\u00a0\u00bb i_icon_fontawesome=\u00a0\u00bbfas fa-external-link-square-alt\u00a0\u00bb css_animation=\u00a0\u00bbfadeInRight\u00a0\u00bb add_icon=\u00a0\u00bbtrue\u00a0\u00bb link=\u00a0\u00bburl:https%3A%2F%2Fwww.festicheyres.ch%2Fprogramme%2Fgroupes%2F|title:Les%20groupes%20(presse)\u00a0\u00bb][\/vc_column][\/vc_row][vc_row][vc_column][vc_column_text] Vendredi 12 juillet d\u00e8s 16h [\/vc_column_text][\/vc_column][\/vc_row][vc_row][vc_column css_animation=\u00a0\u00bbfadeInLeft\u00a0\u00bb width=\u00a0\u00bb1\/2&Prime;][vc_column_text][\/vc_column_text][\/vc_column][vc_column css_animation=\u00a0\u00bbfadeInRight\u00a0\u00bb width=\u00a0\u00bb1\/2&Prime;][vc_column_text][\/vc_column_text][\/vc_column][\/vc_row][vc_row][vc_column css_animation=\u00a0\u00bbfadeInLeft\u00a0\u00bb width=\u00a0\u00bb1\/2&Prime;][vc_column_text][\/vc_column_text][\/vc_column][vc_column css_animation=\u00a0\u00bbfadeInRight\u00a0\u00bb width=\u00a0\u00bb1\/2&Prime;][vc_column_text][\/vc_column_text][\/vc_column][\/vc_row][vc_row][vc_column css_animation=\u00a0\u00bbfadeInLeft\u00a0\u00bb width=\u00a0\u00bb1\/2&Prime;][vc_column_text][\/vc_column_text][\/vc_column][vc_column css_animation=\u00a0\u00bbfadeInRight\u00a0\u00bb width=\u00a0\u00bb1\/2&Prime;][vc_column_text][\/vc_column_text][\/vc_column][\/vc_row][vc_row][vc_column css_animation=\u00a0\u00bbfadeInLeft\u00a0\u00bb width=\u00a0\u00bb1\/2&Prime;][vc_column_text][\/vc_column_text][\/vc_column][vc_column<\/p>\n","protected":false},"author":1,"featured_media":0,"parent":91,"menu_order":1,"comment_status":"closed","ping_status":"closed","template":"","meta":{"_themeisle_gutenberg_block_has_review":false},"acf":[],"_links":{"self":[{"href":"https:\/\/www.festicheyres.ch\/wp-json\/wp\/v2\/pages\/1832"}],"collection":[{"href":"https:\/\/www.festicheyres.ch\/wp-json\/wp\/v2\/pages"}],"about":[{"href":"https:\/\/www.festicheyres.ch\/wp-json\/wp\/v2\/types\/page"}],"author":[{"embeddable":true,"href":"https:\/\/www.festicheyres.ch\/wp-json\/wp\/v2\/users\/1"}],"replies":[{"embeddable":true,"href":"https:\/\/www.festicheyres.ch\/wp-json\/wp\/v2\/comments?post=1832"}],"version-history":[{"count":130,"href":"https:\/\/www.festicheyres.ch\/wp-json\/wp\/v2\/pages\/1832\/revisions"}],"predecessor-version":[{"id":5156,"href":"https:\/\/www.festicheyres.ch\/wp-json\/wp\/v2\/pages\/1832\/revisions\/5156"}],"up":[{"embeddable":true,"href":"https:\/\/www.festicheyres.ch\/wp-json\/wp\/v2\/pages\/91"}],"wp:attachment":[{"href":"https:\/\/www.festicheyres.ch\/wp-json\/wp\/v2\/media?parent=1832"}],"curies":[{"name":"wp","href":"https:\/\/api.w.org\/{rel}","templated":true}]}}