{"id":2297,"date":"2020-03-01T21:23:29","date_gmt":"2020-03-01T20:23:29","guid":{"rendered":"https:\/\/www.festicheyres.ch\/?page_id=2297"},"modified":"2023-06-15T22:05:47","modified_gmt":"2023-06-15T20:05:47","slug":"animations","status":"publish","type":"page","link":"https:\/\/www.festicheyres.ch\/programme\/animations\/","title":{"rendered":"Animations pour tous !"},"content":{"rendered":"<section class=\"wpb-content-wrapper\"><p>[vc_row][vc_column][vc_column_text css_animation=\u00a0\u00bbslideInDown\u00a0\u00bb]<\/p>\n<h1>Animations pour les petits, les sportifs et les gourmands<\/h1>\n<p style=\"text-align: left;\"><strong>Des activit\u00e9s cr\u00e9atrices, maquillages p<\/strong><strong>our les enfants, argile, de quoi s&rsquo;amuser comme des fous!<\/strong><\/p>\n<p style=\"text-align: left;\"><strong>Yoga matinal pour les plus grands le samedi et le dimanche pour les familles.<\/strong><\/p>\n<p><strong>Et le traditionnel Petit Dej&rsquo; au bord de l&rsquo;eau !<\/strong>[\/vc_column_text][\/vc_column][vc_column width=\u00a0\u00bb1\/2&Prime;][\/vc_column][vc_column width=\u00a0\u00bb1\/2&Prime;][\/vc_column][\/vc_row][vc_row][vc_column][vc_row_inner][vc_column_inner width=\u00a0\u00bb1\/2&Prime;][vc_column_text css_animation=\u00a0\u00bbslideInLeft\u00a0\u00bb css=\u00a0\u00bb.vc_custom_1683494516562{margin-bottom: 0px !important;border-bottom-width: 0px !important;padding-bottom: 0px !important;}\u00a0\u00bb]<\/p>\n<h2><strong>Ateliers participatifs enfants<\/strong><\/h2>\n<p><b>Samedi 08 juillet et dimanche 09 juillet<\/b> <b>13h30-16h00<br \/>\n<\/b><\/p>\n<p><span style=\"font-weight: 400;\">Grimage, peinture, bricolage, argile et ateliers cr\u00e9atifs propos\u00e9s par notre super team animation !<\/span>[\/vc_column_text][\/vc_column_inner][vc_column_inner width=\u00a0\u00bb1\/2&Prime;][vc_single_image image=\u00a0\u00bb3358&Prime; img_size=\u00a0\u00bblarge\u00a0\u00bb css_animation=\u00a0\u00bbslideInRight\u00a0\u00bb][\/vc_column_inner][\/vc_row_inner][\/vc_column][\/vc_row][vc_row][vc_column][vc_row_inner][vc_column_inner width=\u00a0\u00bb1\/2&Prime; animation_in_type=\u00a0\u00bbtransition.slideLeftIn\u00a0\u00bb animation_in_offset=\u00a0\u00bb100&Prime; animation_in_duration=\u00a0\u00bb1600&Prime; animation_in_delay=\u00a0\u00bb350&Prime;][vc_column_text css_animation=\u00a0\u00bbnone\u00a0\u00bb css=\u00a0\u00bb.vc_custom_1683578382344{margin-bottom: 0px !important;border-bottom-width: 0px !important;padding-bottom: 0px !important;}\u00a0\u00bb]<\/p>\n<h2><strong>Tournoi de Volley<\/strong><\/h2>\n<p><b>Samedi 08 juillet<\/b> <b>10h30 &#8211; environ 13h30<\/b><b><br \/>\n<\/b><\/p>\n<p>Le Tournoi De Beach Volley d\u00e9contract\u00e9 est de retour ! Inscris ton \u00e9quipe (5 joueurs maximum) via le formulaire ci-dessous. Nombre d&rsquo;\u00e9quipe limit\u00e9e \u00e0 12, inscription 10CHF par \u00e9quipe. Rendez-vous \u00e0 la plage de Cheyres \u00e0 10h30, d\u00e9but du tournoi 11h. Le tout g\u00e9r\u00e9 par les magnifiques de la Jeunesse de Cheyres-Ch\u00e2bles.[\/vc_column_text][vc_empty_space][vc_btn title=\u00a0\u00bbInscrire une \u00e9quipe !\u00a0\u00bb style=\u00a0\u00bbclassic\u00a0\u00bb shape=\u00a0\u00bbsquare\u00a0\u00bb color=\u00a0\u00bbpink\u00a0\u00bb size=\u00a0\u00bblg\u00a0\u00bb align=\u00a0\u00bbcenter\u00a0\u00bb link=\u00a0\u00bburl:https%3A%2F%2Fwww.festicheyres.ch%2Fprogramme%2Finscription-volley%2F\u00a0\u00bb][\/vc_column_inner][vc_column_inner width=\u00a0\u00bb1\/2&Prime;][vc_single_image image=\u00a0\u00bb2445&Prime; img_size=\u00a0\u00bblarge\u00a0\u00bb css_animation=\u00a0\u00bbslideInRight\u00a0\u00bb][\/vc_column_inner][\/vc_row_inner][\/vc_column][\/vc_row][vc_row][vc_column][vc_row_inner][vc_column_inner width=\u00a0\u00bb1\/2&Prime;][vc_column_text css_animation=\u00a0\u00bbslideInLeft\u00a0\u00bb css=\u00a0\u00bb.vc_custom_1686859469545{border-top-width: 0px !important;padding-top: 0px !important;}\u00a0\u00bb]<\/p>\n<h2><strong>Yoga by Yoga Rana<\/strong><\/h2>\n<p><b>Samedi 08 juillet <\/b> <b>9h00-10h00<\/b><\/p>\n<p><span style=\"font-weight: 400;\">Yoga sur la plage, s\u00e9ance <\/span><b>adultes<\/b><span style=\"font-weight: 400;\"> (prendre serviette de plage ou tapis de yoga).<\/span><\/p>\n<p><b>Dimanche 09 juillet <\/b> <b>9h00-10h00<\/b><\/p>\n<p><span style=\"font-weight: 400;\">Yoga sur la plage, s\u00e9ance <\/span><b>familles<\/b><span style=\"font-weight: 400;\"> (prendre serviette de plage ou tapis de yoga).<\/span><\/p>\n<p>Avec <a href=\"https:\/\/www.yogarana.ch\" target=\"_blank\" rel=\"noopener\">www.yogarana.ch<\/a>[\/vc_column_text][\/vc_column_inner][vc_column_inner width=\u00a0\u00bb1\/2&Prime;][vc_single_image image=\u00a0\u00bb3359&Prime; img_size=\u00a0\u00bblarge\u00a0\u00bb onclick=\u00a0\u00bbcustom_link\u00a0\u00bb img_link_target=\u00a0\u00bb_blank\u00a0\u00bb css_animation=\u00a0\u00bbslideInRight\u00a0\u00bb link=\u00a0\u00bbhttps:\/\/www.yogarana.ch\u00a0\u00bb][\/vc_column_inner][\/vc_row_inner][\/vc_column][\/vc_row][vc_row][vc_column][vc_row_inner][vc_column_inner width=\u00a0\u00bb1\/2&Prime;][vc_column_text css_animation=\u00a0\u00bbslideInLeft\u00a0\u00bb css=\u00a0\u00bb.vc_custom_1683468596622{border-top-width: 0px !important;padding-top: 0px !important;}\u00a0\u00bb]<\/p>\n<h2><strong>Petit d\u00e9j&rsquo; au bord de l\u2019eau<\/strong><\/h2>\n<p><b>Samedi 08 juillet et dimanche 09 juillet <\/b><b>d\u00e8s 9h00<\/b><\/p>\n<p><span style=\"font-weight: 400;\">Tresse, cuchaule, caf\u00e9, th\u00e9, etc. sur la plage. Un vrai petit d\u00e9jeuner pour une belle journ\u00e9e.<\/span>[\/vc_column_text][\/vc_column_inner][vc_column_inner width=\u00a0\u00bb1\/2&Prime;][vc_single_image image=\u00a0\u00bb3360&Prime; img_size=\u00a0\u00bblarge\u00a0\u00bb css_animation=\u00a0\u00bbslideInRight\u00a0\u00bb][\/vc_column_inner][\/vc_row_inner][\/vc_column][\/vc_row]<\/p>\n<\/section>","protected":false},"excerpt":{"rendered":"<p>[vc_row][vc_column][vc_column_text css_animation=\u00a0\u00bbslideInDown\u00a0\u00bb] Animations pour les petits, les sportifs et les gourmands Des activit\u00e9s cr\u00e9atrices, maquillages pour les enfants, argile, de quoi s&rsquo;amuser comme des fous! Yoga matinal pour les plus grands le samedi et le dimanche pour les familles. Et le traditionnel Petit Dej&rsquo; au bord de l&rsquo;eau ![\/vc_column_text][\/vc_column][vc_column width=\u00a0\u00bb1\/2&Prime;][\/vc_column][vc_column width=\u00a0\u00bb1\/2&Prime;][\/vc_column][\/vc_row][vc_row][vc_column][vc_row_inner][vc_column_inner width=\u00a0\u00bb1\/2&Prime;][vc_column_text css_animation=\u00a0\u00bbslideInLeft\u00a0\u00bb css=\u00a0\u00bb.vc_custom_1683494516562{margin-bottom: 0px<\/p>\n","protected":false},"author":1,"featured_media":0,"parent":91,"menu_order":4,"comment_status":"closed","ping_status":"closed","template":"","meta":[],"acf":[],"_links":{"self":[{"href":"https:\/\/www.festicheyres.ch\/wp-json\/wp\/v2\/pages\/2297"}],"collection":[{"href":"https:\/\/www.festicheyres.ch\/wp-json\/wp\/v2\/pages"}],"about":[{"href":"https:\/\/www.festicheyres.ch\/wp-json\/wp\/v2\/types\/page"}],"author":[{"embeddable":true,"href":"https:\/\/www.festicheyres.ch\/wp-json\/wp\/v2\/users\/1"}],"replies":[{"embeddable":true,"href":"https:\/\/www.festicheyres.ch\/wp-json\/wp\/v2\/comments?post=2297"}],"version-history":[{"count":37,"href":"https:\/\/www.festicheyres.ch\/wp-json\/wp\/v2\/pages\/2297\/revisions"}],"predecessor-version":[{"id":4434,"href":"https:\/\/www.festicheyres.ch\/wp-json\/wp\/v2\/pages\/2297\/revisions\/4434"}],"up":[{"embeddable":true,"href":"https:\/\/www.festicheyres.ch\/wp-json\/wp\/v2\/pages\/91"}],"wp:attachment":[{"href":"https:\/\/www.festicheyres.ch\/wp-json\/wp\/v2\/media?parent=2297"}],"curies":[{"name":"wp","href":"https:\/\/api.w.org\/{rel}","templated":true}]}}