{"id":2045,"date":"2019-11-15T19:39:36","date_gmt":"2019-11-15T18:39:36","guid":{"rendered":"https:\/\/www.festicheyres.ch\/?page_id=2045"},"modified":"2023-05-10T21:55:46","modified_gmt":"2023-05-10T19:55:46","slug":"groupes","status":"publish","type":"page","link":"https:\/\/www.festicheyres.ch\/programme\/groupes\/","title":{"rendered":"Les Groupes"},"content":{"rendered":"<section class=\"wpb-content-wrapper\"><p>[vc_row][vc_column][vc_column_text]<\/p>\n<h1>Les groupes<\/h1>\n<p>[\/vc_column_text][vc_column_text]\n\n\n<div id=\"wpv-view-layout-2057\" class=\"js-wpv-view-layout js-wpv-layout-responsive js-wpv-view-layout-2057\" data-viewnumber=\"2057\" data-pagination=\"{&quot;id&quot;:&quot;2057&quot;,&quot;query&quot;:&quot;normal&quot;,&quot;type&quot;:&quot;disabled&quot;,&quot;effect&quot;:&quot;fade&quot;,&quot;duration&quot;:500,&quot;speed&quot;:5,&quot;pause_on_hover&quot;:&quot;disabled&quot;,&quot;stop_rollover&quot;:&quot;false&quot;,&quot;cache_pages&quot;:&quot;enabled&quot;,&quot;preload_images&quot;:&quot;enabled&quot;,&quot;preload_pages&quot;:&quot;enabled&quot;,&quot;preload_reach&quot;:1,&quot;spinner&quot;:&quot;builtin&quot;,&quot;spinner_image&quot;:&quot;https:\/\/www.festicheyres.ch\/wp-content\/plugins\/wp-views\/embedded\/res\/img\/ajax-loader.gif&quot;,&quot;callback_next&quot;:&quot;&quot;,&quot;manage_history&quot;:&quot;disabled&quot;,&quot;has_controls_in_form&quot;:&quot;disabled&quot;,&quot;infinite_tolerance&quot;:&quot;0&quot;,&quot;max_pages&quot;:0,&quot;page&quot;:1,&quot;base_permalink&quot;:&quot;\/wp-json\/wp\/v2\/pages\/2045?wpv_view_count=2057&amp;wpv_paged=WPV_PAGE_NUM&quot;,&quot;loop&quot;:{&quot;type&quot;:&quot;&quot;,&quot;name&quot;:&quot;&quot;,&quot;data&quot;:[],&quot;id&quot;:0}}\" data-permalink=\"\/wp-json\/wp\/v2\/pages\/2045?wpv_view_count=2057\">\n\n\t\n\t\n\t\n      <div class=\"groupe-loop\">\n\t\t\t<section class=\"wpb-content-wrapper\"><p>[vc_row first_background_color=\u00a0\u00bb#5e59ba\u00a0\u00bb second_background_color=\u00a0\u00bb#df5461&Prime; animation_in_type=\u00a0\u00bbtransition.slideRightBigIn\u00a0\u00bb animation_in_offset=\u00a0\u00bb100&Prime; animation_in_duration=\u00a0\u00bb300&Prime; animation_in_delay=\u00a0\u00bb0&Prime; el_class=\u00a0\u00bbgroupe-item\u00a0\u00bb][vc_column width=\u00a0\u00bb1\/4&Prime; el_class=\u00a0\u00bbgroupe-image\u00a0\u00bb][vc_column_text css_animation=\u00a0\u00bbfadeInDown\u00a0\u00bb css=\u00a0\u00bb.vc_custom_1574026613068{border-radius: 5px !important;}\u00a0\u00bb]<a href=\"\/?p=4202\"><img width=\"468\" height=\"468\" src=\"https:\/\/www.festicheyres.ch\/wp-content\/uploads\/2023\/05\/jbn.website-1536x1429-1-468x468.jpg\" class=\"attachment-blog-thumb-2 size-blog-thumb-2 wp-post-image\" alt=\"\" decoding=\"async\" loading=\"lazy\" srcset=\"https:\/\/www.festicheyres.ch\/wp-content\/uploads\/2023\/05\/jbn.website-1536x1429-1-468x468.jpg 468w, https:\/\/www.festicheyres.ch\/wp-content\/uploads\/2023\/05\/jbn.website-1536x1429-1-150x150.jpg 150w, https:\/\/www.festicheyres.ch\/wp-content\/uploads\/2023\/05\/jbn.website-1536x1429-1-266x266.jpg 266w, https:\/\/www.festicheyres.ch\/wp-content\/uploads\/2023\/05\/jbn.website-1536x1429-1-220x220.jpg 220w\" sizes=\"(max-width: 468px) 100vw, 468px\" \/><\/a>[\/vc_column_text][\/vc_column][vc_column width=\u00a0\u00bb3\/4&Prime; el_class=\u00a0\u00bbgroupe-infos\u00a0\u00bb][vc_column_text css=\u00a0\u00bb.vc_custom_1574115516333{border-top-width: 3px !important;border-right-width: 3px !important;border-bottom-width: 3px !important;border-left-width: 3px !important;background: #df5461 url(https:\/\/www.festicheyres.ch\/wp-content\/uploads\/2019\/02\/IMG_0946.jpg?id=1615) !important;background-position: center !important;background-repeat: no-repeat !important;background-size: cover !important;border-left-color: #000000 !important;border-left-style: solid !important;border-right-color: #000000 !important;border-right-style: solid !important;border-top-color: #000000 !important;border-top-style: solid !important;border-bottom-color: #000000 !important;border-bottom-style: solid !important;}\u00a0\u00bb]<\/p>\n<h2><a href=\"https:\/\/www.festicheyres.ch\/groupe\/jungle-by-night\/\">Jungle By Night<\/a><\/h2>\n<p>[\/vc_column_text][vc_column_text]\n\n\n<div id=\"wpv-view-layout-75-CPID4202\" class=\"js-wpv-view-layout js-wpv-layout-responsive js-wpv-view-layout-75-CPID4202\" data-viewnumber=\"75-CPID4202\" data-pagination=\"{&quot;id&quot;:&quot;75&quot;,&quot;query&quot;:&quot;normal&quot;,&quot;type&quot;:&quot;disabled&quot;,&quot;effect&quot;:&quot;fade&quot;,&quot;duration&quot;:500,&quot;speed&quot;:5,&quot;pause_on_hover&quot;:&quot;disabled&quot;,&quot;stop_rollover&quot;:&quot;false&quot;,&quot;cache_pages&quot;:&quot;enabled&quot;,&quot;preload_images&quot;:&quot;enabled&quot;,&quot;preload_pages&quot;:&quot;enabled&quot;,&quot;preload_reach&quot;:1,&quot;spinner&quot;:&quot;builtin&quot;,&quot;spinner_image&quot;:&quot;https:\/\/projet2020.festicheyres.ch\/wp-content\/plugins\/wp-views\/embedded\/res\/img\/ajax-loader.gif&quot;,&quot;callback_next&quot;:&quot;&quot;,&quot;manage_history&quot;:&quot;disabled&quot;,&quot;has_controls_in_form&quot;:&quot;disabled&quot;,&quot;infinite_tolerance&quot;:&quot;0&quot;,&quot;max_pages&quot;:0,&quot;page&quot;:1,&quot;base_permalink&quot;:&quot;\/wp-json\/wp\/v2\/pages\/2045?wpv_view_count=75-CPID4202&amp;wpv_paged=WPV_PAGE_NUM&quot;,&quot;loop&quot;:{&quot;type&quot;:&quot;&quot;,&quot;name&quot;:&quot;&quot;,&quot;data&quot;:&#091;&#093;,&quot;id&quot;:0}}\" data-permalink=\"\/wp-json\/wp\/v2\/pages\/2045?wpv_view_count=75-CPID4202\">\n\n\t\n\t\n\t<!-- <h4>Concerts<\/h4> -->\n\t<!-- <ul class=\"wpv-loop js-wpv-loop\"> -->\n\t\t \n\t\t\t<!-- <li> -->\n              <p class=\"info-concert\">ven. 7 juillet 2023 |  23:40  |  Grande Sc\u00e8ne <p>\n          \t<!-- <\/li> -->\n\t\t\n\t<!-- <\/ul> -->\n\t\n\t\n\t\n<\/div>\n[\/vc_column_text][vc_column_text]<strong>Afrobeat - Jazz - Funk<\/strong> (Pays-Bas)[\/vc_column_text][vc_column_text]<strong>\u00a0<\/strong>Afrollande[\/vc_column_text][vc_column_text]<a href=\"https:\/\/www.festicheyres.ch\/groupe\/jungle-by-night\/\">Voir le groupe&#8230;<\/a>[\/vc_column_text][\/vc_column][\/vc_row]<\/p>\n<\/section>\n      <\/div>\n\t\n      <div class=\"groupe-loop\">\n\t\t\t<section class=\"wpb-content-wrapper\"><p>[vc_row first_background_color=\u00a0\u00bb#5e59ba\u00a0\u00bb second_background_color=\u00a0\u00bb#df5461&Prime; animation_in_type=\u00a0\u00bbtransition.slideRightBigIn\u00a0\u00bb animation_in_offset=\u00a0\u00bb100&Prime; animation_in_duration=\u00a0\u00bb300&Prime; animation_in_delay=\u00a0\u00bb0&Prime; el_class=\u00a0\u00bbgroupe-item\u00a0\u00bb][vc_column width=\u00a0\u00bb1\/4&Prime; el_class=\u00a0\u00bbgroupe-image\u00a0\u00bb][vc_column_text css_animation=\u00a0\u00bbfadeInDown\u00a0\u00bb css=\u00a0\u00bb.vc_custom_1574026613068{border-radius: 5px !important;}\u00a0\u00bb]<a href=\"\/?p=4109\"><img width=\"468\" height=\"468\" src=\"https:\/\/www.festicheyres.ch\/wp-content\/uploads\/2023\/05\/Le-Winston-Band_cr-Camille-Gladu-Drouin-1-468x468.jpg\" class=\"attachment-blog-thumb-2 size-blog-thumb-2 wp-post-image\" alt=\"\" decoding=\"async\" loading=\"lazy\" srcset=\"https:\/\/www.festicheyres.ch\/wp-content\/uploads\/2023\/05\/Le-Winston-Band_cr-Camille-Gladu-Drouin-1-468x468.jpg 468w, https:\/\/www.festicheyres.ch\/wp-content\/uploads\/2023\/05\/Le-Winston-Band_cr-Camille-Gladu-Drouin-1-150x150.jpg 150w, https:\/\/www.festicheyres.ch\/wp-content\/uploads\/2023\/05\/Le-Winston-Band_cr-Camille-Gladu-Drouin-1-scaled-266x266.jpg 266w\" sizes=\"(max-width: 468px) 100vw, 468px\" \/><\/a>[\/vc_column_text][\/vc_column][vc_column width=\u00a0\u00bb3\/4&Prime; el_class=\u00a0\u00bbgroupe-infos\u00a0\u00bb][vc_column_text css=\u00a0\u00bb.vc_custom_1574115516333{border-top-width: 3px !important;border-right-width: 3px !important;border-bottom-width: 3px !important;border-left-width: 3px !important;background: #df5461 url(https:\/\/www.festicheyres.ch\/wp-content\/uploads\/2019\/02\/IMG_0946.jpg?id=1615) !important;background-position: center !important;background-repeat: no-repeat !important;background-size: cover !important;border-left-color: #000000 !important;border-left-style: solid !important;border-right-color: #000000 !important;border-right-style: solid !important;border-top-color: #000000 !important;border-top-style: solid !important;border-bottom-color: #000000 !important;border-bottom-style: solid !important;}\u00a0\u00bb]<\/p>\n<h2><a href=\"https:\/\/www.festicheyres.ch\/groupe\/le-winston-band\/\">Le Winston Band<\/a><\/h2>\n<p>[\/vc_column_text][vc_column_text]\n\n\n<div id=\"wpv-view-layout-75-CPID4109\" class=\"js-wpv-view-layout js-wpv-layout-responsive js-wpv-view-layout-75-CPID4109\" data-viewnumber=\"75-CPID4109\" data-pagination=\"{&quot;id&quot;:&quot;75&quot;,&quot;query&quot;:&quot;normal&quot;,&quot;type&quot;:&quot;disabled&quot;,&quot;effect&quot;:&quot;fade&quot;,&quot;duration&quot;:500,&quot;speed&quot;:5,&quot;pause_on_hover&quot;:&quot;disabled&quot;,&quot;stop_rollover&quot;:&quot;false&quot;,&quot;cache_pages&quot;:&quot;enabled&quot;,&quot;preload_images&quot;:&quot;enabled&quot;,&quot;preload_pages&quot;:&quot;enabled&quot;,&quot;preload_reach&quot;:1,&quot;spinner&quot;:&quot;builtin&quot;,&quot;spinner_image&quot;:&quot;https:\/\/projet2020.festicheyres.ch\/wp-content\/plugins\/wp-views\/embedded\/res\/img\/ajax-loader.gif&quot;,&quot;callback_next&quot;:&quot;&quot;,&quot;manage_history&quot;:&quot;disabled&quot;,&quot;has_controls_in_form&quot;:&quot;disabled&quot;,&quot;infinite_tolerance&quot;:&quot;0&quot;,&quot;max_pages&quot;:0,&quot;page&quot;:1,&quot;base_permalink&quot;:&quot;\/wp-json\/wp\/v2\/pages\/2045?wpv_view_count=75-CPID4109&amp;wpv_paged=WPV_PAGE_NUM&quot;,&quot;loop&quot;:{&quot;type&quot;:&quot;&quot;,&quot;name&quot;:&quot;&quot;,&quot;data&quot;:&#091;&#093;,&quot;id&quot;:0}}\" data-permalink=\"\/wp-json\/wp\/v2\/pages\/2045?wpv_view_count=75-CPID4109\">\n\n\t\n\t\n\t<!-- <h4>Concerts<\/h4> -->\n\t<!-- <ul class=\"wpv-loop js-wpv-loop\"> -->\n\t\t \n\t\t\t<!-- <li> -->\n              <p class=\"info-concert\">sam. 8 juillet 2023 |  22:00  |  Grande Sc\u00e8ne <p>\n          \t<!-- <\/li> -->\n\t\t\n\t<!-- <\/ul> -->\n\t\n\t\n\t\n<\/div>\n[\/vc_column_text][vc_column_text]<strong>Rock Trad<\/strong> (Canada)[\/vc_column_text][vc_column_text]<strong>\u00a0<\/strong>Du fun d\u2019outre Atlantique[\/vc_column_text][vc_column_text]<a href=\"https:\/\/www.festicheyres.ch\/groupe\/le-winston-band\/\">Voir le groupe&#8230;<\/a>[\/vc_column_text][\/vc_column][\/vc_row]<\/p>\n<\/section>\n      <\/div>\n\t\n      <div class=\"groupe-loop\">\n\t\t\t<section class=\"wpb-content-wrapper\"><p>[vc_row first_background_color=\u00a0\u00bb#5e59ba\u00a0\u00bb second_background_color=\u00a0\u00bb#df5461&Prime; animation_in_type=\u00a0\u00bbtransition.slideRightBigIn\u00a0\u00bb animation_in_offset=\u00a0\u00bb100&Prime; animation_in_duration=\u00a0\u00bb300&Prime; animation_in_delay=\u00a0\u00bb0&Prime; el_class=\u00a0\u00bbgroupe-item\u00a0\u00bb][vc_column width=\u00a0\u00bb1\/4&Prime; el_class=\u00a0\u00bbgroupe-image\u00a0\u00bb][vc_column_text css_animation=\u00a0\u00bbfadeInDown\u00a0\u00bb css=\u00a0\u00bb.vc_custom_1574026613068{border-radius: 5px !important;}\u00a0\u00bb]<a href=\"\/?p=4069\"><img width=\"468\" height=\"468\" src=\"https:\/\/www.festicheyres.ch\/wp-content\/uploads\/2023\/05\/M.Genoud_les_fils_du_fac011-Modifier-468x468.jpg\" class=\"attachment-blog-thumb-2 size-blog-thumb-2 wp-post-image\" alt=\"\" decoding=\"async\" loading=\"lazy\" srcset=\"https:\/\/www.festicheyres.ch\/wp-content\/uploads\/2023\/05\/M.Genoud_les_fils_du_fac011-Modifier-468x468.jpg 468w, https:\/\/www.festicheyres.ch\/wp-content\/uploads\/2023\/05\/M.Genoud_les_fils_du_fac011-Modifier-300x300.jpg 300w, https:\/\/www.festicheyres.ch\/wp-content\/uploads\/2023\/05\/M.Genoud_les_fils_du_fac011-Modifier-1024x1024.jpg 1024w, https:\/\/www.festicheyres.ch\/wp-content\/uploads\/2023\/05\/M.Genoud_les_fils_du_fac011-Modifier-150x150.jpg 150w, https:\/\/www.festicheyres.ch\/wp-content\/uploads\/2023\/05\/M.Genoud_les_fils_du_fac011-Modifier-768x768.jpg 768w, https:\/\/www.festicheyres.ch\/wp-content\/uploads\/2023\/05\/M.Genoud_les_fils_du_fac011-Modifier-1536x1536.jpg 1536w, https:\/\/www.festicheyres.ch\/wp-content\/uploads\/2023\/05\/M.Genoud_les_fils_du_fac011-Modifier-2048x2048.jpg 2048w, https:\/\/www.festicheyres.ch\/wp-content\/uploads\/2023\/05\/M.Genoud_les_fils_du_fac011-Modifier-1612x1612.jpg 1612w, https:\/\/www.festicheyres.ch\/wp-content\/uploads\/2023\/05\/M.Genoud_les_fils_du_fac011-Modifier-1116x1116.jpg 1116w, https:\/\/www.festicheyres.ch\/wp-content\/uploads\/2023\/05\/M.Genoud_les_fils_du_fac011-Modifier-806x806.jpg 806w, https:\/\/www.festicheyres.ch\/wp-content\/uploads\/2023\/05\/M.Genoud_les_fils_du_fac011-Modifier-558x558.jpg 558w, https:\/\/www.festicheyres.ch\/wp-content\/uploads\/2023\/05\/M.Genoud_les_fils_du_fac011-Modifier-655x655.jpg 655w, https:\/\/www.festicheyres.ch\/wp-content\/uploads\/2023\/05\/M.Genoud_les_fils_du_fac011-Modifier-scaled-266x266.jpg 266w, https:\/\/www.festicheyres.ch\/wp-content\/uploads\/2023\/05\/M.Genoud_les_fils_du_fac011-Modifier-scaled-220x220.jpg 220w\" sizes=\"(max-width: 468px) 100vw, 468px\" \/><\/a>[\/vc_column_text][\/vc_column][vc_column width=\u00a0\u00bb3\/4&Prime; el_class=\u00a0\u00bbgroupe-infos\u00a0\u00bb][vc_column_text css=\u00a0\u00bb.vc_custom_1574115516333{border-top-width: 3px !important;border-right-width: 3px !important;border-bottom-width: 3px !important;border-left-width: 3px !important;background: #df5461 url(https:\/\/www.festicheyres.ch\/wp-content\/uploads\/2019\/02\/IMG_0946.jpg?id=1615) !important;background-position: center !important;background-repeat: no-repeat !important;background-size: cover !important;border-left-color: #000000 !important;border-left-style: solid !important;border-right-color: #000000 !important;border-right-style: solid !important;border-top-color: #000000 !important;border-top-style: solid !important;border-bottom-color: #000000 !important;border-bottom-style: solid !important;}\u00a0\u00bb]<\/p>\n<h2><a href=\"https:\/\/www.festicheyres.ch\/groupe\/les-fils-du-facteur\/\">Les Fils du Facteur<\/a><\/h2>\n<p>[\/vc_column_text][vc_column_text]\n\n\n<div id=\"wpv-view-layout-75-CPID4069\" class=\"js-wpv-view-layout js-wpv-layout-responsive js-wpv-view-layout-75-CPID4069\" data-viewnumber=\"75-CPID4069\" data-pagination=\"{&quot;id&quot;:&quot;75&quot;,&quot;query&quot;:&quot;normal&quot;,&quot;type&quot;:&quot;disabled&quot;,&quot;effect&quot;:&quot;fade&quot;,&quot;duration&quot;:500,&quot;speed&quot;:5,&quot;pause_on_hover&quot;:&quot;disabled&quot;,&quot;stop_rollover&quot;:&quot;false&quot;,&quot;cache_pages&quot;:&quot;enabled&quot;,&quot;preload_images&quot;:&quot;enabled&quot;,&quot;preload_pages&quot;:&quot;enabled&quot;,&quot;preload_reach&quot;:1,&quot;spinner&quot;:&quot;builtin&quot;,&quot;spinner_image&quot;:&quot;https:\/\/projet2020.festicheyres.ch\/wp-content\/plugins\/wp-views\/embedded\/res\/img\/ajax-loader.gif&quot;,&quot;callback_next&quot;:&quot;&quot;,&quot;manage_history&quot;:&quot;disabled&quot;,&quot;has_controls_in_form&quot;:&quot;disabled&quot;,&quot;infinite_tolerance&quot;:&quot;0&quot;,&quot;max_pages&quot;:0,&quot;page&quot;:1,&quot;base_permalink&quot;:&quot;\/wp-json\/wp\/v2\/pages\/2045?wpv_view_count=75-CPID4069&amp;wpv_paged=WPV_PAGE_NUM&quot;,&quot;loop&quot;:{&quot;type&quot;:&quot;&quot;,&quot;name&quot;:&quot;&quot;,&quot;data&quot;:&#091;&#093;,&quot;id&quot;:0}}\" data-permalink=\"\/wp-json\/wp\/v2\/pages\/2045?wpv_view_count=75-CPID4069\">\n\n\t\n\t\n\t<!-- <h4>Concerts<\/h4> -->\n\t<!-- <ul class=\"wpv-loop js-wpv-loop\"> -->\n\t\t \n\t\t\t<!-- <li> -->\n              <p class=\"info-concert\">sam. 8 juillet 2023 |  19:40  |  Grande Sc\u00e8ne <p>\n          \t<!-- <\/li> -->\n\t\t\n\t<!-- <\/ul> -->\n\t\n\t\n\t\n<\/div>\n[\/vc_column_text][vc_column_text]<strong>Chanson Francophone<\/strong> (Vevey)[\/vc_column_text][vc_column_text]<strong>\u00a0<\/strong>Un quatuor touchant[\/vc_column_text][vc_column_text]<a href=\"https:\/\/www.festicheyres.ch\/groupe\/les-fils-du-facteur\/\">Voir le groupe&#8230;<\/a>[\/vc_column_text][\/vc_column][\/vc_row]<\/p>\n<\/section>\n      <\/div>\n\t\n      <div class=\"groupe-loop\">\n\t\t\t<section class=\"wpb-content-wrapper\"><p>[vc_row first_background_color=\u00a0\u00bb#5e59ba\u00a0\u00bb second_background_color=\u00a0\u00bb#df5461&Prime; animation_in_type=\u00a0\u00bbtransition.slideRightBigIn\u00a0\u00bb animation_in_offset=\u00a0\u00bb100&Prime; animation_in_duration=\u00a0\u00bb300&Prime; animation_in_delay=\u00a0\u00bb0&Prime; el_class=\u00a0\u00bbgroupe-item\u00a0\u00bb][vc_column width=\u00a0\u00bb1\/4&Prime; el_class=\u00a0\u00bbgroupe-image\u00a0\u00bb][vc_column_text css_animation=\u00a0\u00bbfadeInDown\u00a0\u00bb css=\u00a0\u00bb.vc_custom_1574026613068{border-radius: 5px !important;}\u00a0\u00bb]<a href=\"\/?p=4205\"><img width=\"468\" height=\"468\" src=\"https:\/\/www.festicheyres.ch\/wp-content\/uploads\/2023\/05\/Kate-Clover-01-468x468.jpg\" class=\"attachment-blog-thumb-2 size-blog-thumb-2 wp-post-image\" alt=\"\" decoding=\"async\" loading=\"lazy\" srcset=\"https:\/\/www.festicheyres.ch\/wp-content\/uploads\/2023\/05\/Kate-Clover-01-468x468.jpg 468w, https:\/\/www.festicheyres.ch\/wp-content\/uploads\/2023\/05\/Kate-Clover-01-150x150.jpg 150w, https:\/\/www.festicheyres.ch\/wp-content\/uploads\/2023\/05\/Kate-Clover-01-266x266.jpg 266w\" sizes=\"(max-width: 468px) 100vw, 468px\" \/><\/a>[\/vc_column_text][\/vc_column][vc_column width=\u00a0\u00bb3\/4&Prime; el_class=\u00a0\u00bbgroupe-infos\u00a0\u00bb][vc_column_text css=\u00a0\u00bb.vc_custom_1574115516333{border-top-width: 3px !important;border-right-width: 3px !important;border-bottom-width: 3px !important;border-left-width: 3px !important;background: #df5461 url(https:\/\/www.festicheyres.ch\/wp-content\/uploads\/2019\/02\/IMG_0946.jpg?id=1615) !important;background-position: center !important;background-repeat: no-repeat !important;background-size: cover !important;border-left-color: #000000 !important;border-left-style: solid !important;border-right-color: #000000 !important;border-right-style: solid !important;border-top-color: #000000 !important;border-top-style: solid !important;border-bottom-color: #000000 !important;border-bottom-style: solid !important;}\u00a0\u00bb]<\/p>\n<h2><a href=\"https:\/\/www.festicheyres.ch\/groupe\/kate-clover\/\">Kate Clover<\/a><\/h2>\n<p>[\/vc_column_text][vc_column_text]\n\n\n<div id=\"wpv-view-layout-75-CPID4205\" class=\"js-wpv-view-layout js-wpv-layout-responsive js-wpv-view-layout-75-CPID4205\" data-viewnumber=\"75-CPID4205\" data-pagination=\"{&quot;id&quot;:&quot;75&quot;,&quot;query&quot;:&quot;normal&quot;,&quot;type&quot;:&quot;disabled&quot;,&quot;effect&quot;:&quot;fade&quot;,&quot;duration&quot;:500,&quot;speed&quot;:5,&quot;pause_on_hover&quot;:&quot;disabled&quot;,&quot;stop_rollover&quot;:&quot;false&quot;,&quot;cache_pages&quot;:&quot;enabled&quot;,&quot;preload_images&quot;:&quot;enabled&quot;,&quot;preload_pages&quot;:&quot;enabled&quot;,&quot;preload_reach&quot;:1,&quot;spinner&quot;:&quot;builtin&quot;,&quot;spinner_image&quot;:&quot;https:\/\/projet2020.festicheyres.ch\/wp-content\/plugins\/wp-views\/embedded\/res\/img\/ajax-loader.gif&quot;,&quot;callback_next&quot;:&quot;&quot;,&quot;manage_history&quot;:&quot;disabled&quot;,&quot;has_controls_in_form&quot;:&quot;disabled&quot;,&quot;infinite_tolerance&quot;:&quot;0&quot;,&quot;max_pages&quot;:0,&quot;page&quot;:1,&quot;base_permalink&quot;:&quot;\/wp-json\/wp\/v2\/pages\/2045?wpv_view_count=75-CPID4205&amp;wpv_paged=WPV_PAGE_NUM&quot;,&quot;loop&quot;:{&quot;type&quot;:&quot;&quot;,&quot;name&quot;:&quot;&quot;,&quot;data&quot;:&#091;&#093;,&quot;id&quot;:0}}\" data-permalink=\"\/wp-json\/wp\/v2\/pages\/2045?wpv_view_count=75-CPID4205\">\n\n\t\n\t\n\t<!-- <h4>Concerts<\/h4> -->\n\t<!-- <ul class=\"wpv-loop js-wpv-loop\"> -->\n\t\t \n\t\t\t<!-- <li> -->\n              <p class=\"info-concert\">ven. 7 juillet 2023 |  21:20  |  Grande Sc\u00e8ne <p>\n          \t<!-- <\/li> -->\n\t\t\n\t<!-- <\/ul> -->\n\t\n\t\n\t\n<\/div>\n[\/vc_column_text][vc_column_text]<strong>Garage-Rock<\/strong> (Etats-Unis)[\/vc_column_text][vc_column_text]<strong>\u00a0<\/strong>De l\u2019atelier au garage[\/vc_column_text][vc_column_text]<a href=\"https:\/\/www.festicheyres.ch\/groupe\/kate-clover\/\">Voir le groupe&#8230;<\/a>[\/vc_column_text][\/vc_column][\/vc_row]<\/p>\n<\/section>\n      <\/div>\n\t\n      <div class=\"groupe-loop\">\n\t\t\t<section class=\"wpb-content-wrapper\"><p>[vc_row first_background_color=\u00a0\u00bb#5e59ba\u00a0\u00bb second_background_color=\u00a0\u00bb#df5461&Prime; animation_in_type=\u00a0\u00bbtransition.slideRightBigIn\u00a0\u00bb animation_in_offset=\u00a0\u00bb100&Prime; animation_in_duration=\u00a0\u00bb300&Prime; animation_in_delay=\u00a0\u00bb0&Prime; el_class=\u00a0\u00bbgroupe-item\u00a0\u00bb][vc_column width=\u00a0\u00bb1\/4&Prime; el_class=\u00a0\u00bbgroupe-image\u00a0\u00bb][vc_column_text css_animation=\u00a0\u00bbfadeInDown\u00a0\u00bb css=\u00a0\u00bb.vc_custom_1574026613068{border-radius: 5px !important;}\u00a0\u00bb]<a href=\"\/?p=4215\"><img width=\"468\" height=\"468\" src=\"https:\/\/www.festicheyres.ch\/wp-content\/uploads\/2023\/05\/339153440_1347466685824070_4723906626649314989_n-468x468.jpg\" class=\"attachment-blog-thumb-2 size-blog-thumb-2 wp-post-image\" alt=\"\" decoding=\"async\" loading=\"lazy\" srcset=\"https:\/\/www.festicheyres.ch\/wp-content\/uploads\/2023\/05\/339153440_1347466685824070_4723906626649314989_n-468x468.jpg 468w, https:\/\/www.festicheyres.ch\/wp-content\/uploads\/2023\/05\/339153440_1347466685824070_4723906626649314989_n-300x300.jpg 300w, https:\/\/www.festicheyres.ch\/wp-content\/uploads\/2023\/05\/339153440_1347466685824070_4723906626649314989_n-1024x1024.jpg 1024w, https:\/\/www.festicheyres.ch\/wp-content\/uploads\/2023\/05\/339153440_1347466685824070_4723906626649314989_n-150x150.jpg 150w, https:\/\/www.festicheyres.ch\/wp-content\/uploads\/2023\/05\/339153440_1347466685824070_4723906626649314989_n-768x768.jpg 768w, https:\/\/www.festicheyres.ch\/wp-content\/uploads\/2023\/05\/339153440_1347466685824070_4723906626649314989_n-1536x1536.jpg 1536w, https:\/\/www.festicheyres.ch\/wp-content\/uploads\/2023\/05\/339153440_1347466685824070_4723906626649314989_n-1612x1612.jpg 1612w, https:\/\/www.festicheyres.ch\/wp-content\/uploads\/2023\/05\/339153440_1347466685824070_4723906626649314989_n-1116x1116.jpg 1116w, https:\/\/www.festicheyres.ch\/wp-content\/uploads\/2023\/05\/339153440_1347466685824070_4723906626649314989_n-806x806.jpg 806w, https:\/\/www.festicheyres.ch\/wp-content\/uploads\/2023\/05\/339153440_1347466685824070_4723906626649314989_n-558x558.jpg 558w, https:\/\/www.festicheyres.ch\/wp-content\/uploads\/2023\/05\/339153440_1347466685824070_4723906626649314989_n-655x655.jpg 655w, https:\/\/www.festicheyres.ch\/wp-content\/uploads\/2023\/05\/339153440_1347466685824070_4723906626649314989_n-266x266.jpg 266w, https:\/\/www.festicheyres.ch\/wp-content\/uploads\/2023\/05\/339153440_1347466685824070_4723906626649314989_n-220x220.jpg 220w, https:\/\/www.festicheyres.ch\/wp-content\/uploads\/2023\/05\/339153440_1347466685824070_4723906626649314989_n.jpg 1772w\" sizes=\"(max-width: 468px) 100vw, 468px\" \/><\/a>[\/vc_column_text][\/vc_column][vc_column width=\u00a0\u00bb3\/4&Prime; el_class=\u00a0\u00bbgroupe-infos\u00a0\u00bb][vc_column_text css=\u00a0\u00bb.vc_custom_1574115516333{border-top-width: 3px !important;border-right-width: 3px !important;border-bottom-width: 3px !important;border-left-width: 3px !important;background: #df5461 url(https:\/\/www.festicheyres.ch\/wp-content\/uploads\/2019\/02\/IMG_0946.jpg?id=1615) !important;background-position: center !important;background-repeat: no-repeat !important;background-size: cover !important;border-left-color: #000000 !important;border-left-style: solid !important;border-right-color: #000000 !important;border-right-style: solid !important;border-top-color: #000000 !important;border-top-style: solid !important;border-bottom-color: #000000 !important;border-bottom-style: solid !important;}\u00a0\u00bb]<\/p>\n<h2><a href=\"https:\/\/www.festicheyres.ch\/groupe\/cosmic-shuffling\/\">Cosmic Shuffling<\/a><\/h2>\n<p>[\/vc_column_text][vc_column_text]\n\n\n<div id=\"wpv-view-layout-75-CPID4215\" class=\"js-wpv-view-layout js-wpv-layout-responsive js-wpv-view-layout-75-CPID4215\" data-viewnumber=\"75-CPID4215\" data-pagination=\"{&quot;id&quot;:&quot;75&quot;,&quot;query&quot;:&quot;normal&quot;,&quot;type&quot;:&quot;disabled&quot;,&quot;effect&quot;:&quot;fade&quot;,&quot;duration&quot;:500,&quot;speed&quot;:5,&quot;pause_on_hover&quot;:&quot;disabled&quot;,&quot;stop_rollover&quot;:&quot;false&quot;,&quot;cache_pages&quot;:&quot;enabled&quot;,&quot;preload_images&quot;:&quot;enabled&quot;,&quot;preload_pages&quot;:&quot;enabled&quot;,&quot;preload_reach&quot;:1,&quot;spinner&quot;:&quot;builtin&quot;,&quot;spinner_image&quot;:&quot;https:\/\/projet2020.festicheyres.ch\/wp-content\/plugins\/wp-views\/embedded\/res\/img\/ajax-loader.gif&quot;,&quot;callback_next&quot;:&quot;&quot;,&quot;manage_history&quot;:&quot;disabled&quot;,&quot;has_controls_in_form&quot;:&quot;disabled&quot;,&quot;infinite_tolerance&quot;:&quot;0&quot;,&quot;max_pages&quot;:0,&quot;page&quot;:1,&quot;base_permalink&quot;:&quot;\/wp-json\/wp\/v2\/pages\/2045?wpv_view_count=75-CPID4215&amp;wpv_paged=WPV_PAGE_NUM&quot;,&quot;loop&quot;:{&quot;type&quot;:&quot;&quot;,&quot;name&quot;:&quot;&quot;,&quot;data&quot;:&#091;&#093;,&quot;id&quot;:0}}\" data-permalink=\"\/wp-json\/wp\/v2\/pages\/2045?wpv_view_count=75-CPID4215\">\n\n\t\n\t\n\t<!-- <h4>Concerts<\/h4> -->\n\t<!-- <ul class=\"wpv-loop js-wpv-loop\"> -->\n\t\t \n\t\t\t<!-- <li> -->\n              <p class=\"info-concert\">dim. 9 juillet 2023 |  00:20  |  Grande Sc\u00e8ne <p>\n          \t<!-- <\/li> -->\n\t\t\n\t<!-- <\/ul> -->\n\t\n\t\n\t\n<\/div>\n[\/vc_column_text][vc_column_text]<strong>Rocksteady - Ska<\/strong> (Gen\u00e8ve)[\/vc_column_text][vc_column_text]<strong>\u00a0<\/strong>Ska joue ?[\/vc_column_text][vc_column_text]<a href=\"https:\/\/www.festicheyres.ch\/groupe\/cosmic-shuffling\/\">Voir le groupe&#8230;<\/a>[\/vc_column_text][\/vc_column][\/vc_row]<\/p>\n<\/section>\n      <\/div>\n\t\n      <div class=\"groupe-loop\">\n\t\t\t<section class=\"wpb-content-wrapper\"><p>[vc_row first_background_color=\u00a0\u00bb#5e59ba\u00a0\u00bb second_background_color=\u00a0\u00bb#df5461&Prime; animation_in_type=\u00a0\u00bbtransition.slideRightBigIn\u00a0\u00bb animation_in_offset=\u00a0\u00bb100&Prime; animation_in_duration=\u00a0\u00bb300&Prime; animation_in_delay=\u00a0\u00bb0&Prime; el_class=\u00a0\u00bbgroupe-item\u00a0\u00bb][vc_column width=\u00a0\u00bb1\/4&Prime; el_class=\u00a0\u00bbgroupe-image\u00a0\u00bb][vc_column_text css_animation=\u00a0\u00bbfadeInDown\u00a0\u00bb css=\u00a0\u00bb.vc_custom_1574026613068{border-radius: 5px !important;}\u00a0\u00bb]<a href=\"\/?p=4208\"><img width=\"468\" height=\"468\" src=\"https:\/\/www.festicheyres.ch\/wp-content\/uploads\/2023\/05\/hitzigraphy-1105-600x500-1-468x468.jpg\" class=\"attachment-blog-thumb-2 size-blog-thumb-2 wp-post-image\" alt=\"\" decoding=\"async\" loading=\"lazy\" srcset=\"https:\/\/www.festicheyres.ch\/wp-content\/uploads\/2023\/05\/hitzigraphy-1105-600x500-1-468x468.jpg 468w, https:\/\/www.festicheyres.ch\/wp-content\/uploads\/2023\/05\/hitzigraphy-1105-600x500-1-150x150.jpg 150w, https:\/\/www.festicheyres.ch\/wp-content\/uploads\/2023\/05\/hitzigraphy-1105-600x500-1-266x266.jpg 266w\" sizes=\"(max-width: 468px) 100vw, 468px\" \/><\/a>[\/vc_column_text][\/vc_column][vc_column width=\u00a0\u00bb3\/4&Prime; el_class=\u00a0\u00bbgroupe-infos\u00a0\u00bb][vc_column_text css=\u00a0\u00bb.vc_custom_1574115516333{border-top-width: 3px !important;border-right-width: 3px !important;border-bottom-width: 3px !important;border-left-width: 3px !important;background: #df5461 url(https:\/\/www.festicheyres.ch\/wp-content\/uploads\/2019\/02\/IMG_0946.jpg?id=1615) !important;background-position: center !important;background-repeat: no-repeat !important;background-size: cover !important;border-left-color: #000000 !important;border-left-style: solid !important;border-right-color: #000000 !important;border-right-style: solid !important;border-top-color: #000000 !important;border-top-style: solid !important;border-bottom-color: #000000 !important;border-bottom-style: solid !important;}\u00a0\u00bb]<\/p>\n<h2><a href=\"https:\/\/www.festicheyres.ch\/groupe\/saitun\/\">Sait\u00fcn<\/a><\/h2>\n<p>[\/vc_column_text][vc_column_text]\n\n\n<div id=\"wpv-view-layout-75-CPID4208\" class=\"js-wpv-view-layout js-wpv-layout-responsive js-wpv-view-layout-75-CPID4208\" data-viewnumber=\"75-CPID4208\" data-pagination=\"{&quot;id&quot;:&quot;75&quot;,&quot;query&quot;:&quot;normal&quot;,&quot;type&quot;:&quot;disabled&quot;,&quot;effect&quot;:&quot;fade&quot;,&quot;duration&quot;:500,&quot;speed&quot;:5,&quot;pause_on_hover&quot;:&quot;disabled&quot;,&quot;stop_rollover&quot;:&quot;false&quot;,&quot;cache_pages&quot;:&quot;enabled&quot;,&quot;preload_images&quot;:&quot;enabled&quot;,&quot;preload_pages&quot;:&quot;enabled&quot;,&quot;preload_reach&quot;:1,&quot;spinner&quot;:&quot;builtin&quot;,&quot;spinner_image&quot;:&quot;https:\/\/projet2020.festicheyres.ch\/wp-content\/plugins\/wp-views\/embedded\/res\/img\/ajax-loader.gif&quot;,&quot;callback_next&quot;:&quot;&quot;,&quot;manage_history&quot;:&quot;disabled&quot;,&quot;has_controls_in_form&quot;:&quot;disabled&quot;,&quot;infinite_tolerance&quot;:&quot;0&quot;,&quot;max_pages&quot;:0,&quot;page&quot;:1,&quot;base_permalink&quot;:&quot;\/wp-json\/wp\/v2\/pages\/2045?wpv_view_count=75-CPID4208&amp;wpv_paged=WPV_PAGE_NUM&quot;,&quot;loop&quot;:{&quot;type&quot;:&quot;&quot;,&quot;name&quot;:&quot;&quot;,&quot;data&quot;:&#091;&#093;,&quot;id&quot;:0}}\" data-permalink=\"\/wp-json\/wp\/v2\/pages\/2045?wpv_view_count=75-CPID4208\">\n\n\t\n\t\n\t<!-- <h4>Concerts<\/h4> -->\n\t<!-- <ul class=\"wpv-loop js-wpv-loop\"> -->\n\t\t \n\t\t\t<!-- <li> -->\n              <p class=\"info-concert\">sam. 8 juillet 2023 |  17:20  |  Grande Sc\u00e8ne <p>\n          \t<!-- <\/li> -->\n\t\t\n\t<!-- <\/ul> -->\n\t\n\t\n\t\n<\/div>\n[\/vc_column_text][vc_column_text]<strong>Psychedelic-World-Rock<\/strong> (B\u00e2le)[\/vc_column_text][vc_column_text]<strong>\u00a0<\/strong>Ovnigraben us dr Schwytz[\/vc_column_text][vc_column_text]<a href=\"https:\/\/www.festicheyres.ch\/groupe\/saitun\/\">Voir le groupe&#8230;<\/a>[\/vc_column_text][\/vc_column][\/vc_row]<\/p>\n<\/section>\n      <\/div>\n\t\n      <div class=\"groupe-loop\">\n\t\t\t<section class=\"wpb-content-wrapper\"><p>[vc_row first_background_color=\u00a0\u00bb#5e59ba\u00a0\u00bb second_background_color=\u00a0\u00bb#df5461&Prime; animation_in_type=\u00a0\u00bbtransition.slideRightBigIn\u00a0\u00bb animation_in_offset=\u00a0\u00bb100&Prime; animation_in_duration=\u00a0\u00bb300&Prime; animation_in_delay=\u00a0\u00bb0&Prime; el_class=\u00a0\u00bbgroupe-item\u00a0\u00bb][vc_column width=\u00a0\u00bb1\/4&Prime; el_class=\u00a0\u00bbgroupe-image\u00a0\u00bb][vc_column_text css_animation=\u00a0\u00bbfadeInDown\u00a0\u00bb css=\u00a0\u00bb.vc_custom_1574026613068{border-radius: 5px !important;}\u00a0\u00bb]<a href=\"\/?p=4121\"><img width=\"468\" height=\"468\" src=\"https:\/\/www.festicheyres.ch\/wp-content\/uploads\/2023\/05\/LaColere_\u00a9KenzaWadimoff_1-468x468.jpg\" class=\"attachment-blog-thumb-2 size-blog-thumb-2 wp-post-image\" alt=\"\" decoding=\"async\" loading=\"lazy\" srcset=\"https:\/\/www.festicheyres.ch\/wp-content\/uploads\/2023\/05\/LaColere_\u00a9KenzaWadimoff_1-468x468.jpg 468w, https:\/\/www.festicheyres.ch\/wp-content\/uploads\/2023\/05\/LaColere_\u00a9KenzaWadimoff_1-150x150.jpg 150w, https:\/\/www.festicheyres.ch\/wp-content\/uploads\/2023\/05\/LaColere_\u00a9KenzaWadimoff_1-scaled-266x266.jpg 266w\" sizes=\"(max-width: 468px) 100vw, 468px\" \/><\/a>[\/vc_column_text][\/vc_column][vc_column width=\u00a0\u00bb3\/4&Prime; el_class=\u00a0\u00bbgroupe-infos\u00a0\u00bb][vc_column_text css=\u00a0\u00bb.vc_custom_1574115516333{border-top-width: 3px !important;border-right-width: 3px !important;border-bottom-width: 3px !important;border-left-width: 3px !important;background: #df5461 url(https:\/\/www.festicheyres.ch\/wp-content\/uploads\/2019\/02\/IMG_0946.jpg?id=1615) !important;background-position: center !important;background-repeat: no-repeat !important;background-size: cover !important;border-left-color: #000000 !important;border-left-style: solid !important;border-right-color: #000000 !important;border-right-style: solid !important;border-top-color: #000000 !important;border-top-style: solid !important;border-bottom-color: #000000 !important;border-bottom-style: solid !important;}\u00a0\u00bb]<\/p>\n<h2><a href=\"https:\/\/www.festicheyres.ch\/groupe\/la-colere\/\">La Col\u00e8re<\/a><\/h2>\n<p>[\/vc_column_text][vc_column_text]\n\n\n<div id=\"wpv-view-layout-75-CPID4121\" class=\"js-wpv-view-layout js-wpv-layout-responsive js-wpv-view-layout-75-CPID4121\" data-viewnumber=\"75-CPID4121\" data-pagination=\"{&quot;id&quot;:&quot;75&quot;,&quot;query&quot;:&quot;normal&quot;,&quot;type&quot;:&quot;disabled&quot;,&quot;effect&quot;:&quot;fade&quot;,&quot;duration&quot;:500,&quot;speed&quot;:5,&quot;pause_on_hover&quot;:&quot;disabled&quot;,&quot;stop_rollover&quot;:&quot;false&quot;,&quot;cache_pages&quot;:&quot;enabled&quot;,&quot;preload_images&quot;:&quot;enabled&quot;,&quot;preload_pages&quot;:&quot;enabled&quot;,&quot;preload_reach&quot;:1,&quot;spinner&quot;:&quot;builtin&quot;,&quot;spinner_image&quot;:&quot;https:\/\/projet2020.festicheyres.ch\/wp-content\/plugins\/wp-views\/embedded\/res\/img\/ajax-loader.gif&quot;,&quot;callback_next&quot;:&quot;&quot;,&quot;manage_history&quot;:&quot;disabled&quot;,&quot;has_controls_in_form&quot;:&quot;disabled&quot;,&quot;infinite_tolerance&quot;:&quot;0&quot;,&quot;max_pages&quot;:0,&quot;page&quot;:1,&quot;base_permalink&quot;:&quot;\/wp-json\/wp\/v2\/pages\/2045?wpv_view_count=75-CPID4121&amp;wpv_paged=WPV_PAGE_NUM&quot;,&quot;loop&quot;:{&quot;type&quot;:&quot;&quot;,&quot;name&quot;:&quot;&quot;,&quot;data&quot;:&#091;&#093;,&quot;id&quot;:0}}\" data-permalink=\"\/wp-json\/wp\/v2\/pages\/2045?wpv_view_count=75-CPID4121\">\n\n\t\n\t\n\t<!-- <h4>Concerts<\/h4> -->\n\t<!-- <ul class=\"wpv-loop js-wpv-loop\"> -->\n\t\t \n\t\t\t<!-- <li> -->\n              <p class=\"info-concert\">sam. 8 juillet 2023 |  23:20  |  Sc\u00e8ne des arbres <p>\n          \t<!-- <\/li> -->\n\t\t\n\t<!-- <\/ul> -->\n\t\n\t\n\t\n<\/div>\n[\/vc_column_text][vc_column_text]<strong>Electro-Pop<\/strong> (Gen\u00e8ve)[\/vc_column_text][vc_column_text]<strong>\u00a0<\/strong>Du go\u00fbt ondulant[\/vc_column_text][vc_column_text]<a href=\"https:\/\/www.festicheyres.ch\/groupe\/la-colere\/\">Voir le groupe&#8230;<\/a>[\/vc_column_text][\/vc_column][\/vc_row]<\/p>\n<\/section>\n      <\/div>\n\t\n      <div class=\"groupe-loop\">\n\t\t\t<section class=\"wpb-content-wrapper\"><p>[vc_row first_background_color=\u00a0\u00bb#5e59ba\u00a0\u00bb second_background_color=\u00a0\u00bb#df5461&Prime; animation_in_type=\u00a0\u00bbtransition.slideRightBigIn\u00a0\u00bb animation_in_offset=\u00a0\u00bb100&Prime; animation_in_duration=\u00a0\u00bb300&Prime; animation_in_delay=\u00a0\u00bb0&Prime; el_class=\u00a0\u00bbgroupe-item\u00a0\u00bb][vc_column width=\u00a0\u00bb1\/4&Prime; el_class=\u00a0\u00bbgroupe-image\u00a0\u00bb][vc_column_text css_animation=\u00a0\u00bbfadeInDown\u00a0\u00bb css=\u00a0\u00bb.vc_custom_1574026613068{border-radius: 5px !important;}\u00a0\u00bb]<a href=\"\/?p=4061\"><img width=\"468\" height=\"468\" src=\"https:\/\/www.festicheyres.ch\/wp-content\/uploads\/2023\/05\/ATHLETE_2022_4-468x468.jpg\" class=\"attachment-blog-thumb-2 size-blog-thumb-2 wp-post-image\" alt=\"\" decoding=\"async\" loading=\"lazy\" srcset=\"https:\/\/www.festicheyres.ch\/wp-content\/uploads\/2023\/05\/ATHLETE_2022_4-468x468.jpg 468w, https:\/\/www.festicheyres.ch\/wp-content\/uploads\/2023\/05\/ATHLETE_2022_4-150x150.jpg 150w, https:\/\/www.festicheyres.ch\/wp-content\/uploads\/2023\/05\/ATHLETE_2022_4-scaled-266x266.jpg 266w\" sizes=\"(max-width: 468px) 100vw, 468px\" \/><\/a>[\/vc_column_text][\/vc_column][vc_column width=\u00a0\u00bb3\/4&Prime; el_class=\u00a0\u00bbgroupe-infos\u00a0\u00bb][vc_column_text css=\u00a0\u00bb.vc_custom_1574115516333{border-top-width: 3px !important;border-right-width: 3px !important;border-bottom-width: 3px !important;border-left-width: 3px !important;background: #df5461 url(https:\/\/www.festicheyres.ch\/wp-content\/uploads\/2019\/02\/IMG_0946.jpg?id=1615) !important;background-position: center !important;background-repeat: no-repeat !important;background-size: cover !important;border-left-color: #000000 !important;border-left-style: solid !important;border-right-color: #000000 !important;border-right-style: solid !important;border-top-color: #000000 !important;border-top-style: solid !important;border-bottom-color: #000000 !important;border-bottom-style: solid !important;}\u00a0\u00bb]<\/p>\n<h2><a href=\"https:\/\/www.festicheyres.ch\/groupe\/athlete\/\">Athlete<\/a><\/h2>\n<p>[\/vc_column_text][vc_column_text]\n\n\n<div id=\"wpv-view-layout-75-CPID4061\" class=\"js-wpv-view-layout js-wpv-layout-responsive js-wpv-view-layout-75-CPID4061\" data-viewnumber=\"75-CPID4061\" data-pagination=\"{&quot;id&quot;:&quot;75&quot;,&quot;query&quot;:&quot;normal&quot;,&quot;type&quot;:&quot;disabled&quot;,&quot;effect&quot;:&quot;fade&quot;,&quot;duration&quot;:500,&quot;speed&quot;:5,&quot;pause_on_hover&quot;:&quot;disabled&quot;,&quot;stop_rollover&quot;:&quot;false&quot;,&quot;cache_pages&quot;:&quot;enabled&quot;,&quot;preload_images&quot;:&quot;enabled&quot;,&quot;preload_pages&quot;:&quot;enabled&quot;,&quot;preload_reach&quot;:1,&quot;spinner&quot;:&quot;builtin&quot;,&quot;spinner_image&quot;:&quot;https:\/\/projet2020.festicheyres.ch\/wp-content\/plugins\/wp-views\/embedded\/res\/img\/ajax-loader.gif&quot;,&quot;callback_next&quot;:&quot;&quot;,&quot;manage_history&quot;:&quot;disabled&quot;,&quot;has_controls_in_form&quot;:&quot;disabled&quot;,&quot;infinite_tolerance&quot;:&quot;0&quot;,&quot;max_pages&quot;:0,&quot;page&quot;:1,&quot;base_permalink&quot;:&quot;\/wp-json\/wp\/v2\/pages\/2045?wpv_view_count=75-CPID4061&amp;wpv_paged=WPV_PAGE_NUM&quot;,&quot;loop&quot;:{&quot;type&quot;:&quot;&quot;,&quot;name&quot;:&quot;&quot;,&quot;data&quot;:&#091;&#093;,&quot;id&quot;:0}}\" data-permalink=\"\/wp-json\/wp\/v2\/pages\/2045?wpv_view_count=75-CPID4061\">\n\n\t\n\t\n\t<!-- <h4>Concerts<\/h4> -->\n\t<!-- <ul class=\"wpv-loop js-wpv-loop\"> -->\n\t\t \n\t\t\t<!-- <li> -->\n              <p class=\"info-concert\">ven. 7 juillet 2023 |  20:00  |  Sc\u00e8ne des arbres <p>\n          \t<!-- <\/li> -->\n\t\t\n\t<!-- <\/ul> -->\n\t\n\t\n\t\n<\/div>\n[\/vc_column_text][vc_column_text]<strong>Pop-Punk-Rock<\/strong> (Salavaux)[\/vc_column_text][vc_column_text]<strong>\u00a0<\/strong>MusicoSportifs \u00e9m\u00e9rites[\/vc_column_text][vc_column_text]<a href=\"https:\/\/www.festicheyres.ch\/groupe\/athlete\/\">Voir le groupe&#8230;<\/a>[\/vc_column_text][\/vc_column][\/vc_row]<\/p>\n<\/section>\n      <\/div>\n\t\n      <div class=\"groupe-loop\">\n\t\t\t<section class=\"wpb-content-wrapper\"><p>[vc_row first_background_color=\u00a0\u00bb#5e59ba\u00a0\u00bb second_background_color=\u00a0\u00bb#df5461&Prime; animation_in_type=\u00a0\u00bbtransition.slideRightBigIn\u00a0\u00bb animation_in_offset=\u00a0\u00bb100&Prime; animation_in_duration=\u00a0\u00bb300&Prime; animation_in_delay=\u00a0\u00bb0&Prime; el_class=\u00a0\u00bbgroupe-item\u00a0\u00bb][vc_column width=\u00a0\u00bb1\/4&Prime; el_class=\u00a0\u00bbgroupe-image\u00a0\u00bb][vc_column_text css_animation=\u00a0\u00bbfadeInDown\u00a0\u00bb css=\u00a0\u00bb.vc_custom_1574026613068{border-radius: 5px !important;}\u00a0\u00bb]<a href=\"\/?p=4196\"><img width=\"468\" height=\"468\" src=\"https:\/\/www.festicheyres.ch\/wp-content\/uploads\/2023\/05\/8-4la4fg-468x468.jpeg\" class=\"attachment-blog-thumb-2 size-blog-thumb-2 wp-post-image\" alt=\"\" decoding=\"async\" loading=\"lazy\" srcset=\"https:\/\/www.festicheyres.ch\/wp-content\/uploads\/2023\/05\/8-4la4fg-468x468.jpeg 468w, https:\/\/www.festicheyres.ch\/wp-content\/uploads\/2023\/05\/8-4la4fg-150x150.jpeg 150w, https:\/\/www.festicheyres.ch\/wp-content\/uploads\/2023\/05\/8-4la4fg-scaled-266x266.jpeg 266w\" sizes=\"(max-width: 468px) 100vw, 468px\" \/><\/a>[\/vc_column_text][\/vc_column][vc_column width=\u00a0\u00bb3\/4&Prime; el_class=\u00a0\u00bbgroupe-infos\u00a0\u00bb][vc_column_text css=\u00a0\u00bb.vc_custom_1574115516333{border-top-width: 3px !important;border-right-width: 3px !important;border-bottom-width: 3px !important;border-left-width: 3px !important;background: #df5461 url(https:\/\/www.festicheyres.ch\/wp-content\/uploads\/2019\/02\/IMG_0946.jpg?id=1615) !important;background-position: center !important;background-repeat: no-repeat !important;background-size: cover !important;border-left-color: #000000 !important;border-left-style: solid !important;border-right-color: #000000 !important;border-right-style: solid !important;border-top-color: #000000 !important;border-top-style: solid !important;border-bottom-color: #000000 !important;border-bottom-style: solid !important;}\u00a0\u00bb]<\/p>\n<h2><a href=\"https:\/\/www.festicheyres.ch\/groupe\/quentinsauve\/\">Quentin Sauv\u00e9<\/a><\/h2>\n<p>[\/vc_column_text][vc_column_text]\n\n\n<div id=\"wpv-view-layout-75-CPID4196\" class=\"js-wpv-view-layout js-wpv-layout-responsive js-wpv-view-layout-75-CPID4196\" data-viewnumber=\"75-CPID4196\" data-pagination=\"{&quot;id&quot;:&quot;75&quot;,&quot;query&quot;:&quot;normal&quot;,&quot;type&quot;:&quot;disabled&quot;,&quot;effect&quot;:&quot;fade&quot;,&quot;duration&quot;:500,&quot;speed&quot;:5,&quot;pause_on_hover&quot;:&quot;disabled&quot;,&quot;stop_rollover&quot;:&quot;false&quot;,&quot;cache_pages&quot;:&quot;enabled&quot;,&quot;preload_images&quot;:&quot;enabled&quot;,&quot;preload_pages&quot;:&quot;enabled&quot;,&quot;preload_reach&quot;:1,&quot;spinner&quot;:&quot;builtin&quot;,&quot;spinner_image&quot;:&quot;https:\/\/projet2020.festicheyres.ch\/wp-content\/plugins\/wp-views\/embedded\/res\/img\/ajax-loader.gif&quot;,&quot;callback_next&quot;:&quot;&quot;,&quot;manage_history&quot;:&quot;disabled&quot;,&quot;has_controls_in_form&quot;:&quot;disabled&quot;,&quot;infinite_tolerance&quot;:&quot;0&quot;,&quot;max_pages&quot;:0,&quot;page&quot;:1,&quot;base_permalink&quot;:&quot;\/wp-json\/wp\/v2\/pages\/2045?wpv_view_count=75-CPID4196&amp;wpv_paged=WPV_PAGE_NUM&quot;,&quot;loop&quot;:{&quot;type&quot;:&quot;&quot;,&quot;name&quot;:&quot;&quot;,&quot;data&quot;:&#091;&#093;,&quot;id&quot;:0}}\" data-permalink=\"\/wp-json\/wp\/v2\/pages\/2045?wpv_view_count=75-CPID4196\">\n\n\t\n\t\n\t<!-- <h4>Concerts<\/h4> -->\n\t<!-- <ul class=\"wpv-loop js-wpv-loop\"> -->\n\t\t \n\t\t\t<!-- <li> -->\n              <p class=\"info-concert\">sam. 8 juillet 2023 |  18:40  |  Sc\u00e8ne des arbres <p>\n          \t<!-- <\/li> -->\n\t\t\n\t<!-- <\/ul> -->\n\t\n\t\n\t\n<\/div>\n[\/vc_column_text][vc_column_text]<strong>Folk<\/strong> (Laval, France)[\/vc_column_text][vc_column_text]<strong>\u00a0<\/strong>La douceur d'une avalanche[\/vc_column_text][vc_column_text]<a href=\"https:\/\/www.festicheyres.ch\/groupe\/quentinsauve\/\">Voir le groupe&#8230;<\/a>[\/vc_column_text][\/vc_column][\/vc_row]<\/p>\n<\/section>\n      <\/div>\n\t\n      <div class=\"groupe-loop\">\n\t\t\t<section class=\"wpb-content-wrapper\"><p>[vc_row first_background_color=\u00a0\u00bb#5e59ba\u00a0\u00bb second_background_color=\u00a0\u00bb#df5461&Prime; animation_in_type=\u00a0\u00bbtransition.slideRightBigIn\u00a0\u00bb animation_in_offset=\u00a0\u00bb100&Prime; animation_in_duration=\u00a0\u00bb300&Prime; animation_in_delay=\u00a0\u00bb0&Prime; el_class=\u00a0\u00bbgroupe-item\u00a0\u00bb][vc_column width=\u00a0\u00bb1\/4&Prime; el_class=\u00a0\u00bbgroupe-image\u00a0\u00bb][vc_column_text css_animation=\u00a0\u00bbfadeInDown\u00a0\u00bb css=\u00a0\u00bb.vc_custom_1574026613068{border-radius: 5px !important;}\u00a0\u00bb]<a href=\"\/?p=4199\"><img width=\"468\" height=\"468\" src=\"https:\/\/www.festicheyres.ch\/wp-content\/uploads\/2023\/05\/pWmu8kkzh9QIAiUZ7YGfQP1f7S7incnmqXy51yPZ-468x468.jpg\" class=\"attachment-blog-thumb-2 size-blog-thumb-2 wp-post-image\" alt=\"\" decoding=\"async\" loading=\"lazy\" srcset=\"https:\/\/www.festicheyres.ch\/wp-content\/uploads\/2023\/05\/pWmu8kkzh9QIAiUZ7YGfQP1f7S7incnmqXy51yPZ-468x468.jpg 468w, https:\/\/www.festicheyres.ch\/wp-content\/uploads\/2023\/05\/pWmu8kkzh9QIAiUZ7YGfQP1f7S7incnmqXy51yPZ-150x150.jpg 150w, https:\/\/www.festicheyres.ch\/wp-content\/uploads\/2023\/05\/pWmu8kkzh9QIAiUZ7YGfQP1f7S7incnmqXy51yPZ-scaled-266x266.jpg 266w\" sizes=\"(max-width: 468px) 100vw, 468px\" \/><\/a>[\/vc_column_text][\/vc_column][vc_column width=\u00a0\u00bb3\/4&Prime; el_class=\u00a0\u00bbgroupe-infos\u00a0\u00bb][vc_column_text css=\u00a0\u00bb.vc_custom_1574115516333{border-top-width: 3px !important;border-right-width: 3px !important;border-bottom-width: 3px !important;border-left-width: 3px !important;background: #df5461 url(https:\/\/www.festicheyres.ch\/wp-content\/uploads\/2019\/02\/IMG_0946.jpg?id=1615) !important;background-position: center !important;background-repeat: no-repeat !important;background-size: cover !important;border-left-color: #000000 !important;border-left-style: solid !important;border-right-color: #000000 !important;border-right-style: solid !important;border-top-color: #000000 !important;border-top-style: solid !important;border-bottom-color: #000000 !important;border-bottom-style: solid !important;}\u00a0\u00bb]<\/p>\n<h2><a href=\"https:\/\/www.festicheyres.ch\/groupe\/zoe-me\/\">Zo\u00eb M\u00eb<\/a><\/h2>\n<p>[\/vc_column_text][vc_column_text]\n\n\n<div id=\"wpv-view-layout-75-CPID4199\" class=\"js-wpv-view-layout js-wpv-layout-responsive js-wpv-view-layout-75-CPID4199\" data-viewnumber=\"75-CPID4199\" data-pagination=\"{&quot;id&quot;:&quot;75&quot;,&quot;query&quot;:&quot;normal&quot;,&quot;type&quot;:&quot;disabled&quot;,&quot;effect&quot;:&quot;fade&quot;,&quot;duration&quot;:500,&quot;speed&quot;:5,&quot;pause_on_hover&quot;:&quot;disabled&quot;,&quot;stop_rollover&quot;:&quot;false&quot;,&quot;cache_pages&quot;:&quot;enabled&quot;,&quot;preload_images&quot;:&quot;enabled&quot;,&quot;preload_pages&quot;:&quot;enabled&quot;,&quot;preload_reach&quot;:1,&quot;spinner&quot;:&quot;builtin&quot;,&quot;spinner_image&quot;:&quot;https:\/\/projet2020.festicheyres.ch\/wp-content\/plugins\/wp-views\/embedded\/res\/img\/ajax-loader.gif&quot;,&quot;callback_next&quot;:&quot;&quot;,&quot;manage_history&quot;:&quot;disabled&quot;,&quot;has_controls_in_form&quot;:&quot;disabled&quot;,&quot;infinite_tolerance&quot;:&quot;0&quot;,&quot;max_pages&quot;:0,&quot;page&quot;:1,&quot;base_permalink&quot;:&quot;\/wp-json\/wp\/v2\/pages\/2045?wpv_view_count=75-CPID4199&amp;wpv_paged=WPV_PAGE_NUM&quot;,&quot;loop&quot;:{&quot;type&quot;:&quot;&quot;,&quot;name&quot;:&quot;&quot;,&quot;data&quot;:&#091;&#093;,&quot;id&quot;:0}}\" data-permalink=\"\/wp-json\/wp\/v2\/pages\/2045?wpv_view_count=75-CPID4199\">\n\n\t\n\t\n\t<!-- <h4>Concerts<\/h4> -->\n\t<!-- <ul class=\"wpv-loop js-wpv-loop\"> -->\n\t\t \n\t\t\t<!-- <li> -->\n              <p class=\"info-concert\">dim. 9 juillet 2023 |  13:30  |  Sc\u00e8ne des arbres <p>\n          \t<!-- <\/li> -->\n\t\t\n\t<!-- <\/ul> -->\n\t\n\t\n\t\n<\/div>\n[\/vc_column_text][vc_column_text]<strong>Indie Pop<\/strong> (Fribourg)[\/vc_column_text][vc_column_text]<strong>\u00a0<\/strong>Une bulle bilingue, c\u2019est une Blasule ?[\/vc_column_text][vc_column_text]<a href=\"https:\/\/www.festicheyres.ch\/groupe\/zoe-me\/\">Voir le groupe&#8230;<\/a>[\/vc_column_text][\/vc_column][\/vc_row]<\/p>\n<\/section>\n      <\/div>\n\t\n      <div class=\"groupe-loop\">\n\t\t\t<section class=\"wpb-content-wrapper\"><p>[vc_row first_background_color=\u00a0\u00bb#5e59ba\u00a0\u00bb second_background_color=\u00a0\u00bb#df5461&Prime; animation_in_type=\u00a0\u00bbtransition.slideRightBigIn\u00a0\u00bb animation_in_offset=\u00a0\u00bb100&Prime; animation_in_duration=\u00a0\u00bb300&Prime; animation_in_delay=\u00a0\u00bb0&Prime; el_class=\u00a0\u00bbgroupe-item\u00a0\u00bb][vc_column width=\u00a0\u00bb1\/4&Prime; el_class=\u00a0\u00bbgroupe-image\u00a0\u00bb][vc_column_text css_animation=\u00a0\u00bbfadeInDown\u00a0\u00bb css=\u00a0\u00bb.vc_custom_1574026613068{border-radius: 5px !important;}\u00a0\u00bb]<a href=\"\/?p=4212\"><img width=\"468\" height=\"468\" src=\"https:\/\/www.festicheyres.ch\/wp-content\/uploads\/2023\/05\/VBPUuWpwQNrqdCGHnPjFD28N0VuyJO0HebcTRBMK-468x468.jpg\" class=\"attachment-blog-thumb-2 size-blog-thumb-2 wp-post-image\" alt=\"\" decoding=\"async\" loading=\"lazy\" srcset=\"https:\/\/www.festicheyres.ch\/wp-content\/uploads\/2023\/05\/VBPUuWpwQNrqdCGHnPjFD28N0VuyJO0HebcTRBMK-468x468.jpg 468w, https:\/\/www.festicheyres.ch\/wp-content\/uploads\/2023\/05\/VBPUuWpwQNrqdCGHnPjFD28N0VuyJO0HebcTRBMK-150x150.jpg 150w, https:\/\/www.festicheyres.ch\/wp-content\/uploads\/2023\/05\/VBPUuWpwQNrqdCGHnPjFD28N0VuyJO0HebcTRBMK-scaled-266x266.jpg 266w\" sizes=\"(max-width: 468px) 100vw, 468px\" \/><\/a>[\/vc_column_text][\/vc_column][vc_column width=\u00a0\u00bb3\/4&Prime; el_class=\u00a0\u00bbgroupe-infos\u00a0\u00bb][vc_column_text css=\u00a0\u00bb.vc_custom_1574115516333{border-top-width: 3px !important;border-right-width: 3px !important;border-bottom-width: 3px !important;border-left-width: 3px !important;background: #df5461 url(https:\/\/www.festicheyres.ch\/wp-content\/uploads\/2019\/02\/IMG_0946.jpg?id=1615) !important;background-position: center !important;background-repeat: no-repeat !important;background-size: cover !important;border-left-color: #000000 !important;border-left-style: solid !important;border-right-color: #000000 !important;border-right-style: solid !important;border-top-color: #000000 !important;border-top-style: solid !important;border-bottom-color: #000000 !important;border-bottom-style: solid !important;}\u00a0\u00bb]<\/p>\n<h2><a href=\"https:\/\/www.festicheyres.ch\/groupe\/path-of-resurgence\/\">Path of Resurgence<\/a><\/h2>\n<p>[\/vc_column_text][vc_column_text]\n\n\n<div id=\"wpv-view-layout-75-CPID4212\" class=\"js-wpv-view-layout js-wpv-layout-responsive js-wpv-view-layout-75-CPID4212\" data-viewnumber=\"75-CPID4212\" data-pagination=\"{&quot;id&quot;:&quot;75&quot;,&quot;query&quot;:&quot;normal&quot;,&quot;type&quot;:&quot;disabled&quot;,&quot;effect&quot;:&quot;fade&quot;,&quot;duration&quot;:500,&quot;speed&quot;:5,&quot;pause_on_hover&quot;:&quot;disabled&quot;,&quot;stop_rollover&quot;:&quot;false&quot;,&quot;cache_pages&quot;:&quot;enabled&quot;,&quot;preload_images&quot;:&quot;enabled&quot;,&quot;preload_pages&quot;:&quot;enabled&quot;,&quot;preload_reach&quot;:1,&quot;spinner&quot;:&quot;builtin&quot;,&quot;spinner_image&quot;:&quot;https:\/\/projet2020.festicheyres.ch\/wp-content\/plugins\/wp-views\/embedded\/res\/img\/ajax-loader.gif&quot;,&quot;callback_next&quot;:&quot;&quot;,&quot;manage_history&quot;:&quot;disabled&quot;,&quot;has_controls_in_form&quot;:&quot;disabled&quot;,&quot;infinite_tolerance&quot;:&quot;0&quot;,&quot;max_pages&quot;:0,&quot;page&quot;:1,&quot;base_permalink&quot;:&quot;\/wp-json\/wp\/v2\/pages\/2045?wpv_view_count=75-CPID4212&amp;wpv_paged=WPV_PAGE_NUM&quot;,&quot;loop&quot;:{&quot;type&quot;:&quot;&quot;,&quot;name&quot;:&quot;&quot;,&quot;data&quot;:&#091;&#093;,&quot;id&quot;:0}}\" data-permalink=\"\/wp-json\/wp\/v2\/pages\/2045?wpv_view_count=75-CPID4212\">\n\n\t\n\t\n\t<!-- <h4>Concerts<\/h4> -->\n\t<!-- <ul class=\"wpv-loop js-wpv-loop\"> -->\n\t\t \n\t\t\t<!-- <li> -->\n              <p class=\"info-concert\">sam. 8 juillet 2023 |  01:00  |  Sc\u00e8ne des arbres <p>\n          \t<!-- <\/li> -->\n\t\t\n\t<!-- <\/ul> -->\n\t\n\t\n\t\n<\/div>\n[\/vc_column_text][vc_column_text]<strong>90's Metalcore Hardcore<\/strong> (Lausanne)[\/vc_column_text][vc_column_text]<strong>\u00a0<\/strong>La Bouche rit[\/vc_column_text][vc_column_text]<a href=\"https:\/\/www.festicheyres.ch\/groupe\/path-of-resurgence\/\">Voir le groupe&#8230;<\/a>[\/vc_column_text][\/vc_column][\/vc_row]<\/p>\n<\/section>\n      <\/div>\n\t\n      <div class=\"groupe-loop\">\n\t\t\t<section class=\"wpb-content-wrapper\"><p>[vc_row first_background_color=\u00a0\u00bb#5e59ba\u00a0\u00bb second_background_color=\u00a0\u00bb#df5461&Prime; animation_in_type=\u00a0\u00bbtransition.slideRightBigIn\u00a0\u00bb animation_in_offset=\u00a0\u00bb100&Prime; animation_in_duration=\u00a0\u00bb300&Prime; animation_in_delay=\u00a0\u00bb0&Prime; el_class=\u00a0\u00bbgroupe-item\u00a0\u00bb][vc_column width=\u00a0\u00bb1\/4&Prime; el_class=\u00a0\u00bbgroupe-image\u00a0\u00bb][vc_column_text css_animation=\u00a0\u00bbfadeInDown\u00a0\u00bb css=\u00a0\u00bb.vc_custom_1574026613068{border-radius: 5px !important;}\u00a0\u00bb]<a href=\"\/?p=4218\"><img width=\"468\" height=\"468\" src=\"https:\/\/www.festicheyres.ch\/wp-content\/uploads\/2023\/05\/nonante-468x468.jpg\" class=\"attachment-blog-thumb-2 size-blog-thumb-2 wp-post-image\" alt=\"\" decoding=\"async\" loading=\"lazy\" srcset=\"https:\/\/www.festicheyres.ch\/wp-content\/uploads\/2023\/05\/nonante-468x468.jpg 468w, https:\/\/www.festicheyres.ch\/wp-content\/uploads\/2023\/05\/nonante-300x300.jpg 300w, https:\/\/www.festicheyres.ch\/wp-content\/uploads\/2023\/05\/nonante-150x150.jpg 150w, https:\/\/www.festicheyres.ch\/wp-content\/uploads\/2023\/05\/nonante-266x266.jpg 266w\" sizes=\"(max-width: 468px) 100vw, 468px\" \/><\/a>[\/vc_column_text][\/vc_column][vc_column width=\u00a0\u00bb3\/4&Prime; el_class=\u00a0\u00bbgroupe-infos\u00a0\u00bb][vc_column_text css=\u00a0\u00bb.vc_custom_1574115516333{border-top-width: 3px !important;border-right-width: 3px !important;border-bottom-width: 3px !important;border-left-width: 3px !important;background: #df5461 url(https:\/\/www.festicheyres.ch\/wp-content\/uploads\/2019\/02\/IMG_0946.jpg?id=1615) !important;background-position: center !important;background-repeat: no-repeat !important;background-size: cover !important;border-left-color: #000000 !important;border-left-style: solid !important;border-right-color: #000000 !important;border-right-style: solid !important;border-top-color: #000000 !important;border-top-style: solid !important;border-bottom-color: #000000 !important;border-bottom-style: solid !important;}\u00a0\u00bb]<\/p>\n<h2><a href=\"https:\/\/www.festicheyres.ch\/groupe\/nonante\/\">Nonante<\/a><\/h2>\n<p>[\/vc_column_text][vc_column_text]\n\n\n<div id=\"wpv-view-layout-75-CPID4218\" class=\"js-wpv-view-layout js-wpv-layout-responsive js-wpv-view-layout-75-CPID4218\" data-viewnumber=\"75-CPID4218\" data-pagination=\"{&quot;id&quot;:&quot;75&quot;,&quot;query&quot;:&quot;normal&quot;,&quot;type&quot;:&quot;disabled&quot;,&quot;effect&quot;:&quot;fade&quot;,&quot;duration&quot;:500,&quot;speed&quot;:5,&quot;pause_on_hover&quot;:&quot;disabled&quot;,&quot;stop_rollover&quot;:&quot;false&quot;,&quot;cache_pages&quot;:&quot;enabled&quot;,&quot;preload_images&quot;:&quot;enabled&quot;,&quot;preload_pages&quot;:&quot;enabled&quot;,&quot;preload_reach&quot;:1,&quot;spinner&quot;:&quot;builtin&quot;,&quot;spinner_image&quot;:&quot;https:\/\/projet2020.festicheyres.ch\/wp-content\/plugins\/wp-views\/embedded\/res\/img\/ajax-loader.gif&quot;,&quot;callback_next&quot;:&quot;&quot;,&quot;manage_history&quot;:&quot;disabled&quot;,&quot;has_controls_in_form&quot;:&quot;disabled&quot;,&quot;infinite_tolerance&quot;:&quot;0&quot;,&quot;max_pages&quot;:0,&quot;page&quot;:1,&quot;base_permalink&quot;:&quot;\/wp-json\/wp\/v2\/pages\/2045?wpv_view_count=75-CPID4218&amp;wpv_paged=WPV_PAGE_NUM&quot;,&quot;loop&quot;:{&quot;type&quot;:&quot;&quot;,&quot;name&quot;:&quot;&quot;,&quot;data&quot;:&#091;&#093;,&quot;id&quot;:0}}\" data-permalink=\"\/wp-json\/wp\/v2\/pages\/2045?wpv_view_count=75-CPID4218\">\n\n\t\n\t\n\t<!-- <h4>Concerts<\/h4> -->\n\t<!-- <ul class=\"wpv-loop js-wpv-loop\"> -->\n\t\t \n\t\t\t<!-- <li> -->\n              <p class=\"info-concert\">ven. 7 juillet 2023 |  19:00  |  Grande Sc\u00e8ne <p>\n          \t<!-- <\/li> -->\n\t\t\n\t<!-- <\/ul> -->\n\t\n\t\n\t\n<\/div>\n[\/vc_column_text][vc_column_text]<strong>Post Punk, New Wave<\/strong> (Fribourg)[\/vc_column_text][vc_column_text]<strong>\u00a0<\/strong>Des bouclettes percutantes[\/vc_column_text][vc_column_text]<a href=\"https:\/\/www.festicheyres.ch\/groupe\/nonante\/\">Voir le groupe&#8230;<\/a>[\/vc_column_text][\/vc_column][\/vc_row]<\/p>\n<\/section>\n      <\/div>\n\t\n      <div class=\"groupe-loop\">\n\t\t\t<section class=\"wpb-content-wrapper\"><p>[vc_row first_background_color=\u00a0\u00bb#5e59ba\u00a0\u00bb second_background_color=\u00a0\u00bb#df5461&Prime; animation_in_type=\u00a0\u00bbtransition.slideRightBigIn\u00a0\u00bb animation_in_offset=\u00a0\u00bb100&Prime; animation_in_duration=\u00a0\u00bb300&Prime; animation_in_delay=\u00a0\u00bb0&Prime; el_class=\u00a0\u00bbgroupe-item\u00a0\u00bb][vc_column width=\u00a0\u00bb1\/4&Prime; el_class=\u00a0\u00bbgroupe-image\u00a0\u00bb][vc_column_text css_animation=\u00a0\u00bbfadeInDown\u00a0\u00bb css=\u00a0\u00bb.vc_custom_1574026613068{border-radius: 5px !important;}\u00a0\u00bb]<a href=\"\/?p=4124\"><img width=\"468\" height=\"468\" src=\"https:\/\/www.festicheyres.ch\/wp-content\/uploads\/2023\/05\/1-mars-110-468x468.jpg\" class=\"attachment-blog-thumb-2 size-blog-thumb-2 wp-post-image\" alt=\"\" decoding=\"async\" loading=\"lazy\" srcset=\"https:\/\/www.festicheyres.ch\/wp-content\/uploads\/2023\/05\/1-mars-110-468x468.jpg 468w, https:\/\/www.festicheyres.ch\/wp-content\/uploads\/2023\/05\/1-mars-110-150x150.jpg 150w, https:\/\/www.festicheyres.ch\/wp-content\/uploads\/2023\/05\/1-mars-110-266x266.jpg 266w\" sizes=\"(max-width: 468px) 100vw, 468px\" \/><\/a>[\/vc_column_text][\/vc_column][vc_column width=\u00a0\u00bb3\/4&Prime; el_class=\u00a0\u00bbgroupe-infos\u00a0\u00bb][vc_column_text css=\u00a0\u00bb.vc_custom_1574115516333{border-top-width: 3px !important;border-right-width: 3px !important;border-bottom-width: 3px !important;border-left-width: 3px !important;background: #df5461 url(https:\/\/www.festicheyres.ch\/wp-content\/uploads\/2019\/02\/IMG_0946.jpg?id=1615) !important;background-position: center !important;background-repeat: no-repeat !important;background-size: cover !important;border-left-color: #000000 !important;border-left-style: solid !important;border-right-color: #000000 !important;border-right-style: solid !important;border-top-color: #000000 !important;border-top-style: solid !important;border-bottom-color: #000000 !important;border-bottom-style: solid !important;}\u00a0\u00bb]<\/p>\n<h2><a href=\"https:\/\/www.festicheyres.ch\/groupe\/antoino\/\">Antoino<\/a><\/h2>\n<p>[\/vc_column_text][vc_column_text]\n\n\n<div id=\"wpv-view-layout-75-CPID4124\" class=\"js-wpv-view-layout js-wpv-layout-responsive js-wpv-view-layout-75-CPID4124\" data-viewnumber=\"75-CPID4124\" data-pagination=\"{&quot;id&quot;:&quot;75&quot;,&quot;query&quot;:&quot;normal&quot;,&quot;type&quot;:&quot;disabled&quot;,&quot;effect&quot;:&quot;fade&quot;,&quot;duration&quot;:500,&quot;speed&quot;:5,&quot;pause_on_hover&quot;:&quot;disabled&quot;,&quot;stop_rollover&quot;:&quot;false&quot;,&quot;cache_pages&quot;:&quot;enabled&quot;,&quot;preload_images&quot;:&quot;enabled&quot;,&quot;preload_pages&quot;:&quot;enabled&quot;,&quot;preload_reach&quot;:1,&quot;spinner&quot;:&quot;builtin&quot;,&quot;spinner_image&quot;:&quot;https:\/\/projet2020.festicheyres.ch\/wp-content\/plugins\/wp-views\/embedded\/res\/img\/ajax-loader.gif&quot;,&quot;callback_next&quot;:&quot;&quot;,&quot;manage_history&quot;:&quot;disabled&quot;,&quot;has_controls_in_form&quot;:&quot;disabled&quot;,&quot;infinite_tolerance&quot;:&quot;0&quot;,&quot;max_pages&quot;:0,&quot;page&quot;:1,&quot;base_permalink&quot;:&quot;\/wp-json\/wp\/v2\/pages\/2045?wpv_view_count=75-CPID4124&amp;wpv_paged=WPV_PAGE_NUM&quot;,&quot;loop&quot;:{&quot;type&quot;:&quot;&quot;,&quot;name&quot;:&quot;&quot;,&quot;data&quot;:&#091;&#093;,&quot;id&quot;:0}}\" data-permalink=\"\/wp-json\/wp\/v2\/pages\/2045?wpv_view_count=75-CPID4124\">\n\n\t\n\t\n\t<!-- <h4>Concerts<\/h4> -->\n\t<!-- <ul class=\"wpv-loop js-wpv-loop\"> -->\n\t\t \n\t\t\t<!-- <li> -->\n              <p class=\"info-concert\">sam. 8 juillet 2023 |  21:00  |   <p>\n          \t<!-- <\/li> -->\n\t\t\n\t<!-- <\/ul> -->\n\t\n\t\n\t\n<\/div>\n[\/vc_column_text][vc_column_text]<strong>Rap<\/strong> (Fribourg)[\/vc_column_text][vc_column_text]<strong>\u00a0<\/strong>De la sinc\u00e9rit\u00e9 en bo\u00eete[\/vc_column_text][vc_column_text]<a href=\"https:\/\/www.festicheyres.ch\/groupe\/antoino\/\">Voir le groupe&#8230;<\/a>[\/vc_column_text][\/vc_column][\/vc_row]<\/p>\n<\/section>\n      <\/div>\n\t\n      <div class=\"groupe-loop\">\n\t\t\t<section class=\"wpb-content-wrapper\"><p>[vc_row first_background_color=\u00a0\u00bb#5e59ba\u00a0\u00bb second_background_color=\u00a0\u00bb#df5461&Prime; animation_in_type=\u00a0\u00bbtransition.slideRightBigIn\u00a0\u00bb animation_in_offset=\u00a0\u00bb100&Prime; animation_in_duration=\u00a0\u00bb300&Prime; animation_in_delay=\u00a0\u00bb0&Prime; el_class=\u00a0\u00bbgroupe-item\u00a0\u00bb][vc_column width=\u00a0\u00bb1\/4&Prime; el_class=\u00a0\u00bbgroupe-image\u00a0\u00bb][vc_column_text css_animation=\u00a0\u00bbfadeInDown\u00a0\u00bb css=\u00a0\u00bb.vc_custom_1574026613068{border-radius: 5px !important;}\u00a0\u00bb]<a href=\"\/?p=4079\"><img width=\"468\" height=\"468\" src=\"https:\/\/www.festicheyres.ch\/wp-content\/uploads\/2023\/05\/AVO1196-1-468x468.jpg\" class=\"attachment-blog-thumb-2 size-blog-thumb-2 wp-post-image\" alt=\"\" decoding=\"async\" loading=\"lazy\" srcset=\"https:\/\/www.festicheyres.ch\/wp-content\/uploads\/2023\/05\/AVO1196-1-468x468.jpg 468w, https:\/\/www.festicheyres.ch\/wp-content\/uploads\/2023\/05\/AVO1196-1-150x150.jpg 150w, https:\/\/www.festicheyres.ch\/wp-content\/uploads\/2023\/05\/AVO1196-1-scaled-266x266.jpg 266w, https:\/\/www.festicheyres.ch\/wp-content\/uploads\/2023\/05\/AVO1196-1-scaled-220x220.jpg 220w\" sizes=\"(max-width: 468px) 100vw, 468px\" \/><\/a>[\/vc_column_text][\/vc_column][vc_column width=\u00a0\u00bb3\/4&Prime; el_class=\u00a0\u00bbgroupe-infos\u00a0\u00bb][vc_column_text css=\u00a0\u00bb.vc_custom_1574115516333{border-top-width: 3px !important;border-right-width: 3px !important;border-bottom-width: 3px !important;border-left-width: 3px !important;background: #df5461 url(https:\/\/www.festicheyres.ch\/wp-content\/uploads\/2019\/02\/IMG_0946.jpg?id=1615) !important;background-position: center !important;background-repeat: no-repeat !important;background-size: cover !important;border-left-color: #000000 !important;border-left-style: solid !important;border-right-color: #000000 !important;border-right-style: solid !important;border-top-color: #000000 !important;border-top-style: solid !important;border-bottom-color: #000000 !important;border-bottom-style: solid !important;}\u00a0\u00bb]<\/p>\n<h2><a href=\"https:\/\/www.festicheyres.ch\/groupe\/proffa\/\">Proffa<\/a><\/h2>\n<p>[\/vc_column_text][vc_column_text]\n\n\n<div id=\"wpv-view-layout-75-CPID4079\" class=\"js-wpv-view-layout js-wpv-layout-responsive js-wpv-view-layout-75-CPID4079\" data-viewnumber=\"75-CPID4079\" data-pagination=\"{&quot;id&quot;:&quot;75&quot;,&quot;query&quot;:&quot;normal&quot;,&quot;type&quot;:&quot;disabled&quot;,&quot;effect&quot;:&quot;fade&quot;,&quot;duration&quot;:500,&quot;speed&quot;:5,&quot;pause_on_hover&quot;:&quot;disabled&quot;,&quot;stop_rollover&quot;:&quot;false&quot;,&quot;cache_pages&quot;:&quot;enabled&quot;,&quot;preload_images&quot;:&quot;enabled&quot;,&quot;preload_pages&quot;:&quot;enabled&quot;,&quot;preload_reach&quot;:1,&quot;spinner&quot;:&quot;builtin&quot;,&quot;spinner_image&quot;:&quot;https:\/\/projet2020.festicheyres.ch\/wp-content\/plugins\/wp-views\/embedded\/res\/img\/ajax-loader.gif&quot;,&quot;callback_next&quot;:&quot;&quot;,&quot;manage_history&quot;:&quot;disabled&quot;,&quot;has_controls_in_form&quot;:&quot;disabled&quot;,&quot;infinite_tolerance&quot;:&quot;0&quot;,&quot;max_pages&quot;:0,&quot;page&quot;:1,&quot;base_permalink&quot;:&quot;\/wp-json\/wp\/v2\/pages\/2045?wpv_view_count=75-CPID4079&amp;wpv_paged=WPV_PAGE_NUM&quot;,&quot;loop&quot;:{&quot;type&quot;:&quot;&quot;,&quot;name&quot;:&quot;&quot;,&quot;data&quot;:&#091;&#093;,&quot;id&quot;:0}}\" data-permalink=\"\/wp-json\/wp\/v2\/pages\/2045?wpv_view_count=75-CPID4079\">\n\n\t\n\t\n\t<!-- <h4>Concerts<\/h4> -->\n\t<!-- <ul class=\"wpv-loop js-wpv-loop\"> -->\n\t\t \n\t\t\t<!-- <li> -->\n              <p class=\"info-concert\">sam. 8 juillet 2023 |  16:20  |  Sc\u00e8ne des arbres <p>\n          \t<!-- <\/li> -->\n\t\t\n\t<!-- <\/ul> -->\n\t\n\t\n\t\n<\/div>\n[\/vc_column_text][vc_column_text]<strong>Afrobeat<\/strong> (Fribourg)[\/vc_column_text][vc_column_text]<strong>\u00a0<\/strong>Vague de bonheur[\/vc_column_text][vc_column_text]<a href=\"https:\/\/www.festicheyres.ch\/groupe\/proffa\/\">Voir le groupe&#8230;<\/a>[\/vc_column_text][\/vc_column][\/vc_row]<\/p>\n<\/section>\n      <\/div>\n\t\n      <div class=\"groupe-loop\">\n\t\t\t<section class=\"wpb-content-wrapper\"><p>[vc_row first_background_color=\u00a0\u00bb#5e59ba\u00a0\u00bb second_background_color=\u00a0\u00bb#df5461&Prime; animation_in_type=\u00a0\u00bbtransition.slideRightBigIn\u00a0\u00bb animation_in_offset=\u00a0\u00bb100&Prime; animation_in_duration=\u00a0\u00bb300&Prime; animation_in_delay=\u00a0\u00bb0&Prime; el_class=\u00a0\u00bbgroupe-item\u00a0\u00bb][vc_column width=\u00a0\u00bb1\/4&Prime; el_class=\u00a0\u00bbgroupe-image\u00a0\u00bb][vc_column_text css_animation=\u00a0\u00bbfadeInDown\u00a0\u00bb css=\u00a0\u00bb.vc_custom_1574026613068{border-radius: 5px !important;}\u00a0\u00bb]<a href=\"\/?p=4118\"><img width=\"468\" height=\"468\" src=\"https:\/\/www.festicheyres.ch\/wp-content\/uploads\/2023\/05\/Roxane_Photo-presse_\u00a9luca-del-fresno-468x468.jpg\" class=\"attachment-blog-thumb-2 size-blog-thumb-2 wp-post-image\" alt=\"\" decoding=\"async\" loading=\"lazy\" srcset=\"https:\/\/www.festicheyres.ch\/wp-content\/uploads\/2023\/05\/Roxane_Photo-presse_\u00a9luca-del-fresno-468x468.jpg 468w, https:\/\/www.festicheyres.ch\/wp-content\/uploads\/2023\/05\/Roxane_Photo-presse_\u00a9luca-del-fresno-150x150.jpg 150w, https:\/\/www.festicheyres.ch\/wp-content\/uploads\/2023\/05\/Roxane_Photo-presse_\u00a9luca-del-fresno-scaled-266x266.jpg 266w, https:\/\/www.festicheyres.ch\/wp-content\/uploads\/2023\/05\/Roxane_Photo-presse_\u00a9luca-del-fresno-scaled-220x220.jpg 220w\" sizes=\"(max-width: 468px) 100vw, 468px\" \/><\/a>[\/vc_column_text][\/vc_column][vc_column width=\u00a0\u00bb3\/4&Prime; el_class=\u00a0\u00bbgroupe-infos\u00a0\u00bb][vc_column_text css=\u00a0\u00bb.vc_custom_1574115516333{border-top-width: 3px !important;border-right-width: 3px !important;border-bottom-width: 3px !important;border-left-width: 3px !important;background: #df5461 url(https:\/\/www.festicheyres.ch\/wp-content\/uploads\/2019\/02\/IMG_0946.jpg?id=1615) !important;background-position: center !important;background-repeat: no-repeat !important;background-size: cover !important;border-left-color: #000000 !important;border-left-style: solid !important;border-right-color: #000000 !important;border-right-style: solid !important;border-top-color: #000000 !important;border-top-style: solid !important;border-bottom-color: #000000 !important;border-bottom-style: solid !important;}\u00a0\u00bb]<\/p>\n<h2><a href=\"https:\/\/www.festicheyres.ch\/groupe\/roxane\/\">Roxane<\/a><\/h2>\n<p>[\/vc_column_text][vc_column_text]\n\n\n<div id=\"wpv-view-layout-75-CPID4118\" class=\"js-wpv-view-layout js-wpv-layout-responsive js-wpv-view-layout-75-CPID4118\" data-viewnumber=\"75-CPID4118\" data-pagination=\"{&quot;id&quot;:&quot;75&quot;,&quot;query&quot;:&quot;normal&quot;,&quot;type&quot;:&quot;disabled&quot;,&quot;effect&quot;:&quot;fade&quot;,&quot;duration&quot;:500,&quot;speed&quot;:5,&quot;pause_on_hover&quot;:&quot;disabled&quot;,&quot;stop_rollover&quot;:&quot;false&quot;,&quot;cache_pages&quot;:&quot;enabled&quot;,&quot;preload_images&quot;:&quot;enabled&quot;,&quot;preload_pages&quot;:&quot;enabled&quot;,&quot;preload_reach&quot;:1,&quot;spinner&quot;:&quot;builtin&quot;,&quot;spinner_image&quot;:&quot;https:\/\/projet2020.festicheyres.ch\/wp-content\/plugins\/wp-views\/embedded\/res\/img\/ajax-loader.gif&quot;,&quot;callback_next&quot;:&quot;&quot;,&quot;manage_history&quot;:&quot;disabled&quot;,&quot;has_controls_in_form&quot;:&quot;disabled&quot;,&quot;infinite_tolerance&quot;:&quot;0&quot;,&quot;max_pages&quot;:0,&quot;page&quot;:1,&quot;base_permalink&quot;:&quot;\/wp-json\/wp\/v2\/pages\/2045?wpv_view_count=75-CPID4118&amp;wpv_paged=WPV_PAGE_NUM&quot;,&quot;loop&quot;:{&quot;type&quot;:&quot;&quot;,&quot;name&quot;:&quot;&quot;,&quot;data&quot;:&#091;&#093;,&quot;id&quot;:0}}\" data-permalink=\"\/wp-json\/wp\/v2\/pages\/2045?wpv_view_count=75-CPID4118\">\n\n\t\n\t\n\t<!-- <h4>Concerts<\/h4> -->\n\t<!-- <ul class=\"wpv-loop js-wpv-loop\"> -->\n\t\t \n\t\t\t<!-- <li> -->\n              <p class=\"info-concert\">dim. 9 juillet 2023 |  15:10  |  Sc\u00e8ne des arbres <p>\n          \t<!-- <\/li> -->\n\t\t\n\t<!-- <\/ul> -->\n\t\n\t\n\t\n<\/div>\n[\/vc_column_text][vc_column_text]<strong>Pop-Folk<\/strong> (Gen\u00e8ve)[\/vc_column_text][vc_column_text]<strong>\u00a0<\/strong>Une voix cristalline de l\u2019espace[\/vc_column_text][vc_column_text]<a href=\"https:\/\/www.festicheyres.ch\/groupe\/roxane\/\">Voir le groupe&#8230;<\/a>[\/vc_column_text][\/vc_column][\/vc_row]<\/p>\n<\/section>\n      <\/div>\n\t\n      <div class=\"groupe-loop\">\n\t\t\t<section class=\"wpb-content-wrapper\"><p>[vc_row first_background_color=\u00a0\u00bb#5e59ba\u00a0\u00bb second_background_color=\u00a0\u00bb#df5461&Prime; animation_in_type=\u00a0\u00bbtransition.slideRightBigIn\u00a0\u00bb animation_in_offset=\u00a0\u00bb100&Prime; animation_in_duration=\u00a0\u00bb300&Prime; animation_in_delay=\u00a0\u00bb0&Prime; el_class=\u00a0\u00bbgroupe-item\u00a0\u00bb][vc_column width=\u00a0\u00bb1\/4&Prime; el_class=\u00a0\u00bbgroupe-image\u00a0\u00bb][vc_column_text css_animation=\u00a0\u00bbfadeInDown\u00a0\u00bb css=\u00a0\u00bb.vc_custom_1574026613068{border-radius: 5px !important;}\u00a0\u00bb]<a href=\"\/?p=4073\"><img width=\"468\" height=\"468\" src=\"https:\/\/www.festicheyres.ch\/wp-content\/uploads\/2023\/05\/IMG-20230317-WA0017-468x468.jpg\" class=\"attachment-blog-thumb-2 size-blog-thumb-2 wp-post-image\" alt=\"\" decoding=\"async\" loading=\"lazy\" srcset=\"https:\/\/www.festicheyres.ch\/wp-content\/uploads\/2023\/05\/IMG-20230317-WA0017-468x468.jpg 468w, https:\/\/www.festicheyres.ch\/wp-content\/uploads\/2023\/05\/IMG-20230317-WA0017-150x150.jpg 150w, https:\/\/www.festicheyres.ch\/wp-content\/uploads\/2023\/05\/IMG-20230317-WA0017-266x266.jpg 266w, https:\/\/www.festicheyres.ch\/wp-content\/uploads\/2023\/05\/IMG-20230317-WA0017-220x220.jpg 220w\" sizes=\"(max-width: 468px) 100vw, 468px\" \/><\/a>[\/vc_column_text][\/vc_column][vc_column width=\u00a0\u00bb3\/4&Prime; el_class=\u00a0\u00bbgroupe-infos\u00a0\u00bb][vc_column_text css=\u00a0\u00bb.vc_custom_1574115516333{border-top-width: 3px !important;border-right-width: 3px !important;border-bottom-width: 3px !important;border-left-width: 3px !important;background: #df5461 url(https:\/\/www.festicheyres.ch\/wp-content\/uploads\/2019\/02\/IMG_0946.jpg?id=1615) !important;background-position: center !important;background-repeat: no-repeat !important;background-size: cover !important;border-left-color: #000000 !important;border-left-style: solid !important;border-right-color: #000000 !important;border-right-style: solid !important;border-top-color: #000000 !important;border-top-style: solid !important;border-bottom-color: #000000 !important;border-bottom-style: solid !important;}\u00a0\u00bb]<\/p>\n<h2><a href=\"https:\/\/www.festicheyres.ch\/groupe\/loretta-gun\/\">Loretta Gun<\/a><\/h2>\n<p>[\/vc_column_text][vc_column_text]\n\n\n<div id=\"wpv-view-layout-75-CPID4073\" class=\"js-wpv-view-layout js-wpv-layout-responsive js-wpv-view-layout-75-CPID4073\" data-viewnumber=\"75-CPID4073\" data-pagination=\"{&quot;id&quot;:&quot;75&quot;,&quot;query&quot;:&quot;normal&quot;,&quot;type&quot;:&quot;disabled&quot;,&quot;effect&quot;:&quot;fade&quot;,&quot;duration&quot;:500,&quot;speed&quot;:5,&quot;pause_on_hover&quot;:&quot;disabled&quot;,&quot;stop_rollover&quot;:&quot;false&quot;,&quot;cache_pages&quot;:&quot;enabled&quot;,&quot;preload_images&quot;:&quot;enabled&quot;,&quot;preload_pages&quot;:&quot;enabled&quot;,&quot;preload_reach&quot;:1,&quot;spinner&quot;:&quot;builtin&quot;,&quot;spinner_image&quot;:&quot;https:\/\/projet2020.festicheyres.ch\/wp-content\/plugins\/wp-views\/embedded\/res\/img\/ajax-loader.gif&quot;,&quot;callback_next&quot;:&quot;&quot;,&quot;manage_history&quot;:&quot;disabled&quot;,&quot;has_controls_in_form&quot;:&quot;disabled&quot;,&quot;infinite_tolerance&quot;:&quot;0&quot;,&quot;max_pages&quot;:0,&quot;page&quot;:1,&quot;base_permalink&quot;:&quot;\/wp-json\/wp\/v2\/pages\/2045?wpv_view_count=75-CPID4073&amp;wpv_paged=WPV_PAGE_NUM&quot;,&quot;loop&quot;:{&quot;type&quot;:&quot;&quot;,&quot;name&quot;:&quot;&quot;,&quot;data&quot;:&#091;&#093;,&quot;id&quot;:0}}\" data-permalink=\"\/wp-json\/wp\/v2\/pages\/2045?wpv_view_count=75-CPID4073\">\n\n\t\n\t\n\t<!-- <h4>Concerts<\/h4> -->\n\t<!-- <ul class=\"wpv-loop js-wpv-loop\"> -->\n\t\t \n\t\t\t<!-- <li> -->\n              <p class=\"info-concert\">dim. 9 juillet 2023 |  16:40  |  Sc\u00e8ne des arbres <p>\n          \t<!-- <\/li> -->\n\t\t\n\t<!-- <\/ul> -->\n\t\n\t\n\t\n<\/div>\n[\/vc_column_text][vc_column_text]<strong>Blues-Rock'n'Roll<\/strong> (Fribourg)[\/vc_column_text][vc_column_text]<strong>\u00a0<\/strong>Un voyage de cl\u00f4ture[\/vc_column_text][vc_column_text]<a href=\"https:\/\/www.festicheyres.ch\/groupe\/loretta-gun\/\">Voir le groupe&#8230;<\/a>[\/vc_column_text][\/vc_column][\/vc_row]<\/p>\n<\/section>\n      <\/div>\n\t\n      <div class=\"groupe-loop\">\n\t\t\t<section class=\"wpb-content-wrapper\"><p>[vc_row first_background_color=\u00a0\u00bb#5e59ba\u00a0\u00bb second_background_color=\u00a0\u00bb#df5461&Prime; animation_in_type=\u00a0\u00bbtransition.slideRightBigIn\u00a0\u00bb animation_in_offset=\u00a0\u00bb100&Prime; animation_in_duration=\u00a0\u00bb300&Prime; animation_in_delay=\u00a0\u00bb0&Prime; el_class=\u00a0\u00bbgroupe-item\u00a0\u00bb][vc_column width=\u00a0\u00bb1\/4&Prime; el_class=\u00a0\u00bbgroupe-image\u00a0\u00bb][vc_column_text css_animation=\u00a0\u00bbfadeInDown\u00a0\u00bb css=\u00a0\u00bb.vc_custom_1574026613068{border-radius: 5px !important;}\u00a0\u00bb]<a href=\"\/?p=4085\"><img width=\"468\" height=\"468\" src=\"https:\/\/www.festicheyres.ch\/wp-content\/uploads\/2023\/05\/Screenshot_20230502_212652-468x468.jpg\" class=\"attachment-blog-thumb-2 size-blog-thumb-2 wp-post-image\" alt=\"\" decoding=\"async\" loading=\"lazy\" srcset=\"https:\/\/www.festicheyres.ch\/wp-content\/uploads\/2023\/05\/Screenshot_20230502_212652-468x468.jpg 468w, https:\/\/www.festicheyres.ch\/wp-content\/uploads\/2023\/05\/Screenshot_20230502_212652-150x150.jpg 150w, https:\/\/www.festicheyres.ch\/wp-content\/uploads\/2023\/05\/Screenshot_20230502_212652-266x266.jpg 266w\" sizes=\"(max-width: 468px) 100vw, 468px\" \/><\/a>[\/vc_column_text][\/vc_column][vc_column width=\u00a0\u00bb3\/4&Prime; el_class=\u00a0\u00bbgroupe-infos\u00a0\u00bb][vc_column_text css=\u00a0\u00bb.vc_custom_1574115516333{border-top-width: 3px !important;border-right-width: 3px !important;border-bottom-width: 3px !important;border-left-width: 3px !important;background: #df5461 url(https:\/\/www.festicheyres.ch\/wp-content\/uploads\/2019\/02\/IMG_0946.jpg?id=1615) !important;background-position: center !important;background-repeat: no-repeat !important;background-size: cover !important;border-left-color: #000000 !important;border-left-style: solid !important;border-right-color: #000000 !important;border-right-style: solid !important;border-top-color: #000000 !important;border-top-style: solid !important;border-bottom-color: #000000 !important;border-bottom-style: solid !important;}\u00a0\u00bb]<\/p>\n<h2><a href=\"https:\/\/www.festicheyres.ch\/groupe\/dj-rickpie\/\">Dj Rickpied<\/a><\/h2>\n<p>[\/vc_column_text][vc_column_text]\n\n\n<div id=\"wpv-view-layout-75-CPID4085\" class=\"js-wpv-view-layout js-wpv-layout-responsive js-wpv-view-layout-75-CPID4085\" data-viewnumber=\"75-CPID4085\" data-pagination=\"{&quot;id&quot;:&quot;75&quot;,&quot;query&quot;:&quot;normal&quot;,&quot;type&quot;:&quot;disabled&quot;,&quot;effect&quot;:&quot;fade&quot;,&quot;duration&quot;:500,&quot;speed&quot;:5,&quot;pause_on_hover&quot;:&quot;disabled&quot;,&quot;stop_rollover&quot;:&quot;false&quot;,&quot;cache_pages&quot;:&quot;enabled&quot;,&quot;preload_images&quot;:&quot;enabled&quot;,&quot;preload_pages&quot;:&quot;enabled&quot;,&quot;preload_reach&quot;:1,&quot;spinner&quot;:&quot;builtin&quot;,&quot;spinner_image&quot;:&quot;https:\/\/projet2020.festicheyres.ch\/wp-content\/plugins\/wp-views\/embedded\/res\/img\/ajax-loader.gif&quot;,&quot;callback_next&quot;:&quot;&quot;,&quot;manage_history&quot;:&quot;disabled&quot;,&quot;has_controls_in_form&quot;:&quot;disabled&quot;,&quot;infinite_tolerance&quot;:&quot;0&quot;,&quot;max_pages&quot;:0,&quot;page&quot;:1,&quot;base_permalink&quot;:&quot;\/wp-json\/wp\/v2\/pages\/2045?wpv_view_count=75-CPID4085&amp;wpv_paged=WPV_PAGE_NUM&quot;,&quot;loop&quot;:{&quot;type&quot;:&quot;&quot;,&quot;name&quot;:&quot;&quot;,&quot;data&quot;:&#091;&#093;,&quot;id&quot;:0}}\" data-permalink=\"\/wp-json\/wp\/v2\/pages\/2045?wpv_view_count=75-CPID4085\">\n\n\t\n\t\n\t<!-- <h4>Concerts<\/h4> -->\n\t<!-- <ul class=\"wpv-loop js-wpv-loop\"> -->\n\t\t \n\t\t\t<!-- <li> -->\n              <p class=\"info-concert\">sam. 8 juillet 2023 |  14:00  |  Sc\u00e8ne des arbres <p>\n          \t<!-- <\/li> -->\n\t\t\n\t<!-- <\/ul> -->\n\t\n\t\n\t\n<\/div>\n[\/vc_column_text][vc_column_text]<strong>Arrosage de plage<\/strong> (Laval, France)[\/vc_column_text][vc_column_text]<strong>\u00a0<\/strong>Du fun, pas de foehn[\/vc_column_text][vc_column_text]<a href=\"https:\/\/www.festicheyres.ch\/groupe\/dj-rickpie\/\">Voir le groupe&#8230;<\/a>[\/vc_column_text][\/vc_column][\/vc_row]<\/p>\n<\/section>\n      <\/div>\n\t\n      <div class=\"groupe-loop\">\n\t\t\t<section class=\"wpb-content-wrapper\"><p>[vc_row first_background_color=\u00a0\u00bb#5e59ba\u00a0\u00bb second_background_color=\u00a0\u00bb#df5461&Prime; animation_in_type=\u00a0\u00bbtransition.slideRightBigIn\u00a0\u00bb animation_in_offset=\u00a0\u00bb100&Prime; animation_in_duration=\u00a0\u00bb300&Prime; animation_in_delay=\u00a0\u00bb0&Prime; el_class=\u00a0\u00bbgroupe-item\u00a0\u00bb][vc_column width=\u00a0\u00bb1\/4&Prime; el_class=\u00a0\u00bbgroupe-image\u00a0\u00bb][vc_column_text css_animation=\u00a0\u00bbfadeInDown\u00a0\u00bb css=\u00a0\u00bb.vc_custom_1574026613068{border-radius: 5px !important;}\u00a0\u00bb]<a href=\"\/?p=4076\"><img width=\"468\" height=\"468\" src=\"https:\/\/www.festicheyres.ch\/wp-content\/uploads\/2023\/05\/BF2A2118-468x468.jpg\" class=\"attachment-blog-thumb-2 size-blog-thumb-2 wp-post-image\" alt=\"\" decoding=\"async\" loading=\"lazy\" srcset=\"https:\/\/www.festicheyres.ch\/wp-content\/uploads\/2023\/05\/BF2A2118-468x468.jpg 468w, https:\/\/www.festicheyres.ch\/wp-content\/uploads\/2023\/05\/BF2A2118-150x150.jpg 150w, https:\/\/www.festicheyres.ch\/wp-content\/uploads\/2023\/05\/BF2A2118-scaled-266x266.jpg 266w\" sizes=\"(max-width: 468px) 100vw, 468px\" \/><\/a>[\/vc_column_text][\/vc_column][vc_column width=\u00a0\u00bb3\/4&Prime; el_class=\u00a0\u00bbgroupe-infos\u00a0\u00bb][vc_column_text css=\u00a0\u00bb.vc_custom_1574115516333{border-top-width: 3px !important;border-right-width: 3px !important;border-bottom-width: 3px !important;border-left-width: 3px !important;background: #df5461 url(https:\/\/www.festicheyres.ch\/wp-content\/uploads\/2019\/02\/IMG_0946.jpg?id=1615) !important;background-position: center !important;background-repeat: no-repeat !important;background-size: cover !important;border-left-color: #000000 !important;border-left-style: solid !important;border-right-color: #000000 !important;border-right-style: solid !important;border-top-color: #000000 !important;border-top-style: solid !important;border-bottom-color: #000000 !important;border-bottom-style: solid !important;}\u00a0\u00bb]<\/p>\n<h2><a href=\"https:\/\/www.festicheyres.ch\/groupe\/middle-child\/\">Middle Child<\/a><\/h2>\n<p>[\/vc_column_text][vc_column_text]\n\n\n<div id=\"wpv-view-layout-75-CPID4076\" class=\"js-wpv-view-layout js-wpv-layout-responsive js-wpv-view-layout-75-CPID4076\" data-viewnumber=\"75-CPID4076\" data-pagination=\"{&quot;id&quot;:&quot;75&quot;,&quot;query&quot;:&quot;normal&quot;,&quot;type&quot;:&quot;disabled&quot;,&quot;effect&quot;:&quot;fade&quot;,&quot;duration&quot;:500,&quot;speed&quot;:5,&quot;pause_on_hover&quot;:&quot;disabled&quot;,&quot;stop_rollover&quot;:&quot;false&quot;,&quot;cache_pages&quot;:&quot;enabled&quot;,&quot;preload_images&quot;:&quot;enabled&quot;,&quot;preload_pages&quot;:&quot;enabled&quot;,&quot;preload_reach&quot;:1,&quot;spinner&quot;:&quot;builtin&quot;,&quot;spinner_image&quot;:&quot;https:\/\/projet2020.festicheyres.ch\/wp-content\/plugins\/wp-views\/embedded\/res\/img\/ajax-loader.gif&quot;,&quot;callback_next&quot;:&quot;&quot;,&quot;manage_history&quot;:&quot;disabled&quot;,&quot;has_controls_in_form&quot;:&quot;disabled&quot;,&quot;infinite_tolerance&quot;:&quot;0&quot;,&quot;max_pages&quot;:0,&quot;page&quot;:1,&quot;base_permalink&quot;:&quot;\/wp-json\/wp\/v2\/pages\/2045?wpv_view_count=75-CPID4076&amp;wpv_paged=WPV_PAGE_NUM&quot;,&quot;loop&quot;:{&quot;type&quot;:&quot;&quot;,&quot;name&quot;:&quot;&quot;,&quot;data&quot;:&#091;&#093;,&quot;id&quot;:0}}\" data-permalink=\"\/wp-json\/wp\/v2\/pages\/2045?wpv_view_count=75-CPID4076\">\n\n\t\n\t\n\t<!-- <h4>Concerts<\/h4> -->\n\t<!-- <ul class=\"wpv-loop js-wpv-loop\"> -->\n\t\t \n\t\t\t<!-- <li> -->\n              <p class=\"info-concert\">ven. 7 juillet 2023 |  18:00  |  Sc\u00e8ne des arbres <p>\n          \t<!-- <\/li> -->\n\t\t\n\t<!-- <\/ul> -->\n\t\n\t\n\t\n<\/div>\n[\/vc_column_text][vc_column_text]<strong>Indie-Rock<\/strong> (Nantes, France)[\/vc_column_text][vc_column_text]<strong>\u00a0<\/strong>D\u00e9part en douceur[\/vc_column_text][vc_column_text]<a href=\"https:\/\/www.festicheyres.ch\/groupe\/middle-child\/\">Voir le groupe&#8230;<\/a>[\/vc_column_text][\/vc_column][\/vc_row]<\/p>\n<\/section>\n      <\/div>\n\t\n      <div class=\"groupe-loop\">\n\t\t\t<section class=\"wpb-content-wrapper\"><p>[vc_row first_background_color=\u00a0\u00bb#5e59ba\u00a0\u00bb second_background_color=\u00a0\u00bb#df5461&Prime; animation_in_type=\u00a0\u00bbtransition.slideRightBigIn\u00a0\u00bb animation_in_offset=\u00a0\u00bb100&Prime; animation_in_duration=\u00a0\u00bb300&Prime; animation_in_delay=\u00a0\u00bb0&Prime; el_class=\u00a0\u00bbgroupe-item\u00a0\u00bb][vc_column width=\u00a0\u00bb1\/4&Prime; el_class=\u00a0\u00bbgroupe-image\u00a0\u00bb][vc_column_text css_animation=\u00a0\u00bbfadeInDown\u00a0\u00bb css=\u00a0\u00bb.vc_custom_1574026613068{border-radius: 5px !important;}\u00a0\u00bb]<a href=\"\/?p=4082\"><img width=\"468\" height=\"468\" src=\"https:\/\/www.festicheyres.ch\/wp-content\/uploads\/2023\/05\/217873966_1860239167491927_1642809599214196441_n-468x468.jpg\" class=\"attachment-blog-thumb-2 size-blog-thumb-2 wp-post-image\" alt=\"\" decoding=\"async\" loading=\"lazy\" srcset=\"https:\/\/www.festicheyres.ch\/wp-content\/uploads\/2023\/05\/217873966_1860239167491927_1642809599214196441_n-468x468.jpg 468w, https:\/\/www.festicheyres.ch\/wp-content\/uploads\/2023\/05\/217873966_1860239167491927_1642809599214196441_n-150x150.jpg 150w, https:\/\/www.festicheyres.ch\/wp-content\/uploads\/2023\/05\/217873966_1860239167491927_1642809599214196441_n-266x266.jpg 266w, https:\/\/www.festicheyres.ch\/wp-content\/uploads\/2023\/05\/217873966_1860239167491927_1642809599214196441_n-220x220.jpg 220w\" sizes=\"(max-width: 468px) 100vw, 468px\" \/><\/a>[\/vc_column_text][\/vc_column][vc_column width=\u00a0\u00bb3\/4&Prime; el_class=\u00a0\u00bbgroupe-infos\u00a0\u00bb][vc_column_text css=\u00a0\u00bb.vc_custom_1574115516333{border-top-width: 3px !important;border-right-width: 3px !important;border-bottom-width: 3px !important;border-left-width: 3px !important;background: #df5461 url(https:\/\/www.festicheyres.ch\/wp-content\/uploads\/2019\/02\/IMG_0946.jpg?id=1615) !important;background-position: center !important;background-repeat: no-repeat !important;background-size: cover !important;border-left-color: #000000 !important;border-left-style: solid !important;border-right-color: #000000 !important;border-right-style: solid !important;border-top-color: #000000 !important;border-top-style: solid !important;border-bottom-color: #000000 !important;border-bottom-style: solid !important;}\u00a0\u00bb]<\/p>\n<h2><a href=\"https:\/\/www.festicheyres.ch\/groupe\/jean-michel\/\">Jean-Michel<\/a><\/h2>\n<p>[\/vc_column_text][vc_column_text]\n\n\n<div id=\"wpv-view-layout-75-CPID4082\" class=\"js-wpv-view-layout js-wpv-layout-responsive js-wpv-view-layout-75-CPID4082\" data-viewnumber=\"75-CPID4082\" data-pagination=\"{&quot;id&quot;:&quot;75&quot;,&quot;query&quot;:&quot;normal&quot;,&quot;type&quot;:&quot;disabled&quot;,&quot;effect&quot;:&quot;fade&quot;,&quot;duration&quot;:500,&quot;speed&quot;:5,&quot;pause_on_hover&quot;:&quot;disabled&quot;,&quot;stop_rollover&quot;:&quot;false&quot;,&quot;cache_pages&quot;:&quot;enabled&quot;,&quot;preload_images&quot;:&quot;enabled&quot;,&quot;preload_pages&quot;:&quot;enabled&quot;,&quot;preload_reach&quot;:1,&quot;spinner&quot;:&quot;builtin&quot;,&quot;spinner_image&quot;:&quot;https:\/\/projet2020.festicheyres.ch\/wp-content\/plugins\/wp-views\/embedded\/res\/img\/ajax-loader.gif&quot;,&quot;callback_next&quot;:&quot;&quot;,&quot;manage_history&quot;:&quot;disabled&quot;,&quot;has_controls_in_form&quot;:&quot;disabled&quot;,&quot;infinite_tolerance&quot;:&quot;0&quot;,&quot;max_pages&quot;:0,&quot;page&quot;:1,&quot;base_permalink&quot;:&quot;\/wp-json\/wp\/v2\/pages\/2045?wpv_view_count=75-CPID4082&amp;wpv_paged=WPV_PAGE_NUM&quot;,&quot;loop&quot;:{&quot;type&quot;:&quot;&quot;,&quot;name&quot;:&quot;&quot;,&quot;data&quot;:&#091;&#093;,&quot;id&quot;:0}}\" data-permalink=\"\/wp-json\/wp\/v2\/pages\/2045?wpv_view_count=75-CPID4082\">\n\n\t\n\t\n\t<!-- <h4>Concerts<\/h4> -->\n\t<!-- <ul class=\"wpv-loop js-wpv-loop\"> -->\n\t\t \n\t\t\t<!-- <li> -->\n              <p class=\"info-concert\">ven. 7 juillet 2023 |  22:20  |  Sc\u00e8ne des arbres <p>\n          \t<!-- <\/li> -->\n\t\t\n\t<!-- <\/ul> -->\n\t\n\t\n\t\n<\/div>\n[\/vc_column_text][vc_column_text]<strong>Punk<\/strong> (Fribourg)[\/vc_column_text][vc_column_text]<strong>\u00a0<\/strong>S.u.p.e.r v.i.t.e m.\u00e9.g.a b.i.e.n[\/vc_column_text][vc_column_text]<a href=\"https:\/\/www.festicheyres.ch\/groupe\/jean-michel\/\">Voir le groupe&#8230;<\/a>[\/vc_column_text][\/vc_column][\/vc_row]<\/p>\n<\/section>\n      <\/div>\n\t\n      <div class=\"groupe-loop\">\n\t\t\t<section class=\"wpb-content-wrapper\"><p>[vc_row first_background_color=\u00a0\u00bb#5e59ba\u00a0\u00bb second_background_color=\u00a0\u00bb#df5461&Prime; animation_in_type=\u00a0\u00bbtransition.slideRightBigIn\u00a0\u00bb animation_in_offset=\u00a0\u00bb100&Prime; animation_in_duration=\u00a0\u00bb300&Prime; animation_in_delay=\u00a0\u00bb0&Prime; el_class=\u00a0\u00bbgroupe-item\u00a0\u00bb][vc_column width=\u00a0\u00bb1\/4&Prime; el_class=\u00a0\u00bbgroupe-image\u00a0\u00bb][vc_column_text css_animation=\u00a0\u00bbfadeInDown\u00a0\u00bb css=\u00a0\u00bb.vc_custom_1574026613068{border-radius: 5px !important;}\u00a0\u00bb]<a href=\"\/?p=4112\"><img width=\"468\" height=\"468\" src=\"https:\/\/www.festicheyres.ch\/wp-content\/uploads\/2023\/05\/Mini-bubbles_FDD-Fribourg-2022_319_BD_\u00a9-Etienne-Francey-Fete-de-la-Danse-Fribourg-2048x1366-1-468x468.jpg\" class=\"attachment-blog-thumb-2 size-blog-thumb-2 wp-post-image\" alt=\"\" decoding=\"async\" loading=\"lazy\" srcset=\"https:\/\/www.festicheyres.ch\/wp-content\/uploads\/2023\/05\/Mini-bubbles_FDD-Fribourg-2022_319_BD_\u00a9-Etienne-Francey-Fete-de-la-Danse-Fribourg-2048x1366-1-468x468.jpg 468w, https:\/\/www.festicheyres.ch\/wp-content\/uploads\/2023\/05\/Mini-bubbles_FDD-Fribourg-2022_319_BD_\u00a9-Etienne-Francey-Fete-de-la-Danse-Fribourg-2048x1366-1-150x150.jpg 150w, https:\/\/www.festicheyres.ch\/wp-content\/uploads\/2023\/05\/Mini-bubbles_FDD-Fribourg-2022_319_BD_\u00a9-Etienne-Francey-Fete-de-la-Danse-Fribourg-2048x1366-1-266x266.jpg 266w, https:\/\/www.festicheyres.ch\/wp-content\/uploads\/2023\/05\/Mini-bubbles_FDD-Fribourg-2022_319_BD_\u00a9-Etienne-Francey-Fete-de-la-Danse-Fribourg-2048x1366-1-220x220.jpg 220w\" sizes=\"(max-width: 468px) 100vw, 468px\" \/><\/a>[\/vc_column_text][\/vc_column][vc_column width=\u00a0\u00bb3\/4&Prime; el_class=\u00a0\u00bbgroupe-infos\u00a0\u00bb][vc_column_text css=\u00a0\u00bb.vc_custom_1574115516333{border-top-width: 3px !important;border-right-width: 3px !important;border-bottom-width: 3px !important;border-left-width: 3px !important;background: #df5461 url(https:\/\/www.festicheyres.ch\/wp-content\/uploads\/2019\/02\/IMG_0946.jpg?id=1615) !important;background-position: center !important;background-repeat: no-repeat !important;background-size: cover !important;border-left-color: #000000 !important;border-left-style: solid !important;border-right-color: #000000 !important;border-right-style: solid !important;border-top-color: #000000 !important;border-top-style: solid !important;border-bottom-color: #000000 !important;border-bottom-style: solid !important;}\u00a0\u00bb]<\/p>\n<h2><a href=\"https:\/\/www.festicheyres.ch\/groupe\/mini-bubbles\/\">Mini Bubbles<\/a><\/h2>\n<p>[\/vc_column_text][vc_column_text]\n\n\n<div id=\"wpv-view-layout-75-CPID4112\" class=\"js-wpv-view-layout js-wpv-layout-responsive js-wpv-view-layout-75-CPID4112\" data-viewnumber=\"75-CPID4112\" data-pagination=\"{&quot;id&quot;:&quot;75&quot;,&quot;query&quot;:&quot;normal&quot;,&quot;type&quot;:&quot;disabled&quot;,&quot;effect&quot;:&quot;fade&quot;,&quot;duration&quot;:500,&quot;speed&quot;:5,&quot;pause_on_hover&quot;:&quot;disabled&quot;,&quot;stop_rollover&quot;:&quot;false&quot;,&quot;cache_pages&quot;:&quot;enabled&quot;,&quot;preload_images&quot;:&quot;enabled&quot;,&quot;preload_pages&quot;:&quot;enabled&quot;,&quot;preload_reach&quot;:1,&quot;spinner&quot;:&quot;builtin&quot;,&quot;spinner_image&quot;:&quot;https:\/\/projet2020.festicheyres.ch\/wp-content\/plugins\/wp-views\/embedded\/res\/img\/ajax-loader.gif&quot;,&quot;callback_next&quot;:&quot;&quot;,&quot;manage_history&quot;:&quot;disabled&quot;,&quot;has_controls_in_form&quot;:&quot;disabled&quot;,&quot;infinite_tolerance&quot;:&quot;0&quot;,&quot;max_pages&quot;:0,&quot;page&quot;:1,&quot;base_permalink&quot;:&quot;\/wp-json\/wp\/v2\/pages\/2045?wpv_view_count=75-CPID4112&amp;wpv_paged=WPV_PAGE_NUM&quot;,&quot;loop&quot;:{&quot;type&quot;:&quot;&quot;,&quot;name&quot;:&quot;&quot;,&quot;data&quot;:&#091;&#093;,&quot;id&quot;:0}}\" data-permalink=\"\/wp-json\/wp\/v2\/pages\/2045?wpv_view_count=75-CPID4112\">\n\n\t\n\t\n\t<!-- <h4>Concerts<\/h4> -->\n\t<!-- <ul class=\"wpv-loop js-wpv-loop\"> -->\n\t\t \n\t\t\t<!-- <li> -->\n              <p class=\"info-concert\">dim. 9 juillet 2023 |  10:30  |  Le Parterre <p>\n          \t<!-- <\/li> -->\n\t\t \n\t\t\t<!-- <li> -->\n              <p class=\"info-concert\">dim. 9 juillet 2023 |  13:00  |  Le Parterre <p>\n          \t<!-- <\/li> -->\n\t\t \n\t\t\t<!-- <li> -->\n              <p class=\"info-concert\">dim. 9 juillet 2023 |  14:30  |  Le Parterre <p>\n          \t<!-- <\/li> -->\n\t\t \n\t\t\t<!-- <li> -->\n              <p class=\"info-concert\">dim. 9 juillet 2023 |  16:00  |  Le Parterre <p>\n          \t<!-- <\/li> -->\n\t\t\n\t<!-- <\/ul> -->\n\t\n\t\n\t\n<\/div>\n[\/vc_column_text][vc_column_text]<strong>Danse<\/strong> (Fribourg)[\/vc_column_text][vc_column_text]<strong>\u00a0<\/strong>Casques aux oreilles, entrez dans la danse ![\/vc_column_text][vc_column_text]<a href=\"https:\/\/www.festicheyres.ch\/groupe\/mini-bubbles\/\">Voir le groupe&#8230;<\/a>[\/vc_column_text][\/vc_column][\/vc_row]<\/p>\n<\/section>\n      <\/div>\n\t\n      <div class=\"groupe-loop\">\n\t\t\t<section class=\"wpb-content-wrapper\"><p>[vc_row first_background_color=\u00a0\u00bb#5e59ba\u00a0\u00bb second_background_color=\u00a0\u00bb#df5461&Prime; animation_in_type=\u00a0\u00bbtransition.slideRightBigIn\u00a0\u00bb animation_in_offset=\u00a0\u00bb100&Prime; animation_in_duration=\u00a0\u00bb300&Prime; animation_in_delay=\u00a0\u00bb0&Prime; el_class=\u00a0\u00bbgroupe-item\u00a0\u00bb][vc_column width=\u00a0\u00bb1\/4&Prime; el_class=\u00a0\u00bbgroupe-image\u00a0\u00bb][vc_column_text css_animation=\u00a0\u00bbfadeInDown\u00a0\u00bb css=\u00a0\u00bb.vc_custom_1574026613068{border-radius: 5px !important;}\u00a0\u00bb]<a href=\"\/?p=3329\"><img width=\"468\" height=\"468\" src=\"https:\/\/www.festicheyres.ch\/wp-content\/uploads\/2022\/05\/Selection_Artistes_Dimanche_11.07.2021_Helene-Millasson_LnPixElle-Photography-4-468x468.jpg\" class=\"attachment-blog-thumb-2 size-blog-thumb-2 wp-post-image\" alt=\"\" decoding=\"async\" loading=\"lazy\" srcset=\"https:\/\/www.festicheyres.ch\/wp-content\/uploads\/2022\/05\/Selection_Artistes_Dimanche_11.07.2021_Helene-Millasson_LnPixElle-Photography-4-468x468.jpg 468w, https:\/\/www.festicheyres.ch\/wp-content\/uploads\/2022\/05\/Selection_Artistes_Dimanche_11.07.2021_Helene-Millasson_LnPixElle-Photography-4-150x150.jpg 150w, https:\/\/www.festicheyres.ch\/wp-content\/uploads\/2022\/05\/Selection_Artistes_Dimanche_11.07.2021_Helene-Millasson_LnPixElle-Photography-4-266x266.jpg 266w, https:\/\/www.festicheyres.ch\/wp-content\/uploads\/2022\/05\/Selection_Artistes_Dimanche_11.07.2021_Helene-Millasson_LnPixElle-Photography-4-220x220.jpg 220w\" sizes=\"(max-width: 468px) 100vw, 468px\" \/><\/a>[\/vc_column_text][\/vc_column][vc_column width=\u00a0\u00bb3\/4&Prime; el_class=\u00a0\u00bbgroupe-infos\u00a0\u00bb][vc_column_text css=\u00a0\u00bb.vc_custom_1574115516333{border-top-width: 3px !important;border-right-width: 3px !important;border-bottom-width: 3px !important;border-left-width: 3px !important;background: #df5461 url(https:\/\/www.festicheyres.ch\/wp-content\/uploads\/2019\/02\/IMG_0946.jpg?id=1615) !important;background-position: center !important;background-repeat: no-repeat !important;background-size: cover !important;border-left-color: #000000 !important;border-left-style: solid !important;border-right-color: #000000 !important;border-right-style: solid !important;border-top-color: #000000 !important;border-top-style: solid !important;border-bottom-color: #000000 !important;border-bottom-style: solid !important;}\u00a0\u00bb]<\/p>\n<h2><a href=\"https:\/\/www.festicheyres.ch\/groupe\/concert-des-eleves\/\">Concert des \u00e9l\u00e8ves<\/a><\/h2>\n<p>[\/vc_column_text][vc_column_text]\n\n\n<div id=\"wpv-view-layout-75-CPID3329\" class=\"js-wpv-view-layout js-wpv-layout-responsive js-wpv-view-layout-75-CPID3329\" data-viewnumber=\"75-CPID3329\" data-pagination=\"{&quot;id&quot;:&quot;75&quot;,&quot;query&quot;:&quot;normal&quot;,&quot;type&quot;:&quot;disabled&quot;,&quot;effect&quot;:&quot;fade&quot;,&quot;duration&quot;:500,&quot;speed&quot;:5,&quot;pause_on_hover&quot;:&quot;disabled&quot;,&quot;stop_rollover&quot;:&quot;false&quot;,&quot;cache_pages&quot;:&quot;enabled&quot;,&quot;preload_images&quot;:&quot;enabled&quot;,&quot;preload_pages&quot;:&quot;enabled&quot;,&quot;preload_reach&quot;:1,&quot;spinner&quot;:&quot;builtin&quot;,&quot;spinner_image&quot;:&quot;https:\/\/projet2020.festicheyres.ch\/wp-content\/plugins\/wp-views\/embedded\/res\/img\/ajax-loader.gif&quot;,&quot;callback_next&quot;:&quot;&quot;,&quot;manage_history&quot;:&quot;disabled&quot;,&quot;has_controls_in_form&quot;:&quot;disabled&quot;,&quot;infinite_tolerance&quot;:&quot;0&quot;,&quot;max_pages&quot;:0,&quot;page&quot;:1,&quot;base_permalink&quot;:&quot;\/wp-json\/wp\/v2\/pages\/2045?wpv_view_count=75-CPID3329&amp;wpv_paged=WPV_PAGE_NUM&quot;,&quot;loop&quot;:{&quot;type&quot;:&quot;&quot;,&quot;name&quot;:&quot;&quot;,&quot;data&quot;:&#091;&#093;,&quot;id&quot;:0}}\" data-permalink=\"\/wp-json\/wp\/v2\/pages\/2045?wpv_view_count=75-CPID3329\">\n\n\t\n\t\n\t<!-- <h4>Concerts<\/h4> -->\n\t<!-- <ul class=\"wpv-loop js-wpv-loop\"> -->\n\t\t \n\t\t\t<!-- <li> -->\n              <p class=\"info-concert\">dim. 9 juillet 2023 |  11:00  |  Sc\u00e8ne des arbres <p>\n          \t<!-- <\/li> -->\n\t\t\n\t<!-- <\/ul> -->\n\t\n\t\n\t\n<\/div>\n[\/vc_column_text][vc_column_text]<strong>Tout style<\/strong> (Suisse \/ FR)[\/vc_column_text][vc_column_text]<strong>\u00a0<\/strong>Une arm\u00e9e de talent[\/vc_column_text][vc_column_text]<a href=\"https:\/\/www.festicheyres.ch\/groupe\/concert-des-eleves\/\">Voir le groupe&#8230;<\/a>[\/vc_column_text][\/vc_column][\/vc_row]<\/p>\n<\/section>\n      <\/div>\n\t\n      <div class=\"groupe-loop\">\n\t\t\t<section class=\"wpb-content-wrapper\"><p>[vc_row first_background_color=\u00a0\u00bb#5e59ba\u00a0\u00bb second_background_color=\u00a0\u00bb#df5461&Prime; animation_in_type=\u00a0\u00bbtransition.slideRightBigIn\u00a0\u00bb animation_in_offset=\u00a0\u00bb100&Prime; animation_in_duration=\u00a0\u00bb300&Prime; animation_in_delay=\u00a0\u00bb0&Prime; el_class=\u00a0\u00bbgroupe-item\u00a0\u00bb][vc_column width=\u00a0\u00bb1\/4&Prime; el_class=\u00a0\u00bbgroupe-image\u00a0\u00bb][vc_column_text css_animation=\u00a0\u00bbfadeInDown\u00a0\u00bb css=\u00a0\u00bb.vc_custom_1574026613068{border-radius: 5px !important;}\u00a0\u00bb]<a href=\"\/?p=4485\"><img width=\"468\" height=\"468\" src=\"https:\/\/www.festicheyres.ch\/wp-content\/uploads\/2023\/07\/Si-Wey-neutre-468x468.png\" class=\"attachment-blog-thumb-2 size-blog-thumb-2 wp-post-image\" alt=\"\" decoding=\"async\" loading=\"lazy\" srcset=\"https:\/\/www.festicheyres.ch\/wp-content\/uploads\/2023\/07\/Si-Wey-neutre-468x468.png 468w, https:\/\/www.festicheyres.ch\/wp-content\/uploads\/2023\/07\/Si-Wey-neutre-150x150.png 150w, https:\/\/www.festicheyres.ch\/wp-content\/uploads\/2023\/07\/Si-Wey-neutre-266x266.png 266w\" sizes=\"(max-width: 468px) 100vw, 468px\" \/><\/a>[\/vc_column_text][\/vc_column][vc_column width=\u00a0\u00bb3\/4&Prime; el_class=\u00a0\u00bbgroupe-infos\u00a0\u00bb][vc_column_text css=\u00a0\u00bb.vc_custom_1574115516333{border-top-width: 3px !important;border-right-width: 3px !important;border-bottom-width: 3px !important;border-left-width: 3px !important;background: #df5461 url(https:\/\/www.festicheyres.ch\/wp-content\/uploads\/2019\/02\/IMG_0946.jpg?id=1615) !important;background-position: center !important;background-repeat: no-repeat !important;background-size: cover !important;border-left-color: #000000 !important;border-left-style: solid !important;border-right-color: #000000 !important;border-right-style: solid !important;border-top-color: #000000 !important;border-top-style: solid !important;border-bottom-color: #000000 !important;border-bottom-style: solid !important;}\u00a0\u00bb]<\/p>\n<h2><a href=\"https:\/\/www.festicheyres.ch\/groupe\/compagnie-patachon\/\">Compagnie Patachon<\/a><\/h2>\n<p>[\/vc_column_text][vc_column_text]\n\n\n<div id=\"wpv-view-layout-75-CPID4485\" class=\"js-wpv-view-layout js-wpv-layout-responsive js-wpv-view-layout-75-CPID4485\" data-viewnumber=\"75-CPID4485\" data-pagination=\"{&quot;id&quot;:&quot;75&quot;,&quot;query&quot;:&quot;normal&quot;,&quot;type&quot;:&quot;disabled&quot;,&quot;effect&quot;:&quot;fade&quot;,&quot;duration&quot;:500,&quot;speed&quot;:5,&quot;pause_on_hover&quot;:&quot;disabled&quot;,&quot;stop_rollover&quot;:&quot;false&quot;,&quot;cache_pages&quot;:&quot;enabled&quot;,&quot;preload_images&quot;:&quot;enabled&quot;,&quot;preload_pages&quot;:&quot;enabled&quot;,&quot;preload_reach&quot;:1,&quot;spinner&quot;:&quot;builtin&quot;,&quot;spinner_image&quot;:&quot;https:\/\/projet2020.festicheyres.ch\/wp-content\/plugins\/wp-views\/embedded\/res\/img\/ajax-loader.gif&quot;,&quot;callback_next&quot;:&quot;&quot;,&quot;manage_history&quot;:&quot;disabled&quot;,&quot;has_controls_in_form&quot;:&quot;disabled&quot;,&quot;infinite_tolerance&quot;:&quot;0&quot;,&quot;max_pages&quot;:0,&quot;page&quot;:1,&quot;base_permalink&quot;:&quot;\/wp-json\/wp\/v2\/pages\/2045?wpv_view_count=75-CPID4485&amp;wpv_paged=WPV_PAGE_NUM&quot;,&quot;loop&quot;:{&quot;type&quot;:&quot;&quot;,&quot;name&quot;:&quot;&quot;,&quot;data&quot;:&#091;&#093;,&quot;id&quot;:0}}\" data-permalink=\"\/wp-json\/wp\/v2\/pages\/2045?wpv_view_count=75-CPID4485\">\n\n\t\n\t\n\t<!-- <h4>Concerts<\/h4> -->\n\t<!-- <ul class=\"wpv-loop js-wpv-loop\"> -->\n\t\t \n\t\t\t<!-- <li> -->\n              <p class=\"info-concert\">sam. 8 juillet 2023 |  13:30  |  Le Parterre <p>\n          \t<!-- <\/li> -->\n\t\t \n\t\t\t<!-- <li> -->\n              <p class=\"info-concert\">sam. 8 juillet 2023 |  17:30  |  Le Parterre <p>\n          \t<!-- <\/li> -->\n\t\t\n\t<!-- <\/ul> -->\n\t\n\t\n\t\n<\/div>\n[\/vc_column_text][vc_column_text]<strong>Jonglage<\/strong> (Bienne - Jura Bernois)[\/vc_column_text][vc_column_text]<strong>\u00a0<\/strong>La Compagnie Patachon[\/vc_column_text][vc_column_text]<a href=\"https:\/\/www.festicheyres.ch\/groupe\/compagnie-patachon\/\">Voir le groupe&#8230;<\/a>[\/vc_column_text][\/vc_column][\/vc_row]<\/p>\n<\/section>\n      <\/div>\n\t\n\t\n\t\n\t\n<\/div>\n[\/vc_column_text][\/vc_column][\/vc_row][vc_row disable_element=\u00a0\u00bbyes\u00a0\u00bb][vc_column][vc_column_text]<\/p>\n<h1 style=\"text-align: center;\">Les groupes<\/h1>\n<p style=\"text-align: center;\"><strong>La prog&rsquo; 2023 sortira tr\u00e8s tr\u00e8s prochainement !<\/strong><\/p>\n<p style=\"text-align: center;\">Le 16e va tout d\u00e9chirer,<br \/>\nBisou<\/p>\n<p>[\/vc_column_text][\/vc_column][\/vc_row][vc_row disable_element=\u00a0\u00bbyes\u00a0\u00bb][vc_column][vc_single_image image=\u00a0\u00bb4148&Prime; img_size=\u00a0\u00bblarge\u00a0\u00bb alignment=\u00a0\u00bbcenter\u00a0\u00bb][vc_single_image image=\u00a0\u00bb4149&Prime; img_size=\u00a0\u00bblarge\u00a0\u00bb alignment=\u00a0\u00bbcenter\u00a0\u00bb][\/vc_column][\/vc_row]<\/p>\n<\/section>","protected":false},"excerpt":{"rendered":"<p>[vc_row][vc_column][vc_column_text] Les groupes [\/vc_column_text][vc_column_text][\/vc_column_text][\/vc_column][\/vc_row][vc_row disable_element=\u00a0\u00bbyes\u00a0\u00bb][vc_column][vc_column_text] Les groupes La prog&rsquo; 2023 sortira tr\u00e8s tr\u00e8s prochainement ! Le 16e va tout d\u00e9chirer, Bisou [\/vc_column_text][\/vc_column][\/vc_row][vc_row disable_element=\u00a0\u00bbyes\u00a0\u00bb][vc_column][vc_single_image image=\u00a0\u00bb4148&Prime; img_size=\u00a0\u00bblarge\u00a0\u00bb alignment=\u00a0\u00bbcenter\u00a0\u00bb][vc_single_image image=\u00a0\u00bb4149&Prime; img_size=\u00a0\u00bblarge\u00a0\u00bb alignment=\u00a0\u00bbcenter\u00a0\u00bb][\/vc_column][\/vc_row]<\/p>\n","protected":false},"author":1,"featured_media":0,"parent":91,"menu_order":2,"comment_status":"closed","ping_status":"closed","template":"","meta":[],"acf":[],"_links":{"self":[{"href":"https:\/\/www.festicheyres.ch\/wp-json\/wp\/v2\/pages\/2045"}],"collection":[{"href":"https:\/\/www.festicheyres.ch\/wp-json\/wp\/v2\/pages"}],"about":[{"href":"https:\/\/www.festicheyres.ch\/wp-json\/wp\/v2\/types\/page"}],"author":[{"embeddable":true,"href":"https:\/\/www.festicheyres.ch\/wp-json\/wp\/v2\/users\/1"}],"replies":[{"embeddable":true,"href":"https:\/\/www.festicheyres.ch\/wp-json\/wp\/v2\/comments?post=2045"}],"version-history":[{"count":31,"href":"https:\/\/www.festicheyres.ch\/wp-json\/wp\/v2\/pages\/2045\/revisions"}],"predecessor-version":[{"id":4316,"href":"https:\/\/www.festicheyres.ch\/wp-json\/wp\/v2\/pages\/2045\/revisions\/4316"}],"up":[{"embeddable":true,"href":"https:\/\/www.festicheyres.ch\/wp-json\/wp\/v2\/pages\/91"}],"wp:attachment":[{"href":"https:\/\/www.festicheyres.ch\/wp-json\/wp\/v2\/media?parent=2045"}],"curies":[{"name":"wp","href":"https:\/\/api.w.org\/{rel}","templated":true}]}}