{"id":8,"date":"2018-11-11T23:28:00","date_gmt":"2018-11-11T22:28:00","guid":{"rendered":"https:\/\/projet2020.festicheyres.ch\/?page_id=8"},"modified":"2022-07-14T18:01:38","modified_gmt":"2022-07-14T16:01:38","slug":"festival","status":"publish","type":"page","link":"https:\/\/www.festicheyres.ch\/","title":{"rendered":"Festival"},"content":{"rendered":"<p>[vc_row disable_element=\u00a0\u00bbyes\u00a0\u00bb][vc_column][vc_column_text][rev_slider_vc alias=\u00a0\u00bbaccueil-video\u00a0\u00bb][\/vc_column_text][\/vc_column][\/vc_row][vc_row disable_element=\u00a0\u00bbyes\u00a0\u00bb][vc_column][vc_posts_slider count=\u00a0\u00bb15&Prime; interval=\u00a0\u00bb3&Prime; thumb_size=\u00a0\u00bb1000&#215;300&Prime; orderby=\u00a0\u00bbrand\u00a0\u00bb posttypes=\u00a0\u00bbgroupe\u00a0\u00bb categories=\u00a0\u00bb2022&Prime;][\/vc_column][\/vc_row][vc_row][vc_column][vc_column_text][\/vc_column_text][\/vc_column][\/vc_row][vc_row el_id=\u00a0\u00bbPremiere-position\u00a0\u00bb][vc_column width=\u00a0\u00bb2\/3&Prime;][vc_column_text css_animation=\u00a0\u00bbfadeInLeft\u00a0\u00bb]<\/p>\n<h2>15e Festi&rsquo;Cheyres | 7-8-9-10 juillet !<\/h2>\n<p><strong>Festi\u2019Cheyres soufflera ses quinze bougies, les 7, 8, 9 et 10 juillet prochain ! 24 formations d\u2019univers tr\u00e8s diff\u00e9rents viendront mettre le feu \u00e0 la plage pour c\u00e9l\u00e9brer cet anniversaire. Une \u00e9dition qui promet d\u00e9j\u00e0 d\u2019\u00eatre festive et haute en couleurs !<\/strong><\/p>\n<p>Quinze ans d\u2019existence pour le Plus Gratuit des Incroyables, mais pas de changement \u00e0 la formule magique qui a fait ses preuves : gratuit, 100% b\u00e9n\u00e9vole, toujours les pieds dans l\u2019eau dans le cadre idyllique de la plage de Cheyres. C\u00f4t\u00e9 prog\u2019 le festival met toujours en avant la richesse de la sc\u00e8ne locale avec plus de deux tiers de groupes suisses, m\u00ealant du rock, de la folk, de la chanson, du rap, du funk, de l\u2019afrobeat ou encore de l\u2019\u00e9lectro-pop. Vous retrouverez notamment <a href=\"https:\/\/www.festicheyres.ch\/groupe\/kumbia-boruka\/\">Kumbia Boruka<\/a>, <a href=\"https:\/\/www.festicheyres.ch\/groupe\/deadi\/\">Deadi<\/a>, <a href=\"https:\/\/www.festicheyres.ch\/groupe\/new-york-ska-jazz-ensemble\/\">New York Ska-Jazz Ensemble<\/a>, <a href=\"https:\/\/www.festicheyres.ch\/groupe\/darius\/\">Darius<\/a>, <a href=\"https:\/\/www.festicheyres.ch\/groupe\/professor-wouassa\/\">Professor Wouassa<\/a>, <a href=\"https:\/\/www.festicheyres.ch\/groupe\/sons\/\">SONS<\/a>, <a href=\"https:\/\/www.festicheyres.ch\/groupe\/la-jungle\/\">La Jungle<\/a>, et bien <a href=\"https:\/\/www.festicheyres.ch\/programme\/groupes\/\">d\u2019autres artistes Incroyables<\/a> ![\/vc_column_text][vc_btn title=\u00a0\u00bbTous les groupes 2022&Prime; style=\u00a0\u00bbclassic\u00a0\u00bb shape=\u00a0\u00bbsquare\u00a0\u00bb color=\u00a0\u00bbjuicy-pink\u00a0\u00bb size=\u00a0\u00bblg\u00a0\u00bb align=\u00a0\u00bbcenter\u00a0\u00bb i_icon_fontawesome=\u00a0\u00bbfas fa-headphones\u00a0\u00bb css_animation=\u00a0\u00bbfadeInLeft\u00a0\u00bb add_icon=\u00a0\u00bbtrue\u00a0\u00bb link=\u00a0\u00bburl:https%3A%2F%2Fwww.festicheyres.ch%2Fprogramme%2Fgroupes|title:Les%20Groupes\u00a0\u00bb][\/vc_column][vc_column width=\u00a0\u00bb1\/3&Prime;][vc_single_image image=\u00a0\u00bb3625&Prime; img_size=\u00a0\u00bblarge\u00a0\u00bb onclick=\u00a0\u00bblink_image\u00a0\u00bb css_animation=\u00a0\u00bbfadeInRight\u00a0\u00bb][\/vc_column][\/vc_row][vc_row disable_element=\u00a0\u00bbyes\u00a0\u00bb][vc_column][vc_column_text]<\/p>\n<h2>Objets trouv\u00e9s 2022<\/h2>\n<p>Contactez la responsable b\u00e9n\u00e9voles : Sophie Nidegger, +41 79 342 97 50[\/vc_column_text][vc_column_text]<style id=\"bwg-style-0\">  #bwg_container1_0 {\t\/*visibility: hidden;*\/  }  #bwg_container1_0 * {\t  -moz-user-select: none;\t  -khtml-user-select: none;\t  -webkit-user-select: none;\t  -ms-user-select: none;\t  user-select: none;  }  #bwg_container1_0 #bwg_container2_0 .bwg_slideshow_image_wrap_0 {\t  background-color: #F2F2F2;\t  width: 700px;\t  height: 500px;  }  #bwg_container1_0 #bwg_container2_0 .bwg_slideshow_image_0 {\t  max-width: 700px;\t  max-height: 410px;  }  #bwg_container1_0 #bwg_container2_0 .bwg_slideshow_embed_0 {\twidth: 700px;\theight: 410px;  }  #bwg_container1_0 #bwg_container2_0 #bwg_slideshow_play_pause_0 {\tbackground: transparent url(\"https:\/\/www.festicheyres.ch\/wp-content\/plugins\/photo-gallery\/images\/blank.gif\") repeat scroll 0 0;  }  #bwg_container1_0 #bwg_container2_0 #bwg_slideshow_play_pause-ico_0 {\tcolor: #D6D6D6;\tfont-size: 35px;  }  #bwg_container1_0 #bwg_container2_0 #bwg_slideshow_play_pause-ico_0:hover {\tcolor: #BABABA;  }  #bwg_container1_0 #bwg_container2_0 #spider_slideshow_left_0,  #bwg_container1_0 #bwg_container2_0 #spider_slideshow_right_0 {\tbackground: transparent url(\"https:\/\/www.festicheyres.ch\/wp-content\/plugins\/photo-gallery\/images\/blank.gif\") repeat scroll 0 0;  }  #bwg_container1_0 #bwg_container2_0 #spider_slideshow_left-ico_0,  #bwg_container1_0 #bwg_container2_0 #spider_slideshow_right-ico_0 {\t  background-color: #FFFFFF;\t  border-radius: 20px;\t  border: 0px none #FFFFFF;\t  box-shadow: ;\t  color: #D6D6D6;\t  height: 37px;\t  font-size: 12px;\t  width: 37px;\t  opacity: 1.00;  }  #bwg_container1_0 #bwg_container2_0 #spider_slideshow_left-ico_0:hover,  #bwg_container1_0 #bwg_container2_0 #spider_slideshow_right-ico_0:hover {\t  color: #BABABA;  }      #spider_slideshow_left-ico_0{      left: -9999px;    }    #spider_slideshow_right-ico_0{      left: -9999px;    }      #bwg_container1_0 #bwg_container2_0 .bwg_slideshow_image_container_0 {\t  bottom: 90px;\t  width: 700px;\t  height: 500px;\t  }\t  #bwg_container1_0 #bwg_container2_0 .bwg_slideshow_filmstrip_container_0 {\t  display: table;\t  height: 90px;\t  width: 700px;\t  bottom: 0;  }  #bwg_container1_0 #bwg_container2_0 .bwg_slideshow_filmstrip_0 {\t  left: 20px;\t  width: 660px;\t  \/*z-index: 10106;*\/  }  #bwg_container1_0 #bwg_container2_0 .bwg_slideshow_filmstrip_thumbnails_0 {\t  height: 90px;\t  left: 0px;\t  width: 5053px;  }  #bwg_container1_0 #bwg_container2_0 .bwg_slideshow_filmstrip_thumbnail_0 {\t  border: 0px none #000000;\t  border-radius: 0;\t  height: 90px;\t  margin: 0px 2px 0 0 ;\t  width: 161px;  }  #bwg_container1_0 #bwg_container2_0 .bwg_slideshow_thumb_active_0 {\t  border: 0px solid #FFFFFF;  }  #bwg_container1_0 #bwg_container2_0 .bwg_slideshow_thumb_deactive_0 {    opacity: 1.00;  }  #bwg_container1_0 #bwg_container2_0 .bwg_slideshow_filmstrip_left_0 {\t  background-color: #F2F2F2;\t  display: table-cell;\t  width: 20px;\t  left: 0;\t  \t    }  #bwg_container1_0 #bwg_container2_0 .bwg_slideshow_filmstrip_right_0 {\t  background-color: #F2F2F2;\t  right: 0;\t  width: 20px;\t  display: table-cell;\t  \t    }  #bwg_container1_0 #bwg_container2_0 .bwg_slideshow_filmstrip_left_0 i,  #bwg_container1_0 #bwg_container2_0 .bwg_slideshow_filmstrip_right_0 i {\t  color: #BABABA;\t  font-size: 20px;  }  #bwg_container1_0 #bwg_container2_0 .bwg_slideshow_watermark_spun_0 {\t  text-align: right;\t  vertical-align: bottom;  }  #bwg_container1_0 #bwg_container2_0 .bwg_slideshow_title_spun_0 {\t  text-align: right;\t  vertical-align: top;  }  #bwg_container1_0 #bwg_container2_0 .bwg_slideshow_description_spun_0 {\t  text-align: right;\t  vertical-align: bottom;  }  #bwg_container1_0 #bwg_container2_0 .bwg_slideshow_watermark_image_0 {\t  max-height: 90px;\t  max-width: 90px;\t  opacity: 0.30;  }  #bwg_container1_0 #bwg_container2_0 .bwg_slideshow_watermark_text_0,  #bwg_container1_0 #bwg_container2_0 .bwg_slideshow_watermark_text_0:hover {\t  text-decoration: none;\t  margin: 4px;\t  position: relative;\t  z-index: 15;  }  #bwg_container1_0 #bwg_container2_0 .bwg_slideshow_title_text_0 {\t  font-size: 16px;\t  font-family: Ubuntu;\t  color: #FFFFFF !important;\t  opacity: 0.70;    border-radius: 5px;\t  background-color: #000000;\t  padding: 0 0 0 0;\t  \t\tmargin: 5px;\t  \t    }  #bwg_container1_0 #bwg_container2_0 .bwg_slideshow_description_text_0 {\t  font-size: 14px;\t  font-family: Ubuntu;\t  color: #FFFFFF !important;\t  opacity: 0.70;    border-radius: 0;\t  background-color: #000000;\t  padding: 5px 10px 5px 10px;\t    }  #bwg_container1_0 #bwg_container2_0 .bwg_slideshow_description_text_0 * {\ttext-decoration: none;\tcolor: #FFFFFF !important;  }  #bwg_container1_0 #bwg_container2_0 .bwg_slideshow_dots_0 {\t  width: 12px;\t  height: 12px;\t  border-radius: 5px;\t  background: #F2D22E;\t  margin: 3px;  }  #bwg_container1_0 #bwg_container2_0 .bwg_slideshow_dots_container_0 {\t  width: 700px;\t  bottom: 0;  }  #bwg_container1_0 #bwg_container2_0 .bwg_slideshow_dots_thumbnails_0 {\t  height: 18px;\t  width: 558px;  }  #bwg_container1_0 #bwg_container2_0 .bwg_slideshow_dots_active_0 {\t  background: #FFFFFF;\t  border: 1px solid #000000;  }  <\/style>    <div id=\"bwg_container1_0\"         class=\"bwg_container bwg_thumbnail bwg_slideshow\"         data-right-click-protection=\"0\"         data-bwg=\"0\"         data-gallery-type=\"slideshow\"         data-current-url=\"https:\/\/www.festicheyres.ch\/wp-json\/wp\/v2\/pages\/8\"         data-lightbox-url=\"https:\/\/www.festicheyres.ch\/wp-admin\/admin-ajax.php?action=GalleryBox&current_view=0&gallery_id=59&tag=0&theme_id=1&shortcode_id=68&sort_by=order&order_by=asc&current_url=https%3A%2F%2Fwww.festicheyres.ch%2Fwp-json%2Fwp%2Fv2%2Fpages%2F8\"         data-gallery-id=\"59\"         data-popup-width=\"800\"         data-popup-height=\"500\"         data-is-album=\"gallery\"         data-buttons-position=\"bottom\">      <div id=\"bwg_container2_0\">             <div id=\"ajax_loading_0\" class=\"bwg_loading_div_1\">      <div class=\"bwg_loading_div_2\">        <div class=\"bwg_loading_div_3\">          <div id=\"loading_div_0\" class=\"bwg_spider_ajax_loading\">          <\/div>        <\/div>      <\/div>    <\/div>            <form id=\"gal_front_form_0\"              class=\"bwg-hidden\"              method=\"post\"              action=\"#\"              data-current=\"0\"              data-shortcode-id=\"68\"              data-gallery-type=\"slideshow\"              data-gallery-id=\"59\"              data-tag=\"0\"              data-album-id=\"0\"              data-theme-id=\"1\"              data-ajax-url=\"https:\/\/www.festicheyres.ch\/wp-admin\/admin-ajax.php?action=bwg_frontend_data\">          <div id=\"bwg_container3_0\" class=\"bwg-background bwg-background-0\">              <div class=\"bwg_slideshow_image_wrap_0 bwg-slideshow-images-wrapper bwg-container\"       data-bwg=\"0\"       data-lightbox-url=\"https:\/\/www.festicheyres.ch\/wp-admin\/admin-ajax.php?action=GalleryBox&current_view=0&gallery_id=59&tag=0&theme_id=1&shortcode_id=68&sort_by=order&order_by=asc&current_url=https%3A%2F%2Fwww.festicheyres.ch%2Fwp-json%2Fwp%2Fv2%2Fpages%2F8\">          <div class=\"bwg_slideshow_filmstrip_container_0\">        <div class=\"bwg_slideshow_filmstrip_left_0\">          <i class=\"bwg-icon-angle-left\"><\/i>        <\/div>        <div class=\"bwg_slideshow_filmstrip_0 bwg_slideshow_filmstrip\">          <div class=\"bwg_slideshow_filmstrip_thumbnails_0\">                          <div id=\"bwg_filmstrip_thumbnail_0_0\" class=\"bwg_slideshow_filmstrip_thumbnail_0 bwg_slideshow_thumb_active_0\">                <img style=\"width:161px; height:214.66666666667px; margin-left: 0px; margin-top: -62.333333333333px;\"                     class=\"skip-lazy bwg_filmstrip_thumbnail_img bwg_slideshow_filmstrip_thumbnail_img_0 \"                     src=\"https:\/\/www.festicheyres.ch\/wp-content\/uploads\/photo-gallery\/Galeries_Photos\/2022\/Objets_trouves\/thumb\/WhatsApp-Image-2022-07-11-at-16.22.33.jpeg?bwg=1657634334\"                     data-original=\"https:\/\/www.festicheyres.ch\/wp-content\/uploads\/photo-gallery\/Galeries_Photos\/2022\/Objets_trouves\/thumb\/WhatsApp-Image-2022-07-11-at-16.22.33.jpeg?bwg=1657634334\"                     onclick=\"bwg_change_image(parseInt(jQuery('#bwg_current_image_key_0').val()), '0', '', '', '0')\"                     image_id=\"6441\"                     image_key=\"0\"                     alt=\"WhatsApp-Image-2022-07-11-at-16.22.33\" \/>              <\/div>                            <div id=\"bwg_filmstrip_thumbnail_1_0\" class=\"bwg_slideshow_filmstrip_thumbnail_0 bwg_slideshow_thumb_deactive_0\">                <img style=\"width:161px; height:214.66666666667px; margin-left: 0px; margin-top: -62.333333333333px;\"                     class=\"skip-lazy bwg_filmstrip_thumbnail_img bwg_slideshow_filmstrip_thumbnail_img_0 \"                     src=\"https:\/\/www.festicheyres.ch\/wp-content\/uploads\/photo-gallery\/Galeries_Photos\/2022\/Objets_trouves\/thumb\/WhatsApp-Image-2022-07-12-at-14.38.29.jpeg?bwg=1657634334\"                     data-original=\"https:\/\/www.festicheyres.ch\/wp-content\/uploads\/photo-gallery\/Galeries_Photos\/2022\/Objets_trouves\/thumb\/WhatsApp-Image-2022-07-12-at-14.38.29.jpeg?bwg=1657634334\"                     onclick=\"bwg_change_image(parseInt(jQuery('#bwg_current_image_key_0').val()), '1', '', '', '0')\"                     image_id=\"6440\"                     image_key=\"1\"                     alt=\"WhatsApp-Image-2022-07-12-at-14.38.29\" \/>              <\/div>                            <div id=\"bwg_filmstrip_thumbnail_2_0\" class=\"bwg_slideshow_filmstrip_thumbnail_0 bwg_slideshow_thumb_deactive_0\">                <img style=\"width:161px; height:214.66666666667px; margin-left: 0px; margin-top: -62.333333333333px;\"                     class=\"skip-lazy bwg_filmstrip_thumbnail_img bwg_slideshow_filmstrip_thumbnail_img_0 \"                     src=\"https:\/\/www.festicheyres.ch\/wp-content\/uploads\/photo-gallery\/Galeries_Photos\/2022\/Objets_trouves\/thumb\/WhatsApp-Image-2022-07-11-at-19.08.22-2.jpeg?bwg=1657634334\"                     data-original=\"https:\/\/www.festicheyres.ch\/wp-content\/uploads\/photo-gallery\/Galeries_Photos\/2022\/Objets_trouves\/thumb\/WhatsApp-Image-2022-07-11-at-19.08.22-2.jpeg?bwg=1657634334\"                     onclick=\"bwg_change_image(parseInt(jQuery('#bwg_current_image_key_0').val()), '2', '', '', '0')\"                     image_id=\"6439\"                     image_key=\"2\"                     alt=\"WhatsApp-Image-2022-07-11-at-19.08.22-2\" \/>              <\/div>                            <div id=\"bwg_filmstrip_thumbnail_3_0\" class=\"bwg_slideshow_filmstrip_thumbnail_0 bwg_slideshow_thumb_deactive_0\">                <img style=\"width:161px; height:214.66666666667px; margin-left: 0px; margin-top: -62.333333333333px;\"                     class=\"skip-lazy bwg_filmstrip_thumbnail_img bwg_slideshow_filmstrip_thumbnail_img_0 \"                     src=\"https:\/\/www.festicheyres.ch\/wp-content\/uploads\/photo-gallery\/Galeries_Photos\/2022\/Objets_trouves\/thumb\/WhatsApp-Image-2022-07-11-at-19.08.21-1.jpeg?bwg=1657634334\"                     data-original=\"https:\/\/www.festicheyres.ch\/wp-content\/uploads\/photo-gallery\/Galeries_Photos\/2022\/Objets_trouves\/thumb\/WhatsApp-Image-2022-07-11-at-19.08.21-1.jpeg?bwg=1657634334\"                     onclick=\"bwg_change_image(parseInt(jQuery('#bwg_current_image_key_0').val()), '3', '', '', '0')\"                     image_id=\"6438\"                     image_key=\"3\"                     alt=\"WhatsApp-Image-2022-07-11-at-19.08.21-1\" \/>              <\/div>                            <div id=\"bwg_filmstrip_thumbnail_4_0\" class=\"bwg_slideshow_filmstrip_thumbnail_0 bwg_slideshow_thumb_deactive_0\">                <img style=\"width:161px; height:214.66666666667px; margin-left: 0px; margin-top: -62.333333333333px;\"                     class=\"skip-lazy bwg_filmstrip_thumbnail_img bwg_slideshow_filmstrip_thumbnail_img_0 \"                     src=\"https:\/\/www.festicheyres.ch\/wp-content\/uploads\/photo-gallery\/Galeries_Photos\/2022\/Objets_trouves\/thumb\/WhatsApp-Image-2022-07-11-at-19.08.22-3.jpeg?bwg=1657634334\"                     data-original=\"https:\/\/www.festicheyres.ch\/wp-content\/uploads\/photo-gallery\/Galeries_Photos\/2022\/Objets_trouves\/thumb\/WhatsApp-Image-2022-07-11-at-19.08.22-3.jpeg?bwg=1657634334\"                     onclick=\"bwg_change_image(parseInt(jQuery('#bwg_current_image_key_0').val()), '4', '', '', '0')\"                     image_id=\"6437\"                     image_key=\"4\"                     alt=\"WhatsApp-Image-2022-07-11-at-19.08.22-3\" \/>              <\/div>                            <div id=\"bwg_filmstrip_thumbnail_5_0\" class=\"bwg_slideshow_filmstrip_thumbnail_0 bwg_slideshow_thumb_deactive_0\">                <img style=\"width:161px; height:214.66666666667px; margin-left: 0px; margin-top: -62.333333333333px;\"                     class=\"skip-lazy bwg_filmstrip_thumbnail_img bwg_slideshow_filmstrip_thumbnail_img_0 \"                     src=\"https:\/\/www.festicheyres.ch\/wp-content\/uploads\/photo-gallery\/Galeries_Photos\/2022\/Objets_trouves\/thumb\/WhatsApp-Image-2022-07-11-at-19.08.23-1.jpeg?bwg=1657634334\"                     data-original=\"https:\/\/www.festicheyres.ch\/wp-content\/uploads\/photo-gallery\/Galeries_Photos\/2022\/Objets_trouves\/thumb\/WhatsApp-Image-2022-07-11-at-19.08.23-1.jpeg?bwg=1657634334\"                     onclick=\"bwg_change_image(parseInt(jQuery('#bwg_current_image_key_0').val()), '5', '', '', '0')\"                     image_id=\"6436\"                     image_key=\"5\"                     alt=\"WhatsApp-Image-2022-07-11-at-19.08.23-1\" \/>              <\/div>                            <div id=\"bwg_filmstrip_thumbnail_6_0\" class=\"bwg_slideshow_filmstrip_thumbnail_0 bwg_slideshow_thumb_deactive_0\">                <img style=\"width:161px; height:214.66666666667px; margin-left: 0px; margin-top: -62.333333333333px;\"                     class=\"skip-lazy bwg_filmstrip_thumbnail_img bwg_slideshow_filmstrip_thumbnail_img_0 \"                     src=\"https:\/\/www.festicheyres.ch\/wp-content\/uploads\/photo-gallery\/Galeries_Photos\/2022\/Objets_trouves\/thumb\/WhatsApp-Image-2022-07-12-at-14.38.30.jpeg?bwg=1657634334\"                     data-original=\"https:\/\/www.festicheyres.ch\/wp-content\/uploads\/photo-gallery\/Galeries_Photos\/2022\/Objets_trouves\/thumb\/WhatsApp-Image-2022-07-12-at-14.38.30.jpeg?bwg=1657634334\"                     onclick=\"bwg_change_image(parseInt(jQuery('#bwg_current_image_key_0').val()), '6', '', '', '0')\"                     image_id=\"6435\"                     image_key=\"6\"                     alt=\"WhatsApp-Image-2022-07-12-at-14.38.30\" \/>              <\/div>                            <div id=\"bwg_filmstrip_thumbnail_7_0\" class=\"bwg_slideshow_filmstrip_thumbnail_0 bwg_slideshow_thumb_deactive_0\">                <img style=\"width:161px; height:214.66666666667px; margin-left: 0px; margin-top: -62.333333333333px;\"                     class=\"skip-lazy bwg_filmstrip_thumbnail_img bwg_slideshow_filmstrip_thumbnail_img_0 \"                     src=\"https:\/\/www.festicheyres.ch\/wp-content\/uploads\/photo-gallery\/Galeries_Photos\/2022\/Objets_trouves\/thumb\/WhatsApp-Image-2022-07-11-at-15.39.26-14.jpeg?bwg=1657634334\"                     data-original=\"https:\/\/www.festicheyres.ch\/wp-content\/uploads\/photo-gallery\/Galeries_Photos\/2022\/Objets_trouves\/thumb\/WhatsApp-Image-2022-07-11-at-15.39.26-14.jpeg?bwg=1657634334\"                     onclick=\"bwg_change_image(parseInt(jQuery('#bwg_current_image_key_0').val()), '7', '', '', '0')\"                     image_id=\"6434\"                     image_key=\"7\"                     alt=\"WhatsApp-Image-2022-07-11-at-15.39.26-14\" \/>              <\/div>                            <div id=\"bwg_filmstrip_thumbnail_8_0\" class=\"bwg_slideshow_filmstrip_thumbnail_0 bwg_slideshow_thumb_deactive_0\">                <img style=\"width:161px; height:214.66666666667px; margin-left: 0px; margin-top: -62.333333333333px;\"                     class=\"skip-lazy bwg_filmstrip_thumbnail_img bwg_slideshow_filmstrip_thumbnail_img_0 \"                     src=\"https:\/\/www.festicheyres.ch\/wp-content\/uploads\/photo-gallery\/Galeries_Photos\/2022\/Objets_trouves\/thumb\/WhatsApp-Image-2022-07-11-at-15.39.26-13.jpeg?bwg=1657634334\"                     data-original=\"https:\/\/www.festicheyres.ch\/wp-content\/uploads\/photo-gallery\/Galeries_Photos\/2022\/Objets_trouves\/thumb\/WhatsApp-Image-2022-07-11-at-15.39.26-13.jpeg?bwg=1657634334\"                     onclick=\"bwg_change_image(parseInt(jQuery('#bwg_current_image_key_0').val()), '8', '', '', '0')\"                     image_id=\"6433\"                     image_key=\"8\"                     alt=\"WhatsApp-Image-2022-07-11-at-15.39.26-13\" \/>              <\/div>                            <div id=\"bwg_filmstrip_thumbnail_9_0\" class=\"bwg_slideshow_filmstrip_thumbnail_0 bwg_slideshow_thumb_deactive_0\">                <img style=\"width:161px; height:214.66666666667px; margin-left: 0px; margin-top: -62.333333333333px;\"                     class=\"skip-lazy bwg_filmstrip_thumbnail_img bwg_slideshow_filmstrip_thumbnail_img_0 \"                     src=\"https:\/\/www.festicheyres.ch\/wp-content\/uploads\/photo-gallery\/Galeries_Photos\/2022\/Objets_trouves\/thumb\/WhatsApp-Image-2022-07-11-at-15.39.26-15.jpeg?bwg=1657634334\"                     data-original=\"https:\/\/www.festicheyres.ch\/wp-content\/uploads\/photo-gallery\/Galeries_Photos\/2022\/Objets_trouves\/thumb\/WhatsApp-Image-2022-07-11-at-15.39.26-15.jpeg?bwg=1657634334\"                     onclick=\"bwg_change_image(parseInt(jQuery('#bwg_current_image_key_0').val()), '9', '', '', '0')\"                     image_id=\"6432\"                     image_key=\"9\"                     alt=\"WhatsApp-Image-2022-07-11-at-15.39.26-15\" \/>              <\/div>                            <div id=\"bwg_filmstrip_thumbnail_10_0\" class=\"bwg_slideshow_filmstrip_thumbnail_0 bwg_slideshow_thumb_deactive_0\">                <img style=\"width:161px; height:214.66666666667px; margin-left: 0px; margin-top: -62.333333333333px;\"                     class=\"skip-lazy bwg_filmstrip_thumbnail_img bwg_slideshow_filmstrip_thumbnail_img_0 \"                     src=\"https:\/\/www.festicheyres.ch\/wp-content\/uploads\/photo-gallery\/Galeries_Photos\/2022\/Objets_trouves\/thumb\/WhatsApp-Image-2022-07-11-at-15.39.26-12.jpeg?bwg=1657634334\"                     data-original=\"https:\/\/www.festicheyres.ch\/wp-content\/uploads\/photo-gallery\/Galeries_Photos\/2022\/Objets_trouves\/thumb\/WhatsApp-Image-2022-07-11-at-15.39.26-12.jpeg?bwg=1657634334\"                     onclick=\"bwg_change_image(parseInt(jQuery('#bwg_current_image_key_0').val()), '10', '', '', '0')\"                     image_id=\"6431\"                     image_key=\"10\"                     alt=\"WhatsApp-Image-2022-07-11-at-15.39.26-12\" \/>              <\/div>                            <div id=\"bwg_filmstrip_thumbnail_11_0\" class=\"bwg_slideshow_filmstrip_thumbnail_0 bwg_slideshow_thumb_deactive_0\">                <img style=\"width:161px; height:214.66666666667px; margin-left: 0px; margin-top: -62.333333333333px;\"                     class=\"skip-lazy bwg_filmstrip_thumbnail_img bwg_slideshow_filmstrip_thumbnail_img_0 \"                     src=\"https:\/\/www.festicheyres.ch\/wp-content\/uploads\/photo-gallery\/Galeries_Photos\/2022\/Objets_trouves\/thumb\/WhatsApp-Image-2022-07-11-at-15.39.26-16.jpeg?bwg=1657634334\"                     data-original=\"https:\/\/www.festicheyres.ch\/wp-content\/uploads\/photo-gallery\/Galeries_Photos\/2022\/Objets_trouves\/thumb\/WhatsApp-Image-2022-07-11-at-15.39.26-16.jpeg?bwg=1657634334\"                     onclick=\"bwg_change_image(parseInt(jQuery('#bwg_current_image_key_0').val()), '11', '', '', '0')\"                     image_id=\"6430\"                     image_key=\"11\"                     alt=\"WhatsApp-Image-2022-07-11-at-15.39.26-16\" \/>              <\/div>                            <div id=\"bwg_filmstrip_thumbnail_12_0\" class=\"bwg_slideshow_filmstrip_thumbnail_0 bwg_slideshow_thumb_deactive_0\">                <img style=\"width:161px; height:214.66666666667px; margin-left: 0px; margin-top: -62.333333333333px;\"                     class=\"skip-lazy bwg_filmstrip_thumbnail_img bwg_slideshow_filmstrip_thumbnail_img_0 \"                     src=\"https:\/\/www.festicheyres.ch\/wp-content\/uploads\/photo-gallery\/Galeries_Photos\/2022\/Objets_trouves\/thumb\/WhatsApp-Image-2022-07-11-at-15.39.26-8.jpeg?bwg=1657634334\"                     data-original=\"https:\/\/www.festicheyres.ch\/wp-content\/uploads\/photo-gallery\/Galeries_Photos\/2022\/Objets_trouves\/thumb\/WhatsApp-Image-2022-07-11-at-15.39.26-8.jpeg?bwg=1657634334\"                     onclick=\"bwg_change_image(parseInt(jQuery('#bwg_current_image_key_0').val()), '12', '', '', '0')\"                     image_id=\"6429\"                     image_key=\"12\"                     alt=\"WhatsApp-Image-2022-07-11-at-15.39.26-8\" \/>              <\/div>                            <div id=\"bwg_filmstrip_thumbnail_13_0\" class=\"bwg_slideshow_filmstrip_thumbnail_0 bwg_slideshow_thumb_deactive_0\">                <img style=\"width:161px; height:214.66666666667px; margin-left: 0px; margin-top: -62.333333333333px;\"                     class=\"skip-lazy bwg_filmstrip_thumbnail_img bwg_slideshow_filmstrip_thumbnail_img_0 \"                     src=\"https:\/\/www.festicheyres.ch\/wp-content\/uploads\/photo-gallery\/Galeries_Photos\/2022\/Objets_trouves\/thumb\/WhatsApp-Image-2022-07-11-at-15.39.26-7.jpeg?bwg=1657634334\"                     data-original=\"https:\/\/www.festicheyres.ch\/wp-content\/uploads\/photo-gallery\/Galeries_Photos\/2022\/Objets_trouves\/thumb\/WhatsApp-Image-2022-07-11-at-15.39.26-7.jpeg?bwg=1657634334\"                     onclick=\"bwg_change_image(parseInt(jQuery('#bwg_current_image_key_0').val()), '13', '', '', '0')\"                     image_id=\"6428\"                     image_key=\"13\"                     alt=\"WhatsApp-Image-2022-07-11-at-15.39.26-7\" \/>              <\/div>                            <div id=\"bwg_filmstrip_thumbnail_14_0\" class=\"bwg_slideshow_filmstrip_thumbnail_0 bwg_slideshow_thumb_deactive_0\">                <img style=\"width:161px; height:214.66666666667px; margin-left: 0px; margin-top: -62.333333333333px;\"                     class=\"skip-lazy bwg_filmstrip_thumbnail_img bwg_slideshow_filmstrip_thumbnail_img_0 \"                     src=\"https:\/\/www.festicheyres.ch\/wp-content\/uploads\/photo-gallery\/Galeries_Photos\/2022\/Objets_trouves\/thumb\/WhatsApp-Image-2022-07-11-at-15.39.26-9.jpeg?bwg=1657634334\"                     data-original=\"https:\/\/www.festicheyres.ch\/wp-content\/uploads\/photo-gallery\/Galeries_Photos\/2022\/Objets_trouves\/thumb\/WhatsApp-Image-2022-07-11-at-15.39.26-9.jpeg?bwg=1657634334\"                     onclick=\"bwg_change_image(parseInt(jQuery('#bwg_current_image_key_0').val()), '14', '', '', '0')\"                     image_id=\"6427\"                     image_key=\"14\"                     alt=\"WhatsApp-Image-2022-07-11-at-15.39.26-9\" \/>              <\/div>                            <div id=\"bwg_filmstrip_thumbnail_15_0\" class=\"bwg_slideshow_filmstrip_thumbnail_0 bwg_slideshow_thumb_deactive_0\">                <img style=\"width:161px; height:214.66666666667px; margin-left: 0px; margin-top: -62.333333333333px;\"                     class=\"skip-lazy bwg_filmstrip_thumbnail_img bwg_slideshow_filmstrip_thumbnail_img_0 \"                     src=\"https:\/\/www.festicheyres.ch\/wp-content\/uploads\/photo-gallery\/Galeries_Photos\/2022\/Objets_trouves\/thumb\/WhatsApp-Image-2022-07-11-at-15.39.26-11.jpeg?bwg=1657634334\"                     data-original=\"https:\/\/www.festicheyres.ch\/wp-content\/uploads\/photo-gallery\/Galeries_Photos\/2022\/Objets_trouves\/thumb\/WhatsApp-Image-2022-07-11-at-15.39.26-11.jpeg?bwg=1657634334\"                     onclick=\"bwg_change_image(parseInt(jQuery('#bwg_current_image_key_0').val()), '15', '', '', '0')\"                     image_id=\"6426\"                     image_key=\"15\"                     alt=\"WhatsApp-Image-2022-07-11-at-15.39.26-11\" \/>              <\/div>                            <div id=\"bwg_filmstrip_thumbnail_16_0\" class=\"bwg_slideshow_filmstrip_thumbnail_0 bwg_slideshow_thumb_deactive_0\">                <img style=\"width:161px; height:214.66666666667px; margin-left: 0px; margin-top: -62.333333333333px;\"                     class=\"skip-lazy bwg_filmstrip_thumbnail_img bwg_slideshow_filmstrip_thumbnail_img_0 \"                     src=\"https:\/\/www.festicheyres.ch\/wp-content\/uploads\/photo-gallery\/Galeries_Photos\/2022\/Objets_trouves\/thumb\/WhatsApp-Image-2022-07-11-at-15.39.26-10.jpeg?bwg=1657634334\"                     data-original=\"https:\/\/www.festicheyres.ch\/wp-content\/uploads\/photo-gallery\/Galeries_Photos\/2022\/Objets_trouves\/thumb\/WhatsApp-Image-2022-07-11-at-15.39.26-10.jpeg?bwg=1657634334\"                     onclick=\"bwg_change_image(parseInt(jQuery('#bwg_current_image_key_0').val()), '16', '', '', '0')\"                     image_id=\"6425\"                     image_key=\"16\"                     alt=\"WhatsApp-Image-2022-07-11-at-15.39.26-10\" \/>              <\/div>                            <div id=\"bwg_filmstrip_thumbnail_17_0\" class=\"bwg_slideshow_filmstrip_thumbnail_0 bwg_slideshow_thumb_deactive_0\">                <img style=\"width:161px; height:214.66666666667px; margin-left: 0px; margin-top: -62.333333333333px;\"                     class=\"skip-lazy bwg_filmstrip_thumbnail_img bwg_slideshow_filmstrip_thumbnail_img_0 \"                     src=\"https:\/\/www.festicheyres.ch\/wp-content\/uploads\/photo-gallery\/Galeries_Photos\/2022\/Objets_trouves\/thumb\/WhatsApp-Image-2022-07-11-at-15.39.26-3.jpeg?bwg=1657634334\"                     data-original=\"https:\/\/www.festicheyres.ch\/wp-content\/uploads\/photo-gallery\/Galeries_Photos\/2022\/Objets_trouves\/thumb\/WhatsApp-Image-2022-07-11-at-15.39.26-3.jpeg?bwg=1657634334\"                     onclick=\"bwg_change_image(parseInt(jQuery('#bwg_current_image_key_0').val()), '17', '', '', '0')\"                     image_id=\"6424\"                     image_key=\"17\"                     alt=\"WhatsApp-Image-2022-07-11-at-15.39.26-3\" \/>              <\/div>                            <div id=\"bwg_filmstrip_thumbnail_18_0\" class=\"bwg_slideshow_filmstrip_thumbnail_0 bwg_slideshow_thumb_deactive_0\">                <img style=\"width:161px; height:214.66666666667px; margin-left: 0px; margin-top: -62.333333333333px;\"                     class=\"skip-lazy bwg_filmstrip_thumbnail_img bwg_slideshow_filmstrip_thumbnail_img_0 \"                     src=\"https:\/\/www.festicheyres.ch\/wp-content\/uploads\/photo-gallery\/Galeries_Photos\/2022\/Objets_trouves\/thumb\/WhatsApp-Image-2022-07-11-at-15.39.26-2.jpeg?bwg=1657634334\"                     data-original=\"https:\/\/www.festicheyres.ch\/wp-content\/uploads\/photo-gallery\/Galeries_Photos\/2022\/Objets_trouves\/thumb\/WhatsApp-Image-2022-07-11-at-15.39.26-2.jpeg?bwg=1657634334\"                     onclick=\"bwg_change_image(parseInt(jQuery('#bwg_current_image_key_0').val()), '18', '', '', '0')\"                     image_id=\"6423\"                     image_key=\"18\"                     alt=\"WhatsApp-Image-2022-07-11-at-15.39.26-2\" \/>              <\/div>                            <div id=\"bwg_filmstrip_thumbnail_19_0\" class=\"bwg_slideshow_filmstrip_thumbnail_0 bwg_slideshow_thumb_deactive_0\">                <img style=\"width:161px; height:214.66666666667px; margin-left: 0px; margin-top: -62.333333333333px;\"                     class=\"skip-lazy bwg_filmstrip_thumbnail_img bwg_slideshow_filmstrip_thumbnail_img_0 \"                     src=\"https:\/\/www.festicheyres.ch\/wp-content\/uploads\/photo-gallery\/Galeries_Photos\/2022\/Objets_trouves\/thumb\/WhatsApp-Image-2022-07-11-at-15.39.26-4.jpeg?bwg=1657634334\"                     data-original=\"https:\/\/www.festicheyres.ch\/wp-content\/uploads\/photo-gallery\/Galeries_Photos\/2022\/Objets_trouves\/thumb\/WhatsApp-Image-2022-07-11-at-15.39.26-4.jpeg?bwg=1657634334\"                     onclick=\"bwg_change_image(parseInt(jQuery('#bwg_current_image_key_0').val()), '19', '', '', '0')\"                     image_id=\"6422\"                     image_key=\"19\"                     alt=\"WhatsApp-Image-2022-07-11-at-15.39.26-4\" \/>              <\/div>                            <div id=\"bwg_filmstrip_thumbnail_20_0\" class=\"bwg_slideshow_filmstrip_thumbnail_0 bwg_slideshow_thumb_deactive_0\">                <img style=\"width:161px; height:214.66666666667px; margin-left: 0px; margin-top: -62.333333333333px;\"                     class=\"skip-lazy bwg_filmstrip_thumbnail_img bwg_slideshow_filmstrip_thumbnail_img_0 \"                     src=\"https:\/\/www.festicheyres.ch\/wp-content\/uploads\/photo-gallery\/Galeries_Photos\/2022\/Objets_trouves\/thumb\/WhatsApp-Image-2022-07-11-at-15.39.26-5.jpeg?bwg=1657634334\"                     data-original=\"https:\/\/www.festicheyres.ch\/wp-content\/uploads\/photo-gallery\/Galeries_Photos\/2022\/Objets_trouves\/thumb\/WhatsApp-Image-2022-07-11-at-15.39.26-5.jpeg?bwg=1657634334\"                     onclick=\"bwg_change_image(parseInt(jQuery('#bwg_current_image_key_0').val()), '20', '', '', '0')\"                     image_id=\"6421\"                     image_key=\"20\"                     alt=\"WhatsApp-Image-2022-07-11-at-15.39.26-5\" \/>              <\/div>                            <div id=\"bwg_filmstrip_thumbnail_21_0\" class=\"bwg_slideshow_filmstrip_thumbnail_0 bwg_slideshow_thumb_deactive_0\">                <img style=\"width:161px; height:214.66666666667px; margin-left: 0px; margin-top: -62.333333333333px;\"                     class=\"skip-lazy bwg_filmstrip_thumbnail_img bwg_slideshow_filmstrip_thumbnail_img_0 \"                     src=\"https:\/\/www.festicheyres.ch\/wp-content\/uploads\/photo-gallery\/Galeries_Photos\/2022\/Objets_trouves\/thumb\/WhatsApp-Image-2022-07-11-at-15.39.26-6.jpeg?bwg=1657634334\"                     data-original=\"https:\/\/www.festicheyres.ch\/wp-content\/uploads\/photo-gallery\/Galeries_Photos\/2022\/Objets_trouves\/thumb\/WhatsApp-Image-2022-07-11-at-15.39.26-6.jpeg?bwg=1657634334\"                     onclick=\"bwg_change_image(parseInt(jQuery('#bwg_current_image_key_0').val()), '21', '', '', '0')\"                     image_id=\"6420\"                     image_key=\"21\"                     alt=\"WhatsApp-Image-2022-07-11-at-15.39.26-6\" \/>              <\/div>                            <div id=\"bwg_filmstrip_thumbnail_22_0\" class=\"bwg_slideshow_filmstrip_thumbnail_0 bwg_slideshow_thumb_deactive_0\">                <img style=\"width:161px; height:214.66666666667px; margin-left: 0px; margin-top: -62.333333333333px;\"                     class=\"skip-lazy bwg_filmstrip_thumbnail_img bwg_slideshow_filmstrip_thumbnail_img_0 \"                     src=\"https:\/\/www.festicheyres.ch\/wp-content\/uploads\/photo-gallery\/Galeries_Photos\/2022\/Objets_trouves\/thumb\/WhatsApp-Image-2022-07-11-at-15.39.24.jpeg?bwg=1657634334\"                     data-original=\"https:\/\/www.festicheyres.ch\/wp-content\/uploads\/photo-gallery\/Galeries_Photos\/2022\/Objets_trouves\/thumb\/WhatsApp-Image-2022-07-11-at-15.39.24.jpeg?bwg=1657634334\"                     onclick=\"bwg_change_image(parseInt(jQuery('#bwg_current_image_key_0').val()), '22', '', '', '0')\"                     image_id=\"6419\"                     image_key=\"22\"                     alt=\"WhatsApp-Image-2022-07-11-at-15.39.24\" \/>              <\/div>                            <div id=\"bwg_filmstrip_thumbnail_23_0\" class=\"bwg_slideshow_filmstrip_thumbnail_0 bwg_slideshow_thumb_deactive_0\">                <img style=\"width:161px; height:214.66666666667px; margin-left: 0px; margin-top: -62.333333333333px;\"                     class=\"skip-lazy bwg_filmstrip_thumbnail_img bwg_slideshow_filmstrip_thumbnail_img_0 \"                     src=\"https:\/\/www.festicheyres.ch\/wp-content\/uploads\/photo-gallery\/Galeries_Photos\/2022\/Objets_trouves\/thumb\/WhatsApp-Image-2022-07-11-at-15.39.24-1.jpeg?bwg=1657634334\"                     data-original=\"https:\/\/www.festicheyres.ch\/wp-content\/uploads\/photo-gallery\/Galeries_Photos\/2022\/Objets_trouves\/thumb\/WhatsApp-Image-2022-07-11-at-15.39.24-1.jpeg?bwg=1657634334\"                     onclick=\"bwg_change_image(parseInt(jQuery('#bwg_current_image_key_0').val()), '23', '', '', '0')\"                     image_id=\"6418\"                     image_key=\"23\"                     alt=\"WhatsApp-Image-2022-07-11-at-15.39.24-1\" \/>              <\/div>                            <div id=\"bwg_filmstrip_thumbnail_24_0\" class=\"bwg_slideshow_filmstrip_thumbnail_0 bwg_slideshow_thumb_deactive_0\">                <img style=\"width:161px; height:214.66666666667px; margin-left: 0px; margin-top: -62.333333333333px;\"                     class=\"skip-lazy bwg_filmstrip_thumbnail_img bwg_slideshow_filmstrip_thumbnail_img_0 \"                     src=\"https:\/\/www.festicheyres.ch\/wp-content\/uploads\/photo-gallery\/Galeries_Photos\/2022\/Objets_trouves\/thumb\/WhatsApp-Image-2022-07-11-at-15.39.24-2.jpeg?bwg=1657634334\"                     data-original=\"https:\/\/www.festicheyres.ch\/wp-content\/uploads\/photo-gallery\/Galeries_Photos\/2022\/Objets_trouves\/thumb\/WhatsApp-Image-2022-07-11-at-15.39.24-2.jpeg?bwg=1657634334\"                     onclick=\"bwg_change_image(parseInt(jQuery('#bwg_current_image_key_0').val()), '24', '', '', '0')\"                     image_id=\"6417\"                     image_key=\"24\"                     alt=\"WhatsApp-Image-2022-07-11-at-15.39.24-2\" \/>              <\/div>                            <div id=\"bwg_filmstrip_thumbnail_25_0\" class=\"bwg_slideshow_filmstrip_thumbnail_0 bwg_slideshow_thumb_deactive_0\">                <img style=\"width:161px; height:214.66666666667px; margin-left: 0px; margin-top: -62.333333333333px;\"                     class=\"skip-lazy bwg_filmstrip_thumbnail_img bwg_slideshow_filmstrip_thumbnail_img_0 \"                     src=\"https:\/\/www.festicheyres.ch\/wp-content\/uploads\/photo-gallery\/Galeries_Photos\/2022\/Objets_trouves\/thumb\/WhatsApp-Image-2022-07-11-at-15.39.26.jpeg?bwg=1657634334\"                     data-original=\"https:\/\/www.festicheyres.ch\/wp-content\/uploads\/photo-gallery\/Galeries_Photos\/2022\/Objets_trouves\/thumb\/WhatsApp-Image-2022-07-11-at-15.39.26.jpeg?bwg=1657634334\"                     onclick=\"bwg_change_image(parseInt(jQuery('#bwg_current_image_key_0').val()), '25', '', '', '0')\"                     image_id=\"6416\"                     image_key=\"25\"                     alt=\"WhatsApp-Image-2022-07-11-at-15.39.26\" \/>              <\/div>                            <div id=\"bwg_filmstrip_thumbnail_26_0\" class=\"bwg_slideshow_filmstrip_thumbnail_0 bwg_slideshow_thumb_deactive_0\">                <img style=\"width:161px; height:214.66666666667px; margin-left: 0px; margin-top: -62.333333333333px;\"                     class=\"skip-lazy bwg_filmstrip_thumbnail_img bwg_slideshow_filmstrip_thumbnail_img_0 \"                     src=\"https:\/\/www.festicheyres.ch\/wp-content\/uploads\/photo-gallery\/Galeries_Photos\/2022\/Objets_trouves\/thumb\/WhatsApp-Image-2022-07-11-at-15.39.26-1.jpeg?bwg=1657634334\"                     data-original=\"https:\/\/www.festicheyres.ch\/wp-content\/uploads\/photo-gallery\/Galeries_Photos\/2022\/Objets_trouves\/thumb\/WhatsApp-Image-2022-07-11-at-15.39.26-1.jpeg?bwg=1657634334\"                     onclick=\"bwg_change_image(parseInt(jQuery('#bwg_current_image_key_0').val()), '26', '', '', '0')\"                     image_id=\"6415\"                     image_key=\"26\"                     alt=\"WhatsApp-Image-2022-07-11-at-15.39.26-1\" \/>              <\/div>                            <div id=\"bwg_filmstrip_thumbnail_27_0\" class=\"bwg_slideshow_filmstrip_thumbnail_0 bwg_slideshow_thumb_deactive_0\">                <img style=\"width:161px; height:214.66666666667px; margin-left: 0px; margin-top: -62.333333333333px;\"                     class=\"skip-lazy bwg_filmstrip_thumbnail_img bwg_slideshow_filmstrip_thumbnail_img_0 \"                     src=\"https:\/\/www.festicheyres.ch\/wp-content\/uploads\/photo-gallery\/Galeries_Photos\/2022\/Objets_trouves\/thumb\/WhatsApp-Image-2022-07-11-at-15.39.23-1.jpeg?bwg=1657634334\"                     data-original=\"https:\/\/www.festicheyres.ch\/wp-content\/uploads\/photo-gallery\/Galeries_Photos\/2022\/Objets_trouves\/thumb\/WhatsApp-Image-2022-07-11-at-15.39.23-1.jpeg?bwg=1657634334\"                     onclick=\"bwg_change_image(parseInt(jQuery('#bwg_current_image_key_0').val()), '27', '', '', '0')\"                     image_id=\"6414\"                     image_key=\"27\"                     alt=\"WhatsApp-Image-2022-07-11-at-15.39.23-1\" \/>              <\/div>                            <div id=\"bwg_filmstrip_thumbnail_28_0\" class=\"bwg_slideshow_filmstrip_thumbnail_0 bwg_slideshow_thumb_deactive_0\">                <img style=\"width:161px; height:286.4768683274px; margin-left: 0px; margin-top: -98.238434163701px;\"                     class=\"skip-lazy bwg_filmstrip_thumbnail_img bwg_slideshow_filmstrip_thumbnail_img_0 \"                     src=\"https:\/\/www.festicheyres.ch\/wp-content\/uploads\/photo-gallery\/Galeries_Photos\/2022\/Objets_trouves\/thumb\/WhatsApp-Image-2022-07-11-at-15.36.07.jpeg?bwg=1657634334\"                     data-original=\"https:\/\/www.festicheyres.ch\/wp-content\/uploads\/photo-gallery\/Galeries_Photos\/2022\/Objets_trouves\/thumb\/WhatsApp-Image-2022-07-11-at-15.36.07.jpeg?bwg=1657634334\"                     onclick=\"bwg_change_image(parseInt(jQuery('#bwg_current_image_key_0').val()), '28', '', '', '0')\"                     image_id=\"6413\"                     image_key=\"28\"                     alt=\"WhatsApp-Image-2022-07-11-at-15.36.07\" \/>              <\/div>                            <div id=\"bwg_filmstrip_thumbnail_29_0\" class=\"bwg_slideshow_filmstrip_thumbnail_0 bwg_slideshow_thumb_deactive_0\">                <img style=\"width:161px; height:286.4768683274px; margin-left: 0px; margin-top: -98.238434163701px;\"                     class=\"skip-lazy bwg_filmstrip_thumbnail_img bwg_slideshow_filmstrip_thumbnail_img_0 \"                     src=\"https:\/\/www.festicheyres.ch\/wp-content\/uploads\/photo-gallery\/Galeries_Photos\/2022\/Objets_trouves\/thumb\/WhatsApp-Image-2022-07-11-at-15.36.02.jpeg?bwg=1657634334\"                     data-original=\"https:\/\/www.festicheyres.ch\/wp-content\/uploads\/photo-gallery\/Galeries_Photos\/2022\/Objets_trouves\/thumb\/WhatsApp-Image-2022-07-11-at-15.36.02.jpeg?bwg=1657634334\"                     onclick=\"bwg_change_image(parseInt(jQuery('#bwg_current_image_key_0').val()), '29', '', '', '0')\"                     image_id=\"6412\"                     image_key=\"29\"                     alt=\"WhatsApp-Image-2022-07-11-at-15.36.02\" \/>              <\/div>                            <div id=\"bwg_filmstrip_thumbnail_30_0\" class=\"bwg_slideshow_filmstrip_thumbnail_0 bwg_slideshow_thumb_deactive_0\">                <img style=\"width:161px; height:286.4768683274px; margin-left: 0px; margin-top: -98.238434163701px;\"                     class=\"skip-lazy bwg_filmstrip_thumbnail_img bwg_slideshow_filmstrip_thumbnail_img_0 \"                     src=\"https:\/\/www.festicheyres.ch\/wp-content\/uploads\/photo-gallery\/Galeries_Photos\/2022\/Objets_trouves\/thumb\/WhatsApp-Image-2022-07-11-at-15.36.03.jpeg?bwg=1657634334\"                     data-original=\"https:\/\/www.festicheyres.ch\/wp-content\/uploads\/photo-gallery\/Galeries_Photos\/2022\/Objets_trouves\/thumb\/WhatsApp-Image-2022-07-11-at-15.36.03.jpeg?bwg=1657634334\"                     onclick=\"bwg_change_image(parseInt(jQuery('#bwg_current_image_key_0').val()), '30', '', '', '0')\"                     image_id=\"6411\"                     image_key=\"30\"                     alt=\"WhatsApp-Image-2022-07-11-at-15.36.03\" \/>              <\/div>                        <\/div>        <\/div>        <div class=\"bwg_slideshow_filmstrip_right_0\">          <i class=\"bwg-icon-angle-right\"><\/i>        <\/div>      <\/div>          <div id=\"bwg_slideshow_image_container_0\" class=\"bwg_slideshow_image_container_0\" data-params='{\"bwg_source\":\"slider\",\"bwg_current_key\":\"\",\"bwg_transition_duration\":100,\"bwg_trans_in_progress\":false,\"data\":[{\"id\":\"6441\",\"alt\":\"WhatsApp-Image-2022-07-11-at-16.22.33\",\"description\":\"\",\"filetype\":\"JPEG\",\"filename\":\"WhatsApp-Image-2022-07-11-at-16.22.33\",\"image_url\":\"\\\/Galeries_Photos\\\/2022\\\/Objets_trouves\\\/WhatsApp-Image-2022-07-11-at-16.22.33.jpeg?bwg=1657634334\",\"thumb_url\":\"\\\/Galeries_Photos\\\/2022\\\/Objets_trouves\\\/thumb\\\/WhatsApp-Image-2022-07-11-at-16.22.33.jpeg?bwg=1657634334\",\"redirect_url\":\"\",\"date\":\"2022-07-12 13:51:21\",\"is_embed\":false,\"is_embed_video\":false},{\"id\":\"6440\",\"alt\":\"WhatsApp-Image-2022-07-12-at-14.38.29\",\"description\":\"\",\"filetype\":\"JPEG\",\"filename\":\"WhatsApp-Image-2022-07-12-at-14.38.29\",\"image_url\":\"\\\/Galeries_Photos\\\/2022\\\/Objets_trouves\\\/WhatsApp-Image-2022-07-12-at-14.38.29.jpeg?bwg=1657634334\",\"thumb_url\":\"\\\/Galeries_Photos\\\/2022\\\/Objets_trouves\\\/thumb\\\/WhatsApp-Image-2022-07-12-at-14.38.29.jpeg?bwg=1657634334\",\"redirect_url\":\"\",\"date\":\"2022-07-12 13:51:25\",\"is_embed\":false,\"is_embed_video\":false},{\"id\":\"6439\",\"alt\":\"WhatsApp-Image-2022-07-11-at-19.08.22-2\",\"description\":\"\",\"filetype\":\"JPEG\",\"filename\":\"WhatsApp-Image-2022-07-11-at-19.08.22-2\",\"image_url\":\"\\\/Galeries_Photos\\\/2022\\\/Objets_trouves\\\/WhatsApp-Image-2022-07-11-at-19.08.22-2.jpeg?bwg=1657634334\",\"thumb_url\":\"\\\/Galeries_Photos\\\/2022\\\/Objets_trouves\\\/thumb\\\/WhatsApp-Image-2022-07-11-at-19.08.22-2.jpeg?bwg=1657634334\",\"redirect_url\":\"\",\"date\":\"2022-07-12 13:51:27\",\"is_embed\":false,\"is_embed_video\":false},{\"id\":\"6438\",\"alt\":\"WhatsApp-Image-2022-07-11-at-19.08.21-1\",\"description\":\"\",\"filetype\":\"JPEG\",\"filename\":\"WhatsApp-Image-2022-07-11-at-19.08.21-1\",\"image_url\":\"\\\/Galeries_Photos\\\/2022\\\/Objets_trouves\\\/WhatsApp-Image-2022-07-11-at-19.08.21-1.jpeg?bwg=1657634334\",\"thumb_url\":\"\\\/Galeries_Photos\\\/2022\\\/Objets_trouves\\\/thumb\\\/WhatsApp-Image-2022-07-11-at-19.08.21-1.jpeg?bwg=1657634334\",\"redirect_url\":\"\",\"date\":\"2022-07-12 13:51:27\",\"is_embed\":false,\"is_embed_video\":false},{\"id\":\"6437\",\"alt\":\"WhatsApp-Image-2022-07-11-at-19.08.22-3\",\"description\":\"\",\"filetype\":\"JPEG\",\"filename\":\"WhatsApp-Image-2022-07-11-at-19.08.22-3\",\"image_url\":\"\\\/Galeries_Photos\\\/2022\\\/Objets_trouves\\\/WhatsApp-Image-2022-07-11-at-19.08.22-3.jpeg?bwg=1657634334\",\"thumb_url\":\"\\\/Galeries_Photos\\\/2022\\\/Objets_trouves\\\/thumb\\\/WhatsApp-Image-2022-07-11-at-19.08.22-3.jpeg?bwg=1657634334\",\"redirect_url\":\"\",\"date\":\"2022-07-12 13:51:27\",\"is_embed\":false,\"is_embed_video\":false},{\"id\":\"6436\",\"alt\":\"WhatsApp-Image-2022-07-11-at-19.08.23-1\",\"description\":\"\",\"filetype\":\"JPEG\",\"filename\":\"WhatsApp-Image-2022-07-11-at-19.08.23-1\",\"image_url\":\"\\\/Galeries_Photos\\\/2022\\\/Objets_trouves\\\/WhatsApp-Image-2022-07-11-at-19.08.23-1.jpeg?bwg=1657634334\",\"thumb_url\":\"\\\/Galeries_Photos\\\/2022\\\/Objets_trouves\\\/thumb\\\/WhatsApp-Image-2022-07-11-at-19.08.23-1.jpeg?bwg=1657634334\",\"redirect_url\":\"\",\"date\":\"2022-07-12 13:51:28\",\"is_embed\":false,\"is_embed_video\":false},{\"id\":\"6435\",\"alt\":\"WhatsApp-Image-2022-07-12-at-14.38.30\",\"description\":\"\",\"filetype\":\"JPEG\",\"filename\":\"WhatsApp-Image-2022-07-12-at-14.38.30\",\"image_url\":\"\\\/Galeries_Photos\\\/2022\\\/Objets_trouves\\\/WhatsApp-Image-2022-07-12-at-14.38.30.jpeg?bwg=1657634334\",\"thumb_url\":\"\\\/Galeries_Photos\\\/2022\\\/Objets_trouves\\\/thumb\\\/WhatsApp-Image-2022-07-12-at-14.38.30.jpeg?bwg=1657634334\",\"redirect_url\":\"\",\"date\":\"2022-07-12 13:51:29\",\"is_embed\":false,\"is_embed_video\":false},{\"id\":\"6434\",\"alt\":\"WhatsApp-Image-2022-07-11-at-15.39.26-14\",\"description\":\"\",\"filetype\":\"JPEG\",\"filename\":\"WhatsApp-Image-2022-07-11-at-15.39.26-14\",\"image_url\":\"\\\/Galeries_Photos\\\/2022\\\/Objets_trouves\\\/WhatsApp-Image-2022-07-11-at-15.39.26-14.jpeg?bwg=1657634334\",\"thumb_url\":\"\\\/Galeries_Photos\\\/2022\\\/Objets_trouves\\\/thumb\\\/WhatsApp-Image-2022-07-11-at-15.39.26-14.jpeg?bwg=1657634334\",\"redirect_url\":\"\",\"date\":\"2022-07-12 13:51:55\",\"is_embed\":false,\"is_embed_video\":false},{\"id\":\"6433\",\"alt\":\"WhatsApp-Image-2022-07-11-at-15.39.26-13\",\"description\":\"\",\"filetype\":\"JPEG\",\"filename\":\"WhatsApp-Image-2022-07-11-at-15.39.26-13\",\"image_url\":\"\\\/Galeries_Photos\\\/2022\\\/Objets_trouves\\\/WhatsApp-Image-2022-07-11-at-15.39.26-13.jpeg?bwg=1657634334\",\"thumb_url\":\"\\\/Galeries_Photos\\\/2022\\\/Objets_trouves\\\/thumb\\\/WhatsApp-Image-2022-07-11-at-15.39.26-13.jpeg?bwg=1657634334\",\"redirect_url\":\"\",\"date\":\"2022-07-12 13:51:55\",\"is_embed\":false,\"is_embed_video\":false},{\"id\":\"6432\",\"alt\":\"WhatsApp-Image-2022-07-11-at-15.39.26-15\",\"description\":\"\",\"filetype\":\"JPEG\",\"filename\":\"WhatsApp-Image-2022-07-11-at-15.39.26-15\",\"image_url\":\"\\\/Galeries_Photos\\\/2022\\\/Objets_trouves\\\/WhatsApp-Image-2022-07-11-at-15.39.26-15.jpeg?bwg=1657634334\",\"thumb_url\":\"\\\/Galeries_Photos\\\/2022\\\/Objets_trouves\\\/thumb\\\/WhatsApp-Image-2022-07-11-at-15.39.26-15.jpeg?bwg=1657634334\",\"redirect_url\":\"\",\"date\":\"2022-07-12 13:51:55\",\"is_embed\":false,\"is_embed_video\":false},{\"id\":\"6431\",\"alt\":\"WhatsApp-Image-2022-07-11-at-15.39.26-12\",\"description\":\"\",\"filetype\":\"JPEG\",\"filename\":\"WhatsApp-Image-2022-07-11-at-15.39.26-12\",\"image_url\":\"\\\/Galeries_Photos\\\/2022\\\/Objets_trouves\\\/WhatsApp-Image-2022-07-11-at-15.39.26-12.jpeg?bwg=1657634334\",\"thumb_url\":\"\\\/Galeries_Photos\\\/2022\\\/Objets_trouves\\\/thumb\\\/WhatsApp-Image-2022-07-11-at-15.39.26-12.jpeg?bwg=1657634334\",\"redirect_url\":\"\",\"date\":\"2022-07-12 13:51:55\",\"is_embed\":false,\"is_embed_video\":false},{\"id\":\"6430\",\"alt\":\"WhatsApp-Image-2022-07-11-at-15.39.26-16\",\"description\":\"\",\"filetype\":\"JPEG\",\"filename\":\"WhatsApp-Image-2022-07-11-at-15.39.26-16\",\"image_url\":\"\\\/Galeries_Photos\\\/2022\\\/Objets_trouves\\\/WhatsApp-Image-2022-07-11-at-15.39.26-16.jpeg?bwg=1657634334\",\"thumb_url\":\"\\\/Galeries_Photos\\\/2022\\\/Objets_trouves\\\/thumb\\\/WhatsApp-Image-2022-07-11-at-15.39.26-16.jpeg?bwg=1657634334\",\"redirect_url\":\"\",\"date\":\"2022-07-12 13:51:55\",\"is_embed\":false,\"is_embed_video\":false},{\"id\":\"6429\",\"alt\":\"WhatsApp-Image-2022-07-11-at-15.39.26-8\",\"description\":\"\",\"filetype\":\"JPEG\",\"filename\":\"WhatsApp-Image-2022-07-11-at-15.39.26-8\",\"image_url\":\"\\\/Galeries_Photos\\\/2022\\\/Objets_trouves\\\/WhatsApp-Image-2022-07-11-at-15.39.26-8.jpeg?bwg=1657634334\",\"thumb_url\":\"\\\/Galeries_Photos\\\/2022\\\/Objets_trouves\\\/thumb\\\/WhatsApp-Image-2022-07-11-at-15.39.26-8.jpeg?bwg=1657634334\",\"redirect_url\":\"\",\"date\":\"2022-07-12 13:51:56\",\"is_embed\":false,\"is_embed_video\":false},{\"id\":\"6428\",\"alt\":\"WhatsApp-Image-2022-07-11-at-15.39.26-7\",\"description\":\"\",\"filetype\":\"JPEG\",\"filename\":\"WhatsApp-Image-2022-07-11-at-15.39.26-7\",\"image_url\":\"\\\/Galeries_Photos\\\/2022\\\/Objets_trouves\\\/WhatsApp-Image-2022-07-11-at-15.39.26-7.jpeg?bwg=1657634334\",\"thumb_url\":\"\\\/Galeries_Photos\\\/2022\\\/Objets_trouves\\\/thumb\\\/WhatsApp-Image-2022-07-11-at-15.39.26-7.jpeg?bwg=1657634334\",\"redirect_url\":\"\",\"date\":\"2022-07-12 13:51:56\",\"is_embed\":false,\"is_embed_video\":false},{\"id\":\"6427\",\"alt\":\"WhatsApp-Image-2022-07-11-at-15.39.26-9\",\"description\":\"\",\"filetype\":\"JPEG\",\"filename\":\"WhatsApp-Image-2022-07-11-at-15.39.26-9\",\"image_url\":\"\\\/Galeries_Photos\\\/2022\\\/Objets_trouves\\\/WhatsApp-Image-2022-07-11-at-15.39.26-9.jpeg?bwg=1657634334\",\"thumb_url\":\"\\\/Galeries_Photos\\\/2022\\\/Objets_trouves\\\/thumb\\\/WhatsApp-Image-2022-07-11-at-15.39.26-9.jpeg?bwg=1657634334\",\"redirect_url\":\"\",\"date\":\"2022-07-12 13:51:56\",\"is_embed\":false,\"is_embed_video\":false},{\"id\":\"6426\",\"alt\":\"WhatsApp-Image-2022-07-11-at-15.39.26-11\",\"description\":\"\",\"filetype\":\"JPEG\",\"filename\":\"WhatsApp-Image-2022-07-11-at-15.39.26-11\",\"image_url\":\"\\\/Galeries_Photos\\\/2022\\\/Objets_trouves\\\/WhatsApp-Image-2022-07-11-at-15.39.26-11.jpeg?bwg=1657634334\",\"thumb_url\":\"\\\/Galeries_Photos\\\/2022\\\/Objets_trouves\\\/thumb\\\/WhatsApp-Image-2022-07-11-at-15.39.26-11.jpeg?bwg=1657634334\",\"redirect_url\":\"\",\"date\":\"2022-07-12 13:51:56\",\"is_embed\":false,\"is_embed_video\":false},{\"id\":\"6425\",\"alt\":\"WhatsApp-Image-2022-07-11-at-15.39.26-10\",\"description\":\"\",\"filetype\":\"JPEG\",\"filename\":\"WhatsApp-Image-2022-07-11-at-15.39.26-10\",\"image_url\":\"\\\/Galeries_Photos\\\/2022\\\/Objets_trouves\\\/WhatsApp-Image-2022-07-11-at-15.39.26-10.jpeg?bwg=1657634334\",\"thumb_url\":\"\\\/Galeries_Photos\\\/2022\\\/Objets_trouves\\\/thumb\\\/WhatsApp-Image-2022-07-11-at-15.39.26-10.jpeg?bwg=1657634334\",\"redirect_url\":\"\",\"date\":\"2022-07-12 13:51:56\",\"is_embed\":false,\"is_embed_video\":false},{\"id\":\"6424\",\"alt\":\"WhatsApp-Image-2022-07-11-at-15.39.26-3\",\"description\":\"\",\"filetype\":\"JPEG\",\"filename\":\"WhatsApp-Image-2022-07-11-at-15.39.26-3\",\"image_url\":\"\\\/Galeries_Photos\\\/2022\\\/Objets_trouves\\\/WhatsApp-Image-2022-07-11-at-15.39.26-3.jpeg?bwg=1657634334\",\"thumb_url\":\"\\\/Galeries_Photos\\\/2022\\\/Objets_trouves\\\/thumb\\\/WhatsApp-Image-2022-07-11-at-15.39.26-3.jpeg?bwg=1657634334\",\"redirect_url\":\"\",\"date\":\"2022-07-12 13:51:57\",\"is_embed\":false,\"is_embed_video\":false},{\"id\":\"6423\",\"alt\":\"WhatsApp-Image-2022-07-11-at-15.39.26-2\",\"description\":\"\",\"filetype\":\"JPEG\",\"filename\":\"WhatsApp-Image-2022-07-11-at-15.39.26-2\",\"image_url\":\"\\\/Galeries_Photos\\\/2022\\\/Objets_trouves\\\/WhatsApp-Image-2022-07-11-at-15.39.26-2.jpeg?bwg=1657634334\",\"thumb_url\":\"\\\/Galeries_Photos\\\/2022\\\/Objets_trouves\\\/thumb\\\/WhatsApp-Image-2022-07-11-at-15.39.26-2.jpeg?bwg=1657634334\",\"redirect_url\":\"\",\"date\":\"2022-07-12 13:51:57\",\"is_embed\":false,\"is_embed_video\":false},{\"id\":\"6422\",\"alt\":\"WhatsApp-Image-2022-07-11-at-15.39.26-4\",\"description\":\"\",\"filetype\":\"JPEG\",\"filename\":\"WhatsApp-Image-2022-07-11-at-15.39.26-4\",\"image_url\":\"\\\/Galeries_Photos\\\/2022\\\/Objets_trouves\\\/WhatsApp-Image-2022-07-11-at-15.39.26-4.jpeg?bwg=1657634334\",\"thumb_url\":\"\\\/Galeries_Photos\\\/2022\\\/Objets_trouves\\\/thumb\\\/WhatsApp-Image-2022-07-11-at-15.39.26-4.jpeg?bwg=1657634334\",\"redirect_url\":\"\",\"date\":\"2022-07-12 13:51:57\",\"is_embed\":false,\"is_embed_video\":false},{\"id\":\"6421\",\"alt\":\"WhatsApp-Image-2022-07-11-at-15.39.26-5\",\"description\":\"\",\"filetype\":\"JPEG\",\"filename\":\"WhatsApp-Image-2022-07-11-at-15.39.26-5\",\"image_url\":\"\\\/Galeries_Photos\\\/2022\\\/Objets_trouves\\\/WhatsApp-Image-2022-07-11-at-15.39.26-5.jpeg?bwg=1657634334\",\"thumb_url\":\"\\\/Galeries_Photos\\\/2022\\\/Objets_trouves\\\/thumb\\\/WhatsApp-Image-2022-07-11-at-15.39.26-5.jpeg?bwg=1657634334\",\"redirect_url\":\"\",\"date\":\"2022-07-12 13:51:57\",\"is_embed\":false,\"is_embed_video\":false},{\"id\":\"6420\",\"alt\":\"WhatsApp-Image-2022-07-11-at-15.39.26-6\",\"description\":\"\",\"filetype\":\"JPEG\",\"filename\":\"WhatsApp-Image-2022-07-11-at-15.39.26-6\",\"image_url\":\"\\\/Galeries_Photos\\\/2022\\\/Objets_trouves\\\/WhatsApp-Image-2022-07-11-at-15.39.26-6.jpeg?bwg=1657634334\",\"thumb_url\":\"\\\/Galeries_Photos\\\/2022\\\/Objets_trouves\\\/thumb\\\/WhatsApp-Image-2022-07-11-at-15.39.26-6.jpeg?bwg=1657634334\",\"redirect_url\":\"\",\"date\":\"2022-07-12 13:51:57\",\"is_embed\":false,\"is_embed_video\":false},{\"id\":\"6419\",\"alt\":\"WhatsApp-Image-2022-07-11-at-15.39.24\",\"description\":\"\",\"filetype\":\"JPEG\",\"filename\":\"WhatsApp-Image-2022-07-11-at-15.39.24\",\"image_url\":\"\\\/Galeries_Photos\\\/2022\\\/Objets_trouves\\\/WhatsApp-Image-2022-07-11-at-15.39.24.jpeg?bwg=1657634334\",\"thumb_url\":\"\\\/Galeries_Photos\\\/2022\\\/Objets_trouves\\\/thumb\\\/WhatsApp-Image-2022-07-11-at-15.39.24.jpeg?bwg=1657634334\",\"redirect_url\":\"\",\"date\":\"2022-07-12 13:51:58\",\"is_embed\":false,\"is_embed_video\":false},{\"id\":\"6418\",\"alt\":\"WhatsApp-Image-2022-07-11-at-15.39.24-1\",\"description\":\"\",\"filetype\":\"JPEG\",\"filename\":\"WhatsApp-Image-2022-07-11-at-15.39.24-1\",\"image_url\":\"\\\/Galeries_Photos\\\/2022\\\/Objets_trouves\\\/WhatsApp-Image-2022-07-11-at-15.39.24-1.jpeg?bwg=1657634334\",\"thumb_url\":\"\\\/Galeries_Photos\\\/2022\\\/Objets_trouves\\\/thumb\\\/WhatsApp-Image-2022-07-11-at-15.39.24-1.jpeg?bwg=1657634334\",\"redirect_url\":\"\",\"date\":\"2022-07-12 13:51:58\",\"is_embed\":false,\"is_embed_video\":false},{\"id\":\"6417\",\"alt\":\"WhatsApp-Image-2022-07-11-at-15.39.24-2\",\"description\":\"\",\"filetype\":\"JPEG\",\"filename\":\"WhatsApp-Image-2022-07-11-at-15.39.24-2\",\"image_url\":\"\\\/Galeries_Photos\\\/2022\\\/Objets_trouves\\\/WhatsApp-Image-2022-07-11-at-15.39.24-2.jpeg?bwg=1657634334\",\"thumb_url\":\"\\\/Galeries_Photos\\\/2022\\\/Objets_trouves\\\/thumb\\\/WhatsApp-Image-2022-07-11-at-15.39.24-2.jpeg?bwg=1657634334\",\"redirect_url\":\"\",\"date\":\"2022-07-12 13:51:58\",\"is_embed\":false,\"is_embed_video\":false},{\"id\":\"6416\",\"alt\":\"WhatsApp-Image-2022-07-11-at-15.39.26\",\"description\":\"\",\"filetype\":\"JPEG\",\"filename\":\"WhatsApp-Image-2022-07-11-at-15.39.26\",\"image_url\":\"\\\/Galeries_Photos\\\/2022\\\/Objets_trouves\\\/WhatsApp-Image-2022-07-11-at-15.39.26.jpeg?bwg=1657634334\",\"thumb_url\":\"\\\/Galeries_Photos\\\/2022\\\/Objets_trouves\\\/thumb\\\/WhatsApp-Image-2022-07-11-at-15.39.26.jpeg?bwg=1657634334\",\"redirect_url\":\"\",\"date\":\"2022-07-12 13:51:58\",\"is_embed\":false,\"is_embed_video\":false},{\"id\":\"6415\",\"alt\":\"WhatsApp-Image-2022-07-11-at-15.39.26-1\",\"description\":\"\",\"filetype\":\"JPEG\",\"filename\":\"WhatsApp-Image-2022-07-11-at-15.39.26-1\",\"image_url\":\"\\\/Galeries_Photos\\\/2022\\\/Objets_trouves\\\/WhatsApp-Image-2022-07-11-at-15.39.26-1.jpeg?bwg=1657634334\",\"thumb_url\":\"\\\/Galeries_Photos\\\/2022\\\/Objets_trouves\\\/thumb\\\/WhatsApp-Image-2022-07-11-at-15.39.26-1.jpeg?bwg=1657634334\",\"redirect_url\":\"\",\"date\":\"2022-07-12 13:51:58\",\"is_embed\":false,\"is_embed_video\":false},{\"id\":\"6414\",\"alt\":\"WhatsApp-Image-2022-07-11-at-15.39.23-1\",\"description\":\"\",\"filetype\":\"JPEG\",\"filename\":\"WhatsApp-Image-2022-07-11-at-15.39.23-1\",\"image_url\":\"\\\/Galeries_Photos\\\/2022\\\/Objets_trouves\\\/WhatsApp-Image-2022-07-11-at-15.39.23-1.jpeg?bwg=1657634334\",\"thumb_url\":\"\\\/Galeries_Photos\\\/2022\\\/Objets_trouves\\\/thumb\\\/WhatsApp-Image-2022-07-11-at-15.39.23-1.jpeg?bwg=1657634334\",\"redirect_url\":\"\",\"date\":\"2022-07-12 13:51:59\",\"is_embed\":false,\"is_embed_video\":false},{\"id\":\"6413\",\"alt\":\"WhatsApp-Image-2022-07-11-at-15.36.07\",\"description\":\"\",\"filetype\":\"JPEG\",\"filename\":\"WhatsApp-Image-2022-07-11-at-15.36.07\",\"image_url\":\"\\\/Galeries_Photos\\\/2022\\\/Objets_trouves\\\/WhatsApp-Image-2022-07-11-at-15.36.07.jpeg?bwg=1657634334\",\"thumb_url\":\"\\\/Galeries_Photos\\\/2022\\\/Objets_trouves\\\/thumb\\\/WhatsApp-Image-2022-07-11-at-15.36.07.jpeg?bwg=1657634334\",\"redirect_url\":\"\",\"date\":\"2022-07-12 13:52:01\",\"is_embed\":false,\"is_embed_video\":false},{\"id\":\"6412\",\"alt\":\"WhatsApp-Image-2022-07-11-at-15.36.02\",\"description\":\"\",\"filetype\":\"JPEG\",\"filename\":\"WhatsApp-Image-2022-07-11-at-15.36.02\",\"image_url\":\"\\\/Galeries_Photos\\\/2022\\\/Objets_trouves\\\/WhatsApp-Image-2022-07-11-at-15.36.02.jpeg?bwg=1657634334\",\"thumb_url\":\"\\\/Galeries_Photos\\\/2022\\\/Objets_trouves\\\/thumb\\\/WhatsApp-Image-2022-07-11-at-15.36.02.jpeg?bwg=1657634334\",\"redirect_url\":\"\",\"date\":\"2022-07-12 13:52:01\",\"is_embed\":false,\"is_embed_video\":false},{\"id\":\"6411\",\"alt\":\"WhatsApp-Image-2022-07-11-at-15.36.03\",\"description\":\"\",\"filetype\":\"JPEG\",\"filename\":\"WhatsApp-Image-2022-07-11-at-15.36.03\",\"image_url\":\"\\\/Galeries_Photos\\\/2022\\\/Objets_trouves\\\/WhatsApp-Image-2022-07-11-at-15.36.03.jpeg?bwg=1657634334\",\"thumb_url\":\"\\\/Galeries_Photos\\\/2022\\\/Objets_trouves\\\/thumb\\\/WhatsApp-Image-2022-07-11-at-15.36.03.jpeg?bwg=1657634334\",\"redirect_url\":\"\",\"date\":\"2022-07-12 13:52:01\",\"is_embed\":false,\"is_embed_video\":false}],\"width_or_height\":\"width\",\"filmstrip_thumb_margin_hor\":2,\"left_or_top\":\"left\",\"outerWidth_or_outerHeight\":\"outerWidth\",\"enable_slideshow_shuffle\":\"0\",\"lightbox_filmstrip_thumb_border_width\":\"1\",\"thumb_click_action\":\"open_lightbox\",\"thumb_link_target\":\"1\",\"upload_url\":\"https:\\\/\\\/www.festicheyres.ch\\\/wp-content\\\/uploads\\\/photo-gallery\",\"preload_images\":\"1\",\"slideshow_effect\":\"fade\",\"enable_slideshow_filmstrip\":\"1\",\"event_stack\":\"\",\"preload_images_count\":10,\"image_width\":\"700\",\"image_height\":\"500\",\"filmstrip_direction\":\"horizontal\",\"slideshow_filmstrip_width\":161,\"slideshow_filmstrip_height\":\"90\",\"slideshow_play_pause_btn_size\":\"35\",\"watermark_type\":90,\"watermark_height\":90,\"watermark_font_size\":12,\"slideshow_title_font_size\":\"16\",\"slideshow_description_font_size\":\"14\",\"bwg_playInterval\":\"\",\"slideshow_interval\":5,\"image_right_click\":\"0\",\"enable_slideshow_autoplay\":\"0\",\"enable_slideshow_music\":\"0\",\"bwg_current_filmstrip_pos\":0}'>      <div class=\"bwg_slide_container_0\">        <div class=\"bwg_slide_bg_0\">          <div class=\"bwg_slider_0\">                            <span class=\"bwg_slideshow_image_spun_0\" id=\"image_id_0_6441\">                    <span class=\"bwg_slideshow_image_spun1_0\">                      <span class=\"bwg_slideshow_image_spun2_0\">                                                  <a  class=\"bwg-a bwg_lightbox\" href=\"https:\/\/www.festicheyres.ch\/wp-content\/uploads\/photo-gallery\/Galeries_Photos\/2022\/Objets_trouves\/WhatsApp-Image-2022-07-11-at-16.22.33.jpeg?bwg=1657634334\" data-image-id=\"6441\" data-elementor-open-lightbox=\"no\">                          <img id=\"bwg_slideshow_image_0\"                               class=\"skip-lazy bwg_slide bwg_slideshow_image_0 \"                               src=\"https:\/\/www.festicheyres.ch\/wp-content\/uploads\/photo-gallery\/Galeries_Photos\/2022\/Objets_trouves\/WhatsApp-Image-2022-07-11-at-16.22.33.jpeg?bwg=1657634334\"                               data-original=\"https:\/\/www.festicheyres.ch\/wp-content\/uploads\/photo-gallery\/Galeries_Photos\/2022\/Objets_trouves\/WhatsApp-Image-2022-07-11-at-16.22.33.jpeg?bwg=1657634334\"                               image_id=\"6441\"                               alt=\"WhatsApp-Image-2022-07-11-at-16.22.33\" \/>                          <\/a>                                                <\/span>                    <\/span>                  <\/span>                <span class=\"bwg_slideshow_image_second_spun_0\">                  <\/span>                <input type=\"hidden\" id=\"bwg_current_image_key_0\" value=\"0\" \/>                          <\/div>        <\/div>      <\/div>              <a class=\"bwg-a\" id=\"spider_slideshow_left_0\" onclick=\"bwg_change_image(parseInt(jQuery('#bwg_current_image_key_0').val()), (parseInt(jQuery('#bwg_current_image_key_0').val()) + 31 - bwg_iterator(0)) % 31, '', '', 0); return false;\"><span id=\"spider_slideshow_left-ico_0\"><span><i class=\"bwg-icon-angle-left bwg_slideshow_prev_btn_0\"><\/i><\/span><\/span><\/a>        <span id=\"bwg_slideshow_play_pause_0\" class=\"bwg_slideshow_play_pause\" style=\"display: ;\"><span><span id=\"bwg_slideshow_play_pause-ico_0\"><i class=\"bwg-icon-play bwg_ctrl_btn_0 bwg_slideshow_play_pause_0\"><\/i><\/span><\/span><\/span>        <a class=\"bwg-a\" id=\"spider_slideshow_right_0\" onclick=\"bwg_change_image(parseInt(jQuery('#bwg_current_image_key_0').val()), (parseInt(jQuery('#bwg_current_image_key_0').val()) + bwg_iterator(0)) % 31, '', '', 0); return false;\"><span id=\"spider_slideshow_right-ico_0\"><span><i class=\"bwg-icon-angle-right bwg_slideshow_next_btn_0\"><\/i><\/span><\/span><\/a>            <\/div>      <\/div>            <\/div>        <\/form>          <style>          #bwg_container1_0 #bwg_container2_0 #spider_popup_overlay_0 {          background-color: #EEEEEE;          opacity: 0.60;          }          <\/style>        <div id=\"bwg_spider_popup_loading_0\" class=\"bwg_spider_popup_loading\"><\/div>        <div id=\"spider_popup_overlay_0\" class=\"spider_popup_overlay\" onclick=\"spider_destroypopup(1000)\"><\/div>        <input type=\"hidden\" id=\"bwg_random_seed_0\" value=\"1333622769\">                <\/div>    <\/div>    <script>      if (document.readyState === 'complete') {        if( typeof bwg_main_ready == 'function' ) {          if ( jQuery(\"#bwg_container1_0\").height() ) {            bwg_main_ready(jQuery(\"#bwg_container1_0\"));          }        }      } else {        document.addEventListener('DOMContentLoaded', function() {          if( typeof bwg_main_ready == 'function' ) {            if ( jQuery(\"#bwg_container1_0\").height() ) {             bwg_main_ready(jQuery(\"#bwg_container1_0\"));            }          }        });      }    <\/script>    <\/p>\n<p>[\/vc_column_text][\/vc_column][\/vc_row][vc_row][vc_column][vc_column_text][\/vc_column_text][\/vc_column][\/vc_row][vc_row full_width=\u00a0\u00bbstretch_row\u00a0\u00bb css=\u00a0\u00bb.vc_custom_1652942136841{background-color: #fff082 !important;}\u00a0\u00bb][vc_column][vc_basic_grid post_type=\u00a0\u00bbgroupe\u00a0\u00bb max_items=\u00a0\u00bb-1&Prime; style=\u00a0\u00bbload-more\u00a0\u00bb items_per_page=\u00a0\u00bb4&Prime; element_width=\u00a0\u00bb3&Prime; orderby=\u00a0\u00bbrand\u00a0\u00bb item=\u00a0\u00bb3570&Prime; btn_title=\u00a0\u00bbPlus de groupes\u00a0\u00bb btn_style=\u00a0\u00bbclassic\u00a0\u00bb btn_shape=\u00a0\u00bbsquare\u00a0\u00bb btn_color=\u00a0\u00bbjuicy-pink\u00a0\u00bb btn_align=\u00a0\u00bbcenter\u00a0\u00bb btn_i_icon_fontawesome=\u00a0\u00bbfas fa-angle-double-down\u00a0\u00bb btn_add_icon=\u00a0\u00bbtrue\u00a0\u00bb grid_id=\u00a0\u00bbvc_gid:1657814481940-678e6cbd-e456-6&Prime; taxonomies=\u00a0\u00bb20&Prime;][\/vc_column][\/vc_row][vc_row full_width=\u00a0\u00bbstretch_row\u00a0\u00bb][vc_column width=\u00a0\u00bb1\/2&Prime;][vc_video link=\u00a0\u00bbhttps:\/\/vimeo.com\/578109221&Prime; css_animation=\u00a0\u00bbfadeInLeft\u00a0\u00bb title=\u00a0\u00bbL&rsquo;aftermovie 2021&Prime;][\/vc_column][vc_column width=\u00a0\u00bb1\/2&Prime;][vc_video link=\u00a0\u00bbhttps:\/\/vimeo.com\/370983124&Prime; css_animation=\u00a0\u00bbfadeInRight\u00a0\u00bb title=\u00a0\u00bbL&rsquo;aftermovie 2019&Prime;][\/vc_column][\/vc_row][vc_row][vc_column][vc_column_text][\/vc_column_text][\/vc_column][\/vc_row][vc_row full_width=\u00a0\u00bbstretch_row\u00a0\u00bb equal_height=\u00a0\u00bbyes\u00a0\u00bb css_animation=\u00a0\u00bbnone\u00a0\u00bb css=\u00a0\u00bb.vc_custom_1652942540555{margin-top: 30px !important;background-color: #fff082 !important;}\u00a0\u00bb][vc_column css_animation=\u00a0\u00bbappear\u00a0\u00bb width=\u00a0\u00bb1\/4&Prime;][vc_single_image image=\u00a0\u00bb2190&Prime; img_size=\u00a0\u00bb400&#215;400&Prime; alignment=\u00a0\u00bbcenter\u00a0\u00bb style=\u00a0\u00bbvc_box_rounded\u00a0\u00bb onclick=\u00a0\u00bbcustom_link\u00a0\u00bb link=\u00a0\u00bbhttps:\/\/www.festicheyres.ch\/programme\/groupes\/\u00a0\u00bb][vc_column_text css=\u00a0\u00bb.vc_custom_1652941974749{padding-top: 10px !important;padding-right: 10px !important;padding-bottom: 10px !important;padding-left: 10px !important;background-color: #f2f2f2 !important;}\u00a0\u00bb]<\/p>\n<h3 style=\"text-align: center;\">Un festival gratuit<\/h3>\n<p style=\"text-align: center;\">De la musique plein les oreilles, une programmation \u00e9clectique, des animations pour les enfants, l\u2019acc\u00e8s direct \u00e0 la plage, des prix abordables et une entr\u00e9e gratuite !<\/p>\n<p style=\"text-align: center;\"><a href=\"https:\/\/www.festicheyres.ch\/programme\/groupes\/\">La Prog&rsquo;<\/a> | <a href=\"https:\/\/www.festicheyres.ch\/pratique\/restauration\/\">Restauration<\/a>,&#8230;<\/p>\n<p>[\/vc_column_text][\/vc_column][vc_column css_animation=\u00a0\u00bbappear\u00a0\u00bb width=\u00a0\u00bb1\/4&Prime;][vc_single_image image=\u00a0\u00bb2198&Prime; img_size=\u00a0\u00bb400&#215;400&Prime; alignment=\u00a0\u00bbcenter\u00a0\u00bb style=\u00a0\u00bbvc_box_rounded\u00a0\u00bb onclick=\u00a0\u00bbcustom_link\u00a0\u00bb link=\u00a0\u00bbhttps:\/\/www.festicheyres.ch\/programme\/animations\/\u00a0\u00bb][vc_column_text css=\u00a0\u00bb.vc_custom_1652942583794{padding-top: 10px !important;padding-right: 10px !important;padding-bottom: 10px !important;padding-left: 10px !important;background-color: #f2f2f2 !important;}\u00a0\u00bb]<\/p>\n<h3 style=\"text-align: center;\">Pour toute la famille<\/h3>\n<p style=\"text-align: center;\">Grafiti, Cr\u00e9ation R\u00e9cup&rsquo;, Argile, Grimage, des animations ludiques pour les enfants tout au long du week-end !<\/p>\n<p style=\"text-align: center;\"><a href=\"https:\/\/www.festicheyres.ch\/programme\/animations\/\">Animations enfants<\/a><\/p>\n<p>[\/vc_column_text][\/vc_column][vc_column css_animation=\u00a0\u00bbappear\u00a0\u00bb width=\u00a0\u00bb1\/4&Prime;][vc_single_image image=\u00a0\u00bb2192&Prime; img_size=\u00a0\u00bb400&#215;400&Prime; alignment=\u00a0\u00bbcenter\u00a0\u00bb style=\u00a0\u00bbvc_box_rounded\u00a0\u00bb onclick=\u00a0\u00bbcustom_link\u00a0\u00bb link=\u00a0\u00bbhttps:\/\/www.festicheyres.ch\/pratique\/ecologie\/\u00a0\u00bb][vc_column_text css=\u00a0\u00bb.vc_custom_1586006494981{padding-top: 10px !important;padding-right: 10px !important;padding-bottom: 10px !important;padding-left: 10px !important;background-color: #f2f2f2 !important;}\u00a0\u00bb]<\/p>\n<h3 style=\"text-align: center;\">\u00c9co-logique<\/h3>\n<p style=\"text-align: center;\">L\u2019environnement dans lequel s\u2019ins\u00e8re le festival est unique. Festicheyres s\u2019engage pour int\u00e9grer le respect de l\u2019environnement au c\u0153ur du Festival. Engage-toi \u00e0 nos c\u00f4t\u00e9s !<\/p>\n<p style=\"text-align: center;\"><a href=\"https:\/\/www.festicheyres.ch\/pratique\/ecologie\/\">Le festival s&rsquo;engage avec vous<\/a><\/p>\n<p>[\/vc_column_text][\/vc_column][vc_column css_animation=\u00a0\u00bbappear\u00a0\u00bb width=\u00a0\u00bb1\/4&Prime;][vc_single_image image=\u00a0\u00bb3629&Prime; img_size=\u00a0\u00bb400&#215;400&Prime; alignment=\u00a0\u00bbcenter\u00a0\u00bb style=\u00a0\u00bbvc_box_rounded\u00a0\u00bb onclick=\u00a0\u00bbcustom_link\u00a0\u00bb link=\u00a0\u00bbhttps:\/\/www.festicheyres.ch\/pratique\/rentrer\u00a0\u00bb][vc_column_text css=\u00a0\u00bb.vc_custom_1653346815114{padding-top: 10px !important;padding-right: 10px !important;padding-bottom: 10px !important;padding-left: 10px !important;background-color: #f2f2f2 !important;}\u00a0\u00bb]<\/p>\n<h3 style=\"text-align: center;\">On te ram\u00e8ne !<\/h3>\n<p align=\"center\">Viens en train ! Un bus part \u00e0 3h (sur inscription) et une navette circuleront pour te ramener \u00e0 la maison. Et le train, et le bus public, etc.<\/p>\n<p align=\"center\"><a href=\"https:\/\/www.festicheyres.ch\/pratique\/rentrer\/\">Infos retours<\/a><\/p>\n<p>[\/vc_column_text][\/vc_column][\/vc_row][vc_row full_width=\u00a0\u00bbstretch_row\u00a0\u00bb first_background_color=\u00a0\u00bbrgba(112,81,204,0.75)\u00a0\u00bb enable_parallax=\u00a0\u00bbtrue\u00a0\u00bb css=\u00a0\u00bb.vc_custom_1586727993491{margin-top: 50px !important;}\u00a0\u00bb][vc_column][vc_column_text]<\/p>\n<h2>Participe toi aussi \u00e0 l&rsquo;aventure !<\/h2>\n<p>Rejoins-nous dans l&rsquo;incroyable \u00e9quipe du staff ou comme b\u00e9n\u00e9vole durant la f\u00eate, les exp\u00e9riences et aventures sont nombreuses et toujours dans la bonne humeur ![\/vc_column_text][\/vc_column][vc_column width=\u00a0\u00bb1\/3&Prime;][vc_column_text]<\/p>\n<h3>Dans le staff<\/h3>\n<p>Rejoins la famille des incroyables pour d\u00e9couvrir l&rsquo;envers du d\u00e9cor du festival. On a toujours des postes \u00e0 pourvoir, consulte la liste tout en bas de <a href=\"https:\/\/www.festicheyres.ch\/benevoles\/\">cette page<\/a> ![\/vc_column_text][\/vc_column][vc_column width=\u00a0\u00bb1\/3&Prime;][vc_column_text]<\/p>\n<h3>Comme b\u00e9n\u00e9vole<\/h3>\n<p>Sans toi et ta g\u00e9n\u00e9reuse aide, le festival n&rsquo;existerait pas et la f\u00eate serait vachement moins belle. Pour \u00e7a, nous tenions \u00e0 te remercier d&rsquo;avance. Fais bon usage de notre formulaire d&rsquo;inscription pour nous donner un coup de main. Toutes les aides sont les bienvenues !<\/p>\n<p><strong>Inscription b\u00e9n\u00e9vole : <\/strong><a href=\"https:\/\/www.festicheyres.ch\/benevoles\/\">Plages et inscription<\/a>[\/vc_column_text][\/vc_column][vc_column width=\u00a0\u00bb1\/3&Prime;][vc_empty_space][vc_single_image image=\u00a0\u00bb2778&Prime; img_size=\u00a0\u00bblarge\u00a0\u00bb alignment=\u00a0\u00bbcenter\u00a0\u00bb][\/vc_column][\/vc_row][vc_row full_width=\u00a0\u00bbstretch_row\u00a0\u00bb css=\u00a0\u00bb.vc_custom_1646428392867{margin-top: 40px !important;padding-bottom: 40px !important;background-color: #fff082 !important;}\u00a0\u00bb][vc_column css_animation=\u00a0\u00bbfadeInLeft\u00a0\u00bb width=\u00a0\u00bb1\/2&Prime;][vc_empty_space][vc_single_image image=\u00a0\u00bb2202&Prime; img_size=\u00a0\u00bblarge\u00a0\u00bb onclick=\u00a0\u00bbcustom_link\u00a0\u00bb link=\u00a0\u00bbhttps:\/\/www.festicheyres.ch\/festival\/association\u00a0\u00bb css=\u00a0\u00bb.vc_custom_1586728596724{margin-top: 20px !important;}\u00a0\u00bb][\/vc_column][vc_column width=\u00a0\u00bb1\/2&Prime; css=\u00a0\u00bb.vc_custom_1542410866265{margin-top: 15px !important;}\u00a0\u00bb][vc_column_text css_animation=\u00a0\u00bbfadeInRight\u00a0\u00bb]<\/p>\n<h2>L&rsquo;Association Festi&rsquo;Cheyres<\/h2>\n<p>Pour augmenter le soutien au Festi&rsquo;Cheyres, une association compos\u00e9e de membres a \u00e9t\u00e9 cr\u00e9\u00e9e en 2018. Nous pouvons d\u00e9j\u00e0 y compter une 50aine de membres ! A ton tour ?<\/p>\n<p>Tu crois au Festi\u2019Cheyres ? Tu aimerais y prendre part et pouvoir proposer des am\u00e9liorations ? Rejoins l\u2019association !<\/p>\n<p><a href=\"https:\/\/www.festicheyres.ch\/festival\/association\" target=\"_blank\" rel=\"noopener noreferrer\">Plus d&rsquo;info et inscription <\/a>[\/vc_column_text][\/vc_column][\/vc_row][vc_row css=\u00a0\u00bb.vc_custom_1569192320254{margin-top: 40px !important;}\u00a0\u00bb][vc_column][vc_column_text]<style id=\"bwg-style-1\">    #bwg_container1_1 #bwg_container2_1 .bwg-container-1.bwg-standard-thumbnails {      width: 1254px;              justify-content: center;        margin:0 auto !important;              background-color: rgba(255, 255, 255, 0.00);            padding-left: 4px;      padding-top: 4px;      max-width: 100%;            }        #bwg_container1_1 #bwg_container2_1 .bwg-container-1.bwg-standard-thumbnails .bwg-item {      justify-content: flex-start;      max-width: 250px;          }    #bwg_container1_1 #bwg_container2_1 .bwg-container-1.bwg-standard-thumbnails .bwg-item > a {       margin-right: 4px;       margin-bottom: 4px;    }    #bwg_container1_1 #bwg_container2_1 .bwg-container-1.bwg-standard-thumbnails .bwg-item0 {      padding: 0px;            background-color:rgba(0,0,0, 0.30);      border: 0px none #CCCCCC;      opacity: 1.00;      border-radius: 0;      box-shadow: ;    }    #bwg_container1_1 #bwg_container2_1 .bwg-container-1.bwg-standard-thumbnails .bwg-item1 img {      max-height: none;      max-width: none;      padding: 0 !important;    }         @media only screen and (min-width: 480px) {\t\t#bwg_container1_1 #bwg_container2_1 .bwg-container-1.bwg-standard-thumbnails .bwg-item1 img {\t\t\t-webkit-transition: all .3s; transition: all .3s;\t\t}\t\t#bwg_container1_1 #bwg_container2_1 .bwg-container-1.bwg-standard-thumbnails .bwg-item1 img:hover {\t\t\t-ms-transform: scale(1.08);\t\t\t-webkit-transform: scale(1.08);\t\t\ttransform: scale(1.08);\t\t}\t\t\t\t.bwg-standard-thumbnails .bwg-zoom-effect .bwg-zoom-effect-overlay {\t\t\t\t\t\tbackground-color:rgba(0,0,0, 0.3);\t\t}\t\t.bwg-standard-thumbnails .bwg-zoom-effect:hover img {\t\t\t-ms-transform: scale(1.08);\t\t\t-webkit-transform: scale(1.08);\t\t\ttransform: scale(1.08);\t\t}\t\t      }\t    #bwg_container1_1 #bwg_container2_1 .bwg-container-1.bwg-standard-thumbnails .bwg-item1 {      padding-top: 56%;    }        #bwg_container1_1 #bwg_container2_1 .bwg-container-1.bwg-standard-thumbnails .bwg-title1 {      position: absolute;      top: 0;      z-index: 100;      width: 100%;      height: 100%;      display: flex;      justify-content: center;      align-content: center;      flex-direction: column;      opacity: 0;    }\t      #bwg_container1_1 #bwg_container2_1 .bwg-container-1.bwg-standard-thumbnails .bwg-title2,    #bwg_container1_1 #bwg_container2_1 .bwg-container-1.bwg-standard-thumbnails .bwg-ecommerce2 {      color: #FFFFFF;      font-family: Ubuntu;      font-size: 16px;      font-weight: bold;      padding: 2px;      text-shadow: ;      max-height: 100%;    }    #bwg_container1_1 #bwg_container2_1 .bwg-container-1.bwg-standard-thumbnails .bwg-thumb-description span {    color: #323A45;    font-family: Ubuntu;    font-size: 12px;    max-height: 100%;    word-wrap: break-word;    }    #bwg_container1_1 #bwg_container2_1 .bwg-container-1.bwg-standard-thumbnails .bwg-play-icon2 {      font-size: 32px;    }    #bwg_container1_1 #bwg_container2_1 .bwg-container-1.bwg-standard-thumbnails .bwg-ecommerce2 {      font-size: 19.2px;      color: #323A45;    }    <\/style>    <div id=\"bwg_container1_1\"         class=\"bwg_container bwg_thumbnail bwg_thumbnails\"         data-right-click-protection=\"0\"         data-bwg=\"1\"         data-gallery-type=\"thumbnails\"         data-current-url=\"https:\/\/www.festicheyres.ch\/wp-json\/wp\/v2\/pages\/8\"         data-lightbox-url=\"https:\/\/www.festicheyres.ch\/wp-admin\/admin-ajax.php?action=GalleryBox&current_view=1&gallery_id=47&tag=0&theme_id=1&shortcode_id=26&sort_by=order&order_by=asc&current_url=https%3A%2F%2Fwww.festicheyres.ch%2Fwp-json%2Fwp%2Fv2%2Fpages%2F8\"         data-gallery-id=\"47\"         data-popup-width=\"800\"         data-popup-height=\"500\"         data-is-album=\"gallery\"         data-buttons-position=\"bottom\">      <div id=\"bwg_container2_1\">             <div id=\"ajax_loading_1\" class=\"bwg_loading_div_1\">      <div class=\"bwg_loading_div_2\">        <div class=\"bwg_loading_div_3\">          <div id=\"loading_div_1\" class=\"bwg_spider_ajax_loading\">          <\/div>        <\/div>      <\/div>    <\/div>            <form id=\"gal_front_form_1\"              class=\"bwg-hidden\"              method=\"post\"              action=\"#\"              data-current=\"1\"              data-shortcode-id=\"26\"              data-gallery-type=\"thumbnails\"              data-gallery-id=\"47\"              data-tag=\"0\"              data-album-id=\"0\"              data-theme-id=\"1\"              data-ajax-url=\"https:\/\/www.festicheyres.ch\/wp-admin\/admin-ajax.php?action=bwg_frontend_data\">          <div id=\"bwg_container3_1\" class=\"bwg-background bwg-background-1\">                <div data-max-count=\"5\"         data-thumbnail-width=\"250\"         data-bwg=\"1\"         data-gallery-id=\"47\"         data-lightbox-url=\"https:\/\/www.festicheyres.ch\/wp-admin\/admin-ajax.php?action=GalleryBox&current_view=1&gallery_id=47&tag=0&theme_id=1&shortcode_id=26&sort_by=order&order_by=asc&current_url=https%3A%2F%2Fwww.festicheyres.ch%2Fwp-json%2Fwp%2Fv2%2Fpages%2F8\"         id=\"bwg_thumbnails_1\"         class=\"bwg-container-1 bwg-thumbnails bwg-standard-thumbnails bwg-container bwg-border-box\">            <div class=\"bwg-item\">        <a class=\"bwg-a bwg_lightbox\"  data-image-id=\"3027\" href=\"https:\/\/www.festicheyres.ch\/wp-content\/uploads\/photo-gallery\/Galeries_Photos\/2021\/dimanche_ambiance\/Selection_Ambiance_Dimanche_11.07.2021_Helene-Millasson_LnPixElle-Photography-29.jpg?bwg=1626818443\" data-elementor-open-lightbox=\"no\" >                <div class=\"bwg-item0 \">          <div class=\"bwg-item1 bwg-zoom-effect\">            <div class=\"bwg-item2\">              <img class=\"skip-lazy bwg_standart_thumb_img_1 \"                   data-id=\"3027\"                   data-width=\"900\"                   data-height=\"600\"                   data-original=\"https:\/\/www.festicheyres.ch\/wp-content\/uploads\/photo-gallery\/Galeries_Photos\/2021\/dimanche_ambiance\/thumb\/Selection_Ambiance_Dimanche_11.07.2021_Helene-Millasson_LnPixElle-Photography-29.jpg?bwg=1626818443\"                   src=\"https:\/\/www.festicheyres.ch\/wp-content\/uploads\/photo-gallery\/Galeries_Photos\/2021\/dimanche_ambiance\/thumb\/Selection_Ambiance_Dimanche_11.07.2021_Helene-Millasson_LnPixElle-Photography-29.jpg?bwg=1626818443\"                   alt=\"Selection Ambiance Dimanche 11.07.2021 Helene-Millasson LnPixElle-Photography-29\" \/>            <\/div>            <div class=\"bwg-zoom-effect-overlay\">              <div class=\"bwg-title1\"><div class=\"bwg-title2\">Selection Ambiance Dimanche 11.07.2021 Helene-Millasson LnPixElle-Photography-29<\/div><\/div>                                        <\/div>          <\/div>        <\/div>                        <\/a>              <\/div>            <div class=\"bwg-item\">        <a class=\"bwg-a bwg_lightbox\"  data-image-id=\"3026\" href=\"https:\/\/www.festicheyres.ch\/wp-content\/uploads\/photo-gallery\/Galeries_Photos\/2021\/dimanche_ambiance\/Selection_Ambiance_Dimanche_11.07.2021_Helene-Millasson_LnPixElle-Photography-28.jpg?bwg=1626818443\" data-elementor-open-lightbox=\"no\" >                <div class=\"bwg-item0 \">          <div class=\"bwg-item1 bwg-zoom-effect\">            <div class=\"bwg-item2\">              <img class=\"skip-lazy bwg_standart_thumb_img_1 \"                   data-id=\"3026\"                   data-width=\"900\"                   data-height=\"600\"                   data-original=\"https:\/\/www.festicheyres.ch\/wp-content\/uploads\/photo-gallery\/Galeries_Photos\/2021\/dimanche_ambiance\/thumb\/Selection_Ambiance_Dimanche_11.07.2021_Helene-Millasson_LnPixElle-Photography-28.jpg?bwg=1626818443\"                   src=\"https:\/\/www.festicheyres.ch\/wp-content\/uploads\/photo-gallery\/Galeries_Photos\/2021\/dimanche_ambiance\/thumb\/Selection_Ambiance_Dimanche_11.07.2021_Helene-Millasson_LnPixElle-Photography-28.jpg?bwg=1626818443\"                   alt=\"Selection Ambiance Dimanche 11.07.2021 Helene-Millasson LnPixElle-Photography-28\" \/>            <\/div>            <div class=\"bwg-zoom-effect-overlay\">              <div class=\"bwg-title1\"><div class=\"bwg-title2\">Selection Ambiance Dimanche 11.07.2021 Helene-Millasson LnPixElle-Photography-28<\/div><\/div>                                        <\/div>          <\/div>        <\/div>                        <\/a>              <\/div>            <div class=\"bwg-item\">        <a class=\"bwg-a bwg_lightbox\"  data-image-id=\"3025\" href=\"https:\/\/www.festicheyres.ch\/wp-content\/uploads\/photo-gallery\/Galeries_Photos\/2021\/dimanche_ambiance\/Selection_Ambiance_Dimanche_11.07.2021_Helene-Millasson_LnPixElle-Photography-27.jpg?bwg=1626818443\" data-elementor-open-lightbox=\"no\" >                <div class=\"bwg-item0 \">          <div class=\"bwg-item1 bwg-zoom-effect\">            <div class=\"bwg-item2\">              <img class=\"skip-lazy bwg_standart_thumb_img_1 \"                   data-id=\"3025\"                   data-width=\"900\"                   data-height=\"600\"                   data-original=\"https:\/\/www.festicheyres.ch\/wp-content\/uploads\/photo-gallery\/Galeries_Photos\/2021\/dimanche_ambiance\/thumb\/Selection_Ambiance_Dimanche_11.07.2021_Helene-Millasson_LnPixElle-Photography-27.jpg?bwg=1626818443\"                   src=\"https:\/\/www.festicheyres.ch\/wp-content\/uploads\/photo-gallery\/Galeries_Photos\/2021\/dimanche_ambiance\/thumb\/Selection_Ambiance_Dimanche_11.07.2021_Helene-Millasson_LnPixElle-Photography-27.jpg?bwg=1626818443\"                   alt=\"Selection Ambiance Dimanche 11.07.2021 Helene-Millasson LnPixElle-Photography-27\" \/>            <\/div>            <div class=\"bwg-zoom-effect-overlay\">              <div class=\"bwg-title1\"><div class=\"bwg-title2\">Selection Ambiance Dimanche 11.07.2021 Helene-Millasson LnPixElle-Photography-27<\/div><\/div>                                        <\/div>          <\/div>        <\/div>                        <\/a>              <\/div>            <div class=\"bwg-item\">        <a class=\"bwg-a bwg_lightbox\"  data-image-id=\"3024\" href=\"https:\/\/www.festicheyres.ch\/wp-content\/uploads\/photo-gallery\/Galeries_Photos\/2021\/dimanche_ambiance\/Selection_Ambiance_Dimanche_11.07.2021_Helene-Millasson_LnPixElle-Photography-26.jpg?bwg=1626818443\" data-elementor-open-lightbox=\"no\" >                <div class=\"bwg-item0 \">          <div class=\"bwg-item1 bwg-zoom-effect\">            <div class=\"bwg-item2\">              <img class=\"skip-lazy bwg_standart_thumb_img_1 \"                   data-id=\"3024\"                   data-width=\"900\"                   data-height=\"600\"                   data-original=\"https:\/\/www.festicheyres.ch\/wp-content\/uploads\/photo-gallery\/Galeries_Photos\/2021\/dimanche_ambiance\/thumb\/Selection_Ambiance_Dimanche_11.07.2021_Helene-Millasson_LnPixElle-Photography-26.jpg?bwg=1626818443\"                   src=\"https:\/\/www.festicheyres.ch\/wp-content\/uploads\/photo-gallery\/Galeries_Photos\/2021\/dimanche_ambiance\/thumb\/Selection_Ambiance_Dimanche_11.07.2021_Helene-Millasson_LnPixElle-Photography-26.jpg?bwg=1626818443\"                   alt=\"Selection Ambiance Dimanche 11.07.2021 Helene-Millasson LnPixElle-Photography-26\" \/>            <\/div>            <div class=\"bwg-zoom-effect-overlay\">              <div class=\"bwg-title1\"><div class=\"bwg-title2\">Selection Ambiance Dimanche 11.07.2021 Helene-Millasson LnPixElle-Photography-26<\/div><\/div>                                        <\/div>          <\/div>        <\/div>                        <\/a>              <\/div>            <div class=\"bwg-item\">        <a class=\"bwg-a bwg_lightbox\"  data-image-id=\"3023\" href=\"https:\/\/www.festicheyres.ch\/wp-content\/uploads\/photo-gallery\/Galeries_Photos\/2021\/dimanche_ambiance\/Selection_Ambiance_Dimanche_11.07.2021_Helene-Millasson_LnPixElle-Photography-25.jpg?bwg=1626818443\" data-elementor-open-lightbox=\"no\" >                <div class=\"bwg-item0 \">          <div class=\"bwg-item1 bwg-zoom-effect\">            <div class=\"bwg-item2\">              <img class=\"skip-lazy bwg_standart_thumb_img_1 \"                   data-id=\"3023\"                   data-width=\"900\"                   data-height=\"600\"                   data-original=\"https:\/\/www.festicheyres.ch\/wp-content\/uploads\/photo-gallery\/Galeries_Photos\/2021\/dimanche_ambiance\/thumb\/Selection_Ambiance_Dimanche_11.07.2021_Helene-Millasson_LnPixElle-Photography-25.jpg?bwg=1626818443\"                   src=\"https:\/\/www.festicheyres.ch\/wp-content\/uploads\/photo-gallery\/Galeries_Photos\/2021\/dimanche_ambiance\/thumb\/Selection_Ambiance_Dimanche_11.07.2021_Helene-Millasson_LnPixElle-Photography-25.jpg?bwg=1626818443\"                   alt=\"Selection Ambiance Dimanche 11.07.2021 Helene-Millasson LnPixElle-Photography-25\" \/>            <\/div>            <div class=\"bwg-zoom-effect-overlay\">              <div class=\"bwg-title1\"><div class=\"bwg-title2\">Selection Ambiance Dimanche 11.07.2021 Helene-Millasson LnPixElle-Photography-25<\/div><\/div>                                        <\/div>          <\/div>        <\/div>                        <\/a>              <\/div>            <div class=\"bwg-item\">        <a class=\"bwg-a bwg_lightbox\"  data-image-id=\"3022\" href=\"https:\/\/www.festicheyres.ch\/wp-content\/uploads\/photo-gallery\/Galeries_Photos\/2021\/dimanche_ambiance\/Selection_Ambiance_Dimanche_11.07.2021_Helene-Millasson_LnPixElle-Photography-24.jpg?bwg=1626818443\" data-elementor-open-lightbox=\"no\" >                <div class=\"bwg-item0 \">          <div class=\"bwg-item1 bwg-zoom-effect\">            <div class=\"bwg-item2\">              <img class=\"skip-lazy bwg_standart_thumb_img_1 \"                   data-id=\"3022\"                   data-width=\"720\"                   data-height=\"900\"                   data-original=\"https:\/\/www.festicheyres.ch\/wp-content\/uploads\/photo-gallery\/Galeries_Photos\/2021\/dimanche_ambiance\/thumb\/Selection_Ambiance_Dimanche_11.07.2021_Helene-Millasson_LnPixElle-Photography-24.jpg?bwg=1626818443\"                   src=\"https:\/\/www.festicheyres.ch\/wp-content\/uploads\/photo-gallery\/Galeries_Photos\/2021\/dimanche_ambiance\/thumb\/Selection_Ambiance_Dimanche_11.07.2021_Helene-Millasson_LnPixElle-Photography-24.jpg?bwg=1626818443\"                   alt=\"Selection Ambiance Dimanche 11.07.2021 Helene-Millasson LnPixElle-Photography-24\" \/>            <\/div>            <div class=\"bwg-zoom-effect-overlay\">              <div class=\"bwg-title1\"><div class=\"bwg-title2\">Selection Ambiance Dimanche 11.07.2021 Helene-Millasson LnPixElle-Photography-24<\/div><\/div>                                        <\/div>          <\/div>        <\/div>                        <\/a>              <\/div>            <div class=\"bwg-item\">        <a class=\"bwg-a bwg_lightbox\"  data-image-id=\"3021\" href=\"https:\/\/www.festicheyres.ch\/wp-content\/uploads\/photo-gallery\/Galeries_Photos\/2021\/dimanche_ambiance\/Selection_Ambiance_Dimanche_11.07.2021_Helene-Millasson_LnPixElle-Photography-23.jpg?bwg=1626818443\" data-elementor-open-lightbox=\"no\" >                <div class=\"bwg-item0 \">          <div class=\"bwg-item1 bwg-zoom-effect\">            <div class=\"bwg-item2\">              <img class=\"skip-lazy bwg_standart_thumb_img_1 \"                   data-id=\"3021\"                   data-width=\"720\"                   data-height=\"900\"                   data-original=\"https:\/\/www.festicheyres.ch\/wp-content\/uploads\/photo-gallery\/Galeries_Photos\/2021\/dimanche_ambiance\/thumb\/Selection_Ambiance_Dimanche_11.07.2021_Helene-Millasson_LnPixElle-Photography-23.jpg?bwg=1626818443\"                   src=\"https:\/\/www.festicheyres.ch\/wp-content\/uploads\/photo-gallery\/Galeries_Photos\/2021\/dimanche_ambiance\/thumb\/Selection_Ambiance_Dimanche_11.07.2021_Helene-Millasson_LnPixElle-Photography-23.jpg?bwg=1626818443\"                   alt=\"Selection Ambiance Dimanche 11.07.2021 Helene-Millasson LnPixElle-Photography-23\" \/>            <\/div>            <div class=\"bwg-zoom-effect-overlay\">              <div class=\"bwg-title1\"><div class=\"bwg-title2\">Selection Ambiance Dimanche 11.07.2021 Helene-Millasson LnPixElle-Photography-23<\/div><\/div>                                        <\/div>          <\/div>        <\/div>                        <\/a>              <\/div>            <div class=\"bwg-item\">        <a class=\"bwg-a bwg_lightbox\"  data-image-id=\"3020\" href=\"https:\/\/www.festicheyres.ch\/wp-content\/uploads\/photo-gallery\/Galeries_Photos\/2021\/dimanche_ambiance\/Selection_Ambiance_Dimanche_11.07.2021_Helene-Millasson_LnPixElle-Photography-22.jpg?bwg=1626818443\" data-elementor-open-lightbox=\"no\" >                <div class=\"bwg-item0 \">          <div class=\"bwg-item1 bwg-zoom-effect\">            <div class=\"bwg-item2\">              <img class=\"skip-lazy bwg_standart_thumb_img_1 \"                   data-id=\"3020\"                   data-width=\"900\"                   data-height=\"600\"                   data-original=\"https:\/\/www.festicheyres.ch\/wp-content\/uploads\/photo-gallery\/Galeries_Photos\/2021\/dimanche_ambiance\/thumb\/Selection_Ambiance_Dimanche_11.07.2021_Helene-Millasson_LnPixElle-Photography-22.jpg?bwg=1626818443\"                   src=\"https:\/\/www.festicheyres.ch\/wp-content\/uploads\/photo-gallery\/Galeries_Photos\/2021\/dimanche_ambiance\/thumb\/Selection_Ambiance_Dimanche_11.07.2021_Helene-Millasson_LnPixElle-Photography-22.jpg?bwg=1626818443\"                   alt=\"Selection Ambiance Dimanche 11.07.2021 Helene-Millasson LnPixElle-Photography-22\" \/>            <\/div>            <div class=\"bwg-zoom-effect-overlay\">              <div class=\"bwg-title1\"><div class=\"bwg-title2\">Selection Ambiance Dimanche 11.07.2021 Helene-Millasson LnPixElle-Photography-22<\/div><\/div>                                        <\/div>          <\/div>        <\/div>                        <\/a>              <\/div>            <div class=\"bwg-item\">        <a class=\"bwg-a bwg_lightbox\"  data-image-id=\"3019\" href=\"https:\/\/www.festicheyres.ch\/wp-content\/uploads\/photo-gallery\/Galeries_Photos\/2021\/dimanche_ambiance\/Selection_Ambiance_Dimanche_11.07.2021_Helene-Millasson_LnPixElle-Photography-21.jpg?bwg=1626818443\" data-elementor-open-lightbox=\"no\" >                <div class=\"bwg-item0 \">          <div class=\"bwg-item1 bwg-zoom-effect\">            <div class=\"bwg-item2\">              <img class=\"skip-lazy bwg_standart_thumb_img_1 \"                   data-id=\"3019\"                   data-width=\"720\"                   data-height=\"900\"                   data-original=\"https:\/\/www.festicheyres.ch\/wp-content\/uploads\/photo-gallery\/Galeries_Photos\/2021\/dimanche_ambiance\/thumb\/Selection_Ambiance_Dimanche_11.07.2021_Helene-Millasson_LnPixElle-Photography-21.jpg?bwg=1626818443\"                   src=\"https:\/\/www.festicheyres.ch\/wp-content\/uploads\/photo-gallery\/Galeries_Photos\/2021\/dimanche_ambiance\/thumb\/Selection_Ambiance_Dimanche_11.07.2021_Helene-Millasson_LnPixElle-Photography-21.jpg?bwg=1626818443\"                   alt=\"Selection Ambiance Dimanche 11.07.2021 Helene-Millasson LnPixElle-Photography-21\" \/>            <\/div>            <div class=\"bwg-zoom-effect-overlay\">              <div class=\"bwg-title1\"><div class=\"bwg-title2\">Selection Ambiance Dimanche 11.07.2021 Helene-Millasson LnPixElle-Photography-21<\/div><\/div>                                        <\/div>          <\/div>        <\/div>                        <\/a>              <\/div>            <div class=\"bwg-item\">        <a class=\"bwg-a bwg_lightbox\"  data-image-id=\"3018\" href=\"https:\/\/www.festicheyres.ch\/wp-content\/uploads\/photo-gallery\/Galeries_Photos\/2021\/dimanche_ambiance\/Selection_Ambiance_Dimanche_11.07.2021_Helene-Millasson_LnPixElle-Photography-20.jpg?bwg=1626818443\" data-elementor-open-lightbox=\"no\" >                <div class=\"bwg-item0 \">          <div class=\"bwg-item1 bwg-zoom-effect\">            <div class=\"bwg-item2\">              <img class=\"skip-lazy bwg_standart_thumb_img_1 \"                   data-id=\"3018\"                   data-width=\"720\"                   data-height=\"900\"                   data-original=\"https:\/\/www.festicheyres.ch\/wp-content\/uploads\/photo-gallery\/Galeries_Photos\/2021\/dimanche_ambiance\/thumb\/Selection_Ambiance_Dimanche_11.07.2021_Helene-Millasson_LnPixElle-Photography-20.jpg?bwg=1626818443\"                   src=\"https:\/\/www.festicheyres.ch\/wp-content\/uploads\/photo-gallery\/Galeries_Photos\/2021\/dimanche_ambiance\/thumb\/Selection_Ambiance_Dimanche_11.07.2021_Helene-Millasson_LnPixElle-Photography-20.jpg?bwg=1626818443\"                   alt=\"Selection Ambiance Dimanche 11.07.2021 Helene-Millasson LnPixElle-Photography-20\" \/>            <\/div>            <div class=\"bwg-zoom-effect-overlay\">              <div class=\"bwg-title1\"><div class=\"bwg-title2\">Selection Ambiance Dimanche 11.07.2021 Helene-Millasson LnPixElle-Photography-20<\/div><\/div>                                        <\/div>          <\/div>        <\/div>                        <\/a>              <\/div>            <div class=\"bwg-item\">        <a class=\"bwg-a bwg_lightbox\"  data-image-id=\"3017\" href=\"https:\/\/www.festicheyres.ch\/wp-content\/uploads\/photo-gallery\/Galeries_Photos\/2021\/dimanche_ambiance\/Selection_Ambiance_Dimanche_11.07.2021_Helene-Millasson_LnPixElle-Photography-19.jpg?bwg=1626818443\" data-elementor-open-lightbox=\"no\" >                <div class=\"bwg-item0 \">          <div class=\"bwg-item1 bwg-zoom-effect\">            <div class=\"bwg-item2\">              <img class=\"skip-lazy bwg_standart_thumb_img_1 \"                   data-id=\"3017\"                   data-width=\"900\"                   data-height=\"600\"                   data-original=\"https:\/\/www.festicheyres.ch\/wp-content\/uploads\/photo-gallery\/Galeries_Photos\/2021\/dimanche_ambiance\/thumb\/Selection_Ambiance_Dimanche_11.07.2021_Helene-Millasson_LnPixElle-Photography-19.jpg?bwg=1626818443\"                   src=\"https:\/\/www.festicheyres.ch\/wp-content\/uploads\/photo-gallery\/Galeries_Photos\/2021\/dimanche_ambiance\/thumb\/Selection_Ambiance_Dimanche_11.07.2021_Helene-Millasson_LnPixElle-Photography-19.jpg?bwg=1626818443\"                   alt=\"Selection Ambiance Dimanche 11.07.2021 Helene-Millasson LnPixElle-Photography-19\" \/>            <\/div>            <div class=\"bwg-zoom-effect-overlay\">              <div class=\"bwg-title1\"><div class=\"bwg-title2\">Selection Ambiance Dimanche 11.07.2021 Helene-Millasson LnPixElle-Photography-19<\/div><\/div>                                        <\/div>          <\/div>        <\/div>                        <\/a>              <\/div>            <div class=\"bwg-item\">        <a class=\"bwg-a bwg_lightbox\"  data-image-id=\"3016\" href=\"https:\/\/www.festicheyres.ch\/wp-content\/uploads\/photo-gallery\/Galeries_Photos\/2021\/dimanche_ambiance\/Selection_Ambiance_Dimanche_11.07.2021_Helene-Millasson_LnPixElle-Photography-18.jpg?bwg=1626818443\" data-elementor-open-lightbox=\"no\" >                <div class=\"bwg-item0 \">          <div class=\"bwg-item1 bwg-zoom-effect\">            <div class=\"bwg-item2\">              <img class=\"skip-lazy bwg_standart_thumb_img_1 \"                   data-id=\"3016\"                   data-width=\"900\"                   data-height=\"600\"                   data-original=\"https:\/\/www.festicheyres.ch\/wp-content\/uploads\/photo-gallery\/Galeries_Photos\/2021\/dimanche_ambiance\/thumb\/Selection_Ambiance_Dimanche_11.07.2021_Helene-Millasson_LnPixElle-Photography-18.jpg?bwg=1626818443\"                   src=\"https:\/\/www.festicheyres.ch\/wp-content\/uploads\/photo-gallery\/Galeries_Photos\/2021\/dimanche_ambiance\/thumb\/Selection_Ambiance_Dimanche_11.07.2021_Helene-Millasson_LnPixElle-Photography-18.jpg?bwg=1626818443\"                   alt=\"Selection Ambiance Dimanche 11.07.2021 Helene-Millasson LnPixElle-Photography-18\" \/>            <\/div>            <div class=\"bwg-zoom-effect-overlay\">              <div class=\"bwg-title1\"><div class=\"bwg-title2\">Selection Ambiance Dimanche 11.07.2021 Helene-Millasson LnPixElle-Photography-18<\/div><\/div>                                        <\/div>          <\/div>        <\/div>                        <\/a>              <\/div>            <div class=\"bwg-item\">        <a class=\"bwg-a bwg_lightbox\"  data-image-id=\"3015\" href=\"https:\/\/www.festicheyres.ch\/wp-content\/uploads\/photo-gallery\/Galeries_Photos\/2021\/dimanche_ambiance\/Selection_Ambiance_Dimanche_11.07.2021_Helene-Millasson_LnPixElle-Photography-17.jpg?bwg=1626818443\" data-elementor-open-lightbox=\"no\" >                <div class=\"bwg-item0 \">          <div class=\"bwg-item1 bwg-zoom-effect\">            <div class=\"bwg-item2\">              <img class=\"skip-lazy bwg_standart_thumb_img_1 \"                   data-id=\"3015\"                   data-width=\"900\"                   data-height=\"600\"                   data-original=\"https:\/\/www.festicheyres.ch\/wp-content\/uploads\/photo-gallery\/Galeries_Photos\/2021\/dimanche_ambiance\/thumb\/Selection_Ambiance_Dimanche_11.07.2021_Helene-Millasson_LnPixElle-Photography-17.jpg?bwg=1626818443\"                   src=\"https:\/\/www.festicheyres.ch\/wp-content\/uploads\/photo-gallery\/Galeries_Photos\/2021\/dimanche_ambiance\/thumb\/Selection_Ambiance_Dimanche_11.07.2021_Helene-Millasson_LnPixElle-Photography-17.jpg?bwg=1626818443\"                   alt=\"Selection Ambiance Dimanche 11.07.2021 Helene-Millasson LnPixElle-Photography-17\" \/>            <\/div>            <div class=\"bwg-zoom-effect-overlay\">              <div class=\"bwg-title1\"><div class=\"bwg-title2\">Selection Ambiance Dimanche 11.07.2021 Helene-Millasson LnPixElle-Photography-17<\/div><\/div>                                        <\/div>          <\/div>        <\/div>                        <\/a>              <\/div>            <div class=\"bwg-item\">        <a class=\"bwg-a bwg_lightbox\"  data-image-id=\"3014\" href=\"https:\/\/www.festicheyres.ch\/wp-content\/uploads\/photo-gallery\/Galeries_Photos\/2021\/dimanche_ambiance\/Selection_Ambiance_Dimanche_11.07.2021_Helene-Millasson_LnPixElle-Photography-16.jpg?bwg=1626818443\" data-elementor-open-lightbox=\"no\" >                <div class=\"bwg-item0 \">          <div class=\"bwg-item1 bwg-zoom-effect\">            <div class=\"bwg-item2\">              <img class=\"skip-lazy bwg_standart_thumb_img_1 \"                   data-id=\"3014\"                   data-width=\"720\"                   data-height=\"900\"                   data-original=\"https:\/\/www.festicheyres.ch\/wp-content\/uploads\/photo-gallery\/Galeries_Photos\/2021\/dimanche_ambiance\/thumb\/Selection_Ambiance_Dimanche_11.07.2021_Helene-Millasson_LnPixElle-Photography-16.jpg?bwg=1626818443\"                   src=\"https:\/\/www.festicheyres.ch\/wp-content\/uploads\/photo-gallery\/Galeries_Photos\/2021\/dimanche_ambiance\/thumb\/Selection_Ambiance_Dimanche_11.07.2021_Helene-Millasson_LnPixElle-Photography-16.jpg?bwg=1626818443\"                   alt=\"Selection Ambiance Dimanche 11.07.2021 Helene-Millasson LnPixElle-Photography-16\" \/>            <\/div>            <div class=\"bwg-zoom-effect-overlay\">              <div class=\"bwg-title1\"><div class=\"bwg-title2\">Selection Ambiance Dimanche 11.07.2021 Helene-Millasson LnPixElle-Photography-16<\/div><\/div>                                        <\/div>          <\/div>        <\/div>                        <\/a>              <\/div>            <div class=\"bwg-item\">        <a class=\"bwg-a bwg_lightbox\"  data-image-id=\"3013\" href=\"https:\/\/www.festicheyres.ch\/wp-content\/uploads\/photo-gallery\/Galeries_Photos\/2021\/dimanche_ambiance\/Selection_Ambiance_Dimanche_11.07.2021_Helene-Millasson_LnPixElle-Photography-15.jpg?bwg=1626818443\" data-elementor-open-lightbox=\"no\" >                <div class=\"bwg-item0 \">          <div class=\"bwg-item1 bwg-zoom-effect\">            <div class=\"bwg-item2\">              <img class=\"skip-lazy bwg_standart_thumb_img_1 \"                   data-id=\"3013\"                   data-width=\"720\"                   data-height=\"900\"                   data-original=\"https:\/\/www.festicheyres.ch\/wp-content\/uploads\/photo-gallery\/Galeries_Photos\/2021\/dimanche_ambiance\/thumb\/Selection_Ambiance_Dimanche_11.07.2021_Helene-Millasson_LnPixElle-Photography-15.jpg?bwg=1626818443\"                   src=\"https:\/\/www.festicheyres.ch\/wp-content\/uploads\/photo-gallery\/Galeries_Photos\/2021\/dimanche_ambiance\/thumb\/Selection_Ambiance_Dimanche_11.07.2021_Helene-Millasson_LnPixElle-Photography-15.jpg?bwg=1626818443\"                   alt=\"Selection Ambiance Dimanche 11.07.2021 Helene-Millasson LnPixElle-Photography-15\" \/>            <\/div>            <div class=\"bwg-zoom-effect-overlay\">              <div class=\"bwg-title1\"><div class=\"bwg-title2\">Selection Ambiance Dimanche 11.07.2021 Helene-Millasson LnPixElle-Photography-15<\/div><\/div>                                        <\/div>          <\/div>        <\/div>                        <\/a>              <\/div>            <div class=\"bwg-item\">        <a class=\"bwg-a bwg_lightbox\"  data-image-id=\"3012\" href=\"https:\/\/www.festicheyres.ch\/wp-content\/uploads\/photo-gallery\/Galeries_Photos\/2021\/dimanche_ambiance\/Selection_Ambiance_Dimanche_11.07.2021_Helene-Millasson_LnPixElle-Photography-14.jpg?bwg=1626818443\" data-elementor-open-lightbox=\"no\" >                <div class=\"bwg-item0 \">          <div class=\"bwg-item1 bwg-zoom-effect\">            <div class=\"bwg-item2\">              <img class=\"skip-lazy bwg_standart_thumb_img_1 \"                   data-id=\"3012\"                   data-width=\"900\"                   data-height=\"600\"                   data-original=\"https:\/\/www.festicheyres.ch\/wp-content\/uploads\/photo-gallery\/Galeries_Photos\/2021\/dimanche_ambiance\/thumb\/Selection_Ambiance_Dimanche_11.07.2021_Helene-Millasson_LnPixElle-Photography-14.jpg?bwg=1626818443\"                   src=\"https:\/\/www.festicheyres.ch\/wp-content\/uploads\/photo-gallery\/Galeries_Photos\/2021\/dimanche_ambiance\/thumb\/Selection_Ambiance_Dimanche_11.07.2021_Helene-Millasson_LnPixElle-Photography-14.jpg?bwg=1626818443\"                   alt=\"Selection Ambiance Dimanche 11.07.2021 Helene-Millasson LnPixElle-Photography-14\" \/>            <\/div>            <div class=\"bwg-zoom-effect-overlay\">              <div class=\"bwg-title1\"><div class=\"bwg-title2\">Selection Ambiance Dimanche 11.07.2021 Helene-Millasson LnPixElle-Photography-14<\/div><\/div>                                        <\/div>          <\/div>        <\/div>                        <\/a>              <\/div>            <div class=\"bwg-item\">        <a class=\"bwg-a bwg_lightbox\"  data-image-id=\"3011\" href=\"https:\/\/www.festicheyres.ch\/wp-content\/uploads\/photo-gallery\/Galeries_Photos\/2021\/dimanche_ambiance\/Selection_Ambiance_Dimanche_11.07.2021_Helene-Millasson_LnPixElle-Photography-13.jpg?bwg=1626818443\" data-elementor-open-lightbox=\"no\" >                <div class=\"bwg-item0 \">          <div class=\"bwg-item1 bwg-zoom-effect\">            <div class=\"bwg-item2\">              <img class=\"skip-lazy bwg_standart_thumb_img_1 \"                   data-id=\"3011\"                   data-width=\"720\"                   data-height=\"900\"                   data-original=\"https:\/\/www.festicheyres.ch\/wp-content\/uploads\/photo-gallery\/Galeries_Photos\/2021\/dimanche_ambiance\/thumb\/Selection_Ambiance_Dimanche_11.07.2021_Helene-Millasson_LnPixElle-Photography-13.jpg?bwg=1626818443\"                   src=\"https:\/\/www.festicheyres.ch\/wp-content\/uploads\/photo-gallery\/Galeries_Photos\/2021\/dimanche_ambiance\/thumb\/Selection_Ambiance_Dimanche_11.07.2021_Helene-Millasson_LnPixElle-Photography-13.jpg?bwg=1626818443\"                   alt=\"Selection Ambiance Dimanche 11.07.2021 Helene-Millasson LnPixElle-Photography-13\" \/>            <\/div>            <div class=\"bwg-zoom-effect-overlay\">              <div class=\"bwg-title1\"><div class=\"bwg-title2\">Selection Ambiance Dimanche 11.07.2021 Helene-Millasson LnPixElle-Photography-13<\/div><\/div>                                        <\/div>          <\/div>        <\/div>                        <\/a>              <\/div>            <div class=\"bwg-item\">        <a class=\"bwg-a bwg_lightbox\"  data-image-id=\"3010\" href=\"https:\/\/www.festicheyres.ch\/wp-content\/uploads\/photo-gallery\/Galeries_Photos\/2021\/dimanche_ambiance\/Selection_Ambiance_Dimanche_11.07.2021_Helene-Millasson_LnPixElle-Photography-11.jpg?bwg=1626818443\" data-elementor-open-lightbox=\"no\" >                <div class=\"bwg-item0 \">          <div class=\"bwg-item1 bwg-zoom-effect\">            <div class=\"bwg-item2\">              <img class=\"skip-lazy bwg_standart_thumb_img_1 \"                   data-id=\"3010\"                   data-width=\"900\"                   data-height=\"600\"                   data-original=\"https:\/\/www.festicheyres.ch\/wp-content\/uploads\/photo-gallery\/Galeries_Photos\/2021\/dimanche_ambiance\/thumb\/Selection_Ambiance_Dimanche_11.07.2021_Helene-Millasson_LnPixElle-Photography-11.jpg?bwg=1626818443\"                   src=\"https:\/\/www.festicheyres.ch\/wp-content\/uploads\/photo-gallery\/Galeries_Photos\/2021\/dimanche_ambiance\/thumb\/Selection_Ambiance_Dimanche_11.07.2021_Helene-Millasson_LnPixElle-Photography-11.jpg?bwg=1626818443\"                   alt=\"Selection Ambiance Dimanche 11.07.2021 Helene-Millasson LnPixElle-Photography-11\" \/>            <\/div>            <div class=\"bwg-zoom-effect-overlay\">              <div class=\"bwg-title1\"><div class=\"bwg-title2\">Selection Ambiance Dimanche 11.07.2021 Helene-Millasson LnPixElle-Photography-11<\/div><\/div>                                        <\/div>          <\/div>        <\/div>                        <\/a>              <\/div>            <div class=\"bwg-item\">        <a class=\"bwg-a bwg_lightbox\"  data-image-id=\"3009\" href=\"https:\/\/www.festicheyres.ch\/wp-content\/uploads\/photo-gallery\/Galeries_Photos\/2021\/dimanche_ambiance\/Selection_Ambiance_Dimanche_11.07.2021_Helene-Millasson_LnPixElle-Photography-12.jpg?bwg=1626818443\" data-elementor-open-lightbox=\"no\" >                <div class=\"bwg-item0 \">          <div class=\"bwg-item1 bwg-zoom-effect\">            <div class=\"bwg-item2\">              <img class=\"skip-lazy bwg_standart_thumb_img_1 \"                   data-id=\"3009\"                   data-width=\"900\"                   data-height=\"600\"                   data-original=\"https:\/\/www.festicheyres.ch\/wp-content\/uploads\/photo-gallery\/Galeries_Photos\/2021\/dimanche_ambiance\/thumb\/Selection_Ambiance_Dimanche_11.07.2021_Helene-Millasson_LnPixElle-Photography-12.jpg?bwg=1626818443\"                   src=\"https:\/\/www.festicheyres.ch\/wp-content\/uploads\/photo-gallery\/Galeries_Photos\/2021\/dimanche_ambiance\/thumb\/Selection_Ambiance_Dimanche_11.07.2021_Helene-Millasson_LnPixElle-Photography-12.jpg?bwg=1626818443\"                   alt=\"Selection Ambiance Dimanche 11.07.2021 Helene-Millasson LnPixElle-Photography-12\" \/>            <\/div>            <div class=\"bwg-zoom-effect-overlay\">              <div class=\"bwg-title1\"><div class=\"bwg-title2\">Selection Ambiance Dimanche 11.07.2021 Helene-Millasson LnPixElle-Photography-12<\/div><\/div>                                        <\/div>          <\/div>        <\/div>                        <\/a>              <\/div>            <div class=\"bwg-item\">        <a class=\"bwg-a bwg_lightbox\"  data-image-id=\"3008\" href=\"https:\/\/www.festicheyres.ch\/wp-content\/uploads\/photo-gallery\/Galeries_Photos\/2021\/dimanche_ambiance\/Selection_Ambiance_Dimanche_11.07.2021_Helene-Millasson_LnPixElle-Photography-10.jpg?bwg=1626818443\" data-elementor-open-lightbox=\"no\" >                <div class=\"bwg-item0 \">          <div class=\"bwg-item1 bwg-zoom-effect\">            <div class=\"bwg-item2\">              <img class=\"skip-lazy bwg_standart_thumb_img_1 \"                   data-id=\"3008\"                   data-width=\"720\"                   data-height=\"900\"                   data-original=\"https:\/\/www.festicheyres.ch\/wp-content\/uploads\/photo-gallery\/Galeries_Photos\/2021\/dimanche_ambiance\/thumb\/Selection_Ambiance_Dimanche_11.07.2021_Helene-Millasson_LnPixElle-Photography-10.jpg?bwg=1626818443\"                   src=\"https:\/\/www.festicheyres.ch\/wp-content\/uploads\/photo-gallery\/Galeries_Photos\/2021\/dimanche_ambiance\/thumb\/Selection_Ambiance_Dimanche_11.07.2021_Helene-Millasson_LnPixElle-Photography-10.jpg?bwg=1626818443\"                   alt=\"Selection Ambiance Dimanche 11.07.2021 Helene-Millasson LnPixElle-Photography-10\" \/>            <\/div>            <div class=\"bwg-zoom-effect-overlay\">              <div class=\"bwg-title1\"><div class=\"bwg-title2\">Selection Ambiance Dimanche 11.07.2021 Helene-Millasson LnPixElle-Photography-10<\/div><\/div>                                        <\/div>          <\/div>        <\/div>                        <\/a>              <\/div>            <div class=\"bwg-item\">        <a class=\"bwg-a bwg_lightbox\"  data-image-id=\"3007\" href=\"https:\/\/www.festicheyres.ch\/wp-content\/uploads\/photo-gallery\/Galeries_Photos\/2021\/dimanche_ambiance\/Selection_Ambiance_Dimanche_11.07.2021_Helene-Millasson_LnPixElle-Photography-9.jpg?bwg=1626818443\" data-elementor-open-lightbox=\"no\" >                <div class=\"bwg-item0 \">          <div class=\"bwg-item1 bwg-zoom-effect\">            <div class=\"bwg-item2\">              <img class=\"skip-lazy bwg_standart_thumb_img_1 \"                   data-id=\"3007\"                   data-width=\"720\"                   data-height=\"900\"                   data-original=\"https:\/\/www.festicheyres.ch\/wp-content\/uploads\/photo-gallery\/Galeries_Photos\/2021\/dimanche_ambiance\/thumb\/Selection_Ambiance_Dimanche_11.07.2021_Helene-Millasson_LnPixElle-Photography-9.jpg?bwg=1626818443\"                   src=\"https:\/\/www.festicheyres.ch\/wp-content\/uploads\/photo-gallery\/Galeries_Photos\/2021\/dimanche_ambiance\/thumb\/Selection_Ambiance_Dimanche_11.07.2021_Helene-Millasson_LnPixElle-Photography-9.jpg?bwg=1626818443\"                   alt=\"Selection Ambiance Dimanche 11.07.2021 Helene-Millasson LnPixElle-Photography-9\" \/>            <\/div>            <div class=\"bwg-zoom-effect-overlay\">              <div class=\"bwg-title1\"><div class=\"bwg-title2\">Selection Ambiance Dimanche 11.07.2021 Helene-Millasson LnPixElle-Photography-9<\/div><\/div>                                        <\/div>          <\/div>        <\/div>                        <\/a>              <\/div>            <div class=\"bwg-item\">        <a class=\"bwg-a bwg_lightbox\"  data-image-id=\"3006\" href=\"https:\/\/www.festicheyres.ch\/wp-content\/uploads\/photo-gallery\/Galeries_Photos\/2021\/dimanche_ambiance\/Selection_Ambiance_Dimanche_11.07.2021_Helene-Millasson_LnPixElle-Photography-8.jpg?bwg=1626818443\" data-elementor-open-lightbox=\"no\" >                <div class=\"bwg-item0 \">          <div class=\"bwg-item1 bwg-zoom-effect\">            <div class=\"bwg-item2\">              <img class=\"skip-lazy bwg_standart_thumb_img_1 \"                   data-id=\"3006\"                   data-width=\"720\"                   data-height=\"900\"                   data-original=\"https:\/\/www.festicheyres.ch\/wp-content\/uploads\/photo-gallery\/Galeries_Photos\/2021\/dimanche_ambiance\/thumb\/Selection_Ambiance_Dimanche_11.07.2021_Helene-Millasson_LnPixElle-Photography-8.jpg?bwg=1626818443\"                   src=\"https:\/\/www.festicheyres.ch\/wp-content\/uploads\/photo-gallery\/Galeries_Photos\/2021\/dimanche_ambiance\/thumb\/Selection_Ambiance_Dimanche_11.07.2021_Helene-Millasson_LnPixElle-Photography-8.jpg?bwg=1626818443\"                   alt=\"Selection Ambiance Dimanche 11.07.2021 Helene-Millasson LnPixElle-Photography-8\" \/>            <\/div>            <div class=\"bwg-zoom-effect-overlay\">              <div class=\"bwg-title1\"><div class=\"bwg-title2\">Selection Ambiance Dimanche 11.07.2021 Helene-Millasson LnPixElle-Photography-8<\/div><\/div>                                        <\/div>          <\/div>        <\/div>                        <\/a>              <\/div>            <div class=\"bwg-item\">        <a class=\"bwg-a bwg_lightbox\"  data-image-id=\"3005\" href=\"https:\/\/www.festicheyres.ch\/wp-content\/uploads\/photo-gallery\/Galeries_Photos\/2021\/dimanche_ambiance\/Selection_Ambiance_Dimanche_11.07.2021_Helene-Millasson_LnPixElle-Photography-7.jpg?bwg=1626818443\" data-elementor-open-lightbox=\"no\" >                <div class=\"bwg-item0 \">          <div class=\"bwg-item1 bwg-zoom-effect\">            <div class=\"bwg-item2\">              <img class=\"skip-lazy bwg_standart_thumb_img_1 \"                   data-id=\"3005\"                   data-width=\"720\"                   data-height=\"900\"                   data-original=\"https:\/\/www.festicheyres.ch\/wp-content\/uploads\/photo-gallery\/Galeries_Photos\/2021\/dimanche_ambiance\/thumb\/Selection_Ambiance_Dimanche_11.07.2021_Helene-Millasson_LnPixElle-Photography-7.jpg?bwg=1626818443\"                   src=\"https:\/\/www.festicheyres.ch\/wp-content\/uploads\/photo-gallery\/Galeries_Photos\/2021\/dimanche_ambiance\/thumb\/Selection_Ambiance_Dimanche_11.07.2021_Helene-Millasson_LnPixElle-Photography-7.jpg?bwg=1626818443\"                   alt=\"Selection Ambiance Dimanche 11.07.2021 Helene-Millasson LnPixElle-Photography-7\" \/>            <\/div>            <div class=\"bwg-zoom-effect-overlay\">              <div class=\"bwg-title1\"><div class=\"bwg-title2\">Selection Ambiance Dimanche 11.07.2021 Helene-Millasson LnPixElle-Photography-7<\/div><\/div>                                        <\/div>          <\/div>        <\/div>                        <\/a>              <\/div>            <div class=\"bwg-item\">        <a class=\"bwg-a bwg_lightbox\"  data-image-id=\"3004\" href=\"https:\/\/www.festicheyres.ch\/wp-content\/uploads\/photo-gallery\/Galeries_Photos\/2021\/dimanche_ambiance\/Selection_Ambiance_Dimanche_11.07.2021_Helene-Millasson_LnPixElle-Photography-6.jpg?bwg=1626818443\" data-elementor-open-lightbox=\"no\" >                <div class=\"bwg-item0 \">          <div class=\"bwg-item1 bwg-zoom-effect\">            <div class=\"bwg-item2\">              <img class=\"skip-lazy bwg_standart_thumb_img_1 \"                   data-id=\"3004\"                   data-width=\"720\"                   data-height=\"900\"                   data-original=\"https:\/\/www.festicheyres.ch\/wp-content\/uploads\/photo-gallery\/Galeries_Photos\/2021\/dimanche_ambiance\/thumb\/Selection_Ambiance_Dimanche_11.07.2021_Helene-Millasson_LnPixElle-Photography-6.jpg?bwg=1626818443\"                   src=\"https:\/\/www.festicheyres.ch\/wp-content\/uploads\/photo-gallery\/Galeries_Photos\/2021\/dimanche_ambiance\/thumb\/Selection_Ambiance_Dimanche_11.07.2021_Helene-Millasson_LnPixElle-Photography-6.jpg?bwg=1626818443\"                   alt=\"Selection Ambiance Dimanche 11.07.2021 Helene-Millasson LnPixElle-Photography-6\" \/>            <\/div>            <div class=\"bwg-zoom-effect-overlay\">              <div class=\"bwg-title1\"><div class=\"bwg-title2\">Selection Ambiance Dimanche 11.07.2021 Helene-Millasson LnPixElle-Photography-6<\/div><\/div>                                        <\/div>          <\/div>        <\/div>                        <\/a>              <\/div>            <div class=\"bwg-item\">        <a class=\"bwg-a bwg_lightbox\"  data-image-id=\"3003\" href=\"https:\/\/www.festicheyres.ch\/wp-content\/uploads\/photo-gallery\/Galeries_Photos\/2021\/dimanche_ambiance\/Selection_Ambiance_Dimanche_11.07.2021_Helene-Millasson_LnPixElle-Photography-5.jpg?bwg=1626818443\" data-elementor-open-lightbox=\"no\" >                <div class=\"bwg-item0 \">          <div class=\"bwg-item1 bwg-zoom-effect\">            <div class=\"bwg-item2\">              <img class=\"skip-lazy bwg_standart_thumb_img_1 \"                   data-id=\"3003\"                   data-width=\"720\"                   data-height=\"900\"                   data-original=\"https:\/\/www.festicheyres.ch\/wp-content\/uploads\/photo-gallery\/Galeries_Photos\/2021\/dimanche_ambiance\/thumb\/Selection_Ambiance_Dimanche_11.07.2021_Helene-Millasson_LnPixElle-Photography-5.jpg?bwg=1626818443\"                   src=\"https:\/\/www.festicheyres.ch\/wp-content\/uploads\/photo-gallery\/Galeries_Photos\/2021\/dimanche_ambiance\/thumb\/Selection_Ambiance_Dimanche_11.07.2021_Helene-Millasson_LnPixElle-Photography-5.jpg?bwg=1626818443\"                   alt=\"Selection Ambiance Dimanche 11.07.2021 Helene-Millasson LnPixElle-Photography-5\" \/>            <\/div>            <div class=\"bwg-zoom-effect-overlay\">              <div class=\"bwg-title1\"><div class=\"bwg-title2\">Selection Ambiance Dimanche 11.07.2021 Helene-Millasson LnPixElle-Photography-5<\/div><\/div>                                        <\/div>          <\/div>        <\/div>                        <\/a>              <\/div>            <div class=\"bwg-item\">        <a class=\"bwg-a bwg_lightbox\"  data-image-id=\"3002\" href=\"https:\/\/www.festicheyres.ch\/wp-content\/uploads\/photo-gallery\/Galeries_Photos\/2021\/dimanche_ambiance\/Selection_Ambiance_Dimanche_11.07.2021_Helene-Millasson_LnPixElle-Photography-4.jpg?bwg=1626818443\" data-elementor-open-lightbox=\"no\" >                <div class=\"bwg-item0 \">          <div class=\"bwg-item1 bwg-zoom-effect\">            <div class=\"bwg-item2\">              <img class=\"skip-lazy bwg_standart_thumb_img_1 \"                   data-id=\"3002\"                   data-width=\"900\"                   data-height=\"600\"                   data-original=\"https:\/\/www.festicheyres.ch\/wp-content\/uploads\/photo-gallery\/Galeries_Photos\/2021\/dimanche_ambiance\/thumb\/Selection_Ambiance_Dimanche_11.07.2021_Helene-Millasson_LnPixElle-Photography-4.jpg?bwg=1626818443\"                   src=\"https:\/\/www.festicheyres.ch\/wp-content\/uploads\/photo-gallery\/Galeries_Photos\/2021\/dimanche_ambiance\/thumb\/Selection_Ambiance_Dimanche_11.07.2021_Helene-Millasson_LnPixElle-Photography-4.jpg?bwg=1626818443\"                   alt=\"Selection Ambiance Dimanche 11.07.2021 Helene-Millasson LnPixElle-Photography-4\" \/>            <\/div>            <div class=\"bwg-zoom-effect-overlay\">              <div class=\"bwg-title1\"><div class=\"bwg-title2\">Selection Ambiance Dimanche 11.07.2021 Helene-Millasson LnPixElle-Photography-4<\/div><\/div>                                        <\/div>          <\/div>        <\/div>                        <\/a>              <\/div>            <div class=\"bwg-item\">        <a class=\"bwg-a bwg_lightbox\"  data-image-id=\"3001\" href=\"https:\/\/www.festicheyres.ch\/wp-content\/uploads\/photo-gallery\/Galeries_Photos\/2021\/dimanche_ambiance\/Selection_Ambiance_Dimanche_11.07.2021_Helene-Millasson_LnPixElle-Photography-3.jpg?bwg=1626818443\" data-elementor-open-lightbox=\"no\" >                <div class=\"bwg-item0 \">          <div class=\"bwg-item1 bwg-zoom-effect\">            <div class=\"bwg-item2\">              <img class=\"skip-lazy bwg_standart_thumb_img_1 \"                   data-id=\"3001\"                   data-width=\"720\"                   data-height=\"900\"                   data-original=\"https:\/\/www.festicheyres.ch\/wp-content\/uploads\/photo-gallery\/Galeries_Photos\/2021\/dimanche_ambiance\/thumb\/Selection_Ambiance_Dimanche_11.07.2021_Helene-Millasson_LnPixElle-Photography-3.jpg?bwg=1626818443\"                   src=\"https:\/\/www.festicheyres.ch\/wp-content\/uploads\/photo-gallery\/Galeries_Photos\/2021\/dimanche_ambiance\/thumb\/Selection_Ambiance_Dimanche_11.07.2021_Helene-Millasson_LnPixElle-Photography-3.jpg?bwg=1626818443\"                   alt=\"Selection Ambiance Dimanche 11.07.2021 Helene-Millasson LnPixElle-Photography-3\" \/>            <\/div>            <div class=\"bwg-zoom-effect-overlay\">              <div class=\"bwg-title1\"><div class=\"bwg-title2\">Selection Ambiance Dimanche 11.07.2021 Helene-Millasson LnPixElle-Photography-3<\/div><\/div>                                        <\/div>          <\/div>        <\/div>                        <\/a>              <\/div>            <div class=\"bwg-item\">        <a class=\"bwg-a bwg_lightbox\"  data-image-id=\"3000\" href=\"https:\/\/www.festicheyres.ch\/wp-content\/uploads\/photo-gallery\/Galeries_Photos\/2021\/dimanche_ambiance\/Selection_Ambiance_Dimanche_11.07.2021_Helene-Millasson_LnPixElle-Photography-2.jpg?bwg=1626818443\" data-elementor-open-lightbox=\"no\" >                <div class=\"bwg-item0 \">          <div class=\"bwg-item1 bwg-zoom-effect\">            <div class=\"bwg-item2\">              <img class=\"skip-lazy bwg_standart_thumb_img_1 \"                   data-id=\"3000\"                   data-width=\"900\"                   data-height=\"600\"                   data-original=\"https:\/\/www.festicheyres.ch\/wp-content\/uploads\/photo-gallery\/Galeries_Photos\/2021\/dimanche_ambiance\/thumb\/Selection_Ambiance_Dimanche_11.07.2021_Helene-Millasson_LnPixElle-Photography-2.jpg?bwg=1626818443\"                   src=\"https:\/\/www.festicheyres.ch\/wp-content\/uploads\/photo-gallery\/Galeries_Photos\/2021\/dimanche_ambiance\/thumb\/Selection_Ambiance_Dimanche_11.07.2021_Helene-Millasson_LnPixElle-Photography-2.jpg?bwg=1626818443\"                   alt=\"Selection Ambiance Dimanche 11.07.2021 Helene-Millasson LnPixElle-Photography-2\" \/>            <\/div>            <div class=\"bwg-zoom-effect-overlay\">              <div class=\"bwg-title1\"><div class=\"bwg-title2\">Selection Ambiance Dimanche 11.07.2021 Helene-Millasson LnPixElle-Photography-2<\/div><\/div>                                        <\/div>          <\/div>        <\/div>                        <\/a>              <\/div>            <div class=\"bwg-item\">        <a class=\"bwg-a bwg_lightbox\"  data-image-id=\"2999\" href=\"https:\/\/www.festicheyres.ch\/wp-content\/uploads\/photo-gallery\/Galeries_Photos\/2021\/dimanche_ambiance\/Selection_Ambiance_Dimanche_11.07.2021_Helene-Millasson_LnPixElle-Photography.jpg?bwg=1626818443\" data-elementor-open-lightbox=\"no\" >                <div class=\"bwg-item0 \">          <div class=\"bwg-item1 bwg-zoom-effect\">            <div class=\"bwg-item2\">              <img class=\"skip-lazy bwg_standart_thumb_img_1 \"                   data-id=\"2999\"                   data-width=\"720\"                   data-height=\"900\"                   data-original=\"https:\/\/www.festicheyres.ch\/wp-content\/uploads\/photo-gallery\/Galeries_Photos\/2021\/dimanche_ambiance\/thumb\/Selection_Ambiance_Dimanche_11.07.2021_Helene-Millasson_LnPixElle-Photography.jpg?bwg=1626818443\"                   src=\"https:\/\/www.festicheyres.ch\/wp-content\/uploads\/photo-gallery\/Galeries_Photos\/2021\/dimanche_ambiance\/thumb\/Selection_Ambiance_Dimanche_11.07.2021_Helene-Millasson_LnPixElle-Photography.jpg?bwg=1626818443\"                   alt=\"Selection Ambiance Dimanche 11.07.2021 Helene-Millasson LnPixElle-Photography\" \/>            <\/div>            <div class=\"bwg-zoom-effect-overlay\">              <div class=\"bwg-title1\"><div class=\"bwg-title2\">Selection Ambiance Dimanche 11.07.2021 Helene-Millasson LnPixElle-Photography<\/div><\/div>                                        <\/div>          <\/div>        <\/div>                        <\/a>              <\/div>            <div class=\"bwg-item\">        <a class=\"bwg-a bwg_lightbox\"  data-image-id=\"2998\" href=\"https:\/\/www.festicheyres.ch\/wp-content\/uploads\/photo-gallery\/Galeries_Photos\/2021\/dimanche_ambiance\/Ambiance-4663.jpg?bwg=1626818443\" data-elementor-open-lightbox=\"no\" >                <div class=\"bwg-item0 \">          <div class=\"bwg-item1 bwg-zoom-effect\">            <div class=\"bwg-item2\">              <img class=\"skip-lazy bwg_standart_thumb_img_1 \"                   data-id=\"2998\"                   data-width=\"1920\"                   data-height=\"1280\"                   data-original=\"https:\/\/www.festicheyres.ch\/wp-content\/uploads\/photo-gallery\/Galeries_Photos\/2021\/dimanche_ambiance\/thumb\/Ambiance-4663.jpg?bwg=1626818443\"                   src=\"https:\/\/www.festicheyres.ch\/wp-content\/uploads\/photo-gallery\/Galeries_Photos\/2021\/dimanche_ambiance\/thumb\/Ambiance-4663.jpg?bwg=1626818443\"                   alt=\"Ambiance-4663\" \/>            <\/div>            <div class=\"bwg-zoom-effect-overlay\">              <div class=\"bwg-title1\"><div class=\"bwg-title2\">Ambiance-4663<\/div><\/div>                                        <\/div>          <\/div>        <\/div>                        <\/a>              <\/div>          <\/div>    <style>      \/*pagination styles*\/      #bwg_container1_1 #bwg_container2_1 .tablenav-pages_1 {\t\t\t\ttext-align: center;\t\t\t\tfont-size: 12px;\t\t\t\tfont-family: Ubuntu;\t\t\t\tfont-weight: bold;\t\t\t\tcolor: #666666;\t\t\t\tmargin: 6px 0 4px;\t\t\t\tdisplay: block;      }      @media only screen and (max-width : 320px) {      #bwg_container1_1 #bwg_container2_1 .displaying-num_1 {     \t display: none;      }      }      #bwg_container1_1 #bwg_container2_1 .displaying-num_1 {\t\t\t\tfont-size: 12px;\t\t\t\tfont-family: Ubuntu;\t\t\t\tfont-weight: bold;\t\t\t\tcolor: #666666;\t\t\t\tmargin-right: 10px;\t\t\t\tvertical-align: middle;      }      #bwg_container1_1 #bwg_container2_1 .paging-input_1 {\t\t\t\tfont-size: 12px;\t\t\t\tfont-family: Ubuntu;\t\t\t\tfont-weight: bold;\t\t\t\tcolor: #666666;\t\t\t\tvertical-align: middle;      }      #bwg_container1_1 #bwg_container2_1 .tablenav-pages_1 a.disabled,      #bwg_container1_1 #bwg_container2_1 .tablenav-pages_1 a.disabled:hover,      #bwg_container1_1 #bwg_container2_1 .tablenav-pages_1 a.disabled:focus,\t\t\t#bwg_container1_1 #bwg_container2_1 .tablenav-pages_1 input.bwg_current_page {\t\t\t\tcursor: default;\t\t\t\tcolor: rgba(102, 102, 102, 0.5);      }      #bwg_container1_1 #bwg_container2_1 .tablenav-pages_1 a,      #bwg_container1_1 #bwg_container2_1 .tablenav-pages_1 input.bwg_current_page {\t\t\t\tcursor: pointer;\t\t\t\ttext-align: center;\t\t\t\tfont-size: 12px;\t\t\t\tfont-family: Ubuntu;\t\t\t\tfont-weight: bold;\t\t\t\tcolor: #666666;\t\t\t\ttext-decoration: none;\t\t\t\tpadding: 3px 6px;\t\t\t\tmargin: 0;\t\t\t\tborder-radius: 0;\t\t\t\tborder-style: solid;\t\t\t\tborder-width: 1px;\t\t\t\tborder-color: #E3E3E3;\t\t\t\tbackground-color: #FFFFFF;\t\t\t\topacity: 1.00;\t\t\t\tbox-shadow: 0;\t\t\t\ttransition: all 0.3s ease 0s;-webkit-transition: all 0.3s ease 0s;      }      <\/style>      <span class=\"bwg_nav_cont_1\">              <div class=\"tablenav-pages_1\">                      <span class=\"pagination-links_1 pagination-links\" data-pages-count=\"2\">              <span class=\"pagination-links_col1\">              <a class=\"bwg-a first-page disabled\" title=\"Aller \u00e0 la premi\u00e8re page\" >\u00ab<\/a>              <a class=\"bwg-a prev-page disabled\" title=\"Aller \u00e0 la page pr\u00e9c\u00e9dente\" >\u2039<\/a>              <\/span>\t\t\t\t\t\t\t<span class=\"pagination-links_col2\">\t\t\t\t\t\t\t\t\t<input type=\"number\" class=\"bwg_current_page\" name=\"bwg_current_page\" value=\"1\" data-url-info=\"page_number_1\" onkeypress=\"return bwg_change_page_1(event, this)\" min=\"1\" oninput=\"validity.valid||(value='')\" \/>\t\t\t\t\t\t\t\t\t\tde\t\t\t\t\t\t\t\t\t\t<span class=\"total-pages_1\">\t\t\t\t\t\t\t\t\t\t\t2\t\t\t\t\t\t\t\t\t\t<\/span>\t\t\t\t\t\t\t<\/span>              <span class=\"pagination-links_col3\">                <a class=\"bwg-a next-page-1\" title=\"Aller \u00e0 la page suivante\" href=\"\/wp-json\/wp\/v2\/pages\/8?page_number_1=2\">\u203a<\/a>                <a class=\"bwg-a last-page-1\" title=\"Aller \u00e0 la derni\u00e8re page\" href=\"\/wp-json\/wp\/v2\/pages\/8?page_number_1=2\">\u00bb<\/a>              <\/span>\t\t\t\t\t\t<\/span>\t\t\t\t\t\t        <\/div>                <input type=\"hidden\" id=\"page_number_1\" name=\"page_number_1\" value=\"1\" \/>      <script type=\"text\/javascript\">        function spider_page_1(cur, x, y, load_more) {          if (typeof load_more == \"undefined\") {            var load_more = false;          }          if (jQuery(cur).hasClass('disabled')) {            return false;          }          var items_county_1 = 2;          switch (y) {            case 1:              if (x >= items_county_1) {                document.getElementById('page_number_1').value = items_county_1;              }              else {                document.getElementById('page_number_1').value = x + 1;              }              break;            case 2:              document.getElementById('page_number_1').value = items_county_1;              break;            case -1:              if (x == 1) {                document.getElementById('page_number_1').value = 1;              }              else {                document.getElementById('page_number_1').value = x - 1;              }              break;            case -2:              document.getElementById('page_number_1').value = 1;              break;\t\t\t\t\t\tcase 0:              document.getElementById('page_number_1').value = x;              break;            default:              document.getElementById('page_number_1').value = 1;          }          bwg_ajax('gal_front_form_1', '1', 'bwg_thumbnails_1', '0', '', 'gallery', 0, '', '', load_more, '', 1);        }                    jQuery('.first-page disabled').on('click', function () {              spider_page_1(this, 1, -2, 'numeric');              return false;            });            jQuery('.prev-page disabled').on('click', function () {              spider_page_1(this, 1, -1, 'numeric');              return false;            });            jQuery('.next-page-1').on('click', function () {              spider_page_1(this, 1, 1, 'numeric');              return false;            });            jQuery('.last-page-1').on('click', function () {              spider_page_1(this, 1, 2, 'numeric');              return false;            });        \t\t\t\t\/* Change page on input enter. *\/        function bwg_change_page_1( e, that ) {          if (  e.key == 'Enter' ) {            var to_page = parseInt(jQuery(that).val());            var pages_count = jQuery(that).parents(\".pagination-links\").data(\"pages-count\");            var current_url_param = jQuery(that).attr('data-url-info');            if (to_page > pages_count) {              to_page = 1;            }\t \t\t\t\t\t\t\t\t\t\t\t\tspider_page_1(this, to_page, 0, 'numeric');\t\t\t\t\t\t\treturn false;\t\t\t\t\t\t          }          return true;        }        jQuery('.bwg_load_btn_1').on('click', function () {            spider_page_1(this, 1, 1, true);            return false;        });      <\/script>      <\/span>                <\/div>        <\/form>          <style>          #bwg_container1_1 #bwg_container2_1 #spider_popup_overlay_1 {          background-color: #EEEEEE;          opacity: 0.60;          }          <\/style>        <div id=\"bwg_spider_popup_loading_1\" class=\"bwg_spider_popup_loading\"><\/div>        <div id=\"spider_popup_overlay_1\" class=\"spider_popup_overlay\" onclick=\"spider_destroypopup(1000)\"><\/div>        <input type=\"hidden\" id=\"bwg_random_seed_1\" value=\"1044845790\">                <\/div>    <\/div>    <script>      if (document.readyState === 'complete') {        if( typeof bwg_main_ready == 'function' ) {          if ( jQuery(\"#bwg_container1_1\").height() ) {            bwg_main_ready(jQuery(\"#bwg_container1_1\"));          }        }      } else {        document.addEventListener('DOMContentLoaded', function() {          if( typeof bwg_main_ready == 'function' ) {            if ( jQuery(\"#bwg_container1_1\").height() ) {             bwg_main_ready(jQuery(\"#bwg_container1_1\"));            }          }        });      }    <\/script>    <\/p>\n<p>[\/vc_column_text][\/vc_column][\/vc_row][vc_row full_width=\u00a0\u00bbstretch_row\u00a0\u00bb css=\u00a0\u00bb.vc_custom_1586721066098{margin-top: 55px !important;padding-bottom: 40px !important;background-color: #fff082 !important;}\u00a0\u00bb][vc_column][vc_column_text]<\/p>\n<h2>Les derni\u00e8res actus<\/h2>\n<p>[\/vc_column_text]<div class=\"mpc-carousel__wrapper mpc-waypoint\"><div id=\"mpc_carousel_posts-9862d3248f9a01d\" class=\"mpc-carousel-posts mpc-init mpc-init mpc-transition mpc-overlay--fade mpc-item--slide-up mpc-layout--style_1  \"   data-mpcslick='{\"infinite\":true,\"autoplay\":false,\"slidesToShow\":3,\"slidesToScroll\":1,\"centerMode\":false,\"initialSlide\":0}' data-slick-cols=\"3\"><div onclick=\"\" class=\"mpc-post\"><div class=\"mpc-post__wrapper\"><div class=\"mpc-post__thumbnail\" data-mpc_src=\"https:\/\/www.festicheyres.ch\/wp-content\/uploads\/2022\/06\/Sans-titre-6-1024x1024.png\" data-mpc_link=\"https:\/\/www.festicheyres.ch\/radiofr-emission-et-si-on-se-disait-tu-pause-cafe-fribourg-centre\/\"><div class=\"mpc-post__overlay mpc-transition\"><div class=\"mpc-post--vertical-wrap\"><div class=\"mpc-post--vertical\" data-mpc_link=\"https:\/\/www.festicheyres.ch\/radiofr-emission-et-si-on-se-disait-tu-pause-cafe-fribourg-centre\/\"><a href=\"https:\/\/www.festicheyres.ch\/radiofr-emission-et-si-on-se-disait-tu-pause-cafe-fribourg-centre\/\" title=\"Read more about RadioFr. \u00ab\u00a0Et si on se disait tu ?\u00a0\u00bb &#038; petit d\u00e9fi sp\u00e9cial festivaliers\" class=\"mpc-icon-anchor\"><i class=\"mpc-post-overlay__icon mpc-type--readmore etl etl-attachment\"><\/i><\/a><a href=\"https:\/\/www.festicheyres.ch\/wp-content\/uploads\/2022\/06\/Sans-titre-6.png\" title=\"RadioFr. \u00ab\u00a0Et si on se disait tu ?\u00a0\u00bb &#038; petit d\u00e9fi sp\u00e9cial festivaliers\" class=\"mpc-lightbox mpc-icon-anchor mpc-magnific-popup\"><\/a><div class=\"mpc-post__content mpc-transition\"><h3 class=\"mpc-post__heading mpc-transition mpc-text-overflow\"><a href=\"https:\/\/www.festicheyres.ch\/radiofr-emission-et-si-on-se-disait-tu-pause-cafe-fribourg-centre\/\" title=\"RadioFr. \u00ab\u00a0Et si on se disait tu ?\u00a0\u00bb &#038; petit d\u00e9fi sp\u00e9cial festivaliers\">RadioFr. \u00ab\u00a0Et si on se disait tu ?\u00a0\u00bb &#038; petit d\u00e9fi sp\u00e9cial festivaliers<\/a><\/h3><\/div><\/div><\/div><\/div><\/div><div class=\"mpc-post__content mpc-transition\"><h3 class=\"mpc-post__heading mpc-transition mpc-text-overflow\"><a href=\"https:\/\/www.festicheyres.ch\/radiofr-emission-et-si-on-se-disait-tu-pause-cafe-fribourg-centre\/\" title=\"RadioFr. \u00ab\u00a0Et si on se disait tu ?\u00a0\u00bb &#038; petit d\u00e9fi sp\u00e9cial festivaliers\">RadioFr. \u00ab\u00a0Et si on se disait tu ?\u00a0\u00bb &#038; petit d\u00e9fi sp\u00e9cial festivaliers<\/a><\/h3><\/div><\/div><\/div><div onclick=\"\" class=\"mpc-post\"><div class=\"mpc-post__wrapper\"><div class=\"mpc-post__thumbnail\" data-mpc_src=\"https:\/\/www.festicheyres.ch\/wp-content\/uploads\/2022\/06\/RTS_MiseAuPoint-e1656375804658.jpg\" data-mpc_link=\"https:\/\/www.festicheyres.ch\/rts-mise-au-point-26-juin-2022-reprise-difficile-pour-les-festivals\/\"><div class=\"mpc-post__overlay mpc-transition\"><div class=\"mpc-post--vertical-wrap\"><div class=\"mpc-post--vertical\" data-mpc_link=\"https:\/\/www.festicheyres.ch\/rts-mise-au-point-26-juin-2022-reprise-difficile-pour-les-festivals\/\"><a href=\"https:\/\/www.festicheyres.ch\/rts-mise-au-point-26-juin-2022-reprise-difficile-pour-les-festivals\/\" title=\"Read more about RTS \u2013 Mise au point, 26 juin 2022 &#8211; Reprise difficile pour les festivals\" class=\"mpc-icon-anchor\"><i class=\"mpc-post-overlay__icon mpc-type--readmore etl etl-attachment\"><\/i><\/a><a href=\"https:\/\/www.festicheyres.ch\/wp-content\/uploads\/2022\/06\/RTS_MiseAuPoint-e1656375804658.jpg\" title=\"RTS \u2013 Mise au point, 26 juin 2022 &#8211; Reprise difficile pour les festivals\" class=\"mpc-lightbox mpc-icon-anchor mpc-magnific-popup\"><\/a><div class=\"mpc-post__content mpc-transition\"><h3 class=\"mpc-post__heading mpc-transition mpc-text-overflow\"><a href=\"https:\/\/www.festicheyres.ch\/rts-mise-au-point-26-juin-2022-reprise-difficile-pour-les-festivals\/\" title=\"RTS \u2013 Mise au point, 26 juin 2022 &#8211; Reprise difficile pour les festivals\">RTS \u2013 Mise au point, 26 juin 2022 &#8211; Reprise difficile pour les festivals<\/a><\/h3><\/div><\/div><\/div><\/div><\/div><div class=\"mpc-post__content mpc-transition\"><h3 class=\"mpc-post__heading mpc-transition mpc-text-overflow\"><a href=\"https:\/\/www.festicheyres.ch\/rts-mise-au-point-26-juin-2022-reprise-difficile-pour-les-festivals\/\" title=\"RTS \u2013 Mise au point, 26 juin 2022 &#8211; Reprise difficile pour les festivals\">RTS \u2013 Mise au point, 26 juin 2022 &#8211; Reprise difficile pour les festivals<\/a><\/h3><\/div><\/div><\/div><div onclick=\"\" class=\"mpc-post\"><div class=\"mpc-post__wrapper\"><div class=\"mpc-post__thumbnail\" data-mpc_src=\"https:\/\/www.festicheyres.ch\/wp-content\/uploads\/2022\/06\/2022-Tous-les-posts-re\u0301seaux-sociaux-6-1024x1024.png\" data-mpc_link=\"https:\/\/www.festicheyres.ch\/nous-sommes-sur-radiofr-emission-la-cafete\/\"><div class=\"mpc-post__overlay mpc-transition\"><div class=\"mpc-post--vertical-wrap\"><div class=\"mpc-post--vertical\" data-mpc_link=\"https:\/\/www.festicheyres.ch\/nous-sommes-sur-radiofr-emission-la-cafete\/\"><a href=\"https:\/\/www.festicheyres.ch\/nous-sommes-sur-radiofr-emission-la-cafete\/\" title=\"Read more about Nous sommes sur RadioFR &#8211; Emission \u00ab\u00a0La Caf\u00e8te\u00a0\u00bb\" class=\"mpc-icon-anchor\"><i class=\"mpc-post-overlay__icon mpc-type--readmore etl etl-attachment\"><\/i><\/a><a href=\"https:\/\/www.festicheyres.ch\/wp-content\/uploads\/2022\/06\/2022-Tous-les-posts-re\u0301seaux-sociaux-6.png\" title=\"Nous sommes sur RadioFR &#8211; Emission \u00ab\u00a0La Caf\u00e8te\u00a0\u00bb\" class=\"mpc-lightbox mpc-icon-anchor mpc-magnific-popup\"><\/a><div class=\"mpc-post__content mpc-transition\"><h3 class=\"mpc-post__heading mpc-transition mpc-text-overflow\"><a href=\"https:\/\/www.festicheyres.ch\/nous-sommes-sur-radiofr-emission-la-cafete\/\" title=\"Nous sommes sur RadioFR &#8211; Emission \u00ab\u00a0La Caf\u00e8te\u00a0\u00bb\">Nous sommes sur RadioFR &#8211; Emission \u00ab\u00a0La Caf\u00e8te\u00a0\u00bb<\/a><\/h3><\/div><\/div><\/div><\/div><\/div><div class=\"mpc-post__content mpc-transition\"><h3 class=\"mpc-post__heading mpc-transition mpc-text-overflow\"><a href=\"https:\/\/www.festicheyres.ch\/nous-sommes-sur-radiofr-emission-la-cafete\/\" title=\"Nous sommes sur RadioFR &#8211; Emission \u00ab\u00a0La Caf\u00e8te\u00a0\u00bb\">Nous sommes sur RadioFR &#8211; Emission \u00ab\u00a0La Caf\u00e8te\u00a0\u00bb<\/a><\/h3><\/div><\/div><\/div><div onclick=\"\" class=\"mpc-post\"><div class=\"mpc-post__wrapper\"><div class=\"mpc-post__thumbnail\" data-mpc_src=\"https:\/\/www.festicheyres.ch\/wp-content\/uploads\/2022\/06\/22.06.2022-17--1024x1024.png\" data-mpc_link=\"https:\/\/www.festicheyres.ch\/teaser-2022\/\"><div class=\"mpc-post__overlay mpc-transition\"><div class=\"mpc-post--vertical-wrap\"><div class=\"mpc-post--vertical\" data-mpc_link=\"https:\/\/www.festicheyres.ch\/teaser-2022\/\"><a href=\"https:\/\/www.festicheyres.ch\/teaser-2022\/\" title=\"Read more about Teaser 2022\" class=\"mpc-icon-anchor\"><i class=\"mpc-post-overlay__icon mpc-type--readmore etl etl-attachment\"><\/i><\/a><a href=\"https:\/\/www.festicheyres.ch\/wp-content\/uploads\/2022\/06\/22.06.2022-17-.png\" title=\"Teaser 2022\" class=\"mpc-lightbox mpc-icon-anchor mpc-magnific-popup\"><\/a><div class=\"mpc-post__content mpc-transition\"><h3 class=\"mpc-post__heading mpc-transition mpc-text-overflow\"><a href=\"https:\/\/www.festicheyres.ch\/teaser-2022\/\" title=\"Teaser 2022\">Teaser 2022<\/a><\/h3><\/div><\/div><\/div><\/div><\/div><div class=\"mpc-post__content mpc-transition\"><h3 class=\"mpc-post__heading mpc-transition mpc-text-overflow\"><a href=\"https:\/\/www.festicheyres.ch\/teaser-2022\/\" title=\"Teaser 2022\">Teaser 2022<\/a><\/h3><\/div><\/div><\/div><div onclick=\"\" class=\"mpc-post\"><div class=\"mpc-post__wrapper\"><div class=\"mpc-post__thumbnail\" data-mpc_src=\"https:\/\/www.festicheyres.ch\/wp-content\/uploads\/2022\/06\/FestiCheyres_Affiche2022-3-724x1024.jpg\" data-mpc_link=\"https:\/\/www.festicheyres.ch\/edition-2022\/\"><div class=\"mpc-post__overlay mpc-transition\"><div class=\"mpc-post--vertical-wrap\"><div class=\"mpc-post--vertical\" data-mpc_link=\"https:\/\/www.festicheyres.ch\/edition-2022\/\"><a href=\"https:\/\/www.festicheyres.ch\/edition-2022\/\" title=\"Read more about L&rsquo;\u00e9dition 2022\" class=\"mpc-icon-anchor\"><i class=\"mpc-post-overlay__icon mpc-type--readmore etl etl-attachment\"><\/i><\/a><a href=\"https:\/\/www.festicheyres.ch\/wp-content\/uploads\/2022\/06\/FestiCheyres_Affiche2022-3-scaled.jpg\" title=\"L&rsquo;\u00e9dition 2022\" class=\"mpc-lightbox mpc-icon-anchor mpc-magnific-popup\"><\/a><div class=\"mpc-post__content mpc-transition\"><h3 class=\"mpc-post__heading mpc-transition mpc-text-overflow\"><a href=\"https:\/\/www.festicheyres.ch\/edition-2022\/\" title=\"L&rsquo;\u00e9dition 2022\">L&rsquo;\u00e9dition 2022<\/a><\/h3><\/div><\/div><\/div><\/div><\/div><div class=\"mpc-post__content mpc-transition\"><h3 class=\"mpc-post__heading mpc-transition mpc-text-overflow\"><a href=\"https:\/\/www.festicheyres.ch\/edition-2022\/\" title=\"L&rsquo;\u00e9dition 2022\">L&rsquo;\u00e9dition 2022<\/a><\/h3><\/div><\/div><\/div><div onclick=\"\" class=\"mpc-post\"><div class=\"mpc-post__wrapper\"><div class=\"mpc-post__thumbnail\" data-mpc_src=\"https:\/\/www.festicheyres.ch\/wp-content\/uploads\/2021\/07\/festicheyres_aftermovie_2021-1024x578.jpg\" data-mpc_link=\"https:\/\/www.festicheyres.ch\/ledition-2021-un-grand-merci-et-un-aftermovie\/\"><div class=\"mpc-post__overlay mpc-transition\"><div class=\"mpc-post--vertical-wrap\"><div class=\"mpc-post--vertical\" data-mpc_link=\"https:\/\/www.festicheyres.ch\/ledition-2021-un-grand-merci-et-un-aftermovie\/\"><a href=\"https:\/\/www.festicheyres.ch\/ledition-2021-un-grand-merci-et-un-aftermovie\/\" title=\"Read more about L&rsquo;\u00e9dition 2021 &#8211; un grand merci et un aftermovie !\" class=\"mpc-icon-anchor\"><i class=\"mpc-post-overlay__icon mpc-type--readmore etl etl-attachment\"><\/i><\/a><a href=\"https:\/\/www.festicheyres.ch\/wp-content\/uploads\/2021\/07\/festicheyres_aftermovie_2021.jpg\" title=\"L&rsquo;\u00e9dition 2021 &#8211; un grand merci et un aftermovie !\" class=\"mpc-lightbox mpc-icon-anchor mpc-magnific-popup\"><\/a><div class=\"mpc-post__content mpc-transition\"><h3 class=\"mpc-post__heading mpc-transition mpc-text-overflow\"><a href=\"https:\/\/www.festicheyres.ch\/ledition-2021-un-grand-merci-et-un-aftermovie\/\" title=\"L&rsquo;\u00e9dition 2021 &#8211; un grand merci et un aftermovie !\">L&rsquo;\u00e9dition 2021 &#8211; un grand merci et un aftermovie !<\/a><\/h3><\/div><\/div><\/div><\/div><\/div><div class=\"mpc-post__content mpc-transition\"><h3 class=\"mpc-post__heading mpc-transition mpc-text-overflow\"><a href=\"https:\/\/www.festicheyres.ch\/ledition-2021-un-grand-merci-et-un-aftermovie\/\" title=\"L&rsquo;\u00e9dition 2021 &#8211; un grand merci et un aftermovie !\">L&rsquo;\u00e9dition 2021 &#8211; un grand merci et un aftermovie !<\/a><\/h3><\/div><\/div><\/div><\/div><div class=\"mpc-navigation mpc-init mpc-align--left mpc-navigation--style_5 mpc-on-hover  mpc-nav-preset--mpc_preset_28\" data-mpcslider=\"mpc_carousel_posts-9862d3248f9a01d\"><div class=\"mpc-nav__arrow mpcslick-prev\"><div class=\"mpc-nav__icon mpc-transition\"><i class=\" eti eti_arrow_carrot-left\"><div class=\"mpc-nav__background mpc-transition mpc-effect-type--slide mpc-effect-side--bottom\"><\/div><\/i><\/div><\/div><\/div><div class=\"mpc-navigation mpc-init mpc-align--left mpc-navigation--style_5 mpc-on-hover  mpc-nav-preset--mpc_preset_28\" data-mpcslider=\"mpc_carousel_posts-9862d3248f9a01d\"><div class=\"mpc-nav__arrow mpcslick-next\"><div class=\"mpc-nav__icon mpc-transition\"><i class=\" eti eti_arrow_carrot-right\"><div class=\"mpc-nav__background mpc-transition mpc-effect-type--slide mpc-effect-side--bottom\"><\/div><\/i><\/div><\/div><\/div><\/div>[vc_column_text]<\/p>\n<h3><\/h3>\n<h4 style=\"text-align: center;\"><a href=\"https:\/\/www.festicheyres.ch\/accueil\/actualites\/\">Toutes les actualit\u00e9s<\/a><\/h4>\n<p>[\/vc_column_text][\/vc_column][\/vc_row][vc_row full_height=\u00a0\u00bbyes\u00a0\u00bb columns_placement=\u00a0\u00bbstretch\u00a0\u00bb equal_height=\u00a0\u00bbyes\u00a0\u00bb css_animation=\u00a0\u00bbnone\u00a0\u00bb disable_element=\u00a0\u00bbyes\u00a0\u00bb css=\u00a0\u00bb.vc_custom_1625002240471{margin-top: 30px !important;}\u00a0\u00bb][vc_column css_animation=\u00a0\u00bbappear\u00a0\u00bb width=\u00a0\u00bb1\/4&Prime;][vc_single_image image=\u00a0\u00bb2190&Prime; img_size=\u00a0\u00bb400&#215;400&Prime; alignment=\u00a0\u00bbcenter\u00a0\u00bb style=\u00a0\u00bbvc_box_rounded\u00a0\u00bb onclick=\u00a0\u00bbcustom_link\u00a0\u00bb link=\u00a0\u00bbhttps:\/\/www.festicheyres.ch\/programme\/groupes\/\u00a0\u00bb][vc_column_text css=\u00a0\u00bb.vc_custom_1586989854373{padding-top: 10px !important;padding-right: 10px !important;padding-bottom: 10px !important;padding-left: 10px !important;background-color: #f2f2f2 !important;}\u00a0\u00bb]<\/p>\n<h3 style=\"text-align: center;\">Un festival gratuit<\/h3>\n<p style=\"text-align: center;\">De la musique plein les oreilles, une programmation \u00e9clectique, des animations pour les enfants, l\u2019acc\u00e8s direct \u00e0 la plage, des prix abordables et une entr\u00e9e gratuite !<\/p>\n<p style=\"text-align: center;\"><a href=\"https:\/\/www.festicheyres.ch\/programme\/groupes\/\">La Prog&rsquo;<\/a>, <a href=\"https:\/\/www.festicheyres.ch\/programme\/animations\/\">Animations sportives<\/a>, <a href=\"https:\/\/www.festicheyres.ch\/pratique\/restauration\/\">Restauration<\/a>,&#8230;<\/p>\n<p>[\/vc_column_text][\/vc_column][vc_column css_animation=\u00a0\u00bbappear\u00a0\u00bb width=\u00a0\u00bb1\/4&Prime;][vc_single_image image=\u00a0\u00bb2198&Prime; img_size=\u00a0\u00bb400&#215;400&Prime; alignment=\u00a0\u00bbcenter\u00a0\u00bb style=\u00a0\u00bbvc_box_rounded\u00a0\u00bb onclick=\u00a0\u00bbcustom_link\u00a0\u00bb link=\u00a0\u00bbhttps:\/\/www.festicheyres.ch\/programme\/enfants\/\u00a0\u00bb][vc_column_text css=\u00a0\u00bb.vc_custom_1586006443236{padding-top: 10px !important;padding-right: 10px !important;padding-bottom: 10px !important;padding-left: 10px !important;background-color: #f2f2f2 !important;}\u00a0\u00bb]<\/p>\n<h3 style=\"text-align: center;\">Pour toute la famille<\/h3>\n<p style=\"text-align: center;\">Grafiti, Cr\u00e9ation R\u00e9cup&rsquo;, Argile, Grimage, des animations ludiques pour les enfants tout au long du week-end !<\/p>\n<p style=\"text-align: center;\"><a href=\"https:\/\/www.festicheyres.ch\/programme\/enfants\/\">Animations enfants<\/a><\/p>\n<p>[\/vc_column_text][\/vc_column][vc_column css_animation=\u00a0\u00bbappear\u00a0\u00bb width=\u00a0\u00bb1\/4&Prime;][vc_single_image image=\u00a0\u00bb2192&Prime; img_size=\u00a0\u00bb400&#215;400&Prime; alignment=\u00a0\u00bbcenter\u00a0\u00bb style=\u00a0\u00bbvc_box_rounded\u00a0\u00bb onclick=\u00a0\u00bbcustom_link\u00a0\u00bb link=\u00a0\u00bbhttps:\/\/www.festicheyres.ch\/pratique\/ecologie\/\u00a0\u00bb][vc_column_text css=\u00a0\u00bb.vc_custom_1586006494981{padding-top: 10px !important;padding-right: 10px !important;padding-bottom: 10px !important;padding-left: 10px !important;background-color: #f2f2f2 !important;}\u00a0\u00bb]<\/p>\n<h3 style=\"text-align: center;\">\u00c9co-logique<\/h3>\n<p style=\"text-align: center;\">L\u2019environnement dans lequel s\u2019ins\u00e8re le festival est unique. Festicheyres s\u2019engage pour int\u00e9grer le respect de l\u2019environnement au c\u0153ur du Festival. Engage-toi \u00e0 nos c\u00f4t\u00e9s !<\/p>\n<p style=\"text-align: center;\"><a href=\"https:\/\/www.festicheyres.ch\/pratique\/ecologie\/\">Le festival s&rsquo;engage avec vous<\/a><\/p>\n<p>[\/vc_column_text][\/vc_column][vc_column css_animation=\u00a0\u00bbappear\u00a0\u00bb width=\u00a0\u00bb1\/4&Prime;][vc_single_image image=\u00a0\u00bb2189&Prime; img_size=\u00a0\u00bb400&#215;400&Prime; alignment=\u00a0\u00bbcenter\u00a0\u00bb style=\u00a0\u00bbvc_box_border\u00a0\u00bb border_color=\u00a0\u00bbblack\u00a0\u00bb onclick=\u00a0\u00bbcustom_link\u00a0\u00bb link=\u00a0\u00bbhttps:\/\/www.festicheyres.ch\/pratique\/rentrer\/\u00a0\u00bb][vc_column_text css=\u00a0\u00bb.vc_custom_1586006523183{padding-top: 10px !important;padding-right: 10px !important;padding-bottom: 10px !important;padding-left: 10px !important;background-color: #f2f2f2 !important;}\u00a0\u00bb]<\/p>\n<h3 style=\"text-align: center;\">On te ram\u00e8ne !<\/h3>\n<p align=\"center\">Viens en train ! Un bus et une navette locale circuleront pour te ramener \u00e0 la maison.<\/p>\n<p align=\"center\"><a href=\"https:\/\/www.festicheyres.ch\/pratique\/rentrer\/\">Infos retours<\/a><\/p>\n<p align=\"center\">[\/vc_column_text][\/vc_column][\/vc_row][vc_row][vc_column][vc_column_text]<\/p>\n<p>[\/vc_column_text][\/vc_column][\/vc_row]<\/p>\n","protected":false},"excerpt":{"rendered":"<p>[vc_row disable_element=\u00a0\u00bbyes\u00a0\u00bb][vc_column][vc_column_text][rev_slider_vc alias=\u00a0\u00bbaccueil-video\u00a0\u00bb][\/vc_column_text][\/vc_column][\/vc_row][vc_row disable_element=\u00a0\u00bbyes\u00a0\u00bb][vc_column][vc_posts_slider count=\u00a0\u00bb15&Prime; interval=\u00a0\u00bb3&Prime; thumb_size=\u00a0\u00bb1000&#215;300&Prime; orderby=\u00a0\u00bbrand\u00a0\u00bb posttypes=\u00a0\u00bbgroupe\u00a0\u00bb categories=\u00a0\u00bb2022&Prime;][\/vc_column][\/vc_row][vc_row][vc_column][vc_column_text][\/vc_column_text][\/vc_column][\/vc_row][vc_row el_id=\u00a0\u00bbPremiere-position\u00a0\u00bb][vc_column width=\u00a0\u00bb2\/3&Prime;][vc_column_text css_animation=\u00a0\u00bbfadeInLeft\u00a0\u00bb] 15e Festi&rsquo;Cheyres | 7-8-9-10 juillet ! Festi\u2019Cheyres soufflera ses quinze bougies, les 7, 8, 9 et 10 juillet prochain ! 24 formations d\u2019univers tr\u00e8s diff\u00e9rents viendront mettre le feu \u00e0 la plage pour c\u00e9l\u00e9brer cet anniversaire. Une \u00e9dition qui promet d\u00e9j\u00e0 d\u2019\u00eatre<\/p>\n","protected":false},"author":1,"featured_media":0,"parent":0,"menu_order":1,"comment_status":"closed","ping_status":"closed","template":"","meta":[],"_links":{"self":[{"href":"https:\/\/www.festicheyres.ch\/wp-json\/wp\/v2\/pages\/8"}],"collection":[{"href":"https:\/\/www.festicheyres.ch\/wp-json\/wp\/v2\/pages"}],"about":[{"href":"https:\/\/www.festicheyres.ch\/wp-json\/wp\/v2\/types\/page"}],"author":[{"embeddable":true,"href":"https:\/\/www.festicheyres.ch\/wp-json\/wp\/v2\/users\/1"}],"replies":[{"embeddable":true,"href":"https:\/\/www.festicheyres.ch\/wp-json\/wp\/v2\/comments?post=8"}],"version-history":[{"count":276,"href":"https:\/\/www.festicheyres.ch\/wp-json\/wp\/v2\/pages\/8\/revisions"}],"predecessor-version":[{"id":3958,"href":"https:\/\/www.festicheyres.ch\/wp-json\/wp\/v2\/pages\/8\/revisions\/3958"}],"wp:attachment":[{"href":"https:\/\/www.festicheyres.ch\/wp-json\/wp\/v2\/media?parent=8"}],"curies":[{"name":"wp","href":"https:\/\/api.w.org\/{rel}","templated":true}]}}