{"id":2297,"date":"2020-03-01T21:23:29","date_gmt":"2020-03-01T20:23:29","guid":{"rendered":"https:\/\/www.festicheyres.ch\/?page_id=2297"},"modified":"2022-06-16T15:05:50","modified_gmt":"2022-06-16T13:05:50","slug":"animations","status":"publish","type":"page","link":"https:\/\/www.festicheyres.ch\/programme\/animations\/","title":{"rendered":"Animations pour tous !"},"content":{"rendered":"<p>[vc_row][vc_column][vc_column_text css_animation=\u00a0\u00bbslideInDown\u00a0\u00bb]<\/p>\n<h1>Animations pour les petits et les grands, les sportifs et les gourmands<\/h1>\n<p style=\"text-align: left;\"><strong>Des activit\u00e9s cr\u00e9atrices, maquillages p<\/strong><strong>our les enfants, argile, le tout sur le th\u00e8me des dinosaures.<\/strong><\/p>\n<p style=\"text-align: left;\"><strong>Yoga matinal pour les plus grands le samedi et le dimanche pour les familles.<\/strong><\/p>\n<p><strong>Et le d\u00e9sormais traditionnel Petit Dej&rsquo; au bord de l&rsquo;eau !<\/strong>[\/vc_column_text][\/vc_column][vc_column width=\u00a0\u00bb1\/2&Prime;][\/vc_column][vc_column width=\u00a0\u00bb1\/2&Prime;][\/vc_column][\/vc_row][vc_row][vc_column][vc_row_inner][vc_column_inner width=\u00a0\u00bb1\/2&Prime;][vc_column_text css_animation=\u00a0\u00bbslideInLeft\u00a0\u00bb css=\u00a0\u00bb.vc_custom_1652189750079{margin-bottom: 0px !important;border-bottom-width: 0px !important;padding-bottom: 0px !important;}\u00a0\u00bb]<\/p>\n<h2><strong>Ateliers participatifs enfants<\/strong><\/h2>\n<p><b>Samedi 09 juillet<\/b> <b>13h30-17h00<br \/>\n<\/b><b>Dimanche 10 juillet<\/b> <b>13h30-16h00\u00a0\u00a0\u00a0\u00a0<\/b><\/p>\n<p><span style=\"font-weight: 400;\">Grimage, peinture, bricolage, argile et ateliers cr\u00e9atifs sur le th\u00e8me des dinosaures propos\u00e9s par notre super team animation\u00a0!<\/span>[\/vc_column_text][\/vc_column_inner][vc_column_inner width=\u00a0\u00bb1\/2&Prime;][vc_single_image image=\u00a0\u00bb3358&Prime; img_size=\u00a0\u00bblarge\u00a0\u00bb css_animation=\u00a0\u00bbslideInRight\u00a0\u00bb][\/vc_column_inner][\/vc_row_inner][\/vc_column][\/vc_row][vc_row][vc_column][vc_row_inner][vc_column_inner width=\u00a0\u00bb1\/2&Prime; animation_in_type=\u00a0\u00bbtransition.slideLeftIn\u00a0\u00bb animation_in_offset=\u00a0\u00bb100&Prime; animation_in_duration=\u00a0\u00bb1600&Prime; animation_in_delay=\u00a0\u00bb350&Prime;][vc_column_text css_animation=\u00a0\u00bbnone\u00a0\u00bb css=\u00a0\u00bb.vc_custom_1655384670830{margin-bottom: 0px !important;border-bottom-width: 0px !important;padding-bottom: 0px !important;}\u00a0\u00bb]<\/p>\n<h2><strong>Tournoi de Volley<\/strong><\/h2>\n<p><b>Samedi 09 juillet<\/b> <b>10h30 &#8211; environ 13h00<br \/>\n<\/b><b>\u00a0 \u00a0<\/b><\/p>\n<p>Le Tournoi De Beach Volley Ol\u00e9 Ol\u00e9 de Festi&rsquo;Cheyres est de retour !. Inscris-toi et ton \u00e9quipe (jusqu&rsquo;\u00e0 5 joueurs maximum), trouves un nom d&rsquo;\u00e9quipe et pr\u00e9pare 10 CHF.- d&rsquo;inscription pour toute l&rsquo;\u00e9quipe. Nombre d&rsquo;\u00e9quipe limit\u00e9e \u00e0 12, inscriptions sur le formulaire en ligne. Rendez-vous \u00e0 la plage de Cheyres \u00e0 10h30, d\u00e9but du tournoi 11h. Le tout g\u00e9r\u00e9 par les magnifiques de la Jeunesse de Cheyres-Ch\u00e2bles.[\/vc_column_text][vc_empty_space][lab_button title=\u00a0\u00bbFormulaire d&rsquo;inscription tournoi de Volley\u00a0\u00bb type=\u00a0\u00bbstandard\u00a0\u00bb link=\u00a0\u00bburl:https%3A%2F%2Fwww.festicheyres.ch%2Finscription-volley%2F|title:Formulaire%20Inscription%20volley\u00a0\u00bb el_class=\u00a0\u00bbbuttonvolley\u00a0\u00bb][\/vc_column_inner][vc_column_inner width=\u00a0\u00bb1\/2&Prime;][vc_single_image image=\u00a0\u00bb2445&Prime; img_size=\u00a0\u00bblarge\u00a0\u00bb css_animation=\u00a0\u00bbslideInRight\u00a0\u00bb][\/vc_column_inner][\/vc_row_inner][\/vc_column][\/vc_row][vc_row][vc_column][vc_row_inner][vc_column_inner width=\u00a0\u00bb1\/2&Prime;][vc_column_text css_animation=\u00a0\u00bbslideInLeft\u00a0\u00bb css=\u00a0\u00bb.vc_custom_1654597222339{border-top-width: 0px !important;padding-top: 0px !important;}\u00a0\u00bb]<\/p>\n<h2><strong>Yoga by www.yogarana.ch<\/strong><\/h2>\n<p><b>Samedi 09 juillet <\/b> <b>9h00-10h00<\/b><\/p>\n<p><span style=\"font-weight: 400;\">Yoga sur la plage, s\u00e9ance <\/span><b>adultes<\/b><span style=\"font-weight: 400;\"> (prendre serviette de plage ou tapis de yoga).<\/span><\/p>\n<p><b>Dimanche 10 juillet <\/b> <b>9h00-10h00<\/b><\/p>\n<p><span style=\"font-weight: 400;\">Yoga sur la plage, s\u00e9ance <\/span><b>familles<\/b><span style=\"font-weight: 400;\"> (prendre serviette de plage ou tapis de yoga).<\/span>[\/vc_column_text][\/vc_column_inner][vc_column_inner width=\u00a0\u00bb1\/2&Prime;][vc_single_image image=\u00a0\u00bb3359&Prime; img_size=\u00a0\u00bblarge\u00a0\u00bb css_animation=\u00a0\u00bbslideInRight\u00a0\u00bb][\/vc_column_inner][\/vc_row_inner][\/vc_column][\/vc_row][vc_row][vc_column][vc_row_inner][vc_column_inner width=\u00a0\u00bb1\/2&Prime;][vc_column_text css_animation=\u00a0\u00bbslideInLeft\u00a0\u00bb css=\u00a0\u00bb.vc_custom_1652807802575{border-top-width: 0px !important;padding-top: 0px !important;}\u00a0\u00bb]<\/p>\n<h2><strong>Petit d\u00e9j&rsquo; au bord de l\u2019eau<\/strong><\/h2>\n<p><b>Samedi 09 juillet et dimanche 10 juillet <\/b><b>d\u00e8s 9h00<\/b><\/p>\n<p><span style=\"font-weight: 400;\">Tresse, cuchaule, caf\u00e9, th\u00e9, etc. sur la plage. Un vrai petit d\u00e9jeuner pour une belle journ\u00e9e.<\/span>[\/vc_column_text][\/vc_column_inner][vc_column_inner width=\u00a0\u00bb1\/2&Prime;][vc_single_image image=\u00a0\u00bb3360&Prime; img_size=\u00a0\u00bblarge\u00a0\u00bb css_animation=\u00a0\u00bbslideInRight\u00a0\u00bb][\/vc_column_inner][\/vc_row_inner][\/vc_column][\/vc_row]<\/p>\n","protected":false},"excerpt":{"rendered":"<p>[vc_row][vc_column][vc_column_text css_animation=\u00a0\u00bbslideInDown\u00a0\u00bb] Animations pour les petits et les grands, les sportifs et les gourmands Des activit\u00e9s cr\u00e9atrices, maquillages pour les enfants, argile, le tout sur le th\u00e8me des dinosaures. Yoga matinal pour les plus grands le samedi et le dimanche pour les familles. Et le d\u00e9sormais traditionnel Petit Dej&rsquo; au bord de l&rsquo;eau ![\/vc_column_text][\/vc_column][vc_column width=\u00a0\u00bb1\/2&Prime;][\/vc_column][vc_column<\/p>\n","protected":false},"author":1,"featured_media":0,"parent":91,"menu_order":4,"comment_status":"closed","ping_status":"closed","template":"","meta":[],"_links":{"self":[{"href":"https:\/\/www.festicheyres.ch\/wp-json\/wp\/v2\/pages\/2297"}],"collection":[{"href":"https:\/\/www.festicheyres.ch\/wp-json\/wp\/v2\/pages"}],"about":[{"href":"https:\/\/www.festicheyres.ch\/wp-json\/wp\/v2\/types\/page"}],"author":[{"embeddable":true,"href":"https:\/\/www.festicheyres.ch\/wp-json\/wp\/v2\/users\/1"}],"replies":[{"embeddable":true,"href":"https:\/\/www.festicheyres.ch\/wp-json\/wp\/v2\/comments?post=2297"}],"version-history":[{"count":25,"href":"https:\/\/www.festicheyres.ch\/wp-json\/wp\/v2\/pages\/2297\/revisions"}],"predecessor-version":[{"id":3741,"href":"https:\/\/www.festicheyres.ch\/wp-json\/wp\/v2\/pages\/2297\/revisions\/3741"}],"up":[{"embeddable":true,"href":"https:\/\/www.festicheyres.ch\/wp-json\/wp\/v2\/pages\/91"}],"wp:attachment":[{"href":"https:\/\/www.festicheyres.ch\/wp-json\/wp\/v2\/media?parent=2297"}],"curies":[{"name":"wp","href":"https:\/\/api.w.org\/{rel}","templated":true}]}}