{"id":2045,"date":"2019-11-15T19:39:36","date_gmt":"2019-11-15T18:39:36","guid":{"rendered":"https:\/\/www.festicheyres.ch\/?page_id=2045"},"modified":"2022-05-18T21:52:12","modified_gmt":"2022-05-18T19:52:12","slug":"groupes","status":"publish","type":"page","link":"https:\/\/www.festicheyres.ch\/programme\/groupes\/","title":{"rendered":"Les Groupes"},"content":{"rendered":"<p>[vc_row][vc_column][vc_column_text]<\/p>\n<h1>Les groupes<\/h1>\n<p>[\/vc_column_text][vc_column_text]\n\n\n<div id=\"wpv-view-layout-2057\" class=\"js-wpv-view-layout js-wpv-layout-responsive js-wpv-view-layout-2057\" data-viewnumber=\"2057\" data-pagination=\"{&quot;id&quot;:&quot;2057&quot;,&quot;query&quot;:&quot;normal&quot;,&quot;type&quot;:&quot;disabled&quot;,&quot;effect&quot;:&quot;fade&quot;,&quot;duration&quot;:500,&quot;speed&quot;:5,&quot;pause_on_hover&quot;:&quot;disabled&quot;,&quot;stop_rollover&quot;:&quot;false&quot;,&quot;cache_pages&quot;:&quot;enabled&quot;,&quot;preload_images&quot;:&quot;enabled&quot;,&quot;preload_pages&quot;:&quot;enabled&quot;,&quot;preload_reach&quot;:1,&quot;spinner&quot;:&quot;builtin&quot;,&quot;spinner_image&quot;:&quot;https:\/\/www.festicheyres.ch\/wp-content\/plugins\/wp-views\/embedded\/res\/img\/ajax-loader.gif&quot;,&quot;callback_next&quot;:&quot;&quot;,&quot;manage_history&quot;:&quot;disabled&quot;,&quot;has_controls_in_form&quot;:&quot;disabled&quot;,&quot;infinite_tolerance&quot;:&quot;0&quot;,&quot;max_pages&quot;:0,&quot;page&quot;:1,&quot;base_permalink&quot;:&quot;\/wp-json\/wp\/v2\/pages\/2045?wpv_view_count=2057&amp;wpv_paged=WPV_PAGE_NUM&quot;,&quot;loop&quot;:{&quot;type&quot;:&quot;&quot;,&quot;name&quot;:&quot;&quot;,&quot;data&quot;:[],&quot;id&quot;:0}}\" data-permalink=\"\/wp-json\/wp\/v2\/pages\/2045?wpv_view_count=2057\">\n\n\t\n\t\n\t\n      <div class=\"groupe-loop\">\n\t\t\t<p>[vc_row first_background_color=\u00a0\u00bb#5e59ba\u00a0\u00bb second_background_color=\u00a0\u00bb#df5461&Prime; animation_in_type=\u00a0\u00bbtransition.slideRightBigIn\u00a0\u00bb animation_in_offset=\u00a0\u00bb100&Prime; animation_in_duration=\u00a0\u00bb300&Prime; animation_in_delay=\u00a0\u00bb0&Prime; el_class=\u00a0\u00bbgroupe-item\u00a0\u00bb][vc_column width=\u00a0\u00bb1\/4&Prime; el_class=\u00a0\u00bbgroupe-image\u00a0\u00bb][vc_column_text css_animation=\u00a0\u00bbfadeInDown\u00a0\u00bb css=\u00a0\u00bb.vc_custom_1574026613068{border-radius: 5px !important;}\u00a0\u00bb]<a href=\"\/?p=3292\"><img width=\"468\" height=\"468\" src=\"https:\/\/www.festicheyres.ch\/wp-content\/uploads\/2022\/05\/new-york-ska-jazz-ensemble-1492559661.77.2560x1440-468x468.jpg\" class=\"attachment-blog-thumb-2 size-blog-thumb-2 wp-post-image\" alt=\"\" loading=\"lazy\" srcset=\"https:\/\/www.festicheyres.ch\/wp-content\/uploads\/2022\/05\/new-york-ska-jazz-ensemble-1492559661.77.2560x1440-468x468.jpg 468w, https:\/\/www.festicheyres.ch\/wp-content\/uploads\/2022\/05\/new-york-ska-jazz-ensemble-1492559661.77.2560x1440-150x150.jpg 150w, https:\/\/www.festicheyres.ch\/wp-content\/uploads\/2022\/05\/new-york-ska-jazz-ensemble-1492559661.77.2560x1440-266x266.jpg 266w, https:\/\/www.festicheyres.ch\/wp-content\/uploads\/2022\/05\/new-york-ska-jazz-ensemble-1492559661.77.2560x1440-220x220.jpg 220w\" sizes=\"(max-width: 468px) 100vw, 468px\" \/><\/a>[\/vc_column_text][\/vc_column][vc_column width=\u00a0\u00bb3\/4&Prime; el_class=\u00a0\u00bbgroupe-infos\u00a0\u00bb][vc_column_text css=\u00a0\u00bb.vc_custom_1574115516333{border-top-width: 3px !important;border-right-width: 3px !important;border-bottom-width: 3px !important;border-left-width: 3px !important;background: #df5461 url(https:\/\/www.festicheyres.ch\/wp-content\/uploads\/2019\/02\/IMG_0946.jpg?id=1615) !important;background-position: center !important;background-repeat: no-repeat !important;background-size: cover !important;border-left-color: #000000 !important;border-left-style: solid !important;border-right-color: #000000 !important;border-right-style: solid !important;border-top-color: #000000 !important;border-top-style: solid !important;border-bottom-color: #000000 !important;border-bottom-style: solid !important;}\u00a0\u00bb]<\/p>\n<h2><a href=\"https:\/\/www.festicheyres.ch\/groupe\/new-york-ska-jazz-ensemble\/\">New York Ska-Jazz Ensemble<\/a><\/h2>\n<p>[\/vc_column_text][vc_column_text]\n\n\n<div id=\"wpv-view-layout-75-CPID3292\" class=\"js-wpv-view-layout js-wpv-layout-responsive js-wpv-view-layout-75-CPID3292\" data-viewnumber=\"75-CPID3292\" data-pagination=\"{&quot;id&quot;:&quot;75&quot;,&quot;query&quot;:&quot;normal&quot;,&quot;type&quot;:&quot;disabled&quot;,&quot;effect&quot;:&quot;fade&quot;,&quot;duration&quot;:500,&quot;speed&quot;:5,&quot;pause_on_hover&quot;:&quot;disabled&quot;,&quot;stop_rollover&quot;:&quot;false&quot;,&quot;cache_pages&quot;:&quot;enabled&quot;,&quot;preload_images&quot;:&quot;enabled&quot;,&quot;preload_pages&quot;:&quot;enabled&quot;,&quot;preload_reach&quot;:1,&quot;spinner&quot;:&quot;builtin&quot;,&quot;spinner_image&quot;:&quot;https:\/\/projet2020.festicheyres.ch\/wp-content\/plugins\/wp-views\/embedded\/res\/img\/ajax-loader.gif&quot;,&quot;callback_next&quot;:&quot;&quot;,&quot;manage_history&quot;:&quot;disabled&quot;,&quot;has_controls_in_form&quot;:&quot;disabled&quot;,&quot;infinite_tolerance&quot;:&quot;0&quot;,&quot;max_pages&quot;:0,&quot;page&quot;:1,&quot;base_permalink&quot;:&quot;\/wp-json\/wp\/v2\/pages\/2045?wpv_view_count=75-CPID3292&amp;wpv_paged=WPV_PAGE_NUM&quot;,&quot;loop&quot;:{&quot;type&quot;:&quot;&quot;,&quot;name&quot;:&quot;&quot;,&quot;data&quot;:&#091;&#093;,&quot;id&quot;:0}}\" data-permalink=\"\/wp-json\/wp\/v2\/pages\/2045?wpv_view_count=75-CPID3292\">\n\n\t\n\t\n\t<!-- <h4>Concerts<\/h4> -->\n\t<!-- <ul class=\"wpv-loop js-wpv-loop\"> -->\n\t\t \n\t\t\t<!-- <li> -->\n              <p class=\"info-concert\">ven. 8 juillet 2022 |  23:40  |  Grande Sc\u00e8ne <p>\n          \t<!-- <\/li> -->\n\t\t\n\t<!-- <\/ul> -->\n\t\n\t\n\t\n<\/div>\n[\/vc_column_text][vc_column_text]<strong>SKA-LEGENDS<\/strong> (Etats-Unis)[\/vc_column_text][vc_column_text]<strong>\u00a0<\/strong>Un clin d\u2019\u0153il pour les 15 ans[\/vc_column_text][vc_column_text]<a href=\"https:\/\/www.festicheyres.ch\/groupe\/new-york-ska-jazz-ensemble\/\">Voir le groupe&#8230;<\/a>[\/vc_column_text][\/vc_column][\/vc_row]<\/p>\n\n      <\/div>\n\t\n      <div class=\"groupe-loop\">\n\t\t\t<p>[vc_row first_background_color=\u00a0\u00bb#5e59ba\u00a0\u00bb second_background_color=\u00a0\u00bb#df5461&Prime; animation_in_type=\u00a0\u00bbtransition.slideRightBigIn\u00a0\u00bb animation_in_offset=\u00a0\u00bb100&Prime; animation_in_duration=\u00a0\u00bb300&Prime; animation_in_delay=\u00a0\u00bb0&Prime; el_class=\u00a0\u00bbgroupe-item\u00a0\u00bb][vc_column width=\u00a0\u00bb1\/4&Prime; el_class=\u00a0\u00bbgroupe-image\u00a0\u00bb][vc_column_text css_animation=\u00a0\u00bbfadeInDown\u00a0\u00bb css=\u00a0\u00bb.vc_custom_1574026613068{border-radius: 5px !important;}\u00a0\u00bb]<a href=\"\/?p=3317\"><img width=\"468\" height=\"468\" src=\"https:\/\/www.festicheyres.ch\/wp-content\/uploads\/2022\/05\/Kumbia-Boruka-2021_2-468x468.jpg\" class=\"attachment-blog-thumb-2 size-blog-thumb-2 wp-post-image\" alt=\"\" loading=\"lazy\" srcset=\"https:\/\/www.festicheyres.ch\/wp-content\/uploads\/2022\/05\/Kumbia-Boruka-2021_2-468x468.jpg 468w, https:\/\/www.festicheyres.ch\/wp-content\/uploads\/2022\/05\/Kumbia-Boruka-2021_2-150x150.jpg 150w, https:\/\/www.festicheyres.ch\/wp-content\/uploads\/2022\/05\/Kumbia-Boruka-2021_2-scaled-266x266.jpg 266w\" sizes=\"(max-width: 468px) 100vw, 468px\" \/><\/a>[\/vc_column_text][\/vc_column][vc_column width=\u00a0\u00bb3\/4&Prime; el_class=\u00a0\u00bbgroupe-infos\u00a0\u00bb][vc_column_text css=\u00a0\u00bb.vc_custom_1574115516333{border-top-width: 3px !important;border-right-width: 3px !important;border-bottom-width: 3px !important;border-left-width: 3px !important;background: #df5461 url(https:\/\/www.festicheyres.ch\/wp-content\/uploads\/2019\/02\/IMG_0946.jpg?id=1615) !important;background-position: center !important;background-repeat: no-repeat !important;background-size: cover !important;border-left-color: #000000 !important;border-left-style: solid !important;border-right-color: #000000 !important;border-right-style: solid !important;border-top-color: #000000 !important;border-top-style: solid !important;border-bottom-color: #000000 !important;border-bottom-style: solid !important;}\u00a0\u00bb]<\/p>\n<h2><a href=\"https:\/\/www.festicheyres.ch\/groupe\/kumbia-boruka\/\">Kumbia Boruka<\/a><\/h2>\n<p>[\/vc_column_text][vc_column_text]\n\n\n<div id=\"wpv-view-layout-75-CPID3317\" class=\"js-wpv-view-layout js-wpv-layout-responsive js-wpv-view-layout-75-CPID3317\" data-viewnumber=\"75-CPID3317\" data-pagination=\"{&quot;id&quot;:&quot;75&quot;,&quot;query&quot;:&quot;normal&quot;,&quot;type&quot;:&quot;disabled&quot;,&quot;effect&quot;:&quot;fade&quot;,&quot;duration&quot;:500,&quot;speed&quot;:5,&quot;pause_on_hover&quot;:&quot;disabled&quot;,&quot;stop_rollover&quot;:&quot;false&quot;,&quot;cache_pages&quot;:&quot;enabled&quot;,&quot;preload_images&quot;:&quot;enabled&quot;,&quot;preload_pages&quot;:&quot;enabled&quot;,&quot;preload_reach&quot;:1,&quot;spinner&quot;:&quot;builtin&quot;,&quot;spinner_image&quot;:&quot;https:\/\/projet2020.festicheyres.ch\/wp-content\/plugins\/wp-views\/embedded\/res\/img\/ajax-loader.gif&quot;,&quot;callback_next&quot;:&quot;&quot;,&quot;manage_history&quot;:&quot;disabled&quot;,&quot;has_controls_in_form&quot;:&quot;disabled&quot;,&quot;infinite_tolerance&quot;:&quot;0&quot;,&quot;max_pages&quot;:0,&quot;page&quot;:1,&quot;base_permalink&quot;:&quot;\/wp-json\/wp\/v2\/pages\/2045?wpv_view_count=75-CPID3317&amp;wpv_paged=WPV_PAGE_NUM&quot;,&quot;loop&quot;:{&quot;type&quot;:&quot;&quot;,&quot;name&quot;:&quot;&quot;,&quot;data&quot;:&#091;&#093;,&quot;id&quot;:0}}\" data-permalink=\"\/wp-json\/wp\/v2\/pages\/2045?wpv_view_count=75-CPID3317\">\n\n\t\n\t\n\t<!-- <h4>Concerts<\/h4> -->\n\t<!-- <ul class=\"wpv-loop js-wpv-loop\"> -->\n\t\t \n\t\t\t<!-- <li> -->\n              <p class=\"info-concert\">sam. 9 juillet 2022 |  00:20  |  Grande Sc\u00e8ne <p>\n          \t<!-- <\/li> -->\n\t\t\n\t<!-- <\/ul> -->\n\t\n\t\n\t\n<\/div>\n[\/vc_column_text][vc_column_text]<strong>Cumbia<\/strong> (France)[\/vc_column_text][vc_column_text]<strong>\u00a0<\/strong>Coucoumbia ![\/vc_column_text][vc_column_text]<a href=\"https:\/\/www.festicheyres.ch\/groupe\/kumbia-boruka\/\">Voir le groupe&#8230;<\/a>[\/vc_column_text][\/vc_column][\/vc_row]<\/p>\n\n      <\/div>\n\t\n      <div class=\"groupe-loop\">\n\t\t\t<p>[vc_row first_background_color=\u00a0\u00bb#5e59ba\u00a0\u00bb second_background_color=\u00a0\u00bb#df5461&Prime; animation_in_type=\u00a0\u00bbtransition.slideRightBigIn\u00a0\u00bb animation_in_offset=\u00a0\u00bb100&Prime; animation_in_duration=\u00a0\u00bb300&Prime; animation_in_delay=\u00a0\u00bb0&Prime; el_class=\u00a0\u00bbgroupe-item\u00a0\u00bb][vc_column width=\u00a0\u00bb1\/4&Prime; el_class=\u00a0\u00bbgroupe-image\u00a0\u00bb][vc_column_text css_animation=\u00a0\u00bbfadeInDown\u00a0\u00bb css=\u00a0\u00bb.vc_custom_1574026613068{border-radius: 5px !important;}\u00a0\u00bb]<a href=\"\/?p=3314\"><img width=\"468\" height=\"468\" src=\"https:\/\/www.festicheyres.ch\/wp-content\/uploads\/2022\/05\/DSC_2351-468x468.jpg\" class=\"attachment-blog-thumb-2 size-blog-thumb-2 wp-post-image\" alt=\"\" loading=\"lazy\" srcset=\"https:\/\/www.festicheyres.ch\/wp-content\/uploads\/2022\/05\/DSC_2351-468x468.jpg 468w, https:\/\/www.festicheyres.ch\/wp-content\/uploads\/2022\/05\/DSC_2351-150x150.jpg 150w, https:\/\/www.festicheyres.ch\/wp-content\/uploads\/2022\/05\/DSC_2351-scaled-266x266.jpg 266w, https:\/\/www.festicheyres.ch\/wp-content\/uploads\/2022\/05\/DSC_2351-scaled-220x220.jpg 220w\" sizes=\"(max-width: 468px) 100vw, 468px\" \/><\/a>[\/vc_column_text][\/vc_column][vc_column width=\u00a0\u00bb3\/4&Prime; el_class=\u00a0\u00bbgroupe-infos\u00a0\u00bb][vc_column_text css=\u00a0\u00bb.vc_custom_1574115516333{border-top-width: 3px !important;border-right-width: 3px !important;border-bottom-width: 3px !important;border-left-width: 3px !important;background: #df5461 url(https:\/\/www.festicheyres.ch\/wp-content\/uploads\/2019\/02\/IMG_0946.jpg?id=1615) !important;background-position: center !important;background-repeat: no-repeat !important;background-size: cover !important;border-left-color: #000000 !important;border-left-style: solid !important;border-right-color: #000000 !important;border-right-style: solid !important;border-top-color: #000000 !important;border-top-style: solid !important;border-bottom-color: #000000 !important;border-bottom-style: solid !important;}\u00a0\u00bb]<\/p>\n<h2><a href=\"https:\/\/www.festicheyres.ch\/groupe\/deadi\/\">Deadi<\/a><\/h2>\n<p>[\/vc_column_text][vc_column_text]\n\n\n<div id=\"wpv-view-layout-75-CPID3314\" class=\"js-wpv-view-layout js-wpv-layout-responsive js-wpv-view-layout-75-CPID3314\" data-viewnumber=\"75-CPID3314\" data-pagination=\"{&quot;id&quot;:&quot;75&quot;,&quot;query&quot;:&quot;normal&quot;,&quot;type&quot;:&quot;disabled&quot;,&quot;effect&quot;:&quot;fade&quot;,&quot;duration&quot;:500,&quot;speed&quot;:5,&quot;pause_on_hover&quot;:&quot;disabled&quot;,&quot;stop_rollover&quot;:&quot;false&quot;,&quot;cache_pages&quot;:&quot;enabled&quot;,&quot;preload_images&quot;:&quot;enabled&quot;,&quot;preload_pages&quot;:&quot;enabled&quot;,&quot;preload_reach&quot;:1,&quot;spinner&quot;:&quot;builtin&quot;,&quot;spinner_image&quot;:&quot;https:\/\/projet2020.festicheyres.ch\/wp-content\/plugins\/wp-views\/embedded\/res\/img\/ajax-loader.gif&quot;,&quot;callback_next&quot;:&quot;&quot;,&quot;manage_history&quot;:&quot;disabled&quot;,&quot;has_controls_in_form&quot;:&quot;disabled&quot;,&quot;infinite_tolerance&quot;:&quot;0&quot;,&quot;max_pages&quot;:0,&quot;page&quot;:1,&quot;base_permalink&quot;:&quot;\/wp-json\/wp\/v2\/pages\/2045?wpv_view_count=75-CPID3314&amp;wpv_paged=WPV_PAGE_NUM&quot;,&quot;loop&quot;:{&quot;type&quot;:&quot;&quot;,&quot;name&quot;:&quot;&quot;,&quot;data&quot;:&#091;&#093;,&quot;id&quot;:0}}\" data-permalink=\"\/wp-json\/wp\/v2\/pages\/2045?wpv_view_count=75-CPID3314\">\n\n\t\n\t\n\t<!-- <h4>Concerts<\/h4> -->\n\t<!-- <ul class=\"wpv-loop js-wpv-loop\"> -->\n\t\t \n\t\t\t<!-- <li> -->\n              <p class=\"info-concert\">sam. 9 juillet 2022 |  23:20  |  Sc\u00e8ne des arbres <p>\n          \t<!-- <\/li> -->\n\t\t\n\t<!-- <\/ul> -->\n\t\n\t\n\t\n<\/div>\n[\/vc_column_text][vc_column_text]<strong>Rap<\/strong> (France)[\/vc_column_text][vc_column_text]<strong>\u00a0<\/strong>Kekekekeskispasse ![\/vc_column_text][vc_column_text]<a href=\"https:\/\/www.festicheyres.ch\/groupe\/deadi\/\">Voir le groupe&#8230;<\/a>[\/vc_column_text][\/vc_column][\/vc_row]<\/p>\n\n      <\/div>\n\t\n      <div class=\"groupe-loop\">\n\t\t\t<p>[vc_row first_background_color=\u00a0\u00bb#5e59ba\u00a0\u00bb second_background_color=\u00a0\u00bb#df5461&Prime; animation_in_type=\u00a0\u00bbtransition.slideRightBigIn\u00a0\u00bb animation_in_offset=\u00a0\u00bb100&Prime; animation_in_duration=\u00a0\u00bb300&Prime; animation_in_delay=\u00a0\u00bb0&Prime; el_class=\u00a0\u00bbgroupe-item\u00a0\u00bb][vc_column width=\u00a0\u00bb1\/4&Prime; el_class=\u00a0\u00bbgroupe-image\u00a0\u00bb][vc_column_text css_animation=\u00a0\u00bbfadeInDown\u00a0\u00bb css=\u00a0\u00bb.vc_custom_1574026613068{border-radius: 5px !important;}\u00a0\u00bb]<a href=\"\/?p=3321\"><img width=\"468\" height=\"468\" src=\"https:\/\/www.festicheyres.ch\/wp-content\/uploads\/2022\/05\/darius-3-468x468.jpg\" class=\"attachment-blog-thumb-2 size-blog-thumb-2 wp-post-image\" alt=\"\" loading=\"lazy\" srcset=\"https:\/\/www.festicheyres.ch\/wp-content\/uploads\/2022\/05\/darius-3-468x468.jpg 468w, https:\/\/www.festicheyres.ch\/wp-content\/uploads\/2022\/05\/darius-3-150x150.jpg 150w, https:\/\/www.festicheyres.ch\/wp-content\/uploads\/2022\/05\/darius-3-scaled-266x266.jpg 266w, https:\/\/www.festicheyres.ch\/wp-content\/uploads\/2022\/05\/darius-3-scaled-220x220.jpg 220w\" sizes=\"(max-width: 468px) 100vw, 468px\" \/><\/a>[\/vc_column_text][\/vc_column][vc_column width=\u00a0\u00bb3\/4&Prime; el_class=\u00a0\u00bbgroupe-infos\u00a0\u00bb][vc_column_text css=\u00a0\u00bb.vc_custom_1574115516333{border-top-width: 3px !important;border-right-width: 3px !important;border-bottom-width: 3px !important;border-left-width: 3px !important;background: #df5461 url(https:\/\/www.festicheyres.ch\/wp-content\/uploads\/2019\/02\/IMG_0946.jpg?id=1615) !important;background-position: center !important;background-repeat: no-repeat !important;background-size: cover !important;border-left-color: #000000 !important;border-left-style: solid !important;border-right-color: #000000 !important;border-right-style: solid !important;border-top-color: #000000 !important;border-top-style: solid !important;border-bottom-color: #000000 !important;border-bottom-style: solid !important;}\u00a0\u00bb]<\/p>\n<h2><a href=\"https:\/\/www.festicheyres.ch\/groupe\/darius\/\">Darius<\/a><\/h2>\n<p>[\/vc_column_text][vc_column_text]\n\n\n<div id=\"wpv-view-layout-75-CPID3321\" class=\"js-wpv-view-layout js-wpv-layout-responsive js-wpv-view-layout-75-CPID3321\" data-viewnumber=\"75-CPID3321\" data-pagination=\"{&quot;id&quot;:&quot;75&quot;,&quot;query&quot;:&quot;normal&quot;,&quot;type&quot;:&quot;disabled&quot;,&quot;effect&quot;:&quot;fade&quot;,&quot;duration&quot;:500,&quot;speed&quot;:5,&quot;pause_on_hover&quot;:&quot;disabled&quot;,&quot;stop_rollover&quot;:&quot;false&quot;,&quot;cache_pages&quot;:&quot;enabled&quot;,&quot;preload_images&quot;:&quot;enabled&quot;,&quot;preload_pages&quot;:&quot;enabled&quot;,&quot;preload_reach&quot;:1,&quot;spinner&quot;:&quot;builtin&quot;,&quot;spinner_image&quot;:&quot;https:\/\/projet2020.festicheyres.ch\/wp-content\/plugins\/wp-views\/embedded\/res\/img\/ajax-loader.gif&quot;,&quot;callback_next&quot;:&quot;&quot;,&quot;manage_history&quot;:&quot;disabled&quot;,&quot;has_controls_in_form&quot;:&quot;disabled&quot;,&quot;infinite_tolerance&quot;:&quot;0&quot;,&quot;max_pages&quot;:0,&quot;page&quot;:1,&quot;base_permalink&quot;:&quot;\/wp-json\/wp\/v2\/pages\/2045?wpv_view_count=75-CPID3321&amp;wpv_paged=WPV_PAGE_NUM&quot;,&quot;loop&quot;:{&quot;type&quot;:&quot;&quot;,&quot;name&quot;:&quot;&quot;,&quot;data&quot;:&#091;&#093;,&quot;id&quot;:0}}\" data-permalink=\"\/wp-json\/wp\/v2\/pages\/2045?wpv_view_count=75-CPID3321\">\n\n\t\n\t\n\t<!-- <h4>Concerts<\/h4> -->\n\t<!-- <ul class=\"wpv-loop js-wpv-loop\"> -->\n\t\t \n\t\t\t<!-- <li> -->\n              <p class=\"info-concert\">ven. 8 juillet 2022 |  22:40  |  Sc\u00e8ne des arbres <p>\n          \t<!-- <\/li> -->\n\t\t\n\t<!-- <\/ul> -->\n\t\n\t\n\t\n<\/div>\n[\/vc_column_text][vc_column_text]<strong>Heavy Instrumental<\/strong> (Suisse \/ FR)[\/vc_column_text][vc_column_text]<strong>\u00a0<\/strong>Et que \u00e7a chie[\/vc_column_text][vc_column_text]<a href=\"https:\/\/www.festicheyres.ch\/groupe\/darius\/\">Voir le groupe&#8230;<\/a>[\/vc_column_text][\/vc_column][\/vc_row]<\/p>\n\n      <\/div>\n\t\n      <div class=\"groupe-loop\">\n\t\t\t<p>[vc_row first_background_color=\u00a0\u00bb#5e59ba\u00a0\u00bb second_background_color=\u00a0\u00bb#df5461&Prime; animation_in_type=\u00a0\u00bbtransition.slideRightBigIn\u00a0\u00bb animation_in_offset=\u00a0\u00bb100&Prime; animation_in_duration=\u00a0\u00bb300&Prime; animation_in_delay=\u00a0\u00bb0&Prime; el_class=\u00a0\u00bbgroupe-item\u00a0\u00bb][vc_column width=\u00a0\u00bb1\/4&Prime; el_class=\u00a0\u00bbgroupe-image\u00a0\u00bb][vc_column_text css_animation=\u00a0\u00bbfadeInDown\u00a0\u00bb css=\u00a0\u00bb.vc_custom_1574026613068{border-radius: 5px !important;}\u00a0\u00bb]<a href=\"\/?p=3311\"><img width=\"468\" height=\"468\" src=\"https:\/\/www.festicheyres.ch\/wp-content\/uploads\/2022\/05\/Photo-Professor-Wouassa-2-web-by-Se\u0301bastien-Agnetti-scaled-1-468x468.jpg\" class=\"attachment-blog-thumb-2 size-blog-thumb-2 wp-post-image\" alt=\"\" loading=\"lazy\" srcset=\"https:\/\/www.festicheyres.ch\/wp-content\/uploads\/2022\/05\/Photo-Professor-Wouassa-2-web-by-Se\u0301bastien-Agnetti-scaled-1-468x468.jpg 468w, https:\/\/www.festicheyres.ch\/wp-content\/uploads\/2022\/05\/Photo-Professor-Wouassa-2-web-by-Se\u0301bastien-Agnetti-scaled-1-150x150.jpg 150w, https:\/\/www.festicheyres.ch\/wp-content\/uploads\/2022\/05\/Photo-Professor-Wouassa-2-web-by-Se\u0301bastien-Agnetti-scaled-1-266x266.jpg 266w, https:\/\/www.festicheyres.ch\/wp-content\/uploads\/2022\/05\/Photo-Professor-Wouassa-2-web-by-Se\u0301bastien-Agnetti-scaled-1-220x220.jpg 220w\" sizes=\"(max-width: 468px) 100vw, 468px\" \/><\/a>[\/vc_column_text][\/vc_column][vc_column width=\u00a0\u00bb3\/4&Prime; el_class=\u00a0\u00bbgroupe-infos\u00a0\u00bb][vc_column_text css=\u00a0\u00bb.vc_custom_1574115516333{border-top-width: 3px !important;border-right-width: 3px !important;border-bottom-width: 3px !important;border-left-width: 3px !important;background: #df5461 url(https:\/\/www.festicheyres.ch\/wp-content\/uploads\/2019\/02\/IMG_0946.jpg?id=1615) !important;background-position: center !important;background-repeat: no-repeat !important;background-size: cover !important;border-left-color: #000000 !important;border-left-style: solid !important;border-right-color: #000000 !important;border-right-style: solid !important;border-top-color: #000000 !important;border-top-style: solid !important;border-bottom-color: #000000 !important;border-bottom-style: solid !important;}\u00a0\u00bb]<\/p>\n<h2><a href=\"https:\/\/www.festicheyres.ch\/groupe\/professor-wouassa\/\">Professor Wouassa<\/a><\/h2>\n<p>[\/vc_column_text][vc_column_text]\n\n\n<div id=\"wpv-view-layout-75-CPID3311\" class=\"js-wpv-view-layout js-wpv-layout-responsive js-wpv-view-layout-75-CPID3311\" data-viewnumber=\"75-CPID3311\" data-pagination=\"{&quot;id&quot;:&quot;75&quot;,&quot;query&quot;:&quot;normal&quot;,&quot;type&quot;:&quot;disabled&quot;,&quot;effect&quot;:&quot;fade&quot;,&quot;duration&quot;:500,&quot;speed&quot;:5,&quot;pause_on_hover&quot;:&quot;disabled&quot;,&quot;stop_rollover&quot;:&quot;false&quot;,&quot;cache_pages&quot;:&quot;enabled&quot;,&quot;preload_images&quot;:&quot;enabled&quot;,&quot;preload_pages&quot;:&quot;enabled&quot;,&quot;preload_reach&quot;:1,&quot;spinner&quot;:&quot;builtin&quot;,&quot;spinner_image&quot;:&quot;https:\/\/projet2020.festicheyres.ch\/wp-content\/plugins\/wp-views\/embedded\/res\/img\/ajax-loader.gif&quot;,&quot;callback_next&quot;:&quot;&quot;,&quot;manage_history&quot;:&quot;disabled&quot;,&quot;has_controls_in_form&quot;:&quot;disabled&quot;,&quot;infinite_tolerance&quot;:&quot;0&quot;,&quot;max_pages&quot;:0,&quot;page&quot;:1,&quot;base_permalink&quot;:&quot;\/wp-json\/wp\/v2\/pages\/2045?wpv_view_count=75-CPID3311&amp;wpv_paged=WPV_PAGE_NUM&quot;,&quot;loop&quot;:{&quot;type&quot;:&quot;&quot;,&quot;name&quot;:&quot;&quot;,&quot;data&quot;:&#091;&#093;,&quot;id&quot;:0}}\" data-permalink=\"\/wp-json\/wp\/v2\/pages\/2045?wpv_view_count=75-CPID3311\">\n\n\t\n\t\n\t<!-- <h4>Concerts<\/h4> -->\n\t<!-- <ul class=\"wpv-loop js-wpv-loop\"> -->\n\t\t \n\t\t\t<!-- <li> -->\n              <p class=\"info-concert\">sam. 9 juillet 2022 |  22:00  |  Grande Sc\u00e8ne <p>\n          \t<!-- <\/li> -->\n\t\t\n\t<!-- <\/ul> -->\n\t\n\t\n\t\n<\/div>\n[\/vc_column_text][vc_column_text]<strong>Afrobeat<\/strong> (Suisse \/ VD)[\/vc_column_text][vc_column_text]<strong>\u00a0<\/strong>La recette aux mille et une saveurs[\/vc_column_text][vc_column_text]<a href=\"https:\/\/www.festicheyres.ch\/groupe\/professor-wouassa\/\">Voir le groupe&#8230;<\/a>[\/vc_column_text][\/vc_column][\/vc_row]<\/p>\n\n      <\/div>\n\t\n      <div class=\"groupe-loop\">\n\t\t\t<p>[vc_row first_background_color=\u00a0\u00bb#5e59ba\u00a0\u00bb second_background_color=\u00a0\u00bb#df5461&Prime; animation_in_type=\u00a0\u00bbtransition.slideRightBigIn\u00a0\u00bb animation_in_offset=\u00a0\u00bb100&Prime; animation_in_duration=\u00a0\u00bb300&Prime; animation_in_delay=\u00a0\u00bb0&Prime; el_class=\u00a0\u00bbgroupe-item\u00a0\u00bb][vc_column width=\u00a0\u00bb1\/4&Prime; el_class=\u00a0\u00bbgroupe-image\u00a0\u00bb][vc_column_text css_animation=\u00a0\u00bbfadeInDown\u00a0\u00bb css=\u00a0\u00bb.vc_custom_1574026613068{border-radius: 5px !important;}\u00a0\u00bb]<a href=\"\/?p=3284\"><img width=\"468\" height=\"468\" src=\"https:\/\/www.festicheyres.ch\/wp-content\/uploads\/2022\/05\/SONS_GRAIN_2-\u00a9-Daniil-Lavrovski-468x468.jpg\" class=\"attachment-blog-thumb-2 size-blog-thumb-2 wp-post-image\" alt=\"\" loading=\"lazy\" srcset=\"https:\/\/www.festicheyres.ch\/wp-content\/uploads\/2022\/05\/SONS_GRAIN_2-\u00a9-Daniil-Lavrovski-468x468.jpg 468w, https:\/\/www.festicheyres.ch\/wp-content\/uploads\/2022\/05\/SONS_GRAIN_2-\u00a9-Daniil-Lavrovski-150x150.jpg 150w, https:\/\/www.festicheyres.ch\/wp-content\/uploads\/2022\/05\/SONS_GRAIN_2-\u00a9-Daniil-Lavrovski-scaled-266x266.jpg 266w\" sizes=\"(max-width: 468px) 100vw, 468px\" \/><\/a>[\/vc_column_text][\/vc_column][vc_column width=\u00a0\u00bb3\/4&Prime; el_class=\u00a0\u00bbgroupe-infos\u00a0\u00bb][vc_column_text css=\u00a0\u00bb.vc_custom_1574115516333{border-top-width: 3px !important;border-right-width: 3px !important;border-bottom-width: 3px !important;border-left-width: 3px !important;background: #df5461 url(https:\/\/www.festicheyres.ch\/wp-content\/uploads\/2019\/02\/IMG_0946.jpg?id=1615) !important;background-position: center !important;background-repeat: no-repeat !important;background-size: cover !important;border-left-color: #000000 !important;border-left-style: solid !important;border-right-color: #000000 !important;border-right-style: solid !important;border-top-color: #000000 !important;border-top-style: solid !important;border-bottom-color: #000000 !important;border-bottom-style: solid !important;}\u00a0\u00bb]<\/p>\n<h2><a href=\"https:\/\/www.festicheyres.ch\/groupe\/sons\/\">SONS<\/a><\/h2>\n<p>[\/vc_column_text][vc_column_text]\n\n\n<div id=\"wpv-view-layout-75-CPID3284\" class=\"js-wpv-view-layout js-wpv-layout-responsive js-wpv-view-layout-75-CPID3284\" data-viewnumber=\"75-CPID3284\" data-pagination=\"{&quot;id&quot;:&quot;75&quot;,&quot;query&quot;:&quot;normal&quot;,&quot;type&quot;:&quot;disabled&quot;,&quot;effect&quot;:&quot;fade&quot;,&quot;duration&quot;:500,&quot;speed&quot;:5,&quot;pause_on_hover&quot;:&quot;disabled&quot;,&quot;stop_rollover&quot;:&quot;false&quot;,&quot;cache_pages&quot;:&quot;enabled&quot;,&quot;preload_images&quot;:&quot;enabled&quot;,&quot;preload_pages&quot;:&quot;enabled&quot;,&quot;preload_reach&quot;:1,&quot;spinner&quot;:&quot;builtin&quot;,&quot;spinner_image&quot;:&quot;https:\/\/projet2020.festicheyres.ch\/wp-content\/plugins\/wp-views\/embedded\/res\/img\/ajax-loader.gif&quot;,&quot;callback_next&quot;:&quot;&quot;,&quot;manage_history&quot;:&quot;disabled&quot;,&quot;has_controls_in_form&quot;:&quot;disabled&quot;,&quot;infinite_tolerance&quot;:&quot;0&quot;,&quot;max_pages&quot;:0,&quot;page&quot;:1,&quot;base_permalink&quot;:&quot;\/wp-json\/wp\/v2\/pages\/2045?wpv_view_count=75-CPID3284&amp;wpv_paged=WPV_PAGE_NUM&quot;,&quot;loop&quot;:{&quot;type&quot;:&quot;&quot;,&quot;name&quot;:&quot;&quot;,&quot;data&quot;:&#091;&#093;,&quot;id&quot;:0}}\" data-permalink=\"\/wp-json\/wp\/v2\/pages\/2045?wpv_view_count=75-CPID3284\">\n\n\t\n\t\n\t<!-- <h4>Concerts<\/h4> -->\n\t<!-- <ul class=\"wpv-loop js-wpv-loop\"> -->\n\t\t \n\t\t\t<!-- <li> -->\n              <p class=\"info-concert\">ven. 8 juillet 2022 |  21:20  |  Grande Sc\u00e8ne <p>\n          \t<!-- <\/li> -->\n\t\t\n\t<!-- <\/ul> -->\n\t\n\t\n\t\n<\/div>\n[\/vc_column_text][vc_column_text]<strong>Post Punk<\/strong> (Belgique)[\/vc_column_text][vc_column_text]<strong>\u00a0<\/strong>Un volcan en \u00e9ruption[\/vc_column_text][vc_column_text]<a href=\"https:\/\/www.festicheyres.ch\/groupe\/sons\/\">Voir le groupe&#8230;<\/a>[\/vc_column_text][\/vc_column][\/vc_row]<\/p>\n\n      <\/div>\n\t\n      <div class=\"groupe-loop\">\n\t\t\t<p>[vc_row first_background_color=\u00a0\u00bb#5e59ba\u00a0\u00bb second_background_color=\u00a0\u00bb#df5461&Prime; animation_in_type=\u00a0\u00bbtransition.slideRightBigIn\u00a0\u00bb animation_in_offset=\u00a0\u00bb100&Prime; animation_in_duration=\u00a0\u00bb300&Prime; animation_in_delay=\u00a0\u00bb0&Prime; el_class=\u00a0\u00bbgroupe-item\u00a0\u00bb][vc_column width=\u00a0\u00bb1\/4&Prime; el_class=\u00a0\u00bbgroupe-image\u00a0\u00bb][vc_column_text css_animation=\u00a0\u00bbfadeInDown\u00a0\u00bb css=\u00a0\u00bb.vc_custom_1574026613068{border-radius: 5px !important;}\u00a0\u00bb]<a href=\"\/?p=3280\"><img width=\"468\" height=\"468\" src=\"https:\/\/www.festicheyres.ch\/wp-content\/uploads\/2022\/05\/LA-JUNGLE-Coollers-\u00a9-Lucas-Debaille-468x468.jpg\" class=\"attachment-blog-thumb-2 size-blog-thumb-2 wp-post-image\" alt=\"\" loading=\"lazy\" srcset=\"https:\/\/www.festicheyres.ch\/wp-content\/uploads\/2022\/05\/LA-JUNGLE-Coollers-\u00a9-Lucas-Debaille-468x468.jpg 468w, https:\/\/www.festicheyres.ch\/wp-content\/uploads\/2022\/05\/LA-JUNGLE-Coollers-\u00a9-Lucas-Debaille-150x150.jpg 150w, https:\/\/www.festicheyres.ch\/wp-content\/uploads\/2022\/05\/LA-JUNGLE-Coollers-\u00a9-Lucas-Debaille-scaled-266x266.jpg 266w\" sizes=\"(max-width: 468px) 100vw, 468px\" \/><\/a>[\/vc_column_text][\/vc_column][vc_column width=\u00a0\u00bb3\/4&Prime; el_class=\u00a0\u00bbgroupe-infos\u00a0\u00bb][vc_column_text css=\u00a0\u00bb.vc_custom_1574115516333{border-top-width: 3px !important;border-right-width: 3px !important;border-bottom-width: 3px !important;border-left-width: 3px !important;background: #df5461 url(https:\/\/www.festicheyres.ch\/wp-content\/uploads\/2019\/02\/IMG_0946.jpg?id=1615) !important;background-position: center !important;background-repeat: no-repeat !important;background-size: cover !important;border-left-color: #000000 !important;border-left-style: solid !important;border-right-color: #000000 !important;border-right-style: solid !important;border-top-color: #000000 !important;border-top-style: solid !important;border-bottom-color: #000000 !important;border-bottom-style: solid !important;}\u00a0\u00bb]<\/p>\n<h2><a href=\"https:\/\/www.festicheyres.ch\/groupe\/la-jungle\/\">La Jungle<\/a><\/h2>\n<p>[\/vc_column_text][vc_column_text]\n\n\n<div id=\"wpv-view-layout-75-CPID3280\" class=\"js-wpv-view-layout js-wpv-layout-responsive js-wpv-view-layout-75-CPID3280\" data-viewnumber=\"75-CPID3280\" data-pagination=\"{&quot;id&quot;:&quot;75&quot;,&quot;query&quot;:&quot;normal&quot;,&quot;type&quot;:&quot;disabled&quot;,&quot;effect&quot;:&quot;fade&quot;,&quot;duration&quot;:500,&quot;speed&quot;:5,&quot;pause_on_hover&quot;:&quot;disabled&quot;,&quot;stop_rollover&quot;:&quot;false&quot;,&quot;cache_pages&quot;:&quot;enabled&quot;,&quot;preload_images&quot;:&quot;enabled&quot;,&quot;preload_pages&quot;:&quot;enabled&quot;,&quot;preload_reach&quot;:1,&quot;spinner&quot;:&quot;builtin&quot;,&quot;spinner_image&quot;:&quot;https:\/\/projet2020.festicheyres.ch\/wp-content\/plugins\/wp-views\/embedded\/res\/img\/ajax-loader.gif&quot;,&quot;callback_next&quot;:&quot;&quot;,&quot;manage_history&quot;:&quot;disabled&quot;,&quot;has_controls_in_form&quot;:&quot;disabled&quot;,&quot;infinite_tolerance&quot;:&quot;0&quot;,&quot;max_pages&quot;:0,&quot;page&quot;:1,&quot;base_permalink&quot;:&quot;\/wp-json\/wp\/v2\/pages\/2045?wpv_view_count=75-CPID3280&amp;wpv_paged=WPV_PAGE_NUM&quot;,&quot;loop&quot;:{&quot;type&quot;:&quot;&quot;,&quot;name&quot;:&quot;&quot;,&quot;data&quot;:&#091;&#093;,&quot;id&quot;:0}}\" data-permalink=\"\/wp-json\/wp\/v2\/pages\/2045?wpv_view_count=75-CPID3280\">\n\n\t\n\t\n\t<!-- <h4>Concerts<\/h4> -->\n\t<!-- <ul class=\"wpv-loop js-wpv-loop\"> -->\n\t\t \n\t\t\t<!-- <li> -->\n              <p class=\"info-concert\">jeu. 7 juillet 2022 |  23:30  |  Grande Sc\u00e8ne <p>\n          \t<!-- <\/li> -->\n\t\t\n\t<!-- <\/ul> -->\n\t\n\t\n\t\n<\/div>\n[\/vc_column_text][vc_column_text]<strong>Transe-Techno-Kraut<\/strong> (Belgique)[\/vc_column_text][vc_column_text]<strong>\u00a0<\/strong>Une claque en boucle[\/vc_column_text][vc_column_text]<a href=\"https:\/\/www.festicheyres.ch\/groupe\/la-jungle\/\">Voir le groupe&#8230;<\/a>[\/vc_column_text][\/vc_column][\/vc_row]<\/p>\n\n      <\/div>\n\t\n      <div class=\"groupe-loop\">\n\t\t\t<p>[vc_row first_background_color=\u00a0\u00bb#5e59ba\u00a0\u00bb second_background_color=\u00a0\u00bb#df5461&Prime; animation_in_type=\u00a0\u00bbtransition.slideRightBigIn\u00a0\u00bb animation_in_offset=\u00a0\u00bb100&Prime; animation_in_duration=\u00a0\u00bb300&Prime; animation_in_delay=\u00a0\u00bb0&Prime; el_class=\u00a0\u00bbgroupe-item\u00a0\u00bb][vc_column width=\u00a0\u00bb1\/4&Prime; el_class=\u00a0\u00bbgroupe-image\u00a0\u00bb][vc_column_text css_animation=\u00a0\u00bbfadeInDown\u00a0\u00bb css=\u00a0\u00bb.vc_custom_1574026613068{border-radius: 5px !important;}\u00a0\u00bb]<a href=\"\/?p=3267\"><img width=\"468\" height=\"468\" src=\"https:\/\/www.festicheyres.ch\/wp-content\/uploads\/2022\/05\/Los_ORIOLES_4-468x468.jpg\" class=\"attachment-blog-thumb-2 size-blog-thumb-2 wp-post-image\" alt=\"\" loading=\"lazy\" srcset=\"https:\/\/www.festicheyres.ch\/wp-content\/uploads\/2022\/05\/Los_ORIOLES_4-468x468.jpg 468w, https:\/\/www.festicheyres.ch\/wp-content\/uploads\/2022\/05\/Los_ORIOLES_4-300x300.jpg 300w, https:\/\/www.festicheyres.ch\/wp-content\/uploads\/2022\/05\/Los_ORIOLES_4-1024x1024.jpg 1024w, https:\/\/www.festicheyres.ch\/wp-content\/uploads\/2022\/05\/Los_ORIOLES_4-150x150.jpg 150w, https:\/\/www.festicheyres.ch\/wp-content\/uploads\/2022\/05\/Los_ORIOLES_4-768x768.jpg 768w, https:\/\/www.festicheyres.ch\/wp-content\/uploads\/2022\/05\/Los_ORIOLES_4-1116x1116.jpg 1116w, https:\/\/www.festicheyres.ch\/wp-content\/uploads\/2022\/05\/Los_ORIOLES_4-806x806.jpg 806w, https:\/\/www.festicheyres.ch\/wp-content\/uploads\/2022\/05\/Los_ORIOLES_4-558x558.jpg 558w, https:\/\/www.festicheyres.ch\/wp-content\/uploads\/2022\/05\/Los_ORIOLES_4-655x655.jpg 655w, https:\/\/www.festicheyres.ch\/wp-content\/uploads\/2022\/05\/Los_ORIOLES_4-266x266.jpg 266w, https:\/\/www.festicheyres.ch\/wp-content\/uploads\/2022\/05\/Los_ORIOLES_4-220x220.jpg 220w, https:\/\/www.festicheyres.ch\/wp-content\/uploads\/2022\/05\/Los_ORIOLES_4.jpg 1181w\" sizes=\"(max-width: 468px) 100vw, 468px\" \/><\/a>[\/vc_column_text][\/vc_column][vc_column width=\u00a0\u00bb3\/4&Prime; el_class=\u00a0\u00bbgroupe-infos\u00a0\u00bb][vc_column_text css=\u00a0\u00bb.vc_custom_1574115516333{border-top-width: 3px !important;border-right-width: 3px !important;border-bottom-width: 3px !important;border-left-width: 3px !important;background: #df5461 url(https:\/\/www.festicheyres.ch\/wp-content\/uploads\/2019\/02\/IMG_0946.jpg?id=1615) !important;background-position: center !important;background-repeat: no-repeat !important;background-size: cover !important;border-left-color: #000000 !important;border-left-style: solid !important;border-right-color: #000000 !important;border-right-style: solid !important;border-top-color: #000000 !important;border-top-style: solid !important;border-bottom-color: #000000 !important;border-bottom-style: solid !important;}\u00a0\u00bb]<\/p>\n<h2><a href=\"https:\/\/www.festicheyres.ch\/groupe\/los-orioles\/\">Los Orioles<\/a><\/h2>\n<p>[\/vc_column_text][vc_column_text]\n\n\n<div id=\"wpv-view-layout-75-CPID3267\" class=\"js-wpv-view-layout js-wpv-layout-responsive js-wpv-view-layout-75-CPID3267\" data-viewnumber=\"75-CPID3267\" data-pagination=\"{&quot;id&quot;:&quot;75&quot;,&quot;query&quot;:&quot;normal&quot;,&quot;type&quot;:&quot;disabled&quot;,&quot;effect&quot;:&quot;fade&quot;,&quot;duration&quot;:500,&quot;speed&quot;:5,&quot;pause_on_hover&quot;:&quot;disabled&quot;,&quot;stop_rollover&quot;:&quot;false&quot;,&quot;cache_pages&quot;:&quot;enabled&quot;,&quot;preload_images&quot;:&quot;enabled&quot;,&quot;preload_pages&quot;:&quot;enabled&quot;,&quot;preload_reach&quot;:1,&quot;spinner&quot;:&quot;builtin&quot;,&quot;spinner_image&quot;:&quot;https:\/\/projet2020.festicheyres.ch\/wp-content\/plugins\/wp-views\/embedded\/res\/img\/ajax-loader.gif&quot;,&quot;callback_next&quot;:&quot;&quot;,&quot;manage_history&quot;:&quot;disabled&quot;,&quot;has_controls_in_form&quot;:&quot;disabled&quot;,&quot;infinite_tolerance&quot;:&quot;0&quot;,&quot;max_pages&quot;:0,&quot;page&quot;:1,&quot;base_permalink&quot;:&quot;\/wp-json\/wp\/v2\/pages\/2045?wpv_view_count=75-CPID3267&amp;wpv_paged=WPV_PAGE_NUM&quot;,&quot;loop&quot;:{&quot;type&quot;:&quot;&quot;,&quot;name&quot;:&quot;&quot;,&quot;data&quot;:&#091;&#093;,&quot;id&quot;:0}}\" data-permalink=\"\/wp-json\/wp\/v2\/pages\/2045?wpv_view_count=75-CPID3267\">\n\n\t\n\t\n\t<!-- <h4>Concerts<\/h4> -->\n\t<!-- <ul class=\"wpv-loop js-wpv-loop\"> -->\n\t\t \n\t\t\t<!-- <li> -->\n              <p class=\"info-concert\">jeu. 7 juillet 2022 |  20:30  |  Grande Sc\u00e8ne <p>\n          \t<!-- <\/li> -->\n\t\t\n\t<!-- <\/ul> -->\n\t\n\t\n\t\n<\/div>\n[\/vc_column_text][vc_column_text]<strong>Rock Fusion<\/strong> (Suisse \/ BE)[\/vc_column_text][vc_column_text]<strong>\u00a0<\/strong>L\u2019exotisme du Seeland ![\/vc_column_text][vc_column_text]<a href=\"https:\/\/www.festicheyres.ch\/groupe\/los-orioles\/\">Voir le groupe&#8230;<\/a>[\/vc_column_text][\/vc_column][\/vc_row]<\/p>\n\n      <\/div>\n\t\n      <div class=\"groupe-loop\">\n\t\t\t<p>[vc_row first_background_color=\u00a0\u00bb#5e59ba\u00a0\u00bb second_background_color=\u00a0\u00bb#df5461&Prime; animation_in_type=\u00a0\u00bbtransition.slideRightBigIn\u00a0\u00bb animation_in_offset=\u00a0\u00bb100&Prime; animation_in_duration=\u00a0\u00bb300&Prime; animation_in_delay=\u00a0\u00bb0&Prime; el_class=\u00a0\u00bbgroupe-item\u00a0\u00bb][vc_column width=\u00a0\u00bb1\/4&Prime; el_class=\u00a0\u00bbgroupe-image\u00a0\u00bb][vc_column_text css_animation=\u00a0\u00bbfadeInDown\u00a0\u00bb css=\u00a0\u00bb.vc_custom_1574026613068{border-radius: 5px !important;}\u00a0\u00bb]<a href=\"\/?p=3341\"><img width=\"468\" height=\"468\" src=\"https:\/\/www.festicheyres.ch\/wp-content\/uploads\/2022\/05\/MU-Presse-3-Steph-QB-468x468.jpg\" class=\"attachment-blog-thumb-2 size-blog-thumb-2 wp-post-image\" alt=\"\" loading=\"lazy\" srcset=\"https:\/\/www.festicheyres.ch\/wp-content\/uploads\/2022\/05\/MU-Presse-3-Steph-QB-468x468.jpg 468w, https:\/\/www.festicheyres.ch\/wp-content\/uploads\/2022\/05\/MU-Presse-3-Steph-QB-150x150.jpg 150w, https:\/\/www.festicheyres.ch\/wp-content\/uploads\/2022\/05\/MU-Presse-3-Steph-QB-scaled-266x266.jpg 266w, https:\/\/www.festicheyres.ch\/wp-content\/uploads\/2022\/05\/MU-Presse-3-Steph-QB-scaled-220x220.jpg 220w\" sizes=\"(max-width: 468px) 100vw, 468px\" \/><\/a>[\/vc_column_text][\/vc_column][vc_column width=\u00a0\u00bb3\/4&Prime; el_class=\u00a0\u00bbgroupe-infos\u00a0\u00bb][vc_column_text css=\u00a0\u00bb.vc_custom_1574115516333{border-top-width: 3px !important;border-right-width: 3px !important;border-bottom-width: 3px !important;border-left-width: 3px !important;background: #df5461 url(https:\/\/www.festicheyres.ch\/wp-content\/uploads\/2019\/02\/IMG_0946.jpg?id=1615) !important;background-position: center !important;background-repeat: no-repeat !important;background-size: cover !important;border-left-color: #000000 !important;border-left-style: solid !important;border-right-color: #000000 !important;border-right-style: solid !important;border-top-color: #000000 !important;border-top-style: solid !important;border-bottom-color: #000000 !important;border-bottom-style: solid !important;}\u00a0\u00bb]<\/p>\n<h2><a href=\"https:\/\/www.festicheyres.ch\/groupe\/compagnie-les-decatalogues\/\">Compagnie les D\u00e9catalogu\u00e9s<\/a><\/h2>\n<p>[\/vc_column_text][vc_column_text]\n\n\n<div id=\"wpv-view-layout-75-CPID3341\" class=\"js-wpv-view-layout js-wpv-layout-responsive js-wpv-view-layout-75-CPID3341\" data-viewnumber=\"75-CPID3341\" data-pagination=\"{&quot;id&quot;:&quot;75&quot;,&quot;query&quot;:&quot;normal&quot;,&quot;type&quot;:&quot;disabled&quot;,&quot;effect&quot;:&quot;fade&quot;,&quot;duration&quot;:500,&quot;speed&quot;:5,&quot;pause_on_hover&quot;:&quot;disabled&quot;,&quot;stop_rollover&quot;:&quot;false&quot;,&quot;cache_pages&quot;:&quot;enabled&quot;,&quot;preload_images&quot;:&quot;enabled&quot;,&quot;preload_pages&quot;:&quot;enabled&quot;,&quot;preload_reach&quot;:1,&quot;spinner&quot;:&quot;builtin&quot;,&quot;spinner_image&quot;:&quot;https:\/\/projet2020.festicheyres.ch\/wp-content\/plugins\/wp-views\/embedded\/res\/img\/ajax-loader.gif&quot;,&quot;callback_next&quot;:&quot;&quot;,&quot;manage_history&quot;:&quot;disabled&quot;,&quot;has_controls_in_form&quot;:&quot;disabled&quot;,&quot;infinite_tolerance&quot;:&quot;0&quot;,&quot;max_pages&quot;:0,&quot;page&quot;:1,&quot;base_permalink&quot;:&quot;\/wp-json\/wp\/v2\/pages\/2045?wpv_view_count=75-CPID3341&amp;wpv_paged=WPV_PAGE_NUM&quot;,&quot;loop&quot;:{&quot;type&quot;:&quot;&quot;,&quot;name&quot;:&quot;&quot;,&quot;data&quot;:&#091;&#093;,&quot;id&quot;:0}}\" data-permalink=\"\/wp-json\/wp\/v2\/pages\/2045?wpv_view_count=75-CPID3341\">\n\n\t\n\t\n\t<!-- <h4>Concerts<\/h4> -->\n\t<!-- <ul class=\"wpv-loop js-wpv-loop\"> -->\n\t\t \n\t\t\t<!-- <li> -->\n              <p class=\"info-concert\">dim. 10 juillet 2022 |  18:00  |  Sc\u00e8ne des arbres <p>\n          \t<!-- <\/li> -->\n\t\t\n\t<!-- <\/ul> -->\n\t\n\t\n\t\n<\/div>\n[\/vc_column_text][vc_column_text]<strong>Spectacles vivants<\/strong> (France)[\/vc_column_text][vc_column_text]<strong>\u00a0<\/strong>S\u00e9ance de coaching acc\u00e9l\u00e9r\u00e9e pour devenir ma\u00eetre du monde[\/vc_column_text][vc_column_text]<a href=\"https:\/\/www.festicheyres.ch\/groupe\/compagnie-les-decatalogues\/\">Voir le groupe&#8230;<\/a>[\/vc_column_text][\/vc_column][\/vc_row]<\/p>\n\n      <\/div>\n\t\n      <div class=\"groupe-loop\">\n\t\t\t<p>[vc_row first_background_color=\u00a0\u00bb#5e59ba\u00a0\u00bb second_background_color=\u00a0\u00bb#df5461&Prime; animation_in_type=\u00a0\u00bbtransition.slideRightBigIn\u00a0\u00bb animation_in_offset=\u00a0\u00bb100&Prime; animation_in_duration=\u00a0\u00bb300&Prime; animation_in_delay=\u00a0\u00bb0&Prime; el_class=\u00a0\u00bbgroupe-item\u00a0\u00bb][vc_column width=\u00a0\u00bb1\/4&Prime; el_class=\u00a0\u00bbgroupe-image\u00a0\u00bb][vc_column_text css_animation=\u00a0\u00bbfadeInDown\u00a0\u00bb css=\u00a0\u00bb.vc_custom_1574026613068{border-radius: 5px !important;}\u00a0\u00bb]<a href=\"\/?p=3277\"><img width=\"468\" height=\"468\" src=\"https:\/\/www.festicheyres.ch\/wp-content\/uploads\/2022\/05\/CLIVE_PRESS_PIC-468x468.jpg\" class=\"attachment-blog-thumb-2 size-blog-thumb-2 wp-post-image\" alt=\"\" loading=\"lazy\" srcset=\"https:\/\/www.festicheyres.ch\/wp-content\/uploads\/2022\/05\/CLIVE_PRESS_PIC-468x468.jpg 468w, https:\/\/www.festicheyres.ch\/wp-content\/uploads\/2022\/05\/CLIVE_PRESS_PIC-150x150.jpg 150w, https:\/\/www.festicheyres.ch\/wp-content\/uploads\/2022\/05\/CLIVE_PRESS_PIC-266x266.jpg 266w, https:\/\/www.festicheyres.ch\/wp-content\/uploads\/2022\/05\/CLIVE_PRESS_PIC-220x220.jpg 220w\" sizes=\"(max-width: 468px) 100vw, 468px\" \/><\/a>[\/vc_column_text][\/vc_column][vc_column width=\u00a0\u00bb3\/4&Prime; el_class=\u00a0\u00bbgroupe-infos\u00a0\u00bb][vc_column_text css=\u00a0\u00bb.vc_custom_1574115516333{border-top-width: 3px !important;border-right-width: 3px !important;border-bottom-width: 3px !important;border-left-width: 3px !important;background: #df5461 url(https:\/\/www.festicheyres.ch\/wp-content\/uploads\/2019\/02\/IMG_0946.jpg?id=1615) !important;background-position: center !important;background-repeat: no-repeat !important;background-size: cover !important;border-left-color: #000000 !important;border-left-style: solid !important;border-right-color: #000000 !important;border-right-style: solid !important;border-top-color: #000000 !important;border-top-style: solid !important;border-bottom-color: #000000 !important;border-bottom-style: solid !important;}\u00a0\u00bb]<\/p>\n<h2><a href=\"https:\/\/www.festicheyres.ch\/groupe\/the-clive\/\">The Clive<\/a><\/h2>\n<p>[\/vc_column_text][vc_column_text]\n\n\n<div id=\"wpv-view-layout-75-CPID3277\" class=\"js-wpv-view-layout js-wpv-layout-responsive js-wpv-view-layout-75-CPID3277\" data-viewnumber=\"75-CPID3277\" data-pagination=\"{&quot;id&quot;:&quot;75&quot;,&quot;query&quot;:&quot;normal&quot;,&quot;type&quot;:&quot;disabled&quot;,&quot;effect&quot;:&quot;fade&quot;,&quot;duration&quot;:500,&quot;speed&quot;:5,&quot;pause_on_hover&quot;:&quot;disabled&quot;,&quot;stop_rollover&quot;:&quot;false&quot;,&quot;cache_pages&quot;:&quot;enabled&quot;,&quot;preload_images&quot;:&quot;enabled&quot;,&quot;preload_pages&quot;:&quot;enabled&quot;,&quot;preload_reach&quot;:1,&quot;spinner&quot;:&quot;builtin&quot;,&quot;spinner_image&quot;:&quot;https:\/\/projet2020.festicheyres.ch\/wp-content\/plugins\/wp-views\/embedded\/res\/img\/ajax-loader.gif&quot;,&quot;callback_next&quot;:&quot;&quot;,&quot;manage_history&quot;:&quot;disabled&quot;,&quot;has_controls_in_form&quot;:&quot;disabled&quot;,&quot;infinite_tolerance&quot;:&quot;0&quot;,&quot;max_pages&quot;:0,&quot;page&quot;:1,&quot;base_permalink&quot;:&quot;\/wp-json\/wp\/v2\/pages\/2045?wpv_view_count=75-CPID3277&amp;wpv_paged=WPV_PAGE_NUM&quot;,&quot;loop&quot;:{&quot;type&quot;:&quot;&quot;,&quot;name&quot;:&quot;&quot;,&quot;data&quot;:&#091;&#093;,&quot;id&quot;:0}}\" data-permalink=\"\/wp-json\/wp\/v2\/pages\/2045?wpv_view_count=75-CPID3277\">\n\n\t\n\t\n\t<!-- <h4>Concerts<\/h4> -->\n\t<!-- <ul class=\"wpv-loop js-wpv-loop\"> -->\n\t\t \n\t\t\t<!-- <li> -->\n              <p class=\"info-concert\">ven. 8 juillet 2022 |  19:00  |  Grande Sc\u00e8ne <p>\n          \t<!-- <\/li> -->\n\t\t\n\t<!-- <\/ul> -->\n\t\n\t\n\t\n<\/div>\n[\/vc_column_text][vc_column_text]<strong>Rock<\/strong> (Suisse \/ BE)[\/vc_column_text][vc_column_text]<strong>\u00a0<\/strong>Les Artic Monkeys Suisse[\/vc_column_text][vc_column_text]<a href=\"https:\/\/www.festicheyres.ch\/groupe\/the-clive\/\">Voir le groupe&#8230;<\/a>[\/vc_column_text][\/vc_column][\/vc_row]<\/p>\n\n      <\/div>\n\t\n      <div class=\"groupe-loop\">\n\t\t\t<p>[vc_row first_background_color=\u00a0\u00bb#5e59ba\u00a0\u00bb second_background_color=\u00a0\u00bb#df5461&Prime; animation_in_type=\u00a0\u00bbtransition.slideRightBigIn\u00a0\u00bb animation_in_offset=\u00a0\u00bb100&Prime; animation_in_duration=\u00a0\u00bb300&Prime; animation_in_delay=\u00a0\u00bb0&Prime; el_class=\u00a0\u00bbgroupe-item\u00a0\u00bb][vc_column width=\u00a0\u00bb1\/4&Prime; el_class=\u00a0\u00bbgroupe-image\u00a0\u00bb][vc_column_text css_animation=\u00a0\u00bbfadeInDown\u00a0\u00bb css=\u00a0\u00bb.vc_custom_1574026613068{border-radius: 5px !important;}\u00a0\u00bb]<a href=\"\/?p=3333\"><img width=\"468\" height=\"468\" src=\"https:\/\/www.festicheyres.ch\/wp-content\/uploads\/2022\/05\/Promo-Heavy-Heart-Guillaume-Salort-468x468.jpg\" class=\"attachment-blog-thumb-2 size-blog-thumb-2 wp-post-image\" alt=\"\" loading=\"lazy\" srcset=\"https:\/\/www.festicheyres.ch\/wp-content\/uploads\/2022\/05\/Promo-Heavy-Heart-Guillaume-Salort-468x468.jpg 468w, https:\/\/www.festicheyres.ch\/wp-content\/uploads\/2022\/05\/Promo-Heavy-Heart-Guillaume-Salort-150x150.jpg 150w, https:\/\/www.festicheyres.ch\/wp-content\/uploads\/2022\/05\/Promo-Heavy-Heart-Guillaume-Salort-scaled-266x266.jpg 266w, https:\/\/www.festicheyres.ch\/wp-content\/uploads\/2022\/05\/Promo-Heavy-Heart-Guillaume-Salort-scaled-220x220.jpg 220w\" sizes=\"(max-width: 468px) 100vw, 468px\" \/><\/a>[\/vc_column_text][\/vc_column][vc_column width=\u00a0\u00bb3\/4&Prime; el_class=\u00a0\u00bbgroupe-infos\u00a0\u00bb][vc_column_text css=\u00a0\u00bb.vc_custom_1574115516333{border-top-width: 3px !important;border-right-width: 3px !important;border-bottom-width: 3px !important;border-left-width: 3px !important;background: #df5461 url(https:\/\/www.festicheyres.ch\/wp-content\/uploads\/2019\/02\/IMG_0946.jpg?id=1615) !important;background-position: center !important;background-repeat: no-repeat !important;background-size: cover !important;border-left-color: #000000 !important;border-left-style: solid !important;border-right-color: #000000 !important;border-right-style: solid !important;border-top-color: #000000 !important;border-top-style: solid !important;border-bottom-color: #000000 !important;border-bottom-style: solid !important;}\u00a0\u00bb]<\/p>\n<h2><a href=\"https:\/\/www.festicheyres.ch\/groupe\/heavy-heart\/\">Heavy Heart<\/a><\/h2>\n<p>[\/vc_column_text][vc_column_text]\n\n\n<div id=\"wpv-view-layout-75-CPID3333\" class=\"js-wpv-view-layout js-wpv-layout-responsive js-wpv-view-layout-75-CPID3333\" data-viewnumber=\"75-CPID3333\" data-pagination=\"{&quot;id&quot;:&quot;75&quot;,&quot;query&quot;:&quot;normal&quot;,&quot;type&quot;:&quot;disabled&quot;,&quot;effect&quot;:&quot;fade&quot;,&quot;duration&quot;:500,&quot;speed&quot;:5,&quot;pause_on_hover&quot;:&quot;disabled&quot;,&quot;stop_rollover&quot;:&quot;false&quot;,&quot;cache_pages&quot;:&quot;enabled&quot;,&quot;preload_images&quot;:&quot;enabled&quot;,&quot;preload_pages&quot;:&quot;enabled&quot;,&quot;preload_reach&quot;:1,&quot;spinner&quot;:&quot;builtin&quot;,&quot;spinner_image&quot;:&quot;https:\/\/projet2020.festicheyres.ch\/wp-content\/plugins\/wp-views\/embedded\/res\/img\/ajax-loader.gif&quot;,&quot;callback_next&quot;:&quot;&quot;,&quot;manage_history&quot;:&quot;disabled&quot;,&quot;has_controls_in_form&quot;:&quot;disabled&quot;,&quot;infinite_tolerance&quot;:&quot;0&quot;,&quot;max_pages&quot;:0,&quot;page&quot;:1,&quot;base_permalink&quot;:&quot;\/wp-json\/wp\/v2\/pages\/2045?wpv_view_count=75-CPID3333&amp;wpv_paged=WPV_PAGE_NUM&quot;,&quot;loop&quot;:{&quot;type&quot;:&quot;&quot;,&quot;name&quot;:&quot;&quot;,&quot;data&quot;:&#091;&#093;,&quot;id&quot;:0}}\" data-permalink=\"\/wp-json\/wp\/v2\/pages\/2045?wpv_view_count=75-CPID3333\">\n\n\t\n\t\n\t<!-- <h4>Concerts<\/h4> -->\n\t<!-- <ul class=\"wpv-loop js-wpv-loop\"> -->\n\t\t \n\t\t\t<!-- <li> -->\n              <p class=\"info-concert\">ven. 8 juillet 2022 |  20:20  |  Sc\u00e8ne des arbres <p>\n          \t<!-- <\/li> -->\n\t\t\n\t<!-- <\/ul> -->\n\t\n\t\n\t\n<\/div>\n[\/vc_column_text][vc_column_text]<strong>Punk Rock<\/strong> (France)[\/vc_column_text][vc_column_text]<strong>\u00a0<\/strong>La Loire coulera \u00e9galement dans le lac[\/vc_column_text][vc_column_text]<a href=\"https:\/\/www.festicheyres.ch\/groupe\/heavy-heart\/\">Voir le groupe&#8230;<\/a>[\/vc_column_text][\/vc_column][\/vc_row]<\/p>\n\n      <\/div>\n\t\n      <div class=\"groupe-loop\">\n\t\t\t<p>[vc_row first_background_color=\u00a0\u00bb#5e59ba\u00a0\u00bb second_background_color=\u00a0\u00bb#df5461&Prime; animation_in_type=\u00a0\u00bbtransition.slideRightBigIn\u00a0\u00bb animation_in_offset=\u00a0\u00bb100&Prime; animation_in_duration=\u00a0\u00bb300&Prime; animation_in_delay=\u00a0\u00bb0&Prime; el_class=\u00a0\u00bbgroupe-item\u00a0\u00bb][vc_column width=\u00a0\u00bb1\/4&Prime; el_class=\u00a0\u00bbgroupe-image\u00a0\u00bb][vc_column_text css_animation=\u00a0\u00bbfadeInDown\u00a0\u00bb css=\u00a0\u00bb.vc_custom_1574026613068{border-radius: 5px !important;}\u00a0\u00bb]<a href=\"\/?p=3305\"><img width=\"468\" height=\"468\" src=\"https:\/\/www.festicheyres.ch\/wp-content\/uploads\/2022\/05\/Press-Pic-9-WEB_Credit-Stephen-Nthusi-468x468.jpg\" class=\"attachment-blog-thumb-2 size-blog-thumb-2 wp-post-image\" alt=\"\" loading=\"lazy\" srcset=\"https:\/\/www.festicheyres.ch\/wp-content\/uploads\/2022\/05\/Press-Pic-9-WEB_Credit-Stephen-Nthusi-468x468.jpg 468w, https:\/\/www.festicheyres.ch\/wp-content\/uploads\/2022\/05\/Press-Pic-9-WEB_Credit-Stephen-Nthusi-150x150.jpg 150w, https:\/\/www.festicheyres.ch\/wp-content\/uploads\/2022\/05\/Press-Pic-9-WEB_Credit-Stephen-Nthusi-scaled-266x266.jpg 266w\" sizes=\"(max-width: 468px) 100vw, 468px\" \/><\/a>[\/vc_column_text][\/vc_column][vc_column width=\u00a0\u00bb3\/4&Prime; el_class=\u00a0\u00bbgroupe-infos\u00a0\u00bb][vc_column_text css=\u00a0\u00bb.vc_custom_1574115516333{border-top-width: 3px !important;border-right-width: 3px !important;border-bottom-width: 3px !important;border-left-width: 3px !important;background: #df5461 url(https:\/\/www.festicheyres.ch\/wp-content\/uploads\/2019\/02\/IMG_0946.jpg?id=1615) !important;background-position: center !important;background-repeat: no-repeat !important;background-size: cover !important;border-left-color: #000000 !important;border-left-style: solid !important;border-right-color: #000000 !important;border-right-style: solid !important;border-top-color: #000000 !important;border-top-style: solid !important;border-bottom-color: #000000 !important;border-bottom-style: solid !important;}\u00a0\u00bb]<\/p>\n<h2><a href=\"https:\/\/www.festicheyres.ch\/groupe\/caroline-alves\/\">Caroline Alves<\/a><\/h2>\n<p>[\/vc_column_text][vc_column_text]\n\n\n<div id=\"wpv-view-layout-75-CPID3305\" class=\"js-wpv-view-layout js-wpv-layout-responsive js-wpv-view-layout-75-CPID3305\" data-viewnumber=\"75-CPID3305\" data-pagination=\"{&quot;id&quot;:&quot;75&quot;,&quot;query&quot;:&quot;normal&quot;,&quot;type&quot;:&quot;disabled&quot;,&quot;effect&quot;:&quot;fade&quot;,&quot;duration&quot;:500,&quot;speed&quot;:5,&quot;pause_on_hover&quot;:&quot;disabled&quot;,&quot;stop_rollover&quot;:&quot;false&quot;,&quot;cache_pages&quot;:&quot;enabled&quot;,&quot;preload_images&quot;:&quot;enabled&quot;,&quot;preload_pages&quot;:&quot;enabled&quot;,&quot;preload_reach&quot;:1,&quot;spinner&quot;:&quot;builtin&quot;,&quot;spinner_image&quot;:&quot;https:\/\/projet2020.festicheyres.ch\/wp-content\/plugins\/wp-views\/embedded\/res\/img\/ajax-loader.gif&quot;,&quot;callback_next&quot;:&quot;&quot;,&quot;manage_history&quot;:&quot;disabled&quot;,&quot;has_controls_in_form&quot;:&quot;disabled&quot;,&quot;infinite_tolerance&quot;:&quot;0&quot;,&quot;max_pages&quot;:0,&quot;page&quot;:1,&quot;base_permalink&quot;:&quot;\/wp-json\/wp\/v2\/pages\/2045?wpv_view_count=75-CPID3305&amp;wpv_paged=WPV_PAGE_NUM&quot;,&quot;loop&quot;:{&quot;type&quot;:&quot;&quot;,&quot;name&quot;:&quot;&quot;,&quot;data&quot;:&#091;&#093;,&quot;id&quot;:0}}\" data-permalink=\"\/wp-json\/wp\/v2\/pages\/2045?wpv_view_count=75-CPID3305\">\n\n\t\n\t\n\t<!-- <h4>Concerts<\/h4> -->\n\t<!-- <ul class=\"wpv-loop js-wpv-loop\"> -->\n\t\t \n\t\t\t<!-- <li> -->\n              <p class=\"info-concert\">sam. 9 juillet 2022 |  19:40  |  Grande Sc\u00e8ne <p>\n          \t<!-- <\/li> -->\n\t\t\n\t<!-- <\/ul> -->\n\t\n\t\n\t\n<\/div>\n[\/vc_column_text][vc_column_text]<strong>Electro Pop Soul<\/strong> (Suisse \/ BE)[\/vc_column_text][vc_column_text]<strong>\u00a0<\/strong>Une voix captivante[\/vc_column_text][vc_column_text]<a href=\"https:\/\/www.festicheyres.ch\/groupe\/caroline-alves\/\">Voir le groupe&#8230;<\/a>[\/vc_column_text][\/vc_column][\/vc_row]<\/p>\n\n      <\/div>\n\t\n      <div class=\"groupe-loop\">\n\t\t\t<p>[vc_row first_background_color=\u00a0\u00bb#5e59ba\u00a0\u00bb second_background_color=\u00a0\u00bb#df5461&Prime; animation_in_type=\u00a0\u00bbtransition.slideRightBigIn\u00a0\u00bb animation_in_offset=\u00a0\u00bb100&Prime; animation_in_duration=\u00a0\u00bb300&Prime; animation_in_delay=\u00a0\u00bb0&Prime; el_class=\u00a0\u00bbgroupe-item\u00a0\u00bb][vc_column width=\u00a0\u00bb1\/4&Prime; el_class=\u00a0\u00bbgroupe-image\u00a0\u00bb][vc_column_text css_animation=\u00a0\u00bbfadeInDown\u00a0\u00bb css=\u00a0\u00bb.vc_custom_1574026613068{border-radius: 5px !important;}\u00a0\u00bb]<a href=\"\/?p=3275\"><img width=\"468\" height=\"468\" src=\"https:\/\/www.festicheyres.ch\/wp-content\/uploads\/2022\/05\/VTS_16-Adrian-Asllani-468x468.jpg\" class=\"attachment-blog-thumb-2 size-blog-thumb-2 wp-post-image\" alt=\"\" loading=\"lazy\" srcset=\"https:\/\/www.festicheyres.ch\/wp-content\/uploads\/2022\/05\/VTS_16-Adrian-Asllani-468x468.jpg 468w, https:\/\/www.festicheyres.ch\/wp-content\/uploads\/2022\/05\/VTS_16-Adrian-Asllani-150x150.jpg 150w, https:\/\/www.festicheyres.ch\/wp-content\/uploads\/2022\/05\/VTS_16-Adrian-Asllani-scaled-266x266.jpg 266w\" sizes=\"(max-width: 468px) 100vw, 468px\" \/><\/a>[\/vc_column_text][\/vc_column][vc_column width=\u00a0\u00bb3\/4&Prime; el_class=\u00a0\u00bbgroupe-infos\u00a0\u00bb][vc_column_text css=\u00a0\u00bb.vc_custom_1574115516333{border-top-width: 3px !important;border-right-width: 3px !important;border-bottom-width: 3px !important;border-left-width: 3px !important;background: #df5461 url(https:\/\/www.festicheyres.ch\/wp-content\/uploads\/2019\/02\/IMG_0946.jpg?id=1615) !important;background-position: center !important;background-repeat: no-repeat !important;background-size: cover !important;border-left-color: #000000 !important;border-left-style: solid !important;border-right-color: #000000 !important;border-right-style: solid !important;border-top-color: #000000 !important;border-top-style: solid !important;border-bottom-color: #000000 !important;border-bottom-style: solid !important;}\u00a0\u00bb]<\/p>\n<h2><a href=\"https:\/\/www.festicheyres.ch\/groupe\/velvet-two-stripes\/\">Velvet Two Stripes<\/a><\/h2>\n<p>[\/vc_column_text][vc_column_text]\n\n\n<div id=\"wpv-view-layout-75-CPID3275\" class=\"js-wpv-view-layout js-wpv-layout-responsive js-wpv-view-layout-75-CPID3275\" data-viewnumber=\"75-CPID3275\" data-pagination=\"{&quot;id&quot;:&quot;75&quot;,&quot;query&quot;:&quot;normal&quot;,&quot;type&quot;:&quot;disabled&quot;,&quot;effect&quot;:&quot;fade&quot;,&quot;duration&quot;:500,&quot;speed&quot;:5,&quot;pause_on_hover&quot;:&quot;disabled&quot;,&quot;stop_rollover&quot;:&quot;false&quot;,&quot;cache_pages&quot;:&quot;enabled&quot;,&quot;preload_images&quot;:&quot;enabled&quot;,&quot;preload_pages&quot;:&quot;enabled&quot;,&quot;preload_reach&quot;:1,&quot;spinner&quot;:&quot;builtin&quot;,&quot;spinner_image&quot;:&quot;https:\/\/projet2020.festicheyres.ch\/wp-content\/plugins\/wp-views\/embedded\/res\/img\/ajax-loader.gif&quot;,&quot;callback_next&quot;:&quot;&quot;,&quot;manage_history&quot;:&quot;disabled&quot;,&quot;has_controls_in_form&quot;:&quot;disabled&quot;,&quot;infinite_tolerance&quot;:&quot;0&quot;,&quot;max_pages&quot;:0,&quot;page&quot;:1,&quot;base_permalink&quot;:&quot;\/wp-json\/wp\/v2\/pages\/2045?wpv_view_count=75-CPID3275&amp;wpv_paged=WPV_PAGE_NUM&quot;,&quot;loop&quot;:{&quot;type&quot;:&quot;&quot;,&quot;name&quot;:&quot;&quot;,&quot;data&quot;:&#091;&#093;,&quot;id&quot;:0}}\" data-permalink=\"\/wp-json\/wp\/v2\/pages\/2045?wpv_view_count=75-CPID3275\">\n\n\t\n\t\n\t<!-- <h4>Concerts<\/h4> -->\n\t<!-- <ul class=\"wpv-loop js-wpv-loop\"> -->\n\t\t \n\t\t\t<!-- <li> -->\n              <p class=\"info-concert\">jeu. 7 juillet 2022 |  22:00  |  Grande Sc\u00e8ne <p>\n          \t<!-- <\/li> -->\n\t\t\n\t<!-- <\/ul> -->\n\t\n\t\n\t\n<\/div>\n[\/vc_column_text][vc_column_text]<strong>Rock<\/strong> (Suisse \/ SG)[\/vc_column_text][vc_column_text]<strong>\u00a0<\/strong>Un Rock \u00e0 faire p\u00e9ter le R\u00f6stigraben[\/vc_column_text][vc_column_text]<a href=\"https:\/\/www.festicheyres.ch\/groupe\/velvet-two-stripes\/\">Voir le groupe&#8230;<\/a>[\/vc_column_text][\/vc_column][\/vc_row]<\/p>\n\n      <\/div>\n\t\n      <div class=\"groupe-loop\">\n\t\t\t<p>[vc_row first_background_color=\u00a0\u00bb#5e59ba\u00a0\u00bb second_background_color=\u00a0\u00bb#df5461&Prime; animation_in_type=\u00a0\u00bbtransition.slideRightBigIn\u00a0\u00bb animation_in_offset=\u00a0\u00bb100&Prime; animation_in_duration=\u00a0\u00bb300&Prime; animation_in_delay=\u00a0\u00bb0&Prime; el_class=\u00a0\u00bbgroupe-item\u00a0\u00bb][vc_column width=\u00a0\u00bb1\/4&Prime; el_class=\u00a0\u00bbgroupe-image\u00a0\u00bb][vc_column_text css_animation=\u00a0\u00bbfadeInDown\u00a0\u00bb css=\u00a0\u00bb.vc_custom_1574026613068{border-radius: 5px !important;}\u00a0\u00bb]<a href=\"\/?p=3301\"><img width=\"468\" height=\"468\" src=\"https:\/\/www.festicheyres.ch\/wp-content\/uploads\/2022\/05\/Credit-Annalisa-Chiaese-1-468x468.jpg\" class=\"attachment-blog-thumb-2 size-blog-thumb-2 wp-post-image\" alt=\"\" loading=\"lazy\" srcset=\"https:\/\/www.festicheyres.ch\/wp-content\/uploads\/2022\/05\/Credit-Annalisa-Chiaese-1-468x468.jpg 468w, https:\/\/www.festicheyres.ch\/wp-content\/uploads\/2022\/05\/Credit-Annalisa-Chiaese-1-150x150.jpg 150w, https:\/\/www.festicheyres.ch\/wp-content\/uploads\/2022\/05\/Credit-Annalisa-Chiaese-1-scaled-266x266.jpg 266w\" sizes=\"(max-width: 468px) 100vw, 468px\" \/><\/a>[\/vc_column_text][\/vc_column][vc_column width=\u00a0\u00bb3\/4&Prime; el_class=\u00a0\u00bbgroupe-infos\u00a0\u00bb][vc_column_text css=\u00a0\u00bb.vc_custom_1574115516333{border-top-width: 3px !important;border-right-width: 3px !important;border-bottom-width: 3px !important;border-left-width: 3px !important;background: #df5461 url(https:\/\/www.festicheyres.ch\/wp-content\/uploads\/2019\/02\/IMG_0946.jpg?id=1615) !important;background-position: center !important;background-repeat: no-repeat !important;background-size: cover !important;border-left-color: #000000 !important;border-left-style: solid !important;border-right-color: #000000 !important;border-right-style: solid !important;border-top-color: #000000 !important;border-top-style: solid !important;border-bottom-color: #000000 !important;border-bottom-style: solid !important;}\u00a0\u00bb]<\/p>\n<h2><a href=\"https:\/\/www.festicheyres.ch\/groupe\/e-i-l-a\/\">E \u00cf L A<\/a><\/h2>\n<p>[\/vc_column_text][vc_column_text]\n\n\n<div id=\"wpv-view-layout-75-CPID3301\" class=\"js-wpv-view-layout js-wpv-layout-responsive js-wpv-view-layout-75-CPID3301\" data-viewnumber=\"75-CPID3301\" data-pagination=\"{&quot;id&quot;:&quot;75&quot;,&quot;query&quot;:&quot;normal&quot;,&quot;type&quot;:&quot;disabled&quot;,&quot;effect&quot;:&quot;fade&quot;,&quot;duration&quot;:500,&quot;speed&quot;:5,&quot;pause_on_hover&quot;:&quot;disabled&quot;,&quot;stop_rollover&quot;:&quot;false&quot;,&quot;cache_pages&quot;:&quot;enabled&quot;,&quot;preload_images&quot;:&quot;enabled&quot;,&quot;preload_pages&quot;:&quot;enabled&quot;,&quot;preload_reach&quot;:1,&quot;spinner&quot;:&quot;builtin&quot;,&quot;spinner_image&quot;:&quot;https:\/\/projet2020.festicheyres.ch\/wp-content\/plugins\/wp-views\/embedded\/res\/img\/ajax-loader.gif&quot;,&quot;callback_next&quot;:&quot;&quot;,&quot;manage_history&quot;:&quot;disabled&quot;,&quot;has_controls_in_form&quot;:&quot;disabled&quot;,&quot;infinite_tolerance&quot;:&quot;0&quot;,&quot;max_pages&quot;:0,&quot;page&quot;:1,&quot;base_permalink&quot;:&quot;\/wp-json\/wp\/v2\/pages\/2045?wpv_view_count=75-CPID3301&amp;wpv_paged=WPV_PAGE_NUM&quot;,&quot;loop&quot;:{&quot;type&quot;:&quot;&quot;,&quot;name&quot;:&quot;&quot;,&quot;data&quot;:&#091;&#093;,&quot;id&quot;:0}}\" data-permalink=\"\/wp-json\/wp\/v2\/pages\/2045?wpv_view_count=75-CPID3301\">\n\n\t\n\t\n\t<!-- <h4>Concerts<\/h4> -->\n\t<!-- <ul class=\"wpv-loop js-wpv-loop\"> -->\n\t\t \n\t\t\t<!-- <li> -->\n              <p class=\"info-concert\">sam. 9 juillet 2022 |  18:40  |  Sc\u00e8ne des arbres <p>\n          \t<!-- <\/li> -->\n\t\t\n\t<!-- <\/ul> -->\n\t\n\t\n\t\n<\/div>\n[\/vc_column_text][vc_column_text]<strong>Chants Tribaux et Folkloriques<\/strong> (Suisse \/ FR)[\/vc_column_text][vc_column_text]<strong>\u00a0<\/strong>Des voix sur une voie[\/vc_column_text][vc_column_text]<a href=\"https:\/\/www.festicheyres.ch\/groupe\/e-i-l-a\/\">Voir le groupe&#8230;<\/a>[\/vc_column_text][\/vc_column][\/vc_row]<\/p>\n\n      <\/div>\n\t\n      <div class=\"groupe-loop\">\n\t\t\t<p>[vc_row first_background_color=\u00a0\u00bb#5e59ba\u00a0\u00bb second_background_color=\u00a0\u00bb#df5461&Prime; animation_in_type=\u00a0\u00bbtransition.slideRightBigIn\u00a0\u00bb animation_in_offset=\u00a0\u00bb100&Prime; animation_in_duration=\u00a0\u00bb300&Prime; animation_in_delay=\u00a0\u00bb0&Prime; el_class=\u00a0\u00bbgroupe-item\u00a0\u00bb][vc_column width=\u00a0\u00bb1\/4&Prime; el_class=\u00a0\u00bbgroupe-image\u00a0\u00bb][vc_column_text css_animation=\u00a0\u00bbfadeInDown\u00a0\u00bb css=\u00a0\u00bb.vc_custom_1574026613068{border-radius: 5px !important;}\u00a0\u00bb]<a href=\"\/?p=3308\"><img width=\"468\" height=\"468\" src=\"https:\/\/www.festicheyres.ch\/wp-content\/uploads\/2022\/05\/IMG-20220321-WA0041-468x468.jpg\" class=\"attachment-blog-thumb-2 size-blog-thumb-2 wp-post-image\" alt=\"\" loading=\"lazy\" srcset=\"https:\/\/www.festicheyres.ch\/wp-content\/uploads\/2022\/05\/IMG-20220321-WA0041-468x468.jpg 468w, https:\/\/www.festicheyres.ch\/wp-content\/uploads\/2022\/05\/IMG-20220321-WA0041-150x150.jpg 150w, https:\/\/www.festicheyres.ch\/wp-content\/uploads\/2022\/05\/IMG-20220321-WA0041-266x266.jpg 266w\" sizes=\"(max-width: 468px) 100vw, 468px\" \/><\/a>[\/vc_column_text][\/vc_column][vc_column width=\u00a0\u00bb3\/4&Prime; el_class=\u00a0\u00bbgroupe-infos\u00a0\u00bb][vc_column_text css=\u00a0\u00bb.vc_custom_1574115516333{border-top-width: 3px !important;border-right-width: 3px !important;border-bottom-width: 3px !important;border-left-width: 3px !important;background: #df5461 url(https:\/\/www.festicheyres.ch\/wp-content\/uploads\/2019\/02\/IMG_0946.jpg?id=1615) !important;background-position: center !important;background-repeat: no-repeat !important;background-size: cover !important;border-left-color: #000000 !important;border-left-style: solid !important;border-right-color: #000000 !important;border-right-style: solid !important;border-top-color: #000000 !important;border-top-style: solid !important;border-bottom-color: #000000 !important;border-bottom-style: solid !important;}\u00a0\u00bb]<\/p>\n<h2><a href=\"https:\/\/www.festicheyres.ch\/groupe\/glaascats\/\">Glaascats<\/a><\/h2>\n<p>[\/vc_column_text][vc_column_text]\n\n\n<div id=\"wpv-view-layout-75-CPID3308\" class=\"js-wpv-view-layout js-wpv-layout-responsive js-wpv-view-layout-75-CPID3308\" data-viewnumber=\"75-CPID3308\" data-pagination=\"{&quot;id&quot;:&quot;75&quot;,&quot;query&quot;:&quot;normal&quot;,&quot;type&quot;:&quot;disabled&quot;,&quot;effect&quot;:&quot;fade&quot;,&quot;duration&quot;:500,&quot;speed&quot;:5,&quot;pause_on_hover&quot;:&quot;disabled&quot;,&quot;stop_rollover&quot;:&quot;false&quot;,&quot;cache_pages&quot;:&quot;enabled&quot;,&quot;preload_images&quot;:&quot;enabled&quot;,&quot;preload_pages&quot;:&quot;enabled&quot;,&quot;preload_reach&quot;:1,&quot;spinner&quot;:&quot;builtin&quot;,&quot;spinner_image&quot;:&quot;https:\/\/projet2020.festicheyres.ch\/wp-content\/plugins\/wp-views\/embedded\/res\/img\/ajax-loader.gif&quot;,&quot;callback_next&quot;:&quot;&quot;,&quot;manage_history&quot;:&quot;disabled&quot;,&quot;has_controls_in_form&quot;:&quot;disabled&quot;,&quot;infinite_tolerance&quot;:&quot;0&quot;,&quot;max_pages&quot;:0,&quot;page&quot;:1,&quot;base_permalink&quot;:&quot;\/wp-json\/wp\/v2\/pages\/2045?wpv_view_count=75-CPID3308&amp;wpv_paged=WPV_PAGE_NUM&quot;,&quot;loop&quot;:{&quot;type&quot;:&quot;&quot;,&quot;name&quot;:&quot;&quot;,&quot;data&quot;:&#091;&#093;,&quot;id&quot;:0}}\" data-permalink=\"\/wp-json\/wp\/v2\/pages\/2045?wpv_view_count=75-CPID3308\">\n\n\t\n\t\n\t<!-- <h4>Concerts<\/h4> -->\n\t<!-- <ul class=\"wpv-loop js-wpv-loop\"> -->\n\t\t \n\t\t\t<!-- <li> -->\n              <p class=\"info-concert\">sam. 9 juillet 2022 |  21:00  |  Sc\u00e8ne des arbres <p>\n          \t<!-- <\/li> -->\n\t\t\n\t<!-- <\/ul> -->\n\t\n\t\n\t\n<\/div>\n[\/vc_column_text][vc_column_text]<strong>Rock Alternatif<\/strong> (Suisse \/ FR)[\/vc_column_text][vc_column_text]<strong>\u00a0<\/strong>Des Ch\u00e2telois\u00b7es au bord du lac de Neuch\u2019.[\/vc_column_text][vc_column_text]<a href=\"https:\/\/www.festicheyres.ch\/groupe\/glaascats\/\">Voir le groupe&#8230;<\/a>[\/vc_column_text][\/vc_column][\/vc_row]<\/p>\n\n      <\/div>\n\t\n      <div class=\"groupe-loop\">\n\t\t\t<p>[vc_row first_background_color=\u00a0\u00bb#5e59ba\u00a0\u00bb second_background_color=\u00a0\u00bb#df5461&Prime; animation_in_type=\u00a0\u00bbtransition.slideRightBigIn\u00a0\u00bb animation_in_offset=\u00a0\u00bb100&Prime; animation_in_duration=\u00a0\u00bb300&Prime; animation_in_delay=\u00a0\u00bb0&Prime; el_class=\u00a0\u00bbgroupe-item\u00a0\u00bb][vc_column width=\u00a0\u00bb1\/4&Prime; el_class=\u00a0\u00bbgroupe-image\u00a0\u00bb][vc_column_text css_animation=\u00a0\u00bbfadeInDown\u00a0\u00bb css=\u00a0\u00bb.vc_custom_1574026613068{border-radius: 5px !important;}\u00a0\u00bb]<a href=\"\/?p=3269\"><img width=\"468\" height=\"468\" src=\"https:\/\/www.festicheyres.ch\/wp-content\/uploads\/2022\/05\/ALLER_LO.M.1-468x468.jpg\" class=\"attachment-blog-thumb-2 size-blog-thumb-2 wp-post-image\" alt=\"\" loading=\"lazy\" srcset=\"https:\/\/www.festicheyres.ch\/wp-content\/uploads\/2022\/05\/ALLER_LO.M.1-468x468.jpg 468w, https:\/\/www.festicheyres.ch\/wp-content\/uploads\/2022\/05\/ALLER_LO.M.1-150x150.jpg 150w, https:\/\/www.festicheyres.ch\/wp-content\/uploads\/2022\/05\/ALLER_LO.M.1-scaled-266x266.jpg 266w, https:\/\/www.festicheyres.ch\/wp-content\/uploads\/2022\/05\/ALLER_LO.M.1-scaled-220x220.jpg 220w\" sizes=\"(max-width: 468px) 100vw, 468px\" \/><\/a>[\/vc_column_text][\/vc_column][vc_column width=\u00a0\u00bb3\/4&Prime; el_class=\u00a0\u00bbgroupe-infos\u00a0\u00bb][vc_column_text css=\u00a0\u00bb.vc_custom_1574115516333{border-top-width: 3px !important;border-right-width: 3px !important;border-bottom-width: 3px !important;border-left-width: 3px !important;background: #df5461 url(https:\/\/www.festicheyres.ch\/wp-content\/uploads\/2019\/02\/IMG_0946.jpg?id=1615) !important;background-position: center !important;background-repeat: no-repeat !important;background-size: cover !important;border-left-color: #000000 !important;border-left-style: solid !important;border-right-color: #000000 !important;border-right-style: solid !important;border-top-color: #000000 !important;border-top-style: solid !important;border-bottom-color: #000000 !important;border-bottom-style: solid !important;}\u00a0\u00bb]<\/p>\n<h2><a href=\"https:\/\/www.festicheyres.ch\/groupe\/otnig-monajet\/\">Otnig Monajet<\/a><\/h2>\n<p>[\/vc_column_text][vc_column_text]\n\n\n<div id=\"wpv-view-layout-75-CPID3269\" class=\"js-wpv-view-layout js-wpv-layout-responsive js-wpv-view-layout-75-CPID3269\" data-viewnumber=\"75-CPID3269\" data-pagination=\"{&quot;id&quot;:&quot;75&quot;,&quot;query&quot;:&quot;normal&quot;,&quot;type&quot;:&quot;disabled&quot;,&quot;effect&quot;:&quot;fade&quot;,&quot;duration&quot;:500,&quot;speed&quot;:5,&quot;pause_on_hover&quot;:&quot;disabled&quot;,&quot;stop_rollover&quot;:&quot;false&quot;,&quot;cache_pages&quot;:&quot;enabled&quot;,&quot;preload_images&quot;:&quot;enabled&quot;,&quot;preload_pages&quot;:&quot;enabled&quot;,&quot;preload_reach&quot;:1,&quot;spinner&quot;:&quot;builtin&quot;,&quot;spinner_image&quot;:&quot;https:\/\/projet2020.festicheyres.ch\/wp-content\/plugins\/wp-views\/embedded\/res\/img\/ajax-loader.gif&quot;,&quot;callback_next&quot;:&quot;&quot;,&quot;manage_history&quot;:&quot;disabled&quot;,&quot;has_controls_in_form&quot;:&quot;disabled&quot;,&quot;infinite_tolerance&quot;:&quot;0&quot;,&quot;max_pages&quot;:0,&quot;page&quot;:1,&quot;base_permalink&quot;:&quot;\/wp-json\/wp\/v2\/pages\/2045?wpv_view_count=75-CPID3269&amp;wpv_paged=WPV_PAGE_NUM&quot;,&quot;loop&quot;:{&quot;type&quot;:&quot;&quot;,&quot;name&quot;:&quot;&quot;,&quot;data&quot;:&#091;&#093;,&quot;id&quot;:0}}\" data-permalink=\"\/wp-json\/wp\/v2\/pages\/2045?wpv_view_count=75-CPID3269\">\n\n\t\n\t\n\t<!-- <h4>Concerts<\/h4> -->\n\t<!-- <ul class=\"wpv-loop js-wpv-loop\"> -->\n\t\t \n\t\t\t<!-- <li> -->\n              <p class=\"info-concert\">ven. 8 juillet 2022 |  18:00  |  Sc\u00e8ne des arbres <p>\n          \t<!-- <\/li> -->\n\t\t\n\t<!-- <\/ul> -->\n\t\n\t\n\t\n<\/div>\n[\/vc_column_text][vc_column_text]<strong>kraut n'roll<\/strong> (Suisse\/FR)[\/vc_column_text][vc_column_text]<strong>\u00a0<\/strong>La chevauch\u00e9e fantastique[\/vc_column_text][vc_column_text]<a href=\"https:\/\/www.festicheyres.ch\/groupe\/otnig-monajet\/\">Voir le groupe&#8230;<\/a>[\/vc_column_text][\/vc_column][\/vc_row]<\/p>\n\n      <\/div>\n\t\n      <div class=\"groupe-loop\">\n\t\t\t<p>[vc_row first_background_color=\u00a0\u00bb#5e59ba\u00a0\u00bb second_background_color=\u00a0\u00bb#df5461&Prime; animation_in_type=\u00a0\u00bbtransition.slideRightBigIn\u00a0\u00bb animation_in_offset=\u00a0\u00bb100&Prime; animation_in_duration=\u00a0\u00bb300&Prime; animation_in_delay=\u00a0\u00bb0&Prime; el_class=\u00a0\u00bbgroupe-item\u00a0\u00bb][vc_column width=\u00a0\u00bb1\/4&Prime; el_class=\u00a0\u00bbgroupe-image\u00a0\u00bb][vc_column_text css_animation=\u00a0\u00bbfadeInDown\u00a0\u00bb css=\u00a0\u00bb.vc_custom_1574026613068{border-radius: 5px !important;}\u00a0\u00bb]<a href=\"\/?p=3324\"><img width=\"468\" height=\"468\" src=\"https:\/\/www.festicheyres.ch\/wp-content\/uploads\/2022\/05\/cage2022-468x468.jpg\" class=\"attachment-blog-thumb-2 size-blog-thumb-2 wp-post-image\" alt=\"\" loading=\"lazy\" srcset=\"https:\/\/www.festicheyres.ch\/wp-content\/uploads\/2022\/05\/cage2022-468x468.jpg 468w, https:\/\/www.festicheyres.ch\/wp-content\/uploads\/2022\/05\/cage2022-300x300.jpg 300w, https:\/\/www.festicheyres.ch\/wp-content\/uploads\/2022\/05\/cage2022-1024x1024.jpg 1024w, https:\/\/www.festicheyres.ch\/wp-content\/uploads\/2022\/05\/cage2022-150x150.jpg 150w, https:\/\/www.festicheyres.ch\/wp-content\/uploads\/2022\/05\/cage2022-768x768.jpg 768w, https:\/\/www.festicheyres.ch\/wp-content\/uploads\/2022\/05\/cage2022-1536x1536.jpg 1536w, https:\/\/www.festicheyres.ch\/wp-content\/uploads\/2022\/05\/cage2022-2048x2048.jpg 2048w, https:\/\/www.festicheyres.ch\/wp-content\/uploads\/2022\/05\/cage2022-1612x1612.jpg 1612w, https:\/\/www.festicheyres.ch\/wp-content\/uploads\/2022\/05\/cage2022-1116x1116.jpg 1116w, https:\/\/www.festicheyres.ch\/wp-content\/uploads\/2022\/05\/cage2022-806x806.jpg 806w, https:\/\/www.festicheyres.ch\/wp-content\/uploads\/2022\/05\/cage2022-558x558.jpg 558w, https:\/\/www.festicheyres.ch\/wp-content\/uploads\/2022\/05\/cage2022-655x655.jpg 655w, https:\/\/www.festicheyres.ch\/wp-content\/uploads\/2022\/05\/cage2022-scaled-266x266.jpg 266w\" sizes=\"(max-width: 468px) 100vw, 468px\" \/><\/a>[\/vc_column_text][\/vc_column][vc_column width=\u00a0\u00bb3\/4&Prime; el_class=\u00a0\u00bbgroupe-infos\u00a0\u00bb][vc_column_text css=\u00a0\u00bb.vc_custom_1574115516333{border-top-width: 3px !important;border-right-width: 3px !important;border-bottom-width: 3px !important;border-left-width: 3px !important;background: #df5461 url(https:\/\/www.festicheyres.ch\/wp-content\/uploads\/2019\/02\/IMG_0946.jpg?id=1615) !important;background-position: center !important;background-repeat: no-repeat !important;background-size: cover !important;border-left-color: #000000 !important;border-left-style: solid !important;border-right-color: #000000 !important;border-right-style: solid !important;border-top-color: #000000 !important;border-top-style: solid !important;border-bottom-color: #000000 !important;border-bottom-style: solid !important;}\u00a0\u00bb]<\/p>\n<h2><a href=\"https:\/\/www.festicheyres.ch\/groupe\/cage\/\">Cage<\/a><\/h2>\n<p>[\/vc_column_text][vc_column_text]\n\n\n<div id=\"wpv-view-layout-75-CPID3324\" class=\"js-wpv-view-layout js-wpv-layout-responsive js-wpv-view-layout-75-CPID3324\" data-viewnumber=\"75-CPID3324\" data-pagination=\"{&quot;id&quot;:&quot;75&quot;,&quot;query&quot;:&quot;normal&quot;,&quot;type&quot;:&quot;disabled&quot;,&quot;effect&quot;:&quot;fade&quot;,&quot;duration&quot;:500,&quot;speed&quot;:5,&quot;pause_on_hover&quot;:&quot;disabled&quot;,&quot;stop_rollover&quot;:&quot;false&quot;,&quot;cache_pages&quot;:&quot;enabled&quot;,&quot;preload_images&quot;:&quot;enabled&quot;,&quot;preload_pages&quot;:&quot;enabled&quot;,&quot;preload_reach&quot;:1,&quot;spinner&quot;:&quot;builtin&quot;,&quot;spinner_image&quot;:&quot;https:\/\/projet2020.festicheyres.ch\/wp-content\/plugins\/wp-views\/embedded\/res\/img\/ajax-loader.gif&quot;,&quot;callback_next&quot;:&quot;&quot;,&quot;manage_history&quot;:&quot;disabled&quot;,&quot;has_controls_in_form&quot;:&quot;disabled&quot;,&quot;infinite_tolerance&quot;:&quot;0&quot;,&quot;max_pages&quot;:0,&quot;page&quot;:1,&quot;base_permalink&quot;:&quot;\/wp-json\/wp\/v2\/pages\/2045?wpv_view_count=75-CPID3324&amp;wpv_paged=WPV_PAGE_NUM&quot;,&quot;loop&quot;:{&quot;type&quot;:&quot;&quot;,&quot;name&quot;:&quot;&quot;,&quot;data&quot;:&#091;&#093;,&quot;id&quot;:0}}\" data-permalink=\"\/wp-json\/wp\/v2\/pages\/2045?wpv_view_count=75-CPID3324\">\n\n\t\n\t\n\t<!-- <h4>Concerts<\/h4> -->\n\t<!-- <ul class=\"wpv-loop js-wpv-loop\"> -->\n\t\t \n\t\t\t<!-- <li> -->\n              <p class=\"info-concert\">ven. 8 juillet 2022 |  01:00  |  Sc\u00e8ne des arbres <p>\n          \t<!-- <\/li> -->\n\t\t\n\t<!-- <\/ul> -->\n\t\n\t\n\t\n<\/div>\n[\/vc_column_text][vc_column_text]<strong>Punk Hardcore<\/strong> (Suisse \/ FR)[\/vc_column_text][vc_column_text]<strong>\u00a0<\/strong>Fribourg, quand tu me pousses[\/vc_column_text][vc_column_text]<a href=\"https:\/\/www.festicheyres.ch\/groupe\/cage\/\">Voir le groupe&#8230;<\/a>[\/vc_column_text][\/vc_column][\/vc_row]<\/p>\n\n      <\/div>\n\t\n      <div class=\"groupe-loop\">\n\t\t\t<p>[vc_row first_background_color=\u00a0\u00bb#5e59ba\u00a0\u00bb second_background_color=\u00a0\u00bb#df5461&Prime; animation_in_type=\u00a0\u00bbtransition.slideRightBigIn\u00a0\u00bb animation_in_offset=\u00a0\u00bb100&Prime; animation_in_duration=\u00a0\u00bb300&Prime; animation_in_delay=\u00a0\u00bb0&Prime; el_class=\u00a0\u00bbgroupe-item\u00a0\u00bb][vc_column width=\u00a0\u00bb1\/4&Prime; el_class=\u00a0\u00bbgroupe-image\u00a0\u00bb][vc_column_text css_animation=\u00a0\u00bbfadeInDown\u00a0\u00bb css=\u00a0\u00bb.vc_custom_1574026613068{border-radius: 5px !important;}\u00a0\u00bb]<a href=\"\/?p=3293\"><img width=\"468\" height=\"468\" src=\"https:\/\/www.festicheyres.ch\/wp-content\/uploads\/2022\/05\/CEF1C0C0-BE62-4739-883B-45AA6A0E4BD7-6-468x468.jpg\" class=\"attachment-blog-thumb-2 size-blog-thumb-2 wp-post-image\" alt=\"\" loading=\"lazy\" srcset=\"https:\/\/www.festicheyres.ch\/wp-content\/uploads\/2022\/05\/CEF1C0C0-BE62-4739-883B-45AA6A0E4BD7-6-468x468.jpg 468w, https:\/\/www.festicheyres.ch\/wp-content\/uploads\/2022\/05\/CEF1C0C0-BE62-4739-883B-45AA6A0E4BD7-6-150x150.jpg 150w, https:\/\/www.festicheyres.ch\/wp-content\/uploads\/2022\/05\/CEF1C0C0-BE62-4739-883B-45AA6A0E4BD7-6-266x266.jpg 266w\" sizes=\"(max-width: 468px) 100vw, 468px\" \/><\/a>[\/vc_column_text][\/vc_column][vc_column width=\u00a0\u00bb3\/4&Prime; el_class=\u00a0\u00bbgroupe-infos\u00a0\u00bb][vc_column_text css=\u00a0\u00bb.vc_custom_1574115516333{border-top-width: 3px !important;border-right-width: 3px !important;border-bottom-width: 3px !important;border-left-width: 3px !important;background: #df5461 url(https:\/\/www.festicheyres.ch\/wp-content\/uploads\/2019\/02\/IMG_0946.jpg?id=1615) !important;background-position: center !important;background-repeat: no-repeat !important;background-size: cover !important;border-left-color: #000000 !important;border-left-style: solid !important;border-right-color: #000000 !important;border-right-style: solid !important;border-top-color: #000000 !important;border-top-style: solid !important;border-bottom-color: #000000 !important;border-bottom-style: solid !important;}\u00a0\u00bb]<\/p>\n<h2><a href=\"https:\/\/www.festicheyres.ch\/groupe\/white-dune\/\">White Dune<\/a><\/h2>\n<p>[\/vc_column_text][vc_column_text]\n\n\n<div id=\"wpv-view-layout-75-CPID3293\" class=\"js-wpv-view-layout js-wpv-layout-responsive js-wpv-view-layout-75-CPID3293\" data-viewnumber=\"75-CPID3293\" data-pagination=\"{&quot;id&quot;:&quot;75&quot;,&quot;query&quot;:&quot;normal&quot;,&quot;type&quot;:&quot;disabled&quot;,&quot;effect&quot;:&quot;fade&quot;,&quot;duration&quot;:500,&quot;speed&quot;:5,&quot;pause_on_hover&quot;:&quot;disabled&quot;,&quot;stop_rollover&quot;:&quot;false&quot;,&quot;cache_pages&quot;:&quot;enabled&quot;,&quot;preload_images&quot;:&quot;enabled&quot;,&quot;preload_pages&quot;:&quot;enabled&quot;,&quot;preload_reach&quot;:1,&quot;spinner&quot;:&quot;builtin&quot;,&quot;spinner_image&quot;:&quot;https:\/\/projet2020.festicheyres.ch\/wp-content\/plugins\/wp-views\/embedded\/res\/img\/ajax-loader.gif&quot;,&quot;callback_next&quot;:&quot;&quot;,&quot;manage_history&quot;:&quot;disabled&quot;,&quot;has_controls_in_form&quot;:&quot;disabled&quot;,&quot;infinite_tolerance&quot;:&quot;0&quot;,&quot;max_pages&quot;:0,&quot;page&quot;:1,&quot;base_permalink&quot;:&quot;\/wp-json\/wp\/v2\/pages\/2045?wpv_view_count=75-CPID3293&amp;wpv_paged=WPV_PAGE_NUM&quot;,&quot;loop&quot;:{&quot;type&quot;:&quot;&quot;,&quot;name&quot;:&quot;&quot;,&quot;data&quot;:&#091;&#093;,&quot;id&quot;:0}}\" data-permalink=\"\/wp-json\/wp\/v2\/pages\/2045?wpv_view_count=75-CPID3293\">\n\n\t\n\t\n\t<!-- <h4>Concerts<\/h4> -->\n\t<!-- <ul class=\"wpv-loop js-wpv-loop\"> -->\n\t\t \n\t\t\t<!-- <li> -->\n              <p class=\"info-concert\">sam. 9 juillet 2022 |  17:20  |  Grande Sc\u00e8ne <p>\n          \t<!-- <\/li> -->\n\t\t\n\t<!-- <\/ul> -->\n\t\n\t\n\t\n<\/div>\n[\/vc_column_text][vc_column_text]<strong>Funk<\/strong> (Suisse \/ FR)[\/vc_column_text][vc_column_text]<strong>\u00a0<\/strong>Funkafribourg[\/vc_column_text][vc_column_text]<a href=\"https:\/\/www.festicheyres.ch\/groupe\/white-dune\/\">Voir le groupe&#8230;<\/a>[\/vc_column_text][\/vc_column][\/vc_row]<\/p>\n\n      <\/div>\n\t\n      <div class=\"groupe-loop\">\n\t\t\t<p>[vc_row first_background_color=\u00a0\u00bb#5e59ba\u00a0\u00bb second_background_color=\u00a0\u00bb#df5461&Prime; animation_in_type=\u00a0\u00bbtransition.slideRightBigIn\u00a0\u00bb animation_in_offset=\u00a0\u00bb100&Prime; animation_in_duration=\u00a0\u00bb300&Prime; animation_in_delay=\u00a0\u00bb0&Prime; el_class=\u00a0\u00bbgroupe-item\u00a0\u00bb][vc_column width=\u00a0\u00bb1\/4&Prime; el_class=\u00a0\u00bbgroupe-image\u00a0\u00bb][vc_column_text css_animation=\u00a0\u00bbfadeInDown\u00a0\u00bb css=\u00a0\u00bb.vc_custom_1574026613068{border-radius: 5px !important;}\u00a0\u00bb]<a href=\"\/?p=3346\"><img width=\"468\" height=\"468\" src=\"https:\/\/www.festicheyres.ch\/wp-content\/uploads\/2022\/05\/IMG-20220512-WA0013-468x468.jpg\" class=\"attachment-blog-thumb-2 size-blog-thumb-2 wp-post-image\" alt=\"\" loading=\"lazy\" srcset=\"https:\/\/www.festicheyres.ch\/wp-content\/uploads\/2022\/05\/IMG-20220512-WA0013-468x468.jpg 468w, https:\/\/www.festicheyres.ch\/wp-content\/uploads\/2022\/05\/IMG-20220512-WA0013-150x150.jpg 150w, https:\/\/www.festicheyres.ch\/wp-content\/uploads\/2022\/05\/IMG-20220512-WA0013-266x266.jpg 266w, https:\/\/www.festicheyres.ch\/wp-content\/uploads\/2022\/05\/IMG-20220512-WA0013-220x220.jpg 220w\" sizes=\"(max-width: 468px) 100vw, 468px\" \/><\/a>[\/vc_column_text][\/vc_column][vc_column width=\u00a0\u00bb3\/4&Prime; el_class=\u00a0\u00bbgroupe-infos\u00a0\u00bb][vc_column_text css=\u00a0\u00bb.vc_custom_1574115516333{border-top-width: 3px !important;border-right-width: 3px !important;border-bottom-width: 3px !important;border-left-width: 3px !important;background: #df5461 url(https:\/\/www.festicheyres.ch\/wp-content\/uploads\/2019\/02\/IMG_0946.jpg?id=1615) !important;background-position: center !important;background-repeat: no-repeat !important;background-size: cover !important;border-left-color: #000000 !important;border-left-style: solid !important;border-right-color: #000000 !important;border-right-style: solid !important;border-top-color: #000000 !important;border-top-style: solid !important;border-bottom-color: #000000 !important;border-bottom-style: solid !important;}\u00a0\u00bb]<\/p>\n<h2><a href=\"https:\/\/www.festicheyres.ch\/groupe\/bonnie-cloud\/\">Bonnie &amp; Cloud<\/a><\/h2>\n<p>[\/vc_column_text][vc_column_text]\n\n\n<div id=\"wpv-view-layout-75-CPID3346\" class=\"js-wpv-view-layout js-wpv-layout-responsive js-wpv-view-layout-75-CPID3346\" data-viewnumber=\"75-CPID3346\" data-pagination=\"{&quot;id&quot;:&quot;75&quot;,&quot;query&quot;:&quot;normal&quot;,&quot;type&quot;:&quot;disabled&quot;,&quot;effect&quot;:&quot;fade&quot;,&quot;duration&quot;:500,&quot;speed&quot;:5,&quot;pause_on_hover&quot;:&quot;disabled&quot;,&quot;stop_rollover&quot;:&quot;false&quot;,&quot;cache_pages&quot;:&quot;enabled&quot;,&quot;preload_images&quot;:&quot;enabled&quot;,&quot;preload_pages&quot;:&quot;enabled&quot;,&quot;preload_reach&quot;:1,&quot;spinner&quot;:&quot;builtin&quot;,&quot;spinner_image&quot;:&quot;https:\/\/projet2020.festicheyres.ch\/wp-content\/plugins\/wp-views\/embedded\/res\/img\/ajax-loader.gif&quot;,&quot;callback_next&quot;:&quot;&quot;,&quot;manage_history&quot;:&quot;disabled&quot;,&quot;has_controls_in_form&quot;:&quot;disabled&quot;,&quot;infinite_tolerance&quot;:&quot;0&quot;,&quot;max_pages&quot;:0,&quot;page&quot;:1,&quot;base_permalink&quot;:&quot;\/wp-json\/wp\/v2\/pages\/2045?wpv_view_count=75-CPID3346&amp;wpv_paged=WPV_PAGE_NUM&quot;,&quot;loop&quot;:{&quot;type&quot;:&quot;&quot;,&quot;name&quot;:&quot;&quot;,&quot;data&quot;:&#091;&#093;,&quot;id&quot;:0}}\" data-permalink=\"\/wp-json\/wp\/v2\/pages\/2045?wpv_view_count=75-CPID3346\">\n\n\t\n\t\n\t<!-- <h4>Concerts<\/h4> -->\n\t<!-- <ul class=\"wpv-loop js-wpv-loop\"> -->\n\t\t \n\t\t\t<!-- <li> -->\n              <p class=\"info-concert\">dim. 10 juillet 2022 |  16:00  |  Sc\u00e8ne des arbres <p>\n          \t<!-- <\/li> -->\n\t\t\n\t<!-- <\/ul> -->\n\t\n\t\n\t\n<\/div>\n[\/vc_column_text][vc_column_text]<strong>Folk<\/strong> (Suisse \/ FR)[\/vc_column_text][vc_column_text]<strong>\u00a0<\/strong>\u00c0 chanter tous ensemble[\/vc_column_text][vc_column_text]<a href=\"https:\/\/www.festicheyres.ch\/groupe\/bonnie-cloud\/\">Voir le groupe&#8230;<\/a>[\/vc_column_text][\/vc_column][\/vc_row]<\/p>\n\n      <\/div>\n\t\n      <div class=\"groupe-loop\">\n\t\t\t<p>[vc_row first_background_color=\u00a0\u00bb#5e59ba\u00a0\u00bb second_background_color=\u00a0\u00bb#df5461&Prime; animation_in_type=\u00a0\u00bbtransition.slideRightBigIn\u00a0\u00bb animation_in_offset=\u00a0\u00bb100&Prime; animation_in_duration=\u00a0\u00bb300&Prime; animation_in_delay=\u00a0\u00bb0&Prime; el_class=\u00a0\u00bbgroupe-item\u00a0\u00bb][vc_column width=\u00a0\u00bb1\/4&Prime; el_class=\u00a0\u00bbgroupe-image\u00a0\u00bb][vc_column_text css_animation=\u00a0\u00bbfadeInDown\u00a0\u00bb css=\u00a0\u00bb.vc_custom_1574026613068{border-radius: 5px !important;}\u00a0\u00bb]<a href=\"\/?p=3327\"><img width=\"468\" height=\"468\" src=\"https:\/\/www.festicheyres.ch\/wp-content\/uploads\/2022\/05\/Paula_Pictures_4-468x468.jpg\" class=\"attachment-blog-thumb-2 size-blog-thumb-2 wp-post-image\" alt=\"\" loading=\"lazy\" srcset=\"https:\/\/www.festicheyres.ch\/wp-content\/uploads\/2022\/05\/Paula_Pictures_4-468x468.jpg 468w, https:\/\/www.festicheyres.ch\/wp-content\/uploads\/2022\/05\/Paula_Pictures_4-150x150.jpg 150w, https:\/\/www.festicheyres.ch\/wp-content\/uploads\/2022\/05\/Paula_Pictures_4-266x266.jpg 266w\" sizes=\"(max-width: 468px) 100vw, 468px\" \/><\/a>[\/vc_column_text][\/vc_column][vc_column width=\u00a0\u00bb3\/4&Prime; el_class=\u00a0\u00bbgroupe-infos\u00a0\u00bb][vc_column_text css=\u00a0\u00bb.vc_custom_1574115516333{border-top-width: 3px !important;border-right-width: 3px !important;border-bottom-width: 3px !important;border-left-width: 3px !important;background: #df5461 url(https:\/\/www.festicheyres.ch\/wp-content\/uploads\/2019\/02\/IMG_0946.jpg?id=1615) !important;background-position: center !important;background-repeat: no-repeat !important;background-size: cover !important;border-left-color: #000000 !important;border-left-style: solid !important;border-right-color: #000000 !important;border-right-style: solid !important;border-top-color: #000000 !important;border-top-style: solid !important;border-bottom-color: #000000 !important;border-bottom-style: solid !important;}\u00a0\u00bb]<\/p>\n<h2><a href=\"https:\/\/www.festicheyres.ch\/groupe\/paula-et-ses-droles-doiseaux\/\">Paula et ses dr\u00f4les d&rsquo;oiseaux<\/a><\/h2>\n<p>[\/vc_column_text][vc_column_text]\n\n\n<div id=\"wpv-view-layout-75-CPID3327\" class=\"js-wpv-view-layout js-wpv-layout-responsive js-wpv-view-layout-75-CPID3327\" data-viewnumber=\"75-CPID3327\" data-pagination=\"{&quot;id&quot;:&quot;75&quot;,&quot;query&quot;:&quot;normal&quot;,&quot;type&quot;:&quot;disabled&quot;,&quot;effect&quot;:&quot;fade&quot;,&quot;duration&quot;:500,&quot;speed&quot;:5,&quot;pause_on_hover&quot;:&quot;disabled&quot;,&quot;stop_rollover&quot;:&quot;false&quot;,&quot;cache_pages&quot;:&quot;enabled&quot;,&quot;preload_images&quot;:&quot;enabled&quot;,&quot;preload_pages&quot;:&quot;enabled&quot;,&quot;preload_reach&quot;:1,&quot;spinner&quot;:&quot;builtin&quot;,&quot;spinner_image&quot;:&quot;https:\/\/projet2020.festicheyres.ch\/wp-content\/plugins\/wp-views\/embedded\/res\/img\/ajax-loader.gif&quot;,&quot;callback_next&quot;:&quot;&quot;,&quot;manage_history&quot;:&quot;disabled&quot;,&quot;has_controls_in_form&quot;:&quot;disabled&quot;,&quot;infinite_tolerance&quot;:&quot;0&quot;,&quot;max_pages&quot;:0,&quot;page&quot;:1,&quot;base_permalink&quot;:&quot;\/wp-json\/wp\/v2\/pages\/2045?wpv_view_count=75-CPID3327&amp;wpv_paged=WPV_PAGE_NUM&quot;,&quot;loop&quot;:{&quot;type&quot;:&quot;&quot;,&quot;name&quot;:&quot;&quot;,&quot;data&quot;:&#091;&#093;,&quot;id&quot;:0}}\" data-permalink=\"\/wp-json\/wp\/v2\/pages\/2045?wpv_view_count=75-CPID3327\">\n\n\t\n\t\n\t<!-- <h4>Concerts<\/h4> -->\n\t<!-- <ul class=\"wpv-loop js-wpv-loop\"> -->\n\t\t \n\t\t\t<!-- <li> -->\n              <p class=\"info-concert\">dim. 10 juillet 2022 |  11:30  |  Sc\u00e8ne des arbres <p>\n          \t<!-- <\/li> -->\n\t\t\n\t<!-- <\/ul> -->\n\t\n\t\n\t\n<\/div>\n[\/vc_column_text][vc_column_text]<strong>Formule musicale magique<\/strong> (Suisse \/ FR)[\/vc_column_text][vc_column_text]<strong>\u00a0<\/strong>Les Buissonnets sur sc\u00e8ne[\/vc_column_text][vc_column_text]<a href=\"https:\/\/www.festicheyres.ch\/groupe\/paula-et-ses-droles-doiseaux\/\">Voir le groupe&#8230;<\/a>[\/vc_column_text][\/vc_column][\/vc_row]<\/p>\n\n      <\/div>\n\t\n      <div class=\"groupe-loop\">\n\t\t\t<p>[vc_row first_background_color=\u00a0\u00bb#5e59ba\u00a0\u00bb second_background_color=\u00a0\u00bb#df5461&Prime; animation_in_type=\u00a0\u00bbtransition.slideRightBigIn\u00a0\u00bb animation_in_offset=\u00a0\u00bb100&Prime; animation_in_duration=\u00a0\u00bb300&Prime; animation_in_delay=\u00a0\u00bb0&Prime; el_class=\u00a0\u00bbgroupe-item\u00a0\u00bb][vc_column width=\u00a0\u00bb1\/4&Prime; el_class=\u00a0\u00bbgroupe-image\u00a0\u00bb][vc_column_text css_animation=\u00a0\u00bbfadeInDown\u00a0\u00bb css=\u00a0\u00bb.vc_custom_1574026613068{border-radius: 5px !important;}\u00a0\u00bb]<a href=\"\/?p=3329\"><img width=\"468\" height=\"468\" src=\"https:\/\/www.festicheyres.ch\/wp-content\/uploads\/2022\/05\/Selection_Artistes_Dimanche_11.07.2021_Helene-Millasson_LnPixElle-Photography-4-468x468.jpg\" class=\"attachment-blog-thumb-2 size-blog-thumb-2 wp-post-image\" alt=\"\" loading=\"lazy\" srcset=\"https:\/\/www.festicheyres.ch\/wp-content\/uploads\/2022\/05\/Selection_Artistes_Dimanche_11.07.2021_Helene-Millasson_LnPixElle-Photography-4-468x468.jpg 468w, https:\/\/www.festicheyres.ch\/wp-content\/uploads\/2022\/05\/Selection_Artistes_Dimanche_11.07.2021_Helene-Millasson_LnPixElle-Photography-4-150x150.jpg 150w, https:\/\/www.festicheyres.ch\/wp-content\/uploads\/2022\/05\/Selection_Artistes_Dimanche_11.07.2021_Helene-Millasson_LnPixElle-Photography-4-266x266.jpg 266w\" sizes=\"(max-width: 468px) 100vw, 468px\" \/><\/a>[\/vc_column_text][\/vc_column][vc_column width=\u00a0\u00bb3\/4&Prime; el_class=\u00a0\u00bbgroupe-infos\u00a0\u00bb][vc_column_text css=\u00a0\u00bb.vc_custom_1574115516333{border-top-width: 3px !important;border-right-width: 3px !important;border-bottom-width: 3px !important;border-left-width: 3px !important;background: #df5461 url(https:\/\/www.festicheyres.ch\/wp-content\/uploads\/2019\/02\/IMG_0946.jpg?id=1615) !important;background-position: center !important;background-repeat: no-repeat !important;background-size: cover !important;border-left-color: #000000 !important;border-left-style: solid !important;border-right-color: #000000 !important;border-right-style: solid !important;border-top-color: #000000 !important;border-top-style: solid !important;border-bottom-color: #000000 !important;border-bottom-style: solid !important;}\u00a0\u00bb]<\/p>\n<h2><a href=\"https:\/\/www.festicheyres.ch\/groupe\/concert-des-eleves\/\">Concert des \u00e9l\u00e8ves<\/a><\/h2>\n<p>[\/vc_column_text][vc_column_text]\n\n\n<div id=\"wpv-view-layout-75-CPID3329\" class=\"js-wpv-view-layout js-wpv-layout-responsive js-wpv-view-layout-75-CPID3329\" data-viewnumber=\"75-CPID3329\" data-pagination=\"{&quot;id&quot;:&quot;75&quot;,&quot;query&quot;:&quot;normal&quot;,&quot;type&quot;:&quot;disabled&quot;,&quot;effect&quot;:&quot;fade&quot;,&quot;duration&quot;:500,&quot;speed&quot;:5,&quot;pause_on_hover&quot;:&quot;disabled&quot;,&quot;stop_rollover&quot;:&quot;false&quot;,&quot;cache_pages&quot;:&quot;enabled&quot;,&quot;preload_images&quot;:&quot;enabled&quot;,&quot;preload_pages&quot;:&quot;enabled&quot;,&quot;preload_reach&quot;:1,&quot;spinner&quot;:&quot;builtin&quot;,&quot;spinner_image&quot;:&quot;https:\/\/projet2020.festicheyres.ch\/wp-content\/plugins\/wp-views\/embedded\/res\/img\/ajax-loader.gif&quot;,&quot;callback_next&quot;:&quot;&quot;,&quot;manage_history&quot;:&quot;disabled&quot;,&quot;has_controls_in_form&quot;:&quot;disabled&quot;,&quot;infinite_tolerance&quot;:&quot;0&quot;,&quot;max_pages&quot;:0,&quot;page&quot;:1,&quot;base_permalink&quot;:&quot;\/wp-json\/wp\/v2\/pages\/2045?wpv_view_count=75-CPID3329&amp;wpv_paged=WPV_PAGE_NUM&quot;,&quot;loop&quot;:{&quot;type&quot;:&quot;&quot;,&quot;name&quot;:&quot;&quot;,&quot;data&quot;:&#091;&#093;,&quot;id&quot;:0}}\" data-permalink=\"\/wp-json\/wp\/v2\/pages\/2045?wpv_view_count=75-CPID3329\">\n\n\t\n\t\n\t<!-- <h4>Concerts<\/h4> -->\n\t<!-- <ul class=\"wpv-loop js-wpv-loop\"> -->\n\t\t \n\t\t\t<!-- <li> -->\n              <p class=\"info-concert\">dim. 10 juillet 2022 |  13:30  |  Sc\u00e8ne des arbres <p>\n          \t<!-- <\/li> -->\n\t\t\n\t<!-- <\/ul> -->\n\t\n\t\n\t\n<\/div>\n[\/vc_column_text][vc_column_text]<strong>Tout style<\/strong> (Suisse \/ FR)[\/vc_column_text][vc_column_text]<strong>\u00a0<\/strong>Une arm\u00e9e de talent[\/vc_column_text][vc_column_text]<a href=\"https:\/\/www.festicheyres.ch\/groupe\/concert-des-eleves\/\">Voir le groupe&#8230;<\/a>[\/vc_column_text][\/vc_column][\/vc_row]<\/p>\n\n      <\/div>\n\t\n      <div class=\"groupe-loop\">\n\t\t\t<p>[vc_row first_background_color=\u00a0\u00bb#5e59ba\u00a0\u00bb second_background_color=\u00a0\u00bb#df5461&Prime; animation_in_type=\u00a0\u00bbtransition.slideRightBigIn\u00a0\u00bb animation_in_offset=\u00a0\u00bb100&Prime; animation_in_duration=\u00a0\u00bb300&Prime; animation_in_delay=\u00a0\u00bb0&Prime; el_class=\u00a0\u00bbgroupe-item\u00a0\u00bb][vc_column width=\u00a0\u00bb1\/4&Prime; el_class=\u00a0\u00bbgroupe-image\u00a0\u00bb][vc_column_text css_animation=\u00a0\u00bbfadeInDown\u00a0\u00bb css=\u00a0\u00bb.vc_custom_1574026613068{border-radius: 5px !important;}\u00a0\u00bb]<a href=\"\/?p=3332\"><img width=\"468\" height=\"468\" src=\"https:\/\/www.festicheyres.ch\/wp-content\/uploads\/2022\/05\/Paleo-468x468.jpg\" class=\"attachment-blog-thumb-2 size-blog-thumb-2 wp-post-image\" alt=\"\" loading=\"lazy\" srcset=\"https:\/\/www.festicheyres.ch\/wp-content\/uploads\/2022\/05\/Paleo-468x468.jpg 468w, https:\/\/www.festicheyres.ch\/wp-content\/uploads\/2022\/05\/Paleo-150x150.jpg 150w, https:\/\/www.festicheyres.ch\/wp-content\/uploads\/2022\/05\/Paleo-266x266.jpg 266w\" sizes=\"(max-width: 468px) 100vw, 468px\" \/><\/a>[\/vc_column_text][\/vc_column][vc_column width=\u00a0\u00bb3\/4&Prime; el_class=\u00a0\u00bbgroupe-infos\u00a0\u00bb][vc_column_text css=\u00a0\u00bb.vc_custom_1574115516333{border-top-width: 3px !important;border-right-width: 3px !important;border-bottom-width: 3px !important;border-left-width: 3px !important;background: #df5461 url(https:\/\/www.festicheyres.ch\/wp-content\/uploads\/2019\/02\/IMG_0946.jpg?id=1615) !important;background-position: center !important;background-repeat: no-repeat !important;background-size: cover !important;border-left-color: #000000 !important;border-left-style: solid !important;border-right-color: #000000 !important;border-right-style: solid !important;border-top-color: #000000 !important;border-top-style: solid !important;border-bottom-color: #000000 !important;border-bottom-style: solid !important;}\u00a0\u00bb]<\/p>\n<h2><a href=\"https:\/\/www.festicheyres.ch\/groupe\/fbi\/\">FBI<\/a><\/h2>\n<p>[\/vc_column_text][vc_column_text]\n\n\n<div id=\"wpv-view-layout-75-CPID3332\" class=\"js-wpv-view-layout js-wpv-layout-responsive js-wpv-view-layout-75-CPID3332\" data-viewnumber=\"75-CPID3332\" data-pagination=\"{&quot;id&quot;:&quot;75&quot;,&quot;query&quot;:&quot;normal&quot;,&quot;type&quot;:&quot;disabled&quot;,&quot;effect&quot;:&quot;fade&quot;,&quot;duration&quot;:500,&quot;speed&quot;:5,&quot;pause_on_hover&quot;:&quot;disabled&quot;,&quot;stop_rollover&quot;:&quot;false&quot;,&quot;cache_pages&quot;:&quot;enabled&quot;,&quot;preload_images&quot;:&quot;enabled&quot;,&quot;preload_pages&quot;:&quot;enabled&quot;,&quot;preload_reach&quot;:1,&quot;spinner&quot;:&quot;builtin&quot;,&quot;spinner_image&quot;:&quot;https:\/\/projet2020.festicheyres.ch\/wp-content\/plugins\/wp-views\/embedded\/res\/img\/ajax-loader.gif&quot;,&quot;callback_next&quot;:&quot;&quot;,&quot;manage_history&quot;:&quot;disabled&quot;,&quot;has_controls_in_form&quot;:&quot;disabled&quot;,&quot;infinite_tolerance&quot;:&quot;0&quot;,&quot;max_pages&quot;:0,&quot;page&quot;:1,&quot;base_permalink&quot;:&quot;\/wp-json\/wp\/v2\/pages\/2045?wpv_view_count=75-CPID3332&amp;wpv_paged=WPV_PAGE_NUM&quot;,&quot;loop&quot;:{&quot;type&quot;:&quot;&quot;,&quot;name&quot;:&quot;&quot;,&quot;data&quot;:&#091;&#093;,&quot;id&quot;:0}}\" data-permalink=\"\/wp-json\/wp\/v2\/pages\/2045?wpv_view_count=75-CPID3332\">\n\n\t\n\t\n\t<!-- <h4>Concerts<\/h4> -->\n\t<!-- <ul class=\"wpv-loop js-wpv-loop\"> -->\n\t\t \n\t\t\t<!-- <li> -->\n              <p class=\"info-concert\">dim. 10 juillet 2022 |  17:10  |   <p>\n          \t<!-- <\/li> -->\n\t\t\n\t<!-- <\/ul> -->\n\t\n\t\n\t\n<\/div>\n[\/vc_column_text][vc_column_text]<strong>Fanfare<\/strong> (Suisse)[\/vc_column_text][vc_column_text]<strong>\u00a0<\/strong>Fromage, Ambiance et Schnaps[\/vc_column_text][vc_column_text]<a href=\"https:\/\/www.festicheyres.ch\/groupe\/fbi\/\">Voir le groupe&#8230;<\/a>[\/vc_column_text][\/vc_column][\/vc_row]<\/p>\n\n      <\/div>\n\t\n      <div class=\"groupe-loop\">\n\t\t\t<p>[vc_row first_background_color=\u00a0\u00bb#5e59ba\u00a0\u00bb second_background_color=\u00a0\u00bb#df5461&Prime; animation_in_type=\u00a0\u00bbtransition.slideRightBigIn\u00a0\u00bb animation_in_offset=\u00a0\u00bb100&Prime; animation_in_duration=\u00a0\u00bb300&Prime; animation_in_delay=\u00a0\u00bb0&Prime; el_class=\u00a0\u00bbgroupe-item\u00a0\u00bb][vc_column width=\u00a0\u00bb1\/4&Prime; el_class=\u00a0\u00bbgroupe-image\u00a0\u00bb][vc_column_text css_animation=\u00a0\u00bbfadeInDown\u00a0\u00bb css=\u00a0\u00bb.vc_custom_1574026613068{border-radius: 5px !important;}\u00a0\u00bb]<a href=\"\/?p=3285\"><img width=\"468\" height=\"468\" src=\"https:\/\/www.festicheyres.ch\/wp-content\/uploads\/2022\/05\/2021_01-468x468.jpg\" class=\"attachment-blog-thumb-2 size-blog-thumb-2 wp-post-image\" alt=\"\" loading=\"lazy\" srcset=\"https:\/\/www.festicheyres.ch\/wp-content\/uploads\/2022\/05\/2021_01-468x468.jpg 468w, https:\/\/www.festicheyres.ch\/wp-content\/uploads\/2022\/05\/2021_01-150x150.jpg 150w, https:\/\/www.festicheyres.ch\/wp-content\/uploads\/2022\/05\/2021_01-scaled-266x266.jpg 266w\" sizes=\"(max-width: 468px) 100vw, 468px\" \/><\/a>[\/vc_column_text][\/vc_column][vc_column width=\u00a0\u00bb3\/4&Prime; el_class=\u00a0\u00bbgroupe-infos\u00a0\u00bb][vc_column_text css=\u00a0\u00bb.vc_custom_1574115516333{border-top-width: 3px !important;border-right-width: 3px !important;border-bottom-width: 3px !important;border-left-width: 3px !important;background: #df5461 url(https:\/\/www.festicheyres.ch\/wp-content\/uploads\/2019\/02\/IMG_0946.jpg?id=1615) !important;background-position: center !important;background-repeat: no-repeat !important;background-size: cover !important;border-left-color: #000000 !important;border-left-style: solid !important;border-right-color: #000000 !important;border-right-style: solid !important;border-top-color: #000000 !important;border-top-style: solid !important;border-bottom-color: #000000 !important;border-bottom-style: solid !important;}\u00a0\u00bb]<\/p>\n<h2><a href=\"https:\/\/www.festicheyres.ch\/groupe\/limbiq\/\">Limbiq<\/a><\/h2>\n<p>[\/vc_column_text][vc_column_text]\n\n\n<div id=\"wpv-view-layout-75-CPID3285\" class=\"js-wpv-view-layout js-wpv-layout-responsive js-wpv-view-layout-75-CPID3285\" data-viewnumber=\"75-CPID3285\" data-pagination=\"{&quot;id&quot;:&quot;75&quot;,&quot;query&quot;:&quot;normal&quot;,&quot;type&quot;:&quot;disabled&quot;,&quot;effect&quot;:&quot;fade&quot;,&quot;duration&quot;:500,&quot;speed&quot;:5,&quot;pause_on_hover&quot;:&quot;disabled&quot;,&quot;stop_rollover&quot;:&quot;false&quot;,&quot;cache_pages&quot;:&quot;enabled&quot;,&quot;preload_images&quot;:&quot;enabled&quot;,&quot;preload_pages&quot;:&quot;enabled&quot;,&quot;preload_reach&quot;:1,&quot;spinner&quot;:&quot;builtin&quot;,&quot;spinner_image&quot;:&quot;https:\/\/projet2020.festicheyres.ch\/wp-content\/plugins\/wp-views\/embedded\/res\/img\/ajax-loader.gif&quot;,&quot;callback_next&quot;:&quot;&quot;,&quot;manage_history&quot;:&quot;disabled&quot;,&quot;has_controls_in_form&quot;:&quot;disabled&quot;,&quot;infinite_tolerance&quot;:&quot;0&quot;,&quot;max_pages&quot;:0,&quot;page&quot;:1,&quot;base_permalink&quot;:&quot;\/wp-json\/wp\/v2\/pages\/2045?wpv_view_count=75-CPID3285&amp;wpv_paged=WPV_PAGE_NUM&quot;,&quot;loop&quot;:{&quot;type&quot;:&quot;&quot;,&quot;name&quot;:&quot;&quot;,&quot;data&quot;:&#091;&#093;,&quot;id&quot;:0}}\" data-permalink=\"\/wp-json\/wp\/v2\/pages\/2045?wpv_view_count=75-CPID3285\">\n\n\t\n\t\n\t<!-- <h4>Concerts<\/h4> -->\n\t<!-- <ul class=\"wpv-loop js-wpv-loop\"> -->\n\t\t \n\t\t\t<!-- <li> -->\n              <p class=\"info-concert\">sam. 9 juillet 2022 |  16:20  |  Sc\u00e8ne des arbres <p>\n          \t<!-- <\/li> -->\n\t\t\n\t<!-- <\/ul> -->\n\t\n\t\n\t\n<\/div>\n[\/vc_column_text][vc_column_text]<strong>Indie-Electro-Pop<\/strong> (Suisse \/ FR)[\/vc_column_text][vc_column_text]<strong>\u00a0<\/strong>Une bulle de savon incassable[\/vc_column_text][vc_column_text]<a href=\"https:\/\/www.festicheyres.ch\/groupe\/limbiq\/\">Voir le groupe&#8230;<\/a>[\/vc_column_text][\/vc_column][\/vc_row]<\/p>\n\n      <\/div>\n\t\n      <div class=\"groupe-loop\">\n\t\t\t<p>[vc_row first_background_color=\u00a0\u00bb#5e59ba\u00a0\u00bb second_background_color=\u00a0\u00bb#df5461&Prime; animation_in_type=\u00a0\u00bbtransition.slideRightBigIn\u00a0\u00bb animation_in_offset=\u00a0\u00bb100&Prime; animation_in_duration=\u00a0\u00bb300&Prime; animation_in_delay=\u00a0\u00bb0&Prime; el_class=\u00a0\u00bbgroupe-item\u00a0\u00bb][vc_column width=\u00a0\u00bb1\/4&Prime; el_class=\u00a0\u00bbgroupe-image\u00a0\u00bb][vc_column_text css_animation=\u00a0\u00bbfadeInDown\u00a0\u00bb css=\u00a0\u00bb.vc_custom_1574026613068{border-radius: 5px !important;}\u00a0\u00bb]<a href=\"\/?p=3466\"><img width=\"468\" height=\"468\" src=\"https:\/\/www.festicheyres.ch\/wp-content\/uploads\/2022\/05\/La-Baraque-468x468.jpg\" class=\"attachment-blog-thumb-2 size-blog-thumb-2 wp-post-image\" alt=\"\" loading=\"lazy\" srcset=\"https:\/\/www.festicheyres.ch\/wp-content\/uploads\/2022\/05\/La-Baraque-468x468.jpg 468w, https:\/\/www.festicheyres.ch\/wp-content\/uploads\/2022\/05\/La-Baraque-150x150.jpg 150w, https:\/\/www.festicheyres.ch\/wp-content\/uploads\/2022\/05\/La-Baraque-266x266.jpg 266w, https:\/\/www.festicheyres.ch\/wp-content\/uploads\/2022\/05\/La-Baraque-220x220.jpg 220w\" sizes=\"(max-width: 468px) 100vw, 468px\" \/><\/a>[\/vc_column_text][\/vc_column][vc_column width=\u00a0\u00bb3\/4&Prime; el_class=\u00a0\u00bbgroupe-infos\u00a0\u00bb][vc_column_text css=\u00a0\u00bb.vc_custom_1574115516333{border-top-width: 3px !important;border-right-width: 3px !important;border-bottom-width: 3px !important;border-left-width: 3px !important;background: #df5461 url(https:\/\/www.festicheyres.ch\/wp-content\/uploads\/2019\/02\/IMG_0946.jpg?id=1615) !important;background-position: center !important;background-repeat: no-repeat !important;background-size: cover !important;border-left-color: #000000 !important;border-left-style: solid !important;border-right-color: #000000 !important;border-right-style: solid !important;border-top-color: #000000 !important;border-top-style: solid !important;border-bottom-color: #000000 !important;border-bottom-style: solid !important;}\u00a0\u00bb]<\/p>\n<h2><a href=\"https:\/\/www.festicheyres.ch\/groupe\/la-baraque\/\">La Baraque<\/a><\/h2>\n<p>[\/vc_column_text][vc_column_text]\n\n\n<div id=\"wpv-view-layout-75-CPID3466\" class=\"js-wpv-view-layout js-wpv-layout-responsive js-wpv-view-layout-75-CPID3466\" data-viewnumber=\"75-CPID3466\" data-pagination=\"{&quot;id&quot;:&quot;75&quot;,&quot;query&quot;:&quot;normal&quot;,&quot;type&quot;:&quot;disabled&quot;,&quot;effect&quot;:&quot;fade&quot;,&quot;duration&quot;:500,&quot;speed&quot;:5,&quot;pause_on_hover&quot;:&quot;disabled&quot;,&quot;stop_rollover&quot;:&quot;false&quot;,&quot;cache_pages&quot;:&quot;enabled&quot;,&quot;preload_images&quot;:&quot;enabled&quot;,&quot;preload_pages&quot;:&quot;enabled&quot;,&quot;preload_reach&quot;:1,&quot;spinner&quot;:&quot;builtin&quot;,&quot;spinner_image&quot;:&quot;https:\/\/projet2020.festicheyres.ch\/wp-content\/plugins\/wp-views\/embedded\/res\/img\/ajax-loader.gif&quot;,&quot;callback_next&quot;:&quot;&quot;,&quot;manage_history&quot;:&quot;disabled&quot;,&quot;has_controls_in_form&quot;:&quot;disabled&quot;,&quot;infinite_tolerance&quot;:&quot;0&quot;,&quot;max_pages&quot;:0,&quot;page&quot;:1,&quot;base_permalink&quot;:&quot;\/wp-json\/wp\/v2\/pages\/2045?wpv_view_count=75-CPID3466&amp;wpv_paged=WPV_PAGE_NUM&quot;,&quot;loop&quot;:{&quot;type&quot;:&quot;&quot;,&quot;name&quot;:&quot;&quot;,&quot;data&quot;:&#091;&#093;,&quot;id&quot;:0}}\" data-permalink=\"\/wp-json\/wp\/v2\/pages\/2045?wpv_view_count=75-CPID3466\">\n\n\t\n\t\n\t<!-- <h4>Concerts<\/h4> -->\n\t<!-- <ul class=\"wpv-loop js-wpv-loop\"> -->\n\t\t \n\t\t\t<!-- <li> -->\n              <p class=\"info-concert\">sam. 9 juillet 2022 |  14:00  |  Le Parterre <p>\n          \t<!-- <\/li> -->\n\t\t\n\t<!-- <\/ul> -->\n\t\n\t\n\t\n<\/div>\n[\/vc_column_text][vc_column_text]<strong>House Disco Funk<\/strong> (Suisse \/ FR)[\/vc_column_text][vc_column_text]<strong>\u00a0<\/strong>Un petit coup de vinyl vaut mieux qu'un coup de soleil[\/vc_column_text][vc_column_text]<a href=\"https:\/\/www.festicheyres.ch\/groupe\/la-baraque\/\">Voir le groupe&#8230;<\/a>[\/vc_column_text][\/vc_column][\/vc_row]<\/p>\n\n      <\/div>\n\t\n\t\n\t\n\t\n<\/div>\n[\/vc_column_text][\/vc_column][\/vc_row][vc_row disable_element=\u00a0\u00bbyes\u00a0\u00bb][vc_column][vc_column_text]<\/p>\n<h1>Les groupes<\/h1>\n<p>Vous trouverez ici dans les jours qui viennent les groupes du prochain festival, avec descriptifs, styles, photos et vid\u00e9os : tout le n\u00e9cessaire pour bien baver devant cette \u00e9dition !<\/p>\n<p>Le 15e de 2022 va tout d\u00e9chirer !<\/p>\n<p>A tr\u00e8s bient\u00f4t ![\/vc_column_text][\/vc_column][\/vc_row][vc_row disable_element=\u00a0\u00bbyes\u00a0\u00bb][vc_column][vc_single_image image=\u00a0\u00bb2667&Prime; img_size=\u00a0\u00bblarge\u00a0\u00bb alignment=\u00a0\u00bbcenter\u00a0\u00bb][vc_single_image image=\u00a0\u00bb2668&Prime; img_size=\u00a0\u00bblarge\u00a0\u00bb alignment=\u00a0\u00bbcenter\u00a0\u00bb][\/vc_column][\/vc_row]<\/p>\n","protected":false},"excerpt":{"rendered":"<p>[vc_row][vc_column][vc_column_text] Les groupes [\/vc_column_text][vc_column_text][\/vc_column_text][\/vc_column][\/vc_row][vc_row disable_element=\u00a0\u00bbyes\u00a0\u00bb][vc_column][vc_column_text] Les groupes Vous trouverez ici dans les jours qui viennent les groupes du prochain festival, avec descriptifs, styles, photos et vid\u00e9os : tout le n\u00e9cessaire pour bien baver devant cette \u00e9dition ! Le 15e de 2022 va tout d\u00e9chirer ! A tr\u00e8s bient\u00f4t ![\/vc_column_text][\/vc_column][\/vc_row][vc_row disable_element=\u00a0\u00bbyes\u00a0\u00bb][vc_column][vc_single_image image=\u00a0\u00bb2667&Prime; img_size=\u00a0\u00bblarge\u00a0\u00bb alignment=\u00a0\u00bbcenter\u00a0\u00bb][vc_single_image image=\u00a0\u00bb2668&Prime; img_size=\u00a0\u00bblarge\u00a0\u00bb<\/p>\n","protected":false},"author":1,"featured_media":0,"parent":91,"menu_order":2,"comment_status":"closed","ping_status":"closed","template":"","meta":[],"_links":{"self":[{"href":"https:\/\/www.festicheyres.ch\/wp-json\/wp\/v2\/pages\/2045"}],"collection":[{"href":"https:\/\/www.festicheyres.ch\/wp-json\/wp\/v2\/pages"}],"about":[{"href":"https:\/\/www.festicheyres.ch\/wp-json\/wp\/v2\/types\/page"}],"author":[{"embeddable":true,"href":"https:\/\/www.festicheyres.ch\/wp-json\/wp\/v2\/users\/1"}],"replies":[{"embeddable":true,"href":"https:\/\/www.festicheyres.ch\/wp-json\/wp\/v2\/comments?post=2045"}],"version-history":[{"count":28,"href":"https:\/\/www.festicheyres.ch\/wp-json\/wp\/v2\/pages\/2045\/revisions"}],"predecessor-version":[{"id":3513,"href":"https:\/\/www.festicheyres.ch\/wp-json\/wp\/v2\/pages\/2045\/revisions\/3513"}],"up":[{"embeddable":true,"href":"https:\/\/www.festicheyres.ch\/wp-json\/wp\/v2\/pages\/91"}],"wp:attachment":[{"href":"https:\/\/www.festicheyres.ch\/wp-json\/wp\/v2\/media?parent=2045"}],"curies":[{"name":"wp","href":"https:\/\/api.w.org\/{rel}","templated":true}]}}