{"id":1998,"date":"2019-11-15T10:33:55","date_gmt":"2019-11-15T09:33:55","guid":{"rendered":"https:\/\/www.festicheyres.ch\/?page_id=1998"},"modified":"2022-05-19T21:42:33","modified_gmt":"2022-05-19T19:42:33","slug":"plan_acces","status":"publish","type":"page","link":"https:\/\/www.festicheyres.ch\/pratique\/plan_acces\/","title":{"rendered":"Plan d&rsquo;acc\u00e8s &amp; transports"},"content":{"rendered":"<p>[vc_row css_animation=\u00a0\u00bbnone\u00a0\u00bb][vc_column][vc_column_text]<\/p>\n<h1>Acc\u00e8s<\/h1>\n<p>[\/vc_column_text][vc_row_inner][vc_column_inner width=\u00a0\u00bb1\/2&Prime;][vc_column_text css_animation=\u00a0\u00bbslideInUp\u00a0\u00bb]<\/p>\n<div id=\"center\">\n<div id=\"content\">\n<div>\n<h2>Venir<\/h2>\n<h3>\u00c0 pied ou \u00e0 v\u00e9lo<\/h3>\n<p>Sentier lacustre Yverdon-les-Bains &#8211; Estavayer<br \/>\nSi vous n\u2019habitez pas loin, profitez de sortir vos becanes et entra\u00eenez vos mollets !<\/p>\n<\/div>\n<\/div>\n<\/div>\n<p>[\/vc_column_text][vc_separator style=\u00a0\u00bbshadow\u00a0\u00bb border_width=\u00a0\u00bb2&Prime; el_width=\u00a0\u00bb70&Prime; css_animation=\u00a0\u00bbfadeInUp\u00a0\u00bb][vc_column_text css_animation=\u00a0\u00bbfadeInUp\u00a0\u00bb]<\/p>\n<h3>Par le rail<\/h3>\n<p>Ligne Yverdon-Payerne-Fribourg-Romont<br \/>\nSite du festival \u00e0 200 m de la gare<\/p>\n<p><a href=\"http:\/\/www.cff.ch\" target=\"_blank\" rel=\"noopener noreferrer\"><img loading=\"lazy\" class=\"alignnone size-full wp-image-2760\" src=\"https:\/\/www.festicheyres.ch\/wp-content\/uploads\/2020\/04\/cff.png\" alt=\"\" width=\"162\" height=\"17\" srcset=\"https:\/\/www.festicheyres.ch\/wp-content\/uploads\/2020\/04\/cff.png 162w, https:\/\/www.festicheyres.ch\/wp-content\/uploads\/2020\/04\/cff-150x17.png 150w\" sizes=\"(max-width: 162px) 100vw, 162px\" \/><\/a>[\/vc_column_text][\/vc_column_inner][vc_column_inner width=\u00a0\u00bb1\/2&Prime;][vc_column_text css_animation=\u00a0\u00bbfadeInUp\u00a0\u00bb]<\/p>\n<h2><\/h2>\n<h2>Cartes<\/h2>\n<p>[\/vc_column_text][vc_gmaps link=\u00a0\u00bb#E-8_JTNDaWZyYW1lJTIwc3JjJTNEJTIyaHR0cHMlM0ElMkYlMkZ3d3cuZ29vZ2xlLmNvbSUyRm1hcHMlMkZlbWJlZCUzRnBiJTNEJTIxMW0xNCUyMTFtOCUyMTFtMyUyMTFkMzQ5MzU5LjM0ODYyNzAwMzY3JTIxMmQ2LjUwNDA2NzUxMDU1MTg1MTUlMjEzZDQ2LjgzNjQwNzUzNzAyMDYwNSUyMTNtMiUyMTFpMTAyNCUyMTJpNzY4JTIxNGYxMy4xJTIxM20zJTIxMW0yJTIxMXMweDQ3OGRkOTgwM2NjZDk3NjclMjUzQTB4ZGQxNGVhN2VlOTE1MTg3NSUyMTJzRmVzdGklMjYlMjMzOSUzQkNoZXlyZXMlMjE1ZTAlMjEzbTIlMjExc2VuJTIxMnNjaCUyMTR2MTU4MjA1NzY3MDQ3MiUyMTVtMiUyMTFzZW4lMjEyc2NoJTIyJTIwd2lkdGglM0QlMjI2MDAlMjIlMjBoZWlnaHQlM0QlMjI0MDAlMjIlMjBmcmFtZWJvcmRlciUzRCUyMjAlMjIlMjBzdHlsZSUzRCUyMmJvcmRlciUzQTAlM0IlMjIlMjBhbGxvd2Z1bGxzY3JlZW4lM0QlMjIlMjIlM0UlM0MlMkZpZnJhbWUlM0U=\u00a0\u00bb css_animation=\u00a0\u00bbfadeInUp\u00a0\u00bb][\/vc_column_inner][\/vc_row_inner][vc_row_inner][vc_column_inner width=\u00a0\u00bb1\/2&Prime;][vc_separator style=\u00a0\u00bbshadow\u00a0\u00bb border_width=\u00a0\u00bb2&Prime; el_width=\u00a0\u00bb70&Prime;][vc_column_text css_animation=\u00a0\u00bbslideInLeft\u00a0\u00bb]<\/p>\n<h3>En navette pour Cheyres-Ch\u00e2bles-Quartier en Crevel<\/h3>\n<p>Bus circulant entre Ch\u00e2bles et Cheyres (plage), jusqu&rsquo;au quartier En Crevel!<\/p>\n<p><strong>Le jeudi et le vendredi de 19h30 \u00e0 02h50 et le samedi de 17h30 \u00e0 02h50<\/strong><\/p>\n<ul>\n<li>Arriv\u00e9e et d\u00e9part de Ch\u00e2bles toutes les 30 minutes, \u00e0 l&rsquo;heure pile et \u00e0 la demi: 17h00, 17h30, 18h00, 18h30, etc.<\/li>\n<li>Arriv\u00e9e et d\u00e9part plage de Cheyres \u00e0 10 et 40 de chaque heure: 17h10, 17h40, 18h10, 18h40, etc.<\/li>\n<li>Arriv\u00e9e et d\u00e9part En Crevel (Terrain de foot) \u00e0 15 et 45: 17h15, 17h45,18h15,18h45, etc.<\/li>\n<\/ul>\n<p>Avec le soutien de la commune de Cheyres-Ch\u00e2bles<\/p>\n<h3>Car pour Fribourg via Granges-Marnand<\/h3>\n<p>Un car quitte Cheyres \u00e0 3h00 le vendredi et le samedi pour ramener nos festivaliers \u00e0 Fribourg via Granges-Marnand et Payerne. Si nous avons assez d&rsquo;inscriptions, nous l&rsquo;organiserons peut-\u00eatre le jeudi soir.<\/p>\n<p>Inscris-toi pour assurer ta place <a href=\"https:\/\/docs.google.com\/forms\/d\/e\/1FAIpQLScNLIM6g-rqVMRHZmudrmWzQfWdlikXT5R9FnVPKiK5Q0L_TA\/viewform\" target=\"_blank\" rel=\"noopener\">sur ce formulaire<\/a>\u00a0![\/vc_column_text][vc_separator style=\u00a0\u00bbshadow\u00a0\u00bb border_width=\u00a0\u00bb2&Prime; el_width=\u00a0\u00bb70&Prime;][vc_column_text css_animation=\u00a0\u00bbslideInLeft\u00a0\u00bb]<\/p>\n<h3>Par b\u00e2teau<\/h3>\n<p>Port intercommunal de Cheyres-Ch\u00e2bles<br \/>\n10 places visiteurs, acc\u00e8s direct au site du festival[\/vc_column_text][vc_separator style=\u00a0\u00bbshadow\u00a0\u00bb border_width=\u00a0\u00bb2&Prime; el_width=\u00a0\u00bb70&Prime;][vc_column_text css_animation=\u00a0\u00bbslideInLeft\u00a0\u00bb]<\/p>\n<h3>Par la route<\/h3>\n<p>De Gen\u00e8ve, Sion, Neuch\u00e2tel, Toulouse&#8230;<br \/>\nSortie no 25 Yverdon Sud, puis suivre Payerne<\/p>\n<p>De Payerne, Morat, Berne, Zurich, Berlin&#8230;<br \/>\nSortie 26 Estavayer-le-Lac, puis suivre Yverdon<\/p>\n<p><strong>Parking du festival<\/strong><br \/>\nParking payant : 5.-<br \/>\nMerci de faire votre possible pour grouper les voitures, pensez au co-voiturage ! Frimobility &amp; e-covoiturage.ch<\/p>\n<p><a href=\"https:\/\/www.mobility.ch\/fr\/\" target=\"_blank\" rel=\"noopener noreferrer\"><img loading=\"lazy\" class=\"alignnone wp-image-2762\" src=\"https:\/\/www.festicheyres.ch\/wp-content\/uploads\/2020\/04\/logo_mobility_fr-1024x310.jpg\" alt=\"\" width=\"211\" height=\"64\" srcset=\"https:\/\/www.festicheyres.ch\/wp-content\/uploads\/2020\/04\/logo_mobility_fr-1024x310.jpg 1024w, https:\/\/www.festicheyres.ch\/wp-content\/uploads\/2020\/04\/logo_mobility_fr-300x91.jpg 300w, https:\/\/www.festicheyres.ch\/wp-content\/uploads\/2020\/04\/logo_mobility_fr-768x232.jpg 768w, https:\/\/www.festicheyres.ch\/wp-content\/uploads\/2020\/04\/logo_mobility_fr-1116x338.jpg 1116w, https:\/\/www.festicheyres.ch\/wp-content\/uploads\/2020\/04\/logo_mobility_fr-806x244.jpg 806w, https:\/\/www.festicheyres.ch\/wp-content\/uploads\/2020\/04\/logo_mobility_fr-558x169.jpg 558w, https:\/\/www.festicheyres.ch\/wp-content\/uploads\/2020\/04\/logo_mobility_fr-655x198.jpg 655w, https:\/\/www.festicheyres.ch\/wp-content\/uploads\/2020\/04\/logo_mobility_fr.jpg 1259w\" sizes=\"(max-width: 211px) 100vw, 211px\" \/><\/a><a href=\"http:\/\/www.e-covoiturage.ch\/\" target=\"_blank\" rel=\"noopener noreferrer\"> \u00a0 <img loading=\"lazy\" class=\"alignnone size-full wp-image-2761\" src=\"https:\/\/www.festicheyres.ch\/wp-content\/uploads\/2020\/04\/logo_ecovoiturage_fr.jpg\" alt=\"\" width=\"298\" height=\"51\" \/><\/a>[\/vc_column_text][\/vc_column_inner][vc_column_inner width=\u00a0\u00bb1\/2&Prime;][vc_separator style=\u00a0\u00bbshadow\u00a0\u00bb border_width=\u00a0\u00bb2&Prime; el_width=\u00a0\u00bb70&Prime; css_animation=\u00a0\u00bbnone\u00a0\u00bb][vc_single_image image=\u00a0\u00bb2225&Prime; img_size=\u00a0\u00bblarge\u00a0\u00bb css_animation=\u00a0\u00bbslideInRight\u00a0\u00bb][\/vc_column_inner][\/vc_row_inner][vc_row_inner disable_element=\u00a0\u00bbyes\u00a0\u00bb][vc_column_inner width=\u00a0\u00bb1\/2&Prime;][vc_separator style=\u00a0\u00bbshadow\u00a0\u00bb border_width=\u00a0\u00bb2&Prime; el_width=\u00a0\u00bb70&Prime;][vc_column_text css_animation=\u00a0\u00bbslideInLeft\u00a0\u00bb]<\/p>\n<h3>En navette<\/h3>\n<p>Bus de 30 places !<\/p>\n<p>En compl\u00e9ment \u00e0 l\u2019offre des bus TPF,<br \/>\nle vendredi de 19h30 \u00e0 02h50 et le samedi de 17h30 \u00e0 02h50<\/p>\n<p>Toutes les 00 et 30 \u00e0 Font village<br \/>\nToutes les 05 et 35 \u00e0 Ch\u00e2bles \u00e9cole<br \/>\nToutes les 20 et 50 \u00e0 Cheyres<\/p>\n<p>Avec le soutien de la commune de Cheyres-Ch\u00e2bles[\/vc_column_text][vc_separator style=\u00a0\u00bbshadow\u00a0\u00bb border_width=\u00a0\u00bb2&Prime; el_width=\u00a0\u00bb70&Prime;][vc_column_text css_animation=\u00a0\u00bbslideInLeft\u00a0\u00bb]<\/p>\n<h2>Rentrer<\/h2>\n<p>Un bus et un service de rapatriement avec ta voiture sont organis\u00e9s.<br \/>\n<a href=\"https:\/\/www.festicheyres.ch\/2019\/pratique\/rentrer\">Plus d&rsquo;info et inscription&#8230;<\/a>[\/vc_column_text][vc_separator style=\u00a0\u00bbshadow\u00a0\u00bb border_width=\u00a0\u00bb2&Prime; el_width=\u00a0\u00bb70&Prime;][vc_column_text css_animation=\u00a0\u00bbslideInLeft\u00a0\u00bb]<\/p>\n<h3>Par b\u00e2teau<\/h3>\n<p>Port intercommunal de Cheyres-Ch\u00e2bles<br \/>\n10 places visiteurs, acc\u00e8s direct au site du festival[\/vc_column_text][vc_separator style=\u00a0\u00bbshadow\u00a0\u00bb border_width=\u00a0\u00bb2&Prime; el_width=\u00a0\u00bb70&Prime;][vc_column_text css_animation=\u00a0\u00bbslideInLeft\u00a0\u00bb]<\/p>\n<h3>Par la route<\/h3>\n<p>De Gen\u00e8ve, Sion, Neuch\u00e2tel, Toulouse&#8230;<br \/>\nSortie no 25 Yverdon Sud, puis suivre Payerne<\/p>\n<p>De Payerne, Morat, Berne, Zurich, Berlin&#8230;<br \/>\nSortie 26 Estavayer-le-Lac, puis suivre Yverdon<\/p>\n<p><strong>Parking du festival<\/strong><br \/>\nParking payant vendredi et samedi : 5.-<br \/>\nMerci de faire votre possible pour grouper les voitures, pensez au co-voiturage !<\/p>\n<p><a href=\"https:\/\/www.mobility.ch\/fr\/\" target=\"_blank\" rel=\"noopener noreferrer\"><img loading=\"lazy\" class=\"alignnone wp-image-2762\" src=\"https:\/\/www.festicheyres.ch\/wp-content\/uploads\/2020\/04\/logo_mobility_fr-1024x310.jpg\" alt=\"\" width=\"211\" height=\"64\" srcset=\"https:\/\/www.festicheyres.ch\/wp-content\/uploads\/2020\/04\/logo_mobility_fr-1024x310.jpg 1024w, https:\/\/www.festicheyres.ch\/wp-content\/uploads\/2020\/04\/logo_mobility_fr-300x91.jpg 300w, https:\/\/www.festicheyres.ch\/wp-content\/uploads\/2020\/04\/logo_mobility_fr-768x232.jpg 768w, https:\/\/www.festicheyres.ch\/wp-content\/uploads\/2020\/04\/logo_mobility_fr-1116x338.jpg 1116w, https:\/\/www.festicheyres.ch\/wp-content\/uploads\/2020\/04\/logo_mobility_fr-806x244.jpg 806w, https:\/\/www.festicheyres.ch\/wp-content\/uploads\/2020\/04\/logo_mobility_fr-558x169.jpg 558w, https:\/\/www.festicheyres.ch\/wp-content\/uploads\/2020\/04\/logo_mobility_fr-655x198.jpg 655w, https:\/\/www.festicheyres.ch\/wp-content\/uploads\/2020\/04\/logo_mobility_fr.jpg 1259w\" sizes=\"(max-width: 211px) 100vw, 211px\" \/><\/a><a href=\"http:\/\/www.e-covoiturage.ch\/\" target=\"_blank\" rel=\"noopener noreferrer\"> \u00a0 <img loading=\"lazy\" class=\"alignnone size-full wp-image-2761\" src=\"https:\/\/www.festicheyres.ch\/wp-content\/uploads\/2020\/04\/logo_ecovoiturage_fr.jpg\" alt=\"\" width=\"298\" height=\"51\" \/><\/a>[\/vc_column_text][\/vc_column_inner][vc_column_inner width=\u00a0\u00bb1\/2&Prime;][vc_separator style=\u00a0\u00bbshadow\u00a0\u00bb border_width=\u00a0\u00bb2&Prime; el_width=\u00a0\u00bb70&Prime; css_animation=\u00a0\u00bbnone\u00a0\u00bb][vc_single_image image=\u00a0\u00bb2225&Prime; img_size=\u00a0\u00bblarge\u00a0\u00bb css_animation=\u00a0\u00bbslideInRight\u00a0\u00bb][\/vc_column_inner][\/vc_row_inner][\/vc_column][vc_column width=\u00a0\u00bb1\/2&Prime;]<div data-id=\"mpc_divider-162d3250a3cb2b\" class=\"mpc-divider-wrap\"><div class=\"mpc-divider mpc-init mpc-align--center mpc-disable--left \" ><div class=\"mpc-divider__line mpc-side--left\"><span><\/span><\/div><div class=\"mpc-divider__line mpc-side--right\"><span><\/span><\/div><\/div><\/div>[\/vc_column][\/vc_row]<\/p>\n","protected":false},"excerpt":{"rendered":"<p>[vc_row css_animation=\u00a0\u00bbnone\u00a0\u00bb][vc_column][vc_column_text] Acc\u00e8s [\/vc_column_text][vc_row_inner][vc_column_inner width=\u00a0\u00bb1\/2&Prime;][vc_column_text css_animation=\u00a0\u00bbslideInUp\u00a0\u00bb] Venir \u00c0 pied ou \u00e0 v\u00e9lo Sentier lacustre Yverdon-les-Bains &#8211; Estavayer Si vous n\u2019habitez pas loin, profitez de sortir vos becanes et entra\u00eenez vos mollets ! [\/vc_column_text][vc_separator style=\u00a0\u00bbshadow\u00a0\u00bb border_width=\u00a0\u00bb2&Prime; el_width=\u00a0\u00bb70&Prime; css_animation=\u00a0\u00bbfadeInUp\u00a0\u00bb][vc_column_text css_animation=\u00a0\u00bbfadeInUp\u00a0\u00bb] Par le rail Ligne Yverdon-Payerne-Fribourg-Romont Site du festival \u00e0 200 m de la gare [\/vc_column_text][\/vc_column_inner][vc_column_inner width=\u00a0\u00bb1\/2&Prime;][vc_column_text css_animation=\u00a0\u00bbfadeInUp\u00a0\u00bb]<\/p>\n","protected":false},"author":5,"featured_media":0,"parent":2001,"menu_order":1,"comment_status":"closed","ping_status":"closed","template":"","meta":[],"_links":{"self":[{"href":"https:\/\/www.festicheyres.ch\/wp-json\/wp\/v2\/pages\/1998"}],"collection":[{"href":"https:\/\/www.festicheyres.ch\/wp-json\/wp\/v2\/pages"}],"about":[{"href":"https:\/\/www.festicheyres.ch\/wp-json\/wp\/v2\/types\/page"}],"author":[{"embeddable":true,"href":"https:\/\/www.festicheyres.ch\/wp-json\/wp\/v2\/users\/5"}],"replies":[{"embeddable":true,"href":"https:\/\/www.festicheyres.ch\/wp-json\/wp\/v2\/comments?post=1998"}],"version-history":[{"count":34,"href":"https:\/\/www.festicheyres.ch\/wp-json\/wp\/v2\/pages\/1998\/revisions"}],"predecessor-version":[{"id":3614,"href":"https:\/\/www.festicheyres.ch\/wp-json\/wp\/v2\/pages\/1998\/revisions\/3614"}],"up":[{"embeddable":true,"href":"https:\/\/www.festicheyres.ch\/wp-json\/wp\/v2\/pages\/2001"}],"wp:attachment":[{"href":"https:\/\/www.festicheyres.ch\/wp-json\/wp\/v2\/media?parent=1998"}],"curies":[{"name":"wp","href":"https:\/\/api.w.org\/{rel}","templated":true}]}}