{"id":1509,"date":"2019-02-11T10:25:27","date_gmt":"2019-02-11T09:25:27","guid":{"rendered":"https:\/\/www.festicheyres.ch\/?page_id=1509"},"modified":"2022-06-22T21:02:33","modified_gmt":"2022-06-22T19:02:33","slug":"medias","status":"publish","type":"page","link":"https:\/\/www.festicheyres.ch\/partenaires\/medias\/","title":{"rendered":"M\u00e9dias"},"content":{"rendered":"<p>[vc_row][vc_column][vc_column_text css_animation=\u00a0\u00bbfadeInUp\u00a0\u00bb]<\/p>\n<h1>Espace presse et m\u00e9dias<\/h1>\n<p>[\/vc_column_text][\/vc_column][\/vc_row][vc_row][vc_column][vc_column_text css_animation=\u00a0\u00bbfadeInRight\u00a0\u00bb]<\/p>\n<div class=\"wpb_column vc_column_container vc_col-sm-6 mpc-column\" data-column-id=\"mpc_column-265e83b3624f9f4\">\n<div class=\"vc_column-inner\">\n<div class=\"wpb_wrapper\">\n<div class=\"wpb_text_column wpb_content_element post-formatting \">\n<div class=\"wpb_wrapper\">\n<h2>Votre contact<\/h2>\n<p><strong>Laetitia Brodard<\/strong><br \/>\nPr\u00e9sidente de Festi&rsquo;Cheyres<br \/>\n079 723 46 86<br \/>\n<a class=\"\" href=\"mailto:presse@festicheyres.ch\">presse@festicheyres.ch<\/a><\/div>\n<\/div>\n<\/div>\n<\/div>\n<\/div>\n<p>[\/vc_column_text][\/vc_column][\/vc_row][vc_row][vc_column width=\u00a0\u00bb1\/2&Prime;][vc_column_text]<\/p>\n<h2 style=\"text-align: center;\">Communiqu\u00e9 de presse<\/h2>\n<p>[\/vc_column_text][vc_single_image image=\u00a0\u00bb3774&Prime; img_size=\u00a0\u00bb300x500px\u00a0\u00bb alignment=\u00a0\u00bbcenter\u00a0\u00bb onclick=\u00a0\u00bbcustom_link\u00a0\u00bb img_link_target=\u00a0\u00bb_blank\u00a0\u00bb css_animation=\u00a0\u00bbfadeInLeft\u00a0\u00bb retina_image=\u00a0\u00bbyes\u00a0\u00bb link=\u00a0\u00bbhttps:\/\/www.festicheyres.ch\/wp-content\/uploads\/2022\/05\/FESTICHEYRES-2022_communique_programme-1.pdf\u00a0\u00bb css=\u00a0\u00bb.vc_custom_1655924515682{border-top-width: 1px !important;border-right-width: 1px !important;border-bottom-width: 1px !important;border-left-width: 1px !important;border-left-color: #d6d6d6 !important;border-left-style: solid !important;border-right-color: #d6d6d6 !important;border-right-style: solid !important;border-top-color: #d6d6d6 !important;border-top-style: solid !important;border-bottom-color: #d6d6d6 !important;border-bottom-style: solid !important;}\u00a0\u00bb][\/vc_column][vc_column width=\u00a0\u00bb1\/2&Prime;][vc_column_text]<\/p>\n<h2 style=\"text-align: center;\">Dossier de presse<\/h2>\n<p>[\/vc_column_text][vc_single_image image=\u00a0\u00bb3775&Prime; img_size=\u00a0\u00bb300x500px\u00a0\u00bb alignment=\u00a0\u00bbcenter\u00a0\u00bb onclick=\u00a0\u00bbcustom_link\u00a0\u00bb img_link_target=\u00a0\u00bb_blank\u00a0\u00bb css_animation=\u00a0\u00bbfadeInLeft\u00a0\u00bb retina_image=\u00a0\u00bbyes\u00a0\u00bb link=\u00a0\u00bbhttps:\/\/www.festicheyres.ch\/wp-content\/uploads\/2022\/05\/FESTICHEYRES-2022_dossier-de-presse-1.pdf\u00a0\u00bb css=\u00a0\u00bb.vc_custom_1655924549411{border-top-width: 1px !important;border-right-width: 1px !important;border-bottom-width: 1px !important;border-left-width: 1px !important;border-left-color: #d6d6d6 !important;border-left-style: solid !important;border-right-color: #d6d6d6 !important;border-right-style: solid !important;border-top-color: #d6d6d6 !important;border-top-style: solid !important;border-bottom-color: #d6d6d6 !important;border-bottom-style: solid !important;}\u00a0\u00bb][\/vc_column][\/vc_row][vc_row][vc_column][vc_separator style=\u00a0\u00bbshadow\u00a0\u00bb border_width=\u00a0\u00bb2&Prime; el_width=\u00a0\u00bb70&Prime; css_animation=\u00a0\u00bbfadeInUp\u00a0\u00bb][\/vc_column][\/vc_row][vc_row][vc_column][vc_column_text css_animation=\u00a0\u00bbnone\u00a0\u00bb]<\/p>\n<h2>Images HD<\/h2>\n<p><style id=\"bwg-style-0\">      #bwg_container1_0 #bwg_container2_0 .bwg_masonry_thumb_0 {        text-align: center;        display: inline-block;        vertical-align: middle;      \t       \t width: 100%;      \t        margin: 0;        opacity: 1.00;      }\t\t\t\t\t\t      #bwg_container1_0 #bwg_container2_0 .bwg-container-0.bwg-masonry-thumbnails .bwg-item,      #bwg_container1_0 #bwg_container2_0 .bwg-container-temp0.bwg-masonry-thumbnails .bwg-item {        padding: calc(4px \/ 2);\t\t\t\t      }      #bwg_container1_0 #bwg_container2_0 .bwg-container-0.bwg-masonry-thumbnails .bwg-item0 {      \t        background-color:rgba(0,0,0, 0.30);        border: 0px none #CCCCCC;\t\t\t\topacity: 1.00;        border-radius: 0;      }      #bwg_container1_0 #bwg_container2_0 .bwg-container-0.bwg-masonry-thumbnails .bwg-item1 img {        max-height: none;\t\t\t\t        \tmax-width: calc(500px + (4px + 0px));\t\t\t\t      }\t\t\t\t\t\t\t@media only screen and (min-width: 480px) {\t\t\t\t\t#bwg_container1_0 #bwg_container2_0 .bwg-container-0.bwg-masonry-thumbnails .bwg-item1 img {\t\t\t\t\t\t-webkit-transition: -webkit-transform .3s; transition: transform .3s;\t\t\t\t\t}\t\t\t\t\t#bwg_container1_0 #bwg_container2_0 .bwg-container-0.bwg-masonry-thumbnails .bwg-item1 img:hover {\t\t\t\t\t\t-ms-transform: scale(1.08);\t\t\t\t\t\t-webkit-transform: scale(1.08);\t\t\t\t\t\ttransform: scale(1.08);\t\t\t\t\t}\t\t\t\t\t\t\t\t\t}\t\t\t\t\t\t\t\t\t#bwg_container1_0 #bwg_container2_0 .bwg-container-0.bwg-masonry-thumbnails .bwg-title2,\t\t\t#bwg_container1_0 #bwg_container2_0 .bwg-container-temp0.bwg-masonry-thumbnails .bwg-title2,\t\t\t#bwg_container1_0 #bwg_container2_0 .bwg-container-0.bwg-masonry-thumbnails .bwg-play-icon2,\t\t\t#bwg_container1_0 #bwg_container2_0 .bwg-container-0.bwg-masonry-thumbnails .bwg-ecommerce2 {\t\t\t\tmax-height: 100%;\t\t\t\tpadding: 2px;\t\t\t\tfont-family: Ubuntu;\t\t\t\tfont-weight: bold;\t\t\t\tfont-size: 16px;\t\t\t\tcolor: #323A45;\t\t\t}\t\t\t#bwg_container1_0 #bwg_container2_0 .bwg-container-0.bwg-masonry-thumbnails .bwg-ecommerce2 {\t\t\t\tcolor: #323A45;\t\t\t}\t  \t#bwg_container1_0 #bwg_container2_0 .bwg_masonry_thumbnails_0 {\t\t\t\tposition: relative;\t\t\t\tbackground-color: rgba(255, 255, 255, 0.00);\t\t\t\tfont-size: 0;\t\t\t\t\t\t\t\t\twidth: 1004px;\t\t\t\t\tmax-width: 100%;\t\t\t\t\t\t\t\t\tmax-width: 100%;\t\t\t\t\t\t\t\t\t\t\t\t\tmargin: 0 auto;\t\t\t\t\t\t\t}\t\t\t\t\t\t\t@media only screen and (max-width: 1016px) {\t\t\t\t\t#bwg_container1_0 #bwg_container2_0 .bwg_masonry_thumbnails_0 {\t\t\t\t\t\twidth: inherit;\t\t\t\t\t}\t\t\t\t}\t\t\t\t\t\t#bwg_container1_0 #bwg_container2_0 .bwg_masonry_thumb_description_0 {        color: #323A45;        line-height: 1.4;        font-size: 16px;        font-family: Ubuntu;        text-align: justify;      }      #bwg_container1_0.bwg_thumbnails_masonry .wd_error p {        color: #323A45;      }      #bwg_container1_0 #bwg_container2_0 .bwg_gal_title_0 {        background-color: rgba(0, 0, 0, 0);        color: #323A45;        display: block;        font-family: Ubuntu;        font-size: 16px;        font-weight: bold;        padding: 2px;        text-shadow: ;        text-align: center;      }      <\/style>    <div id=\"bwg_container1_0\"         class=\"bwg_container bwg_thumbnail bwg_thumbnails_masonry\"         data-right-click-protection=\"0\"         data-bwg=\"0\"         data-gallery-type=\"thumbnails_masonry\"         data-current-url=\"https:\/\/www.festicheyres.ch\/wp-json\/wp\/v2\/pages\/1509\"         data-lightbox-url=\"https:\/\/www.festicheyres.ch\/wp-admin\/admin-ajax.php?action=GalleryBox&current_view=0&gallery_id=49&tag=0&theme_id=1&shortcode_id=42&sort_by=order&order_by=asc&current_url=https%3A%2F%2Fwww.festicheyres.ch%2Fwp-json%2Fwp%2Fv2%2Fpages%2F1509\"         data-gallery-id=\"49\"         data-popup-width=\"800\"         data-popup-height=\"500\"         data-is-album=\"gallery\"         data-buttons-position=\"bottom\">      <div id=\"bwg_container2_0\">             <div id=\"ajax_loading_0\" class=\"bwg_load_more_ajax_loading\">      <div class=\"bwg_loading_div_2\">        <div class=\"bwg_loading_div_3\">          <div id=\"loading_div_0\" class=\"bwg_spider_ajax_loading\">          <\/div>        <\/div>      <\/div>    <\/div>            <form id=\"gal_front_form_0\"              class=\"bwg-hidden\"              method=\"post\"              action=\"#\"              data-current=\"0\"              data-shortcode-id=\"42\"              data-gallery-type=\"thumbnails_masonry\"              data-gallery-id=\"49\"              data-tag=\"0\"              data-album-id=\"0\"              data-theme-id=\"1\"              data-ajax-url=\"https:\/\/www.festicheyres.ch\/wp-admin\/admin-ajax.php?action=bwg_frontend_data\">          <div id=\"bwg_container3_0\" class=\"bwg-background bwg-background-0\">                <div id=\"bwg_thumbnails_masonry_0\"         data-bwg=\"0\"         data-masonry-type=\"vertical\"         data-resizable-thumbnails=\"1\"         data-max-count=\"2\"         data-thumbnail-width=\"500\"         data-thumbnail-height=\"500\"         data-thumbnail-padding=\"4\"         data-thumbnail-border=\"0\"         data-gallery-id=\"49\"         data-lightbox-url=\"https:\/\/www.festicheyres.ch\/wp-admin\/admin-ajax.php?action=GalleryBox&current_view=0&gallery_id=49&tag=0&theme_id=1&shortcode_id=42&sort_by=order&order_by=asc&current_url=https%3A%2F%2Fwww.festicheyres.ch%2Fwp-json%2Fwp%2Fv2%2Fpages%2F1509\"         class=\"bwg-container-0 bwg_masonry_thumbnails_0 bwg-masonry-thumbnails bwg-masonry-vertical bwg-container bwg-border-box\">              <div class=\"bwg-item\">          <a class=\"bwg-a bwg_lightbox\"  data-image-id=\"5293\" href=\"https:\/\/www.festicheyres.ch\/wp-content\/uploads\/photo-gallery\/Image_HD_presse\/2022\/ambiance-Redbabi.jpg?bwg=1652912559\" data-elementor-open-lightbox=\"no\">            <div class=\"bwg-item0\">              <div class=\"bwg-item1 \">      \t\t\t\t\t<img class=\"skip-lazy bwg-masonry-thumb bwg_masonry_thumb_0 \"                       data-id=\"5293\"                       src=\"https:\/\/www.festicheyres.ch\/wp-content\/uploads\/photo-gallery\/Image_HD_presse\/2022\/thumb\/ambiance-Redbabi.jpg?bwg=1652912559\"                       data-original=\"https:\/\/www.festicheyres.ch\/wp-content\/uploads\/photo-gallery\/Image_HD_presse\/2022\/thumb\/ambiance-Redbabi.jpg?bwg=1652912559\"                       data-width=\"2000\"                       data-height=\"1333\"                        alt=\"ambiance-Redbabi\" \/>                <div class=\"\">                  \t\t\t\t                                            <\/div>              <\/div>            <\/div>                      <\/a>                  <\/div>              <div class=\"bwg-item\">          <a class=\"bwg-a bwg_lightbox\"  data-image-id=\"5292\" href=\"https:\/\/www.festicheyres.ch\/wp-content\/uploads\/photo-gallery\/Image_HD_presse\/2022\/public-1.jpg?bwg=1652912559\" data-elementor-open-lightbox=\"no\">            <div class=\"bwg-item0\">              <div class=\"bwg-item1 \">      \t\t\t\t\t<img class=\"skip-lazy bwg-masonry-thumb bwg_masonry_thumb_0 \"                       data-id=\"5292\"                       src=\"https:\/\/www.festicheyres.ch\/wp-content\/uploads\/photo-gallery\/Image_HD_presse\/2022\/thumb\/public-1.jpg?bwg=1652912559\"                       data-original=\"https:\/\/www.festicheyres.ch\/wp-content\/uploads\/photo-gallery\/Image_HD_presse\/2022\/thumb\/public-1.jpg?bwg=1652912559\"                       data-width=\"1000\"                       data-height=\"667\"                        alt=\"public-1\" \/>                <div class=\"\">                  \t\t\t\t                                            <\/div>              <\/div>            <\/div>                      <\/a>                  <\/div>              <div class=\"bwg-item\">          <a class=\"bwg-a bwg_lightbox\"  data-image-id=\"5291\" href=\"https:\/\/www.festicheyres.ch\/wp-content\/uploads\/photo-gallery\/Image_HD_presse\/2022\/Ambiance-4.jpg?bwg=1652912559\" data-elementor-open-lightbox=\"no\">            <div class=\"bwg-item0\">              <div class=\"bwg-item1 \">      \t\t\t\t\t<img class=\"skip-lazy bwg-masonry-thumb bwg_masonry_thumb_0 \"                       data-id=\"5291\"                       src=\"https:\/\/www.festicheyres.ch\/wp-content\/uploads\/photo-gallery\/Image_HD_presse\/2022\/thumb\/Ambiance-4.jpg?bwg=1652912559\"                       data-original=\"https:\/\/www.festicheyres.ch\/wp-content\/uploads\/photo-gallery\/Image_HD_presse\/2022\/thumb\/Ambiance-4.jpg?bwg=1652912559\"                       data-width=\"2000\"                       data-height=\"1333\"                        alt=\"Ambiance-4\" \/>                <div class=\"\">                  \t\t\t\t                                            <\/div>              <\/div>            <\/div>                      <\/a>                  <\/div>              <div class=\"bwg-item\">          <a class=\"bwg-a bwg_lightbox\"  data-image-id=\"5290\" href=\"https:\/\/www.festicheyres.ch\/wp-content\/uploads\/photo-gallery\/Image_HD_presse\/2022\/Scene-1.jpg?bwg=1652912559\" data-elementor-open-lightbox=\"no\">            <div class=\"bwg-item0\">              <div class=\"bwg-item1 \">      \t\t\t\t\t<img class=\"skip-lazy bwg-masonry-thumb bwg_masonry_thumb_0 \"                       data-id=\"5290\"                       src=\"https:\/\/www.festicheyres.ch\/wp-content\/uploads\/photo-gallery\/Image_HD_presse\/2022\/thumb\/Scene-1.jpg?bwg=1652912559\"                       data-original=\"https:\/\/www.festicheyres.ch\/wp-content\/uploads\/photo-gallery\/Image_HD_presse\/2022\/thumb\/Scene-1.jpg?bwg=1652912559\"                       data-width=\"1000\"                       data-height=\"667\"                        alt=\"Scene-1\" \/>                <div class=\"\">                  \t\t\t\t                                            <\/div>              <\/div>            <\/div>                      <\/a>                  <\/div>              <div class=\"bwg-item\">          <a class=\"bwg-a bwg_lightbox\"  data-image-id=\"5289\" href=\"https:\/\/www.festicheyres.ch\/wp-content\/uploads\/photo-gallery\/Image_HD_presse\/2022\/Public-2.jpg?bwg=1652912559\" data-elementor-open-lightbox=\"no\">            <div class=\"bwg-item0\">              <div class=\"bwg-item1 \">      \t\t\t\t\t<img class=\"skip-lazy bwg-masonry-thumb bwg_masonry_thumb_0 \"                       data-id=\"5289\"                       src=\"https:\/\/www.festicheyres.ch\/wp-content\/uploads\/photo-gallery\/Image_HD_presse\/2022\/thumb\/Public-2.jpg?bwg=1652912559\"                       data-original=\"https:\/\/www.festicheyres.ch\/wp-content\/uploads\/photo-gallery\/Image_HD_presse\/2022\/thumb\/Public-2.jpg?bwg=1652912559\"                       data-width=\"2000\"                       data-height=\"1333\"                        alt=\"Public-2\" \/>                <div class=\"\">                  \t\t\t\t                                            <\/div>              <\/div>            <\/div>                      <\/a>                  <\/div>              <div class=\"bwg-item\">          <a class=\"bwg-a bwg_lightbox\"  data-image-id=\"5288\" href=\"https:\/\/www.festicheyres.ch\/wp-content\/uploads\/photo-gallery\/Image_HD_presse\/2022\/Scene-3.jpg?bwg=1652912559\" data-elementor-open-lightbox=\"no\">            <div class=\"bwg-item0\">              <div class=\"bwg-item1 \">      \t\t\t\t\t<img class=\"skip-lazy bwg-masonry-thumb bwg_masonry_thumb_0 \"                       data-id=\"5288\"                       src=\"https:\/\/www.festicheyres.ch\/wp-content\/uploads\/photo-gallery\/Image_HD_presse\/2022\/thumb\/Scene-3.jpg?bwg=1652912559\"                       data-original=\"https:\/\/www.festicheyres.ch\/wp-content\/uploads\/photo-gallery\/Image_HD_presse\/2022\/thumb\/Scene-3.jpg?bwg=1652912559\"                       data-width=\"1000\"                       data-height=\"667\"                        alt=\"Scene-3\" \/>                <div class=\"\">                  \t\t\t\t                                            <\/div>              <\/div>            <\/div>                      <\/a>                  <\/div>              <div class=\"bwg-item\">          <a class=\"bwg-a bwg_lightbox\"  data-image-id=\"5287\" href=\"https:\/\/www.festicheyres.ch\/wp-content\/uploads\/photo-gallery\/Image_HD_presse\/2022\/Concerts_Helene-Millasson_LnPixElle-Photography.jpg?bwg=1652912559\" data-elementor-open-lightbox=\"no\">            <div class=\"bwg-item0\">              <div class=\"bwg-item1 \">      \t\t\t\t\t<img class=\"skip-lazy bwg-masonry-thumb bwg_masonry_thumb_0 \"                       data-id=\"5287\"                       src=\"https:\/\/www.festicheyres.ch\/wp-content\/uploads\/photo-gallery\/Image_HD_presse\/2022\/thumb\/Concerts_Helene-Millasson_LnPixElle-Photography.jpg?bwg=1652912559\"                       data-original=\"https:\/\/www.festicheyres.ch\/wp-content\/uploads\/photo-gallery\/Image_HD_presse\/2022\/thumb\/Concerts_Helene-Millasson_LnPixElle-Photography.jpg?bwg=1652912559\"                       data-width=\"2000\"                       data-height=\"1333\"                        alt=\"Concerts Helene-Millasson LnPixElle-Photography\" \/>                <div class=\"\">                  \t\t\t\t                                            <\/div>              <\/div>            <\/div>                      <\/a>                  <\/div>              <div class=\"bwg-item\">          <a class=\"bwg-a bwg_lightbox\"  data-image-id=\"5286\" href=\"https:\/\/www.festicheyres.ch\/wp-content\/uploads\/photo-gallery\/Image_HD_presse\/2022\/Scene-2-Mr.Big_.jpg?bwg=1652912559\" data-elementor-open-lightbox=\"no\">            <div class=\"bwg-item0\">              <div class=\"bwg-item1 \">      \t\t\t\t\t<img class=\"skip-lazy bwg-masonry-thumb bwg_masonry_thumb_0 \"                       data-id=\"5286\"                       src=\"https:\/\/www.festicheyres.ch\/wp-content\/uploads\/photo-gallery\/Image_HD_presse\/2022\/thumb\/Scene-2-Mr.Big_.jpg?bwg=1652912559\"                       data-original=\"https:\/\/www.festicheyres.ch\/wp-content\/uploads\/photo-gallery\/Image_HD_presse\/2022\/thumb\/Scene-2-Mr.Big_.jpg?bwg=1652912559\"                       data-width=\"2000\"                       data-height=\"1333\"                        alt=\"Scene-2-Mr.Big \" \/>                <div class=\"\">                  \t\t\t\t                                            <\/div>              <\/div>            <\/div>                      <\/a>                  <\/div>              <div class=\"bwg-item\">          <a class=\"bwg-a bwg_lightbox\"  data-image-id=\"5285\" href=\"https:\/\/www.festicheyres.ch\/wp-content\/uploads\/photo-gallery\/Image_HD_presse\/2022\/staff.jpg?bwg=1652912559\" data-elementor-open-lightbox=\"no\">            <div class=\"bwg-item0\">              <div class=\"bwg-item1 \">      \t\t\t\t\t<img class=\"skip-lazy bwg-masonry-thumb bwg_masonry_thumb_0 \"                       data-id=\"5285\"                       src=\"https:\/\/www.festicheyres.ch\/wp-content\/uploads\/photo-gallery\/Image_HD_presse\/2022\/thumb\/staff.jpg?bwg=1652912559\"                       data-original=\"https:\/\/www.festicheyres.ch\/wp-content\/uploads\/photo-gallery\/Image_HD_presse\/2022\/thumb\/staff.jpg?bwg=1652912559\"                       data-width=\"900\"                       data-height=\"600\"                        alt=\"staff\" \/>                <div class=\"\">                  \t\t\t\t                                            <\/div>              <\/div>            <\/div>                      <\/a>                  <\/div>              <div class=\"bwg-item\">          <a class=\"bwg-a bwg_lightbox\"  data-image-id=\"5284\" href=\"https:\/\/www.festicheyres.ch\/wp-content\/uploads\/photo-gallery\/Image_HD_presse\/2022\/Concerts_Samedi_Helene-Millasson_LnPixElle-Photography-16-copie.jpg?bwg=1652912559\" data-elementor-open-lightbox=\"no\">            <div class=\"bwg-item0\">              <div class=\"bwg-item1 \">      \t\t\t\t\t<img class=\"skip-lazy bwg-masonry-thumb bwg_masonry_thumb_0 \"                       data-id=\"5284\"                       src=\"https:\/\/www.festicheyres.ch\/wp-content\/uploads\/photo-gallery\/Image_HD_presse\/2022\/thumb\/Concerts_Samedi_Helene-Millasson_LnPixElle-Photography-16-copie.jpg?bwg=1652912559\"                       data-original=\"https:\/\/www.festicheyres.ch\/wp-content\/uploads\/photo-gallery\/Image_HD_presse\/2022\/thumb\/Concerts_Samedi_Helene-Millasson_LnPixElle-Photography-16-copie.jpg?bwg=1652912559\"                       data-width=\"2000\"                       data-height=\"1333\"                        alt=\"S\u00e9lection_Concerts_Samedi 13.07.19_HD_H\u00e9l\u00e8ne Millasson_LnPixElle Photography\" \/>                <div class=\"\">                  \t\t\t\t                                            <\/div>              <\/div>            <\/div>                      <\/a>                  <\/div>              <div class=\"bwg-item\">          <a class=\"bwg-a bwg_lightbox\"  data-image-id=\"5283\" href=\"https:\/\/www.festicheyres.ch\/wp-content\/uploads\/photo-gallery\/Image_HD_presse\/2022\/Metallikids_Helene-Millasson_LnPixElle-Photography.jpg?bwg=1652912559\" data-elementor-open-lightbox=\"no\">            <div class=\"bwg-item0\">              <div class=\"bwg-item1 \">      \t\t\t\t\t<img class=\"skip-lazy bwg-masonry-thumb bwg_masonry_thumb_0 \"                       data-id=\"5283\"                       src=\"https:\/\/www.festicheyres.ch\/wp-content\/uploads\/photo-gallery\/Image_HD_presse\/2022\/thumb\/Metallikids_Helene-Millasson_LnPixElle-Photography.jpg?bwg=1652912559\"                       data-original=\"https:\/\/www.festicheyres.ch\/wp-content\/uploads\/photo-gallery\/Image_HD_presse\/2022\/thumb\/Metallikids_Helene-Millasson_LnPixElle-Photography.jpg?bwg=1652912559\"                       data-width=\"2000\"                       data-height=\"1333\"                        alt=\"Metallikids Helene-Millasson LnPixElle-Photography\" \/>                <div class=\"\">                  \t\t\t\t                                            <\/div>              <\/div>            <\/div>                      <\/a>                  <\/div>              <div class=\"bwg-item\">          <a class=\"bwg-a bwg_lightbox\"  data-image-id=\"5282\" href=\"https:\/\/www.festicheyres.ch\/wp-content\/uploads\/photo-gallery\/Image_HD_presse\/2022\/Scene-4.jpg?bwg=1652912559\" data-elementor-open-lightbox=\"no\">            <div class=\"bwg-item0\">              <div class=\"bwg-item1 \">      \t\t\t\t\t<img class=\"skip-lazy bwg-masonry-thumb bwg_masonry_thumb_0 \"                       data-id=\"5282\"                       src=\"https:\/\/www.festicheyres.ch\/wp-content\/uploads\/photo-gallery\/Image_HD_presse\/2022\/thumb\/Scene-4.jpg?bwg=1652912559\"                       data-original=\"https:\/\/www.festicheyres.ch\/wp-content\/uploads\/photo-gallery\/Image_HD_presse\/2022\/thumb\/Scene-4.jpg?bwg=1652912559\"                       data-width=\"1000\"                       data-height=\"667\"                        alt=\"Scene-4\" \/>                <div class=\"\">                  \t\t\t\t                                            <\/div>              <\/div>            <\/div>                      <\/a>                  <\/div>              <div class=\"bwg-item\">          <a class=\"bwg-a bwg_lightbox\"  data-image-id=\"5281\" href=\"https:\/\/www.festicheyres.ch\/wp-content\/uploads\/photo-gallery\/Image_HD_presse\/2022\/Ambiance-2.jpg?bwg=1652912559\" data-elementor-open-lightbox=\"no\">            <div class=\"bwg-item0\">              <div class=\"bwg-item1 \">      \t\t\t\t\t<img class=\"skip-lazy bwg-masonry-thumb bwg_masonry_thumb_0 \"                       data-id=\"5281\"                       src=\"https:\/\/www.festicheyres.ch\/wp-content\/uploads\/photo-gallery\/Image_HD_presse\/2022\/thumb\/Ambiance-2.jpg?bwg=1652912559\"                       data-original=\"https:\/\/www.festicheyres.ch\/wp-content\/uploads\/photo-gallery\/Image_HD_presse\/2022\/thumb\/Ambiance-2.jpg?bwg=1652912559\"                       data-width=\"1000\"                       data-height=\"667\"                        alt=\"Ambiance-2\" \/>                <div class=\"\">                  \t\t\t\t                                            <\/div>              <\/div>            <\/div>                      <\/a>                  <\/div>              <div class=\"bwg-item\">          <a class=\"bwg-a bwg_lightbox\"  data-image-id=\"5280\" href=\"https:\/\/www.festicheyres.ch\/wp-content\/uploads\/photo-gallery\/Image_HD_presse\/2022\/Ambiance-1.jpg?bwg=1652912559\" data-elementor-open-lightbox=\"no\">            <div class=\"bwg-item0\">              <div class=\"bwg-item1 \">      \t\t\t\t\t<img class=\"skip-lazy bwg-masonry-thumb bwg_masonry_thumb_0 \"                       data-id=\"5280\"                       src=\"https:\/\/www.festicheyres.ch\/wp-content\/uploads\/photo-gallery\/Image_HD_presse\/2022\/thumb\/Ambiance-1.jpg?bwg=1652912559\"                       data-original=\"https:\/\/www.festicheyres.ch\/wp-content\/uploads\/photo-gallery\/Image_HD_presse\/2022\/thumb\/Ambiance-1.jpg?bwg=1652912559\"                       data-width=\"2000\"                       data-height=\"1333\"                        alt=\"Ambiance-1\" \/>                <div class=\"\">                  \t\t\t\t                                            <\/div>              <\/div>            <\/div>                      <\/a>                  <\/div>              <div class=\"bwg-item\">          <a class=\"bwg-a bwg_lightbox\"  data-image-id=\"5279\" href=\"https:\/\/www.festicheyres.ch\/wp-content\/uploads\/photo-gallery\/Image_HD_presse\/2022\/Ambiance-3.jpg?bwg=1652912559\" data-elementor-open-lightbox=\"no\">            <div class=\"bwg-item0\">              <div class=\"bwg-item1 \">      \t\t\t\t\t<img class=\"skip-lazy bwg-masonry-thumb bwg_masonry_thumb_0 \"                       data-id=\"5279\"                       src=\"https:\/\/www.festicheyres.ch\/wp-content\/uploads\/photo-gallery\/Image_HD_presse\/2022\/thumb\/Ambiance-3.jpg?bwg=1652912559\"                       data-original=\"https:\/\/www.festicheyres.ch\/wp-content\/uploads\/photo-gallery\/Image_HD_presse\/2022\/thumb\/Ambiance-3.jpg?bwg=1652912559\"                       data-width=\"1600\"                       data-height=\"2000\"                        alt=\"Ambiance-3\" \/>                <div class=\"\">                  \t\t\t\t                                            <\/div>              <\/div>            <\/div>                      <\/a>                  <\/div>              <div class=\"bwg-item\">          <a class=\"bwg-a bwg_lightbox\"  data-image-id=\"5278\" href=\"https:\/\/www.festicheyres.ch\/wp-content\/uploads\/photo-gallery\/Image_HD_presse\/2022\/Ambiance-@Dan-Schiumarini.jpg?bwg=1652912559\" data-elementor-open-lightbox=\"no\">            <div class=\"bwg-item0\">              <div class=\"bwg-item1 \">      \t\t\t\t\t<img class=\"skip-lazy bwg-masonry-thumb bwg_masonry_thumb_0 \"                       data-id=\"5278\"                       src=\"https:\/\/www.festicheyres.ch\/wp-content\/uploads\/photo-gallery\/Image_HD_presse\/2022\/thumb\/Ambiance-@Dan-Schiumarini.jpg?bwg=1652912559\"                       data-original=\"https:\/\/www.festicheyres.ch\/wp-content\/uploads\/photo-gallery\/Image_HD_presse\/2022\/thumb\/Ambiance-@Dan-Schiumarini.jpg?bwg=1652912559\"                       data-width=\"2000\"                       data-height=\"1333\"                        alt=\"Ambiance-@Dan-Schiumarini\" \/>                <div class=\"\">                  \t\t\t\t                                            <\/div>              <\/div>            <\/div>                      <\/a>                  <\/div>          <\/div>    <style>      \/*pagination styles*\/      #bwg_container1_0 #bwg_container2_0 .tablenav-pages_0 {\t\t\t\ttext-align: center;\t\t\t\tfont-size: 12px;\t\t\t\tfont-family: Ubuntu;\t\t\t\tfont-weight: bold;\t\t\t\tcolor: #666666;\t\t\t\tmargin: 6px 0 4px;\t\t\t\tdisplay: block;      }      @media only screen and (max-width : 320px) {      #bwg_container1_0 #bwg_container2_0 .displaying-num_0 {     \t display: none;      }      }      #bwg_container1_0 #bwg_container2_0 .displaying-num_0 {\t\t\t\tfont-size: 12px;\t\t\t\tfont-family: Ubuntu;\t\t\t\tfont-weight: bold;\t\t\t\tcolor: #666666;\t\t\t\tmargin-right: 10px;\t\t\t\tvertical-align: middle;      }      #bwg_container1_0 #bwg_container2_0 .paging-input_0 {\t\t\t\tfont-size: 12px;\t\t\t\tfont-family: Ubuntu;\t\t\t\tfont-weight: bold;\t\t\t\tcolor: #666666;\t\t\t\tvertical-align: middle;      }      #bwg_container1_0 #bwg_container2_0 .tablenav-pages_0 a.disabled,      #bwg_container1_0 #bwg_container2_0 .tablenav-pages_0 a.disabled:hover,      #bwg_container1_0 #bwg_container2_0 .tablenav-pages_0 a.disabled:focus,\t\t\t#bwg_container1_0 #bwg_container2_0 .tablenav-pages_0 input.bwg_current_page {\t\t\t\tcursor: default;\t\t\t\tcolor: rgba(102, 102, 102, 0.5);      }      #bwg_container1_0 #bwg_container2_0 .tablenav-pages_0 a,      #bwg_container1_0 #bwg_container2_0 .tablenav-pages_0 input.bwg_current_page {\t\t\t\tcursor: pointer;\t\t\t\ttext-align: center;\t\t\t\tfont-size: 12px;\t\t\t\tfont-family: Ubuntu;\t\t\t\tfont-weight: bold;\t\t\t\tcolor: #666666;\t\t\t\ttext-decoration: none;\t\t\t\tpadding: 3px 6px;\t\t\t\tmargin: 0;\t\t\t\tborder-radius: 0;\t\t\t\tborder-style: solid;\t\t\t\tborder-width: 1px;\t\t\t\tborder-color: #E3E3E3;\t\t\t\tbackground-color: #FFFFFF;\t\t\t\topacity: 1.00;\t\t\t\tbox-shadow: 0;\t\t\t\ttransition: all 0.3s ease 0s;-webkit-transition: all 0.3s ease 0s;      }      <\/style>      <span class=\"bwg_nav_cont_0\">                <script>jQuery('.bwg_nav_cont_0').remove()<\/script>                <input type=\"hidden\" id=\"page_number_0\" name=\"page_number_0\" value=\"1\" \/>      <script type=\"text\/javascript\">        function spider_page_0(cur, x, y, load_more) {          if (typeof load_more == \"undefined\") {            var load_more = false;          }          if (jQuery(cur).hasClass('disabled')) {            return false;          }          var items_county_0 = 1;          switch (y) {            case 1:              if (x >= items_county_0) {                document.getElementById('page_number_0').value = items_county_0;              }              else {                document.getElementById('page_number_0').value = x + 1;              }              break;            case 2:              document.getElementById('page_number_0').value = items_county_0;              break;            case -1:              if (x == 1) {                document.getElementById('page_number_0').value = 1;              }              else {                document.getElementById('page_number_0').value = x - 1;              }              break;            case -2:              document.getElementById('page_number_0').value = 1;              break;\t\t\t\t\t\tcase 0:              document.getElementById('page_number_0').value = x;              break;            default:              document.getElementById('page_number_0').value = 1;          }          bwg_ajax('gal_front_form_0', '0', 'bwg_thumbnails_masonry_0', '0', '', 'gallery', 0, '', '', load_more, '', 0);        }                    jQuery('.first-page-0').on('click', function () {              spider_page_0(this, 1, -2, 'numeric');              return false;            });            jQuery('.prev-page-0').on('click', function () {              spider_page_0(this, 1, -1, 'numeric');              return false;            });            jQuery('.next-page-0').on('click', function () {              spider_page_0(this, 1, 1, 'numeric');              return false;            });            jQuery('.last-page-0').on('click', function () {              spider_page_0(this, 1, 2, 'numeric');              return false;            });        \t\t\t\t\/* Change page on input enter. *\/        function bwg_change_page_0( e, that ) {          if (  e.key == 'Enter' ) {            var to_page = parseInt(jQuery(that).val());            var pages_count = jQuery(that).parents(\".pagination-links\").data(\"pages-count\");            var current_url_param = jQuery(that).attr('data-url-info');            if (to_page > pages_count) {              to_page = 1;            }\t \t\t\t\t\t\t\t\t\t\t\t\tspider_page_0(this, to_page, 0, 'numeric');\t\t\t\t\t\t\treturn false;\t\t\t\t\t\t          }          return true;        }        jQuery('.bwg_load_btn_0').on('click', function () {            spider_page_0(this, 1, 1, true);            return false;        });      <\/script>      <\/span>              <div class=\"bwg_download_gallery\">          <a href=\"https:\/\/www.festicheyres.ch\/wp-admin\/admin-ajax.php?action=download_gallery&gallery_id=49&bwg=0&type=gallery&tag_input_name=bwg_tag_id_bwg_thumbnails_masonry_0&bwg_tag_id_bwg_thumbnails_masonry_0&tag=0&bwg_search_0\">            <i title=\"Download gallery\" class=\"bwg-icon-download bwg_ctrl_btn\"><\/i>          <\/a>        <\/div>                  <\/div>        <\/form>          <style>          #bwg_container1_0 #bwg_container2_0 #spider_popup_overlay_0 {          background-color: #EEEEEE;          opacity: 0.60;          }          <\/style>        <div id=\"bwg_spider_popup_loading_0\" class=\"bwg_spider_popup_loading\"><\/div>        <div id=\"spider_popup_overlay_0\" class=\"spider_popup_overlay\" onclick=\"spider_destroypopup(1000)\"><\/div>        <input type=\"hidden\" id=\"bwg_random_seed_0\" value=\"106243391\">                <\/div>    <\/div>    <script>      if (document.readyState === 'complete') {        if( typeof bwg_main_ready == 'function' ) {          if ( jQuery(\"#bwg_container1_0\").height() ) {            bwg_main_ready(jQuery(\"#bwg_container1_0\"));          }        }      } else {        document.addEventListener('DOMContentLoaded', function() {          if( typeof bwg_main_ready == 'function' ) {            if ( jQuery(\"#bwg_container1_0\").height() ) {             bwg_main_ready(jQuery(\"#bwg_container1_0\"));            }          }        });      }    <\/script>    [\/vc_column_text][\/vc_column][\/vc_row]<\/p>\n","protected":false},"excerpt":{"rendered":"<p>[vc_row][vc_column][vc_column_text css_animation=\u00a0\u00bbfadeInUp\u00a0\u00bb] Espace presse et m\u00e9dias [\/vc_column_text][\/vc_column][\/vc_row][vc_row][vc_column][vc_column_text css_animation=\u00a0\u00bbfadeInRight\u00a0\u00bb] Votre contact Laetitia Brodard Pr\u00e9sidente de Festi&rsquo;Cheyres 079 723 46 86 presse@festicheyres.ch [\/vc_column_text][\/vc_column][\/vc_row][vc_row][vc_column width=\u00a0\u00bb1\/2&Prime;][vc_column_text] Communiqu\u00e9 de presse [\/vc_column_text][vc_single_image image=\u00a0\u00bb3774&Prime; img_size=\u00a0\u00bb300x500px\u00a0\u00bb alignment=\u00a0\u00bbcenter\u00a0\u00bb onclick=\u00a0\u00bbcustom_link\u00a0\u00bb img_link_target=\u00a0\u00bb_blank\u00a0\u00bb css_animation=\u00a0\u00bbfadeInLeft\u00a0\u00bb retina_image=\u00a0\u00bbyes\u00a0\u00bb link=\u00a0\u00bbhttps:\/\/www.festicheyres.ch\/wp-content\/uploads\/2022\/05\/FESTICHEYRES-2022_communique_programme-1.pdf\u00a0\u00bb css=\u00a0\u00bb.vc_custom_1655924515682{border-top-width: 1px !important;border-right-width: 1px !important;border-bottom-width: 1px !important;border-left-width: 1px !important;border-left-color: #d6d6d6 !important;border-left-style: solid !important;border-right-color: #d6d6d6 !important;border-right-style: solid !important;border-top-color: #d6d6d6 !important;border-top-style: solid !important;border-bottom-color:<\/p>\n","protected":false},"author":1,"featured_media":0,"parent":2308,"menu_order":3,"comment_status":"closed","ping_status":"closed","template":"","meta":[],"_links":{"self":[{"href":"https:\/\/www.festicheyres.ch\/wp-json\/wp\/v2\/pages\/1509"}],"collection":[{"href":"https:\/\/www.festicheyres.ch\/wp-json\/wp\/v2\/pages"}],"about":[{"href":"https:\/\/www.festicheyres.ch\/wp-json\/wp\/v2\/types\/page"}],"author":[{"embeddable":true,"href":"https:\/\/www.festicheyres.ch\/wp-json\/wp\/v2\/users\/1"}],"replies":[{"embeddable":true,"href":"https:\/\/www.festicheyres.ch\/wp-json\/wp\/v2\/comments?post=1509"}],"version-history":[{"count":26,"href":"https:\/\/www.festicheyres.ch\/wp-json\/wp\/v2\/pages\/1509\/revisions"}],"predecessor-version":[{"id":3778,"href":"https:\/\/www.festicheyres.ch\/wp-json\/wp\/v2\/pages\/1509\/revisions\/3778"}],"up":[{"embeddable":true,"href":"https:\/\/www.festicheyres.ch\/wp-json\/wp\/v2\/pages\/2308"}],"wp:attachment":[{"href":"https:\/\/www.festicheyres.ch\/wp-json\/wp\/v2\/media?parent=1509"}],"curies":[{"name":"wp","href":"https:\/\/api.w.org\/{rel}","templated":true}]}}