{"id":1359,"date":"2019-02-04T17:38:35","date_gmt":"2019-02-04T16:38:35","guid":{"rendered":"https:\/\/www.festicheyres.ch\/?page_id=1359"},"modified":"2021-07-07T21:57:31","modified_gmt":"2021-07-07T19:57:31","slug":"benevoles","status":"publish","type":"page","link":"https:\/\/www.festicheyres.ch\/benevoles\/","title":{"rendered":"B\u00e9n\u00e9voles"},"content":{"rendered":"<p>[vc_row][vc_column][vc_column_text]<\/p>\n<h1>B\u00e9n\u00e9voles<\/h1>\n<p>[\/vc_column_text][\/vc_column][\/vc_row][vc_row][vc_column][vc_separator style=\u00a0\u00bbshadow\u00a0\u00bb border_width=\u00a0\u00bb2&Prime; el_width=\u00a0\u00bb70&Prime; css_animation=\u00a0\u00bbfadeInUp\u00a0\u00bb][\/vc_column][\/vc_row][vc_row][vc_column][vc_column_text css_animation=\u00a0\u00bbfadeInUp\u00a0\u00bb]<\/p>\n<h2>Viens nous aider!<\/h2>\n<p>Il nous reste de nombreuses tranches horaires \u00e0 remplir ! Les inscriptions, c&rsquo;est par l\u00e0 :<\/p>\n<p><img class=\"CToWUd\" src=\"https:\/\/mail.google.com\/mail\/e\/1f449\" alt=\"&#x1f449;\" data-goomoji=\"1f449\" data-image-whitelisted=\"\" \/> \u00a0<a href=\"https:\/\/forms.gle\/51U6Mhw6Fc7aTpMbA\" target=\"_blank\" rel=\"noopener\" data-saferedirecturl=\"https:\/\/www.google.com\/url?q=https:\/\/forms.gle\/51U6Mhw6Fc7aTpMbA&amp;source=gmail&amp;ust=1624998332479000&amp;usg=AFQjCNHAYk4Qti9zjqwBrndz9-9NWDf-Ug\">https:\/\/forms.gle\/<wbr \/>51U6Mhw6Fc7aTpMbA<\/a> \u00a0<img class=\"CToWUd\" src=\"https:\/\/mail.google.com\/mail\/e\/1f448\" alt=\"&#x1f448;\" data-goomoji=\"1f448\" data-image-whitelisted=\"\" \/><\/p>\n<div>\n<div>\n<p>&#x26a0;&#xfe0f; Attention : La manifestation aura lieu\u00a0<strong>avec certificat Covid<\/strong>.<\/p>\n<ul>\n<li>Un laboratoire de tests antig\u00e9niques rapides sera disponible sur place, de 15h \u00e0 20h le vendredi et le samedi, et de 8h30 \u00e0 12h le dimanche. Les b\u00e9n\u00e9voles b\u00e9n\u00e9ficieront d&rsquo;une file rapide. Mais le test prend minimum 30 minutes. Soyez pr\u00e9voyants, venez t\u00f4t!<\/li>\n<li>Concr\u00e8tement, cela veut dire que si tu n&rsquo;as pas d\u00e9j\u00e0 fait la 2\u00e8me dose du vaccin ou que tu n\u2019es pas consid\u00e9r\u00e9 comme immunis\u00e9,\u00a0<strong>tu devras te faire tester<\/strong>\u00a0pour venir.<\/li>\n<li>Les tests rapides antig\u00e9niques faits en pharmacie ou dans les centres de test sont\u00a0<strong>gratuits<\/strong>\u00a0et valables 48h, les tests PCR sont valables 72h. Les auto-tests \u00e0 faire soi-m\u00eame ne sont pas valables pour entrer.<\/li>\n<li>Attention, les places pour se faire tester dans les pharmacies partent vite,\u00a0<strong>prends rendez-vous d\u00e8s maintenant<\/strong>\u00a0dans le centre de test le plus proche de chez toi<\/li>\n<li>On ne pourra faire d\u2019exception pour personne : pas de test, pas d\u2019entr\u00e9e, y compris pour les Incroyables qui nous donnent un coup de main.<\/li>\n<\/ul>\n<p>La bonne nouvelle, c&rsquo;est qu&rsquo;\u00e0 l&rsquo;int\u00e9rieur du festival, il n&rsquo;y aura\u00a0<strong>aucune restriction<\/strong>\u00a0! Pas de masque, de consommation uniquement \u00e0 table, etc.<\/p>\n<\/div>\n<div><\/div>\n<\/div>\n<div>On pourra voir les beaux sourires de tout le monde et boire des bi\u00e8res debout\u00a0devant la sc\u00e8ne, et \u00e7a c&rsquo;est le bonheur ! &#x1f929;<\/div>\n<p>[\/vc_column_text][vc_column_text css_animation=\u00a0\u00bbfadeInUp\u00a0\u00bb]Nous avons besoin de coup de main \u00e0 ces postes :<\/p>\n<ul>\n<li>Montages<\/li>\n<li>D\u00e9montages<\/li>\n<li>Parking<\/li>\n<li>Cuisine<\/li>\n<li>Cuisine &#8211; vente de bons<\/li>\n<li>Bar de la cantine<\/li>\n<li>Baracavin<\/li>\n<li>Ravitaillement<\/li>\n<li>Contr\u00f4le des entr\u00e9es<\/li>\n<li>Entretien du site<\/li>\n<li>Stand Info<\/li>\n<\/ul>\n<p>En cas de questions, tu peux toujours contacter Sophie \u00e0 l&rsquo;adresse <a href=\"mailto:benevoles@festicheyres.ch\"><strong>benevoles@festicheyres.ch<\/strong><\/a>.[\/vc_column_text][\/vc_column][\/vc_row][vc_row][vc_column][vc_separator style=\u00a0\u00bbshadow\u00a0\u00bb border_width=\u00a0\u00bb2&Prime; el_width=\u00a0\u00bb70&Prime; css_animation=\u00a0\u00bbfadeInUp\u00a0\u00bb][\/vc_column][\/vc_row][vc_row][vc_column][vc_column_text css_animation=\u00a0\u00bbfadeInUp\u00a0\u00bb]<\/p>\n<h2>S&rsquo;engager dans le Staff !<\/h2>\n<p>Il y a de quoi faire pour toutes les personnes int\u00e9ress\u00e9es, tous les gabarits, tous les agendas et toutes les comp\u00e9tences. Viens parfaire cette \u00e9quipe enthousiaste et participer \u00e0 cette belle et enrichissante aventure !!<\/p>\n<p>Description des postes : <a href=\"https:\/\/www.festicheyres.ch\/accueil\/equipe\/\">toute l&rsquo;info sur la page \u00ab\u00a0\u00e9quipe\u00a0\u00bb<\/a>[\/vc_column_text][\/vc_column][\/vc_row][vc_row][vc_column][vc_separator style=\u00a0\u00bbshadow\u00a0\u00bb border_width=\u00a0\u00bb2&Prime; el_width=\u00a0\u00bb70&Prime; css_animation=\u00a0\u00bbfadeInUp\u00a0\u00bb][\/vc_column][\/vc_row][vc_row][vc_column][vc_column_text css_animation=\u00a0\u00bbfadeInUp\u00a0\u00bb]<\/p>\n<h2>Plus d&rsquo;info<\/h2>\n<p>Contact : <a href=\"mailto:benevoles@festicheyres.ch\">benevoles@festicheyres.ch<\/a><\/p>\n<p>Un grand MERCI \u00e0 vous ! Nous nous r\u00e9jouissons de vous voir au Festival ![\/vc_column_text][\/vc_column][\/vc_row]<\/p>\n","protected":false},"excerpt":{"rendered":"<p>[vc_row][vc_column][vc_column_text] B\u00e9n\u00e9voles [\/vc_column_text][\/vc_column][\/vc_row][vc_row][vc_column][vc_separator style=\u00a0\u00bbshadow\u00a0\u00bb border_width=\u00a0\u00bb2&Prime; el_width=\u00a0\u00bb70&Prime; css_animation=\u00a0\u00bbfadeInUp\u00a0\u00bb][\/vc_column][\/vc_row][vc_row][vc_column][vc_column_text css_animation=\u00a0\u00bbfadeInUp\u00a0\u00bb] Viens nous aider! Il nous reste de nombreuses tranches horaires \u00e0 remplir ! Les inscriptions, c&rsquo;est par l\u00e0 : \u00a0https:\/\/forms.gle\/51U6Mhw6Fc7aTpMbA \u00a0 &#x26a0;&#xfe0f; Attention : La manifestation aura lieu\u00a0avec certificat Covid. Un laboratoire de tests antig\u00e9niques rapides sera disponible sur place, de 15h \u00e0 20h le vendredi et<\/p>\n","protected":false},"author":1,"featured_media":0,"parent":0,"menu_order":4,"comment_status":"closed","ping_status":"closed","template":"","meta":[],"_links":{"self":[{"href":"https:\/\/www.festicheyres.ch\/wp-json\/wp\/v2\/pages\/1359"}],"collection":[{"href":"https:\/\/www.festicheyres.ch\/wp-json\/wp\/v2\/pages"}],"about":[{"href":"https:\/\/www.festicheyres.ch\/wp-json\/wp\/v2\/types\/page"}],"author":[{"embeddable":true,"href":"https:\/\/www.festicheyres.ch\/wp-json\/wp\/v2\/users\/1"}],"replies":[{"embeddable":true,"href":"https:\/\/www.festicheyres.ch\/wp-json\/wp\/v2\/comments?post=1359"}],"version-history":[{"count":22,"href":"https:\/\/www.festicheyres.ch\/wp-json\/wp\/v2\/pages\/1359\/revisions"}],"predecessor-version":[{"id":2952,"href":"https:\/\/www.festicheyres.ch\/wp-json\/wp\/v2\/pages\/1359\/revisions\/2952"}],"wp:attachment":[{"href":"https:\/\/www.festicheyres.ch\/wp-json\/wp\/v2\/media?parent=1359"}],"curies":[{"name":"wp","href":"https:\/\/api.w.org\/{rel}","templated":true}]}}